{"id":32401,"date":"2020-07-30T15:26:15","date_gmt":"2020-07-30T13:26:15","guid":{"rendered":"https:\/\/www.photo-montier.org\/credits-photographiques\/"},"modified":"2020-07-30T15:26:39","modified_gmt":"2020-07-30T13:26:39","slug":"credits-photographiques","status":"publish","type":"page","link":"https:\/\/www.photo-montier.org\/en\/credits-photographiques\/","title":{"rendered":"\u00a9 Cr\u00e9dits Photographiques"},"content":{"rendered":"<style type=\"text\/css\">\n#foogallery-gallery-616 .fg-image { width: 200px; }\n#foogallery-gallery-616 { --fg-gutter: 20px; }<\/style>\n\t\t\t<style type=\"text\/css\">\n#foogallery-gallery-616_1 .fg-image { width: 200px; }\n#foogallery-gallery-616_1 { --fg-gutter: 20px; }<\/style>\n\t\t\t<div class=\"foogallery foogallery-container foogallery-default foogallery-lightbox-foobox fg-left fg-default fg-ready fg-light fg-border-thin fg-shadow-small fg-loading-default fg-loaded-fade-in fg-caption-hover fg-hover-slide-down\" id=\"foogallery-gallery-616_1\" data-foogallery=\"{&quot;item&quot;:{&quot;showCaptionTitle&quot;:true,&quot;showCaptionDescription&quot;:true},&quot;lazy&quot;:true}\" style=\"--fg-title-line-clamp: 0; --fg-description-line-clamp: 0;\" >\n\t<div class=\"fg-item fg-type-image fg-idle\"><figure class=\"fg-item-inner\"><a href=\"https:\/\/www.photo-montier.org\/wp-content\/uploads\/2016\/08\/1-Jordi-CHIAS-1024x683.jpg\" data-caption-desc=\"Jordi CHIAS\" data-attachment-id=\"10555\" data-type=\"image\" class=\"fg-thumb\"><span class=\"fg-image-wrap\"><img decoding=\"async\" width=\"200\" height=\"200\" class=\"skip-lazy fg-image\" data-no-lazy=\"1\" data-src-fg=\"https:\/\/www.photo-montier.org\/wp-content\/uploads\/cache\/2016\/08\/1-Jordi-CHIAS\/3051779498.jpg\" src=\"data:image\/svg+xml,%3Csvg%20xmlns%3D%22http%3A%2F%2Fwww.w3.org%2F2000%2Fsvg%22%20width%3D%22200%22%20height%3D%22200%22%20viewBox%3D%220%200%20200%20200%22%3E%3C%2Fsvg%3E\" loading=\"eager\"><\/span><span class=\"fg-image-overlay\"><\/span><\/a><figcaption class=\"fg-caption\"><div class=\"fg-caption-inner\"><div class=\"fg-caption-desc\">Jordi CHIAS<\/div><\/div><\/figcaption><\/figure><div class=\"fg-loader\"><\/div><\/div><div class=\"fg-item fg-type-image fg-idle\"><figure class=\"fg-item-inner\"><a href=\"https:\/\/www.photo-montier.org\/wp-content\/uploads\/2016\/09\/1167_paysages-naturels-du-monde_3-1024x682.jpg\" data-caption-title=\"Paysages naturels du monde\" data-caption-desc=\"Maio SUAREZ PORRAS\" data-attachment-id=\"2085\" data-type=\"image\" class=\"fg-thumb\"><span class=\"fg-image-wrap\"><img decoding=\"async\" title=\"Paysages naturels du monde\" width=\"200\" height=\"200\" class=\"skip-lazy fg-image\" data-no-lazy=\"1\" data-src-fg=\"https:\/\/www.photo-montier.org\/wp-content\/uploads\/cache\/2016\/09\/1167_paysages-naturels-du-monde_3\/4091749407.jpg\" src=\"data:image\/svg+xml,%3Csvg%20xmlns%3D%22http%3A%2F%2Fwww.w3.org%2F2000%2Fsvg%22%20width%3D%22200%22%20height%3D%22200%22%20viewBox%3D%220%200%20200%20200%22%3E%3C%2Fsvg%3E\" loading=\"eager\"><\/span><span class=\"fg-image-overlay\"><\/span><\/a><figcaption class=\"fg-caption\"><div class=\"fg-caption-inner\"><div class=\"fg-caption-title\">Paysages naturels du monde<\/div><div class=\"fg-caption-desc\">Maio SUAREZ PORRAS<\/div><\/div><\/figcaption><\/figure><div class=\"fg-loader\"><\/div><\/div><div class=\"fg-item fg-type-image fg-idle\"><figure class=\"fg-item-inner\"><a href=\"https:\/\/www.photo-montier.org\/wp-content\/uploads\/2016\/09\/1109_images-documentaires-et-ethnophotographiques_1-1024x682.jpg\" data-caption-title=\"Images documentaires et ethnophotographiques\" data-caption-desc=\"Bence MATE\" data-attachment-id=\"2082\" data-type=\"image\" class=\"fg-thumb\"><span class=\"fg-image-wrap\"><img decoding=\"async\" alt=\"Images documentaires et ethnophotographiques - Bence MATE\" title=\"Images documentaires et ethnophotographiques\" width=\"200\" height=\"200\" class=\"skip-lazy fg-image\" data-no-lazy=\"1\" data-src-fg=\"https:\/\/www.photo-montier.org\/wp-content\/uploads\/cache\/2016\/09\/1109_images-documentaires-et-ethnophotographiques_1\/3841632527.jpg\" src=\"data:image\/svg+xml,%3Csvg%20xmlns%3D%22http%3A%2F%2Fwww.w3.org%2F2000%2Fsvg%22%20width%3D%22200%22%20height%3D%22200%22%20viewBox%3D%220%200%20200%20200%22%3E%3C%2Fsvg%3E\" loading=\"eager\"><\/span><span class=\"fg-image-overlay\"><\/span><\/a><figcaption class=\"fg-caption\"><div class=\"fg-caption-inner\"><div class=\"fg-caption-title\">Images documentaires et ethnophotographiques<\/div><div class=\"fg-caption-desc\">Bence MATE<\/div><\/div><\/figcaption><\/figure><div class=\"fg-loader\"><\/div><\/div><div class=\"fg-item fg-type-image fg-idle\"><figure class=\"fg-item-inner\"><a href=\"https:\/\/www.photo-montier.org\/wp-content\/uploads\/2016\/09\/1161_graphisme-forme-et-matiere-de-la-nature_3-1024x682.jpg\" data-caption-desc=\"Cristobal SERRANO\" data-attachment-id=\"2080\" data-type=\"image\" class=\"fg-thumb\"><span class=\"fg-image-wrap\"><img decoding=\"async\" width=\"200\" height=\"200\" class=\"skip-lazy fg-image\" data-no-lazy=\"1\" data-src-fg=\"https:\/\/www.photo-montier.org\/wp-content\/uploads\/cache\/2016\/09\/1161_graphisme-forme-et-matiere-de-la-nature_3\/1182446544.jpg\" src=\"data:image\/svg+xml,%3Csvg%20xmlns%3D%22http%3A%2F%2Fwww.w3.org%2F2000%2Fsvg%22%20width%3D%22200%22%20height%3D%22200%22%20viewBox%3D%220%200%20200%20200%22%3E%3C%2Fsvg%3E\" loading=\"eager\"><\/span><span class=\"fg-image-overlay\"><\/span><\/a><figcaption class=\"fg-caption\"><div class=\"fg-caption-inner\"><div class=\"fg-caption-desc\">Cristobal SERRANO<\/div><\/div><\/figcaption><\/figure><div class=\"fg-loader\"><\/div><\/div><div class=\"fg-item fg-type-image fg-idle\"><figure class=\"fg-item-inner\"><a href=\"https:\/\/www.photo-montier.org\/wp-content\/uploads\/2016\/09\/365_mammiferes-sauvages-de-pleine-nature_2-1024x684.jpg\" data-caption-desc=\"Toine WESTEN\" data-attachment-id=\"2070\" data-type=\"image\" class=\"fg-thumb\"><span class=\"fg-image-wrap\"><img decoding=\"async\" width=\"200\" height=\"200\" class=\"skip-lazy fg-image\" data-no-lazy=\"1\" data-src-fg=\"https:\/\/www.photo-montier.org\/wp-content\/uploads\/cache\/2016\/09\/365_mammiferes-sauvages-de-pleine-nature_2\/2576857765.jpg\" src=\"data:image\/svg+xml,%3Csvg%20xmlns%3D%22http%3A%2F%2Fwww.w3.org%2F2000%2Fsvg%22%20width%3D%22200%22%20height%3D%22200%22%20viewBox%3D%220%200%20200%20200%22%3E%3C%2Fsvg%3E\" loading=\"eager\"><\/span><span class=\"fg-image-overlay\"><\/span><\/a><figcaption class=\"fg-caption\"><div class=\"fg-caption-inner\"><div class=\"fg-caption-desc\">Toine WESTEN<\/div><\/div><\/figcaption><\/figure><div class=\"fg-loader\"><\/div><\/div><div class=\"fg-item fg-type-image fg-idle\"><figure class=\"fg-item-inner\"><a href=\"https:\/\/www.photo-montier.org\/wp-content\/uploads\/2016\/09\/254_oiseaux-sauvages-de-pleine-nature_3-1024x681.jpg\" data-caption-desc=\"Pascal BEAUDENON\" data-attachment-id=\"2068\" data-type=\"image\" class=\"fg-thumb\"><span class=\"fg-image-wrap\"><img decoding=\"async\" alt=\"Vol matinal \u00e0 Gallocanta(Grus grus)\" width=\"200\" height=\"200\" class=\"skip-lazy fg-image\" data-no-lazy=\"1\" data-src-fg=\"https:\/\/www.photo-montier.org\/wp-content\/uploads\/cache\/2016\/09\/254_oiseaux-sauvages-de-pleine-nature_3\/3420792039.jpg\" src=\"data:image\/svg+xml,%3Csvg%20xmlns%3D%22http%3A%2F%2Fwww.w3.org%2F2000%2Fsvg%22%20width%3D%22200%22%20height%3D%22200%22%20viewBox%3D%220%200%20200%20200%22%3E%3C%2Fsvg%3E\" loading=\"eager\"><\/span><span class=\"fg-image-overlay\"><\/span><\/a><figcaption class=\"fg-caption\"><div class=\"fg-caption-inner\"><div class=\"fg-caption-desc\">Pascal BEAUDENON<\/div><\/div><\/figcaption><\/figure><div class=\"fg-loader\"><\/div><\/div><div class=\"fg-item fg-type-image fg-idle\"><figure class=\"fg-item-inner\"><a href=\"https:\/\/www.photo-montier.org\/wp-content\/uploads\/2016\/09\/1086_images-de-nature-revisitee_3-1024x682.jpg\" data-caption-title=\"Image de nature revisit\u00e9e\" data-caption-desc=\"St\u00e9phane HETTE\" data-attachment-id=\"2077\" data-type=\"image\" class=\"fg-thumb\"><span class=\"fg-image-wrap\"><img decoding=\"async\" alt=\"Image de nature revisit\u00e9e - St\u00e9phane HETTE\" title=\"Image de nature revisit\u00e9e\" width=\"200\" height=\"200\" class=\"skip-lazy fg-image\" data-no-lazy=\"1\" data-src-fg=\"https:\/\/www.photo-montier.org\/wp-content\/uploads\/cache\/2016\/09\/1086_images-de-nature-revisitee_3\/3885004268.jpg\" src=\"data:image\/svg+xml,%3Csvg%20xmlns%3D%22http%3A%2F%2Fwww.w3.org%2F2000%2Fsvg%22%20width%3D%22200%22%20height%3D%22200%22%20viewBox%3D%220%200%20200%20200%22%3E%3C%2Fsvg%3E\" loading=\"eager\"><\/span><span class=\"fg-image-overlay\"><\/span><\/a><figcaption class=\"fg-caption\"><div class=\"fg-caption-inner\"><div class=\"fg-caption-title\">Image de nature revisit\u00e9e<\/div><div class=\"fg-caption-desc\">St\u00e9phane HETTE<\/div><\/div><\/figcaption><\/figure><div class=\"fg-loader\"><\/div><\/div><div class=\"fg-item fg-type-image fg-idle\"><figure class=\"fg-item-inner\"><a href=\"https:\/\/www.photo-montier.org\/wp-content\/uploads\/2016\/08\/montier-1024x681.jpg\" data-caption-desc=\"Francis GOUSSARD\" data-attachment-id=\"2088\" data-type=\"image\" class=\"fg-thumb\"><span class=\"fg-image-wrap\"><img decoding=\"async\" width=\"200\" height=\"200\" class=\"skip-lazy fg-image\" data-no-lazy=\"1\" data-src-fg=\"https:\/\/www.photo-montier.org\/wp-content\/uploads\/cache\/2016\/08\/montier\/934352086.jpg\" src=\"data:image\/svg+xml,%3Csvg%20xmlns%3D%22http%3A%2F%2Fwww.w3.org%2F2000%2Fsvg%22%20width%3D%22200%22%20height%3D%22200%22%20viewBox%3D%220%200%20200%20200%22%3E%3C%2Fsvg%3E\" loading=\"eager\"><\/span><span class=\"fg-image-overlay\"><\/span><\/a><figcaption class=\"fg-caption\"><div class=\"fg-caption-inner\"><div class=\"fg-caption-desc\">Francis GOUSSARD<\/div><\/div><\/figcaption><\/figure><div class=\"fg-loader\"><\/div><\/div><div class=\"fg-item fg-type-image fg-idle\"><figure class=\"fg-item-inner\"><a href=\"https:\/\/www.photo-montier.org\/wp-content\/uploads\/2016\/08\/1109_sequence-images-fixes_2-1024x623.jpg\" data-caption-desc=\"Bence MATE\" data-attachment-id=\"2096\" data-type=\"image\" class=\"fg-thumb\"><span class=\"fg-image-wrap\"><img decoding=\"async\" width=\"200\" height=\"200\" class=\"skip-lazy fg-image\" data-no-lazy=\"1\" data-src-fg=\"https:\/\/www.photo-montier.org\/wp-content\/uploads\/cache\/2016\/08\/1109_sequence-images-fixes_2\/132732701.jpg\" src=\"data:image\/svg+xml,%3Csvg%20xmlns%3D%22http%3A%2F%2Fwww.w3.org%2F2000%2Fsvg%22%20width%3D%22200%22%20height%3D%22200%22%20viewBox%3D%220%200%20200%20200%22%3E%3C%2Fsvg%3E\" loading=\"eager\"><\/span><span class=\"fg-image-overlay\"><\/span><\/a><figcaption class=\"fg-caption\"><div class=\"fg-caption-inner\"><div class=\"fg-caption-desc\">Bence MATE<\/div><\/div><\/figcaption><\/figure><div class=\"fg-loader\"><\/div><\/div><div class=\"fg-item fg-type-image fg-idle\"><figure class=\"fg-item-inner\"><a href=\"https:\/\/www.photo-montier.org\/wp-content\/uploads\/2019\/04\/Tim-LAMAN-2019-1-1024x768.jpg\" data-caption-desc=\"Tim LAMAN\" data-attachment-id=\"15010\" data-type=\"image\" class=\"fg-thumb\"><span class=\"fg-image-wrap\"><img decoding=\"async\" width=\"200\" height=\"200\" class=\"skip-lazy fg-image\" data-no-lazy=\"1\" data-src-fg=\"https:\/\/www.photo-montier.org\/wp-content\/uploads\/cache\/2019\/04\/Tim-LAMAN-2019-1\/4191504370.jpg\" src=\"data:image\/svg+xml,%3Csvg%20xmlns%3D%22http%3A%2F%2Fwww.w3.org%2F2000%2Fsvg%22%20width%3D%22200%22%20height%3D%22200%22%20viewBox%3D%220%200%20200%20200%22%3E%3C%2Fsvg%3E\" loading=\"eager\"><\/span><span class=\"fg-image-overlay\"><\/span><\/a><figcaption class=\"fg-caption\"><div class=\"fg-caption-inner\"><div class=\"fg-caption-desc\">Tim LAMAN<\/div><\/div><\/figcaption><\/figure><div class=\"fg-loader\"><\/div><\/div><div class=\"fg-item fg-type-image fg-idle\"><figure class=\"fg-item-inner\"><a href=\"https:\/\/www.photo-montier.org\/wp-content\/uploads\/2021\/06\/IMG_0546-scaled.jpg\" data-caption-desc=\"AFPAN\" data-attachment-id=\"37726\" data-type=\"image\" class=\"fg-thumb\"><span class=\"fg-image-wrap\"><img decoding=\"async\" width=\"200\" height=\"200\" class=\"skip-lazy fg-image\" data-no-lazy=\"1\" data-src-fg=\"https:\/\/www.photo-montier.org\/wp-content\/uploads\/cache\/2021\/06\/IMG_0546-scaled\/1810068589.jpg\" src=\"data:image\/svg+xml,%3Csvg%20xmlns%3D%22http%3A%2F%2Fwww.w3.org%2F2000%2Fsvg%22%20width%3D%22200%22%20height%3D%22200%22%20viewBox%3D%220%200%20200%20200%22%3E%3C%2Fsvg%3E\" loading=\"eager\"><\/span><span class=\"fg-image-overlay\"><\/span><\/a><figcaption class=\"fg-caption\"><div class=\"fg-caption-inner\"><div class=\"fg-caption-desc\">AFPAN<\/div><\/div><\/figcaption><\/figure><div class=\"fg-loader\"><\/div><\/div><div class=\"fg-item fg-type-image fg-idle\"><figure class=\"fg-item-inner\"><a href=\"https:\/\/www.photo-montier.org\/wp-content\/uploads\/2021\/06\/P5190962-scaled.jpg\" data-caption-desc=\"EPTB Seine Grand Lacs\" data-attachment-id=\"37722\" data-type=\"image\" class=\"fg-thumb\"><span class=\"fg-image-wrap\"><img decoding=\"async\" alt=\"Inauguration exposition RAMSAR\" width=\"200\" height=\"200\" class=\"skip-lazy fg-image\" data-no-lazy=\"1\" data-src-fg=\"https:\/\/www.photo-montier.org\/wp-content\/uploads\/cache\/2021\/06\/P5190962-scaled\/4014971552.jpg\" src=\"data:image\/svg+xml,%3Csvg%20xmlns%3D%22http%3A%2F%2Fwww.w3.org%2F2000%2Fsvg%22%20width%3D%22200%22%20height%3D%22200%22%20viewBox%3D%220%200%20200%20200%22%3E%3C%2Fsvg%3E\" loading=\"eager\"><\/span><span class=\"fg-image-overlay\"><\/span><\/a><figcaption class=\"fg-caption\"><div class=\"fg-caption-inner\"><div class=\"fg-caption-desc\">EPTB Seine Grand Lacs<\/div><\/div><\/figcaption><\/figure><div class=\"fg-loader\"><\/div><\/div><div class=\"fg-item fg-type-image fg-idle\"><figure class=\"fg-item-inner\"><a href=\"https:\/\/www.photo-montier.org\/wp-content\/uploads\/2021\/06\/IMG_9285-scaled.jpg\" data-caption-desc=\"AFPAN\" data-attachment-id=\"37720\" data-type=\"image\" class=\"fg-thumb\"><span class=\"fg-image-wrap\"><img decoding=\"async\" width=\"200\" height=\"200\" class=\"skip-lazy fg-image\" data-no-lazy=\"1\" data-src-fg=\"https:\/\/www.photo-montier.org\/wp-content\/uploads\/cache\/2021\/06\/IMG_9285-scaled\/4226430496.jpg\" src=\"data:image\/svg+xml,%3Csvg%20xmlns%3D%22http%3A%2F%2Fwww.w3.org%2F2000%2Fsvg%22%20width%3D%22200%22%20height%3D%22200%22%20viewBox%3D%220%200%20200%20200%22%3E%3C%2Fsvg%3E\" loading=\"eager\"><\/span><span class=\"fg-image-overlay\"><\/span><\/a><figcaption class=\"fg-caption\"><div class=\"fg-caption-inner\"><div class=\"fg-caption-desc\">AFPAN<\/div><\/div><\/figcaption><\/figure><div class=\"fg-loader\"><\/div><\/div><div class=\"fg-item fg-type-image fg-idle\"><figure class=\"fg-item-inner\"><a href=\"https:\/\/www.photo-montier.org\/wp-content\/uploads\/2020\/12\/01-Carte-de-voeux-2021-recto.jpg\" data-caption-desc=\"Marie-No\u00eblle Bertiere\" data-attachment-id=\"36751\" data-type=\"image\" class=\"fg-thumb\"><span class=\"fg-image-wrap\"><img decoding=\"async\" width=\"200\" height=\"200\" class=\"skip-lazy fg-image\" data-no-lazy=\"1\" data-src-fg=\"https:\/\/www.photo-montier.org\/wp-content\/uploads\/cache\/2020\/12\/01-Carte-de-voeux-2021-recto\/792083136.jpg\" src=\"data:image\/svg+xml,%3Csvg%20xmlns%3D%22http%3A%2F%2Fwww.w3.org%2F2000%2Fsvg%22%20width%3D%22200%22%20height%3D%22200%22%20viewBox%3D%220%200%20200%20200%22%3E%3C%2Fsvg%3E\" loading=\"eager\"><\/span><span class=\"fg-image-overlay\"><\/span><\/a><figcaption class=\"fg-caption\"><div class=\"fg-caption-inner\"><div class=\"fg-caption-desc\">Marie-No\u00eblle Bertiere<\/div><\/div><\/figcaption><\/figure><div class=\"fg-loader\"><\/div><\/div><div class=\"fg-item fg-type-image fg-idle\"><figure class=\"fg-item-inner\"><a href=\"https:\/\/www.photo-montier.org\/wp-content\/uploads\/exposants\/2020\/341_hibou-des-marais_58i7956-scaled.jpg\" data-caption-desc=\"Louis-Marie PREAU\" data-attachment-id=\"21200\" data-type=\"image\" class=\"fg-thumb\"><span class=\"fg-image-wrap\"><img decoding=\"async\" alt=\"De ses grands yeux jaunes et noirs le hibou des marais scrute les alentours\" width=\"200\" height=\"200\" class=\"skip-lazy fg-image\" data-no-lazy=\"1\" data-src-fg=\"https:\/\/www.photo-montier.org\/wp-content\/uploads\/cache\/exposants\/2020\/341_hibou-des-marais_58i7956-scaled\/108158528.jpg\" src=\"data:image\/svg+xml,%3Csvg%20xmlns%3D%22http%3A%2F%2Fwww.w3.org%2F2000%2Fsvg%22%20width%3D%22200%22%20height%3D%22200%22%20viewBox%3D%220%200%20200%20200%22%3E%3C%2Fsvg%3E\" loading=\"eager\"><\/span><span class=\"fg-image-overlay\"><\/span><\/a><figcaption class=\"fg-caption\"><div class=\"fg-caption-inner\"><div class=\"fg-caption-desc\">Louis-Marie PREAU<\/div><\/div><\/figcaption><\/figure><div class=\"fg-loader\"><\/div><\/div><div class=\"fg-item fg-type-image fg-idle\"><figure class=\"fg-item-inner\"><a href=\"https:\/\/www.photo-montier.org\/wp-content\/uploads\/exposants\/2020\/725_montier04.jpg\" data-caption-desc=\"Olivier BORN\" data-attachment-id=\"20854\" data-type=\"image\" class=\"fg-thumb\"><span class=\"fg-image-wrap\"><img decoding=\"async\" alt=\"Le li\u00e8vre invisible\" width=\"200\" height=\"200\" class=\"skip-lazy fg-image\" data-no-lazy=\"1\" data-src-fg=\"https:\/\/www.photo-montier.org\/wp-content\/uploads\/cache\/exposants\/2020\/725_montier04\/2430595377.jpg\" src=\"data:image\/svg+xml,%3Csvg%20xmlns%3D%22http%3A%2F%2Fwww.w3.org%2F2000%2Fsvg%22%20width%3D%22200%22%20height%3D%22200%22%20viewBox%3D%220%200%20200%20200%22%3E%3C%2Fsvg%3E\" loading=\"eager\"><\/span><span class=\"fg-image-overlay\"><\/span><\/a><figcaption class=\"fg-caption\"><div class=\"fg-caption-inner\"><div class=\"fg-caption-desc\">Olivier BORN<\/div><\/div><\/figcaption><\/figure><div class=\"fg-loader\"><\/div><\/div><div class=\"fg-item fg-type-image fg-idle\"><figure class=\"fg-item-inner\"><a href=\"https:\/\/www.photo-montier.org\/wp-content\/uploads\/exposants\/2020\/134_8.jpg\" data-caption-desc=\"Jo\u00ebl BRUNET\" data-attachment-id=\"19990\" data-type=\"image\" class=\"fg-thumb\"><span class=\"fg-image-wrap\"><img decoding=\"async\" width=\"200\" height=\"200\" class=\"skip-lazy fg-image\" data-no-lazy=\"1\" data-src-fg=\"https:\/\/www.photo-montier.org\/wp-content\/uploads\/cache\/exposants\/2020\/134_8\/1431736396.jpg\" src=\"data:image\/svg+xml,%3Csvg%20xmlns%3D%22http%3A%2F%2Fwww.w3.org%2F2000%2Fsvg%22%20width%3D%22200%22%20height%3D%22200%22%20viewBox%3D%220%200%20200%20200%22%3E%3C%2Fsvg%3E\" loading=\"eager\"><\/span><span class=\"fg-image-overlay\"><\/span><\/a><figcaption class=\"fg-caption\"><div class=\"fg-caption-inner\"><div class=\"fg-caption-desc\">Jo\u00ebl BRUNET<\/div><\/div><\/figcaption><\/figure><div class=\"fg-loader\"><\/div><\/div><div class=\"fg-item fg-type-image fg-idle\"><figure class=\"fg-item-inner\"><a href=\"https:\/\/www.photo-montier.org\/wp-content\/uploads\/exposants\/2020\/724__03r6879-scaled.jpg\" data-caption-desc=\"Dean GILL\" data-attachment-id=\"20955\" data-type=\"image\" class=\"fg-thumb\"><span class=\"fg-image-wrap\"><img decoding=\"async\" width=\"200\" height=\"200\" class=\"skip-lazy fg-image\" data-no-lazy=\"1\" data-src-fg=\"https:\/\/www.photo-montier.org\/wp-content\/uploads\/cache\/exposants\/2020\/724__03r6879-scaled\/168576548.jpg\" src=\"data:image\/svg+xml,%3Csvg%20xmlns%3D%22http%3A%2F%2Fwww.w3.org%2F2000%2Fsvg%22%20width%3D%22200%22%20height%3D%22200%22%20viewBox%3D%220%200%20200%20200%22%3E%3C%2Fsvg%3E\" loading=\"eager\"><\/span><span class=\"fg-image-overlay\"><\/span><\/a><figcaption class=\"fg-caption\"><div class=\"fg-caption-inner\"><div class=\"fg-caption-desc\">Dean GILL<\/div><\/div><\/figcaption><\/figure><div class=\"fg-loader\"><\/div><\/div><div class=\"fg-item fg-type-image fg-idle\"><figure class=\"fg-item-inner\"><a href=\"https:\/\/www.photo-montier.org\/wp-content\/uploads\/exposants\/2020\/271_1109_sequence-images-fixes_2.jpg\" data-caption-desc=\"Bence MATE\" data-attachment-id=\"19783\" data-type=\"image\" class=\"fg-thumb\"><span class=\"fg-image-wrap\"><img decoding=\"async\" width=\"200\" height=\"200\" class=\"skip-lazy fg-image\" data-no-lazy=\"1\" data-src-fg=\"https:\/\/www.photo-montier.org\/wp-content\/uploads\/cache\/exposants\/2020\/271_1109_sequence-images-fixes_2\/80324480.jpg\" src=\"data:image\/svg+xml,%3Csvg%20xmlns%3D%22http%3A%2F%2Fwww.w3.org%2F2000%2Fsvg%22%20width%3D%22200%22%20height%3D%22200%22%20viewBox%3D%220%200%20200%20200%22%3E%3C%2Fsvg%3E\" loading=\"eager\"><\/span><span class=\"fg-image-overlay\"><\/span><\/a><figcaption class=\"fg-caption\"><div class=\"fg-caption-inner\"><div class=\"fg-caption-desc\">Bence MATE<\/div><\/div><\/figcaption><\/figure><div class=\"fg-loader\"><\/div><\/div><div class=\"fg-item fg-type-image fg-idle\"><figure class=\"fg-item-inner\"><a href=\"https:\/\/www.photo-montier.org\/wp-content\/uploads\/2016\/08\/Francis_GOUSSARD_animations_scolaires-1024x205.jpg\" data-caption-desc=\"Francis GOUSSARD\" data-attachment-id=\"3719\" data-type=\"image\" class=\"fg-thumb\"><span class=\"fg-image-wrap\"><img decoding=\"async\" width=\"200\" height=\"200\" class=\"skip-lazy fg-image\" data-no-lazy=\"1\" data-src-fg=\"https:\/\/www.photo-montier.org\/wp-content\/uploads\/cache\/2016\/08\/Francis_GOUSSARD_animations_scolaires\/829313347.jpg\" src=\"data:image\/svg+xml,%3Csvg%20xmlns%3D%22http%3A%2F%2Fwww.w3.org%2F2000%2Fsvg%22%20width%3D%22200%22%20height%3D%22200%22%20viewBox%3D%220%200%20200%20200%22%3E%3C%2Fsvg%3E\" loading=\"eager\"><\/span><span class=\"fg-image-overlay\"><\/span><\/a><figcaption class=\"fg-caption\"><div class=\"fg-caption-inner\"><div class=\"fg-caption-desc\">Francis GOUSSARD<\/div><\/div><\/figcaption><\/figure><div class=\"fg-loader\"><\/div><\/div><div class=\"fg-item fg-type-image fg-idle\"><figure class=\"fg-item-inner\"><a href=\"https:\/\/www.photo-montier.org\/wp-content\/uploads\/exposants\/2020\/722_37_ifremer0523.jpg\" data-caption-desc=\"Gilles MARTIN\" data-attachment-id=\"20680\" data-type=\"image\" class=\"fg-thumb\"><span class=\"fg-image-wrap\"><img decoding=\"async\" width=\"200\" height=\"200\" class=\"skip-lazy fg-image\" data-no-lazy=\"1\" data-src-fg=\"https:\/\/www.photo-montier.org\/wp-content\/uploads\/cache\/exposants\/2020\/722_37_ifremer0523\/2503608025.jpg\" src=\"data:image\/svg+xml,%3Csvg%20xmlns%3D%22http%3A%2F%2Fwww.w3.org%2F2000%2Fsvg%22%20width%3D%22200%22%20height%3D%22200%22%20viewBox%3D%220%200%20200%20200%22%3E%3C%2Fsvg%3E\" loading=\"eager\"><\/span><span class=\"fg-image-overlay\"><\/span><\/a><figcaption class=\"fg-caption\"><div class=\"fg-caption-inner\"><div class=\"fg-caption-desc\">Gilles MARTIN<\/div><\/div><\/figcaption><\/figure><div class=\"fg-loader\"><\/div><\/div><div class=\"fg-item fg-type-image fg-idle\"><figure class=\"fg-item-inner\"><a href=\"https:\/\/www.photo-montier.org\/wp-content\/uploads\/2019\/01\/\u00a9-Francis-GOUSSARD-Animations-jeunesse-Festival-Montier-2018-22-scaled.jpg\" data-caption-desc=\"Francis GOUSSARD\" data-attachment-id=\"14416\" data-type=\"image\" class=\"fg-thumb\"><span class=\"fg-image-wrap\"><img decoding=\"async\" width=\"200\" height=\"200\" class=\"skip-lazy fg-image\" data-no-lazy=\"1\" data-src-fg=\"https:\/\/www.photo-montier.org\/wp-content\/uploads\/cache\/2019\/01\/\u00a9-Francis-GOUSSARD-Animations-jeunesse-Festival-Montier-2018-22-scaled\/2111567058.jpg\" src=\"data:image\/svg+xml,%3Csvg%20xmlns%3D%22http%3A%2F%2Fwww.w3.org%2F2000%2Fsvg%22%20width%3D%22200%22%20height%3D%22200%22%20viewBox%3D%220%200%20200%20200%22%3E%3C%2Fsvg%3E\" loading=\"eager\"><\/span><span class=\"fg-image-overlay\"><\/span><\/a><figcaption class=\"fg-caption\"><div class=\"fg-caption-inner\"><div class=\"fg-caption-desc\">Francis GOUSSARD<\/div><\/div><\/figcaption><\/figure><div class=\"fg-loader\"><\/div><\/div><div class=\"fg-item fg-type-image fg-idle\"><figure class=\"fg-item-inner\"><a href=\"https:\/\/www.photo-montier.org\/wp-content\/uploads\/exposants\/2020\/347_in-the-clouds-1212-scaled.jpg\" data-caption-desc=\"Kyriakos KAZIRAS\" data-attachment-id=\"21154\" data-type=\"image\" class=\"fg-thumb\"><span class=\"fg-image-wrap\"><img decoding=\"async\" width=\"200\" height=\"200\" class=\"skip-lazy fg-image\" data-no-lazy=\"1\" data-src-fg=\"https:\/\/www.photo-montier.org\/wp-content\/uploads\/cache\/exposants\/2020\/347_in-the-clouds-1212-scaled\/3502591343.jpg\" src=\"data:image\/svg+xml,%3Csvg%20xmlns%3D%22http%3A%2F%2Fwww.w3.org%2F2000%2Fsvg%22%20width%3D%22200%22%20height%3D%22200%22%20viewBox%3D%220%200%20200%20200%22%3E%3C%2Fsvg%3E\" loading=\"eager\"><\/span><span class=\"fg-image-overlay\"><\/span><\/a><figcaption class=\"fg-caption\"><div class=\"fg-caption-inner\"><div class=\"fg-caption-desc\">Kyriakos KAZIRAS<\/div><\/div><\/figcaption><\/figure><div class=\"fg-loader\"><\/div><\/div><div class=\"fg-item fg-type-image fg-idle\"><figure class=\"fg-item-inner\"><a href=\"https:\/\/www.photo-montier.org\/wp-content\/uploads\/exposants\/2020\/736_1408_45b7499-npl-jpg-scaled.jpg\" data-caption-desc=\"Cyril RUOSO\" data-attachment-id=\"21274\" data-type=\"image\" class=\"fg-thumb\"><span class=\"fg-image-wrap\"><img decoding=\"async\" width=\"200\" height=\"200\" class=\"skip-lazy fg-image\" data-no-lazy=\"1\" data-src-fg=\"https:\/\/www.photo-montier.org\/wp-content\/uploads\/cache\/exposants\/2020\/736_1408_45b7499-npl-jpg-scaled\/3354405709.jpg\" src=\"data:image\/svg+xml,%3Csvg%20xmlns%3D%22http%3A%2F%2Fwww.w3.org%2F2000%2Fsvg%22%20width%3D%22200%22%20height%3D%22200%22%20viewBox%3D%220%200%20200%20200%22%3E%3C%2Fsvg%3E\" loading=\"eager\"><\/span><span class=\"fg-image-overlay\"><\/span><\/a><figcaption class=\"fg-caption\"><div class=\"fg-caption-inner\"><div class=\"fg-caption-desc\">Cyril RUOSO<\/div><\/div><\/figcaption><\/figure><div class=\"fg-loader\"><\/div><\/div><div class=\"fg-item fg-type-image fg-idle\"><figure class=\"fg-item-inner\"><a href=\"https:\/\/www.photo-montier.org\/wp-content\/uploads\/2016\/09\/DSCF0994-1024x768.jpg\" data-caption-desc=\"Agence de l&#039;Eau Seine-Normandie\" data-attachment-id=\"1790\" data-type=\"image\" class=\"fg-thumb\"><span class=\"fg-image-wrap\"><img decoding=\"async\" width=\"200\" height=\"200\" class=\"skip-lazy fg-image\" data-no-lazy=\"1\" data-src-fg=\"https:\/\/www.photo-montier.org\/wp-content\/uploads\/cache\/2016\/09\/DSCF0994\/2635216033.jpg\" src=\"data:image\/svg+xml,%3Csvg%20xmlns%3D%22http%3A%2F%2Fwww.w3.org%2F2000%2Fsvg%22%20width%3D%22200%22%20height%3D%22200%22%20viewBox%3D%220%200%20200%20200%22%3E%3C%2Fsvg%3E\" loading=\"eager\"><\/span><span class=\"fg-image-overlay\"><\/span><\/a><figcaption class=\"fg-caption\"><div class=\"fg-caption-inner\"><div class=\"fg-caption-desc\">Agence de l'Eau Seine-Normandie<\/div><\/div><\/figcaption><\/figure><div class=\"fg-loader\"><\/div><\/div><div class=\"fg-item fg-type-image fg-idle\"><figure class=\"fg-item-inner\"><a href=\"https:\/\/www.photo-montier.org\/wp-content\/uploads\/2020\/06\/I-see-you-4-scaled.jpg\" data-caption-desc=\"Morten JORGENSEN\" data-attachment-id=\"21285\" data-type=\"image\" class=\"fg-thumb\"><span class=\"fg-image-wrap\"><img decoding=\"async\" width=\"200\" height=\"200\" class=\"skip-lazy fg-image\" data-no-lazy=\"1\" data-src-fg=\"https:\/\/www.photo-montier.org\/wp-content\/uploads\/cache\/2020\/06\/I-see-you-4-scaled\/2469551381.jpg\" src=\"data:image\/svg+xml,%3Csvg%20xmlns%3D%22http%3A%2F%2Fwww.w3.org%2F2000%2Fsvg%22%20width%3D%22200%22%20height%3D%22200%22%20viewBox%3D%220%200%20200%20200%22%3E%3C%2Fsvg%3E\" loading=\"eager\"><\/span><span class=\"fg-image-overlay\"><\/span><\/a><figcaption class=\"fg-caption\"><div class=\"fg-caption-inner\"><div class=\"fg-caption-desc\">Morten JORGENSEN<\/div><\/div><\/figcaption><\/figure><div class=\"fg-loader\"><\/div><\/div><div class=\"fg-item fg-type-image fg-idle\"><figure class=\"fg-item-inner\"><a href=\"https:\/\/www.photo-montier.org\/wp-content\/uploads\/2020\/07\/Capture-d\u2019e\u0301cran-2020-07-28-a\u0300-15.08.16.png\" data-caption-desc=\"Pascal BOURGUIGNON\" data-attachment-id=\"22234\" data-type=\"image\" class=\"fg-thumb\"><span class=\"fg-image-wrap\"><img decoding=\"async\" width=\"200\" height=\"200\" class=\"skip-lazy fg-image\" data-no-lazy=\"1\" data-src-fg=\"https:\/\/www.photo-montier.org\/wp-content\/uploads\/cache\/2020\/07\/Capture-d\u2019e\u0301cran-2020-07-28-a\u0300-15_08_16\/3522707466.png\" src=\"data:image\/svg+xml,%3Csvg%20xmlns%3D%22http%3A%2F%2Fwww.w3.org%2F2000%2Fsvg%22%20width%3D%22200%22%20height%3D%22200%22%20viewBox%3D%220%200%20200%20200%22%3E%3C%2Fsvg%3E\" loading=\"eager\"><\/span><span class=\"fg-image-overlay\"><\/span><\/a><figcaption class=\"fg-caption\"><div class=\"fg-caption-inner\"><div class=\"fg-caption-desc\">Pascal BOURGUIGNON<\/div><\/div><\/figcaption><\/figure><div class=\"fg-loader\"><\/div><\/div><div class=\"fg-item fg-type-image fg-idle\"><figure class=\"fg-item-inner\"><a href=\"https:\/\/www.photo-montier.org\/wp-content\/uploads\/2020\/05\/DSC_7583-683x1024.jpg\" data-caption-desc=\"Dean GILL\" data-attachment-id=\"19676\" data-type=\"image\" class=\"fg-thumb\"><span class=\"fg-image-wrap\"><img decoding=\"async\" width=\"200\" height=\"200\" class=\"skip-lazy fg-image\" data-no-lazy=\"1\" data-src-fg=\"https:\/\/www.photo-montier.org\/wp-content\/uploads\/cache\/2020\/05\/DSC_7583\/80223141.jpg\" src=\"data:image\/svg+xml,%3Csvg%20xmlns%3D%22http%3A%2F%2Fwww.w3.org%2F2000%2Fsvg%22%20width%3D%22200%22%20height%3D%22200%22%20viewBox%3D%220%200%20200%20200%22%3E%3C%2Fsvg%3E\" loading=\"eager\"><\/span><span class=\"fg-image-overlay\"><\/span><\/a><figcaption class=\"fg-caption\"><div class=\"fg-caption-inner\"><div class=\"fg-caption-desc\">Dean GILL<\/div><\/div><\/figcaption><\/figure><div class=\"fg-loader\"><\/div><\/div><div class=\"fg-item fg-type-image fg-idle\"><figure class=\"fg-item-inner\"><a href=\"https:\/\/www.photo-montier.org\/wp-content\/uploads\/2019\/07\/Salvador-COLVEE-NEBOT-5191_sequence-images-fixes_5-2-1024x678.jpg\" data-caption-desc=\"Salvador COLVEE NEBOT\" data-attachment-id=\"17122\" data-type=\"image\" class=\"fg-thumb\"><span class=\"fg-image-wrap\"><img decoding=\"async\" width=\"200\" height=\"200\" class=\"skip-lazy fg-image\" data-no-lazy=\"1\" data-src-fg=\"https:\/\/www.photo-montier.org\/wp-content\/uploads\/cache\/2019\/07\/Salvador-COLVEE-NEBOT-5191_sequence-images-fixes_5-2\/4048050055.jpg\" src=\"data:image\/svg+xml,%3Csvg%20xmlns%3D%22http%3A%2F%2Fwww.w3.org%2F2000%2Fsvg%22%20width%3D%22200%22%20height%3D%22200%22%20viewBox%3D%220%200%20200%20200%22%3E%3C%2Fsvg%3E\" loading=\"eager\"><\/span><span class=\"fg-image-overlay\"><\/span><\/a><figcaption class=\"fg-caption\"><div class=\"fg-caption-inner\"><div class=\"fg-caption-desc\">Salvador COLVEE NEBOT<\/div><\/div><\/figcaption><\/figure><div class=\"fg-loader\"><\/div><\/div><div class=\"fg-item fg-type-image fg-idle\"><figure class=\"fg-item-inner\"><a href=\"https:\/\/www.photo-montier.org\/wp-content\/uploads\/2020\/11\/updatecopyright_POL-Otarie.jpg\" data-caption-desc=\"Gr\u00e9gory POL\" data-attachment-id=\"36450\" data-type=\"image\" class=\"fg-thumb\"><span class=\"fg-image-wrap\"><img decoding=\"async\" width=\"200\" height=\"200\" class=\"skip-lazy fg-image\" data-no-lazy=\"1\" data-src-fg=\"https:\/\/www.photo-montier.org\/wp-content\/uploads\/cache\/2020\/11\/updatecopyright_POL-Otarie\/2457440842.jpg\" src=\"data:image\/svg+xml,%3Csvg%20xmlns%3D%22http%3A%2F%2Fwww.w3.org%2F2000%2Fsvg%22%20width%3D%22200%22%20height%3D%22200%22%20viewBox%3D%220%200%20200%20200%22%3E%3C%2Fsvg%3E\" loading=\"eager\"><\/span><span class=\"fg-image-overlay\"><\/span><\/a><figcaption class=\"fg-caption\"><div class=\"fg-caption-inner\"><div class=\"fg-caption-desc\">Gr\u00e9gory POL<\/div><\/div><\/figcaption><\/figure><div class=\"fg-loader\"><\/div><\/div><div class=\"fg-item fg-type-image fg-idle\"><figure class=\"fg-item-inner\"><a href=\"https:\/\/www.photo-montier.org\/wp-content\/uploads\/2020\/11\/updatecopyright_POL-Les-Yeux-du-Harfanf_600x340.jpg\" data-caption-desc=\"Gr\u00e9gory POL\" data-attachment-id=\"36505\" data-type=\"image\" class=\"fg-thumb\"><span class=\"fg-image-wrap\"><img decoding=\"async\" width=\"200\" height=\"200\" class=\"skip-lazy fg-image\" data-no-lazy=\"1\" data-src-fg=\"https:\/\/www.photo-montier.org\/wp-content\/uploads\/cache\/2020\/11\/updatecopyright_POL-Les-Yeux-du-Harfanf_600x340\/2942472098.jpg\" src=\"data:image\/svg+xml,%3Csvg%20xmlns%3D%22http%3A%2F%2Fwww.w3.org%2F2000%2Fsvg%22%20width%3D%22200%22%20height%3D%22200%22%20viewBox%3D%220%200%20200%20200%22%3E%3C%2Fsvg%3E\" loading=\"eager\"><\/span><span class=\"fg-image-overlay\"><\/span><\/a><figcaption class=\"fg-caption\"><div class=\"fg-caption-inner\"><div class=\"fg-caption-desc\">Gr\u00e9gory POL<\/div><\/div><\/figcaption><\/figure><div class=\"fg-loader\"><\/div><\/div><div class=\"fg-item fg-type-image fg-idle\"><figure class=\"fg-item-inner\"><a href=\"https:\/\/www.photo-montier.org\/wp-content\/uploads\/2020\/09\/BOULE-Julien-copyright.jpg\" data-caption-desc=\"Julien BOULE\" data-attachment-id=\"35981\" data-type=\"image\" class=\"fg-thumb\"><span class=\"fg-image-wrap\"><img decoding=\"async\" width=\"200\" height=\"200\" class=\"skip-lazy fg-image\" data-no-lazy=\"1\" data-src-fg=\"https:\/\/www.photo-montier.org\/wp-content\/uploads\/cache\/2020\/09\/BOULE-Julien-copyright\/2710483009.jpg\" src=\"data:image\/svg+xml,%3Csvg%20xmlns%3D%22http%3A%2F%2Fwww.w3.org%2F2000%2Fsvg%22%20width%3D%22200%22%20height%3D%22200%22%20viewBox%3D%220%200%20200%20200%22%3E%3C%2Fsvg%3E\" loading=\"eager\"><\/span><span class=\"fg-image-overlay\"><\/span><\/a><figcaption class=\"fg-caption\"><div class=\"fg-caption-inner\"><div class=\"fg-caption-desc\">Julien BOULE<\/div><\/div><\/figcaption><\/figure><div class=\"fg-loader\"><\/div><\/div><div class=\"fg-item fg-type-image fg-idle\"><figure class=\"fg-item-inner\"><a href=\"https:\/\/www.photo-montier.org\/wp-content\/uploads\/2020\/07\/IMG_0690-scaled-1024x575.jpg\" data-attachment-id=\"22215\" data-type=\"image\" class=\"fg-thumb\"><span class=\"fg-image-wrap\"><img decoding=\"async\" width=\"200\" height=\"200\" class=\"skip-lazy fg-image\" data-no-lazy=\"1\" data-src-fg=\"https:\/\/www.photo-montier.org\/wp-content\/uploads\/cache\/2020\/07\/IMG_0690-scaled\/2794352748.jpg\" src=\"data:image\/svg+xml,%3Csvg%20xmlns%3D%22http%3A%2F%2Fwww.w3.org%2F2000%2Fsvg%22%20width%3D%22200%22%20height%3D%22200%22%20viewBox%3D%220%200%20200%20200%22%3E%3C%2Fsvg%3E\" loading=\"eager\"><\/span><span class=\"fg-image-overlay\"><\/span><\/a><\/figure><div class=\"fg-loader\"><\/div><\/div><div class=\"fg-item fg-type-image fg-idle\"><figure class=\"fg-item-inner\"><a href=\"https:\/\/www.photo-montier.org\/wp-content\/uploads\/2020\/07\/IMG_0686-scaled.jpg\" data-attachment-id=\"22214\" data-type=\"image\" class=\"fg-thumb\"><span class=\"fg-image-wrap\"><img decoding=\"async\" width=\"200\" height=\"200\" class=\"skip-lazy fg-image\" data-no-lazy=\"1\" data-src-fg=\"https:\/\/www.photo-montier.org\/wp-content\/uploads\/cache\/2020\/07\/IMG_0686-scaled\/12750740.jpg\" src=\"data:image\/svg+xml,%3Csvg%20xmlns%3D%22http%3A%2F%2Fwww.w3.org%2F2000%2Fsvg%22%20width%3D%22200%22%20height%3D%22200%22%20viewBox%3D%220%200%20200%20200%22%3E%3C%2Fsvg%3E\" loading=\"eager\"><\/span><span class=\"fg-image-overlay\"><\/span><\/a><\/figure><div class=\"fg-loader\"><\/div><\/div><div class=\"fg-item fg-type-image fg-idle\"><figure class=\"fg-item-inner\"><a href=\"https:\/\/www.photo-montier.org\/wp-content\/uploads\/exposants\/2018\/461_5-wapusk-ours-polaires-bruno-et-dorota-senechal-1024x1024.jpg\" data-caption-desc=\"Bruno et Dorota SENECHAL\" data-attachment-id=\"9897\" data-type=\"image\" class=\"fg-thumb\"><span class=\"fg-image-wrap\"><img decoding=\"async\" width=\"200\" height=\"200\" class=\"skip-lazy fg-image\" data-no-lazy=\"1\" data-src-fg=\"https:\/\/www.photo-montier.org\/wp-content\/uploads\/cache\/exposants\/2018\/461_5-wapusk-ours-polaires-bruno-et-dorota-senechal\/1198719895.jpg\" src=\"data:image\/svg+xml,%3Csvg%20xmlns%3D%22http%3A%2F%2Fwww.w3.org%2F2000%2Fsvg%22%20width%3D%22200%22%20height%3D%22200%22%20viewBox%3D%220%200%20200%20200%22%3E%3C%2Fsvg%3E\" loading=\"eager\"><\/span><span class=\"fg-image-overlay\"><\/span><\/a><figcaption class=\"fg-caption\"><div class=\"fg-caption-inner\"><div class=\"fg-caption-desc\">Bruno et Dorota SENECHAL<\/div><\/div><\/figcaption><\/figure><div class=\"fg-loader\"><\/div><\/div><div class=\"fg-item fg-type-image fg-idle\"><figure class=\"fg-item-inner\"><a href=\"https:\/\/www.photo-montier.org\/wp-content\/uploads\/2020\/11\/aliaga_image.jpg\" data-caption-desc=\"Maxime ALIAGA\" data-attachment-id=\"36099\" data-type=\"image\" class=\"fg-thumb\"><span class=\"fg-image-wrap\"><img decoding=\"async\" width=\"200\" height=\"200\" class=\"skip-lazy fg-image\" data-no-lazy=\"1\" data-src-fg=\"https:\/\/www.photo-montier.org\/wp-content\/uploads\/cache\/2020\/11\/aliaga_image\/1537643157.jpg\" src=\"data:image\/svg+xml,%3Csvg%20xmlns%3D%22http%3A%2F%2Fwww.w3.org%2F2000%2Fsvg%22%20width%3D%22200%22%20height%3D%22200%22%20viewBox%3D%220%200%20200%20200%22%3E%3C%2Fsvg%3E\" loading=\"eager\"><\/span><span class=\"fg-image-overlay\"><\/span><\/a><figcaption class=\"fg-caption\"><div class=\"fg-caption-inner\"><div class=\"fg-caption-desc\">Maxime ALIAGA<\/div><\/div><\/figcaption><\/figure><div class=\"fg-loader\"><\/div><\/div><div class=\"fg-item fg-type-image fg-idle\"><figure class=\"fg-item-inner\"><a href=\"https:\/\/www.photo-montier.org\/wp-content\/uploads\/2019\/12\/Abbatiale-J\u00e9rome-ALBERT-5.jpg\" data-caption-desc=\"J\u00e9rome ALBERT\" data-attachment-id=\"19281\" data-type=\"image\" class=\"fg-thumb\"><span class=\"fg-image-wrap\"><img decoding=\"async\" width=\"200\" height=\"200\" class=\"skip-lazy fg-image\" data-no-lazy=\"1\" data-src-fg=\"https:\/\/www.photo-montier.org\/wp-content\/uploads\/cache\/2019\/12\/Abbatiale-J\u00e9rome-ALBERT-5\/1324831345.jpg\" src=\"data:image\/svg+xml,%3Csvg%20xmlns%3D%22http%3A%2F%2Fwww.w3.org%2F2000%2Fsvg%22%20width%3D%22200%22%20height%3D%22200%22%20viewBox%3D%220%200%20200%20200%22%3E%3C%2Fsvg%3E\" loading=\"eager\"><\/span><span class=\"fg-image-overlay\"><\/span><\/a><figcaption class=\"fg-caption\"><div class=\"fg-caption-inner\"><div class=\"fg-caption-desc\">J\u00e9rome ALBERT<\/div><\/div><\/figcaption><\/figure><div class=\"fg-loader\"><\/div><\/div><div class=\"fg-item fg-type-image fg-idle\"><figure class=\"fg-item-inner\"><a href=\"https:\/\/www.photo-montier.org\/wp-content\/uploads\/2019\/07\/Maxime-ALIAGA-5861_mammiferes-sauvages-de-pleine-nature_2-1024x683.jpg\" data-caption-desc=\"Maxime ALIAGA\" data-attachment-id=\"17099\" data-type=\"image\" class=\"fg-thumb\"><span class=\"fg-image-wrap\"><img decoding=\"async\" width=\"200\" height=\"200\" class=\"skip-lazy fg-image\" data-no-lazy=\"1\" data-src-fg=\"https:\/\/www.photo-montier.org\/wp-content\/uploads\/cache\/2019\/07\/Maxime-ALIAGA-5861_mammiferes-sauvages-de-pleine-nature_2\/2515798108.jpg\" src=\"data:image\/svg+xml,%3Csvg%20xmlns%3D%22http%3A%2F%2Fwww.w3.org%2F2000%2Fsvg%22%20width%3D%22200%22%20height%3D%22200%22%20viewBox%3D%220%200%20200%20200%22%3E%3C%2Fsvg%3E\" loading=\"eager\"><\/span><span class=\"fg-image-overlay\"><\/span><\/a><figcaption class=\"fg-caption\"><div class=\"fg-caption-inner\"><div class=\"fg-caption-desc\">Maxime ALIAGA<\/div><\/div><\/figcaption><\/figure><div class=\"fg-loader\"><\/div><\/div><div class=\"fg-item fg-type-image fg-idle\"><figure class=\"fg-item-inner\"><a href=\"https:\/\/www.photo-montier.org\/wp-content\/uploads\/2019\/07\/Igniacio-MEDEM-5101_mammiferes-sauvages-de-pleine-nature_2-1024x683.jpg\" data-caption-desc=\"Ignacio MEDEM\" data-attachment-id=\"17070\" data-type=\"image\" class=\"fg-thumb\"><span class=\"fg-image-wrap\"><img decoding=\"async\" width=\"200\" height=\"200\" class=\"skip-lazy fg-image\" data-no-lazy=\"1\" data-src-fg=\"https:\/\/www.photo-montier.org\/wp-content\/uploads\/cache\/2019\/07\/Igniacio-MEDEM-5101_mammiferes-sauvages-de-pleine-nature_2\/2646999789.jpg\" src=\"data:image\/svg+xml,%3Csvg%20xmlns%3D%22http%3A%2F%2Fwww.w3.org%2F2000%2Fsvg%22%20width%3D%22200%22%20height%3D%22200%22%20viewBox%3D%220%200%20200%20200%22%3E%3C%2Fsvg%3E\" loading=\"eager\"><\/span><span class=\"fg-image-overlay\"><\/span><\/a><figcaption class=\"fg-caption\"><div class=\"fg-caption-inner\"><div class=\"fg-caption-desc\">Ignacio MEDEM<\/div><\/div><\/figcaption><\/figure><div class=\"fg-loader\"><\/div><\/div><div class=\"fg-item fg-type-image fg-idle\"><figure class=\"fg-item-inner\"><a href=\"https:\/\/www.photo-montier.org\/wp-content\/uploads\/2019\/11\/canope.jpg\" data-caption-desc=\"canope\" data-attachment-id=\"18987\" data-type=\"image\" class=\"fg-thumb\"><span class=\"fg-image-wrap\"><img decoding=\"async\" width=\"200\" height=\"200\" class=\"skip-lazy fg-image\" data-no-lazy=\"1\" data-src-fg=\"https:\/\/www.photo-montier.org\/wp-content\/uploads\/cache\/2019\/11\/canope\/1700227512.jpg\" src=\"data:image\/svg+xml,%3Csvg%20xmlns%3D%22http%3A%2F%2Fwww.w3.org%2F2000%2Fsvg%22%20width%3D%22200%22%20height%3D%22200%22%20viewBox%3D%220%200%20200%20200%22%3E%3C%2Fsvg%3E\" loading=\"eager\"><\/span><span class=\"fg-image-overlay\"><\/span><\/a><figcaption class=\"fg-caption\"><div class=\"fg-caption-inner\"><div class=\"fg-caption-desc\">canope<\/div><\/div><\/figcaption><\/figure><div class=\"fg-loader\"><\/div><\/div><div class=\"fg-item fg-type-image fg-idle\"><figure class=\"fg-item-inner\"><a href=\"https:\/\/www.photo-montier.org\/wp-content\/uploads\/2019\/11\/PB26651-1024x703.jpg\" data-caption-desc=\"Montier-en-Der\" data-attachment-id=\"18894\" data-type=\"image\" class=\"fg-thumb\"><span class=\"fg-image-wrap\"><img decoding=\"async\" width=\"200\" height=\"200\" class=\"skip-lazy fg-image\" data-no-lazy=\"1\" data-src-fg=\"https:\/\/www.photo-montier.org\/wp-content\/uploads\/cache\/2019\/11\/PB26651\/137895786.jpg\" src=\"data:image\/svg+xml,%3Csvg%20xmlns%3D%22http%3A%2F%2Fwww.w3.org%2F2000%2Fsvg%22%20width%3D%22200%22%20height%3D%22200%22%20viewBox%3D%220%200%20200%20200%22%3E%3C%2Fsvg%3E\" loading=\"eager\"><\/span><span class=\"fg-image-overlay\"><\/span><\/a><figcaption class=\"fg-caption\"><div class=\"fg-caption-inner\"><div class=\"fg-caption-desc\">Montier-en-Der<\/div><\/div><\/figcaption><\/figure><div class=\"fg-loader\"><\/div><\/div><div class=\"fg-item fg-type-image fg-idle\"><figure class=\"fg-item-inner\"><a href=\"https:\/\/www.photo-montier.org\/wp-content\/uploads\/2020\/05\/\u00a9-Sylvain-JOLIBOIS-COSEC-Festival-Montier-2018-88-1024x205.jpg\" data-caption-desc=\"Sylvain JOLIBOIS\" data-attachment-id=\"19731\" data-type=\"image\" class=\"fg-thumb\"><span class=\"fg-image-wrap\"><img decoding=\"async\" width=\"200\" height=\"200\" class=\"skip-lazy fg-image\" data-no-lazy=\"1\" data-src-fg=\"https:\/\/www.photo-montier.org\/wp-content\/uploads\/cache\/2020\/05\/\u00a9-Sylvain-JOLIBOIS-COSEC-Festival-Montier-2018-88\/425525483.jpg\" src=\"data:image\/svg+xml,%3Csvg%20xmlns%3D%22http%3A%2F%2Fwww.w3.org%2F2000%2Fsvg%22%20width%3D%22200%22%20height%3D%22200%22%20viewBox%3D%220%200%20200%20200%22%3E%3C%2Fsvg%3E\" loading=\"eager\"><\/span><span class=\"fg-image-overlay\"><\/span><\/a><figcaption class=\"fg-caption\"><div class=\"fg-caption-inner\"><div class=\"fg-caption-desc\">Sylvain JOLIBOIS<\/div><\/div><\/figcaption><\/figure><div class=\"fg-loader\"><\/div><\/div><div class=\"fg-item fg-type-image fg-idle\"><figure class=\"fg-item-inner\"><a href=\"https:\/\/www.photo-montier.org\/wp-content\/uploads\/2019\/07\/Philippe-CABANEL-5042_sequence-images-fixes_1.jpg\" data-caption-desc=\"Philippe CABANEL\" data-attachment-id=\"17113\" data-type=\"image\" class=\"fg-thumb\"><span class=\"fg-image-wrap\"><img decoding=\"async\" width=\"200\" height=\"200\" class=\"skip-lazy fg-image\" data-no-lazy=\"1\" data-src-fg=\"https:\/\/www.photo-montier.org\/wp-content\/uploads\/cache\/2019\/07\/Philippe-CABANEL-5042_sequence-images-fixes_1\/1700696155.jpg\" src=\"data:image\/svg+xml,%3Csvg%20xmlns%3D%22http%3A%2F%2Fwww.w3.org%2F2000%2Fsvg%22%20width%3D%22200%22%20height%3D%22200%22%20viewBox%3D%220%200%20200%20200%22%3E%3C%2Fsvg%3E\" loading=\"eager\"><\/span><span class=\"fg-image-overlay\"><\/span><\/a><figcaption class=\"fg-caption\"><div class=\"fg-caption-inner\"><div class=\"fg-caption-desc\">Philippe CABANEL<\/div><\/div><\/figcaption><\/figure><div class=\"fg-loader\"><\/div><\/div><div class=\"fg-item fg-type-image fg-idle\"><figure class=\"fg-item-inner\"><a href=\"https:\/\/www.photo-montier.org\/wp-content\/uploads\/2019\/01\/\u00a9-Francis-GOUSSARD-Haras-Festival-Montier-2018-3-scaled-1024x684.jpg\" data-caption-desc=\"Francis GOUSSARD\" data-attachment-id=\"14419\" data-type=\"image\" class=\"fg-thumb\"><span class=\"fg-image-wrap\"><img decoding=\"async\" width=\"200\" height=\"200\" class=\"skip-lazy fg-image\" data-no-lazy=\"1\" data-src-fg=\"https:\/\/www.photo-montier.org\/wp-content\/uploads\/cache\/2019\/01\/\u00a9-Francis-GOUSSARD-Haras-Festival-Montier-2018-3-scaled\/52871464.jpg\" src=\"data:image\/svg+xml,%3Csvg%20xmlns%3D%22http%3A%2F%2Fwww.w3.org%2F2000%2Fsvg%22%20width%3D%22200%22%20height%3D%22200%22%20viewBox%3D%220%200%20200%20200%22%3E%3C%2Fsvg%3E\" loading=\"eager\"><\/span><span class=\"fg-image-overlay\"><\/span><\/a><figcaption class=\"fg-caption\"><div class=\"fg-caption-inner\"><div class=\"fg-caption-desc\">Francis GOUSSARD<\/div><\/div><\/figcaption><\/figure><div class=\"fg-loader\"><\/div><\/div><div class=\"fg-item fg-type-image fg-idle\"><figure class=\"fg-item-inner\"><a href=\"https:\/\/www.photo-montier.org\/wp-content\/uploads\/2018\/12\/\u00a9-Sylvain-JOLIBOIS-15112018-1-1024x683.jpg\" data-caption-desc=\"Sylvain JOLIBOIS\" data-attachment-id=\"13865\" data-type=\"image\" class=\"fg-thumb\"><span class=\"fg-image-wrap\"><img decoding=\"async\" width=\"200\" height=\"200\" class=\"skip-lazy fg-image\" data-no-lazy=\"1\" data-src-fg=\"https:\/\/www.photo-montier.org\/wp-content\/uploads\/cache\/2018\/12\/\u00a9-Sylvain-JOLIBOIS-15112018-1\/3724822775.jpg\" src=\"data:image\/svg+xml,%3Csvg%20xmlns%3D%22http%3A%2F%2Fwww.w3.org%2F2000%2Fsvg%22%20width%3D%22200%22%20height%3D%22200%22%20viewBox%3D%220%200%20200%20200%22%3E%3C%2Fsvg%3E\" loading=\"eager\"><\/span><span class=\"fg-image-overlay\"><\/span><\/a><figcaption class=\"fg-caption\"><div class=\"fg-caption-inner\"><div class=\"fg-caption-desc\">Sylvain JOLIBOIS<\/div><\/div><\/figcaption><\/figure><div class=\"fg-loader\"><\/div><\/div><div class=\"fg-item fg-type-image fg-idle\"><figure class=\"fg-item-inner\"><a href=\"https:\/\/www.photo-montier.org\/wp-content\/uploads\/2020\/07\/6842_Vianney-GOMA-mammiferes-sauvages-de-pleine-nature_2-1024x683.jpg\" data-caption-desc=\"Vianney GOMA\" data-attachment-id=\"22042\" data-type=\"image\" class=\"fg-thumb\"><span class=\"fg-image-wrap\"><img decoding=\"async\" width=\"200\" height=\"200\" class=\"skip-lazy fg-image\" data-no-lazy=\"1\" data-src-fg=\"https:\/\/www.photo-montier.org\/wp-content\/uploads\/cache\/2020\/07\/6842_Vianney-GOMA-mammiferes-sauvages-de-pleine-nature_2\/2066228530.jpg\" src=\"data:image\/svg+xml,%3Csvg%20xmlns%3D%22http%3A%2F%2Fwww.w3.org%2F2000%2Fsvg%22%20width%3D%22200%22%20height%3D%22200%22%20viewBox%3D%220%200%20200%20200%22%3E%3C%2Fsvg%3E\" loading=\"eager\"><\/span><span class=\"fg-image-overlay\"><\/span><\/a><figcaption class=\"fg-caption\"><div class=\"fg-caption-inner\"><div class=\"fg-caption-desc\">Vianney GOMA<\/div><\/div><\/figcaption><\/figure><div class=\"fg-loader\"><\/div><\/div><div class=\"fg-item fg-type-image fg-idle\"><figure class=\"fg-item-inner\"><a href=\"https:\/\/www.photo-montier.org\/wp-content\/uploads\/2018\/07\/GRAND-PRIX-FESTIVAL-3849_autres-animaux-sauvages-d-1024x683.jpg\" data-caption-desc=\"Anne MAENURM\" data-attachment-id=\"11912\" data-type=\"image\" class=\"fg-thumb\"><span class=\"fg-image-wrap\"><img decoding=\"async\" width=\"200\" height=\"200\" class=\"skip-lazy fg-image\" data-no-lazy=\"1\" data-src-fg=\"https:\/\/www.photo-montier.org\/wp-content\/uploads\/cache\/2018\/07\/GRAND-PRIX-FESTIVAL-3849_autres-animaux-sauvages-d\/241786494.jpg\" src=\"data:image\/svg+xml,%3Csvg%20xmlns%3D%22http%3A%2F%2Fwww.w3.org%2F2000%2Fsvg%22%20width%3D%22200%22%20height%3D%22200%22%20viewBox%3D%220%200%20200%20200%22%3E%3C%2Fsvg%3E\" loading=\"eager\"><\/span><span class=\"fg-image-overlay\"><\/span><\/a><figcaption class=\"fg-caption\"><div class=\"fg-caption-inner\"><div class=\"fg-caption-desc\">Anne MAENURM<\/div><\/div><\/figcaption><\/figure><div class=\"fg-loader\"><\/div><\/div><div class=\"fg-item fg-type-image fg-idle\"><figure class=\"fg-item-inner\"><a href=\"https:\/\/www.photo-montier.org\/wp-content\/uploads\/2016\/06\/Conf\u00e9rence-25-Sylvain-JOLIBOIS-1-1024x682.jpg\" data-caption-desc=\"Sylvain JOLIBOIS\" data-attachment-id=\"8162\" data-type=\"image\" class=\"fg-thumb\"><span class=\"fg-image-wrap\"><img decoding=\"async\" width=\"200\" height=\"200\" class=\"skip-lazy fg-image\" data-no-lazy=\"1\" data-src-fg=\"https:\/\/www.photo-montier.org\/wp-content\/uploads\/cache\/2016\/06\/Conf\u00e9rence-25-Sylvain-JOLIBOIS-1\/1448715374.jpg\" src=\"data:image\/svg+xml,%3Csvg%20xmlns%3D%22http%3A%2F%2Fwww.w3.org%2F2000%2Fsvg%22%20width%3D%22200%22%20height%3D%22200%22%20viewBox%3D%220%200%20200%20200%22%3E%3C%2Fsvg%3E\" loading=\"eager\"><\/span><span class=\"fg-image-overlay\"><\/span><\/a><figcaption class=\"fg-caption\"><div class=\"fg-caption-inner\"><div class=\"fg-caption-desc\">Sylvain JOLIBOIS<\/div><\/div><\/figcaption><\/figure><div class=\"fg-loader\"><\/div><\/div><div class=\"fg-item fg-type-image fg-idle\"><figure class=\"fg-item-inner\"><a href=\"https:\/\/www.photo-montier.org\/wp-content\/uploads\/exposants\/2018\/530_000_8980-1024x683.jpg\" data-caption-desc=\"Pierre-Lou CHAPOT\" data-attachment-id=\"12446\" data-type=\"image\" class=\"fg-thumb\"><span class=\"fg-image-wrap\"><img decoding=\"async\" width=\"200\" height=\"200\" class=\"skip-lazy fg-image\" data-no-lazy=\"1\" data-src-fg=\"https:\/\/www.photo-montier.org\/wp-content\/uploads\/cache\/exposants\/2018\/530_000_8980\/531357143.jpg\" src=\"data:image\/svg+xml,%3Csvg%20xmlns%3D%22http%3A%2F%2Fwww.w3.org%2F2000%2Fsvg%22%20width%3D%22200%22%20height%3D%22200%22%20viewBox%3D%220%200%20200%20200%22%3E%3C%2Fsvg%3E\" loading=\"eager\"><\/span><span class=\"fg-image-overlay\"><\/span><\/a><figcaption class=\"fg-caption\"><div class=\"fg-caption-inner\"><div class=\"fg-caption-desc\">Pierre-Lou CHAPOT<\/div><\/div><\/figcaption><\/figure><div class=\"fg-loader\"><\/div><\/div><div class=\"fg-item fg-type-image fg-idle\"><figure class=\"fg-item-inner\"><a href=\"https:\/\/www.photo-montier.org\/wp-content\/uploads\/exposants\/2018\/467_16_preservation-1024x683.jpg\" data-caption-desc=\"Julien VASSEUR\" data-attachment-id=\"9970\" data-type=\"image\" class=\"fg-thumb\"><span class=\"fg-image-wrap\"><img decoding=\"async\" width=\"200\" height=\"200\" class=\"skip-lazy fg-image\" data-no-lazy=\"1\" data-src-fg=\"https:\/\/www.photo-montier.org\/wp-content\/uploads\/cache\/exposants\/2018\/467_16_preservation\/1270039265.jpg\" src=\"data:image\/svg+xml,%3Csvg%20xmlns%3D%22http%3A%2F%2Fwww.w3.org%2F2000%2Fsvg%22%20width%3D%22200%22%20height%3D%22200%22%20viewBox%3D%220%200%20200%20200%22%3E%3C%2Fsvg%3E\" loading=\"eager\"><\/span><span class=\"fg-image-overlay\"><\/span><\/a><figcaption class=\"fg-caption\"><div class=\"fg-caption-inner\"><div class=\"fg-caption-desc\">Julien VASSEUR<\/div><\/div><\/figcaption><\/figure><div class=\"fg-loader\"><\/div><\/div><div class=\"fg-item fg-type-image fg-idle\"><figure class=\"fg-item-inner\"><a href=\"https:\/\/www.photo-montier.org\/wp-content\/uploads\/exposants\/2018\/134_img_9184-1024x683.jpg\" data-caption-desc=\"Jo\u00ebl BRUNET\" data-attachment-id=\"10818\" data-type=\"image\" class=\"fg-thumb\"><span class=\"fg-image-wrap\"><img decoding=\"async\" width=\"200\" height=\"200\" class=\"skip-lazy fg-image\" data-no-lazy=\"1\" data-src-fg=\"https:\/\/www.photo-montier.org\/wp-content\/uploads\/cache\/exposants\/2018\/134_img_9184\/109493472.jpg\" src=\"data:image\/svg+xml,%3Csvg%20xmlns%3D%22http%3A%2F%2Fwww.w3.org%2F2000%2Fsvg%22%20width%3D%22200%22%20height%3D%22200%22%20viewBox%3D%220%200%20200%20200%22%3E%3C%2Fsvg%3E\" loading=\"eager\"><\/span><span class=\"fg-image-overlay\"><\/span><\/a><figcaption class=\"fg-caption\"><div class=\"fg-caption-inner\"><div class=\"fg-caption-desc\">Jo\u00ebl BRUNET<\/div><\/div><\/figcaption><\/figure><div class=\"fg-loader\"><\/div><\/div><div class=\"fg-item fg-type-image fg-idle\"><figure class=\"fg-item-inner\"><a href=\"https:\/\/www.photo-montier.org\/wp-content\/uploads\/exposants\/2018\/492_coq-roche-1-jpg-1024x683.jpg\" data-caption-desc=\"David L\u00c9DAN\" data-attachment-id=\"10870\" data-type=\"image\" class=\"fg-thumb\"><span class=\"fg-image-wrap\"><img decoding=\"async\" width=\"200\" height=\"200\" class=\"skip-lazy fg-image\" data-no-lazy=\"1\" data-src-fg=\"https:\/\/www.photo-montier.org\/wp-content\/uploads\/cache\/exposants\/2018\/492_coq-roche-1-jpg\/1686254083.jpg\" src=\"data:image\/svg+xml,%3Csvg%20xmlns%3D%22http%3A%2F%2Fwww.w3.org%2F2000%2Fsvg%22%20width%3D%22200%22%20height%3D%22200%22%20viewBox%3D%220%200%20200%20200%22%3E%3C%2Fsvg%3E\" loading=\"eager\"><\/span><span class=\"fg-image-overlay\"><\/span><\/a><figcaption class=\"fg-caption\"><div class=\"fg-caption-inner\"><div class=\"fg-caption-desc\">David L\u00c9DAN<\/div><\/div><\/figcaption><\/figure><div class=\"fg-loader\"><\/div><\/div><div class=\"fg-item fg-type-image fg-idle\"><figure class=\"fg-item-inner\"><a href=\"https:\/\/www.photo-montier.org\/wp-content\/uploads\/2017\/12\/\u00a9-Philippe-LEGER-1-1024x678.jpg\" data-caption-desc=\"Philippe LEGER\" data-attachment-id=\"8874\" data-type=\"image\" class=\"fg-thumb\"><span class=\"fg-image-wrap\"><img decoding=\"async\" width=\"200\" height=\"200\" class=\"skip-lazy fg-image\" data-no-lazy=\"1\" data-src-fg=\"https:\/\/www.photo-montier.org\/wp-content\/uploads\/cache\/2017\/12\/\u00a9-Philippe-LEGER-1\/1857177421.jpg\" src=\"data:image\/svg+xml,%3Csvg%20xmlns%3D%22http%3A%2F%2Fwww.w3.org%2F2000%2Fsvg%22%20width%3D%22200%22%20height%3D%22200%22%20viewBox%3D%220%200%20200%20200%22%3E%3C%2Fsvg%3E\" loading=\"eager\"><\/span><span class=\"fg-image-overlay\"><\/span><\/a><figcaption class=\"fg-caption\"><div class=\"fg-caption-inner\"><div class=\"fg-caption-desc\">Philippe LEGER<\/div><\/div><\/figcaption><\/figure><div class=\"fg-loader\"><\/div><\/div><div class=\"fg-item fg-type-image fg-idle\"><figure class=\"fg-item-inner\"><a href=\"https:\/\/www.photo-montier.org\/wp-content\/uploads\/exposants\/2018\/514_montier-18-05-1024x520.jpg\" data-attachment-id=\"12014\" data-type=\"image\" class=\"fg-thumb\"><span class=\"fg-image-wrap\"><img decoding=\"async\" width=\"200\" height=\"200\" class=\"skip-lazy fg-image\" data-no-lazy=\"1\" data-src-fg=\"https:\/\/www.photo-montier.org\/wp-content\/uploads\/cache\/exposants\/2018\/514_montier-18-05\/1307334848.jpg\" src=\"data:image\/svg+xml,%3Csvg%20xmlns%3D%22http%3A%2F%2Fwww.w3.org%2F2000%2Fsvg%22%20width%3D%22200%22%20height%3D%22200%22%20viewBox%3D%220%200%20200%20200%22%3E%3C%2Fsvg%3E\" loading=\"eager\"><\/span><span class=\"fg-image-overlay\"><\/span><\/a><\/figure><div class=\"fg-loader\"><\/div><\/div><div class=\"fg-item fg-type-image fg-idle\"><figure class=\"fg-item-inner\"><a href=\"https:\/\/www.photo-montier.org\/wp-content\/uploads\/2018\/09\/Leopard-Okavango-0463-Modifier-Modifier-683x1024.jpg\" data-caption-desc=\"Franck MULLIEZ\" data-attachment-id=\"12777\" data-type=\"image\" class=\"fg-thumb\"><span class=\"fg-image-wrap\"><img decoding=\"async\" width=\"200\" height=\"200\" class=\"skip-lazy fg-image\" data-no-lazy=\"1\" data-src-fg=\"https:\/\/www.photo-montier.org\/wp-content\/uploads\/cache\/2018\/09\/Leopard-Okavango-0463-Modifier-Modifier\/4206694097.jpg\" src=\"data:image\/svg+xml,%3Csvg%20xmlns%3D%22http%3A%2F%2Fwww.w3.org%2F2000%2Fsvg%22%20width%3D%22200%22%20height%3D%22200%22%20viewBox%3D%220%200%20200%20200%22%3E%3C%2Fsvg%3E\" loading=\"eager\"><\/span><span class=\"fg-image-overlay\"><\/span><\/a><figcaption class=\"fg-caption\"><div class=\"fg-caption-inner\"><div class=\"fg-caption-desc\">Franck MULLIEZ<\/div><\/div><\/figcaption><\/figure><div class=\"fg-loader\"><\/div><\/div><div class=\"fg-item fg-type-image fg-idle\"><figure class=\"fg-item-inner\"><a href=\"https:\/\/www.photo-montier.org\/wp-content\/uploads\/exposants\/2018\/491_sham_1_43-1024x683.jpg\" data-caption-desc=\"Lionel PRADO\" data-attachment-id=\"10858\" data-type=\"image\" class=\"fg-thumb\"><span class=\"fg-image-wrap\"><img decoding=\"async\" width=\"200\" height=\"200\" class=\"skip-lazy fg-image\" data-no-lazy=\"1\" data-src-fg=\"https:\/\/www.photo-montier.org\/wp-content\/uploads\/cache\/exposants\/2018\/491_sham_1_43\/2287785697.jpg\" src=\"data:image\/svg+xml,%3Csvg%20xmlns%3D%22http%3A%2F%2Fwww.w3.org%2F2000%2Fsvg%22%20width%3D%22200%22%20height%3D%22200%22%20viewBox%3D%220%200%20200%20200%22%3E%3C%2Fsvg%3E\" loading=\"eager\"><\/span><span class=\"fg-image-overlay\"><\/span><\/a><figcaption class=\"fg-caption\"><div class=\"fg-caption-inner\"><div class=\"fg-caption-desc\">Lionel PRADO<\/div><\/div><\/figcaption><\/figure><div class=\"fg-loader\"><\/div><\/div><div class=\"fg-item fg-type-image fg-idle\"><figure class=\"fg-item-inner\"><a href=\"https:\/\/www.photo-montier.org\/wp-content\/uploads\/exposants\/2018\/495_montier-f4-1024x683.jpg\" data-caption-desc=\"Christian GUERDER\" data-attachment-id=\"10884\" data-type=\"image\" class=\"fg-thumb\"><span class=\"fg-image-wrap\"><img decoding=\"async\" width=\"200\" height=\"200\" class=\"skip-lazy fg-image\" data-no-lazy=\"1\" data-src-fg=\"https:\/\/www.photo-montier.org\/wp-content\/uploads\/cache\/exposants\/2018\/495_montier-f4\/1879615457.jpg\" src=\"data:image\/svg+xml,%3Csvg%20xmlns%3D%22http%3A%2F%2Fwww.w3.org%2F2000%2Fsvg%22%20width%3D%22200%22%20height%3D%22200%22%20viewBox%3D%220%200%20200%20200%22%3E%3C%2Fsvg%3E\" loading=\"eager\"><\/span><span class=\"fg-image-overlay\"><\/span><\/a><figcaption class=\"fg-caption\"><div class=\"fg-caption-inner\"><div class=\"fg-caption-desc\">Christian GUERDER<\/div><\/div><\/figcaption><\/figure><div class=\"fg-loader\"><\/div><\/div><div class=\"fg-item fg-type-image fg-idle\"><figure class=\"fg-item-inner\"><a href=\"https:\/\/www.photo-montier.org\/wp-content\/uploads\/exposants\/2018\/515_expo_01_3000px-683x1024.jpg\" data-caption-desc=\"Patrick KIENTZ\" data-attachment-id=\"12179\" data-type=\"image\" class=\"fg-thumb\"><span class=\"fg-image-wrap\"><img decoding=\"async\" width=\"200\" height=\"200\" class=\"skip-lazy fg-image\" data-no-lazy=\"1\" data-src-fg=\"https:\/\/www.photo-montier.org\/wp-content\/uploads\/cache\/exposants\/2018\/515_expo_01_3000px\/442901495.jpg\" src=\"data:image\/svg+xml,%3Csvg%20xmlns%3D%22http%3A%2F%2Fwww.w3.org%2F2000%2Fsvg%22%20width%3D%22200%22%20height%3D%22200%22%20viewBox%3D%220%200%20200%20200%22%3E%3C%2Fsvg%3E\" loading=\"eager\"><\/span><span class=\"fg-image-overlay\"><\/span><\/a><figcaption class=\"fg-caption\"><div class=\"fg-caption-inner\"><div class=\"fg-caption-desc\">Patrick KIENTZ<\/div><\/div><\/figcaption><\/figure><div class=\"fg-loader\"><\/div><\/div><div class=\"fg-item fg-type-image fg-idle\"><figure class=\"fg-item-inner\"><a href=\"https:\/\/www.photo-montier.org\/wp-content\/uploads\/2018\/09\/PK-0270F-1024x683.jpg\" data-caption-desc=\"Pascal KOBEH\" data-attachment-id=\"12697\" data-type=\"image\" class=\"fg-thumb\"><span class=\"fg-image-wrap\"><img decoding=\"async\" width=\"200\" height=\"200\" class=\"skip-lazy fg-image\" data-no-lazy=\"1\" data-src-fg=\"https:\/\/www.photo-montier.org\/wp-content\/uploads\/cache\/2018\/09\/PK-0270F-scaled\/537011238.jpg\" src=\"data:image\/svg+xml,%3Csvg%20xmlns%3D%22http%3A%2F%2Fwww.w3.org%2F2000%2Fsvg%22%20width%3D%22200%22%20height%3D%22200%22%20viewBox%3D%220%200%20200%20200%22%3E%3C%2Fsvg%3E\" loading=\"eager\"><\/span><span class=\"fg-image-overlay\"><\/span><\/a><figcaption class=\"fg-caption\"><div class=\"fg-caption-inner\"><div class=\"fg-caption-desc\">Pascal KOBEH<\/div><\/div><\/figcaption><\/figure><div class=\"fg-loader\"><\/div><\/div><div class=\"fg-item fg-type-image fg-idle\"><figure class=\"fg-item-inner\"><a href=\"https:\/\/www.photo-montier.org\/wp-content\/uploads\/2018\/03\/Festival2017-226.jpg\" data-caption-desc=\"Sylvain JOLIBOIS\" data-attachment-id=\"9265\" data-type=\"image\" class=\"fg-thumb\"><span class=\"fg-image-wrap\"><img decoding=\"async\" width=\"200\" height=\"200\" class=\"skip-lazy fg-image\" data-no-lazy=\"1\" data-src-fg=\"https:\/\/www.photo-montier.org\/wp-content\/uploads\/cache\/2018\/03\/Festival2017-226\/2601840337.jpg\" src=\"data:image\/svg+xml,%3Csvg%20xmlns%3D%22http%3A%2F%2Fwww.w3.org%2F2000%2Fsvg%22%20width%3D%22200%22%20height%3D%22200%22%20viewBox%3D%220%200%20200%20200%22%3E%3C%2Fsvg%3E\" loading=\"eager\"><\/span><span class=\"fg-image-overlay\"><\/span><\/a><figcaption class=\"fg-caption\"><div class=\"fg-caption-inner\"><div class=\"fg-caption-desc\">Sylvain JOLIBOIS<\/div><\/div><\/figcaption><\/figure><div class=\"fg-loader\"><\/div><\/div><div class=\"fg-item fg-type-image fg-idle\"><figure class=\"fg-item-inner\"><a href=\"https:\/\/www.photo-montier.org\/wp-content\/uploads\/2017\/12\/\u00a9-J\u00e9r\u00f4me-ALBERT-237-1024x683.jpg\" data-caption-desc=\"J\u00e9r\u00f4me ALBERT\" data-attachment-id=\"8835\" data-type=\"image\" class=\"fg-thumb\"><span class=\"fg-image-wrap\"><img decoding=\"async\" width=\"200\" height=\"200\" class=\"skip-lazy fg-image\" data-no-lazy=\"1\" data-src-fg=\"https:\/\/www.photo-montier.org\/wp-content\/uploads\/cache\/2017\/12\/\u00a9-J\u00e9r\u00f4me-ALBERT-237\/397767828.jpg\" src=\"data:image\/svg+xml,%3Csvg%20xmlns%3D%22http%3A%2F%2Fwww.w3.org%2F2000%2Fsvg%22%20width%3D%22200%22%20height%3D%22200%22%20viewBox%3D%220%200%20200%20200%22%3E%3C%2Fsvg%3E\" loading=\"eager\"><\/span><span class=\"fg-image-overlay\"><\/span><\/a><figcaption class=\"fg-caption\"><div class=\"fg-caption-inner\"><div class=\"fg-caption-desc\">J\u00e9r\u00f4me ALBERT<\/div><\/div><\/figcaption><\/figure><div class=\"fg-loader\"><\/div><\/div><div class=\"fg-item fg-type-image fg-idle\"><figure class=\"fg-item-inner\"><a href=\"https:\/\/www.photo-montier.org\/wp-content\/uploads\/exposants\/2018\/506__vmt62813000-1024x681.jpg\" data-caption-desc=\"Xavier DESMIER\" data-attachment-id=\"11297\" data-type=\"image\" class=\"fg-thumb\"><span class=\"fg-image-wrap\"><img decoding=\"async\" width=\"200\" height=\"200\" class=\"skip-lazy fg-image\" data-no-lazy=\"1\" data-src-fg=\"https:\/\/www.photo-montier.org\/wp-content\/uploads\/cache\/exposants\/2018\/506__vmt62813000\/3201756786.jpg\" src=\"data:image\/svg+xml,%3Csvg%20xmlns%3D%22http%3A%2F%2Fwww.w3.org%2F2000%2Fsvg%22%20width%3D%22200%22%20height%3D%22200%22%20viewBox%3D%220%200%20200%20200%22%3E%3C%2Fsvg%3E\" loading=\"eager\"><\/span><span class=\"fg-image-overlay\"><\/span><\/a><figcaption class=\"fg-caption\"><div class=\"fg-caption-inner\"><div class=\"fg-caption-desc\">Xavier DESMIER<\/div><\/div><\/figcaption><\/figure><div class=\"fg-loader\"><\/div><\/div><div class=\"fg-item fg-type-image fg-idle\"><figure class=\"fg-item-inner\"><a href=\"https:\/\/www.photo-montier.org\/wp-content\/uploads\/exposants\/2018\/485_florine-menetrey-coqueli-flares-1024x683.jpg\" data-caption-desc=\"Florine MENETREY\" data-attachment-id=\"10919\" data-type=\"image\" class=\"fg-thumb\"><span class=\"fg-image-wrap\"><img decoding=\"async\" width=\"200\" height=\"200\" class=\"skip-lazy fg-image\" data-no-lazy=\"1\" data-src-fg=\"https:\/\/www.photo-montier.org\/wp-content\/uploads\/cache\/exposants\/2018\/485_florine-menetrey-coqueli-flares\/1043707432.jpg\" src=\"data:image\/svg+xml,%3Csvg%20xmlns%3D%22http%3A%2F%2Fwww.w3.org%2F2000%2Fsvg%22%20width%3D%22200%22%20height%3D%22200%22%20viewBox%3D%220%200%20200%20200%22%3E%3C%2Fsvg%3E\" loading=\"eager\"><\/span><span class=\"fg-image-overlay\"><\/span><\/a><figcaption class=\"fg-caption\"><div class=\"fg-caption-inner\"><div class=\"fg-caption-desc\">Florine MENETREY<\/div><\/div><\/figcaption><\/figure><div class=\"fg-loader\"><\/div><\/div><div class=\"fg-item fg-type-image fg-idle\"><figure class=\"fg-item-inner\"><a href=\"https:\/\/www.photo-montier.org\/wp-content\/uploads\/2018\/10\/D4-martin-p\u00eacheur001-copie-1024x628.jpg\" data-caption-desc=\"Alan JOHNSTON\" data-attachment-id=\"13058\" data-type=\"image\" class=\"fg-thumb\"><span class=\"fg-image-wrap\"><img decoding=\"async\" width=\"200\" height=\"200\" class=\"skip-lazy fg-image\" data-no-lazy=\"1\" data-src-fg=\"https:\/\/www.photo-montier.org\/wp-content\/uploads\/cache\/2018\/10\/D4-martin-p\u00eacheur001-copie-scaled\/675720139.jpg\" src=\"data:image\/svg+xml,%3Csvg%20xmlns%3D%22http%3A%2F%2Fwww.w3.org%2F2000%2Fsvg%22%20width%3D%22200%22%20height%3D%22200%22%20viewBox%3D%220%200%20200%20200%22%3E%3C%2Fsvg%3E\" loading=\"eager\"><\/span><span class=\"fg-image-overlay\"><\/span><\/a><figcaption class=\"fg-caption\"><div class=\"fg-caption-inner\"><div class=\"fg-caption-desc\">Alan JOHNSTON<\/div><\/div><\/figcaption><\/figure><div class=\"fg-loader\"><\/div><\/div><div class=\"fg-item fg-type-image fg-idle\"><figure class=\"fg-item-inner\"><a href=\"https:\/\/www.photo-montier.org\/wp-content\/uploads\/2018\/07\/3848_autres-animaux-sauvages-de-pleine-nature_1-1024x683.jpg\" data-caption-desc=\"Bastien RIU\" data-attachment-id=\"11869\" data-type=\"image\" class=\"fg-thumb\"><span class=\"fg-image-wrap\"><img decoding=\"async\" width=\"200\" height=\"200\" class=\"skip-lazy fg-image\" data-no-lazy=\"1\" data-src-fg=\"https:\/\/www.photo-montier.org\/wp-content\/uploads\/cache\/2018\/07\/3848_autres-animaux-sauvages-de-pleine-nature_1\/950629183.jpg\" src=\"data:image\/svg+xml,%3Csvg%20xmlns%3D%22http%3A%2F%2Fwww.w3.org%2F2000%2Fsvg%22%20width%3D%22200%22%20height%3D%22200%22%20viewBox%3D%220%200%20200%20200%22%3E%3C%2Fsvg%3E\" loading=\"eager\"><\/span><span class=\"fg-image-overlay\"><\/span><\/a><figcaption class=\"fg-caption\"><div class=\"fg-caption-inner\"><div class=\"fg-caption-desc\">Bastien RIU<\/div><\/div><\/figcaption><\/figure><div class=\"fg-loader\"><\/div><\/div><div class=\"fg-item fg-type-image fg-idle\"><figure class=\"fg-item-inner\"><a href=\"https:\/\/www.photo-montier.org\/wp-content\/uploads\/2018\/06\/2018060101-06-2018-8-1024x682.jpg\" data-caption-desc=\"Patrick BROUILLARD\" data-attachment-id=\"10665\" data-type=\"image\" class=\"fg-thumb\"><span class=\"fg-image-wrap\"><img decoding=\"async\" width=\"200\" height=\"200\" class=\"skip-lazy fg-image\" data-no-lazy=\"1\" data-src-fg=\"https:\/\/www.photo-montier.org\/wp-content\/uploads\/cache\/2018\/06\/2018060101-06-2018-8\/3464967927.jpg\" src=\"data:image\/svg+xml,%3Csvg%20xmlns%3D%22http%3A%2F%2Fwww.w3.org%2F2000%2Fsvg%22%20width%3D%22200%22%20height%3D%22200%22%20viewBox%3D%220%200%20200%20200%22%3E%3C%2Fsvg%3E\" loading=\"eager\"><\/span><span class=\"fg-image-overlay\"><\/span><\/a><figcaption class=\"fg-caption\"><div class=\"fg-caption-inner\"><div class=\"fg-caption-desc\">Patrick BROUILLARD<\/div><\/div><\/figcaption><\/figure><div class=\"fg-loader\"><\/div><\/div><div class=\"fg-item fg-type-image fg-idle\"><figure class=\"fg-item-inner\"><a href=\"https:\/\/www.photo-montier.org\/wp-content\/uploads\/2017\/10\/07_FDA2527-1024x682.jpg\" data-caption-title=\"Papouasie-Nouvelle-Guin\u00e9e, province de Hela, r\u00e9gion de Ambua, tribu des Hulis, rituel d&#039;initiation \u00e0 l&#039;\u00e9cole de la for\u00eat\" data-caption-desc=\"Marc DOZIER\" data-attachment-id=\"8388\" data-type=\"image\" class=\"fg-thumb\"><span class=\"fg-image-wrap\"><img decoding=\"async\" title=\"Papouasie-Nouvelle-Guin\u00e9e, province de Hela, r\u00e9gion de Ambua, tribu des Hulis, rituel d&#039;initiation \u00e0 l&#039;\u00e9cole de la for\u00eat\" width=\"200\" height=\"200\" class=\"skip-lazy fg-image\" data-no-lazy=\"1\" data-src-fg=\"https:\/\/www.photo-montier.org\/wp-content\/uploads\/cache\/2017\/10\/07_FDA2527\/548479791.jpg\" src=\"data:image\/svg+xml,%3Csvg%20xmlns%3D%22http%3A%2F%2Fwww.w3.org%2F2000%2Fsvg%22%20width%3D%22200%22%20height%3D%22200%22%20viewBox%3D%220%200%20200%20200%22%3E%3C%2Fsvg%3E\" loading=\"eager\"><\/span><span class=\"fg-image-overlay\"><\/span><\/a><figcaption class=\"fg-caption\"><div class=\"fg-caption-inner\"><div class=\"fg-caption-title\">Papouasie-Nouvelle-Guin\u00e9e, province de Hela, r\u00e9gion de Ambua, tribu des Hulis, rituel d'initiation \u00e0 l'\u00e9cole de la for\u00eat<\/div><div class=\"fg-caption-desc\">Marc DOZIER<\/div><\/div><\/figcaption><\/figure><div class=\"fg-loader\"><\/div><\/div><div class=\"fg-item fg-type-image fg-idle\"><figure class=\"fg-item-inner\"><a href=\"https:\/\/www.photo-montier.org\/wp-content\/uploads\/2016\/06\/05_FDA3882-682x1024.jpg\" data-caption-title=\"Papouasie-Nouvelle-Guin\u00e9e, province de Hela, r\u00e9gion de Ambua, tribu des Hulis, Mundiya Kepanga entour\u00e9 de deux hommes de sa communaut\u00e9\" data-caption-desc=\"Marc DOZIER\" data-attachment-id=\"8101\" data-type=\"image\" class=\"fg-thumb\"><span class=\"fg-image-wrap\"><img decoding=\"async\" title=\"Papouasie-Nouvelle-Guin\u00e9e, province de Hela, r\u00e9gion de Ambua, tribu des Hulis, Mundiya Kepanga entour\u00e9 de deux hommes de sa communaut\u00e9\" width=\"200\" height=\"200\" class=\"skip-lazy fg-image\" data-no-lazy=\"1\" data-src-fg=\"https:\/\/www.photo-montier.org\/wp-content\/uploads\/cache\/2016\/06\/05_FDA3882-scaled\/2518418471.jpg\" src=\"data:image\/svg+xml,%3Csvg%20xmlns%3D%22http%3A%2F%2Fwww.w3.org%2F2000%2Fsvg%22%20width%3D%22200%22%20height%3D%22200%22%20viewBox%3D%220%200%20200%20200%22%3E%3C%2Fsvg%3E\" loading=\"eager\"><\/span><span class=\"fg-image-overlay\"><\/span><\/a><figcaption class=\"fg-caption\"><div class=\"fg-caption-inner\"><div class=\"fg-caption-title\">Papouasie-Nouvelle-Guin\u00e9e, province de Hela, r\u00e9gion de Ambua, tribu des Hulis, Mundiya Kepanga entour\u00e9 de deux hommes de sa communaut\u00e9<\/div><div class=\"fg-caption-desc\">Marc DOZIER<\/div><\/div><\/figcaption><\/figure><div class=\"fg-loader\"><\/div><\/div><div class=\"fg-item fg-type-image fg-idle\"><figure class=\"fg-item-inner\"><a href=\"https:\/\/www.photo-montier.org\/wp-content\/uploads\/2017\/11\/2578_graphisme-forme-et-matiere-de-la-nature_3-190x300.jpg\" data-caption-desc=\"Jose PESQUERO\" data-attachment-id=\"8538\" data-type=\"image\" class=\"fg-thumb\"><span class=\"fg-image-wrap\"><img decoding=\"async\" width=\"200\" height=\"200\" class=\"skip-lazy fg-image\" data-no-lazy=\"1\" data-src-fg=\"https:\/\/www.photo-montier.org\/wp-content\/uploads\/cache\/2017\/11\/2578_graphisme-forme-et-matiere-de-la-nature_3-190x300\/2301922435.jpg\" src=\"data:image\/svg+xml,%3Csvg%20xmlns%3D%22http%3A%2F%2Fwww.w3.org%2F2000%2Fsvg%22%20width%3D%22200%22%20height%3D%22200%22%20viewBox%3D%220%200%20200%20200%22%3E%3C%2Fsvg%3E\" loading=\"eager\"><\/span><span class=\"fg-image-overlay\"><\/span><\/a><figcaption class=\"fg-caption\"><div class=\"fg-caption-inner\"><div class=\"fg-caption-desc\">Jose PESQUERO<\/div><\/div><\/figcaption><\/figure><div class=\"fg-loader\"><\/div><\/div><div class=\"fg-item fg-type-image fg-idle\"><figure class=\"fg-item-inner\"><a href=\"https:\/\/www.photo-montier.org\/wp-content\/uploads\/2018\/03\/Maitre-chien-88.jpg\" data-caption-desc=\"Sylvain JOLIBOIS\" data-attachment-id=\"9557\" data-type=\"image\" class=\"fg-thumb\"><span class=\"fg-image-wrap\"><img decoding=\"async\" width=\"200\" height=\"200\" class=\"skip-lazy fg-image\" data-no-lazy=\"1\" data-src-fg=\"https:\/\/www.photo-montier.org\/wp-content\/uploads\/cache\/2018\/03\/Maitre-chien-88\/388511584.jpg\" src=\"data:image\/svg+xml,%3Csvg%20xmlns%3D%22http%3A%2F%2Fwww.w3.org%2F2000%2Fsvg%22%20width%3D%22200%22%20height%3D%22200%22%20viewBox%3D%220%200%20200%20200%22%3E%3C%2Fsvg%3E\" loading=\"eager\"><\/span><span class=\"fg-image-overlay\"><\/span><\/a><figcaption class=\"fg-caption\"><div class=\"fg-caption-inner\"><div class=\"fg-caption-desc\">Sylvain JOLIBOIS<\/div><\/div><\/figcaption><\/figure><div class=\"fg-loader\"><\/div><\/div><div class=\"fg-item fg-type-image fg-idle\"><figure class=\"fg-item-inner\"><a href=\"https:\/\/www.photo-montier.org\/wp-content\/uploads\/2018\/07\/PB219812-e1531233893476-1024x639.jpg\" data-caption-desc=\"Devant de gauche \u00e0 droite : Lucas MELCARNE (Photographe &amp;amp; Naturaliste - Membre du Jury)  Thierry VEZON (Photographe - Membre du Jury) Alexis ROSENFELD (Photographe - Pr\u00e9sident du Jury)  Gilles BOEUF (Biologiste - Membre du Jury) Jean-Philippe ANGLAGE (Directeur scientifique BIOSPHOTO - Membre du Jury)\nDerri\u00e8re de gauche \u00e0 droite : Anthony LEMAIRE (Club photo L\u00e9o Lagrange - Comit\u00e9 technique) Maud POTIER ( Charg\u00e9e de programmation du Festival - Comit\u00e9 technique)\nSt\u00e9phane DENIZOT (Club photo L\u00e9o Lagrange - Comit\u00e9 technique) Pascal BOURGUIGNON (D\u00e9clic Editions - Comit\u00e9 technique)\" data-attachment-id=\"11663\" data-type=\"image\" class=\"fg-thumb\"><span class=\"fg-image-wrap\"><img decoding=\"async\" width=\"200\" height=\"200\" class=\"skip-lazy fg-image\" data-no-lazy=\"1\" data-src-fg=\"https:\/\/www.photo-montier.org\/wp-content\/uploads\/cache\/2018\/07\/PB219812-e1531233893476\/1768103399.jpg\" src=\"data:image\/svg+xml,%3Csvg%20xmlns%3D%22http%3A%2F%2Fwww.w3.org%2F2000%2Fsvg%22%20width%3D%22200%22%20height%3D%22200%22%20viewBox%3D%220%200%20200%20200%22%3E%3C%2Fsvg%3E\" loading=\"eager\"><\/span><span class=\"fg-image-overlay\"><\/span><\/a><figcaption class=\"fg-caption\"><div class=\"fg-caption-inner\"><div class=\"fg-caption-desc\">Devant de gauche \u00e0 droite : Lucas MELCARNE (Photographe &amp; Naturaliste - Membre du Jury)  Thierry VEZON (Photographe - Membre du Jury) Alexis ROSENFELD (Photographe - Pr\u00e9sident du Jury)  Gilles BOEUF (Biologiste - Membre du Jury) Jean-Philippe ANGLAGE (Directeur scientifique BIOSPHOTO - Membre du Jury)\nDerri\u00e8re de gauche \u00e0 droite : Anthony LEMAIRE (Club photo L\u00e9o Lagrange - Comit\u00e9 technique) Maud POTIER ( Charg\u00e9e de programmation du Festival - Comit\u00e9 technique)\nSt\u00e9phane DENIZOT (Club photo L\u00e9o Lagrange - Comit\u00e9 technique) Pascal BOURGUIGNON (D\u00e9clic Editions - Comit\u00e9 technique)<\/div><\/div><\/figcaption><\/figure><div class=\"fg-loader\"><\/div><\/div><div class=\"fg-item fg-type-image fg-idle\"><figure class=\"fg-item-inner\"><a href=\"https:\/\/www.photo-montier.org\/wp-content\/uploads\/2018\/10\/\u00a9-Sylvain-JOLIBOIS-27-copyright-1024x683.jpg\" data-caption-desc=\"Sylvain JOLIBOIS\" data-attachment-id=\"13188\" data-type=\"image\" class=\"fg-thumb\"><span class=\"fg-image-wrap\"><img decoding=\"async\" width=\"200\" height=\"200\" class=\"skip-lazy fg-image\" data-no-lazy=\"1\" data-src-fg=\"https:\/\/www.photo-montier.org\/wp-content\/uploads\/cache\/2018\/10\/\u00a9-Sylvain-JOLIBOIS-27-copyright\/3134717821.jpg\" src=\"data:image\/svg+xml,%3Csvg%20xmlns%3D%22http%3A%2F%2Fwww.w3.org%2F2000%2Fsvg%22%20width%3D%22200%22%20height%3D%22200%22%20viewBox%3D%220%200%20200%20200%22%3E%3C%2Fsvg%3E\" loading=\"eager\"><\/span><span class=\"fg-image-overlay\"><\/span><\/a><figcaption class=\"fg-caption\"><div class=\"fg-caption-inner\"><div class=\"fg-caption-desc\">Sylvain JOLIBOIS<\/div><\/div><\/figcaption><\/figure><div class=\"fg-loader\"><\/div><\/div><div class=\"fg-item fg-type-image fg-idle\"><figure class=\"fg-item-inner\"><a href=\"https:\/\/www.photo-montier.org\/wp-content\/uploads\/2018\/03\/Festival2017-610.jpg\" data-caption-desc=\"Sylvain JOLIBOIS\" data-attachment-id=\"9391\" data-type=\"image\" class=\"fg-thumb\"><span class=\"fg-image-wrap\"><img decoding=\"async\" width=\"200\" height=\"200\" class=\"skip-lazy fg-image\" data-no-lazy=\"1\" data-src-fg=\"https:\/\/www.photo-montier.org\/wp-content\/uploads\/cache\/2018\/03\/Festival2017-610\/4128123860.jpg\" src=\"data:image\/svg+xml,%3Csvg%20xmlns%3D%22http%3A%2F%2Fwww.w3.org%2F2000%2Fsvg%22%20width%3D%22200%22%20height%3D%22200%22%20viewBox%3D%220%200%20200%20200%22%3E%3C%2Fsvg%3E\" loading=\"eager\"><\/span><span class=\"fg-image-overlay\"><\/span><\/a><figcaption class=\"fg-caption\"><div class=\"fg-caption-inner\"><div class=\"fg-caption-desc\">Sylvain JOLIBOIS<\/div><\/div><\/figcaption><\/figure><div class=\"fg-loader\"><\/div><\/div><div class=\"fg-item fg-type-image fg-idle\"><figure class=\"fg-item-inner\"><a href=\"https:\/\/www.photo-montier.org\/wp-content\/uploads\/2018\/03\/Festival2017-599.jpg\" data-caption-desc=\"Sylvain JOLIBOIS\" data-attachment-id=\"9388\" data-type=\"image\" class=\"fg-thumb\"><span class=\"fg-image-wrap\"><img decoding=\"async\" width=\"200\" height=\"200\" class=\"skip-lazy fg-image\" data-no-lazy=\"1\" data-src-fg=\"https:\/\/www.photo-montier.org\/wp-content\/uploads\/cache\/2018\/03\/Festival2017-599\/3993383229.jpg\" src=\"data:image\/svg+xml,%3Csvg%20xmlns%3D%22http%3A%2F%2Fwww.w3.org%2F2000%2Fsvg%22%20width%3D%22200%22%20height%3D%22200%22%20viewBox%3D%220%200%20200%20200%22%3E%3C%2Fsvg%3E\" loading=\"eager\"><\/span><span class=\"fg-image-overlay\"><\/span><\/a><figcaption class=\"fg-caption\"><div class=\"fg-caption-inner\"><div class=\"fg-caption-desc\">Sylvain JOLIBOIS<\/div><\/div><\/figcaption><\/figure><div class=\"fg-loader\"><\/div><\/div><div class=\"fg-item fg-type-image fg-idle\"><figure class=\"fg-item-inner\"><a href=\"https:\/\/www.photo-montier.org\/wp-content\/uploads\/2018\/03\/Festival2017-380.jpg\" data-caption-desc=\"Sylvain JOLIBOIS\" data-attachment-id=\"9316\" data-type=\"image\" class=\"fg-thumb\"><span class=\"fg-image-wrap\"><img decoding=\"async\" width=\"200\" height=\"200\" class=\"skip-lazy fg-image\" data-no-lazy=\"1\" data-src-fg=\"https:\/\/www.photo-montier.org\/wp-content\/uploads\/cache\/2018\/03\/Festival2017-380\/2557326055.jpg\" src=\"data:image\/svg+xml,%3Csvg%20xmlns%3D%22http%3A%2F%2Fwww.w3.org%2F2000%2Fsvg%22%20width%3D%22200%22%20height%3D%22200%22%20viewBox%3D%220%200%20200%20200%22%3E%3C%2Fsvg%3E\" loading=\"eager\"><\/span><span class=\"fg-image-overlay\"><\/span><\/a><figcaption class=\"fg-caption\"><div class=\"fg-caption-inner\"><div class=\"fg-caption-desc\">Sylvain JOLIBOIS<\/div><\/div><\/figcaption><\/figure><div class=\"fg-loader\"><\/div><\/div><div class=\"fg-item fg-type-image fg-idle\"><figure class=\"fg-item-inner\"><a href=\"https:\/\/www.photo-montier.org\/wp-content\/uploads\/2018\/03\/Festival2017-389.jpg\" data-caption-desc=\"Sylvain JOLIBOIS\" data-attachment-id=\"9321\" data-type=\"image\" class=\"fg-thumb\"><span class=\"fg-image-wrap\"><img decoding=\"async\" width=\"200\" height=\"200\" class=\"skip-lazy fg-image\" data-no-lazy=\"1\" data-src-fg=\"https:\/\/www.photo-montier.org\/wp-content\/uploads\/cache\/2018\/03\/Festival2017-389\/2078744617.jpg\" src=\"data:image\/svg+xml,%3Csvg%20xmlns%3D%22http%3A%2F%2Fwww.w3.org%2F2000%2Fsvg%22%20width%3D%22200%22%20height%3D%22200%22%20viewBox%3D%220%200%20200%20200%22%3E%3C%2Fsvg%3E\" loading=\"eager\"><\/span><span class=\"fg-image-overlay\"><\/span><\/a><figcaption class=\"fg-caption\"><div class=\"fg-caption-inner\"><div class=\"fg-caption-desc\">Sylvain JOLIBOIS<\/div><\/div><\/figcaption><\/figure><div class=\"fg-loader\"><\/div><\/div><div class=\"fg-item fg-type-image fg-idle\"><figure class=\"fg-item-inner\"><a href=\"https:\/\/www.photo-montier.org\/wp-content\/uploads\/2018\/03\/Festival2017-168.jpg\" data-caption-desc=\"Sylvain JOLIBOIS\" data-attachment-id=\"9236\" data-type=\"image\" class=\"fg-thumb\"><span class=\"fg-image-wrap\"><img decoding=\"async\" width=\"200\" height=\"200\" class=\"skip-lazy fg-image\" data-no-lazy=\"1\" data-src-fg=\"https:\/\/www.photo-montier.org\/wp-content\/uploads\/cache\/2018\/03\/Festival2017-168\/2697661788.jpg\" src=\"data:image\/svg+xml,%3Csvg%20xmlns%3D%22http%3A%2F%2Fwww.w3.org%2F2000%2Fsvg%22%20width%3D%22200%22%20height%3D%22200%22%20viewBox%3D%220%200%20200%20200%22%3E%3C%2Fsvg%3E\" loading=\"eager\"><\/span><span class=\"fg-image-overlay\"><\/span><\/a><figcaption class=\"fg-caption\"><div class=\"fg-caption-inner\"><div class=\"fg-caption-desc\">Sylvain JOLIBOIS<\/div><\/div><\/figcaption><\/figure><div class=\"fg-loader\"><\/div><\/div><div class=\"fg-item fg-type-image fg-idle\"><figure class=\"fg-item-inner\"><a href=\"https:\/\/www.photo-montier.org\/wp-content\/uploads\/2016\/08\/photo-jury-2017-p-bouguignon-500x333.jpg\" data-caption-desc=\"Pascal BOURGUIGNON\" data-attachment-id=\"6723\" data-type=\"image\" class=\"fg-thumb\"><span class=\"fg-image-wrap\"><img decoding=\"async\" width=\"200\" height=\"200\" class=\"skip-lazy fg-image\" data-no-lazy=\"1\" data-src-fg=\"https:\/\/www.photo-montier.org\/wp-content\/uploads\/cache\/2016\/08\/photo-jury-2017-p-bouguignon-500x333\/2346917273.jpg\" src=\"data:image\/svg+xml,%3Csvg%20xmlns%3D%22http%3A%2F%2Fwww.w3.org%2F2000%2Fsvg%22%20width%3D%22200%22%20height%3D%22200%22%20viewBox%3D%220%200%20200%20200%22%3E%3C%2Fsvg%3E\" loading=\"eager\"><\/span><span class=\"fg-image-overlay\"><\/span><\/a><figcaption class=\"fg-caption\"><div class=\"fg-caption-inner\"><div class=\"fg-caption-desc\">Pascal BOURGUIGNON<\/div><\/div><\/figcaption><\/figure><div class=\"fg-loader\"><\/div><\/div><div class=\"fg-item fg-type-image fg-idle\"><figure class=\"fg-item-inner\"><a href=\"https:\/\/www.photo-montier.org\/wp-content\/uploads\/exposants\/2017\/232_stone-mutagen-05l-1024x585.jpg\" data-caption-desc=\"Marc BOULAY\" data-attachment-id=\"6187\" data-type=\"image\" class=\"fg-thumb\"><span class=\"fg-image-wrap\"><img decoding=\"async\" width=\"200\" height=\"200\" class=\"skip-lazy fg-image\" data-no-lazy=\"1\" data-src-fg=\"https:\/\/www.photo-montier.org\/wp-content\/uploads\/cache\/exposants\/2017\/232_stone-mutagen-05l\/3325185875.jpg\" src=\"data:image\/svg+xml,%3Csvg%20xmlns%3D%22http%3A%2F%2Fwww.w3.org%2F2000%2Fsvg%22%20width%3D%22200%22%20height%3D%22200%22%20viewBox%3D%220%200%20200%20200%22%3E%3C%2Fsvg%3E\" loading=\"eager\"><\/span><span class=\"fg-image-overlay\"><\/span><\/a><figcaption class=\"fg-caption\"><div class=\"fg-caption-inner\"><div class=\"fg-caption-desc\">Marc BOULAY<\/div><\/div><\/figcaption><\/figure><div class=\"fg-loader\"><\/div><\/div><div class=\"fg-item fg-type-image fg-idle\"><figure class=\"fg-item-inner\"><a href=\"https:\/\/www.photo-montier.org\/wp-content\/uploads\/2016\/09\/1086_images-de-nature-revisitee_2-1024x682.jpg\" data-caption-desc=\"St\u00e9phane HETTE\" data-attachment-id=\"2076\" data-type=\"image\" class=\"fg-thumb\"><span class=\"fg-image-wrap\"><img decoding=\"async\" width=\"200\" height=\"200\" class=\"skip-lazy fg-image\" data-no-lazy=\"1\" data-src-fg=\"https:\/\/www.photo-montier.org\/wp-content\/uploads\/cache\/2016\/09\/1086_images-de-nature-revisitee_2\/2510734468.jpg\" src=\"data:image\/svg+xml,%3Csvg%20xmlns%3D%22http%3A%2F%2Fwww.w3.org%2F2000%2Fsvg%22%20width%3D%22200%22%20height%3D%22200%22%20viewBox%3D%220%200%20200%20200%22%3E%3C%2Fsvg%3E\" loading=\"eager\"><\/span><span class=\"fg-image-overlay\"><\/span><\/a><figcaption class=\"fg-caption\"><div class=\"fg-caption-inner\"><div class=\"fg-caption-desc\">St\u00e9phane HETTE<\/div><\/div><\/figcaption><\/figure><div class=\"fg-loader\"><\/div><\/div><div class=\"fg-item fg-type-image fg-idle\"><figure class=\"fg-item-inner\"><a href=\"https:\/\/www.photo-montier.org\/wp-content\/uploads\/2020\/09\/IMG_20200928_182531-scaled-1024x578.jpg\" data-caption-desc=\"AFPAN\" data-attachment-id=\"35998\" data-type=\"image\" class=\"fg-thumb\"><span class=\"fg-image-wrap\"><img decoding=\"async\" width=\"200\" height=\"200\" class=\"skip-lazy fg-image\" data-no-lazy=\"1\" data-src-fg=\"https:\/\/www.photo-montier.org\/wp-content\/uploads\/cache\/2020\/09\/IMG_20200928_182531-scaled\/2720150571.jpg\" src=\"data:image\/svg+xml,%3Csvg%20xmlns%3D%22http%3A%2F%2Fwww.w3.org%2F2000%2Fsvg%22%20width%3D%22200%22%20height%3D%22200%22%20viewBox%3D%220%200%20200%20200%22%3E%3C%2Fsvg%3E\" loading=\"eager\"><\/span><span class=\"fg-image-overlay\"><\/span><\/a><figcaption class=\"fg-caption\"><div class=\"fg-caption-inner\"><div class=\"fg-caption-desc\">AFPAN<\/div><\/div><\/figcaption><\/figure><div class=\"fg-loader\"><\/div><\/div><div class=\"fg-item fg-type-image fg-idle\"><figure class=\"fg-item-inner\"><a href=\"https:\/\/www.photo-montier.org\/wp-content\/uploads\/2017\/11\/Festival-Montier-2013-238-1024x681.jpg\" data-caption-desc=\"Mathieu RICARD\" data-attachment-id=\"8438\" data-type=\"image\" class=\"fg-thumb\"><span class=\"fg-image-wrap\"><img decoding=\"async\" width=\"200\" height=\"200\" class=\"skip-lazy fg-image\" data-no-lazy=\"1\" data-src-fg=\"https:\/\/www.photo-montier.org\/wp-content\/uploads\/cache\/2017\/11\/Festival-Montier-2013-238\/1976657123.jpg\" src=\"data:image\/svg+xml,%3Csvg%20xmlns%3D%22http%3A%2F%2Fwww.w3.org%2F2000%2Fsvg%22%20width%3D%22200%22%20height%3D%22200%22%20viewBox%3D%220%200%20200%20200%22%3E%3C%2Fsvg%3E\" loading=\"eager\"><\/span><span class=\"fg-image-overlay\"><\/span><\/a><figcaption class=\"fg-caption\"><div class=\"fg-caption-inner\"><div class=\"fg-caption-desc\">Mathieu RICARD<\/div><\/div><\/figcaption><\/figure><div class=\"fg-loader\"><\/div><\/div><div class=\"fg-item fg-type-image fg-idle\"><figure class=\"fg-item-inner\"><a href=\"https:\/\/www.photo-montier.org\/wp-content\/uploads\/2019\/12\/Abbatiale-Jean-Luc-STADLER.jpg\" data-caption-desc=\"Jean Luc STADLER\" data-attachment-id=\"19276\" data-type=\"image\" class=\"fg-thumb\"><span class=\"fg-image-wrap\"><img decoding=\"async\" width=\"200\" height=\"200\" class=\"skip-lazy fg-image\" data-no-lazy=\"1\" data-src-fg=\"https:\/\/www.photo-montier.org\/wp-content\/uploads\/cache\/2019\/12\/Abbatiale-Jean-Luc-STADLER\/1275295223.jpg\" src=\"data:image\/svg+xml,%3Csvg%20xmlns%3D%22http%3A%2F%2Fwww.w3.org%2F2000%2Fsvg%22%20width%3D%22200%22%20height%3D%22200%22%20viewBox%3D%220%200%20200%20200%22%3E%3C%2Fsvg%3E\" loading=\"eager\"><\/span><span class=\"fg-image-overlay\"><\/span><\/a><figcaption class=\"fg-caption\"><div class=\"fg-caption-inner\"><div class=\"fg-caption-desc\">Jean Luc STADLER<\/div><\/div><\/figcaption><\/figure><div class=\"fg-loader\"><\/div><\/div><div class=\"fg-item fg-type-image fg-idle\"><figure class=\"fg-item-inner\"><a href=\"https:\/\/www.photo-montier.org\/wp-content\/uploads\/2018\/07\/4093_mammiferes-sauvages-de-pleine-nature_3-1024x683.jpg\" data-caption-desc=\"Quentin MARTINEZ\" data-attachment-id=\"11896\" data-type=\"image\" class=\"fg-thumb\"><span class=\"fg-image-wrap\"><img decoding=\"async\" width=\"200\" height=\"200\" class=\"skip-lazy fg-image\" data-no-lazy=\"1\" data-src-fg=\"https:\/\/www.photo-montier.org\/wp-content\/uploads\/cache\/2018\/07\/4093_mammiferes-sauvages-de-pleine-nature_3\/690644774.jpg\" src=\"data:image\/svg+xml,%3Csvg%20xmlns%3D%22http%3A%2F%2Fwww.w3.org%2F2000%2Fsvg%22%20width%3D%22200%22%20height%3D%22200%22%20viewBox%3D%220%200%20200%20200%22%3E%3C%2Fsvg%3E\" loading=\"eager\"><\/span><span class=\"fg-image-overlay\"><\/span><\/a><figcaption class=\"fg-caption\"><div class=\"fg-caption-inner\"><div class=\"fg-caption-desc\">Quentin MARTINEZ<\/div><\/div><\/figcaption><\/figure><div class=\"fg-loader\"><\/div><\/div><div class=\"fg-item fg-type-image fg-idle\"><figure class=\"fg-item-inner\"><a href=\"https:\/\/www.photo-montier.org\/wp-content\/uploads\/exposants\/2016\/56_sa1306170098-1024x681.jpg\" data-caption-title=\"Leopard running - Sergio Pitamitz\" data-caption-desc=\"Leopard running - Sergio Pitamitz\" data-attachment-id=\"498\" data-type=\"image\" class=\"fg-thumb\"><span class=\"fg-image-wrap\"><img decoding=\"async\" alt=\"Leopard running - Sergio Pitamitz\" title=\"Leopard running - Sergio Pitamitz\" width=\"200\" height=\"200\" class=\"skip-lazy fg-image\" data-no-lazy=\"1\" data-src-fg=\"https:\/\/www.photo-montier.org\/wp-content\/uploads\/cache\/exposants\/2016\/56_sa1306170098\/926460740.jpg\" src=\"data:image\/svg+xml,%3Csvg%20xmlns%3D%22http%3A%2F%2Fwww.w3.org%2F2000%2Fsvg%22%20width%3D%22200%22%20height%3D%22200%22%20viewBox%3D%220%200%20200%20200%22%3E%3C%2Fsvg%3E\" loading=\"eager\"><\/span><span class=\"fg-image-overlay\"><\/span><\/a><figcaption class=\"fg-caption\"><div class=\"fg-caption-inner\"><div class=\"fg-caption-title\">Leopard running - Sergio Pitamitz<\/div><div class=\"fg-caption-desc\">Leopard running - Sergio Pitamitz<\/div><\/div><\/figcaption><\/figure><div class=\"fg-loader\"><\/div><\/div><div class=\"fg-item fg-type-image fg-idle\"><figure class=\"fg-item-inner\"><a href=\"https:\/\/www.photo-montier.org\/wp-content\/uploads\/2018\/07\/teddy_braccard-1024x433.jpg\" data-caption-desc=\"Teddy BRACARD\" data-attachment-id=\"12091\" data-type=\"image\" class=\"fg-thumb\"><span class=\"fg-image-wrap\"><img decoding=\"async\" width=\"200\" height=\"200\" class=\"skip-lazy fg-image\" data-no-lazy=\"1\" data-src-fg=\"https:\/\/www.photo-montier.org\/wp-content\/uploads\/cache\/2018\/07\/teddy_braccard\/1855068595.jpg\" src=\"data:image\/svg+xml,%3Csvg%20xmlns%3D%22http%3A%2F%2Fwww.w3.org%2F2000%2Fsvg%22%20width%3D%22200%22%20height%3D%22200%22%20viewBox%3D%220%200%20200%20200%22%3E%3C%2Fsvg%3E\" loading=\"eager\"><\/span><span class=\"fg-image-overlay\"><\/span><\/a><figcaption class=\"fg-caption\"><div class=\"fg-caption-inner\"><div class=\"fg-caption-desc\">Teddy BRACARD<\/div><\/div><\/figcaption><\/figure><div class=\"fg-loader\"><\/div><\/div><div class=\"fg-item fg-type-image fg-idle\"><figure class=\"fg-item-inner\"><a href=\"https:\/\/www.photo-montier.org\/wp-content\/uploads\/2018\/07\/3158_graphisme-forme-et-matiere-de-la-nature_2-1024x683.jpg\" data-caption-desc=\"Julien ARBEZ\" data-attachment-id=\"11836\" data-type=\"image\" class=\"fg-thumb\"><span class=\"fg-image-wrap\"><img decoding=\"async\" width=\"200\" height=\"200\" class=\"skip-lazy fg-image\" data-no-lazy=\"1\" data-src-fg=\"https:\/\/www.photo-montier.org\/wp-content\/uploads\/cache\/2018\/07\/3158_graphisme-forme-et-matiere-de-la-nature_2\/1266273783.jpg\" src=\"data:image\/svg+xml,%3Csvg%20xmlns%3D%22http%3A%2F%2Fwww.w3.org%2F2000%2Fsvg%22%20width%3D%22200%22%20height%3D%22200%22%20viewBox%3D%220%200%20200%20200%22%3E%3C%2Fsvg%3E\" loading=\"eager\"><\/span><span class=\"fg-image-overlay\"><\/span><\/a><figcaption class=\"fg-caption\"><div class=\"fg-caption-inner\"><div class=\"fg-caption-desc\">Julien ARBEZ<\/div><\/div><\/figcaption><\/figure><div class=\"fg-loader\"><\/div><\/div><div class=\"fg-item fg-type-image fg-idle\"><figure class=\"fg-item-inner\"><a href=\"https:\/\/www.photo-montier.org\/wp-content\/uploads\/2017\/12\/Carte-de-voeux-01-3-1024x512.jpg\" data-caption-desc=\"Gil GAUTIER\" data-attachment-id=\"9016\" data-type=\"image\" class=\"fg-thumb\"><span class=\"fg-image-wrap\"><img decoding=\"async\" width=\"200\" height=\"200\" class=\"skip-lazy fg-image\" data-no-lazy=\"1\" data-src-fg=\"https:\/\/www.photo-montier.org\/wp-content\/uploads\/cache\/2017\/12\/Carte-de-voeux-01-3\/3639381143.jpg\" src=\"data:image\/svg+xml,%3Csvg%20xmlns%3D%22http%3A%2F%2Fwww.w3.org%2F2000%2Fsvg%22%20width%3D%22200%22%20height%3D%22200%22%20viewBox%3D%220%200%20200%20200%22%3E%3C%2Fsvg%3E\" loading=\"eager\"><\/span><span class=\"fg-image-overlay\"><\/span><\/a><figcaption class=\"fg-caption\"><div class=\"fg-caption-inner\"><div class=\"fg-caption-desc\">Gil GAUTIER<\/div><\/div><\/figcaption><\/figure><div class=\"fg-loader\"><\/div><\/div><div class=\"fg-item fg-type-image fg-idle\"><figure class=\"fg-item-inner\"><a href=\"https:\/\/www.photo-montier.org\/wp-content\/uploads\/2020\/12\/syrphide-severine-bignon.jpg\" data-caption-desc=\"S\u00e9verine BIGNON\" data-attachment-id=\"36671\" data-type=\"image\" class=\"fg-thumb\"><span class=\"fg-image-wrap\"><img decoding=\"async\" width=\"200\" height=\"200\" class=\"skip-lazy fg-image\" data-no-lazy=\"1\" data-src-fg=\"https:\/\/www.photo-montier.org\/wp-content\/uploads\/cache\/2020\/12\/syrphide-severine-bignon\/2451481512.jpg\" src=\"data:image\/svg+xml,%3Csvg%20xmlns%3D%22http%3A%2F%2Fwww.w3.org%2F2000%2Fsvg%22%20width%3D%22200%22%20height%3D%22200%22%20viewBox%3D%220%200%20200%20200%22%3E%3C%2Fsvg%3E\" loading=\"eager\"><\/span><span class=\"fg-image-overlay\"><\/span><\/a><figcaption class=\"fg-caption\"><div class=\"fg-caption-inner\"><div class=\"fg-caption-desc\">S\u00e9verine BIGNON<\/div><\/div><\/figcaption><\/figure><div class=\"fg-loader\"><\/div><\/div><div class=\"fg-item fg-type-image fg-idle\"><figure class=\"fg-item-inner\"><a href=\"https:\/\/www.photo-montier.org\/wp-content\/uploads\/2020\/10\/grues_cendrees_christine_tomasson-reduit-scaled-673x1024.jpg\" data-caption-desc=\"Christine TOMASSON\" data-attachment-id=\"36038\" data-type=\"image\" class=\"fg-thumb\"><span class=\"fg-image-wrap\"><img decoding=\"async\" width=\"200\" height=\"200\" class=\"skip-lazy fg-image\" data-no-lazy=\"1\" data-src-fg=\"https:\/\/www.photo-montier.org\/wp-content\/uploads\/cache\/2020\/10\/grues_cendrees_christine_tomasson-reduit-scaled\/336646323.jpg\" src=\"data:image\/svg+xml,%3Csvg%20xmlns%3D%22http%3A%2F%2Fwww.w3.org%2F2000%2Fsvg%22%20width%3D%22200%22%20height%3D%22200%22%20viewBox%3D%220%200%20200%20200%22%3E%3C%2Fsvg%3E\" loading=\"eager\"><\/span><span class=\"fg-image-overlay\"><\/span><\/a><figcaption class=\"fg-caption\"><div class=\"fg-caption-inner\"><div class=\"fg-caption-desc\">Christine TOMASSON<\/div><\/div><\/figcaption><\/figure><div class=\"fg-loader\"><\/div><\/div><div class=\"fg-item fg-type-image fg-idle\"><figure class=\"fg-item-inner\"><a href=\"https:\/\/www.photo-montier.org\/wp-content\/uploads\/2020\/04\/Verdier-dEurope-Chloris-chloris-\u00a9-Philippe-Jourde-LPO.jpg\" data-caption-desc=\"Philippe JOURDE\" data-attachment-id=\"19651\" data-type=\"image\" class=\"fg-thumb\"><span class=\"fg-image-wrap\"><img decoding=\"async\" width=\"200\" height=\"200\" class=\"skip-lazy fg-image\" data-no-lazy=\"1\" data-src-fg=\"https:\/\/www.photo-montier.org\/wp-content\/uploads\/cache\/2020\/04\/Verdier-dEurope-Chloris-chloris-\u00a9-Philippe-Jourde-LPO\/401052271.jpg\" src=\"data:image\/svg+xml,%3Csvg%20xmlns%3D%22http%3A%2F%2Fwww.w3.org%2F2000%2Fsvg%22%20width%3D%22200%22%20height%3D%22200%22%20viewBox%3D%220%200%20200%20200%22%3E%3C%2Fsvg%3E\" loading=\"eager\"><\/span><span class=\"fg-image-overlay\"><\/span><\/a><figcaption class=\"fg-caption\"><div class=\"fg-caption-inner\"><div class=\"fg-caption-desc\">Philippe JOURDE<\/div><\/div><\/figcaption><\/figure><div class=\"fg-loader\"><\/div><\/div><div class=\"fg-item fg-type-image fg-idle\"><figure class=\"fg-item-inner\"><a href=\"https:\/\/www.photo-montier.org\/wp-content\/uploads\/exposants\/2018\/552_29062016-_dsc6928-modifier-1024x682.jpg\" data-caption-desc=\"Laurent bALLESTA\" data-attachment-id=\"12871\" data-type=\"image\" class=\"fg-thumb\"><span class=\"fg-image-wrap\"><img decoding=\"async\" width=\"200\" height=\"200\" class=\"skip-lazy fg-image\" data-no-lazy=\"1\" data-src-fg=\"https:\/\/www.photo-montier.org\/wp-content\/uploads\/cache\/exposants\/2018\/552_29062016-_dsc6928-modifier\/2693536571.jpg\" src=\"data:image\/svg+xml,%3Csvg%20xmlns%3D%22http%3A%2F%2Fwww.w3.org%2F2000%2Fsvg%22%20width%3D%22200%22%20height%3D%22200%22%20viewBox%3D%220%200%20200%20200%22%3E%3C%2Fsvg%3E\" loading=\"eager\"><\/span><span class=\"fg-image-overlay\"><\/span><\/a><figcaption class=\"fg-caption\"><div class=\"fg-caption-inner\"><div class=\"fg-caption-desc\">Laurent bALLESTA<\/div><\/div><\/figcaption><\/figure><div class=\"fg-loader\"><\/div><\/div><div class=\"fg-item fg-type-image fg-idle\"><figure class=\"fg-item-inner\"><a href=\"https:\/\/www.photo-montier.org\/wp-content\/uploads\/2020\/01\/communiqu\u00e9-de-presse-LYNX.jpg\" data-caption-desc=\"Skeeze de pixabay\" data-attachment-id=\"19376\" data-type=\"image\" class=\"fg-thumb\"><span class=\"fg-image-wrap\"><img decoding=\"async\" width=\"200\" height=\"200\" class=\"skip-lazy fg-image\" data-no-lazy=\"1\" data-src-fg=\"https:\/\/www.photo-montier.org\/wp-content\/uploads\/cache\/2020\/01\/communiqu\u00e9-de-presse-LYNX\/251495254.jpg\" src=\"data:image\/svg+xml,%3Csvg%20xmlns%3D%22http%3A%2F%2Fwww.w3.org%2F2000%2Fsvg%22%20width%3D%22200%22%20height%3D%22200%22%20viewBox%3D%220%200%20200%20200%22%3E%3C%2Fsvg%3E\" loading=\"eager\"><\/span><span class=\"fg-image-overlay\"><\/span><\/a><figcaption class=\"fg-caption\"><div class=\"fg-caption-inner\"><div class=\"fg-caption-desc\">Skeeze de pixabay<\/div><\/div><\/figcaption><\/figure><div class=\"fg-loader\"><\/div><\/div><div class=\"fg-item fg-type-image fg-idle\"><figure class=\"fg-item-inner\"><a href=\"https:\/\/www.photo-montier.org\/wp-content\/uploads\/2019\/07\/lago_odemer-1024x682.jpg\" data-caption-desc=\"Gregory ODEMER\" data-attachment-id=\"16727\" data-type=\"image\" class=\"fg-thumb\"><span class=\"fg-image-wrap\"><img decoding=\"async\" width=\"200\" height=\"200\" class=\"skip-lazy fg-image\" data-no-lazy=\"1\" data-src-fg=\"https:\/\/www.photo-montier.org\/wp-content\/uploads\/cache\/2019\/07\/lago_odemer\/4076805493.jpg\" src=\"data:image\/svg+xml,%3Csvg%20xmlns%3D%22http%3A%2F%2Fwww.w3.org%2F2000%2Fsvg%22%20width%3D%22200%22%20height%3D%22200%22%20viewBox%3D%220%200%20200%20200%22%3E%3C%2Fsvg%3E\" loading=\"eager\"><\/span><span class=\"fg-image-overlay\"><\/span><\/a><figcaption class=\"fg-caption\"><div class=\"fg-caption-inner\"><div class=\"fg-caption-desc\">Gregory ODEMER<\/div><\/div><\/figcaption><\/figure><div class=\"fg-loader\"><\/div><\/div><div class=\"fg-item fg-type-image fg-idle\"><figure class=\"fg-item-inner\"><a href=\"https:\/\/www.photo-montier.org\/wp-content\/uploads\/2018\/09\/DSC00483-1-X3-1024x683.jpg\" target=\"foobox\" data-caption-desc=\"Benjamin Von Wong\" data-attachment-id=\"12594\" data-type=\"image\" class=\"fg-thumb\"><span class=\"fg-image-wrap\"><img decoding=\"async\" width=\"200\" height=\"200\" class=\"skip-lazy fg-image\" data-no-lazy=\"1\" data-src-fg=\"https:\/\/www.photo-montier.org\/wp-content\/uploads\/cache\/2018\/09\/DSC00483-1-X3\/1951940475.jpg\" src=\"data:image\/svg+xml,%3Csvg%20xmlns%3D%22http%3A%2F%2Fwww.w3.org%2F2000%2Fsvg%22%20width%3D%22200%22%20height%3D%22200%22%20viewBox%3D%220%200%20200%20200%22%3E%3C%2Fsvg%3E\" loading=\"eager\"><\/span><span class=\"fg-image-overlay\"><\/span><\/a><figcaption class=\"fg-caption\"><div class=\"fg-caption-inner\"><div class=\"fg-caption-desc\">Benjamin Von Wong<\/div><\/div><\/figcaption><\/figure><div class=\"fg-loader\"><\/div><\/div><div class=\"fg-item fg-type-image fg-idle\"><figure class=\"fg-item-inner\"><a href=\"https:\/\/www.photo-montier.org\/wp-content\/uploads\/2021\/03\/DSCF5285-1-scaled.jpg\" data-caption-desc=\"David PAQUIN\" data-attachment-id=\"37157\" data-type=\"image\" class=\"fg-thumb\"><span class=\"fg-image-wrap\"><img decoding=\"async\" width=\"200\" height=\"200\" class=\"skip-lazy fg-image\" data-no-lazy=\"1\" data-src-fg=\"https:\/\/www.photo-montier.org\/wp-content\/uploads\/cache\/2021\/03\/DSCF5285-1-scaled\/480409243.jpg\" src=\"data:image\/svg+xml,%3Csvg%20xmlns%3D%22http%3A%2F%2Fwww.w3.org%2F2000%2Fsvg%22%20width%3D%22200%22%20height%3D%22200%22%20viewBox%3D%220%200%20200%20200%22%3E%3C%2Fsvg%3E\" loading=\"eager\"><\/span><span class=\"fg-image-overlay\"><\/span><\/a><figcaption class=\"fg-caption\"><div class=\"fg-caption-inner\"><div class=\"fg-caption-desc\">David PAQUIN<\/div><\/div><\/figcaption><\/figure><div class=\"fg-loader\"><\/div><\/div><div class=\"fg-item fg-type-image fg-idle\"><figure class=\"fg-item-inner\"><a href=\"https:\/\/www.photo-montier.org\/wp-content\/uploads\/2019\/06\/PNA19-NS-07-Pauli-Savolainen-PNA-1-scaled-1024x683.jpg\" data-caption-title=\"La M\u00e9lodie des Etoiles, Finlande\n\nStardust Melody, Finland\" data-attachment-id=\"16315\" data-type=\"image\" class=\"fg-thumb\"><span class=\"fg-image-wrap\"><img decoding=\"async\" title=\"La M\u00e9lodie des Etoiles, Finlande\n\nStardust Melody, Finland\" width=\"200\" height=\"200\" class=\"skip-lazy fg-image\" data-no-lazy=\"1\" data-src-fg=\"https:\/\/www.photo-montier.org\/wp-content\/uploads\/cache\/2019\/06\/PNA19-NS-07-Pauli-Savolainen-PNA-1-scaled\/475751616.jpg\" src=\"data:image\/svg+xml,%3Csvg%20xmlns%3D%22http%3A%2F%2Fwww.w3.org%2F2000%2Fsvg%22%20width%3D%22200%22%20height%3D%22200%22%20viewBox%3D%220%200%20200%20200%22%3E%3C%2Fsvg%3E\" loading=\"eager\"><\/span><span class=\"fg-image-overlay\"><\/span><\/a><figcaption class=\"fg-caption\"><div class=\"fg-caption-inner\"><div class=\"fg-caption-title\">La M\u00e9lodie des Etoiles, Finlande\n\nStardust Melody, Finland<\/div><\/div><\/figcaption><\/figure><div class=\"fg-loader\"><\/div><\/div><div class=\"fg-item fg-type-image fg-idle\"><figure class=\"fg-item-inner\"><a href=\"https:\/\/www.photo-montier.org\/wp-content\/uploads\/2019\/03\/Volcans-et-phe\u0301nome\u0300nes-volcaniques-copyright-Arnaud-gue\u0301rin-Lithosphe\u0300re-2-sur-19-scaled-1024x683.jpg\" data-caption-desc=\"Arnaud GUERIN\" data-attachment-id=\"14749\" data-type=\"image\" class=\"fg-thumb\"><span class=\"fg-image-wrap\"><img decoding=\"async\" width=\"200\" height=\"200\" class=\"skip-lazy fg-image\" data-no-lazy=\"1\" data-src-fg=\"https:\/\/www.photo-montier.org\/wp-content\/uploads\/cache\/2019\/03\/Volcans-et-phe\u0301nome\u0300nes-volcaniques-copyright-Arnaud-gue\u0301rin-Lithosphe\u0300re-2-sur-19-scaled\/1810679778.jpg\" src=\"data:image\/svg+xml,%3Csvg%20xmlns%3D%22http%3A%2F%2Fwww.w3.org%2F2000%2Fsvg%22%20width%3D%22200%22%20height%3D%22200%22%20viewBox%3D%220%200%20200%20200%22%3E%3C%2Fsvg%3E\" loading=\"eager\"><\/span><span class=\"fg-image-overlay\"><\/span><\/a><figcaption class=\"fg-caption\"><div class=\"fg-caption-inner\"><div class=\"fg-caption-desc\">Arnaud GUERIN<\/div><\/div><\/figcaption><\/figure><div class=\"fg-loader\"><\/div><\/div><div class=\"fg-item fg-type-image fg-idle\"><figure class=\"fg-item-inner\"><a href=\"https:\/\/www.photo-montier.org\/wp-content\/uploads\/exposants\/2018\/530_000_1958-683x1024.jpg\" data-caption-desc=\"Pierre-Lou CHAPOT\" data-attachment-id=\"12444\" data-type=\"image\" class=\"fg-thumb\"><span class=\"fg-image-wrap\"><img decoding=\"async\" width=\"200\" height=\"200\" class=\"skip-lazy fg-image\" data-no-lazy=\"1\" data-src-fg=\"https:\/\/www.photo-montier.org\/wp-content\/uploads\/cache\/exposants\/2018\/530_000_1958\/2338088952.jpg\" src=\"data:image\/svg+xml,%3Csvg%20xmlns%3D%22http%3A%2F%2Fwww.w3.org%2F2000%2Fsvg%22%20width%3D%22200%22%20height%3D%22200%22%20viewBox%3D%220%200%20200%20200%22%3E%3C%2Fsvg%3E\" loading=\"eager\"><\/span><span class=\"fg-image-overlay\"><\/span><\/a><figcaption class=\"fg-caption\"><div class=\"fg-caption-inner\"><div class=\"fg-caption-desc\">Pierre-Lou CHAPOT<\/div><\/div><\/figcaption><\/figure><div class=\"fg-loader\"><\/div><\/div><div class=\"fg-item fg-type-image fg-idle\"><figure class=\"fg-item-inner\"><a href=\"https:\/\/www.photo-montier.org\/wp-content\/uploads\/exposants\/2018\/127_pg2017_0322_093617-1024x683.jpg\" data-caption-desc=\"Pierre GLEIZES\" data-attachment-id=\"12718\" data-type=\"image\" class=\"fg-thumb\"><span class=\"fg-image-wrap\"><img decoding=\"async\" width=\"200\" height=\"200\" class=\"skip-lazy fg-image\" data-no-lazy=\"1\" data-src-fg=\"https:\/\/www.photo-montier.org\/wp-content\/uploads\/cache\/exposants\/2018\/127_pg2017_0322_093617\/3289723382.jpg\" src=\"data:image\/svg+xml,%3Csvg%20xmlns%3D%22http%3A%2F%2Fwww.w3.org%2F2000%2Fsvg%22%20width%3D%22200%22%20height%3D%22200%22%20viewBox%3D%220%200%20200%20200%22%3E%3C%2Fsvg%3E\" loading=\"eager\"><\/span><span class=\"fg-image-overlay\"><\/span><\/a><figcaption class=\"fg-caption\"><div class=\"fg-caption-inner\"><div class=\"fg-caption-desc\">Pierre GLEIZES<\/div><\/div><\/figcaption><\/figure><div class=\"fg-loader\"><\/div><\/div><div class=\"fg-item fg-type-image fg-idle\"><figure class=\"fg-item-inner\"><a href=\"https:\/\/www.photo-montier.org\/wp-content\/uploads\/2018\/06\/r\u00e9cifs-coraliens-Belize-1024x640.jpg\" data-caption-title=\"\u00a9 Audra MELTON \/ WWF-US\" data-caption-desc=\"\u00a9 Audra MELTON \/ WWF-US\" data-attachment-id=\"11470\" data-type=\"image\" class=\"fg-thumb\"><span class=\"fg-image-wrap\"><img decoding=\"async\" title=\"\u00a9 Audra MELTON \/ WWF-US\" width=\"200\" height=\"200\" class=\"skip-lazy fg-image\" data-no-lazy=\"1\" data-src-fg=\"https:\/\/www.photo-montier.org\/wp-content\/uploads\/cache\/2018\/06\/r\u00e9cifs-coraliens-Belize\/3990007811.jpg\" src=\"data:image\/svg+xml,%3Csvg%20xmlns%3D%22http%3A%2F%2Fwww.w3.org%2F2000%2Fsvg%22%20width%3D%22200%22%20height%3D%22200%22%20viewBox%3D%220%200%20200%20200%22%3E%3C%2Fsvg%3E\" loading=\"eager\"><\/span><span class=\"fg-image-overlay\"><\/span><\/a><figcaption class=\"fg-caption\"><div class=\"fg-caption-inner\"><div class=\"fg-caption-title\">\u00a9 Audra MELTON \/ WWF-US<\/div><div class=\"fg-caption-desc\">\u00a9 Audra MELTON \/ WWF-US<\/div><\/div><\/figcaption><\/figure><div class=\"fg-loader\"><\/div><\/div><div class=\"fg-item fg-type-image fg-idle\"><figure class=\"fg-item-inner\"><a href=\"https:\/\/www.photo-montier.org\/wp-content\/uploads\/2018\/06\/seijavei.jpg\" data-caption-desc=\"Emmanuel BOITIER\" data-attachment-id=\"10528\" data-type=\"image\" class=\"fg-thumb\"><span class=\"fg-image-wrap\"><img decoding=\"async\" width=\"200\" height=\"200\" class=\"skip-lazy fg-image\" data-no-lazy=\"1\" data-src-fg=\"https:\/\/www.photo-montier.org\/wp-content\/uploads\/cache\/2018\/06\/seijavei\/1034041802.jpg\" src=\"data:image\/svg+xml,%3Csvg%20xmlns%3D%22http%3A%2F%2Fwww.w3.org%2F2000%2Fsvg%22%20width%3D%22200%22%20height%3D%22200%22%20viewBox%3D%220%200%20200%20200%22%3E%3C%2Fsvg%3E\" loading=\"eager\"><\/span><span class=\"fg-image-overlay\"><\/span><\/a><figcaption class=\"fg-caption\"><div class=\"fg-caption-inner\"><div class=\"fg-caption-desc\">Emmanuel BOITIER<\/div><\/div><\/figcaption><\/figure><div class=\"fg-loader\"><\/div><\/div><div class=\"fg-item fg-type-image fg-idle\"><figure class=\"fg-item-inner\"><a href=\"https:\/\/www.photo-montier.org\/wp-content\/uploads\/2018\/03\/O.Grunewald-Exposition-ORIGINES-01.jpg\" data-caption-desc=\"Olivier GRUNEWALD\" data-attachment-id=\"9617\" data-type=\"image\" class=\"fg-thumb\"><span class=\"fg-image-wrap\"><img decoding=\"async\" width=\"200\" height=\"200\" class=\"skip-lazy fg-image\" data-no-lazy=\"1\" data-src-fg=\"https:\/\/www.photo-montier.org\/wp-content\/uploads\/cache\/2018\/03\/O_Grunewald-Exposition-ORIGINES-01\/3781032589.jpg\" src=\"data:image\/svg+xml,%3Csvg%20xmlns%3D%22http%3A%2F%2Fwww.w3.org%2F2000%2Fsvg%22%20width%3D%22200%22%20height%3D%22200%22%20viewBox%3D%220%200%20200%20200%22%3E%3C%2Fsvg%3E\" loading=\"eager\"><\/span><span class=\"fg-image-overlay\"><\/span><\/a><figcaption class=\"fg-caption\"><div class=\"fg-caption-inner\"><div class=\"fg-caption-desc\">Olivier GRUNEWALD<\/div><\/div><\/figcaption><\/figure><div class=\"fg-loader\"><\/div><\/div><div class=\"fg-item fg-type-image fg-idle\"><figure class=\"fg-item-inner\"><a href=\"https:\/\/www.photo-montier.org\/wp-content\/uploads\/2018\/01\/pic-\u00e9peiche-juv\u00e9nile-jardin-Villery-Aube-04-09-12-fourcaud-denis-6-LDD-1018x1024.jpg\" data-caption-desc=\"Denis FOURCAUD\" data-attachment-id=\"9034\" data-type=\"image\" class=\"fg-thumb\"><span class=\"fg-image-wrap\"><img decoding=\"async\" width=\"200\" height=\"200\" class=\"skip-lazy fg-image\" data-no-lazy=\"1\" data-src-fg=\"https:\/\/www.photo-montier.org\/wp-content\/uploads\/cache\/2018\/01\/pic-\u00e9peiche-juv\u00e9nile-jardin-Villery-Aube-04-09-12-fourcaud-denis-6-LDD\/2714280276.jpg\" src=\"data:image\/svg+xml,%3Csvg%20xmlns%3D%22http%3A%2F%2Fwww.w3.org%2F2000%2Fsvg%22%20width%3D%22200%22%20height%3D%22200%22%20viewBox%3D%220%200%20200%20200%22%3E%3C%2Fsvg%3E\" loading=\"eager\"><\/span><span class=\"fg-image-overlay\"><\/span><\/a><figcaption class=\"fg-caption\"><div class=\"fg-caption-inner\"><div class=\"fg-caption-desc\">Denis FOURCAUD<\/div><\/div><\/figcaption><\/figure><div class=\"fg-loader\"><\/div><\/div><div class=\"fg-item fg-type-image fg-idle\"><figure class=\"fg-item-inner\"><a href=\"https:\/\/www.photo-montier.org\/wp-content\/uploads\/exposants\/2017\/351_prises2vues_sm_booth_stages_photo-9131b-1024x683.jpg\" data-caption-desc=\"Sandrine et Matt BOOTH\" data-attachment-id=\"6312\" data-type=\"image\" class=\"fg-thumb\"><span class=\"fg-image-wrap\"><img decoding=\"async\" width=\"200\" height=\"200\" class=\"skip-lazy fg-image\" data-no-lazy=\"1\" data-src-fg=\"https:\/\/www.photo-montier.org\/wp-content\/uploads\/cache\/exposants\/2017\/351_prises2vues_sm_booth_stages_photo-9131b\/3483019284.jpg\" src=\"data:image\/svg+xml,%3Csvg%20xmlns%3D%22http%3A%2F%2Fwww.w3.org%2F2000%2Fsvg%22%20width%3D%22200%22%20height%3D%22200%22%20viewBox%3D%220%200%20200%20200%22%3E%3C%2Fsvg%3E\" loading=\"eager\"><\/span><span class=\"fg-image-overlay\"><\/span><\/a><figcaption class=\"fg-caption\"><div class=\"fg-caption-inner\"><div class=\"fg-caption-desc\">Sandrine et Matt BOOTH<\/div><\/div><\/figcaption><\/figure><div class=\"fg-loader\"><\/div><\/div><div class=\"fg-item fg-type-image fg-idle\"><figure class=\"fg-item-inner\"><a href=\"https:\/\/www.photo-montier.org\/wp-content\/uploads\/2017\/01\/denizot-1024x685.jpg\" data-caption-desc=\"St\u00e9phane DENIZOT\" data-attachment-id=\"3774\" data-type=\"image\" class=\"fg-thumb\"><span class=\"fg-image-wrap\"><img decoding=\"async\" width=\"200\" height=\"200\" class=\"skip-lazy fg-image\" data-no-lazy=\"1\" data-src-fg=\"https:\/\/www.photo-montier.org\/wp-content\/uploads\/cache\/2017\/01\/denizot\/2254742828.jpg\" src=\"data:image\/svg+xml,%3Csvg%20xmlns%3D%22http%3A%2F%2Fwww.w3.org%2F2000%2Fsvg%22%20width%3D%22200%22%20height%3D%22200%22%20viewBox%3D%220%200%20200%20200%22%3E%3C%2Fsvg%3E\" loading=\"eager\"><\/span><span class=\"fg-image-overlay\"><\/span><\/a><figcaption class=\"fg-caption\"><div class=\"fg-caption-inner\"><div class=\"fg-caption-desc\">St\u00e9phane DENIZOT<\/div><\/div><\/figcaption><\/figure><div class=\"fg-loader\"><\/div><\/div><div class=\"fg-item fg-type-image fg-idle\"><figure class=\"fg-item-inner\"><a href=\"https:\/\/www.photo-montier.org\/wp-content\/uploads\/2017\/05\/2017-05-12_17h17_44-1024x614.jpg\" data-attachment-id=\"4897\" data-type=\"image\" class=\"fg-thumb\"><span class=\"fg-image-wrap\"><img decoding=\"async\" width=\"200\" height=\"200\" class=\"skip-lazy fg-image\" data-no-lazy=\"1\" data-src-fg=\"https:\/\/www.photo-montier.org\/wp-content\/uploads\/cache\/2017\/05\/2017-05-12_17h17_44\/2433764592.jpg\" src=\"data:image\/svg+xml,%3Csvg%20xmlns%3D%22http%3A%2F%2Fwww.w3.org%2F2000%2Fsvg%22%20width%3D%22200%22%20height%3D%22200%22%20viewBox%3D%220%200%20200%20200%22%3E%3C%2Fsvg%3E\" loading=\"eager\"><\/span><span class=\"fg-image-overlay\"><\/span><\/a><\/figure><div class=\"fg-loader\"><\/div><\/div><div class=\"fg-item fg-type-image fg-idle\"><figure class=\"fg-item-inner\"><a href=\"https:\/\/www.photo-montier.org\/wp-content\/uploads\/2021\/07\/10780_mammiferes-sauvages-de-plein-1024x681.jpg\" data-caption-title=\"Olivier LARREY (France)\" data-caption-desc=\"GRAND PRIX DU FESTIVAL - Course dans la temp\u00eate | Mammif\u00e8res sauvages de pleine nature\" data-attachment-id=\"38385\" data-type=\"image\" class=\"fg-thumb\"><span class=\"fg-image-wrap\"><img decoding=\"async\" title=\"Olivier LARREY (France)\" width=\"200\" height=\"200\" class=\"skip-lazy fg-image\" data-no-lazy=\"1\" data-src-fg=\"https:\/\/www.photo-montier.org\/wp-content\/uploads\/cache\/2021\/07\/10780_mammiferes-sauvages-de-plein\/920200745.jpg\" src=\"data:image\/svg+xml,%3Csvg%20xmlns%3D%22http%3A%2F%2Fwww.w3.org%2F2000%2Fsvg%22%20width%3D%22200%22%20height%3D%22200%22%20viewBox%3D%220%200%20200%20200%22%3E%3C%2Fsvg%3E\" loading=\"eager\"><\/span><span class=\"fg-image-overlay\"><\/span><\/a><figcaption class=\"fg-caption\"><div class=\"fg-caption-inner\"><div class=\"fg-caption-title\">Olivier LARREY (France)<\/div><div class=\"fg-caption-desc\">GRAND PRIX DU FESTIVAL - Course dans la temp\u00eate | Mammif\u00e8res sauvages de pleine nature<\/div><\/div><\/figcaption><\/figure><div class=\"fg-loader\"><\/div><\/div><div class=\"fg-item fg-type-image fg-idle\"><figure class=\"fg-item-inner\"><a href=\"https:\/\/www.photo-montier.org\/wp-content\/uploads\/2021\/07\/10896_plantes-sauvages-de-pleine-nature_1.jpg\" data-caption-title=\"Herv\u00e9 TEXIER (France)\" data-caption-desc=\"Les coquelicots | Plantes sauvages de pleine nature\" data-attachment-id=\"38393\" data-type=\"image\" class=\"fg-thumb\"><span class=\"fg-image-wrap\"><img decoding=\"async\" title=\"Herv\u00e9 TEXIER (France)\" width=\"200\" height=\"200\" class=\"skip-lazy fg-image\" data-no-lazy=\"1\" data-src-fg=\"https:\/\/www.photo-montier.org\/wp-content\/uploads\/cache\/2021\/07\/10896_plantes-sauvages-de-pleine-nature_1\/2626149648.jpg\" src=\"data:image\/svg+xml,%3Csvg%20xmlns%3D%22http%3A%2F%2Fwww.w3.org%2F2000%2Fsvg%22%20width%3D%22200%22%20height%3D%22200%22%20viewBox%3D%220%200%20200%20200%22%3E%3C%2Fsvg%3E\" loading=\"eager\"><\/span><span class=\"fg-image-overlay\"><\/span><\/a><figcaption class=\"fg-caption\"><div class=\"fg-caption-inner\"><div class=\"fg-caption-title\">Herv\u00e9 TEXIER (France)<\/div><div class=\"fg-caption-desc\">Les coquelicots | Plantes sauvages de pleine nature<\/div><\/div><\/figcaption><\/figure><div class=\"fg-loader\"><\/div><\/div><div class=\"fg-item fg-type-image fg-idle\"><figure class=\"fg-item-inner\"><a href=\"https:\/\/www.photo-montier.org\/wp-content\/uploads\/2021\/07\/10060_plantes-sauvages-de-pleine-natur.jpg\" data-caption-title=\"Tibor LITAUSZKI (Hongrie)\" data-caption-desc=\"Crocus wave | PRIX Plantes sauvages de pleine nature\" data-attachment-id=\"38347\" data-type=\"image\" class=\"fg-thumb\"><span class=\"fg-image-wrap\"><img decoding=\"async\" title=\"Tibor LITAUSZKI (Hongrie)\" width=\"200\" height=\"200\" class=\"skip-lazy fg-image\" data-no-lazy=\"1\" data-src-fg=\"https:\/\/www.photo-montier.org\/wp-content\/uploads\/cache\/2021\/07\/10060_plantes-sauvages-de-pleine-natur\/1047599301.jpg\" src=\"data:image\/svg+xml,%3Csvg%20xmlns%3D%22http%3A%2F%2Fwww.w3.org%2F2000%2Fsvg%22%20width%3D%22200%22%20height%3D%22200%22%20viewBox%3D%220%200%20200%20200%22%3E%3C%2Fsvg%3E\" loading=\"eager\"><\/span><span class=\"fg-image-overlay\"><\/span><\/a><figcaption class=\"fg-caption\"><div class=\"fg-caption-inner\"><div class=\"fg-caption-title\">Tibor LITAUSZKI (Hongrie)<\/div><div class=\"fg-caption-desc\">Crocus wave | PRIX Plantes sauvages de pleine nature<\/div><\/div><\/figcaption><\/figure><div class=\"fg-loader\"><\/div><\/div><div class=\"fg-item fg-type-image fg-idle\"><figure class=\"fg-item-inner\"><a href=\"https:\/\/www.photo-montier.org\/wp-content\/uploads\/2021\/07\/9743_oiseaux-sauvages-de-pleine-nature_2.jpg\" data-caption-title=\"Jean-Philippe DELOBELLE (France)\" data-caption-desc=\"Les yeux de la for\u00eat | Oiseaux sauvages de pleine nature\" data-attachment-id=\"38303\" data-type=\"image\" class=\"fg-thumb\"><span class=\"fg-image-wrap\"><img decoding=\"async\" title=\"Jean-Philippe DELOBELLE (France)\" width=\"200\" height=\"200\" class=\"skip-lazy fg-image\" data-no-lazy=\"1\" data-src-fg=\"https:\/\/www.photo-montier.org\/wp-content\/uploads\/cache\/2021\/07\/9743_oiseaux-sauvages-de-pleine-nature_2\/207705340.jpg\" src=\"data:image\/svg+xml,%3Csvg%20xmlns%3D%22http%3A%2F%2Fwww.w3.org%2F2000%2Fsvg%22%20width%3D%22200%22%20height%3D%22200%22%20viewBox%3D%220%200%20200%20200%22%3E%3C%2Fsvg%3E\" loading=\"eager\"><\/span><span class=\"fg-image-overlay\"><\/span><\/a><figcaption class=\"fg-caption\"><div class=\"fg-caption-inner\"><div class=\"fg-caption-title\">Jean-Philippe DELOBELLE (France)<\/div><div class=\"fg-caption-desc\">Les yeux de la for\u00eat | Oiseaux sauvages de pleine nature<\/div><\/div><\/figcaption><\/figure><div class=\"fg-loader\"><\/div><\/div><div class=\"fg-item fg-type-image fg-idle\"><figure class=\"fg-item-inner\"><a href=\"https:\/\/www.photo-montier.org\/wp-content\/uploads\/2021\/07\/11089_mammiferes-sauvages-de-pleine-nature_3.jpg\" data-caption-title=\"Szab\u00f2 GEZA ATTILA (Hongrie)\" data-caption-desc=\"Wrestler | Mammif\u00e8res sauvages de pleine nature\" data-attachment-id=\"38401\" data-type=\"image\" class=\"fg-thumb\"><span class=\"fg-image-wrap\"><img decoding=\"async\" title=\"Szab\u00f2 GEZA ATTILA (Hongrie)\" width=\"200\" height=\"200\" class=\"skip-lazy fg-image\" data-no-lazy=\"1\" data-src-fg=\"https:\/\/www.photo-montier.org\/wp-content\/uploads\/cache\/2021\/07\/11089_mammiferes-sauvages-de-pleine-nature_3\/3278373456.jpg\" src=\"data:image\/svg+xml,%3Csvg%20xmlns%3D%22http%3A%2F%2Fwww.w3.org%2F2000%2Fsvg%22%20width%3D%22200%22%20height%3D%22200%22%20viewBox%3D%220%200%20200%20200%22%3E%3C%2Fsvg%3E\" loading=\"eager\"><\/span><span class=\"fg-image-overlay\"><\/span><\/a><figcaption class=\"fg-caption\"><div class=\"fg-caption-inner\"><div class=\"fg-caption-title\">Szab\u00f2 GEZA ATTILA (Hongrie)<\/div><div class=\"fg-caption-desc\">Wrestler | Mammif\u00e8res sauvages de pleine nature<\/div><\/div><\/figcaption><\/figure><div class=\"fg-loader\"><\/div><\/div><div class=\"fg-item fg-type-image fg-idle\"><figure class=\"fg-item-inner\"><a href=\"https:\/\/www.photo-montier.org\/wp-content\/uploads\/2021\/07\/11144_mammiferes-sauvages-de-pleine-nature_1.jpg\" data-caption-title=\"Franck LAVIS (France)\" data-caption-desc=\"Regard L\u00e9opard | Mammif\u00e8res sauvages de pleine nature\" data-attachment-id=\"38403\" data-type=\"image\" class=\"fg-thumb\"><span class=\"fg-image-wrap\"><img decoding=\"async\" title=\"Franck LAVIS (France)\" width=\"200\" height=\"200\" class=\"skip-lazy fg-image\" data-no-lazy=\"1\" data-src-fg=\"https:\/\/www.photo-montier.org\/wp-content\/uploads\/cache\/2021\/07\/11144_mammiferes-sauvages-de-pleine-nature_1\/547748250.jpg\" src=\"data:image\/svg+xml,%3Csvg%20xmlns%3D%22http%3A%2F%2Fwww.w3.org%2F2000%2Fsvg%22%20width%3D%22200%22%20height%3D%22200%22%20viewBox%3D%220%200%20200%20200%22%3E%3C%2Fsvg%3E\" loading=\"eager\"><\/span><span class=\"fg-image-overlay\"><\/span><\/a><figcaption class=\"fg-caption\"><div class=\"fg-caption-inner\"><div class=\"fg-caption-title\">Franck LAVIS (France)<\/div><div class=\"fg-caption-desc\">Regard L\u00e9opard | Mammif\u00e8res sauvages de pleine nature<\/div><\/div><\/figcaption><\/figure><div class=\"fg-loader\"><\/div><\/div><div class=\"fg-item fg-type-image fg-idle\"><figure class=\"fg-item-inner\"><a href=\"https:\/\/www.photo-montier.org\/wp-content\/uploads\/2022\/07\/12267_mammiferes-sauvages-de-pleine-nature_2-PRIX-special-du-jury-1024x683.jpg\" data-caption-title=\"St\u00e9phane RAIMOND\" data-caption-desc=\"Mulotage sous la neige | PRIX SPECIAL DU JURY - Mammif\u00e8res sauvage de pleine nature\" data-attachment-id=\"49399\" data-type=\"image\" class=\"fg-thumb\"><span class=\"fg-image-wrap\"><img decoding=\"async\" title=\"St\u00e9phane RAIMOND\" width=\"200\" height=\"200\" class=\"skip-lazy fg-image\" data-no-lazy=\"1\" data-src-fg=\"https:\/\/www.photo-montier.org\/wp-content\/uploads\/cache\/2022\/07\/12267_mammiferes-sauvages-de-pleine-nature_2-PRIX-special-du-jury\/649642707.jpg\" src=\"data:image\/svg+xml,%3Csvg%20xmlns%3D%22http%3A%2F%2Fwww.w3.org%2F2000%2Fsvg%22%20width%3D%22200%22%20height%3D%22200%22%20viewBox%3D%220%200%20200%20200%22%3E%3C%2Fsvg%3E\" loading=\"eager\"><\/span><span class=\"fg-image-overlay\"><\/span><\/a><figcaption class=\"fg-caption\"><div class=\"fg-caption-inner\"><div class=\"fg-caption-title\">St\u00e9phane RAIMOND<\/div><div class=\"fg-caption-desc\">Mulotage sous la neige | PRIX SPECIAL DU JURY - Mammif\u00e8res sauvage de pleine nature<\/div><\/div><\/figcaption><\/figure><div class=\"fg-loader\"><\/div><\/div><div class=\"fg-item fg-type-image fg-idle\"><figure class=\"fg-item-inner\"><a href=\"https:\/\/www.photo-montier.org\/wp-content\/uploads\/2022\/07\/13024_oiseaux-sauvages-de-pleine-nature_2-1024x683.jpg\" data-caption-title=\"Zheng ZHUGANG (Canada)\" data-caption-desc=\"Flamingo Over Salt Lake | Oiseaux sauvages de pleine nature\" data-attachment-id=\"49427\" data-type=\"image\" class=\"fg-thumb\"><span class=\"fg-image-wrap\"><img decoding=\"async\" title=\"Zheng ZHUGANG (Canada)\" width=\"200\" height=\"200\" class=\"skip-lazy fg-image\" data-no-lazy=\"1\" data-src-fg=\"https:\/\/www.photo-montier.org\/wp-content\/uploads\/cache\/2022\/07\/13024_oiseaux-sauvages-de-pleine-nature_2\/3145444214.jpg\" src=\"data:image\/svg+xml,%3Csvg%20xmlns%3D%22http%3A%2F%2Fwww.w3.org%2F2000%2Fsvg%22%20width%3D%22200%22%20height%3D%22200%22%20viewBox%3D%220%200%20200%20200%22%3E%3C%2Fsvg%3E\" loading=\"eager\"><\/span><span class=\"fg-image-overlay\"><\/span><\/a><figcaption class=\"fg-caption\"><div class=\"fg-caption-inner\"><div class=\"fg-caption-title\">Zheng ZHUGANG (Canada)<\/div><div class=\"fg-caption-desc\">Flamingo Over Salt Lake | Oiseaux sauvages de pleine nature<\/div><\/div><\/figcaption><\/figure><div class=\"fg-loader\"><\/div><\/div><div class=\"fg-item fg-type-image fg-idle\"><figure class=\"fg-item-inner\"><a href=\"https:\/\/www.photo-montier.org\/wp-content\/uploads\/2022\/07\/13933_plantes-sauvages-de-pleine-nature_3-1024x683.jpg\" data-caption-title=\"Kai KOLODZIEJ (Autriche)\" data-caption-desc=\"Liverwort | Plantes sauvages de pleine nature\" data-attachment-id=\"49495\" data-type=\"image\" class=\"fg-thumb\"><span class=\"fg-image-wrap\"><img decoding=\"async\" title=\"Kai KOLODZIEJ (Autriche)\" width=\"200\" height=\"200\" class=\"skip-lazy fg-image\" data-no-lazy=\"1\" data-src-fg=\"https:\/\/www.photo-montier.org\/wp-content\/uploads\/cache\/2022\/07\/13933_plantes-sauvages-de-pleine-nature_3\/1307444860.jpg\" src=\"data:image\/svg+xml,%3Csvg%20xmlns%3D%22http%3A%2F%2Fwww.w3.org%2F2000%2Fsvg%22%20width%3D%22200%22%20height%3D%22200%22%20viewBox%3D%220%200%20200%20200%22%3E%3C%2Fsvg%3E\" loading=\"eager\"><\/span><span class=\"fg-image-overlay\"><\/span><\/a><figcaption class=\"fg-caption\"><div class=\"fg-caption-inner\"><div class=\"fg-caption-title\">Kai KOLODZIEJ (Autriche)<\/div><div class=\"fg-caption-desc\">Liverwort | Plantes sauvages de pleine nature<\/div><\/div><\/figcaption><\/figure><div class=\"fg-loader\"><\/div><\/div><div class=\"fg-item fg-type-image fg-idle\"><figure class=\"fg-item-inner\"><a href=\"https:\/\/www.photo-montier.org\/wp-content\/uploads\/2022\/07\/14154_sequence-images-fixes_3-1024x683.jpg\" data-caption-title=\"David PATTYN (Belgique)\" data-caption-desc=\"Cadeaux de plumes 3 | S\u00e9quence images fixes\" data-attachment-id=\"49513\" data-type=\"image\" class=\"fg-thumb\"><span class=\"fg-image-wrap\"><img decoding=\"async\" title=\"David PATTYN (Belgique)\" width=\"200\" height=\"200\" class=\"skip-lazy fg-image\" data-no-lazy=\"1\" data-src-fg=\"https:\/\/www.photo-montier.org\/wp-content\/uploads\/cache\/2022\/07\/14154_sequence-images-fixes_3\/2948785060.jpg\" src=\"data:image\/svg+xml,%3Csvg%20xmlns%3D%22http%3A%2F%2Fwww.w3.org%2F2000%2Fsvg%22%20width%3D%22200%22%20height%3D%22200%22%20viewBox%3D%220%200%20200%20200%22%3E%3C%2Fsvg%3E\" loading=\"eager\"><\/span><span class=\"fg-image-overlay\"><\/span><\/a><figcaption class=\"fg-caption\"><div class=\"fg-caption-inner\"><div class=\"fg-caption-title\">David PATTYN (Belgique)<\/div><div class=\"fg-caption-desc\">Cadeaux de plumes 3 | S\u00e9quence images fixes<\/div><\/div><\/figcaption><\/figure><div class=\"fg-loader\"><\/div><\/div><div class=\"fg-item fg-type-image fg-idle\"><figure class=\"fg-item-inner\"><a href=\"https:\/\/www.photo-montier.org\/wp-content\/uploads\/2022\/07\/12696_paysages-naturels-du-monde_1-1024x683.jpg\" data-caption-title=\"Wendy LESNIAK\" data-caption-desc=\"Le silence de la for\u00eat | Paysages naturels du monde\" data-attachment-id=\"49411\" data-type=\"image\" class=\"fg-thumb\"><span class=\"fg-image-wrap\"><img decoding=\"async\" title=\"Wendy LESNIAK\" width=\"200\" height=\"200\" class=\"skip-lazy fg-image\" data-no-lazy=\"1\" data-src-fg=\"https:\/\/www.photo-montier.org\/wp-content\/uploads\/cache\/2022\/07\/12696_paysages-naturels-du-monde_1\/3190197470.jpg\" src=\"data:image\/svg+xml,%3Csvg%20xmlns%3D%22http%3A%2F%2Fwww.w3.org%2F2000%2Fsvg%22%20width%3D%22200%22%20height%3D%22200%22%20viewBox%3D%220%200%20200%20200%22%3E%3C%2Fsvg%3E\" loading=\"eager\"><\/span><span class=\"fg-image-overlay\"><\/span><\/a><figcaption class=\"fg-caption\"><div class=\"fg-caption-inner\"><div class=\"fg-caption-title\">Wendy LESNIAK<\/div><div class=\"fg-caption-desc\">Le silence de la for\u00eat | Paysages naturels du monde<\/div><\/div><\/figcaption><\/figure><div class=\"fg-loader\"><\/div><\/div><div class=\"fg-item fg-type-image fg-idle\"><figure class=\"fg-item-inner\"><a href=\"https:\/\/www.photo-montier.org\/wp-content\/uploads\/2016\/08\/J_15030_mammiferes-sauvages-de-pleine-nature_1-1024x683.jpg\" data-caption-title=\"Ismael Dom\u00ednguez Guti\u00e9rrez\" data-caption-desc=\"Flying | Mammif\u00e8res sauvages de pleine nature\" data-attachment-id=\"63951\" data-type=\"image\" class=\"fg-thumb\"><span class=\"fg-image-wrap\"><img decoding=\"async\" title=\"Ismael Dom\u00ednguez Guti\u00e9rrez\" width=\"200\" height=\"200\" class=\"skip-lazy fg-image\" data-no-lazy=\"1\" data-src-fg=\"https:\/\/www.photo-montier.org\/wp-content\/uploads\/cache\/2016\/08\/J_15030_mammiferes-sauvages-de-pleine-nature_1\/2286562847.jpg\" src=\"data:image\/svg+xml,%3Csvg%20xmlns%3D%22http%3A%2F%2Fwww.w3.org%2F2000%2Fsvg%22%20width%3D%22200%22%20height%3D%22200%22%20viewBox%3D%220%200%20200%20200%22%3E%3C%2Fsvg%3E\" loading=\"eager\"><\/span><span class=\"fg-image-overlay\"><\/span><\/a><figcaption class=\"fg-caption\"><div class=\"fg-caption-inner\"><div class=\"fg-caption-title\">Ismael Dom\u00ednguez Guti\u00e9rrez<\/div><div class=\"fg-caption-desc\">Flying | Mammif\u00e8res sauvages de pleine nature<\/div><\/div><\/figcaption><\/figure><div class=\"fg-loader\"><\/div><\/div><div class=\"fg-item fg-type-image fg-idle\"><figure class=\"fg-item-inner\"><a href=\"https:\/\/www.photo-montier.org\/wp-content\/uploads\/2016\/08\/16575_mammiferes-sauvages-de-pleine-nature_1-1024x683.jpg\" data-caption-title=\"Sanchez Chamorro Antonio\" data-caption-desc=\"Sloth | Mammif\u00e8res sauvages de pleine nature\" data-attachment-id=\"63949\" data-type=\"image\" class=\"fg-thumb\"><span class=\"fg-image-wrap\"><img decoding=\"async\" title=\"Sanchez Chamorro Antonio\" width=\"200\" height=\"200\" class=\"skip-lazy fg-image\" data-no-lazy=\"1\" data-src-fg=\"https:\/\/www.photo-montier.org\/wp-content\/uploads\/cache\/2016\/08\/16575_mammiferes-sauvages-de-pleine-nature_1\/3355123314.jpg\" src=\"data:image\/svg+xml,%3Csvg%20xmlns%3D%22http%3A%2F%2Fwww.w3.org%2F2000%2Fsvg%22%20width%3D%22200%22%20height%3D%22200%22%20viewBox%3D%220%200%20200%20200%22%3E%3C%2Fsvg%3E\" loading=\"eager\"><\/span><span class=\"fg-image-overlay\"><\/span><\/a><figcaption class=\"fg-caption\"><div class=\"fg-caption-inner\"><div class=\"fg-caption-title\">Sanchez Chamorro Antonio<\/div><div class=\"fg-caption-desc\">Sloth | Mammif\u00e8res sauvages de pleine nature<\/div><\/div><\/figcaption><\/figure><div class=\"fg-loader\"><\/div><\/div><div class=\"fg-item fg-type-image fg-idle\"><figure class=\"fg-item-inner\"><a href=\"https:\/\/www.photo-montier.org\/wp-content\/uploads\/2016\/08\/15319_mammiferes-sauvages-de-pleine-nature_1-1024x683.jpg\" data-caption-title=\"Simon BUGNON\" data-caption-desc=\"Castor d&#039;Europe | Mammif\u00e8res sauvages de pleine nature\" data-attachment-id=\"63947\" data-type=\"image\" class=\"fg-thumb\"><span class=\"fg-image-wrap\"><img decoding=\"async\" title=\"Simon BUGNON\" width=\"200\" height=\"200\" class=\"skip-lazy fg-image\" data-no-lazy=\"1\" data-src-fg=\"https:\/\/www.photo-montier.org\/wp-content\/uploads\/cache\/2016\/08\/15319_mammiferes-sauvages-de-pleine-nature_1\/370970226.jpg\" src=\"data:image\/svg+xml,%3Csvg%20xmlns%3D%22http%3A%2F%2Fwww.w3.org%2F2000%2Fsvg%22%20width%3D%22200%22%20height%3D%22200%22%20viewBox%3D%220%200%20200%20200%22%3E%3C%2Fsvg%3E\" loading=\"eager\"><\/span><span class=\"fg-image-overlay\"><\/span><\/a><figcaption class=\"fg-caption\"><div class=\"fg-caption-inner\"><div class=\"fg-caption-title\">Simon BUGNON<\/div><div class=\"fg-caption-desc\">Castor d'Europe | Mammif\u00e8res sauvages de pleine nature<\/div><\/div><\/figcaption><\/figure><div class=\"fg-loader\"><\/div><\/div><div class=\"fg-item fg-type-image fg-idle\"><figure class=\"fg-item-inner\"><a href=\"https:\/\/www.photo-montier.org\/wp-content\/uploads\/2016\/08\/14894_autres-animaux-sauvages-de-pleine-nature_1-1024x683.jpg\" data-caption-title=\"Fernandez Julian\" data-caption-desc=\"El bosque de fantas\u00eda | Autres animaux sauvages de pleine nature\" data-attachment-id=\"63945\" data-type=\"image\" class=\"fg-thumb\"><span class=\"fg-image-wrap\"><img decoding=\"async\" title=\"Fernandez Julian\" width=\"200\" height=\"200\" class=\"skip-lazy fg-image\" data-no-lazy=\"1\" data-src-fg=\"https:\/\/www.photo-montier.org\/wp-content\/uploads\/cache\/2016\/08\/14894_autres-animaux-sauvages-de-pleine-nature_1\/848566503.jpg\" src=\"data:image\/svg+xml,%3Csvg%20xmlns%3D%22http%3A%2F%2Fwww.w3.org%2F2000%2Fsvg%22%20width%3D%22200%22%20height%3D%22200%22%20viewBox%3D%220%200%20200%20200%22%3E%3C%2Fsvg%3E\" loading=\"eager\"><\/span><span class=\"fg-image-overlay\"><\/span><\/a><figcaption class=\"fg-caption\"><div class=\"fg-caption-inner\"><div class=\"fg-caption-title\">Fernandez Julian<\/div><div class=\"fg-caption-desc\">El bosque de fantas\u00eda | Autres animaux sauvages de pleine nature<\/div><\/div><\/figcaption><\/figure><div class=\"fg-loader\"><\/div><\/div><div class=\"fg-item fg-type-image fg-idle\"><figure class=\"fg-item-inner\"><a href=\"https:\/\/www.photo-montier.org\/wp-content\/uploads\/2016\/08\/14883_lhomme-et-la-nature_1-1024x683.jpg\" data-caption-title=\"Nicolas de VAULX\" data-caption-desc=\"D\u00e9couverte du monde | L&#039;homme et la nature\" data-attachment-id=\"63943\" data-type=\"image\" class=\"fg-thumb\"><span class=\"fg-image-wrap\"><img decoding=\"async\" title=\"Nicolas de VAULX\" width=\"200\" height=\"200\" class=\"skip-lazy fg-image\" data-no-lazy=\"1\" data-src-fg=\"https:\/\/www.photo-montier.org\/wp-content\/uploads\/cache\/2016\/08\/14883_lhomme-et-la-nature_1\/3418878918.jpg\" src=\"data:image\/svg+xml,%3Csvg%20xmlns%3D%22http%3A%2F%2Fwww.w3.org%2F2000%2Fsvg%22%20width%3D%22200%22%20height%3D%22200%22%20viewBox%3D%220%200%20200%20200%22%3E%3C%2Fsvg%3E\" loading=\"eager\"><\/span><span class=\"fg-image-overlay\"><\/span><\/a><figcaption class=\"fg-caption\"><div class=\"fg-caption-inner\"><div class=\"fg-caption-title\">Nicolas de VAULX<\/div><div class=\"fg-caption-desc\">D\u00e9couverte du monde | L'homme et la nature<\/div><\/div><\/figcaption><\/figure><div class=\"fg-loader\"><\/div><\/div><\/div>\n\n","protected":false},"excerpt":{"rendered":"<p>#foogallery-gallery-616_1 .fg-image { width: 200px; }<br \/>\n#foogallery-gallery-616_1 { &#8211;fg-gutter: 20px; }<\/p>\n<p>#foogallery-gallery-616_1 .fg-image { width: 200px; }<br \/>\n#foogallery-gallery-616_1 { &#8211;fg-gutter: 20px; }<\/p>\n<p>\tJordi CHIASPaysages naturels du mondeMaio SUAREZ PORRASImages [&hellip;]<\/p>\n","protected":false},"author":1,"featured_media":26237,"parent":0,"menu_order":138,"comment_status":"closed","ping_status":"closed","template":"","meta":{"_acf_changed":false,"footnotes":""},"acf":[],"yoast_head":"<!-- This site is optimized with the Yoast SEO plugin v23.5 - https:\/\/yoast.com\/wordpress\/plugins\/seo\/ -->\n<title>\u00a9 Cr\u00e9dits Photographiques &#8211; Montier Photo Festival<\/title>\n<meta name=\"robots\" content=\"index, follow, max-snippet:-1, max-image-preview:large, max-video-preview:-1\" \/>\n<link rel=\"canonical\" href=\"https:\/\/www.photo-montier.org\/en\/credits-photographiques\/\" \/>\n<meta property=\"og:locale\" content=\"en_US\" \/>\n<meta property=\"og:type\" content=\"article\" \/>\n<meta property=\"og:title\" content=\"\u00a9 Cr\u00e9dits Photographiques &#8211; Montier Photo Festival\" \/>\n<meta property=\"og:description\" content=\"#foogallery-gallery-616_2 .fg-image { width: 200px; } #foogallery-gallery-616_2 { --fg-gutter: 20px; }   #foogallery-gallery-616_1 .fg-image { width: 200px; } #foogallery-gallery-616_1 { --fg-gutter: 20px; }   Jordi CHIASPaysages naturels du mondeMaio SUAREZ PORRASImages [&hellip;]\" \/>\n<meta property=\"og:url\" content=\"https:\/\/www.photo-montier.org\/en\/credits-photographiques\/\" \/>\n<meta property=\"og:site_name\" content=\"Montier Photo Festival\" \/>\n<meta property=\"article:publisher\" content=\"https:\/\/www.facebook.com\/Festivalmontier\/\" \/>\n<meta property=\"article:modified_time\" content=\"2020-07-30T13:26:39+00:00\" \/>\n<meta property=\"og:image\" content=\"https:\/\/www.photo-montier.org\/wp-content\/uploads\/2016\/09\/32_montier_festival_photo.jpg\" \/>\n\t<meta property=\"og:image:width\" content=\"2048\" \/>\n\t<meta property=\"og:image:height\" content=\"410\" \/>\n\t<meta property=\"og:image:type\" content=\"image\/jpeg\" \/>\n<meta name=\"twitter:card\" content=\"summary_large_image\" \/>\n<meta name=\"twitter:site\" content=\"@festivalmontier\" \/>\n<script type=\"application\/ld+json\" class=\"yoast-schema-graph\">{\"@context\":\"https:\/\/schema.org\",\"@graph\":[{\"@type\":\"WebPage\",\"@id\":\"https:\/\/www.photo-montier.org\/en\/credits-photographiques\/\",\"url\":\"https:\/\/www.photo-montier.org\/en\/credits-photographiques\/\",\"name\":\"\u00a9 Cr\u00e9dits Photographiques &#8211; Montier Photo Festival\",\"isPartOf\":{\"@id\":\"https:\/\/www.photo-montier.org\/en\/#website\"},\"primaryImageOfPage\":{\"@id\":\"https:\/\/www.photo-montier.org\/en\/credits-photographiques\/#primaryimage\"},\"image\":{\"@id\":\"https:\/\/www.photo-montier.org\/en\/credits-photographiques\/#primaryimage\"},\"thumbnailUrl\":\"https:\/\/www.photo-montier.org\/wp-content\/uploads\/2016\/09\/32_montier_festival_photo.jpg\",\"datePublished\":\"2020-07-30T13:26:15+00:00\",\"dateModified\":\"2020-07-30T13:26:39+00:00\",\"breadcrumb\":{\"@id\":\"https:\/\/www.photo-montier.org\/en\/credits-photographiques\/#breadcrumb\"},\"inLanguage\":\"en-US\",\"potentialAction\":[{\"@type\":\"ReadAction\",\"target\":[\"https:\/\/www.photo-montier.org\/en\/credits-photographiques\/\"]}]},{\"@type\":\"ImageObject\",\"inLanguage\":\"en-US\",\"@id\":\"https:\/\/www.photo-montier.org\/en\/credits-photographiques\/#primaryimage\",\"url\":\"https:\/\/www.photo-montier.org\/wp-content\/uploads\/2016\/09\/32_montier_festival_photo.jpg\",\"contentUrl\":\"https:\/\/www.photo-montier.org\/wp-content\/uploads\/2016\/09\/32_montier_festival_photo.jpg\",\"width\":2048,\"height\":410},{\"@type\":\"BreadcrumbList\",\"@id\":\"https:\/\/www.photo-montier.org\/en\/credits-photographiques\/#breadcrumb\",\"itemListElement\":[{\"@type\":\"ListItem\",\"position\":1,\"name\":\"Home\",\"item\":\"https:\/\/www.photo-montier.org\/en\/\"},{\"@type\":\"ListItem\",\"position\":2,\"name\":\"\u00a9 Cr\u00e9dits Photographiques\"}]},{\"@type\":\"WebSite\",\"@id\":\"https:\/\/www.photo-montier.org\/en\/#website\",\"url\":\"https:\/\/www.photo-montier.org\/en\/\",\"name\":\"Montier Photo Festival\",\"description\":\"International Wildlife and Nature Photo Festival\",\"publisher\":{\"@id\":\"https:\/\/www.photo-montier.org\/en\/#organization\"},\"potentialAction\":[{\"@type\":\"SearchAction\",\"target\":{\"@type\":\"EntryPoint\",\"urlTemplate\":\"https:\/\/www.photo-montier.org\/en\/?s={search_term_string}\"},\"query-input\":{\"@type\":\"PropertyValueSpecification\",\"valueRequired\":true,\"valueName\":\"search_term_string\"}}],\"inLanguage\":\"en-US\"},{\"@type\":\"Organization\",\"@id\":\"https:\/\/www.photo-montier.org\/en\/#organization\",\"name\":\"Montier Festival Photo\",\"url\":\"https:\/\/www.photo-montier.org\/en\/\",\"logo\":{\"@type\":\"ImageObject\",\"inLanguage\":\"en-US\",\"@id\":\"https:\/\/www.photo-montier.org\/en\/#\/schema\/logo\/image\/\",\"url\":\"https:\/\/www.photo-montier.org\/wp-content\/uploads\/2016\/06\/logo-festival-renard-couleur-1.png\",\"contentUrl\":\"https:\/\/www.photo-montier.org\/wp-content\/uploads\/2016\/06\/logo-festival-renard-couleur-1.png\",\"width\":408,\"height\":200,\"caption\":\"Montier Festival Photo\"},\"image\":{\"@id\":\"https:\/\/www.photo-montier.org\/en\/#\/schema\/logo\/image\/\"},\"sameAs\":[\"https:\/\/www.facebook.com\/Festivalmontier\/\",\"https:\/\/x.com\/festivalmontier\",\"https:\/\/www.instagram.com\/festivalmontier\/\",\"https:\/\/www.youtube.com\/channel\/UCylkMGITSE22T6fgWUEYIvw\",\"https:\/\/www.tiktok.com\/@festivalmontier\"]}]}<\/script>\n<!-- \/ Yoast SEO plugin. -->","yoast_head_json":{"title":"\u00a9 Cr\u00e9dits Photographiques &#8211; Montier Photo Festival","robots":{"index":"index","follow":"follow","max-snippet":"max-snippet:-1","max-image-preview":"max-image-preview:large","max-video-preview":"max-video-preview:-1"},"canonical":"https:\/\/www.photo-montier.org\/en\/credits-photographiques\/","og_locale":"en_US","og_type":"article","og_title":"\u00a9 Cr\u00e9dits Photographiques &#8211; Montier Photo Festival","og_description":"#foogallery-gallery-616_3 .fg-image { width: 200px; } #foogallery-gallery-616_3 { --fg-gutter: 20px; }   #foogallery-gallery-616_1 .fg-image { width: 200px; } #foogallery-gallery-616_1 { --fg-gutter: 20px; }   Jordi CHIASPaysages naturels du mondeMaio SUAREZ PORRASImages [&hellip;]","og_url":"https:\/\/www.photo-montier.org\/en\/credits-photographiques\/","og_site_name":"Montier Photo Festival","article_publisher":"https:\/\/www.facebook.com\/Festivalmontier\/","article_modified_time":"2020-07-30T13:26:39+00:00","og_image":[{"width":2048,"height":410,"url":"https:\/\/www.photo-montier.org\/wp-content\/uploads\/2016\/09\/32_montier_festival_photo.jpg","type":"image\/jpeg"}],"twitter_card":"summary_large_image","twitter_site":"@festivalmontier","schema":{"@context":"https:\/\/schema.org","@graph":[{"@type":"WebPage","@id":"https:\/\/www.photo-montier.org\/en\/credits-photographiques\/","url":"https:\/\/www.photo-montier.org\/en\/credits-photographiques\/","name":"\u00a9 Cr\u00e9dits Photographiques &#8211; Montier Photo Festival","isPartOf":{"@id":"https:\/\/www.photo-montier.org\/en\/#website"},"primaryImageOfPage":{"@id":"https:\/\/www.photo-montier.org\/en\/credits-photographiques\/#primaryimage"},"image":{"@id":"https:\/\/www.photo-montier.org\/en\/credits-photographiques\/#primaryimage"},"thumbnailUrl":"https:\/\/www.photo-montier.org\/wp-content\/uploads\/2016\/09\/32_montier_festival_photo.jpg","datePublished":"2020-07-30T13:26:15+00:00","dateModified":"2020-07-30T13:26:39+00:00","breadcrumb":{"@id":"https:\/\/www.photo-montier.org\/en\/credits-photographiques\/#breadcrumb"},"inLanguage":"en-US","potentialAction":[{"@type":"ReadAction","target":["https:\/\/www.photo-montier.org\/en\/credits-photographiques\/"]}]},{"@type":"ImageObject","inLanguage":"en-US","@id":"https:\/\/www.photo-montier.org\/en\/credits-photographiques\/#primaryimage","url":"https:\/\/www.photo-montier.org\/wp-content\/uploads\/2016\/09\/32_montier_festival_photo.jpg","contentUrl":"https:\/\/www.photo-montier.org\/wp-content\/uploads\/2016\/09\/32_montier_festival_photo.jpg","width":2048,"height":410},{"@type":"BreadcrumbList","@id":"https:\/\/www.photo-montier.org\/en\/credits-photographiques\/#breadcrumb","itemListElement":[{"@type":"ListItem","position":1,"name":"Home","item":"https:\/\/www.photo-montier.org\/en\/"},{"@type":"ListItem","position":2,"name":"\u00a9 Cr\u00e9dits Photographiques"}]},{"@type":"WebSite","@id":"https:\/\/www.photo-montier.org\/en\/#website","url":"https:\/\/www.photo-montier.org\/en\/","name":"Montier Photo Festival","description":"International Wildlife and Nature Photo Festival","publisher":{"@id":"https:\/\/www.photo-montier.org\/en\/#organization"},"potentialAction":[{"@type":"SearchAction","target":{"@type":"EntryPoint","urlTemplate":"https:\/\/www.photo-montier.org\/en\/?s={search_term_string}"},"query-input":{"@type":"PropertyValueSpecification","valueRequired":true,"valueName":"search_term_string"}}],"inLanguage":"en-US"},{"@type":"Organization","@id":"https:\/\/www.photo-montier.org\/en\/#organization","name":"Montier Festival Photo","url":"https:\/\/www.photo-montier.org\/en\/","logo":{"@type":"ImageObject","inLanguage":"en-US","@id":"https:\/\/www.photo-montier.org\/en\/#\/schema\/logo\/image\/","url":"https:\/\/www.photo-montier.org\/wp-content\/uploads\/2016\/06\/logo-festival-renard-couleur-1.png","contentUrl":"https:\/\/www.photo-montier.org\/wp-content\/uploads\/2016\/06\/logo-festival-renard-couleur-1.png","width":408,"height":200,"caption":"Montier Festival Photo"},"image":{"@id":"https:\/\/www.photo-montier.org\/en\/#\/schema\/logo\/image\/"},"sameAs":["https:\/\/www.facebook.com\/Festivalmontier\/","https:\/\/x.com\/festivalmontier","https:\/\/www.instagram.com\/festivalmontier\/","https:\/\/www.youtube.com\/channel\/UCylkMGITSE22T6fgWUEYIvw","https:\/\/www.tiktok.com\/@festivalmontier"]}]}},"_links":{"self":[{"href":"https:\/\/www.photo-montier.org\/en\/wp-json\/wp\/v2\/pages\/32401"}],"collection":[{"href":"https:\/\/www.photo-montier.org\/en\/wp-json\/wp\/v2\/pages"}],"about":[{"href":"https:\/\/www.photo-montier.org\/en\/wp-json\/wp\/v2\/types\/page"}],"author":[{"embeddable":true,"href":"https:\/\/www.photo-montier.org\/en\/wp-json\/wp\/v2\/users\/1"}],"replies":[{"embeddable":true,"href":"https:\/\/www.photo-montier.org\/en\/wp-json\/wp\/v2\/comments?post=32401"}],"version-history":[{"count":0,"href":"https:\/\/www.photo-montier.org\/en\/wp-json\/wp\/v2\/pages\/32401\/revisions"}],"wp:featuredmedia":[{"embeddable":true,"href":"https:\/\/www.photo-montier.org\/en\/wp-json\/wp\/v2\/media\/26237"}],"wp:attachment":[{"href":"https:\/\/www.photo-montier.org\/en\/wp-json\/wp\/v2\/media?parent=32401"}],"curies":[{"name":"wp","href":"https:\/\/api.w.org\/{rel}","templated":true}]}}