{"id":32400,"date":"2016-08-19T16:53:47","date_gmt":"2016-08-19T15:53:47","guid":{"rendered":"https:\/\/www.photo-montier.org\/mentions-legales\/"},"modified":"2026-04-10T09:11:40","modified_gmt":"2026-04-10T07:11:40","slug":"les-mentions-legales-festival-photo","status":"publish","type":"page","link":"https:\/\/www.photo-montier.org\/en\/les-mentions-legales-festival-photo\/","title":{"rendered":"Mentions l\u00e9gales"},"content":{"rendered":"<h2>\u00c9diteur<\/h2>\n<p>Le site web <a href=\"https:\/\/www.photo-montier.org\/en\/\">www.photo-montier.org<\/a>\u00a0est \u00e9dit\u00e9 par <strong>l&#8217;AFPAN \u00ab L&#8217;Or Vert \u00bb<\/strong> :<\/p>\n<p><strong>AFPAN \u00ab L&#8217;Or Vert \u00bb<\/strong><br \/>\n<strong>2A Place Auguste Lebon<br \/>\nMontier-en-Der<\/strong><br \/>\n<strong>52220 La Porte du Der<\/strong><\/p>\n<ul>\n<li><strong>Directeur de publication<\/strong> : Dominique GRANDJEAN<\/li>\n<li><strong>Publicit\u00e9 :<\/strong> Aucune publicit\u00e9 n\u2019est admise et affich\u00e9e sur ce site.<\/li>\n<\/ul>\n<h2>Confidentialit\u00e9<\/h2>\n<p>Les informations personnelles concernant les visiteurs de notre\u00a0site, y compris leur identit\u00e9, sont confidentielles.<br \/>\nLe responsable\u00a0du site s\u2019engage sur l\u2019honneur \u00e0 respecter les conditions l\u00e9gales de\u00a0confidentialit\u00e9 applicables en France et \u00e0 ne pas\u00a0divulguer ces informations \u00e0 des tiers.<\/p>\n<h2>Analyse de l\u2019audience du site<\/h2>\n<p>Cet outil utilise des cookies pour collecter des\u00a0<strong>informations anonymes<\/strong>\u00a0et g\u00e9n\u00e9rer des rapports sur l\u2019audience et l\u2019utilisation de notre site Web sans que les utilisateurs individuels soient identifi\u00e9s personnellement.<\/p>\n<p>Plus d\u2019informations sur les r\u00e8gles de confidentialit\u00e9 relatives \u00e0 l\u2019utilisation de Plausible :<\/p>\n<p><a href=\"https:\/\/plausible.io\/data-policy\" target=\"_blank\" rel=\"noopener\">https:\/\/plausible.io\/data-policy<\/a><\/p>\n<h2>Cr\u00e9ation et h\u00e9bergement<\/h2>\n<p>Le site a \u00e9t\u00e9 cr\u00e9\u00e9 par la soci\u00e9t\u00e9 Anamorphik S.A.R.L, repr\u00e9sent\u00e9e par M. Vincent Dhy\u00e8vre.<\/p>\n<p><strong>Anamorphik<br \/>\n<\/strong>165 Avenue Andr\u00e9 Malraux<br \/>\n54600 Villers-L\u00e8s-Nancy<br \/>\n<a href=\"https:\/\/www.anamorphik.com\/\" target=\"_blank\" rel=\"noreferrer noopener nofollow\">www.anamorphik.com<\/a><\/p>\n<p>Le site est h\u00e9berg\u00e9 et administr\u00e9 par la soci\u00e9t\u00e9 Anamorphik.<\/p>\n<h2>Cr\u00e9dit photos<\/h2>\n<p>Les images utilis\u00e9es pour la r\u00e9alisation du\u00a0site web <a href=\"https:\/\/www.photo-montier.org\/en\/\">www.photo-montier.org<\/a> proviennent de la phototh\u00e8que et sont la propri\u00e9t\u00e9 de l&#8217;AFPAN \u00ab L&#8217;Or Vert \u00bb. Toute copie, totale ou partielle, ne peut se faire sans l&#8217;accord de l&#8217;AFPAN \u00ab L&#8217;Or Vert \u00bb.<\/p>\n<p><a href=\"https:\/\/www.photo-montier.org\/en\/credits-photographiques\/\">Consulter le d\u00e9tail des cr\u00e9dits photographiques \u00a9.<\/a><\/p>\n<h2>Droit d\u2019auteur \u2013 Copyright<\/h2>\n<p>L\u2019ensemble de ce site rel\u00e8ve de la l\u00e9gislation fran\u00e7aise et internationale sur le droit d\u2019auteur et la propri\u00e9t\u00e9 intellectuelle. Tous les droits de reproduction sont r\u00e9serv\u00e9s, y compris pour les documents t\u00e9l\u00e9chargeables et les repr\u00e9sentations iconographiques et photographiques. La reproduction de tout ou partie de ce site sur un support \u00e9lectronique quel qu\u2019il soit est formellement interdite sauf autorisation expresse du directeur de publication. Vous pouvez contacter le secr\u00e9tariat\u00a0de l&#8217;AFPAN \u00ab L&#8217;Or Vert \u00bb qui se chargera de transmettre votre demande et vous fera part de la r\u00e9ponse du directeur de publication.<\/p>\n<h2>Acc\u00e8s au site<\/h2>\n<p>L\u2019utilisateur de ce site reconna\u00eet disposer de la comp\u00e9tence et des moyens n\u00e9cessaires pour acc\u00e9der et utiliser ce site. L&#8217;AFPAN \u00ab L&#8217;Or Vert \u00bb ne saurait \u00eatre tenu responsable des \u00e9l\u00e9ments en dehors de son contr\u00f4le et des dommages qui pourraient \u00e9ventuellement \u00eatre subis par l\u2019environnement technique de l\u2019utilisateur et notamment, ses ordinateurs, logiciels, \u00e9quipements r\u00e9seaux et tout autre mat\u00e9riel utilis\u00e9 pour acc\u00e9der ou utiliser le service et\/ou les informations. Il est rappel\u00e9 que le fait d\u2019acc\u00e9der ou de se maintenir frauduleusement dans un syst\u00e8me informatique, d\u2019entraver ou de fausser le fonctionnement d\u2019un tel syst\u00e8me, d\u2019introduire ou de modifier frauduleusement des donn\u00e9es dans un syst\u00e8me informatique constituent des d\u00e9lits passibles de sanctions p\u00e9nales.<\/p>\n<h2>Contenu du site<\/h2>\n<p>l&#8217;AFPAN \u00ab L&#8217;Or Vert \u00bb se r\u00e9serve le droit de corriger, \u00e0 tout moment et sans pr\u00e9avis, le contenu de ce site.<br \/>\nLa reproduction des textes de ce site sur un support papier est autoris\u00e9e, tout particuli\u00e8rement dans le cadre p\u00e9dagogique, sous r\u00e9serve du respect des trois conditions suivantes :\u00a0gratuit\u00e9 de la diffusion,\u00a0respect de l\u2019int\u00e9grit\u00e9 des documents reproduits : pas de modification ni alt\u00e9ration d\u2019aucune sorte,\u00a0citation claire et lisible de la source sous la forme suivante \u2013 par exemple \u2013 : \u00ab\u00a0Ce document provient du site internet\u00a0de l&#8217;AFPAN \u00ab L&#8217;Or Vert \u00bb\u00a0\u2013\u00a0<a href=\"https:\/\/www.photo-montier.org\/en\/\">www.photo-montier.org<\/a>\u00a0\u2013 Les droits de reproduction sont r\u00e9serv\u00e9s et strictement limit\u00e9s\u00a0\u00bb. L\u2019adresse internet du site doit imp\u00e9rativement figurer dans la r\u00e9f\u00e9rence.<\/p>\n<p>Pour d\u2019autres utilisations, veuillez nous consulter.<\/p>\n<h2>Liens Hypertextes<\/h2>\n<p>Le site de l&#8217;AFPAN \u00ab L&#8217;Or Vert \u00bb contient des liens hypertextes permettant l\u2019acc\u00e8s \u00e0 des sites qui ne sont pas \u00e9dit\u00e9s par l&#8217;AFPAN \u00ab L&#8217;Or Vert \u00bb . En cons\u00e9quence ce dernier ne saurait \u00eatre tenu pour responsable du contenu des sites auxquels l\u2019internaute aurait ainsi acc\u00e8s.<\/p>\n<p>La cr\u00e9ation de liens hypertextes vers le site de l&#8217;AFPAN \u00ab L&#8217;Or Vert \u00bb doit faire l\u2019objet d\u2019une autorisation pr\u00e9alable de l\u2019\u00e9diteur.<\/p>\n<h2>Cookies<\/h2>\n<p>L\u2019utilisateur est inform\u00e9 que lors de ses visites sur le site, un cookie peut s\u2019installer automatiquement et \u00eatre conserv\u00e9 temporairement en m\u00e9moire ou sur son disque dur. Un cookie est un \u00e9l\u00e9ment qui ne permet pas d\u2019identifier l\u2019utilisateur mais sert \u00e0 enregistrer des informations relatives \u00e0 la navigation de celui-ci sur le site internet. Les utilisateurs du site reconnaissent avoir \u00e9t\u00e9 inform\u00e9s de cette pratique et autorisent l&#8217;AFPAN \u00ab L&#8217;Or Vert \u00bb \u00e0 l\u2019employer. Ils pourront d\u00e9sactiver ce cookie par l\u2019interm\u00e9diaire des param\u00e8tres figurant au sein de leur logiciel de navigation.<\/p>\n<h2>Donn\u00e9es nominatives<\/h2>\n<p>Conform\u00e9ment \u00e0 l\u2019article 34 de la loi n\u00b078-17 du 6 janvier 1978 relative \u00e0 l\u2019informatique, aux fichiers et aux libert\u00e9s, l\u2019utilisateur dispose d\u2019un droit d\u2019acc\u00e8s, de modification, de rectification et de suppression des donn\u00e9es qui le concernent. Pour l\u2019exercer, l\u2019utilisateur peut contacter via la page contact du site.<\/p>\n<h2>Clause attributive de comp\u00e9tence<\/h2>\n<p>Ce site est soumis \u00e0 la loi fran\u00e7aise. En cas de litige, les tribunaux fran\u00e7ais seront seuls comp\u00e9tents.<\/p>\n","protected":false},"excerpt":{"rendered":"<p>\u00c9diteur<br \/>\nLe site web www.photo-montier.org\u00a0est \u00e9dit\u00e9 par l&#8217;AFPAN \u00ab L&#8217;Or Vert \u00bb :<br \/>\nAFPAN \u00ab L&#8217;Or Vert \u00bb<br \/>\n2A Place Auguste Lebon<br \/>\nMontier-en-Der<br \/>\n52220 La Porte du Der<\/p>\n<p>Directeur de publication [&hellip;]<\/p>\n","protected":false},"author":1,"featured_media":26248,"parent":0,"menu_order":143,"comment_status":"closed","ping_status":"closed","template":"","meta":{"_acf_changed":false,"footnotes":""},"acf":[],"yoast_head":"<!-- This site is optimized with the Yoast SEO plugin v23.5 - https:\/\/yoast.com\/wordpress\/plugins\/seo\/ -->\n<title>Mentions l\u00e9gales &#8211; Montier Photo Festival<\/title>\n<meta name=\"robots\" content=\"noindex, nofollow\" \/>\n<meta property=\"og:locale\" content=\"en_US\" \/>\n<meta property=\"og:type\" content=\"article\" \/>\n<meta property=\"og:title\" content=\"Mentions l\u00e9gales &#8211; Montier Photo Festival\" \/>\n<meta property=\"og:description\" content=\"\u00c9diteur Le site web www.photo-montier.org\u00a0est \u00e9dit\u00e9 par l&#8217;AFPAN \u00ab L&#8217;Or Vert \u00bb : AFPAN \u00ab L&#8217;Or Vert \u00bb 2A Place Auguste Lebon Montier-en-Der 52220 La Porte du Der Directeur de publication [&hellip;]\" \/>\n<meta property=\"og:url\" content=\"https:\/\/www.photo-montier.org\/en\/les-mentions-legales-festival-photo\/\" \/>\n<meta property=\"og:site_name\" content=\"Montier Photo Festival\" \/>\n<meta property=\"article:publisher\" content=\"https:\/\/www.facebook.com\/Festivalmontier\/\" \/>\n<meta property=\"article:modified_time\" content=\"2026-04-10T07:11:40+00:00\" \/>\n<meta property=\"og:image\" content=\"https:\/\/www.photo-montier.org\/wp-content\/uploads\/2016\/09\/21_montier_festival_photo.jpg\" \/>\n\t<meta property=\"og:image:width\" content=\"2048\" \/>\n\t<meta property=\"og:image:height\" content=\"410\" \/>\n\t<meta property=\"og:image:type\" content=\"image\/jpeg\" \/>\n<meta name=\"twitter:card\" content=\"summary_large_image\" \/>\n<meta name=\"twitter:site\" content=\"@festivalmontier\" \/>\n<meta name=\"twitter:label1\" content=\"Est. reading time\" \/>\n\t<meta name=\"twitter:data1\" content=\"4 minutes\" \/>\n<script type=\"application\/ld+json\" class=\"yoast-schema-graph\">{\"@context\":\"https:\/\/schema.org\",\"@graph\":[{\"@type\":\"WebPage\",\"@id\":\"https:\/\/www.photo-montier.org\/en\/les-mentions-legales-festival-photo\/\",\"url\":\"https:\/\/www.photo-montier.org\/en\/les-mentions-legales-festival-photo\/\",\"name\":\"Mentions l\u00e9gales &#8211; Montier Photo Festival\",\"isPartOf\":{\"@id\":\"https:\/\/www.photo-montier.org\/en\/#website\"},\"primaryImageOfPage\":{\"@id\":\"https:\/\/www.photo-montier.org\/en\/les-mentions-legales-festival-photo\/#primaryimage\"},\"image\":{\"@id\":\"https:\/\/www.photo-montier.org\/en\/les-mentions-legales-festival-photo\/#primaryimage\"},\"thumbnailUrl\":\"https:\/\/www.photo-montier.org\/wp-content\/uploads\/2016\/09\/21_montier_festival_photo.jpg\",\"datePublished\":\"2016-08-19T15:53:47+00:00\",\"dateModified\":\"2026-04-10T07:11:40+00:00\",\"breadcrumb\":{\"@id\":\"https:\/\/www.photo-montier.org\/en\/les-mentions-legales-festival-photo\/#breadcrumb\"},\"inLanguage\":\"en-US\",\"potentialAction\":[{\"@type\":\"ReadAction\",\"target\":[\"https:\/\/www.photo-montier.org\/en\/les-mentions-legales-festival-photo\/\"]}]},{\"@type\":\"ImageObject\",\"inLanguage\":\"en-US\",\"@id\":\"https:\/\/www.photo-montier.org\/en\/les-mentions-legales-festival-photo\/#primaryimage\",\"url\":\"https:\/\/www.photo-montier.org\/wp-content\/uploads\/2016\/09\/21_montier_festival_photo.jpg\",\"contentUrl\":\"https:\/\/www.photo-montier.org\/wp-content\/uploads\/2016\/09\/21_montier_festival_photo.jpg\",\"width\":2048,\"height\":410},{\"@type\":\"BreadcrumbList\",\"@id\":\"https:\/\/www.photo-montier.org\/en\/les-mentions-legales-festival-photo\/#breadcrumb\",\"itemListElement\":[{\"@type\":\"ListItem\",\"position\":1,\"name\":\"Home\",\"item\":\"https:\/\/www.photo-montier.org\/en\/\"},{\"@type\":\"ListItem\",\"position\":2,\"name\":\"Mentions l\u00e9gales\"}]},{\"@type\":\"WebSite\",\"@id\":\"https:\/\/www.photo-montier.org\/en\/#website\",\"url\":\"https:\/\/www.photo-montier.org\/en\/\",\"name\":\"Montier Photo Festival\",\"description\":\"International Wildlife and Nature Photo Festival\",\"publisher\":{\"@id\":\"https:\/\/www.photo-montier.org\/en\/#organization\"},\"potentialAction\":[{\"@type\":\"SearchAction\",\"target\":{\"@type\":\"EntryPoint\",\"urlTemplate\":\"https:\/\/www.photo-montier.org\/en\/?s={search_term_string}\"},\"query-input\":{\"@type\":\"PropertyValueSpecification\",\"valueRequired\":true,\"valueName\":\"search_term_string\"}}],\"inLanguage\":\"en-US\"},{\"@type\":\"Organization\",\"@id\":\"https:\/\/www.photo-montier.org\/en\/#organization\",\"name\":\"Montier Festival Photo\",\"url\":\"https:\/\/www.photo-montier.org\/en\/\",\"logo\":{\"@type\":\"ImageObject\",\"inLanguage\":\"en-US\",\"@id\":\"https:\/\/www.photo-montier.org\/en\/#\/schema\/logo\/image\/\",\"url\":\"https:\/\/www.photo-montier.org\/wp-content\/uploads\/2016\/06\/logo-festival-renard-couleur-1.png\",\"contentUrl\":\"https:\/\/www.photo-montier.org\/wp-content\/uploads\/2016\/06\/logo-festival-renard-couleur-1.png\",\"width\":408,\"height\":200,\"caption\":\"Montier Festival Photo\"},\"image\":{\"@id\":\"https:\/\/www.photo-montier.org\/en\/#\/schema\/logo\/image\/\"},\"sameAs\":[\"https:\/\/www.facebook.com\/Festivalmontier\/\",\"https:\/\/x.com\/festivalmontier\",\"https:\/\/www.instagram.com\/festivalmontier\/\",\"https:\/\/www.youtube.com\/channel\/UCylkMGITSE22T6fgWUEYIvw\",\"https:\/\/www.tiktok.com\/@festivalmontier\"]}]}<\/script>\n<!-- \/ Yoast SEO plugin. -->","yoast_head_json":{"title":"Mentions l\u00e9gales &#8211; Montier Photo Festival","robots":{"index":"noindex","follow":"nofollow"},"og_locale":"en_US","og_type":"article","og_title":"Mentions l\u00e9gales &#8211; Montier Photo Festival","og_description":"\u00c9diteur Le site web www.photo-montier.org\u00a0est \u00e9dit\u00e9 par l&#8217;AFPAN \u00ab L&#8217;Or Vert \u00bb : AFPAN \u00ab L&#8217;Or Vert \u00bb 2A Place Auguste Lebon Montier-en-Der 52220 La Porte du Der Directeur de publication [&hellip;]","og_url":"https:\/\/www.photo-montier.org\/en\/les-mentions-legales-festival-photo\/","og_site_name":"Montier Photo Festival","article_publisher":"https:\/\/www.facebook.com\/Festivalmontier\/","article_modified_time":"2026-04-10T07:11:40+00:00","og_image":[{"width":2048,"height":410,"url":"https:\/\/www.photo-montier.org\/wp-content\/uploads\/2016\/09\/21_montier_festival_photo.jpg","type":"image\/jpeg"}],"twitter_card":"summary_large_image","twitter_site":"@festivalmontier","twitter_misc":{"Est. reading time":"4 minutes"},"schema":{"@context":"https:\/\/schema.org","@graph":[{"@type":"WebPage","@id":"https:\/\/www.photo-montier.org\/en\/les-mentions-legales-festival-photo\/","url":"https:\/\/www.photo-montier.org\/en\/les-mentions-legales-festival-photo\/","name":"Mentions l\u00e9gales &#8211; Montier Photo Festival","isPartOf":{"@id":"https:\/\/www.photo-montier.org\/en\/#website"},"primaryImageOfPage":{"@id":"https:\/\/www.photo-montier.org\/en\/les-mentions-legales-festival-photo\/#primaryimage"},"image":{"@id":"https:\/\/www.photo-montier.org\/en\/les-mentions-legales-festival-photo\/#primaryimage"},"thumbnailUrl":"https:\/\/www.photo-montier.org\/wp-content\/uploads\/2016\/09\/21_montier_festival_photo.jpg","datePublished":"2016-08-19T15:53:47+00:00","dateModified":"2026-04-10T07:11:40+00:00","breadcrumb":{"@id":"https:\/\/www.photo-montier.org\/en\/les-mentions-legales-festival-photo\/#breadcrumb"},"inLanguage":"en-US","potentialAction":[{"@type":"ReadAction","target":["https:\/\/www.photo-montier.org\/en\/les-mentions-legales-festival-photo\/"]}]},{"@type":"ImageObject","inLanguage":"en-US","@id":"https:\/\/www.photo-montier.org\/en\/les-mentions-legales-festival-photo\/#primaryimage","url":"https:\/\/www.photo-montier.org\/wp-content\/uploads\/2016\/09\/21_montier_festival_photo.jpg","contentUrl":"https:\/\/www.photo-montier.org\/wp-content\/uploads\/2016\/09\/21_montier_festival_photo.jpg","width":2048,"height":410},{"@type":"BreadcrumbList","@id":"https:\/\/www.photo-montier.org\/en\/les-mentions-legales-festival-photo\/#breadcrumb","itemListElement":[{"@type":"ListItem","position":1,"name":"Home","item":"https:\/\/www.photo-montier.org\/en\/"},{"@type":"ListItem","position":2,"name":"Mentions l\u00e9gales"}]},{"@type":"WebSite","@id":"https:\/\/www.photo-montier.org\/en\/#website","url":"https:\/\/www.photo-montier.org\/en\/","name":"Montier Photo Festival","description":"International Wildlife and Nature Photo Festival","publisher":{"@id":"https:\/\/www.photo-montier.org\/en\/#organization"},"potentialAction":[{"@type":"SearchAction","target":{"@type":"EntryPoint","urlTemplate":"https:\/\/www.photo-montier.org\/en\/?s={search_term_string}"},"query-input":{"@type":"PropertyValueSpecification","valueRequired":true,"valueName":"search_term_string"}}],"inLanguage":"en-US"},{"@type":"Organization","@id":"https:\/\/www.photo-montier.org\/en\/#organization","name":"Montier Festival Photo","url":"https:\/\/www.photo-montier.org\/en\/","logo":{"@type":"ImageObject","inLanguage":"en-US","@id":"https:\/\/www.photo-montier.org\/en\/#\/schema\/logo\/image\/","url":"https:\/\/www.photo-montier.org\/wp-content\/uploads\/2016\/06\/logo-festival-renard-couleur-1.png","contentUrl":"https:\/\/www.photo-montier.org\/wp-content\/uploads\/2016\/06\/logo-festival-renard-couleur-1.png","width":408,"height":200,"caption":"Montier Festival Photo"},"image":{"@id":"https:\/\/www.photo-montier.org\/en\/#\/schema\/logo\/image\/"},"sameAs":["https:\/\/www.facebook.com\/Festivalmontier\/","https:\/\/x.com\/festivalmontier","https:\/\/www.instagram.com\/festivalmontier\/","https:\/\/www.youtube.com\/channel\/UCylkMGITSE22T6fgWUEYIvw","https:\/\/www.tiktok.com\/@festivalmontier"]}]}},"_links":{"self":[{"href":"https:\/\/www.photo-montier.org\/en\/wp-json\/wp\/v2\/pages\/32400"}],"collection":[{"href":"https:\/\/www.photo-montier.org\/en\/wp-json\/wp\/v2\/pages"}],"about":[{"href":"https:\/\/www.photo-montier.org\/en\/wp-json\/wp\/v2\/types\/page"}],"author":[{"embeddable":true,"href":"https:\/\/www.photo-montier.org\/en\/wp-json\/wp\/v2\/users\/1"}],"replies":[{"embeddable":true,"href":"https:\/\/www.photo-montier.org\/en\/wp-json\/wp\/v2\/comments?post=32400"}],"version-history":[{"count":3,"href":"https:\/\/www.photo-montier.org\/en\/wp-json\/wp\/v2\/pages\/32400\/revisions"}],"predecessor-version":[{"id":80891,"href":"https:\/\/www.photo-montier.org\/en\/wp-json\/wp\/v2\/pages\/32400\/revisions\/80891"}],"wp:featuredmedia":[{"embeddable":true,"href":"https:\/\/www.photo-montier.org\/en\/wp-json\/wp\/v2\/media\/26248"}],"wp:attachment":[{"href":"https:\/\/www.photo-montier.org\/en\/wp-json\/wp\/v2\/media?parent=32400"}],"curies":[{"name":"wp","href":"https:\/\/api.w.org\/{rel}","templated":true}]}}