{"id":75212,"date":"2025-06-05T13:22:31","date_gmt":"2025-06-05T11:22:31","guid":{"rendered":"https:\/\/www.photo-montier.org\/fiche-exposant\/a-les-rivieres-glaciaires-islandaises\/"},"modified":"2025-06-05T15:13:43","modified_gmt":"2025-06-05T13:13:43","slug":"a-les-rivieres-glaciaires-islandaises","status":"publish","type":"kexposants","link":"https:\/\/www.photo-montier.org\/en\/fiche-exposant\/a-les-rivieres-glaciaires-islandaises\/","title":{"rendered":"&#8220;\u00e1&#8221; &#8211; the Icelandic glacial rivers"},"content":{"rendered":"<div id='gallery-1' class='gallery galleryid-75212 gallery-columns-4 gallery-size-medium'><dl class='gallery-item'>\n\t\t\t<dt class='gallery-icon portrait'>\n\t\t\t\t<a href='https:\/\/www.photo-montier.org\/wp-content\/uploads\/exposants\/2025\/bodyofariver-683x1024.jpg'><img decoding=\"async\" width=\"200\" height=\"300\" src=\"https:\/\/www.photo-montier.org\/wp-content\/uploads\/exposants\/2025\/bodyofariver-200x300.jpg\" class=\"attachment-medium size-medium\" alt=\"Montier Photo Festival\" srcset=\"https:\/\/www.photo-montier.org\/wp-content\/uploads\/exposants\/2025\/bodyofariver-200x300.jpg 200w, https:\/\/www.photo-montier.org\/wp-content\/uploads\/exposants\/2025\/bodyofariver-683x1024.jpg 683w, https:\/\/www.photo-montier.org\/wp-content\/uploads\/exposants\/2025\/bodyofariver-768x1152.jpg 768w, https:\/\/www.photo-montier.org\/wp-content\/uploads\/exposants\/2025\/bodyofariver.jpg 2000w\" sizes=\"(max-width: 200px) 100vw, 200px\" \/><\/a>\n\t\t\t<\/dt><\/dl><dl class='gallery-item'>\n\t\t\t<dt class='gallery-icon landscape'>\n\t\t\t\t<a href='https:\/\/www.photo-montier.org\/wp-content\/uploads\/exposants\/2025\/aurora-1024x683.jpg'><img decoding=\"async\" width=\"300\" height=\"200\" src=\"https:\/\/www.photo-montier.org\/wp-content\/uploads\/exposants\/2025\/aurora-300x200.jpg\" class=\"attachment-medium size-medium\" alt=\"Montier Photo Festival\" srcset=\"https:\/\/www.photo-montier.org\/wp-content\/uploads\/exposants\/2025\/aurora-300x200.jpg 300w, https:\/\/www.photo-montier.org\/wp-content\/uploads\/exposants\/2025\/aurora-1024x683.jpg 1024w, https:\/\/www.photo-montier.org\/wp-content\/uploads\/exposants\/2025\/aurora-768x512.jpg 768w\" sizes=\"(max-width: 300px) 100vw, 300px\" \/><\/a>\n\t\t\t<\/dt><\/dl><dl class='gallery-item'>\n\t\t\t<dt class='gallery-icon portrait'>\n\t\t\t\t<a href='https:\/\/www.photo-montier.org\/wp-content\/uploads\/exposants\/2025\/braided-683x1024.jpg'><img decoding=\"async\" width=\"200\" height=\"300\" src=\"https:\/\/www.photo-montier.org\/wp-content\/uploads\/exposants\/2025\/braided-200x300.jpg\" class=\"attachment-medium size-medium\" alt=\"Montier Photo Festival\" srcset=\"https:\/\/www.photo-montier.org\/wp-content\/uploads\/exposants\/2025\/braided-200x300.jpg 200w, https:\/\/www.photo-montier.org\/wp-content\/uploads\/exposants\/2025\/braided-683x1024.jpg 683w, https:\/\/www.photo-montier.org\/wp-content\/uploads\/exposants\/2025\/braided-768x1152.jpg 768w, https:\/\/www.photo-montier.org\/wp-content\/uploads\/exposants\/2025\/braided.jpg 2000w\" sizes=\"(max-width: 200px) 100vw, 200px\" \/><\/a>\n\t\t\t<\/dt><\/dl><dl class='gallery-item'>\n\t\t\t<dt class='gallery-icon landscape'>\n\t\t\t\t<a href='https:\/\/www.photo-montier.org\/wp-content\/uploads\/exposants\/2025\/eyelashes-1024x683.jpg'><img decoding=\"async\" width=\"300\" height=\"200\" src=\"https:\/\/www.photo-montier.org\/wp-content\/uploads\/exposants\/2025\/eyelashes-300x200.jpg\" class=\"attachment-medium size-medium\" alt=\"Montier Photo Festival\" srcset=\"https:\/\/www.photo-montier.org\/wp-content\/uploads\/exposants\/2025\/eyelashes-300x200.jpg 300w, https:\/\/www.photo-montier.org\/wp-content\/uploads\/exposants\/2025\/eyelashes-1024x683.jpg 1024w, https:\/\/www.photo-montier.org\/wp-content\/uploads\/exposants\/2025\/eyelashes-768x512.jpg 768w\" sizes=\"(max-width: 300px) 100vw, 300px\" \/><\/a>\n\t\t\t<\/dt><\/dl><br style=\"clear: both\" \/><dl class='gallery-item'>\n\t\t\t<dt class='gallery-icon landscape'>\n\t\t\t\t<a href='https:\/\/www.photo-montier.org\/wp-content\/uploads\/exposants\/2025\/mixingwaters-1024x683.jpg'><img decoding=\"async\" width=\"300\" height=\"200\" src=\"https:\/\/www.photo-montier.org\/wp-content\/uploads\/exposants\/2025\/mixingwaters-300x200.jpg\" class=\"attachment-medium size-medium\" alt=\"Montier Photo Festival\" srcset=\"https:\/\/www.photo-montier.org\/wp-content\/uploads\/exposants\/2025\/mixingwaters-300x200.jpg 300w, https:\/\/www.photo-montier.org\/wp-content\/uploads\/exposants\/2025\/mixingwaters-1024x683.jpg 1024w, https:\/\/www.photo-montier.org\/wp-content\/uploads\/exposants\/2025\/mixingwaters-768x512.jpg 768w\" sizes=\"(max-width: 300px) 100vw, 300px\" \/><\/a>\n\t\t\t<\/dt><\/dl><dl class='gallery-item'>\n\t\t\t<dt class='gallery-icon portrait'>\n\t\t\t\t<a href='https:\/\/www.photo-montier.org\/wp-content\/uploads\/exposants\/2025\/PhilPortrait-814x1024.jpg'><img decoding=\"async\" width=\"238\" height=\"300\" src=\"https:\/\/www.photo-montier.org\/wp-content\/uploads\/exposants\/2025\/PhilPortrait-238x300.jpg\" class=\"attachment-medium size-medium\" alt=\"Montier Photo Festival\" srcset=\"https:\/\/www.photo-montier.org\/wp-content\/uploads\/exposants\/2025\/PhilPortrait-238x300.jpg 238w, https:\/\/www.photo-montier.org\/wp-content\/uploads\/exposants\/2025\/PhilPortrait-814x1024.jpg 814w, https:\/\/www.photo-montier.org\/wp-content\/uploads\/exposants\/2025\/PhilPortrait-768x966.jpg 768w\" sizes=\"(max-width: 238px) 100vw, 238px\" \/><\/a>\n\t\t\t<\/dt><\/dl>\n\t\t\t<br style='clear: both' \/>\n\t\t<\/div>\n\n","protected":false},"author":1037,"featured_media":75177,"template":"","exposants":[697],"site-exposants":[514],"type-exposants-conferences":[],"type-exposants":[527],"acf":{"kexposants_custom_thumbnail":75185,"kexposants_expo_group":"","kexposants_title_en":"\"\u00e1\" -  the Icelandic glacial rivers","kexposants_day_conf_date":null,"kexposants_hours_conf_text_start":"","kexposants_hours_conf_text_end":"","kexposants_bio":"Photographer, naturalist and passionate about art and nature since a young age, I left my native Pyrenees mountains to settle in Iceland 12 years ago.\r\nIn the Westfjords, I collaborate with scientists from the Icelandic Nature Institute, documenting animal behavior\u2014particularly the arctic fox\u2014to improve its conservation. I also guide numerous amateur photographers in exploring Icelandic wildlife and landscapes.\r\nDuring my icelandic photography journey, I got the chance to discover drone photography and specialised in capturing the country's textures, geology, and its amazing glacial rivers.","kexposants_bio_en":"Photographer, naturalist and passionate about art and nature since a young age, I left my native Pyrenees mountains to settle in Iceland 12 years ago.\r\nIn the Westfjords, I collaborate with scientists from the Icelandic Nature Institute, documenting animal behavior\u2014particularly the arctic fox\u2014to improve its conservation. I also guide numerous amateur photographers in exploring Icelandic wildlife and landscapes.\r\nDuring my icelandic photography journey, I got the chance to discover drone photography and specialised in capturing the country's textures, geology, and its amazing glacial rivers.","kexposants_expo":"\u00e1.\r\nIt's a simple letter.\r\nWith an accent.\r\nAcute, not grave.\r\nWhich means you'll only find it on Icelandic keyboards.\r\n\u00e1, pronounced \"ow.\"\r\nA single letter that's also a word in Icelandic: \"river.\"\r\nAnd a suffix for the names of the country's largest rivers: Thjors\u00e1, Skaft\u00e1, J\u00f6kuls\u00e1, Brunn\u00e1.\r\n\u00e1 is a documentary, aesthetic, and abstract work on the history of water and its many twists and turns.\r\nThe story of the glacier that gradually disappears, of the river that sculpts the landscape, sowing chaos and life, and of the ocean that awaits it.","kexposants_expo_en":"\u00e1.\r\nIt's a simple letter.\r\nWith an accent.\r\nAcute, not grave.\r\nWhich means you'll only find it on Icelandic keyboards.\r\n\u00e1, pronounced \"ow.\"\r\nA single letter that's also a word in Icelandic: \"river.\"\r\nAnd a suffix for the names of the country's largest rivers: Thjors\u00e1, Skaft\u00e1, J\u00f6kuls\u00e1, Brunn\u00e1.\r\n\u00e1 is a documentary, aesthetic, and abstract work on the history of water and its many twists and turns.\r\nThe story of the glacier that gradually disappears, of the river that sculpts the landscape, sowing chaos and life, and of the ocean that awaits it.","kexposants_denomination":"Phil GARCIA","kexposants_user_id":370,"kexposants_url_movie":""},"yoast_head":"<!-- This site is optimized with the Yoast SEO plugin v23.5 - https:\/\/yoast.com\/wordpress\/plugins\/seo\/ -->\n<title>&quot;\u00e1&quot; - the Icelandic glacial rivers | Exposant &#8211; Montier Photo Festival<\/title>\n<meta name=\"robots\" content=\"index, follow, max-snippet:-1, max-image-preview:large, max-video-preview:-1\" \/>\n<link rel=\"canonical\" href=\"https:\/\/www.photo-montier.org\/en\/fiche-exposant\/a-les-rivieres-glaciaires-islandaises\/\" \/>\n<meta property=\"og:locale\" content=\"en_US\" \/>\n<meta property=\"og:type\" content=\"article\" \/>\n<meta property=\"og:title\" content=\"&quot;\u00e1&quot; - the Icelandic glacial rivers | Exposant &#8211; Montier Photo Festival\" \/>\n<meta property=\"og:url\" content=\"https:\/\/www.photo-montier.org\/en\/fiche-exposant\/a-les-rivieres-glaciaires-islandaises\/\" \/>\n<meta property=\"og:site_name\" content=\"Montier Photo Festival\" \/>\n<meta property=\"article:publisher\" content=\"https:\/\/www.facebook.com\/Festivalmontier\/\" \/>\n<meta property=\"article:modified_time\" content=\"2025-06-05T13:13:43+00:00\" \/>\n<meta property=\"og:image\" content=\"https:\/\/www.photo-montier.org\/wp-content\/uploads\/exposants\/2025\/PhilPortrait2-1024x576.jpg\" \/>\n\t<meta property=\"og:image:width\" content=\"1024\" \/>\n\t<meta property=\"og:image:height\" content=\"576\" \/>\n\t<meta property=\"og:image:type\" content=\"image\/jpeg\" \/>\n<meta name=\"twitter:card\" content=\"summary_large_image\" \/>\n<meta name=\"twitter:site\" content=\"@festivalmontier\" \/>\n<script type=\"application\/ld+json\" class=\"yoast-schema-graph\">{\"@context\":\"https:\/\/schema.org\",\"@graph\":[{\"@type\":\"WebPage\",\"@id\":\"https:\/\/www.photo-montier.org\/en\/fiche-exposant\/a-les-rivieres-glaciaires-islandaises\/\",\"url\":\"https:\/\/www.photo-montier.org\/en\/fiche-exposant\/a-les-rivieres-glaciaires-islandaises\/\",\"name\":\"\\\"\u00e1\\\" - the Icelandic glacial rivers | Exposant &#8211; Montier Photo Festival\",\"isPartOf\":{\"@id\":\"https:\/\/www.photo-montier.org\/en\/#website\"},\"primaryImageOfPage\":{\"@id\":\"https:\/\/www.photo-montier.org\/en\/fiche-exposant\/a-les-rivieres-glaciaires-islandaises\/#primaryimage\"},\"image\":{\"@id\":\"https:\/\/www.photo-montier.org\/en\/fiche-exposant\/a-les-rivieres-glaciaires-islandaises\/#primaryimage\"},\"thumbnailUrl\":\"https:\/\/www.photo-montier.org\/wp-content\/uploads\/exposants\/2025\/PhilPortrait2.jpg\",\"datePublished\":\"2025-06-05T11:22:31+00:00\",\"dateModified\":\"2025-06-05T13:13:43+00:00\",\"breadcrumb\":{\"@id\":\"https:\/\/www.photo-montier.org\/en\/fiche-exposant\/a-les-rivieres-glaciaires-islandaises\/#breadcrumb\"},\"inLanguage\":\"en-US\",\"potentialAction\":[{\"@type\":\"ReadAction\",\"target\":[\"https:\/\/www.photo-montier.org\/en\/fiche-exposant\/a-les-rivieres-glaciaires-islandaises\/\"]}]},{\"@type\":\"ImageObject\",\"inLanguage\":\"en-US\",\"@id\":\"https:\/\/www.photo-montier.org\/en\/fiche-exposant\/a-les-rivieres-glaciaires-islandaises\/#primaryimage\",\"url\":\"https:\/\/www.photo-montier.org\/wp-content\/uploads\/exposants\/2025\/PhilPortrait2.jpg\",\"contentUrl\":\"https:\/\/www.photo-montier.org\/wp-content\/uploads\/exposants\/2025\/PhilPortrait2.jpg\",\"width\":3000,\"height\":1688},{\"@type\":\"BreadcrumbList\",\"@id\":\"https:\/\/www.photo-montier.org\/en\/fiche-exposant\/a-les-rivieres-glaciaires-islandaises\/#breadcrumb\",\"itemListElement\":[{\"@type\":\"ListItem\",\"position\":1,\"name\":\"Home\",\"item\":\"https:\/\/www.photo-montier.org\/en\/\"},{\"@type\":\"ListItem\",\"position\":2,\"name\":\"Exposants\",\"item\":\"https:\/\/www.photo-montier.org\/en\/fiche-exposant\/\"},{\"@type\":\"ListItem\",\"position\":3,\"name\":\"2025\",\"item\":\"https:\/\/www.photo-montier.org\/en\/exposants\/2025\/\"},{\"@type\":\"ListItem\",\"position\":4,\"name\":\"\u00ab\u00a0\u00e1\u00a0\u00bb &#8211; the Icelandic glacial rivers\"}]},{\"@type\":\"WebSite\",\"@id\":\"https:\/\/www.photo-montier.org\/en\/#website\",\"url\":\"https:\/\/www.photo-montier.org\/en\/\",\"name\":\"Montier Photo Festival\",\"description\":\"International Wildlife and Nature Photo Festival\",\"publisher\":{\"@id\":\"https:\/\/www.photo-montier.org\/en\/#organization\"},\"potentialAction\":[{\"@type\":\"SearchAction\",\"target\":{\"@type\":\"EntryPoint\",\"urlTemplate\":\"https:\/\/www.photo-montier.org\/en\/?s={search_term_string}\"},\"query-input\":{\"@type\":\"PropertyValueSpecification\",\"valueRequired\":true,\"valueName\":\"search_term_string\"}}],\"inLanguage\":\"en-US\"},{\"@type\":\"Organization\",\"@id\":\"https:\/\/www.photo-montier.org\/en\/#organization\",\"name\":\"Montier Festival Photo\",\"url\":\"https:\/\/www.photo-montier.org\/en\/\",\"logo\":{\"@type\":\"ImageObject\",\"inLanguage\":\"en-US\",\"@id\":\"https:\/\/www.photo-montier.org\/en\/#\/schema\/logo\/image\/\",\"url\":\"https:\/\/www.photo-montier.org\/wp-content\/uploads\/2016\/06\/logo-festival-renard-couleur-1.png\",\"contentUrl\":\"https:\/\/www.photo-montier.org\/wp-content\/uploads\/2016\/06\/logo-festival-renard-couleur-1.png\",\"width\":408,\"height\":200,\"caption\":\"Montier Festival Photo\"},\"image\":{\"@id\":\"https:\/\/www.photo-montier.org\/en\/#\/schema\/logo\/image\/\"},\"sameAs\":[\"https:\/\/www.facebook.com\/Festivalmontier\/\",\"https:\/\/x.com\/festivalmontier\",\"https:\/\/www.instagram.com\/festivalmontier\/\",\"https:\/\/www.youtube.com\/channel\/UCylkMGITSE22T6fgWUEYIvw\",\"https:\/\/www.tiktok.com\/@festivalmontier\"]}]}<\/script>\n<!-- \/ Yoast SEO plugin. -->","yoast_head_json":{"title":"\"\u00e1\" - the Icelandic glacial rivers | Exposant &#8211; Montier Photo Festival","robots":{"index":"index","follow":"follow","max-snippet":"max-snippet:-1","max-image-preview":"max-image-preview:large","max-video-preview":"max-video-preview:-1"},"canonical":"https:\/\/www.photo-montier.org\/en\/fiche-exposant\/a-les-rivieres-glaciaires-islandaises\/","og_locale":"en_US","og_type":"article","og_title":"\"\u00e1\" - the Icelandic glacial rivers | Exposant &#8211; Montier Photo Festival","og_url":"https:\/\/www.photo-montier.org\/en\/fiche-exposant\/a-les-rivieres-glaciaires-islandaises\/","og_site_name":"Montier Photo Festival","article_publisher":"https:\/\/www.facebook.com\/Festivalmontier\/","article_modified_time":"2025-06-05T13:13:43+00:00","og_image":[{"width":1024,"height":576,"url":"https:\/\/www.photo-montier.org\/wp-content\/uploads\/exposants\/2025\/PhilPortrait2-1024x576.jpg","type":"image\/jpeg"}],"twitter_card":"summary_large_image","twitter_site":"@festivalmontier","schema":{"@context":"https:\/\/schema.org","@graph":[{"@type":"WebPage","@id":"https:\/\/www.photo-montier.org\/en\/fiche-exposant\/a-les-rivieres-glaciaires-islandaises\/","url":"https:\/\/www.photo-montier.org\/en\/fiche-exposant\/a-les-rivieres-glaciaires-islandaises\/","name":"\"\u00e1\" - the Icelandic glacial rivers | Exposant &#8211; Montier Photo Festival","isPartOf":{"@id":"https:\/\/www.photo-montier.org\/en\/#website"},"primaryImageOfPage":{"@id":"https:\/\/www.photo-montier.org\/en\/fiche-exposant\/a-les-rivieres-glaciaires-islandaises\/#primaryimage"},"image":{"@id":"https:\/\/www.photo-montier.org\/en\/fiche-exposant\/a-les-rivieres-glaciaires-islandaises\/#primaryimage"},"thumbnailUrl":"https:\/\/www.photo-montier.org\/wp-content\/uploads\/exposants\/2025\/PhilPortrait2.jpg","datePublished":"2025-06-05T11:22:31+00:00","dateModified":"2025-06-05T13:13:43+00:00","breadcrumb":{"@id":"https:\/\/www.photo-montier.org\/en\/fiche-exposant\/a-les-rivieres-glaciaires-islandaises\/#breadcrumb"},"inLanguage":"en-US","potentialAction":[{"@type":"ReadAction","target":["https:\/\/www.photo-montier.org\/en\/fiche-exposant\/a-les-rivieres-glaciaires-islandaises\/"]}]},{"@type":"ImageObject","inLanguage":"en-US","@id":"https:\/\/www.photo-montier.org\/en\/fiche-exposant\/a-les-rivieres-glaciaires-islandaises\/#primaryimage","url":"https:\/\/www.photo-montier.org\/wp-content\/uploads\/exposants\/2025\/PhilPortrait2.jpg","contentUrl":"https:\/\/www.photo-montier.org\/wp-content\/uploads\/exposants\/2025\/PhilPortrait2.jpg","width":3000,"height":1688},{"@type":"BreadcrumbList","@id":"https:\/\/www.photo-montier.org\/en\/fiche-exposant\/a-les-rivieres-glaciaires-islandaises\/#breadcrumb","itemListElement":[{"@type":"ListItem","position":1,"name":"Home","item":"https:\/\/www.photo-montier.org\/en\/"},{"@type":"ListItem","position":2,"name":"Exposants","item":"https:\/\/www.photo-montier.org\/en\/fiche-exposant\/"},{"@type":"ListItem","position":3,"name":"2025","item":"https:\/\/www.photo-montier.org\/en\/exposants\/2025\/"},{"@type":"ListItem","position":4,"name":"\u00ab\u00a0\u00e1\u00a0\u00bb &#8211; the Icelandic glacial rivers"}]},{"@type":"WebSite","@id":"https:\/\/www.photo-montier.org\/en\/#website","url":"https:\/\/www.photo-montier.org\/en\/","name":"Montier Photo Festival","description":"International Wildlife and Nature Photo Festival","publisher":{"@id":"https:\/\/www.photo-montier.org\/en\/#organization"},"potentialAction":[{"@type":"SearchAction","target":{"@type":"EntryPoint","urlTemplate":"https:\/\/www.photo-montier.org\/en\/?s={search_term_string}"},"query-input":{"@type":"PropertyValueSpecification","valueRequired":true,"valueName":"search_term_string"}}],"inLanguage":"en-US"},{"@type":"Organization","@id":"https:\/\/www.photo-montier.org\/en\/#organization","name":"Montier Festival Photo","url":"https:\/\/www.photo-montier.org\/en\/","logo":{"@type":"ImageObject","inLanguage":"en-US","@id":"https:\/\/www.photo-montier.org\/en\/#\/schema\/logo\/image\/","url":"https:\/\/www.photo-montier.org\/wp-content\/uploads\/2016\/06\/logo-festival-renard-couleur-1.png","contentUrl":"https:\/\/www.photo-montier.org\/wp-content\/uploads\/2016\/06\/logo-festival-renard-couleur-1.png","width":408,"height":200,"caption":"Montier Festival Photo"},"image":{"@id":"https:\/\/www.photo-montier.org\/en\/#\/schema\/logo\/image\/"},"sameAs":["https:\/\/www.facebook.com\/Festivalmontier\/","https:\/\/x.com\/festivalmontier","https:\/\/www.instagram.com\/festivalmontier\/","https:\/\/www.youtube.com\/channel\/UCylkMGITSE22T6fgWUEYIvw","https:\/\/www.tiktok.com\/@festivalmontier"]}]}},"_links":{"self":[{"href":"https:\/\/www.photo-montier.org\/en\/wp-json\/wp\/v2\/kexposants\/75212"}],"collection":[{"href":"https:\/\/www.photo-montier.org\/en\/wp-json\/wp\/v2\/kexposants"}],"about":[{"href":"https:\/\/www.photo-montier.org\/en\/wp-json\/wp\/v2\/types\/kexposants"}],"author":[{"embeddable":true,"href":"https:\/\/www.photo-montier.org\/en\/wp-json\/wp\/v2\/users\/1037"}],"version-history":[{"count":2,"href":"https:\/\/www.photo-montier.org\/en\/wp-json\/wp\/v2\/kexposants\/75212\/revisions"}],"predecessor-version":[{"id":75214,"href":"https:\/\/www.photo-montier.org\/en\/wp-json\/wp\/v2\/kexposants\/75212\/revisions\/75214"}],"wp:featuredmedia":[{"embeddable":true,"href":"https:\/\/www.photo-montier.org\/en\/wp-json\/wp\/v2\/media\/75177"}],"wp:attachment":[{"href":"https:\/\/www.photo-montier.org\/en\/wp-json\/wp\/v2\/media?parent=75212"}],"wp:term":[{"taxonomy":"exposants","embeddable":true,"href":"https:\/\/www.photo-montier.org\/en\/wp-json\/wp\/v2\/exposants?post=75212"},{"taxonomy":"site-exposants","embeddable":true,"href":"https:\/\/www.photo-montier.org\/en\/wp-json\/wp\/v2\/site-exposants?post=75212"},{"taxonomy":"type-exposants-conferences","embeddable":true,"href":"https:\/\/www.photo-montier.org\/en\/wp-json\/wp\/v2\/type-exposants-conferences?post=75212"},{"taxonomy":"type-exposants","embeddable":true,"href":"https:\/\/www.photo-montier.org\/en\/wp-json\/wp\/v2\/type-exposants?post=75212"}],"curies":[{"name":"wp","href":"https:\/\/api.w.org\/{rel}","templated":true}]}}