{"id":74808,"date":"2025-05-27T12:35:42","date_gmt":"2025-05-27T10:35:42","guid":{"rendered":"https:\/\/www.photo-montier.org\/fiche-exposant\/beaute-saharienne-dunes-et-dromadaires\/"},"modified":"2025-05-27T13:41:56","modified_gmt":"2025-05-27T11:41:56","slug":"beaute-saharienne-dunes-et-dromadaires","status":"publish","type":"kexposants","link":"https:\/\/www.photo-montier.org\/en\/fiche-exposant\/beaute-saharienne-dunes-et-dromadaires\/","title":{"rendered":"Saharan beauty &#8211; Dunes and dromaderies"},"content":{"rendered":"<div id='gallery-1' class='gallery galleryid-74808 gallery-columns-4 gallery-size-medium'><dl class='gallery-item'>\n\t\t\t<dt class='gallery-icon landscape'>\n\t\t\t\t<a href='https:\/\/www.photo-montier.org\/wp-content\/uploads\/exposants\/2025\/09-TABARY-SOLANGE-BEAUTE-SAHARIENNE-1024x683.jpg'><img decoding=\"async\" width=\"300\" height=\"200\" src=\"https:\/\/www.photo-montier.org\/wp-content\/uploads\/exposants\/2025\/09-TABARY-SOLANGE-BEAUTE-SAHARIENNE-300x200.jpg\" class=\"attachment-medium size-medium\" alt=\"Montier Photo Festival\" srcset=\"https:\/\/www.photo-montier.org\/wp-content\/uploads\/exposants\/2025\/09-TABARY-SOLANGE-BEAUTE-SAHARIENNE-300x200.jpg 300w, https:\/\/www.photo-montier.org\/wp-content\/uploads\/exposants\/2025\/09-TABARY-SOLANGE-BEAUTE-SAHARIENNE-1024x683.jpg 1024w, https:\/\/www.photo-montier.org\/wp-content\/uploads\/exposants\/2025\/09-TABARY-SOLANGE-BEAUTE-SAHARIENNE-768x512.jpg 768w\" sizes=\"(max-width: 300px) 100vw, 300px\" \/><\/a>\n\t\t\t<\/dt><\/dl><dl class='gallery-item'>\n\t\t\t<dt class='gallery-icon landscape'>\n\t\t\t\t<a href='https:\/\/www.photo-montier.org\/wp-content\/uploads\/exposants\/2025\/04-TABARY-SOLANGE-BEAUTE-SAHARIENNE-1024x684.jpg'><img decoding=\"async\" width=\"300\" height=\"200\" src=\"https:\/\/www.photo-montier.org\/wp-content\/uploads\/exposants\/2025\/04-TABARY-SOLANGE-BEAUTE-SAHARIENNE-300x200.jpg\" class=\"attachment-medium size-medium\" alt=\"Montier Photo Festival\" srcset=\"https:\/\/www.photo-montier.org\/wp-content\/uploads\/exposants\/2025\/04-TABARY-SOLANGE-BEAUTE-SAHARIENNE-300x200.jpg 300w, https:\/\/www.photo-montier.org\/wp-content\/uploads\/exposants\/2025\/04-TABARY-SOLANGE-BEAUTE-SAHARIENNE-1024x684.jpg 1024w, https:\/\/www.photo-montier.org\/wp-content\/uploads\/exposants\/2025\/04-TABARY-SOLANGE-BEAUTE-SAHARIENNE-768x513.jpg 768w\" sizes=\"(max-width: 300px) 100vw, 300px\" \/><\/a>\n\t\t\t<\/dt><\/dl><dl class='gallery-item'>\n\t\t\t<dt class='gallery-icon landscape'>\n\t\t\t\t<a href='https:\/\/www.photo-montier.org\/wp-content\/uploads\/exposants\/2025\/11-TABARY-SOLANGE-BEAUTE-SAHARIENNE-1024x683.jpg'><img decoding=\"async\" width=\"300\" height=\"200\" src=\"https:\/\/www.photo-montier.org\/wp-content\/uploads\/exposants\/2025\/11-TABARY-SOLANGE-BEAUTE-SAHARIENNE-300x200.jpg\" class=\"attachment-medium size-medium\" alt=\"Montier Photo Festival\" srcset=\"https:\/\/www.photo-montier.org\/wp-content\/uploads\/exposants\/2025\/11-TABARY-SOLANGE-BEAUTE-SAHARIENNE-300x200.jpg 300w, https:\/\/www.photo-montier.org\/wp-content\/uploads\/exposants\/2025\/11-TABARY-SOLANGE-BEAUTE-SAHARIENNE-1024x683.jpg 1024w, https:\/\/www.photo-montier.org\/wp-content\/uploads\/exposants\/2025\/11-TABARY-SOLANGE-BEAUTE-SAHARIENNE-768x512.jpg 768w\" sizes=\"(max-width: 300px) 100vw, 300px\" \/><\/a>\n\t\t\t<\/dt><\/dl><dl class='gallery-item'>\n\t\t\t<dt class='gallery-icon landscape'>\n\t\t\t\t<a href='https:\/\/www.photo-montier.org\/wp-content\/uploads\/exposants\/2025\/07-TABARY-SOLANGE-BEAUTE-SAHARIENNE-1024x683.jpg'><img decoding=\"async\" width=\"300\" height=\"200\" src=\"https:\/\/www.photo-montier.org\/wp-content\/uploads\/exposants\/2025\/07-TABARY-SOLANGE-BEAUTE-SAHARIENNE-300x200.jpg\" class=\"attachment-medium size-medium\" alt=\"Montier Photo Festival\" srcset=\"https:\/\/www.photo-montier.org\/wp-content\/uploads\/exposants\/2025\/07-TABARY-SOLANGE-BEAUTE-SAHARIENNE-300x200.jpg 300w, https:\/\/www.photo-montier.org\/wp-content\/uploads\/exposants\/2025\/07-TABARY-SOLANGE-BEAUTE-SAHARIENNE-1024x683.jpg 1024w, https:\/\/www.photo-montier.org\/wp-content\/uploads\/exposants\/2025\/07-TABARY-SOLANGE-BEAUTE-SAHARIENNE-768x512.jpg 768w\" sizes=\"(max-width: 300px) 100vw, 300px\" \/><\/a>\n\t\t\t<\/dt><\/dl><br style=\"clear: both\" \/><dl class='gallery-item'>\n\t\t\t<dt class='gallery-icon landscape'>\n\t\t\t\t<a href='https:\/\/www.photo-montier.org\/wp-content\/uploads\/exposants\/2025\/03-TABARY-SOLANGE-BEAUTE-SAHARIENNE-1024x683.jpg'><img decoding=\"async\" width=\"300\" height=\"200\" src=\"https:\/\/www.photo-montier.org\/wp-content\/uploads\/exposants\/2025\/03-TABARY-SOLANGE-BEAUTE-SAHARIENNE-300x200.jpg\" class=\"attachment-medium size-medium\" alt=\"Montier Photo Festival\" srcset=\"https:\/\/www.photo-montier.org\/wp-content\/uploads\/exposants\/2025\/03-TABARY-SOLANGE-BEAUTE-SAHARIENNE-300x200.jpg 300w, https:\/\/www.photo-montier.org\/wp-content\/uploads\/exposants\/2025\/03-TABARY-SOLANGE-BEAUTE-SAHARIENNE-1024x683.jpg 1024w, https:\/\/www.photo-montier.org\/wp-content\/uploads\/exposants\/2025\/03-TABARY-SOLANGE-BEAUTE-SAHARIENNE-768x512.jpg 768w\" sizes=\"(max-width: 300px) 100vw, 300px\" \/><\/a>\n\t\t\t<\/dt><\/dl>\n\t\t\t<br style='clear: both' \/>\n\t\t<\/div>\n\n","protected":false},"author":1037,"featured_media":74732,"template":"","exposants":[697],"site-exposants":[517],"type-exposants-conferences":[],"type-exposants":[527],"acf":{"kexposants_custom_thumbnail":74740,"kexposants_expo_group":"","kexposants_title_en":"Saharan beauty - Dunes and dromaderies","kexposants_day_conf_date":null,"kexposants_hours_conf_text_start":"","kexposants_hours_conf_text_end":"","kexposants_bio":"After a childhood spent between the C\u00e9vennes and Loz\u00e8re regions, I began studying Art and Graphic Industries in Grenoble, then continued at the \u00c9cole Estienne in Paris.\r\n\r\nI later pursued studies in the field of information in Bordeaux.\r\n\r\nIn 1994, my husband, our children, and I moved to China.\r\n\r\nDuring six years of expatriation in the Middle Kingdom, I often traveled alone across various regions of the country. I brought back a wealth of photographs, which I presented in Beijing in November 1999, alongside the French Ambassador to China, Mr. Pierre MOREL.\r\n\r\nIn 2003, we returned to France.\r\n\r\nPassionate about photography and driven by a love of discovery, I continue to travel extensively.\r\n\r\nRecently, my path has led me to the desert and its mesmerizing atmosphere.","kexposants_bio_en":"After a childhood spent between the C\u00e9vennes and Loz\u00e8re regions, I began studying Art and Graphic Industries in Grenoble, then continued at the \u00c9cole Estienne in Paris.\r\n\r\nI later pursued studies in the field of information in Bordeaux.\r\n\r\nIn 1994, my husband, our children, and I moved to China.\r\n\r\nDuring six years of expatriation in the Middle Kingdom, I often traveled alone across various regions of the country. I brought back a wealth of photographs, which I presented in Beijing in November 1999, alongside the French Ambassador to China, Mr. Pierre MOREL.\r\n\r\nIn 2003, we returned to France.\r\n\r\nPassionate about photography and driven by a love of discovery, I continue to travel extensively.\r\n\r\nRecently, my path has led me to the desert and its mesmerizing atmosphere.","kexposants_expo":"Saharan Beauty\r\n\r\nFor centuries, camelids, perfectly adapted to the harsh conditions of the Sahara, have roamed the desert slowly, patiently searching for the slightest blade of grass.\r\n\r\nWith climate change bringing more frequent rains, patches of greenery are reappearing in this arid landscape.\r\n\r\nDromedaries now feast on fresh shoots of grass, shrubs, and thorny plants emerging from the sand. They can graze more freely.\r\n\r\nIn a way, this disruption is a blessing for them, as desert flora is coming back to life. But what about everything else?\r\n\r\nThe dunes, undulating beneath ever-changing skies, offer a majestic and strikingly graphic spectacle.\r\n\r\nThe beauty of this place moves us, soothes us.","kexposants_expo_en":"Saharan Beauty\r\n\r\nFor centuries, camelids, perfectly adapted to the harsh conditions of the Sahara, have roamed the desert slowly, patiently searching for the slightest blade of grass.\r\n\r\nWith climate change bringing more frequent rains, patches of greenery are reappearing in this arid landscape.\r\n\r\nDromedaries now feast on fresh shoots of grass, shrubs, and thorny plants emerging from the sand. They can graze more freely.\r\n\r\nIn a way, this disruption is a blessing for them, as desert flora is coming back to life. But what about everything else?\r\n\r\nThe dunes, undulating beneath ever-changing skies, offer a majestic and strikingly graphic spectacle.\r\n\r\nThe beauty of this place moves us, soothes us.","kexposants_denomination":"Solange TABARY","kexposants_user_id":758,"kexposants_url_movie":""},"yoast_head":"<!-- This site is optimized with the Yoast SEO plugin v23.5 - https:\/\/yoast.com\/wordpress\/plugins\/seo\/ -->\n<title>Saharan beauty - Dunes and dromaderies | Exposant &#8211; Montier Photo Festival<\/title>\n<meta name=\"robots\" content=\"index, follow, max-snippet:-1, max-image-preview:large, max-video-preview:-1\" \/>\n<link rel=\"canonical\" href=\"https:\/\/www.photo-montier.org\/en\/fiche-exposant\/beaute-saharienne-dunes-et-dromadaires\/\" \/>\n<meta property=\"og:locale\" content=\"en_US\" \/>\n<meta property=\"og:type\" content=\"article\" \/>\n<meta property=\"og:title\" content=\"Saharan beauty - Dunes and dromaderies | Exposant &#8211; Montier Photo Festival\" \/>\n<meta property=\"og:url\" content=\"https:\/\/www.photo-montier.org\/en\/fiche-exposant\/beaute-saharienne-dunes-et-dromadaires\/\" \/>\n<meta property=\"og:site_name\" content=\"Montier Photo Festival\" \/>\n<meta property=\"article:publisher\" content=\"https:\/\/www.facebook.com\/Festivalmontier\/\" \/>\n<meta property=\"article:modified_time\" content=\"2025-05-27T11:41:56+00:00\" \/>\n<meta property=\"og:image\" content=\"https:\/\/www.photo-montier.org\/wp-content\/uploads\/exposants\/2025\/3000.jpg\" \/>\n\t<meta property=\"og:image:width\" content=\"3000\" \/>\n\t<meta property=\"og:image:height\" content=\"2996\" \/>\n\t<meta property=\"og:image:type\" content=\"image\/jpeg\" \/>\n<meta name=\"twitter:card\" content=\"summary_large_image\" \/>\n<meta name=\"twitter:site\" content=\"@festivalmontier\" \/>\n<script type=\"application\/ld+json\" class=\"yoast-schema-graph\">{\"@context\":\"https:\/\/schema.org\",\"@graph\":[{\"@type\":\"WebPage\",\"@id\":\"https:\/\/www.photo-montier.org\/en\/fiche-exposant\/beaute-saharienne-dunes-et-dromadaires\/\",\"url\":\"https:\/\/www.photo-montier.org\/en\/fiche-exposant\/beaute-saharienne-dunes-et-dromadaires\/\",\"name\":\"Saharan beauty - Dunes and dromaderies | Exposant &#8211; Montier Photo Festival\",\"isPartOf\":{\"@id\":\"https:\/\/www.photo-montier.org\/en\/#website\"},\"primaryImageOfPage\":{\"@id\":\"https:\/\/www.photo-montier.org\/en\/fiche-exposant\/beaute-saharienne-dunes-et-dromadaires\/#primaryimage\"},\"image\":{\"@id\":\"https:\/\/www.photo-montier.org\/en\/fiche-exposant\/beaute-saharienne-dunes-et-dromadaires\/#primaryimage\"},\"thumbnailUrl\":\"https:\/\/www.photo-montier.org\/wp-content\/uploads\/exposants\/2025\/3000.jpg\",\"datePublished\":\"2025-05-27T10:35:42+00:00\",\"dateModified\":\"2025-05-27T11:41:56+00:00\",\"breadcrumb\":{\"@id\":\"https:\/\/www.photo-montier.org\/en\/fiche-exposant\/beaute-saharienne-dunes-et-dromadaires\/#breadcrumb\"},\"inLanguage\":\"en-US\",\"potentialAction\":[{\"@type\":\"ReadAction\",\"target\":[\"https:\/\/www.photo-montier.org\/en\/fiche-exposant\/beaute-saharienne-dunes-et-dromadaires\/\"]}]},{\"@type\":\"ImageObject\",\"inLanguage\":\"en-US\",\"@id\":\"https:\/\/www.photo-montier.org\/en\/fiche-exposant\/beaute-saharienne-dunes-et-dromadaires\/#primaryimage\",\"url\":\"https:\/\/www.photo-montier.org\/wp-content\/uploads\/exposants\/2025\/3000.jpg\",\"contentUrl\":\"https:\/\/www.photo-montier.org\/wp-content\/uploads\/exposants\/2025\/3000.jpg\",\"width\":3000,\"height\":2996},{\"@type\":\"BreadcrumbList\",\"@id\":\"https:\/\/www.photo-montier.org\/en\/fiche-exposant\/beaute-saharienne-dunes-et-dromadaires\/#breadcrumb\",\"itemListElement\":[{\"@type\":\"ListItem\",\"position\":1,\"name\":\"Home\",\"item\":\"https:\/\/www.photo-montier.org\/en\/\"},{\"@type\":\"ListItem\",\"position\":2,\"name\":\"Exposants\",\"item\":\"https:\/\/www.photo-montier.org\/en\/fiche-exposant\/\"},{\"@type\":\"ListItem\",\"position\":3,\"name\":\"2025\",\"item\":\"https:\/\/www.photo-montier.org\/en\/exposants\/2025\/\"},{\"@type\":\"ListItem\",\"position\":4,\"name\":\"Saharan beauty &#8211; Dunes and dromaderies\"}]},{\"@type\":\"WebSite\",\"@id\":\"https:\/\/www.photo-montier.org\/en\/#website\",\"url\":\"https:\/\/www.photo-montier.org\/en\/\",\"name\":\"Montier Photo Festival\",\"description\":\"International Wildlife and Nature Photo Festival\",\"publisher\":{\"@id\":\"https:\/\/www.photo-montier.org\/en\/#organization\"},\"potentialAction\":[{\"@type\":\"SearchAction\",\"target\":{\"@type\":\"EntryPoint\",\"urlTemplate\":\"https:\/\/www.photo-montier.org\/en\/?s={search_term_string}\"},\"query-input\":{\"@type\":\"PropertyValueSpecification\",\"valueRequired\":true,\"valueName\":\"search_term_string\"}}],\"inLanguage\":\"en-US\"},{\"@type\":\"Organization\",\"@id\":\"https:\/\/www.photo-montier.org\/en\/#organization\",\"name\":\"Montier Festival Photo\",\"url\":\"https:\/\/www.photo-montier.org\/en\/\",\"logo\":{\"@type\":\"ImageObject\",\"inLanguage\":\"en-US\",\"@id\":\"https:\/\/www.photo-montier.org\/en\/#\/schema\/logo\/image\/\",\"url\":\"https:\/\/www.photo-montier.org\/wp-content\/uploads\/2016\/06\/logo-festival-renard-couleur-1.png\",\"contentUrl\":\"https:\/\/www.photo-montier.org\/wp-content\/uploads\/2016\/06\/logo-festival-renard-couleur-1.png\",\"width\":408,\"height\":200,\"caption\":\"Montier Festival Photo\"},\"image\":{\"@id\":\"https:\/\/www.photo-montier.org\/en\/#\/schema\/logo\/image\/\"},\"sameAs\":[\"https:\/\/www.facebook.com\/Festivalmontier\/\",\"https:\/\/x.com\/festivalmontier\",\"https:\/\/www.instagram.com\/festivalmontier\/\",\"https:\/\/www.youtube.com\/channel\/UCylkMGITSE22T6fgWUEYIvw\",\"https:\/\/www.tiktok.com\/@festivalmontier\"]}]}<\/script>\n<!-- \/ Yoast SEO plugin. -->","yoast_head_json":{"title":"Saharan beauty - Dunes and dromaderies | Exposant &#8211; Montier Photo Festival","robots":{"index":"index","follow":"follow","max-snippet":"max-snippet:-1","max-image-preview":"max-image-preview:large","max-video-preview":"max-video-preview:-1"},"canonical":"https:\/\/www.photo-montier.org\/en\/fiche-exposant\/beaute-saharienne-dunes-et-dromadaires\/","og_locale":"en_US","og_type":"article","og_title":"Saharan beauty - Dunes and dromaderies | Exposant &#8211; Montier Photo Festival","og_url":"https:\/\/www.photo-montier.org\/en\/fiche-exposant\/beaute-saharienne-dunes-et-dromadaires\/","og_site_name":"Montier Photo Festival","article_publisher":"https:\/\/www.facebook.com\/Festivalmontier\/","article_modified_time":"2025-05-27T11:41:56+00:00","og_image":[{"width":3000,"height":2996,"url":"https:\/\/www.photo-montier.org\/wp-content\/uploads\/exposants\/2025\/3000.jpg","type":"image\/jpeg"}],"twitter_card":"summary_large_image","twitter_site":"@festivalmontier","schema":{"@context":"https:\/\/schema.org","@graph":[{"@type":"WebPage","@id":"https:\/\/www.photo-montier.org\/en\/fiche-exposant\/beaute-saharienne-dunes-et-dromadaires\/","url":"https:\/\/www.photo-montier.org\/en\/fiche-exposant\/beaute-saharienne-dunes-et-dromadaires\/","name":"Saharan beauty - Dunes and dromaderies | Exposant &#8211; Montier Photo Festival","isPartOf":{"@id":"https:\/\/www.photo-montier.org\/en\/#website"},"primaryImageOfPage":{"@id":"https:\/\/www.photo-montier.org\/en\/fiche-exposant\/beaute-saharienne-dunes-et-dromadaires\/#primaryimage"},"image":{"@id":"https:\/\/www.photo-montier.org\/en\/fiche-exposant\/beaute-saharienne-dunes-et-dromadaires\/#primaryimage"},"thumbnailUrl":"https:\/\/www.photo-montier.org\/wp-content\/uploads\/exposants\/2025\/3000.jpg","datePublished":"2025-05-27T10:35:42+00:00","dateModified":"2025-05-27T11:41:56+00:00","breadcrumb":{"@id":"https:\/\/www.photo-montier.org\/en\/fiche-exposant\/beaute-saharienne-dunes-et-dromadaires\/#breadcrumb"},"inLanguage":"en-US","potentialAction":[{"@type":"ReadAction","target":["https:\/\/www.photo-montier.org\/en\/fiche-exposant\/beaute-saharienne-dunes-et-dromadaires\/"]}]},{"@type":"ImageObject","inLanguage":"en-US","@id":"https:\/\/www.photo-montier.org\/en\/fiche-exposant\/beaute-saharienne-dunes-et-dromadaires\/#primaryimage","url":"https:\/\/www.photo-montier.org\/wp-content\/uploads\/exposants\/2025\/3000.jpg","contentUrl":"https:\/\/www.photo-montier.org\/wp-content\/uploads\/exposants\/2025\/3000.jpg","width":3000,"height":2996},{"@type":"BreadcrumbList","@id":"https:\/\/www.photo-montier.org\/en\/fiche-exposant\/beaute-saharienne-dunes-et-dromadaires\/#breadcrumb","itemListElement":[{"@type":"ListItem","position":1,"name":"Home","item":"https:\/\/www.photo-montier.org\/en\/"},{"@type":"ListItem","position":2,"name":"Exposants","item":"https:\/\/www.photo-montier.org\/en\/fiche-exposant\/"},{"@type":"ListItem","position":3,"name":"2025","item":"https:\/\/www.photo-montier.org\/en\/exposants\/2025\/"},{"@type":"ListItem","position":4,"name":"Saharan beauty &#8211; Dunes and dromaderies"}]},{"@type":"WebSite","@id":"https:\/\/www.photo-montier.org\/en\/#website","url":"https:\/\/www.photo-montier.org\/en\/","name":"Montier Photo Festival","description":"International Wildlife and Nature Photo Festival","publisher":{"@id":"https:\/\/www.photo-montier.org\/en\/#organization"},"potentialAction":[{"@type":"SearchAction","target":{"@type":"EntryPoint","urlTemplate":"https:\/\/www.photo-montier.org\/en\/?s={search_term_string}"},"query-input":{"@type":"PropertyValueSpecification","valueRequired":true,"valueName":"search_term_string"}}],"inLanguage":"en-US"},{"@type":"Organization","@id":"https:\/\/www.photo-montier.org\/en\/#organization","name":"Montier Festival Photo","url":"https:\/\/www.photo-montier.org\/en\/","logo":{"@type":"ImageObject","inLanguage":"en-US","@id":"https:\/\/www.photo-montier.org\/en\/#\/schema\/logo\/image\/","url":"https:\/\/www.photo-montier.org\/wp-content\/uploads\/2016\/06\/logo-festival-renard-couleur-1.png","contentUrl":"https:\/\/www.photo-montier.org\/wp-content\/uploads\/2016\/06\/logo-festival-renard-couleur-1.png","width":408,"height":200,"caption":"Montier Festival Photo"},"image":{"@id":"https:\/\/www.photo-montier.org\/en\/#\/schema\/logo\/image\/"},"sameAs":["https:\/\/www.facebook.com\/Festivalmontier\/","https:\/\/x.com\/festivalmontier","https:\/\/www.instagram.com\/festivalmontier\/","https:\/\/www.youtube.com\/channel\/UCylkMGITSE22T6fgWUEYIvw","https:\/\/www.tiktok.com\/@festivalmontier"]}]}},"_links":{"self":[{"href":"https:\/\/www.photo-montier.org\/en\/wp-json\/wp\/v2\/kexposants\/74808"}],"collection":[{"href":"https:\/\/www.photo-montier.org\/en\/wp-json\/wp\/v2\/kexposants"}],"about":[{"href":"https:\/\/www.photo-montier.org\/en\/wp-json\/wp\/v2\/types\/kexposants"}],"author":[{"embeddable":true,"href":"https:\/\/www.photo-montier.org\/en\/wp-json\/wp\/v2\/users\/1037"}],"version-history":[{"count":1,"href":"https:\/\/www.photo-montier.org\/en\/wp-json\/wp\/v2\/kexposants\/74808\/revisions"}],"predecessor-version":[{"id":74809,"href":"https:\/\/www.photo-montier.org\/en\/wp-json\/wp\/v2\/kexposants\/74808\/revisions\/74809"}],"wp:featuredmedia":[{"embeddable":true,"href":"https:\/\/www.photo-montier.org\/en\/wp-json\/wp\/v2\/media\/74732"}],"wp:attachment":[{"href":"https:\/\/www.photo-montier.org\/en\/wp-json\/wp\/v2\/media?parent=74808"}],"wp:term":[{"taxonomy":"exposants","embeddable":true,"href":"https:\/\/www.photo-montier.org\/en\/wp-json\/wp\/v2\/exposants?post=74808"},{"taxonomy":"site-exposants","embeddable":true,"href":"https:\/\/www.photo-montier.org\/en\/wp-json\/wp\/v2\/site-exposants?post=74808"},{"taxonomy":"type-exposants-conferences","embeddable":true,"href":"https:\/\/www.photo-montier.org\/en\/wp-json\/wp\/v2\/type-exposants-conferences?post=74808"},{"taxonomy":"type-exposants","embeddable":true,"href":"https:\/\/www.photo-montier.org\/en\/wp-json\/wp\/v2\/type-exposants?post=74808"}],"curies":[{"name":"wp","href":"https:\/\/api.w.org\/{rel}","templated":true}]}}