{"id":71199,"date":"2024-07-23T15:24:35","date_gmt":"2024-07-23T13:24:35","guid":{"rendered":"https:\/\/www.photo-montier.org\/fiche-exposant\/erosion\/"},"modified":"2024-07-23T15:25:44","modified_gmt":"2024-07-23T13:25:44","slug":"erosion","status":"publish","type":"kexposants","link":"https:\/\/www.photo-montier.org\/en\/fiche-exposant\/erosion\/","title":{"rendered":"Erosion"},"content":{"rendered":"<div id='gallery-1' class='gallery galleryid-71199 gallery-columns-4 gallery-size-medium'><dl class='gallery-item'>\n\t\t\t<dt class='gallery-icon portrait'>\n\t\t\t\t<a href='https:\/\/www.photo-montier.org\/wp-content\/uploads\/exposants\/2024\/5-Erosion-5-683x1024.jpg'><img decoding=\"async\" width=\"200\" height=\"300\" src=\"https:\/\/www.photo-montier.org\/wp-content\/uploads\/exposants\/2024\/5-Erosion-5-200x300.jpg\" class=\"attachment-medium size-medium\" alt=\"Montier Photo Festival\" srcset=\"https:\/\/www.photo-montier.org\/wp-content\/uploads\/exposants\/2024\/5-Erosion-5-200x300.jpg 200w, https:\/\/www.photo-montier.org\/wp-content\/uploads\/exposants\/2024\/5-Erosion-5-683x1024.jpg 683w, https:\/\/www.photo-montier.org\/wp-content\/uploads\/exposants\/2024\/5-Erosion-5-768x1152.jpg 768w, https:\/\/www.photo-montier.org\/wp-content\/uploads\/exposants\/2024\/5-Erosion-5.jpg 2000w\" sizes=\"(max-width: 200px) 100vw, 200px\" \/><\/a>\n\t\t\t<\/dt><\/dl><dl class='gallery-item'>\n\t\t\t<dt class='gallery-icon portrait'>\n\t\t\t\t<a href='https:\/\/www.photo-montier.org\/wp-content\/uploads\/exposants\/2024\/12-Origine-1-682x1024.jpg'><img decoding=\"async\" width=\"200\" height=\"300\" src=\"https:\/\/www.photo-montier.org\/wp-content\/uploads\/exposants\/2024\/12-Origine-1-200x300.jpg\" class=\"attachment-medium size-medium\" alt=\"Montier Photo Festival\" srcset=\"https:\/\/www.photo-montier.org\/wp-content\/uploads\/exposants\/2024\/12-Origine-1-200x300.jpg 200w, https:\/\/www.photo-montier.org\/wp-content\/uploads\/exposants\/2024\/12-Origine-1-682x1024.jpg 682w, https:\/\/www.photo-montier.org\/wp-content\/uploads\/exposants\/2024\/12-Origine-1-768x1153.jpg 768w, https:\/\/www.photo-montier.org\/wp-content\/uploads\/exposants\/2024\/12-Origine-1.jpg 1999w\" sizes=\"(max-width: 200px) 100vw, 200px\" \/><\/a>\n\t\t\t<\/dt><\/dl><dl class='gallery-item'>\n\t\t\t<dt class='gallery-icon portrait'>\n\t\t\t\t<a href='https:\/\/www.photo-montier.org\/wp-content\/uploads\/exposants\/2024\/7-Elements-682x1024.jpg'><img decoding=\"async\" width=\"200\" height=\"300\" src=\"https:\/\/www.photo-montier.org\/wp-content\/uploads\/exposants\/2024\/7-Elements-200x300.jpg\" class=\"attachment-medium size-medium\" alt=\"Montier Photo Festival\" srcset=\"https:\/\/www.photo-montier.org\/wp-content\/uploads\/exposants\/2024\/7-Elements-200x300.jpg 200w, https:\/\/www.photo-montier.org\/wp-content\/uploads\/exposants\/2024\/7-Elements-682x1024.jpg 682w, https:\/\/www.photo-montier.org\/wp-content\/uploads\/exposants\/2024\/7-Elements-768x1153.jpg 768w, https:\/\/www.photo-montier.org\/wp-content\/uploads\/exposants\/2024\/7-Elements.jpg 1998w\" sizes=\"(max-width: 200px) 100vw, 200px\" \/><\/a>\n\t\t\t<\/dt><\/dl><dl class='gallery-item'>\n\t\t\t<dt class='gallery-icon portrait'>\n\t\t\t\t<a href='https:\/\/www.photo-montier.org\/wp-content\/uploads\/exposants\/2024\/2-La-pile-dassiette-2-576x1024.jpg'><img decoding=\"async\" width=\"169\" height=\"300\" src=\"https:\/\/www.photo-montier.org\/wp-content\/uploads\/exposants\/2024\/2-La-pile-dassiette-2-169x300.jpg\" class=\"attachment-medium size-medium\" alt=\"Montier Photo Festival\" srcset=\"https:\/\/www.photo-montier.org\/wp-content\/uploads\/exposants\/2024\/2-La-pile-dassiette-2-169x300.jpg 169w, https:\/\/www.photo-montier.org\/wp-content\/uploads\/exposants\/2024\/2-La-pile-dassiette-2-576x1024.jpg 576w, https:\/\/www.photo-montier.org\/wp-content\/uploads\/exposants\/2024\/2-La-pile-dassiette-2-768x1365.jpg 768w, https:\/\/www.photo-montier.org\/wp-content\/uploads\/exposants\/2024\/2-La-pile-dassiette-2.jpg 1688w\" sizes=\"(max-width: 169px) 100vw, 169px\" \/><\/a>\n\t\t\t<\/dt><\/dl><br style=\"clear: both\" \/><dl class='gallery-item'>\n\t\t\t<dt class='gallery-icon portrait'>\n\t\t\t\t<a href='https:\/\/www.photo-montier.org\/wp-content\/uploads\/exposants\/2024\/1-Erosion-1-682x1024.jpg'><img decoding=\"async\" width=\"200\" height=\"300\" src=\"https:\/\/www.photo-montier.org\/wp-content\/uploads\/exposants\/2024\/1-Erosion-1-200x300.jpg\" class=\"attachment-medium size-medium\" alt=\"Montier Photo Festival\" srcset=\"https:\/\/www.photo-montier.org\/wp-content\/uploads\/exposants\/2024\/1-Erosion-1-200x300.jpg 200w, https:\/\/www.photo-montier.org\/wp-content\/uploads\/exposants\/2024\/1-Erosion-1-682x1024.jpg 682w, https:\/\/www.photo-montier.org\/wp-content\/uploads\/exposants\/2024\/1-Erosion-1-768x1153.jpg 768w, https:\/\/www.photo-montier.org\/wp-content\/uploads\/exposants\/2024\/1-Erosion-1.jpg 1998w\" sizes=\"(max-width: 200px) 100vw, 200px\" \/><\/a>\n\t\t\t<\/dt><\/dl>\n\t\t\t<br style='clear: both' \/>\n\t\t<\/div>\n\n","protected":false},"author":1037,"featured_media":72642,"template":"","exposants":[672],"site-exposants":[516],"type-exposants-conferences":[],"type-exposants":[527],"acf":{"kexposants_custom_thumbnail":71170,"kexposants_expo_group":"","kexposants_title_en":"Erosion","kexposants_day_conf_date":null,"kexposants_hours_conf_text_start":"","kexposants_hours_conf_text_end":"","kexposants_bio":"Photographer reporter\r\nEstablished for 6 years now in the Basque Country, in Bidart, Sylvain immerses himself in the local culture, geography and his environment, to develop his work as a photographer.","kexposants_bio_en":"Photographer reporter\r\nEstablished for 6 years now in the Basque Country, in Bidart, Sylvain immerses himself in the local culture, geography and his environment, to develop his work as a photographer.","kexposants_expo":"Reporter photographe\r\nInstall\u00e9 depuis maintenant 6 ans au Pays Basque, \u00e0 Bidart, Sylvain s'impr\u00e8gne de la culture locale, de la g\u00e9ographie et de son environnement pour d\u00e9velopper son travail de photographe.","kexposants_expo_en":"Reporter photographe\r\nInstall\u00e9 depuis maintenant 6 ans au Pays Basque, \u00e0 Bidart, Sylvain s'impr\u00e8gne de la culture locale, de la g\u00e9ographie et de son environnement pour d\u00e9velopper son travail de photographe.","kexposants_denomination":"Sylvain JOLIBOIS","kexposants_user_id":988,"kexposants_url_movie":""},"yoast_head":"<!-- This site is optimized with the Yoast SEO plugin v23.5 - https:\/\/yoast.com\/wordpress\/plugins\/seo\/ -->\n<title>Erosion | Exposant &#8211; Montier Photo Festival<\/title>\n<meta name=\"robots\" content=\"index, follow, max-snippet:-1, max-image-preview:large, max-video-preview:-1\" \/>\n<link rel=\"canonical\" href=\"https:\/\/www.photo-montier.org\/en\/fiche-exposant\/erosion\/\" \/>\n<meta property=\"og:locale\" content=\"en_US\" \/>\n<meta property=\"og:type\" content=\"article\" \/>\n<meta property=\"og:title\" content=\"Erosion | Exposant &#8211; Montier Photo Festival\" \/>\n<meta property=\"og:url\" content=\"https:\/\/www.photo-montier.org\/en\/fiche-exposant\/erosion\/\" \/>\n<meta property=\"og:site_name\" content=\"Montier Photo Festival\" \/>\n<meta property=\"article:publisher\" content=\"https:\/\/www.facebook.com\/Festivalmontier\/\" \/>\n<meta property=\"article:modified_time\" content=\"2024-07-23T13:25:44+00:00\" \/>\n<meta property=\"og:image\" content=\"https:\/\/www.photo-montier.org\/wp-content\/uploads\/exposants\/2024\/Sylvain-Jolibois-black-highres-carre.png\" \/>\n\t<meta property=\"og:image:width\" content=\"7560\" \/>\n\t<meta property=\"og:image:height\" content=\"7560\" \/>\n\t<meta property=\"og:image:type\" content=\"image\/png\" \/>\n<meta name=\"twitter:card\" content=\"summary_large_image\" \/>\n<meta name=\"twitter:site\" content=\"@festivalmontier\" \/>\n<script type=\"application\/ld+json\" class=\"yoast-schema-graph\">{\"@context\":\"https:\/\/schema.org\",\"@graph\":[{\"@type\":\"WebPage\",\"@id\":\"https:\/\/www.photo-montier.org\/en\/fiche-exposant\/erosion\/\",\"url\":\"https:\/\/www.photo-montier.org\/en\/fiche-exposant\/erosion\/\",\"name\":\"Erosion | Exposant &#8211; Montier Photo Festival\",\"isPartOf\":{\"@id\":\"https:\/\/www.photo-montier.org\/en\/#website\"},\"primaryImageOfPage\":{\"@id\":\"https:\/\/www.photo-montier.org\/en\/fiche-exposant\/erosion\/#primaryimage\"},\"image\":{\"@id\":\"https:\/\/www.photo-montier.org\/en\/fiche-exposant\/erosion\/#primaryimage\"},\"thumbnailUrl\":\"https:\/\/www.photo-montier.org\/wp-content\/uploads\/exposants\/2024\/Sylvain-jolibois-Photographe-scaled.jpg\",\"datePublished\":\"2024-07-23T13:24:35+00:00\",\"dateModified\":\"2024-07-23T13:25:44+00:00\",\"breadcrumb\":{\"@id\":\"https:\/\/www.photo-montier.org\/en\/fiche-exposant\/erosion\/#breadcrumb\"},\"inLanguage\":\"en-US\",\"potentialAction\":[{\"@type\":\"ReadAction\",\"target\":[\"https:\/\/www.photo-montier.org\/en\/fiche-exposant\/erosion\/\"]}]},{\"@type\":\"ImageObject\",\"inLanguage\":\"en-US\",\"@id\":\"https:\/\/www.photo-montier.org\/en\/fiche-exposant\/erosion\/#primaryimage\",\"url\":\"https:\/\/www.photo-montier.org\/wp-content\/uploads\/exposants\/2024\/Sylvain-jolibois-Photographe-scaled.jpg\",\"contentUrl\":\"https:\/\/www.photo-montier.org\/wp-content\/uploads\/exposants\/2024\/Sylvain-jolibois-Photographe-scaled.jpg\",\"width\":2000,\"height\":3000},{\"@type\":\"BreadcrumbList\",\"@id\":\"https:\/\/www.photo-montier.org\/en\/fiche-exposant\/erosion\/#breadcrumb\",\"itemListElement\":[{\"@type\":\"ListItem\",\"position\":1,\"name\":\"Home\",\"item\":\"https:\/\/www.photo-montier.org\/en\/\"},{\"@type\":\"ListItem\",\"position\":2,\"name\":\"Exposants\",\"item\":\"https:\/\/www.photo-montier.org\/en\/fiche-exposant\/\"},{\"@type\":\"ListItem\",\"position\":3,\"name\":\"2024\",\"item\":\"https:\/\/www.photo-montier.org\/en\/exposants\/2024\/\"},{\"@type\":\"ListItem\",\"position\":4,\"name\":\"Erosion\"}]},{\"@type\":\"WebSite\",\"@id\":\"https:\/\/www.photo-montier.org\/en\/#website\",\"url\":\"https:\/\/www.photo-montier.org\/en\/\",\"name\":\"Montier Photo Festival\",\"description\":\"International Wildlife and Nature Photo Festival\",\"publisher\":{\"@id\":\"https:\/\/www.photo-montier.org\/en\/#organization\"},\"potentialAction\":[{\"@type\":\"SearchAction\",\"target\":{\"@type\":\"EntryPoint\",\"urlTemplate\":\"https:\/\/www.photo-montier.org\/en\/?s={search_term_string}\"},\"query-input\":{\"@type\":\"PropertyValueSpecification\",\"valueRequired\":true,\"valueName\":\"search_term_string\"}}],\"inLanguage\":\"en-US\"},{\"@type\":\"Organization\",\"@id\":\"https:\/\/www.photo-montier.org\/en\/#organization\",\"name\":\"Montier Festival Photo\",\"url\":\"https:\/\/www.photo-montier.org\/en\/\",\"logo\":{\"@type\":\"ImageObject\",\"inLanguage\":\"en-US\",\"@id\":\"https:\/\/www.photo-montier.org\/en\/#\/schema\/logo\/image\/\",\"url\":\"https:\/\/www.photo-montier.org\/wp-content\/uploads\/2016\/06\/logo-festival-renard-couleur-1.png\",\"contentUrl\":\"https:\/\/www.photo-montier.org\/wp-content\/uploads\/2016\/06\/logo-festival-renard-couleur-1.png\",\"width\":408,\"height\":200,\"caption\":\"Montier Festival Photo\"},\"image\":{\"@id\":\"https:\/\/www.photo-montier.org\/en\/#\/schema\/logo\/image\/\"},\"sameAs\":[\"https:\/\/www.facebook.com\/Festivalmontier\/\",\"https:\/\/x.com\/festivalmontier\",\"https:\/\/www.instagram.com\/festivalmontier\/\",\"https:\/\/www.youtube.com\/channel\/UCylkMGITSE22T6fgWUEYIvw\",\"https:\/\/www.tiktok.com\/@festivalmontier\"]}]}<\/script>\n<!-- \/ Yoast SEO plugin. -->","yoast_head_json":{"title":"Erosion | Exposant &#8211; Montier Photo Festival","robots":{"index":"index","follow":"follow","max-snippet":"max-snippet:-1","max-image-preview":"max-image-preview:large","max-video-preview":"max-video-preview:-1"},"canonical":"https:\/\/www.photo-montier.org\/en\/fiche-exposant\/erosion\/","og_locale":"en_US","og_type":"article","og_title":"Erosion | Exposant &#8211; Montier Photo Festival","og_url":"https:\/\/www.photo-montier.org\/en\/fiche-exposant\/erosion\/","og_site_name":"Montier Photo Festival","article_publisher":"https:\/\/www.facebook.com\/Festivalmontier\/","article_modified_time":"2024-07-23T13:25:44+00:00","og_image":[{"width":7560,"height":7560,"url":"https:\/\/www.photo-montier.org\/wp-content\/uploads\/exposants\/2024\/Sylvain-Jolibois-black-highres-carre.png","type":"image\/png"}],"twitter_card":"summary_large_image","twitter_site":"@festivalmontier","schema":{"@context":"https:\/\/schema.org","@graph":[{"@type":"WebPage","@id":"https:\/\/www.photo-montier.org\/en\/fiche-exposant\/erosion\/","url":"https:\/\/www.photo-montier.org\/en\/fiche-exposant\/erosion\/","name":"Erosion | Exposant &#8211; Montier Photo Festival","isPartOf":{"@id":"https:\/\/www.photo-montier.org\/en\/#website"},"primaryImageOfPage":{"@id":"https:\/\/www.photo-montier.org\/en\/fiche-exposant\/erosion\/#primaryimage"},"image":{"@id":"https:\/\/www.photo-montier.org\/en\/fiche-exposant\/erosion\/#primaryimage"},"thumbnailUrl":"https:\/\/www.photo-montier.org\/wp-content\/uploads\/exposants\/2024\/Sylvain-jolibois-Photographe-scaled.jpg","datePublished":"2024-07-23T13:24:35+00:00","dateModified":"2024-07-23T13:25:44+00:00","breadcrumb":{"@id":"https:\/\/www.photo-montier.org\/en\/fiche-exposant\/erosion\/#breadcrumb"},"inLanguage":"en-US","potentialAction":[{"@type":"ReadAction","target":["https:\/\/www.photo-montier.org\/en\/fiche-exposant\/erosion\/"]}]},{"@type":"ImageObject","inLanguage":"en-US","@id":"https:\/\/www.photo-montier.org\/en\/fiche-exposant\/erosion\/#primaryimage","url":"https:\/\/www.photo-montier.org\/wp-content\/uploads\/exposants\/2024\/Sylvain-jolibois-Photographe-scaled.jpg","contentUrl":"https:\/\/www.photo-montier.org\/wp-content\/uploads\/exposants\/2024\/Sylvain-jolibois-Photographe-scaled.jpg","width":2000,"height":3000},{"@type":"BreadcrumbList","@id":"https:\/\/www.photo-montier.org\/en\/fiche-exposant\/erosion\/#breadcrumb","itemListElement":[{"@type":"ListItem","position":1,"name":"Home","item":"https:\/\/www.photo-montier.org\/en\/"},{"@type":"ListItem","position":2,"name":"Exposants","item":"https:\/\/www.photo-montier.org\/en\/fiche-exposant\/"},{"@type":"ListItem","position":3,"name":"2024","item":"https:\/\/www.photo-montier.org\/en\/exposants\/2024\/"},{"@type":"ListItem","position":4,"name":"Erosion"}]},{"@type":"WebSite","@id":"https:\/\/www.photo-montier.org\/en\/#website","url":"https:\/\/www.photo-montier.org\/en\/","name":"Montier Photo Festival","description":"International Wildlife and Nature Photo Festival","publisher":{"@id":"https:\/\/www.photo-montier.org\/en\/#organization"},"potentialAction":[{"@type":"SearchAction","target":{"@type":"EntryPoint","urlTemplate":"https:\/\/www.photo-montier.org\/en\/?s={search_term_string}"},"query-input":{"@type":"PropertyValueSpecification","valueRequired":true,"valueName":"search_term_string"}}],"inLanguage":"en-US"},{"@type":"Organization","@id":"https:\/\/www.photo-montier.org\/en\/#organization","name":"Montier Festival Photo","url":"https:\/\/www.photo-montier.org\/en\/","logo":{"@type":"ImageObject","inLanguage":"en-US","@id":"https:\/\/www.photo-montier.org\/en\/#\/schema\/logo\/image\/","url":"https:\/\/www.photo-montier.org\/wp-content\/uploads\/2016\/06\/logo-festival-renard-couleur-1.png","contentUrl":"https:\/\/www.photo-montier.org\/wp-content\/uploads\/2016\/06\/logo-festival-renard-couleur-1.png","width":408,"height":200,"caption":"Montier Festival Photo"},"image":{"@id":"https:\/\/www.photo-montier.org\/en\/#\/schema\/logo\/image\/"},"sameAs":["https:\/\/www.facebook.com\/Festivalmontier\/","https:\/\/x.com\/festivalmontier","https:\/\/www.instagram.com\/festivalmontier\/","https:\/\/www.youtube.com\/channel\/UCylkMGITSE22T6fgWUEYIvw","https:\/\/www.tiktok.com\/@festivalmontier"]}]}},"_links":{"self":[{"href":"https:\/\/www.photo-montier.org\/en\/wp-json\/wp\/v2\/kexposants\/71199"}],"collection":[{"href":"https:\/\/www.photo-montier.org\/en\/wp-json\/wp\/v2\/kexposants"}],"about":[{"href":"https:\/\/www.photo-montier.org\/en\/wp-json\/wp\/v2\/types\/kexposants"}],"author":[{"embeddable":true,"href":"https:\/\/www.photo-montier.org\/en\/wp-json\/wp\/v2\/users\/1037"}],"version-history":[{"count":1,"href":"https:\/\/www.photo-montier.org\/en\/wp-json\/wp\/v2\/kexposants\/71199\/revisions"}],"predecessor-version":[{"id":71200,"href":"https:\/\/www.photo-montier.org\/en\/wp-json\/wp\/v2\/kexposants\/71199\/revisions\/71200"}],"wp:featuredmedia":[{"embeddable":true,"href":"https:\/\/www.photo-montier.org\/en\/wp-json\/wp\/v2\/media\/72642"}],"wp:attachment":[{"href":"https:\/\/www.photo-montier.org\/en\/wp-json\/wp\/v2\/media?parent=71199"}],"wp:term":[{"taxonomy":"exposants","embeddable":true,"href":"https:\/\/www.photo-montier.org\/en\/wp-json\/wp\/v2\/exposants?post=71199"},{"taxonomy":"site-exposants","embeddable":true,"href":"https:\/\/www.photo-montier.org\/en\/wp-json\/wp\/v2\/site-exposants?post=71199"},{"taxonomy":"type-exposants-conferences","embeddable":true,"href":"https:\/\/www.photo-montier.org\/en\/wp-json\/wp\/v2\/type-exposants-conferences?post=71199"},{"taxonomy":"type-exposants","embeddable":true,"href":"https:\/\/www.photo-montier.org\/en\/wp-json\/wp\/v2\/type-exposants?post=71199"}],"curies":[{"name":"wp","href":"https:\/\/api.w.org\/{rel}","templated":true}]}}