{"id":50007,"date":"2022-08-22T14:00:03","date_gmt":"2022-08-22T12:00:03","guid":{"rendered":"https:\/\/exposants.photo-montier.org\/?post_type=kexposants&#038;p=50007"},"modified":"2024-04-30T14:19:31","modified_gmt":"2024-04-30T12:19:31","slug":"mundari-voyage-au-coeur-des-camps-de-betail-du-soudan-du-sud","status":"publish","type":"kexposants","link":"https:\/\/www.photo-montier.org\/en\/fiche-exposant\/mundari-voyage-au-coeur-des-camps-de-betail-du-soudan-du-sud\/","title":{"rendered":"Mundari, voyage au c\u0153ur des camps de b\u00e9tail du Soudan du Sud"},"content":{"rendered":"<div id='gallery-1' class='gallery galleryid-50007 gallery-columns-4 gallery-size-medium'><dl class='gallery-item'>\n\t\t\t<dt class='gallery-icon portrait'>\n\t\t\t\t<a href='https:\/\/www.photo-montier.org\/wp-content\/uploads\/exposants\/2022\/894_0aaee7c2-6f6f-442c-b136-7a389b2fadb1-768x1024.jpeg'><img decoding=\"async\" width=\"225\" height=\"300\" src=\"https:\/\/www.photo-montier.org\/wp-content\/uploads\/exposants\/2022\/894_0aaee7c2-6f6f-442c-b136-7a389b2fadb1-225x300.jpeg\" class=\"attachment-medium size-medium\" alt=\"Montier Photo Festival\" aria-describedby=\"gallery-1-50033\" srcset=\"https:\/\/www.photo-montier.org\/wp-content\/uploads\/exposants\/2022\/894_0aaee7c2-6f6f-442c-b136-7a389b2fadb1-225x300.jpeg 225w, https:\/\/www.photo-montier.org\/wp-content\/uploads\/exposants\/2022\/894_0aaee7c2-6f6f-442c-b136-7a389b2fadb1-768x1024.jpeg 768w, https:\/\/www.photo-montier.org\/wp-content\/uploads\/exposants\/2022\/894_0aaee7c2-6f6f-442c-b136-7a389b2fadb1-1152x1536.jpeg 1152w, https:\/\/www.photo-montier.org\/wp-content\/uploads\/exposants\/2022\/894_0aaee7c2-6f6f-442c-b136-7a389b2fadb1-1536x2048.jpeg 1536w, https:\/\/www.photo-montier.org\/wp-content\/uploads\/exposants\/2022\/894_0aaee7c2-6f6f-442c-b136-7a389b2fadb1-300x400.jpeg 300w, https:\/\/www.photo-montier.org\/wp-content\/uploads\/exposants\/2022\/894_0aaee7c2-6f6f-442c-b136-7a389b2fadb1-158x210.jpeg 158w, https:\/\/www.photo-montier.org\/wp-content\/uploads\/exposants\/2022\/894_0aaee7c2-6f6f-442c-b136-7a389b2fadb1-1320x1760.jpeg 1320w\" sizes=\"(max-width: 225px) 100vw, 225px\" \/><\/a>\n\t\t\t<\/dt>\n\t\t\t\t<dd class='wp-caption-text gallery-caption' id='gallery-1-50033'>\n\t\t\t\tFemme Larim &#8211; Beno\u00eet Feron\n\t\t\t\t<\/dd><\/dl><dl class='gallery-item'>\n\t\t\t<dt class='gallery-icon landscape'>\n\t\t\t\t<a href='https:\/\/www.photo-montier.org\/wp-content\/uploads\/exposants\/2022\/894_ca33dbad-5ee2-48b6-9fff-889671406337-1024x683.jpeg'><img decoding=\"async\" width=\"300\" height=\"200\" src=\"https:\/\/www.photo-montier.org\/wp-content\/uploads\/exposants\/2022\/894_ca33dbad-5ee2-48b6-9fff-889671406337-300x200.jpeg\" class=\"attachment-medium size-medium\" alt=\"Montier Photo Festival\" aria-describedby=\"gallery-1-50029\" srcset=\"https:\/\/www.photo-montier.org\/wp-content\/uploads\/exposants\/2022\/894_ca33dbad-5ee2-48b6-9fff-889671406337-300x200.jpeg 300w, https:\/\/www.photo-montier.org\/wp-content\/uploads\/exposants\/2022\/894_ca33dbad-5ee2-48b6-9fff-889671406337-1024x683.jpeg 1024w, https:\/\/www.photo-montier.org\/wp-content\/uploads\/exposants\/2022\/894_ca33dbad-5ee2-48b6-9fff-889671406337-768x512.jpeg 768w, https:\/\/www.photo-montier.org\/wp-content\/uploads\/exposants\/2022\/894_ca33dbad-5ee2-48b6-9fff-889671406337-1536x1024.jpeg 1536w, https:\/\/www.photo-montier.org\/wp-content\/uploads\/exposants\/2022\/894_ca33dbad-5ee2-48b6-9fff-889671406337-2048x1365.jpeg 2048w, https:\/\/www.photo-montier.org\/wp-content\/uploads\/exposants\/2022\/894_ca33dbad-5ee2-48b6-9fff-889671406337-600x400.jpeg 600w, https:\/\/www.photo-montier.org\/wp-content\/uploads\/exposants\/2022\/894_ca33dbad-5ee2-48b6-9fff-889671406337-315x210.jpeg 315w, https:\/\/www.photo-montier.org\/wp-content\/uploads\/exposants\/2022\/894_ca33dbad-5ee2-48b6-9fff-889671406337-1320x880.jpeg 1320w\" sizes=\"(max-width: 300px) 100vw, 300px\" \/><\/a>\n\t\t\t<\/dt>\n\t\t\t\t<dd class='wp-caption-text gallery-caption' id='gallery-1-50029'>\n\t\t\t\tPalabres nocturnes &#8211; Beno\u00eet Feron\n\t\t\t\t<\/dd><\/dl><dl class='gallery-item'>\n\t\t\t<dt class='gallery-icon landscape'>\n\t\t\t\t<a href='https:\/\/www.photo-montier.org\/wp-content\/uploads\/exposants\/2022\/894_a91f0b4f-1b02-4989-a7dd-f2ce1d8a8780-1024x683.jpeg'><img decoding=\"async\" width=\"300\" height=\"200\" src=\"https:\/\/www.photo-montier.org\/wp-content\/uploads\/exposants\/2022\/894_a91f0b4f-1b02-4989-a7dd-f2ce1d8a8780-300x200.jpeg\" class=\"attachment-medium size-medium\" alt=\"Montier Photo Festival\" aria-describedby=\"gallery-1-50025\" srcset=\"https:\/\/www.photo-montier.org\/wp-content\/uploads\/exposants\/2022\/894_a91f0b4f-1b02-4989-a7dd-f2ce1d8a8780-300x200.jpeg 300w, https:\/\/www.photo-montier.org\/wp-content\/uploads\/exposants\/2022\/894_a91f0b4f-1b02-4989-a7dd-f2ce1d8a8780-1024x683.jpeg 1024w, https:\/\/www.photo-montier.org\/wp-content\/uploads\/exposants\/2022\/894_a91f0b4f-1b02-4989-a7dd-f2ce1d8a8780-768x512.jpeg 768w, https:\/\/www.photo-montier.org\/wp-content\/uploads\/exposants\/2022\/894_a91f0b4f-1b02-4989-a7dd-f2ce1d8a8780-1536x1024.jpeg 1536w, https:\/\/www.photo-montier.org\/wp-content\/uploads\/exposants\/2022\/894_a91f0b4f-1b02-4989-a7dd-f2ce1d8a8780-2048x1365.jpeg 2048w, https:\/\/www.photo-montier.org\/wp-content\/uploads\/exposants\/2022\/894_a91f0b4f-1b02-4989-a7dd-f2ce1d8a8780-600x400.jpeg 600w, https:\/\/www.photo-montier.org\/wp-content\/uploads\/exposants\/2022\/894_a91f0b4f-1b02-4989-a7dd-f2ce1d8a8780-315x210.jpeg 315w, https:\/\/www.photo-montier.org\/wp-content\/uploads\/exposants\/2022\/894_a91f0b4f-1b02-4989-a7dd-f2ce1d8a8780-1320x880.jpeg 1320w\" sizes=\"(max-width: 300px) 100vw, 300px\" \/><\/a>\n\t\t\t<\/dt>\n\t\t\t\t<dd class='wp-caption-text gallery-caption' id='gallery-1-50025'>\n\t\t\t\tLa gr\u00e2ce de l\u2019\u00e2ge &#8211; Anne-Fran\u00e7oise Tasnier\n\t\t\t\t<\/dd><\/dl><dl class='gallery-item'>\n\t\t\t<dt class='gallery-icon landscape'>\n\t\t\t\t<a href='https:\/\/www.photo-montier.org\/wp-content\/uploads\/exposants\/2022\/894_ee101b08-bfdb-44aa-acb1-fee9647f4f17-1024x683.jpeg'><img decoding=\"async\" width=\"300\" height=\"200\" src=\"https:\/\/www.photo-montier.org\/wp-content\/uploads\/exposants\/2022\/894_ee101b08-bfdb-44aa-acb1-fee9647f4f17-300x200.jpeg\" class=\"attachment-medium size-medium\" alt=\"Montier Photo Festival\" aria-describedby=\"gallery-1-50021\" srcset=\"https:\/\/www.photo-montier.org\/wp-content\/uploads\/exposants\/2022\/894_ee101b08-bfdb-44aa-acb1-fee9647f4f17-300x200.jpeg 300w, https:\/\/www.photo-montier.org\/wp-content\/uploads\/exposants\/2022\/894_ee101b08-bfdb-44aa-acb1-fee9647f4f17-1024x683.jpeg 1024w, https:\/\/www.photo-montier.org\/wp-content\/uploads\/exposants\/2022\/894_ee101b08-bfdb-44aa-acb1-fee9647f4f17-768x512.jpeg 768w, https:\/\/www.photo-montier.org\/wp-content\/uploads\/exposants\/2022\/894_ee101b08-bfdb-44aa-acb1-fee9647f4f17-1536x1024.jpeg 1536w, https:\/\/www.photo-montier.org\/wp-content\/uploads\/exposants\/2022\/894_ee101b08-bfdb-44aa-acb1-fee9647f4f17-2048x1365.jpeg 2048w, https:\/\/www.photo-montier.org\/wp-content\/uploads\/exposants\/2022\/894_ee101b08-bfdb-44aa-acb1-fee9647f4f17-600x400.jpeg 600w, https:\/\/www.photo-montier.org\/wp-content\/uploads\/exposants\/2022\/894_ee101b08-bfdb-44aa-acb1-fee9647f4f17-315x210.jpeg 315w, https:\/\/www.photo-montier.org\/wp-content\/uploads\/exposants\/2022\/894_ee101b08-bfdb-44aa-acb1-fee9647f4f17-1320x880.jpeg 1320w\" sizes=\"(max-width: 300px) 100vw, 300px\" \/><\/a>\n\t\t\t<\/dt>\n\t\t\t\t<dd class='wp-caption-text gallery-caption' id='gallery-1-50021'>\n\t\t\t\tPetit d\u00e9jeuner Mundari &#8211; Anne-Fran\u00e7oise Tasnier\n\t\t\t\t<\/dd><\/dl><br style=\"clear: both\" \/><dl class='gallery-item'>\n\t\t\t<dt class='gallery-icon landscape'>\n\t\t\t\t<a href='https:\/\/www.photo-montier.org\/wp-content\/uploads\/exposants\/2022\/894_d9f72d10-3d70-4dc1-8e61-bdfa5ec3d1df-1024x683.jpeg'><img decoding=\"async\" width=\"300\" height=\"200\" src=\"https:\/\/www.photo-montier.org\/wp-content\/uploads\/exposants\/2022\/894_d9f72d10-3d70-4dc1-8e61-bdfa5ec3d1df-300x200.jpeg\" class=\"attachment-medium size-medium\" alt=\"Montier Photo Festival\" aria-describedby=\"gallery-1-50017\" srcset=\"https:\/\/www.photo-montier.org\/wp-content\/uploads\/exposants\/2022\/894_d9f72d10-3d70-4dc1-8e61-bdfa5ec3d1df-300x200.jpeg 300w, https:\/\/www.photo-montier.org\/wp-content\/uploads\/exposants\/2022\/894_d9f72d10-3d70-4dc1-8e61-bdfa5ec3d1df-1024x683.jpeg 1024w, https:\/\/www.photo-montier.org\/wp-content\/uploads\/exposants\/2022\/894_d9f72d10-3d70-4dc1-8e61-bdfa5ec3d1df-768x512.jpeg 768w, https:\/\/www.photo-montier.org\/wp-content\/uploads\/exposants\/2022\/894_d9f72d10-3d70-4dc1-8e61-bdfa5ec3d1df-1536x1024.jpeg 1536w, https:\/\/www.photo-montier.org\/wp-content\/uploads\/exposants\/2022\/894_d9f72d10-3d70-4dc1-8e61-bdfa5ec3d1df-2048x1365.jpeg 2048w, https:\/\/www.photo-montier.org\/wp-content\/uploads\/exposants\/2022\/894_d9f72d10-3d70-4dc1-8e61-bdfa5ec3d1df-600x400.jpeg 600w, https:\/\/www.photo-montier.org\/wp-content\/uploads\/exposants\/2022\/894_d9f72d10-3d70-4dc1-8e61-bdfa5ec3d1df-315x210.jpeg 315w, https:\/\/www.photo-montier.org\/wp-content\/uploads\/exposants\/2022\/894_d9f72d10-3d70-4dc1-8e61-bdfa5ec3d1df-1320x880.jpeg 1320w\" sizes=\"(max-width: 300px) 100vw, 300px\" \/><\/a>\n\t\t\t<\/dt>\n\t\t\t\t<dd class='wp-caption-text gallery-caption' id='gallery-1-50017'>\n\t\t\t\tFin de journ\u00e9e chez les Mundari &#8211; Beno\u00eet Feron\n\t\t\t\t<\/dd><\/dl>\n\t\t\t<br style='clear: both' \/>\n\t\t<\/div>\n\n","protected":false},"author":1,"featured_media":50013,"template":"","exposants":[557],"site-exposants":[517],"type-exposants-conferences":[],"type-exposants":[527],"acf":{"kexposants_custom_thumbnail":null,"kexposants_expo_group":"Photographe","kexposants_title_en":"","kexposants_day_conf_date":null,"kexposants_hours_conf_text_start":"","kexposants_hours_conf_text_end":"","kexposants_bio":"Beno\u00eet Feron and Anne-Fran\u00e7oise Tasnier are a couple of photographers who are passionate about travel, the beauty of the Earth, its peoples and its wildlife.","kexposants_bio_en":"","kexposants_expo":"Mundari, a journey through the heart of South Sudan\u2019s livestock camps takes you to the world of these shepherds from another world.","kexposants_expo_en":"","kexposants_denomination":"Beno\u00eet et Anne-Fran\u00e7oise FERON & TASNIER","kexposants_user_id":796,"kexposants_url_movie":""},"yoast_head":"<!-- This site is optimized with the Yoast SEO plugin v23.5 - https:\/\/yoast.com\/wordpress\/plugins\/seo\/ -->\n<title>Mundari, voyage au c\u0153ur des camps de b\u00e9tail du Soudan du Sud | Exposant &#8211; Montier Photo Festival<\/title>\n<meta name=\"robots\" content=\"index, follow, max-snippet:-1, max-image-preview:large, max-video-preview:-1\" \/>\n<link rel=\"canonical\" href=\"https:\/\/www.photo-montier.org\/en\/fiche-exposant\/mundari-voyage-au-coeur-des-camps-de-betail-du-soudan-du-sud\/\" \/>\n<meta property=\"og:locale\" content=\"en_US\" \/>\n<meta property=\"og:type\" content=\"article\" \/>\n<meta property=\"og:title\" content=\"Mundari, voyage au c\u0153ur des camps de b\u00e9tail du Soudan du Sud | Exposant &#8211; Montier Photo Festival\" \/>\n<meta property=\"og:description\" content=\"Femme Larim &#8211; Beno\u00eet Feron              Palabres nocturnes &#8211; Beno\u00eet Feron              La gr\u00e2ce de l\u2019\u00e2ge &#8211; Anne-Fran\u00e7oise Tasnier              Petit d\u00e9jeuner Mundari &#8211; Anne-Fran\u00e7oise Tasnier              Fin de journ\u00e9e chez les Mundari [&hellip;]\" \/>\n<meta property=\"og:url\" content=\"https:\/\/www.photo-montier.org\/en\/fiche-exposant\/mundari-voyage-au-coeur-des-camps-de-betail-du-soudan-du-sud\/\" \/>\n<meta property=\"og:site_name\" content=\"Montier Photo Festival\" \/>\n<meta property=\"article:publisher\" content=\"https:\/\/www.facebook.com\/Festivalmontier\/\" \/>\n<meta property=\"article:modified_time\" content=\"2024-04-30T12:19:31+00:00\" \/>\n<meta property=\"og:image\" content=\"https:\/\/www.photo-montier.org\/wp-content\/uploads\/exposants\/2022\/894_0aaee7c2-6f6f-442c-b136-7a389b2fadb1-158x210.jpeg\" \/>\n<meta name=\"twitter:card\" content=\"summary_large_image\" \/>\n<meta name=\"twitter:site\" content=\"@festivalmontier\" \/>\n<script type=\"application\/ld+json\" class=\"yoast-schema-graph\">{\"@context\":\"https:\/\/schema.org\",\"@graph\":[{\"@type\":\"WebPage\",\"@id\":\"https:\/\/www.photo-montier.org\/en\/fiche-exposant\/mundari-voyage-au-coeur-des-camps-de-betail-du-soudan-du-sud\/\",\"url\":\"https:\/\/www.photo-montier.org\/en\/fiche-exposant\/mundari-voyage-au-coeur-des-camps-de-betail-du-soudan-du-sud\/\",\"name\":\"Mundari, voyage au c\u0153ur des camps de b\u00e9tail du Soudan du Sud | Exposant &#8211; Montier Photo Festival\",\"isPartOf\":{\"@id\":\"https:\/\/www.photo-montier.org\/en\/#website\"},\"primaryImageOfPage\":{\"@id\":\"https:\/\/www.photo-montier.org\/en\/fiche-exposant\/mundari-voyage-au-coeur-des-camps-de-betail-du-soudan-du-sud\/#primaryimage\"},\"image\":{\"@id\":\"https:\/\/www.photo-montier.org\/en\/fiche-exposant\/mundari-voyage-au-coeur-des-camps-de-betail-du-soudan-du-sud\/#primaryimage\"},\"thumbnailUrl\":\"https:\/\/www.photo-montier.org\/wp-content\/uploads\/exposants\/2022\/894_f3a2e672-b999-49c6-a5ce-b8d041b7fcd1.jpeg\",\"datePublished\":\"2022-08-22T12:00:03+00:00\",\"dateModified\":\"2024-04-30T12:19:31+00:00\",\"breadcrumb\":{\"@id\":\"https:\/\/www.photo-montier.org\/en\/fiche-exposant\/mundari-voyage-au-coeur-des-camps-de-betail-du-soudan-du-sud\/#breadcrumb\"},\"inLanguage\":\"en-US\",\"potentialAction\":[{\"@type\":\"ReadAction\",\"target\":[\"https:\/\/www.photo-montier.org\/en\/fiche-exposant\/mundari-voyage-au-coeur-des-camps-de-betail-du-soudan-du-sud\/\"]}]},{\"@type\":\"ImageObject\",\"inLanguage\":\"en-US\",\"@id\":\"https:\/\/www.photo-montier.org\/en\/fiche-exposant\/mundari-voyage-au-coeur-des-camps-de-betail-du-soudan-du-sud\/#primaryimage\",\"url\":\"https:\/\/www.photo-montier.org\/wp-content\/uploads\/exposants\/2022\/894_f3a2e672-b999-49c6-a5ce-b8d041b7fcd1.jpeg\",\"contentUrl\":\"https:\/\/www.photo-montier.org\/wp-content\/uploads\/exposants\/2022\/894_f3a2e672-b999-49c6-a5ce-b8d041b7fcd1.jpeg\",\"width\":3000,\"height\":2000,\"caption\":\"894_f3a2e672-b999-49c6-a5ce-b8d041b7fcd1.jpeg -\"},{\"@type\":\"BreadcrumbList\",\"@id\":\"https:\/\/www.photo-montier.org\/en\/fiche-exposant\/mundari-voyage-au-coeur-des-camps-de-betail-du-soudan-du-sud\/#breadcrumb\",\"itemListElement\":[{\"@type\":\"ListItem\",\"position\":1,\"name\":\"Home\",\"item\":\"https:\/\/www.photo-montier.org\/en\/\"},{\"@type\":\"ListItem\",\"position\":2,\"name\":\"Exposants\",\"item\":\"https:\/\/www.photo-montier.org\/en\/fiche-exposant\/\"},{\"@type\":\"ListItem\",\"position\":3,\"name\":\"2022\",\"item\":\"https:\/\/www.photo-montier.org\/en\/exposants\/2022\/\"},{\"@type\":\"ListItem\",\"position\":4,\"name\":\"Mundari, voyage au c\u0153ur des camps de b\u00e9tail du Soudan du Sud\"}]},{\"@type\":\"WebSite\",\"@id\":\"https:\/\/www.photo-montier.org\/en\/#website\",\"url\":\"https:\/\/www.photo-montier.org\/en\/\",\"name\":\"Montier Photo Festival\",\"description\":\"International Wildlife and Nature Photo Festival\",\"publisher\":{\"@id\":\"https:\/\/www.photo-montier.org\/en\/#organization\"},\"potentialAction\":[{\"@type\":\"SearchAction\",\"target\":{\"@type\":\"EntryPoint\",\"urlTemplate\":\"https:\/\/www.photo-montier.org\/en\/?s={search_term_string}\"},\"query-input\":{\"@type\":\"PropertyValueSpecification\",\"valueRequired\":true,\"valueName\":\"search_term_string\"}}],\"inLanguage\":\"en-US\"},{\"@type\":\"Organization\",\"@id\":\"https:\/\/www.photo-montier.org\/en\/#organization\",\"name\":\"Montier Festival Photo\",\"url\":\"https:\/\/www.photo-montier.org\/en\/\",\"logo\":{\"@type\":\"ImageObject\",\"inLanguage\":\"en-US\",\"@id\":\"https:\/\/www.photo-montier.org\/en\/#\/schema\/logo\/image\/\",\"url\":\"https:\/\/www.photo-montier.org\/wp-content\/uploads\/2016\/06\/logo-festival-renard-couleur-1.png\",\"contentUrl\":\"https:\/\/www.photo-montier.org\/wp-content\/uploads\/2016\/06\/logo-festival-renard-couleur-1.png\",\"width\":408,\"height\":200,\"caption\":\"Montier Festival Photo\"},\"image\":{\"@id\":\"https:\/\/www.photo-montier.org\/en\/#\/schema\/logo\/image\/\"},\"sameAs\":[\"https:\/\/www.facebook.com\/Festivalmontier\/\",\"https:\/\/x.com\/festivalmontier\",\"https:\/\/www.instagram.com\/festivalmontier\/\",\"https:\/\/www.youtube.com\/channel\/UCylkMGITSE22T6fgWUEYIvw\",\"https:\/\/www.tiktok.com\/@festivalmontier\"]}]}<\/script>\n<!-- \/ Yoast SEO plugin. -->","yoast_head_json":{"title":"Mundari, voyage au c\u0153ur des camps de b\u00e9tail du Soudan du Sud | Exposant &#8211; Montier Photo Festival","robots":{"index":"index","follow":"follow","max-snippet":"max-snippet:-1","max-image-preview":"max-image-preview:large","max-video-preview":"max-video-preview:-1"},"canonical":"https:\/\/www.photo-montier.org\/en\/fiche-exposant\/mundari-voyage-au-coeur-des-camps-de-betail-du-soudan-du-sud\/","og_locale":"en_US","og_type":"article","og_title":"Mundari, voyage au c\u0153ur des camps de b\u00e9tail du Soudan du Sud | Exposant &#8211; Montier Photo Festival","og_description":"Femme Larim &#8211; Beno\u00eet Feron              Palabres nocturnes &#8211; Beno\u00eet Feron              La gr\u00e2ce de l\u2019\u00e2ge &#8211; Anne-Fran\u00e7oise Tasnier              Petit d\u00e9jeuner Mundari &#8211; Anne-Fran\u00e7oise Tasnier              Fin de journ\u00e9e chez les Mundari [&hellip;]","og_url":"https:\/\/www.photo-montier.org\/en\/fiche-exposant\/mundari-voyage-au-coeur-des-camps-de-betail-du-soudan-du-sud\/","og_site_name":"Montier Photo Festival","article_publisher":"https:\/\/www.facebook.com\/Festivalmontier\/","article_modified_time":"2024-04-30T12:19:31+00:00","og_image":[{"url":"https:\/\/www.photo-montier.org\/wp-content\/uploads\/exposants\/2022\/894_0aaee7c2-6f6f-442c-b136-7a389b2fadb1-158x210.jpeg"}],"twitter_card":"summary_large_image","twitter_site":"@festivalmontier","schema":{"@context":"https:\/\/schema.org","@graph":[{"@type":"WebPage","@id":"https:\/\/www.photo-montier.org\/en\/fiche-exposant\/mundari-voyage-au-coeur-des-camps-de-betail-du-soudan-du-sud\/","url":"https:\/\/www.photo-montier.org\/en\/fiche-exposant\/mundari-voyage-au-coeur-des-camps-de-betail-du-soudan-du-sud\/","name":"Mundari, voyage au c\u0153ur des camps de b\u00e9tail du Soudan du Sud | Exposant &#8211; Montier Photo Festival","isPartOf":{"@id":"https:\/\/www.photo-montier.org\/en\/#website"},"primaryImageOfPage":{"@id":"https:\/\/www.photo-montier.org\/en\/fiche-exposant\/mundari-voyage-au-coeur-des-camps-de-betail-du-soudan-du-sud\/#primaryimage"},"image":{"@id":"https:\/\/www.photo-montier.org\/en\/fiche-exposant\/mundari-voyage-au-coeur-des-camps-de-betail-du-soudan-du-sud\/#primaryimage"},"thumbnailUrl":"https:\/\/www.photo-montier.org\/wp-content\/uploads\/exposants\/2022\/894_f3a2e672-b999-49c6-a5ce-b8d041b7fcd1.jpeg","datePublished":"2022-08-22T12:00:03+00:00","dateModified":"2024-04-30T12:19:31+00:00","breadcrumb":{"@id":"https:\/\/www.photo-montier.org\/en\/fiche-exposant\/mundari-voyage-au-coeur-des-camps-de-betail-du-soudan-du-sud\/#breadcrumb"},"inLanguage":"en-US","potentialAction":[{"@type":"ReadAction","target":["https:\/\/www.photo-montier.org\/en\/fiche-exposant\/mundari-voyage-au-coeur-des-camps-de-betail-du-soudan-du-sud\/"]}]},{"@type":"ImageObject","inLanguage":"en-US","@id":"https:\/\/www.photo-montier.org\/en\/fiche-exposant\/mundari-voyage-au-coeur-des-camps-de-betail-du-soudan-du-sud\/#primaryimage","url":"https:\/\/www.photo-montier.org\/wp-content\/uploads\/exposants\/2022\/894_f3a2e672-b999-49c6-a5ce-b8d041b7fcd1.jpeg","contentUrl":"https:\/\/www.photo-montier.org\/wp-content\/uploads\/exposants\/2022\/894_f3a2e672-b999-49c6-a5ce-b8d041b7fcd1.jpeg","width":3000,"height":2000,"caption":"894_f3a2e672-b999-49c6-a5ce-b8d041b7fcd1.jpeg -"},{"@type":"BreadcrumbList","@id":"https:\/\/www.photo-montier.org\/en\/fiche-exposant\/mundari-voyage-au-coeur-des-camps-de-betail-du-soudan-du-sud\/#breadcrumb","itemListElement":[{"@type":"ListItem","position":1,"name":"Home","item":"https:\/\/www.photo-montier.org\/en\/"},{"@type":"ListItem","position":2,"name":"Exposants","item":"https:\/\/www.photo-montier.org\/en\/fiche-exposant\/"},{"@type":"ListItem","position":3,"name":"2022","item":"https:\/\/www.photo-montier.org\/en\/exposants\/2022\/"},{"@type":"ListItem","position":4,"name":"Mundari, voyage au c\u0153ur des camps de b\u00e9tail du Soudan du Sud"}]},{"@type":"WebSite","@id":"https:\/\/www.photo-montier.org\/en\/#website","url":"https:\/\/www.photo-montier.org\/en\/","name":"Montier Photo Festival","description":"International Wildlife and Nature Photo Festival","publisher":{"@id":"https:\/\/www.photo-montier.org\/en\/#organization"},"potentialAction":[{"@type":"SearchAction","target":{"@type":"EntryPoint","urlTemplate":"https:\/\/www.photo-montier.org\/en\/?s={search_term_string}"},"query-input":{"@type":"PropertyValueSpecification","valueRequired":true,"valueName":"search_term_string"}}],"inLanguage":"en-US"},{"@type":"Organization","@id":"https:\/\/www.photo-montier.org\/en\/#organization","name":"Montier Festival Photo","url":"https:\/\/www.photo-montier.org\/en\/","logo":{"@type":"ImageObject","inLanguage":"en-US","@id":"https:\/\/www.photo-montier.org\/en\/#\/schema\/logo\/image\/","url":"https:\/\/www.photo-montier.org\/wp-content\/uploads\/2016\/06\/logo-festival-renard-couleur-1.png","contentUrl":"https:\/\/www.photo-montier.org\/wp-content\/uploads\/2016\/06\/logo-festival-renard-couleur-1.png","width":408,"height":200,"caption":"Montier Festival Photo"},"image":{"@id":"https:\/\/www.photo-montier.org\/en\/#\/schema\/logo\/image\/"},"sameAs":["https:\/\/www.facebook.com\/Festivalmontier\/","https:\/\/x.com\/festivalmontier","https:\/\/www.instagram.com\/festivalmontier\/","https:\/\/www.youtube.com\/channel\/UCylkMGITSE22T6fgWUEYIvw","https:\/\/www.tiktok.com\/@festivalmontier"]}]}},"_links":{"self":[{"href":"https:\/\/www.photo-montier.org\/en\/wp-json\/wp\/v2\/kexposants\/50007"}],"collection":[{"href":"https:\/\/www.photo-montier.org\/en\/wp-json\/wp\/v2\/kexposants"}],"about":[{"href":"https:\/\/www.photo-montier.org\/en\/wp-json\/wp\/v2\/types\/kexposants"}],"author":[{"embeddable":true,"href":"https:\/\/www.photo-montier.org\/en\/wp-json\/wp\/v2\/users\/1"}],"version-history":[{"count":1,"href":"https:\/\/www.photo-montier.org\/en\/wp-json\/wp\/v2\/kexposants\/50007\/revisions"}],"predecessor-version":[{"id":67284,"href":"https:\/\/www.photo-montier.org\/en\/wp-json\/wp\/v2\/kexposants\/50007\/revisions\/67284"}],"wp:featuredmedia":[{"embeddable":true,"href":"https:\/\/www.photo-montier.org\/en\/wp-json\/wp\/v2\/media\/50013"}],"wp:attachment":[{"href":"https:\/\/www.photo-montier.org\/en\/wp-json\/wp\/v2\/media?parent=50007"}],"wp:term":[{"taxonomy":"exposants","embeddable":true,"href":"https:\/\/www.photo-montier.org\/en\/wp-json\/wp\/v2\/exposants?post=50007"},{"taxonomy":"site-exposants","embeddable":true,"href":"https:\/\/www.photo-montier.org\/en\/wp-json\/wp\/v2\/site-exposants?post=50007"},{"taxonomy":"type-exposants-conferences","embeddable":true,"href":"https:\/\/www.photo-montier.org\/en\/wp-json\/wp\/v2\/type-exposants-conferences?post=50007"},{"taxonomy":"type-exposants","embeddable":true,"href":"https:\/\/www.photo-montier.org\/en\/wp-json\/wp\/v2\/type-exposants?post=50007"}],"curies":[{"name":"wp","href":"https:\/\/api.w.org\/{rel}","templated":true}]}}