{"id":47766,"date":"2022-07-12T09:28:58","date_gmt":"2022-07-12T07:28:58","guid":{"rendered":"https:\/\/exposants.photo-montier.org\/?post_type=kexposants&#038;p=47766"},"modified":"2024-04-30T14:19:28","modified_gmt":"2024-04-30T12:19:28","slug":"les-derniers-peuples-des-glaces","status":"publish","type":"kexposants","link":"https:\/\/www.photo-montier.org\/en\/fiche-exposant\/les-derniers-peuples-des-glaces\/","title":{"rendered":"Francis LATREILLE"},"content":{"rendered":"<div id='gallery-1' class='gallery galleryid-47766 gallery-columns-4 gallery-size-kexposants-medium'><dl class='gallery-item'>\n\t\t\t<dt class='gallery-icon landscape'>\n\t\t\t\t<a href='https:\/\/www.photo-montier.org\/wp-content\/uploads\/exposants\/2022\/original\/876__mg_2369-1024x683.jpg'><img decoding=\"async\" width=\"315\" height=\"210\" src=\"https:\/\/www.photo-montier.org\/wp-content\/uploads\/exposants\/2022\/original\/876__mg_2369-315x210.jpg\" class=\"attachment-kexposants-medium size-kexposants-medium\" alt=\"Montier Photo Festival\" aria-describedby=\"gallery-1-47788\" srcset=\"https:\/\/www.photo-montier.org\/wp-content\/uploads\/exposants\/2022\/original\/876__mg_2369-315x210.jpg 315w, https:\/\/www.photo-montier.org\/wp-content\/uploads\/exposants\/2022\/original\/876__mg_2369-300x200.jpg 300w, https:\/\/www.photo-montier.org\/wp-content\/uploads\/exposants\/2022\/original\/876__mg_2369-1024x683.jpg 1024w, https:\/\/www.photo-montier.org\/wp-content\/uploads\/exposants\/2022\/original\/876__mg_2369-768x512.jpg 768w, https:\/\/www.photo-montier.org\/wp-content\/uploads\/exposants\/2022\/original\/876__mg_2369-1536x1024.jpg 1536w, https:\/\/www.photo-montier.org\/wp-content\/uploads\/exposants\/2022\/original\/876__mg_2369-2048x1365.jpg 2048w, https:\/\/www.photo-montier.org\/wp-content\/uploads\/exposants\/2022\/original\/876__mg_2369-600x400.jpg 600w, https:\/\/www.photo-montier.org\/wp-content\/uploads\/exposants\/2022\/original\/876__mg_2369-1320x880.jpg 1320w\" sizes=\"(max-width: 315px) 100vw, 315px\" \/><\/a>\n\t\t\t<\/dt>\n\t\t\t\t<dd class='wp-caption-text gallery-caption' id='gallery-1-47788'>\n\t\t\t\tNeneth dans la peninsule de Yamal Siberie &#8211; Francis Latreille\n\t\t\t\t<\/dd><\/dl><dl class='gallery-item'>\n\t\t\t<dt class='gallery-icon landscape'>\n\t\t\t\t<a href='https:\/\/www.photo-montier.org\/wp-content\/uploads\/exposants\/2022\/original\/876_img_7288-1-jpg-1024x683.jpg'><img decoding=\"async\" width=\"315\" height=\"210\" src=\"https:\/\/www.photo-montier.org\/wp-content\/uploads\/exposants\/2022\/original\/876_img_7288-1-jpg-315x210.jpg\" class=\"attachment-kexposants-medium size-kexposants-medium\" alt=\"Montier Photo Festival\" aria-describedby=\"gallery-1-47784\" srcset=\"https:\/\/www.photo-montier.org\/wp-content\/uploads\/exposants\/2022\/original\/876_img_7288-1-jpg-315x210.jpg 315w, https:\/\/www.photo-montier.org\/wp-content\/uploads\/exposants\/2022\/original\/876_img_7288-1-jpg-300x200.jpg 300w, https:\/\/www.photo-montier.org\/wp-content\/uploads\/exposants\/2022\/original\/876_img_7288-1-jpg-1024x683.jpg 1024w, https:\/\/www.photo-montier.org\/wp-content\/uploads\/exposants\/2022\/original\/876_img_7288-1-jpg-768x512.jpg 768w, https:\/\/www.photo-montier.org\/wp-content\/uploads\/exposants\/2022\/original\/876_img_7288-1-jpg-1536x1024.jpg 1536w, https:\/\/www.photo-montier.org\/wp-content\/uploads\/exposants\/2022\/original\/876_img_7288-1-jpg-2048x1365.jpg 2048w, https:\/\/www.photo-montier.org\/wp-content\/uploads\/exposants\/2022\/original\/876_img_7288-1-jpg-600x400.jpg 600w, https:\/\/www.photo-montier.org\/wp-content\/uploads\/exposants\/2022\/original\/876_img_7288-1-jpg-1320x880.jpg 1320w\" sizes=\"(max-width: 315px) 100vw, 315px\" \/><\/a>\n\t\t\t<\/dt>\n\t\t\t\t<dd class='wp-caption-text gallery-caption' id='gallery-1-47784'>\n\t\t\t\tIllulisat Groenland la cit\u00e9 des chiens de traineaux &#8211; Francis Latreille\n\t\t\t\t<\/dd><\/dl><dl class='gallery-item'>\n\t\t\t<dt class='gallery-icon portrait'>\n\t\t\t\t<a href='https:\/\/www.photo-montier.org\/wp-content\/uploads\/exposants\/2022\/original\/876_0018-515x1024.jpg'><img decoding=\"async\" width=\"106\" height=\"210\" src=\"https:\/\/www.photo-montier.org\/wp-content\/uploads\/exposants\/2022\/original\/876_0018-106x210.jpg\" class=\"attachment-kexposants-medium size-kexposants-medium\" alt=\"Montier Photo Festival\" aria-describedby=\"gallery-1-47780\" srcset=\"https:\/\/www.photo-montier.org\/wp-content\/uploads\/exposants\/2022\/original\/876_0018-106x210.jpg 106w, https:\/\/www.photo-montier.org\/wp-content\/uploads\/exposants\/2022\/original\/876_0018-151x300.jpg 151w, https:\/\/www.photo-montier.org\/wp-content\/uploads\/exposants\/2022\/original\/876_0018-515x1024.jpg 515w, https:\/\/www.photo-montier.org\/wp-content\/uploads\/exposants\/2022\/original\/876_0018-768x1528.jpg 768w, https:\/\/www.photo-montier.org\/wp-content\/uploads\/exposants\/2022\/original\/876_0018-772x1536.jpg 772w, https:\/\/www.photo-montier.org\/wp-content\/uploads\/exposants\/2022\/original\/876_0018-1029x2048.jpg 1029w, https:\/\/www.photo-montier.org\/wp-content\/uploads\/exposants\/2022\/original\/876_0018-201x400.jpg 201w, https:\/\/www.photo-montier.org\/wp-content\/uploads\/exposants\/2022\/original\/876_0018-1320x2626.jpg 1320w, https:\/\/www.photo-montier.org\/wp-content\/uploads\/exposants\/2022\/original\/876_0018.jpg 1508w\" sizes=\"(max-width: 106px) 100vw, 106px\" \/><\/a>\n\t\t\t<\/dt>\n\t\t\t\t<dd class='wp-caption-text gallery-caption' id='gallery-1-47780'>\n\t\t\t\tSiberie le petit Dolgan Kostia &#8211; Francis Latreille\n\t\t\t\t<\/dd><\/dl><dl class='gallery-item'>\n\t\t\t<dt class='gallery-icon portrait'>\n\t\t\t\t<a href='https:\/\/www.photo-montier.org\/wp-content\/uploads\/exposants\/2022\/original\/876_019-514x1024.jpg'><img decoding=\"async\" width=\"105\" height=\"210\" src=\"https:\/\/www.photo-montier.org\/wp-content\/uploads\/exposants\/2022\/original\/876_019-105x210.jpg\" class=\"attachment-kexposants-medium size-kexposants-medium\" alt=\"Montier Photo Festival\" aria-describedby=\"gallery-1-47776\" srcset=\"https:\/\/www.photo-montier.org\/wp-content\/uploads\/exposants\/2022\/original\/876_019-105x210.jpg 105w, https:\/\/www.photo-montier.org\/wp-content\/uploads\/exposants\/2022\/original\/876_019-151x300.jpg 151w, https:\/\/www.photo-montier.org\/wp-content\/uploads\/exposants\/2022\/original\/876_019-514x1024.jpg 514w, https:\/\/www.photo-montier.org\/wp-content\/uploads\/exposants\/2022\/original\/876_019-768x1529.jpg 768w, https:\/\/www.photo-montier.org\/wp-content\/uploads\/exposants\/2022\/original\/876_019-772x1536.jpg 772w, https:\/\/www.photo-montier.org\/wp-content\/uploads\/exposants\/2022\/original\/876_019-1029x2048.jpg 1029w, https:\/\/www.photo-montier.org\/wp-content\/uploads\/exposants\/2022\/original\/876_019-201x400.jpg 201w, https:\/\/www.photo-montier.org\/wp-content\/uploads\/exposants\/2022\/original\/876_019-1320x2628.jpg 1320w, https:\/\/www.photo-montier.org\/wp-content\/uploads\/exposants\/2022\/original\/876_019.jpg 1507w\" sizes=\"(max-width: 105px) 100vw, 105px\" \/><\/a>\n\t\t\t<\/dt>\n\t\t\t\t<dd class='wp-caption-text gallery-caption' id='gallery-1-47776'>\n\t\t\t\tSiberie le chasseur Dolgan Gavril &#8211; Francis Latreille\n\t\t\t\t<\/dd><\/dl><br style=\"clear: both\" \/><dl class='gallery-item'>\n\t\t\t<dt class='gallery-icon portrait'>\n\t\t\t\t<a href='https:\/\/www.photo-montier.org\/wp-content\/uploads\/exposants\/2022\/876_groenland-475x1024.jpg'><img decoding=\"async\" width=\"97\" height=\"210\" src=\"https:\/\/www.photo-montier.org\/wp-content\/uploads\/exposants\/2022\/876_groenland-97x210.jpg\" class=\"attachment-kexposants-medium size-kexposants-medium\" alt=\"Montier Photo Festival\" aria-describedby=\"gallery-1-47774\" srcset=\"https:\/\/www.photo-montier.org\/wp-content\/uploads\/exposants\/2022\/876_groenland-97x210.jpg 97w, https:\/\/www.photo-montier.org\/wp-content\/uploads\/exposants\/2022\/876_groenland-139x300.jpg 139w, https:\/\/www.photo-montier.org\/wp-content\/uploads\/exposants\/2022\/876_groenland-475x1024.jpg 475w, https:\/\/www.photo-montier.org\/wp-content\/uploads\/exposants\/2022\/876_groenland-768x1656.jpg 768w, https:\/\/www.photo-montier.org\/wp-content\/uploads\/exposants\/2022\/876_groenland-712x1536.jpg 712w, https:\/\/www.photo-montier.org\/wp-content\/uploads\/exposants\/2022\/876_groenland-950x2048.jpg 950w, https:\/\/www.photo-montier.org\/wp-content\/uploads\/exposants\/2022\/876_groenland-185x400.jpg 185w, https:\/\/www.photo-montier.org\/wp-content\/uploads\/exposants\/2022\/876_groenland-1320x2847.jpg 1320w, https:\/\/www.photo-montier.org\/wp-content\/uploads\/exposants\/2022\/876_groenland.jpg 1391w\" sizes=\"(max-width: 97px) 100vw, 97px\" \/><\/a>\n\t\t\t<\/dt>\n\t\t\t\t<dd class='wp-caption-text gallery-caption' id='gallery-1-47774'>\n\t\t\t\tLe chasseur Groenlandais Palo &#8211; Francis Latreille\n\t\t\t\t<\/dd><\/dl>\n\t\t\t<br style='clear: both' \/>\n\t\t<\/div>\n\n<p>Une galerie des images de l\u2019exposant sera affich\u00e9e ici.<\/p>\n","protected":false},"author":1,"featured_media":47770,"template":"","exposants":[557],"site-exposants":[517],"type-exposants-conferences":[],"type-exposants":[],"acf":{"kexposants_custom_thumbnail":null,"kexposants_expo_group":"","kexposants_title_en":"","kexposants_day_conf_date":null,"kexposants_hours_conf_text_start":"","kexposants_hours_conf_text_end":"","kexposants_bio":"1967 : Reportage sur la Guerre des 6 jours en Israel 1973 : int\u00e8gre le staff du quotidien France-Soir comme reporter\u2013photographe 1995 : rejoint l\u2019explorateur Jean Louis Etienne 1997 : exposition \u00e0 Paris \u00e0 l\u2019Hotel de Sully \u00ab photographies de l\u2019Arctique \u00bb 1998 : \u00ab Mammuthus \u00bbun reportage-photo sur un mammouth disparu depuis 20 000 ans dans les glaces de Sib\u00e9rie, publications dans tous les grands magazines du monde Life, Paris-Match, Geo Allemagne, Guardian, Figaro-Magazine , El Mundo\u2026 2000-2016 : expositions au Palais de la d\u00e9couverte \u00e0 Paris, au Mus\u00e9e de la Marine,, festival international de la Gacilly, Visa pour l\u2019image \u00e0 Perpignan, la Seyne sur Mer, Vannes, Montier en Der, \u00e0 Dali et Shanghai en Chine , Stockolm, etc.. 2006-2008 Participe \u00e0 l\u2019exp\u00e9dition \u00ab Tara-Arctic \u00bb nombreuses publications dans Paris-Match, Geo , Figaro-Magazine Guardian etc.. 2007-2009 Participe et publie les images de la d\u00e9couverte d\u2019un b\u00e9b\u00e9 Mammouth \u00ab Lyuba \u00bb en Siberie pour le National Geographic. 2009-2013 Participe aux exp\u00e9ditions en Yakoutie et en Sib\u00e9rie sur la d\u00e9couverte de nombreuses esp\u00e8ces disparues (Rhinoc\u00e9ros laineux, bisons, cheval pr\u00e9historique, etc.. ) 2010-2014 participe \u00e0 l\u2019exp\u00e9dition \u00ab Tara-Oc\u00e9an \u00bb \u00e0 bord de la go\u00e9lette scientifique \u00ab Tara \u00bb 2017-2019 exp\u00e9dition Groenland \"\u00e0 la rencontre des peuples groenlandais\" Distinctions : 1996 :World-Press Photo Award cat\u00e9gorie Science et Technologie. 2000 :Premier prix au festival du Scoop d\u2019Angers. 2006 :Le Pr\u00e9sident Jacques Chirac le nomme Chevalier de l\u2019Ordre National du M\u00e9rite Publications-\u00e9ditions : 2000 : \u00abMammouth \u00bb publi\u00e9 par Robert Laffont 2002 : \u00ab Mission banquise \u00bb avec Jean Louis Etienne par les \u00e9ditions du Seuil 2003 : \u00ab Dolgans, les derniers nomades des glaces \u00bb par Hors Collections 2005 : \u00ab Tara un voilier pour la plan\u00e8te \u00bb publi\u00e9 chez Guerin 2006 : \u00ab Paradis Blanc \u00bb aux \u00e9ditions de La Martini\u00e8re. 2006 : \u00ab Wonders of the North Pole \u00bb Par Abrams 2007 : \u00ab Tara, 500jours dans les glaces \u00bb par Gallimard 2010 : \u00ab A la d\u00e9couvertes des P\u00f4les \u00bb \u00e9ditions de La Martini\u00e8re 2011 : \u00ab Hermione, une fr\u00e9gate pour la libert\u00e9 \u00bb Chez Gallimard 2013 : \u00ab Expedition Mammuthus \u00bb chez de La Martini\u00e8re 2015 : \u00ab Hermione ,dans le sillage de Lafayette \u00bb aux \u00e9ditions Gallimard 2016 : \u00ab La belle aventure de l\u2019Hermione \u00bb aux \u00e9ditions Gallimard 2019: \" les derniers peuples des glaces\" aux \u00e9ditions Gallimard","kexposants_bio_en":"","kexposants_expo":"Depuis plus de trente ans, Francis Latreille sillonne l\u2019Arctique a\u0300 la rencontre des hommes du Grand Nord. Dolganes, Ne\u0301ne\u0300tses, Tchouktches, Yakoutes, Sa\u0302mes, Koriaks et Inuits qui conservent un mode de vie traditionnel, tandis que leurs territoires sont hautement menace\u0301s par le changement climatique. Au fil de ses anne\u0301es de voyage, le photographe les a accompagne\u0301s au cours de leurs transhumances dans la toundra, a\u0300 la pe\u0302che, a\u0300 la chasse et a partage\u0301 leur quotidien. C\u2019est au travers de ces relations privile\u0301gie\u0301es que s\u2019est dessine\u0301 cet hommage aux ethnies du froid. Un magnifique reportage qui dresse le portrait saisissant de ces hommes et de ces femmes qui continuent de re\u0301sister aux e\u0301le\u0301ments et a\u0300 la modernite\u0301. Une invitation a\u0300 de\u0301couvrir le monde plein d\u2019humanite\u0301 de ces derniers peuples des glaces.","kexposants_expo_en":"","kexposants_denomination":"Les derniers peuples des glaces","kexposants_user_id":779,"kexposants_url_movie":""},"yoast_head":"<!-- This site is optimized with the Yoast SEO plugin v23.5 - https:\/\/yoast.com\/wordpress\/plugins\/seo\/ -->\n<title>Francis LATREILLE | Exposant &#8211; Montier Photo Festival<\/title>\n<meta name=\"robots\" content=\"index, follow, max-snippet:-1, max-image-preview:large, max-video-preview:-1\" \/>\n<link rel=\"canonical\" href=\"https:\/\/www.photo-montier.org\/en\/fiche-exposant\/les-derniers-peuples-des-glaces\/\" \/>\n<meta property=\"og:locale\" content=\"en_US\" \/>\n<meta property=\"og:type\" content=\"article\" \/>\n<meta property=\"og:title\" content=\"Francis LATREILLE | Exposant &#8211; Montier Photo Festival\" \/>\n<meta property=\"og:description\" content=\"Neneth dans la peninsule de Yamal Siberie &#8211; Francis Latreille              Illulisat Groenland la cit\u00e9 des chiens de traineaux &#8211; Francis Latreille              Siberie le petit Dolgan Kostia &#8211; [&hellip;]\" \/>\n<meta property=\"og:url\" content=\"https:\/\/www.photo-montier.org\/en\/fiche-exposant\/les-derniers-peuples-des-glaces\/\" \/>\n<meta property=\"og:site_name\" content=\"Montier Photo Festival\" \/>\n<meta property=\"article:publisher\" content=\"https:\/\/www.facebook.com\/Festivalmontier\/\" \/>\n<meta property=\"article:modified_time\" content=\"2024-04-30T12:19:28+00:00\" \/>\n<meta property=\"og:image\" content=\"https:\/\/www.photo-montier.org\/wp-content\/uploads\/exposants\/2022\/original\/876__mg_2369-315x210.jpg\" \/>\n<meta name=\"twitter:card\" content=\"summary_large_image\" \/>\n<meta name=\"twitter:site\" content=\"@festivalmontier\" \/>\n<script type=\"application\/ld+json\" class=\"yoast-schema-graph\">{\"@context\":\"https:\/\/schema.org\",\"@graph\":[{\"@type\":\"WebPage\",\"@id\":\"https:\/\/www.photo-montier.org\/en\/fiche-exposant\/les-derniers-peuples-des-glaces\/\",\"url\":\"https:\/\/www.photo-montier.org\/en\/fiche-exposant\/les-derniers-peuples-des-glaces\/\",\"name\":\"Francis LATREILLE | Exposant &#8211; Montier Photo Festival\",\"isPartOf\":{\"@id\":\"https:\/\/www.photo-montier.org\/en\/#website\"},\"primaryImageOfPage\":{\"@id\":\"https:\/\/www.photo-montier.org\/en\/fiche-exposant\/les-derniers-peuples-des-glaces\/#primaryimage\"},\"image\":{\"@id\":\"https:\/\/www.photo-montier.org\/en\/fiche-exposant\/les-derniers-peuples-des-glaces\/#primaryimage\"},\"thumbnailUrl\":\"https:\/\/www.photo-montier.org\/wp-content\/uploads\/exposants\/2022\/876_copie-de-hd_0045-copie.jpg\",\"datePublished\":\"2022-07-12T07:28:58+00:00\",\"dateModified\":\"2024-04-30T12:19:28+00:00\",\"breadcrumb\":{\"@id\":\"https:\/\/www.photo-montier.org\/en\/fiche-exposant\/les-derniers-peuples-des-glaces\/#breadcrumb\"},\"inLanguage\":\"en-US\",\"potentialAction\":[{\"@type\":\"ReadAction\",\"target\":[\"https:\/\/www.photo-montier.org\/en\/fiche-exposant\/les-derniers-peuples-des-glaces\/\"]}]},{\"@type\":\"ImageObject\",\"inLanguage\":\"en-US\",\"@id\":\"https:\/\/www.photo-montier.org\/en\/fiche-exposant\/les-derniers-peuples-des-glaces\/#primaryimage\",\"url\":\"https:\/\/www.photo-montier.org\/wp-content\/uploads\/exposants\/2022\/876_copie-de-hd_0045-copie.jpg\",\"contentUrl\":\"https:\/\/www.photo-montier.org\/wp-content\/uploads\/exposants\/2022\/876_copie-de-hd_0045-copie.jpg\",\"width\":3000,\"height\":1992,\"caption\":\"876_copie-de-hd_0045-copie.jpg -\"},{\"@type\":\"BreadcrumbList\",\"@id\":\"https:\/\/www.photo-montier.org\/en\/fiche-exposant\/les-derniers-peuples-des-glaces\/#breadcrumb\",\"itemListElement\":[{\"@type\":\"ListItem\",\"position\":1,\"name\":\"Home\",\"item\":\"https:\/\/www.photo-montier.org\/en\/\"},{\"@type\":\"ListItem\",\"position\":2,\"name\":\"Exposants\",\"item\":\"https:\/\/www.photo-montier.org\/en\/fiche-exposant\/\"},{\"@type\":\"ListItem\",\"position\":3,\"name\":\"2022\",\"item\":\"https:\/\/www.photo-montier.org\/en\/exposants\/2022\/\"},{\"@type\":\"ListItem\",\"position\":4,\"name\":\"Francis LATREILLE\"}]},{\"@type\":\"WebSite\",\"@id\":\"https:\/\/www.photo-montier.org\/en\/#website\",\"url\":\"https:\/\/www.photo-montier.org\/en\/\",\"name\":\"Montier Photo Festival\",\"description\":\"International Wildlife and Nature Photo Festival\",\"publisher\":{\"@id\":\"https:\/\/www.photo-montier.org\/en\/#organization\"},\"potentialAction\":[{\"@type\":\"SearchAction\",\"target\":{\"@type\":\"EntryPoint\",\"urlTemplate\":\"https:\/\/www.photo-montier.org\/en\/?s={search_term_string}\"},\"query-input\":{\"@type\":\"PropertyValueSpecification\",\"valueRequired\":true,\"valueName\":\"search_term_string\"}}],\"inLanguage\":\"en-US\"},{\"@type\":\"Organization\",\"@id\":\"https:\/\/www.photo-montier.org\/en\/#organization\",\"name\":\"Montier Festival Photo\",\"url\":\"https:\/\/www.photo-montier.org\/en\/\",\"logo\":{\"@type\":\"ImageObject\",\"inLanguage\":\"en-US\",\"@id\":\"https:\/\/www.photo-montier.org\/en\/#\/schema\/logo\/image\/\",\"url\":\"https:\/\/www.photo-montier.org\/wp-content\/uploads\/2016\/06\/logo-festival-renard-couleur-1.png\",\"contentUrl\":\"https:\/\/www.photo-montier.org\/wp-content\/uploads\/2016\/06\/logo-festival-renard-couleur-1.png\",\"width\":408,\"height\":200,\"caption\":\"Montier Festival Photo\"},\"image\":{\"@id\":\"https:\/\/www.photo-montier.org\/en\/#\/schema\/logo\/image\/\"},\"sameAs\":[\"https:\/\/www.facebook.com\/Festivalmontier\/\",\"https:\/\/x.com\/festivalmontier\",\"https:\/\/www.instagram.com\/festivalmontier\/\",\"https:\/\/www.youtube.com\/channel\/UCylkMGITSE22T6fgWUEYIvw\",\"https:\/\/www.tiktok.com\/@festivalmontier\"]}]}<\/script>\n<!-- \/ Yoast SEO plugin. -->","yoast_head_json":{"title":"Francis LATREILLE | Exposant &#8211; Montier Photo Festival","robots":{"index":"index","follow":"follow","max-snippet":"max-snippet:-1","max-image-preview":"max-image-preview:large","max-video-preview":"max-video-preview:-1"},"canonical":"https:\/\/www.photo-montier.org\/en\/fiche-exposant\/les-derniers-peuples-des-glaces\/","og_locale":"en_US","og_type":"article","og_title":"Francis LATREILLE | Exposant &#8211; Montier Photo Festival","og_description":"Neneth dans la peninsule de Yamal Siberie &#8211; Francis Latreille              Illulisat Groenland la cit\u00e9 des chiens de traineaux &#8211; Francis Latreille              Siberie le petit Dolgan Kostia &#8211; [&hellip;]","og_url":"https:\/\/www.photo-montier.org\/en\/fiche-exposant\/les-derniers-peuples-des-glaces\/","og_site_name":"Montier Photo Festival","article_publisher":"https:\/\/www.facebook.com\/Festivalmontier\/","article_modified_time":"2024-04-30T12:19:28+00:00","og_image":[{"url":"https:\/\/www.photo-montier.org\/wp-content\/uploads\/exposants\/2022\/original\/876__mg_2369-315x210.jpg"}],"twitter_card":"summary_large_image","twitter_site":"@festivalmontier","schema":{"@context":"https:\/\/schema.org","@graph":[{"@type":"WebPage","@id":"https:\/\/www.photo-montier.org\/en\/fiche-exposant\/les-derniers-peuples-des-glaces\/","url":"https:\/\/www.photo-montier.org\/en\/fiche-exposant\/les-derniers-peuples-des-glaces\/","name":"Francis LATREILLE | Exposant &#8211; Montier Photo Festival","isPartOf":{"@id":"https:\/\/www.photo-montier.org\/en\/#website"},"primaryImageOfPage":{"@id":"https:\/\/www.photo-montier.org\/en\/fiche-exposant\/les-derniers-peuples-des-glaces\/#primaryimage"},"image":{"@id":"https:\/\/www.photo-montier.org\/en\/fiche-exposant\/les-derniers-peuples-des-glaces\/#primaryimage"},"thumbnailUrl":"https:\/\/www.photo-montier.org\/wp-content\/uploads\/exposants\/2022\/876_copie-de-hd_0045-copie.jpg","datePublished":"2022-07-12T07:28:58+00:00","dateModified":"2024-04-30T12:19:28+00:00","breadcrumb":{"@id":"https:\/\/www.photo-montier.org\/en\/fiche-exposant\/les-derniers-peuples-des-glaces\/#breadcrumb"},"inLanguage":"en-US","potentialAction":[{"@type":"ReadAction","target":["https:\/\/www.photo-montier.org\/en\/fiche-exposant\/les-derniers-peuples-des-glaces\/"]}]},{"@type":"ImageObject","inLanguage":"en-US","@id":"https:\/\/www.photo-montier.org\/en\/fiche-exposant\/les-derniers-peuples-des-glaces\/#primaryimage","url":"https:\/\/www.photo-montier.org\/wp-content\/uploads\/exposants\/2022\/876_copie-de-hd_0045-copie.jpg","contentUrl":"https:\/\/www.photo-montier.org\/wp-content\/uploads\/exposants\/2022\/876_copie-de-hd_0045-copie.jpg","width":3000,"height":1992,"caption":"876_copie-de-hd_0045-copie.jpg -"},{"@type":"BreadcrumbList","@id":"https:\/\/www.photo-montier.org\/en\/fiche-exposant\/les-derniers-peuples-des-glaces\/#breadcrumb","itemListElement":[{"@type":"ListItem","position":1,"name":"Home","item":"https:\/\/www.photo-montier.org\/en\/"},{"@type":"ListItem","position":2,"name":"Exposants","item":"https:\/\/www.photo-montier.org\/en\/fiche-exposant\/"},{"@type":"ListItem","position":3,"name":"2022","item":"https:\/\/www.photo-montier.org\/en\/exposants\/2022\/"},{"@type":"ListItem","position":4,"name":"Francis LATREILLE"}]},{"@type":"WebSite","@id":"https:\/\/www.photo-montier.org\/en\/#website","url":"https:\/\/www.photo-montier.org\/en\/","name":"Montier Photo Festival","description":"International Wildlife and Nature Photo Festival","publisher":{"@id":"https:\/\/www.photo-montier.org\/en\/#organization"},"potentialAction":[{"@type":"SearchAction","target":{"@type":"EntryPoint","urlTemplate":"https:\/\/www.photo-montier.org\/en\/?s={search_term_string}"},"query-input":{"@type":"PropertyValueSpecification","valueRequired":true,"valueName":"search_term_string"}}],"inLanguage":"en-US"},{"@type":"Organization","@id":"https:\/\/www.photo-montier.org\/en\/#organization","name":"Montier Festival Photo","url":"https:\/\/www.photo-montier.org\/en\/","logo":{"@type":"ImageObject","inLanguage":"en-US","@id":"https:\/\/www.photo-montier.org\/en\/#\/schema\/logo\/image\/","url":"https:\/\/www.photo-montier.org\/wp-content\/uploads\/2016\/06\/logo-festival-renard-couleur-1.png","contentUrl":"https:\/\/www.photo-montier.org\/wp-content\/uploads\/2016\/06\/logo-festival-renard-couleur-1.png","width":408,"height":200,"caption":"Montier Festival Photo"},"image":{"@id":"https:\/\/www.photo-montier.org\/en\/#\/schema\/logo\/image\/"},"sameAs":["https:\/\/www.facebook.com\/Festivalmontier\/","https:\/\/x.com\/festivalmontier","https:\/\/www.instagram.com\/festivalmontier\/","https:\/\/www.youtube.com\/channel\/UCylkMGITSE22T6fgWUEYIvw","https:\/\/www.tiktok.com\/@festivalmontier"]}]}},"_links":{"self":[{"href":"https:\/\/www.photo-montier.org\/en\/wp-json\/wp\/v2\/kexposants\/47766"}],"collection":[{"href":"https:\/\/www.photo-montier.org\/en\/wp-json\/wp\/v2\/kexposants"}],"about":[{"href":"https:\/\/www.photo-montier.org\/en\/wp-json\/wp\/v2\/types\/kexposants"}],"author":[{"embeddable":true,"href":"https:\/\/www.photo-montier.org\/en\/wp-json\/wp\/v2\/users\/1"}],"version-history":[{"count":1,"href":"https:\/\/www.photo-montier.org\/en\/wp-json\/wp\/v2\/kexposants\/47766\/revisions"}],"predecessor-version":[{"id":67313,"href":"https:\/\/www.photo-montier.org\/en\/wp-json\/wp\/v2\/kexposants\/47766\/revisions\/67313"}],"wp:featuredmedia":[{"embeddable":true,"href":"https:\/\/www.photo-montier.org\/en\/wp-json\/wp\/v2\/media\/47770"}],"wp:attachment":[{"href":"https:\/\/www.photo-montier.org\/en\/wp-json\/wp\/v2\/media?parent=47766"}],"wp:term":[{"taxonomy":"exposants","embeddable":true,"href":"https:\/\/www.photo-montier.org\/en\/wp-json\/wp\/v2\/exposants?post=47766"},{"taxonomy":"site-exposants","embeddable":true,"href":"https:\/\/www.photo-montier.org\/en\/wp-json\/wp\/v2\/site-exposants?post=47766"},{"taxonomy":"type-exposants-conferences","embeddable":true,"href":"https:\/\/www.photo-montier.org\/en\/wp-json\/wp\/v2\/type-exposants-conferences?post=47766"},{"taxonomy":"type-exposants","embeddable":true,"href":"https:\/\/www.photo-montier.org\/en\/wp-json\/wp\/v2\/type-exposants?post=47766"}],"curies":[{"name":"wp","href":"https:\/\/api.w.org\/{rel}","templated":true}]}}