{"id":47567,"date":"2022-06-28T11:04:26","date_gmt":"2022-06-28T09:04:26","guid":{"rendered":"https:\/\/exposants.photo-montier.org\/?post_type=kexposants&#038;p=47567"},"modified":"2024-04-30T14:19:28","modified_gmt":"2024-04-30T12:19:28","slug":"de-nuages-en-orages","status":"publish","type":"kexposants","link":"https:\/\/www.photo-montier.org\/en\/fiche-exposant\/de-nuages-en-orages\/","title":{"rendered":"De nuages en orages"},"content":{"rendered":"<div id='gallery-1' class='gallery galleryid-47567 gallery-columns-4 gallery-size-medium'><dl class='gallery-item'>\n\t\t\t<dt class='gallery-icon landscape'>\n\t\t\t\t<a href='https:\/\/www.photo-montier.org\/wp-content\/uploads\/exposants\/2022\/871_dsc_4145v2-1024x681.jpg'><img decoding=\"async\" width=\"300\" height=\"200\" src=\"https:\/\/www.photo-montier.org\/wp-content\/uploads\/exposants\/2022\/871_dsc_4145v2-300x200.jpg\" class=\"attachment-medium size-medium\" alt=\"Montier Photo Festival\" aria-describedby=\"gallery-1-47617\" srcset=\"https:\/\/www.photo-montier.org\/wp-content\/uploads\/exposants\/2022\/871_dsc_4145v2-300x200.jpg 300w, https:\/\/www.photo-montier.org\/wp-content\/uploads\/exposants\/2022\/871_dsc_4145v2-1024x681.jpg 1024w, https:\/\/www.photo-montier.org\/wp-content\/uploads\/exposants\/2022\/871_dsc_4145v2-768x511.jpg 768w, https:\/\/www.photo-montier.org\/wp-content\/uploads\/exposants\/2022\/871_dsc_4145v2-1536x1021.jpg 1536w, https:\/\/www.photo-montier.org\/wp-content\/uploads\/exposants\/2022\/871_dsc_4145v2-2048x1362.jpg 2048w, https:\/\/www.photo-montier.org\/wp-content\/uploads\/exposants\/2022\/871_dsc_4145v2-600x400.jpg 600w, https:\/\/www.photo-montier.org\/wp-content\/uploads\/exposants\/2022\/871_dsc_4145v2-316x210.jpg 316w, https:\/\/www.photo-montier.org\/wp-content\/uploads\/exposants\/2022\/871_dsc_4145v2-1320x878.jpg 1320w\" sizes=\"(max-width: 300px) 100vw, 300px\" \/><\/a>\n\t\t\t<\/dt>\n\t\t\t\t<dd class='wp-caption-text gallery-caption' id='gallery-1-47617'>\n\t\t\t\tMont Loz\u00e8re &#8211; Lauriane Galtier\n\t\t\t\t<\/dd><\/dl><dl class='gallery-item'>\n\t\t\t<dt class='gallery-icon landscape'>\n\t\t\t\t<a href='https:\/\/www.photo-montier.org\/wp-content\/uploads\/exposants\/2022\/871_dsc_6892v1t-1024x681.jpg'><img decoding=\"async\" width=\"300\" height=\"200\" src=\"https:\/\/www.photo-montier.org\/wp-content\/uploads\/exposants\/2022\/871_dsc_6892v1t-300x200.jpg\" class=\"attachment-medium size-medium\" alt=\"Montier Photo Festival\" aria-describedby=\"gallery-1-47613\" srcset=\"https:\/\/www.photo-montier.org\/wp-content\/uploads\/exposants\/2022\/871_dsc_6892v1t-300x200.jpg 300w, https:\/\/www.photo-montier.org\/wp-content\/uploads\/exposants\/2022\/871_dsc_6892v1t-1024x681.jpg 1024w, https:\/\/www.photo-montier.org\/wp-content\/uploads\/exposants\/2022\/871_dsc_6892v1t-768x511.jpg 768w, https:\/\/www.photo-montier.org\/wp-content\/uploads\/exposants\/2022\/871_dsc_6892v1t-1536x1021.jpg 1536w, https:\/\/www.photo-montier.org\/wp-content\/uploads\/exposants\/2022\/871_dsc_6892v1t-2048x1362.jpg 2048w, https:\/\/www.photo-montier.org\/wp-content\/uploads\/exposants\/2022\/871_dsc_6892v1t-600x400.jpg 600w, https:\/\/www.photo-montier.org\/wp-content\/uploads\/exposants\/2022\/871_dsc_6892v1t-316x210.jpg 316w, https:\/\/www.photo-montier.org\/wp-content\/uploads\/exposants\/2022\/871_dsc_6892v1t-1320x878.jpg 1320w\" sizes=\"(max-width: 300px) 100vw, 300px\" \/><\/a>\n\t\t\t<\/dt>\n\t\t\t\t<dd class='wp-caption-text gallery-caption' id='gallery-1-47613'>\n\t\t\t\tParc National des C\u00e9vennes &#8211; Lauriane Galtier\n\t\t\t\t<\/dd><\/dl><dl class='gallery-item'>\n\t\t\t<dt class='gallery-icon portrait'>\n\t\t\t\t<a href='https:\/\/www.photo-montier.org\/wp-content\/uploads\/exposants\/2022\/871_dsc_6575v1-681x1024.jpg'><img decoding=\"async\" width=\"200\" height=\"300\" src=\"https:\/\/www.photo-montier.org\/wp-content\/uploads\/exposants\/2022\/871_dsc_6575v1-200x300.jpg\" class=\"attachment-medium size-medium\" alt=\"Montier Photo Festival\" aria-describedby=\"gallery-1-47609\" srcset=\"https:\/\/www.photo-montier.org\/wp-content\/uploads\/exposants\/2022\/871_dsc_6575v1-200x300.jpg 200w, https:\/\/www.photo-montier.org\/wp-content\/uploads\/exposants\/2022\/871_dsc_6575v1-681x1024.jpg 681w, https:\/\/www.photo-montier.org\/wp-content\/uploads\/exposants\/2022\/871_dsc_6575v1-768x1155.jpg 768w, https:\/\/www.photo-montier.org\/wp-content\/uploads\/exposants\/2022\/871_dsc_6575v1-1021x1536.jpg 1021w, https:\/\/www.photo-montier.org\/wp-content\/uploads\/exposants\/2022\/871_dsc_6575v1-1362x2048.jpg 1362w, https:\/\/www.photo-montier.org\/wp-content\/uploads\/exposants\/2022\/871_dsc_6575v1-266x400.jpg 266w, https:\/\/www.photo-montier.org\/wp-content\/uploads\/exposants\/2022\/871_dsc_6575v1-140x210.jpg 140w, https:\/\/www.photo-montier.org\/wp-content\/uploads\/exposants\/2022\/871_dsc_6575v1-1320x1985.jpg 1320w, https:\/\/www.photo-montier.org\/wp-content\/uploads\/exposants\/2022\/871_dsc_6575v1.jpg 1995w\" sizes=\"(max-width: 200px) 100vw, 200px\" \/><\/a>\n\t\t\t<\/dt>\n\t\t\t\t<dd class='wp-caption-text gallery-caption' id='gallery-1-47609'>\n\t\t\t\tFin d&#8217;orage sur les hautes-Pyr\u00e9nees &#8211; Lauriane Galtier\n\t\t\t\t<\/dd><\/dl><dl class='gallery-item'>\n\t\t\t<dt class='gallery-icon landscape'>\n\t\t\t\t<a href='https:\/\/www.photo-montier.org\/wp-content\/uploads\/exposants\/2022\/871_dsc_5276v1-1024x681.jpg'><img decoding=\"async\" width=\"300\" height=\"200\" src=\"https:\/\/www.photo-montier.org\/wp-content\/uploads\/exposants\/2022\/871_dsc_5276v1-300x200.jpg\" class=\"attachment-medium size-medium\" alt=\"Montier Photo Festival\" aria-describedby=\"gallery-1-47605\" srcset=\"https:\/\/www.photo-montier.org\/wp-content\/uploads\/exposants\/2022\/871_dsc_5276v1-300x200.jpg 300w, https:\/\/www.photo-montier.org\/wp-content\/uploads\/exposants\/2022\/871_dsc_5276v1-1024x681.jpg 1024w, https:\/\/www.photo-montier.org\/wp-content\/uploads\/exposants\/2022\/871_dsc_5276v1-768x511.jpg 768w, https:\/\/www.photo-montier.org\/wp-content\/uploads\/exposants\/2022\/871_dsc_5276v1-1536x1021.jpg 1536w, https:\/\/www.photo-montier.org\/wp-content\/uploads\/exposants\/2022\/871_dsc_5276v1-2048x1362.jpg 2048w, https:\/\/www.photo-montier.org\/wp-content\/uploads\/exposants\/2022\/871_dsc_5276v1-600x400.jpg 600w, https:\/\/www.photo-montier.org\/wp-content\/uploads\/exposants\/2022\/871_dsc_5276v1-316x210.jpg 316w, https:\/\/www.photo-montier.org\/wp-content\/uploads\/exposants\/2022\/871_dsc_5276v1-1320x878.jpg 1320w\" sizes=\"(max-width: 300px) 100vw, 300px\" \/><\/a>\n\t\t\t<\/dt>\n\t\t\t\t<dd class='wp-caption-text gallery-caption' id='gallery-1-47605'>\n\t\t\t\tOrage supercellulaire aux USA Dakota du sud &#8211; Lauriane Galtier\n\t\t\t\t<\/dd><\/dl><br style=\"clear: both\" \/><dl class='gallery-item'>\n\t\t\t<dt class='gallery-icon landscape'>\n\t\t\t\t<a href='https:\/\/www.photo-montier.org\/wp-content\/uploads\/exposants\/2022\/871_dsc_0695v2-1024x681.jpg'><img decoding=\"async\" width=\"300\" height=\"200\" src=\"https:\/\/www.photo-montier.org\/wp-content\/uploads\/exposants\/2022\/871_dsc_0695v2-300x200.jpg\" class=\"attachment-medium size-medium\" alt=\"Montier Photo Festival\" aria-describedby=\"gallery-1-47601\" srcset=\"https:\/\/www.photo-montier.org\/wp-content\/uploads\/exposants\/2022\/871_dsc_0695v2-300x200.jpg 300w, https:\/\/www.photo-montier.org\/wp-content\/uploads\/exposants\/2022\/871_dsc_0695v2-1024x681.jpg 1024w, https:\/\/www.photo-montier.org\/wp-content\/uploads\/exposants\/2022\/871_dsc_0695v2-768x511.jpg 768w, https:\/\/www.photo-montier.org\/wp-content\/uploads\/exposants\/2022\/871_dsc_0695v2-1536x1021.jpg 1536w, https:\/\/www.photo-montier.org\/wp-content\/uploads\/exposants\/2022\/871_dsc_0695v2-2048x1362.jpg 2048w, https:\/\/www.photo-montier.org\/wp-content\/uploads\/exposants\/2022\/871_dsc_0695v2-600x400.jpg 600w, https:\/\/www.photo-montier.org\/wp-content\/uploads\/exposants\/2022\/871_dsc_0695v2-316x210.jpg 316w, https:\/\/www.photo-montier.org\/wp-content\/uploads\/exposants\/2022\/871_dsc_0695v2-1320x878.jpg 1320w\" sizes=\"(max-width: 300px) 100vw, 300px\" \/><\/a>\n\t\t\t<\/dt>\n\t\t\t\t<dd class='wp-caption-text gallery-caption' id='gallery-1-47601'>\n\t\t\t\tplateaux Lozeriens &#8211; Lauriane Galtier\n\t\t\t\t<\/dd><\/dl><dl class='gallery-item'>\n\t\t\t<dt class='gallery-icon landscape'>\n\t\t\t\t<a href='https:\/\/www.photo-montier.org\/wp-content\/uploads\/exposants\/2022\/871_dsc_4145v2-1024x681.jpg'><img decoding=\"async\" width=\"300\" height=\"200\" src=\"https:\/\/www.photo-montier.org\/wp-content\/uploads\/exposants\/2022\/871_dsc_4145v2-300x200.jpg\" class=\"attachment-medium size-medium\" alt=\"Montier Photo Festival\" aria-describedby=\"gallery-1-47591\" srcset=\"https:\/\/www.photo-montier.org\/wp-content\/uploads\/exposants\/2022\/871_dsc_4145v2-300x200.jpg 300w, https:\/\/www.photo-montier.org\/wp-content\/uploads\/exposants\/2022\/871_dsc_4145v2-1024x681.jpg 1024w, https:\/\/www.photo-montier.org\/wp-content\/uploads\/exposants\/2022\/871_dsc_4145v2-768x511.jpg 768w, https:\/\/www.photo-montier.org\/wp-content\/uploads\/exposants\/2022\/871_dsc_4145v2-1536x1021.jpg 1536w, https:\/\/www.photo-montier.org\/wp-content\/uploads\/exposants\/2022\/871_dsc_4145v2-2048x1362.jpg 2048w, https:\/\/www.photo-montier.org\/wp-content\/uploads\/exposants\/2022\/871_dsc_4145v2-600x400.jpg 600w, https:\/\/www.photo-montier.org\/wp-content\/uploads\/exposants\/2022\/871_dsc_4145v2-316x210.jpg 316w, https:\/\/www.photo-montier.org\/wp-content\/uploads\/exposants\/2022\/871_dsc_4145v2-1320x878.jpg 1320w\" sizes=\"(max-width: 300px) 100vw, 300px\" \/><\/a>\n\t\t\t<\/dt>\n\t\t\t\t<dd class='wp-caption-text gallery-caption' id='gallery-1-47591'>\n\t\t\t\tMont Loz\u00e8re &#8211; Lauriane Galtier\n\t\t\t\t<\/dd><\/dl><dl class='gallery-item'>\n\t\t\t<dt class='gallery-icon landscape'>\n\t\t\t\t<a href='https:\/\/www.photo-montier.org\/wp-content\/uploads\/exposants\/2022\/original\/871_dsc_4145v2-1024x681.jpg'><img decoding=\"async\" width=\"300\" height=\"200\" src=\"https:\/\/www.photo-montier.org\/wp-content\/uploads\/exposants\/2022\/original\/871_dsc_4145v2-300x200.jpg\" class=\"attachment-medium size-medium\" alt=\"Montier Photo Festival\" aria-describedby=\"gallery-1-47589\" srcset=\"https:\/\/www.photo-montier.org\/wp-content\/uploads\/exposants\/2022\/original\/871_dsc_4145v2-300x200.jpg 300w, https:\/\/www.photo-montier.org\/wp-content\/uploads\/exposants\/2022\/original\/871_dsc_4145v2-1024x681.jpg 1024w, https:\/\/www.photo-montier.org\/wp-content\/uploads\/exposants\/2022\/original\/871_dsc_4145v2-768x511.jpg 768w, https:\/\/www.photo-montier.org\/wp-content\/uploads\/exposants\/2022\/original\/871_dsc_4145v2-1536x1021.jpg 1536w, https:\/\/www.photo-montier.org\/wp-content\/uploads\/exposants\/2022\/original\/871_dsc_4145v2-2048x1362.jpg 2048w, https:\/\/www.photo-montier.org\/wp-content\/uploads\/exposants\/2022\/original\/871_dsc_4145v2-600x400.jpg 600w, https:\/\/www.photo-montier.org\/wp-content\/uploads\/exposants\/2022\/original\/871_dsc_4145v2-316x210.jpg 316w, https:\/\/www.photo-montier.org\/wp-content\/uploads\/exposants\/2022\/original\/871_dsc_4145v2-1320x878.jpg 1320w\" sizes=\"(max-width: 300px) 100vw, 300px\" \/><\/a>\n\t\t\t<\/dt>\n\t\t\t\t<dd class='wp-caption-text gallery-caption' id='gallery-1-47589'>\n\t\t\t\tMont Loz\u00e8re &#8211; Lauriane Galtier\n\t\t\t\t<\/dd><\/dl><dl class='gallery-item'>\n\t\t\t<dt class='gallery-icon landscape'>\n\t\t\t\t<a href='https:\/\/www.photo-montier.org\/wp-content\/uploads\/exposants\/2022\/original\/871_dsc_6892v1t-1024x681.jpg'><img decoding=\"async\" width=\"300\" height=\"200\" src=\"https:\/\/www.photo-montier.org\/wp-content\/uploads\/exposants\/2022\/original\/871_dsc_6892v1t-300x200.jpg\" class=\"attachment-medium size-medium\" alt=\"Montier Photo Festival\" aria-describedby=\"gallery-1-47585\" srcset=\"https:\/\/www.photo-montier.org\/wp-content\/uploads\/exposants\/2022\/original\/871_dsc_6892v1t-300x200.jpg 300w, https:\/\/www.photo-montier.org\/wp-content\/uploads\/exposants\/2022\/original\/871_dsc_6892v1t-1024x681.jpg 1024w, https:\/\/www.photo-montier.org\/wp-content\/uploads\/exposants\/2022\/original\/871_dsc_6892v1t-768x511.jpg 768w, https:\/\/www.photo-montier.org\/wp-content\/uploads\/exposants\/2022\/original\/871_dsc_6892v1t-1536x1021.jpg 1536w, https:\/\/www.photo-montier.org\/wp-content\/uploads\/exposants\/2022\/original\/871_dsc_6892v1t-2048x1362.jpg 2048w, https:\/\/www.photo-montier.org\/wp-content\/uploads\/exposants\/2022\/original\/871_dsc_6892v1t-600x400.jpg 600w, https:\/\/www.photo-montier.org\/wp-content\/uploads\/exposants\/2022\/original\/871_dsc_6892v1t-316x210.jpg 316w, https:\/\/www.photo-montier.org\/wp-content\/uploads\/exposants\/2022\/original\/871_dsc_6892v1t-1320x878.jpg 1320w\" sizes=\"(max-width: 300px) 100vw, 300px\" \/><\/a>\n\t\t\t<\/dt>\n\t\t\t\t<dd class='wp-caption-text gallery-caption' id='gallery-1-47585'>\n\t\t\t\tParc National des C\u00e9vennes &#8211; Lauriane Galtier\n\t\t\t\t<\/dd><\/dl><br style=\"clear: both\" \/><dl class='gallery-item'>\n\t\t\t<dt class='gallery-icon landscape'>\n\t\t\t\t<a href='https:\/\/www.photo-montier.org\/wp-content\/uploads\/exposants\/2022\/871_dsc_6892v1t-1024x681.jpg'><img decoding=\"async\" width=\"300\" height=\"200\" src=\"https:\/\/www.photo-montier.org\/wp-content\/uploads\/exposants\/2022\/871_dsc_6892v1t-300x200.jpg\" class=\"attachment-medium size-medium\" alt=\"Montier Photo Festival\" aria-describedby=\"gallery-1-47587\" srcset=\"https:\/\/www.photo-montier.org\/wp-content\/uploads\/exposants\/2022\/871_dsc_6892v1t-300x200.jpg 300w, https:\/\/www.photo-montier.org\/wp-content\/uploads\/exposants\/2022\/871_dsc_6892v1t-1024x681.jpg 1024w, https:\/\/www.photo-montier.org\/wp-content\/uploads\/exposants\/2022\/871_dsc_6892v1t-768x511.jpg 768w, https:\/\/www.photo-montier.org\/wp-content\/uploads\/exposants\/2022\/871_dsc_6892v1t-1536x1021.jpg 1536w, https:\/\/www.photo-montier.org\/wp-content\/uploads\/exposants\/2022\/871_dsc_6892v1t-2048x1362.jpg 2048w, https:\/\/www.photo-montier.org\/wp-content\/uploads\/exposants\/2022\/871_dsc_6892v1t-600x400.jpg 600w, https:\/\/www.photo-montier.org\/wp-content\/uploads\/exposants\/2022\/871_dsc_6892v1t-316x210.jpg 316w, https:\/\/www.photo-montier.org\/wp-content\/uploads\/exposants\/2022\/871_dsc_6892v1t-1320x878.jpg 1320w\" sizes=\"(max-width: 300px) 100vw, 300px\" \/><\/a>\n\t\t\t<\/dt>\n\t\t\t\t<dd class='wp-caption-text gallery-caption' id='gallery-1-47587'>\n\t\t\t\tParc National des C\u00e9vennes &#8211; Lauriane Galtier\n\t\t\t\t<\/dd><\/dl><dl class='gallery-item'>\n\t\t\t<dt class='gallery-icon portrait'>\n\t\t\t\t<a href='https:\/\/www.photo-montier.org\/wp-content\/uploads\/exposants\/2022\/original\/871_dsc_6575v1-681x1024.jpg'><img decoding=\"async\" width=\"200\" height=\"300\" src=\"https:\/\/www.photo-montier.org\/wp-content\/uploads\/exposants\/2022\/original\/871_dsc_6575v1-200x300.jpg\" class=\"attachment-medium size-medium\" alt=\"Montier Photo Festival\" aria-describedby=\"gallery-1-47581\" srcset=\"https:\/\/www.photo-montier.org\/wp-content\/uploads\/exposants\/2022\/original\/871_dsc_6575v1-200x300.jpg 200w, https:\/\/www.photo-montier.org\/wp-content\/uploads\/exposants\/2022\/original\/871_dsc_6575v1-681x1024.jpg 681w, https:\/\/www.photo-montier.org\/wp-content\/uploads\/exposants\/2022\/original\/871_dsc_6575v1-768x1155.jpg 768w, https:\/\/www.photo-montier.org\/wp-content\/uploads\/exposants\/2022\/original\/871_dsc_6575v1-1021x1536.jpg 1021w, https:\/\/www.photo-montier.org\/wp-content\/uploads\/exposants\/2022\/original\/871_dsc_6575v1-1362x2048.jpg 1362w, https:\/\/www.photo-montier.org\/wp-content\/uploads\/exposants\/2022\/original\/871_dsc_6575v1-266x400.jpg 266w, https:\/\/www.photo-montier.org\/wp-content\/uploads\/exposants\/2022\/original\/871_dsc_6575v1-140x210.jpg 140w, https:\/\/www.photo-montier.org\/wp-content\/uploads\/exposants\/2022\/original\/871_dsc_6575v1-1320x1985.jpg 1320w, https:\/\/www.photo-montier.org\/wp-content\/uploads\/exposants\/2022\/original\/871_dsc_6575v1.jpg 1995w\" sizes=\"(max-width: 200px) 100vw, 200px\" \/><\/a>\n\t\t\t<\/dt>\n\t\t\t\t<dd class='wp-caption-text gallery-caption' id='gallery-1-47581'>\n\t\t\t\tFin d&#8217;orage sur les hautes-Pyr\u00e9nees &#8211; Lauriane Galtier\n\t\t\t\t<\/dd><\/dl><dl class='gallery-item'>\n\t\t\t<dt class='gallery-icon portrait'>\n\t\t\t\t<a href='https:\/\/www.photo-montier.org\/wp-content\/uploads\/exposants\/2022\/871_dsc_6575v1-681x1024.jpg'><img decoding=\"async\" width=\"200\" height=\"300\" src=\"https:\/\/www.photo-montier.org\/wp-content\/uploads\/exposants\/2022\/871_dsc_6575v1-200x300.jpg\" class=\"attachment-medium size-medium\" alt=\"Montier Photo Festival\" aria-describedby=\"gallery-1-47583\" srcset=\"https:\/\/www.photo-montier.org\/wp-content\/uploads\/exposants\/2022\/871_dsc_6575v1-200x300.jpg 200w, https:\/\/www.photo-montier.org\/wp-content\/uploads\/exposants\/2022\/871_dsc_6575v1-681x1024.jpg 681w, https:\/\/www.photo-montier.org\/wp-content\/uploads\/exposants\/2022\/871_dsc_6575v1-768x1155.jpg 768w, https:\/\/www.photo-montier.org\/wp-content\/uploads\/exposants\/2022\/871_dsc_6575v1-1021x1536.jpg 1021w, https:\/\/www.photo-montier.org\/wp-content\/uploads\/exposants\/2022\/871_dsc_6575v1-1362x2048.jpg 1362w, https:\/\/www.photo-montier.org\/wp-content\/uploads\/exposants\/2022\/871_dsc_6575v1-266x400.jpg 266w, https:\/\/www.photo-montier.org\/wp-content\/uploads\/exposants\/2022\/871_dsc_6575v1-140x210.jpg 140w, https:\/\/www.photo-montier.org\/wp-content\/uploads\/exposants\/2022\/871_dsc_6575v1-1320x1985.jpg 1320w, https:\/\/www.photo-montier.org\/wp-content\/uploads\/exposants\/2022\/871_dsc_6575v1.jpg 1995w\" sizes=\"(max-width: 200px) 100vw, 200px\" \/><\/a>\n\t\t\t<\/dt>\n\t\t\t\t<dd class='wp-caption-text gallery-caption' id='gallery-1-47583'>\n\t\t\t\tFin d&#8217;orage sur les hautes-Pyr\u00e9nees &#8211; Lauriane Galtier\n\t\t\t\t<\/dd><\/dl><dl class='gallery-item'>\n\t\t\t<dt class='gallery-icon landscape'>\n\t\t\t\t<a href='https:\/\/www.photo-montier.org\/wp-content\/uploads\/exposants\/2022\/871_dsc_5276v1-1024x681.jpg'><img decoding=\"async\" width=\"300\" height=\"200\" src=\"https:\/\/www.photo-montier.org\/wp-content\/uploads\/exposants\/2022\/871_dsc_5276v1-300x200.jpg\" class=\"attachment-medium size-medium\" alt=\"Montier Photo Festival\" aria-describedby=\"gallery-1-47579\" srcset=\"https:\/\/www.photo-montier.org\/wp-content\/uploads\/exposants\/2022\/871_dsc_5276v1-300x200.jpg 300w, https:\/\/www.photo-montier.org\/wp-content\/uploads\/exposants\/2022\/871_dsc_5276v1-1024x681.jpg 1024w, https:\/\/www.photo-montier.org\/wp-content\/uploads\/exposants\/2022\/871_dsc_5276v1-768x511.jpg 768w, https:\/\/www.photo-montier.org\/wp-content\/uploads\/exposants\/2022\/871_dsc_5276v1-1536x1021.jpg 1536w, https:\/\/www.photo-montier.org\/wp-content\/uploads\/exposants\/2022\/871_dsc_5276v1-2048x1362.jpg 2048w, https:\/\/www.photo-montier.org\/wp-content\/uploads\/exposants\/2022\/871_dsc_5276v1-600x400.jpg 600w, https:\/\/www.photo-montier.org\/wp-content\/uploads\/exposants\/2022\/871_dsc_5276v1-316x210.jpg 316w, https:\/\/www.photo-montier.org\/wp-content\/uploads\/exposants\/2022\/871_dsc_5276v1-1320x878.jpg 1320w\" sizes=\"(max-width: 300px) 100vw, 300px\" \/><\/a>\n\t\t\t<\/dt>\n\t\t\t\t<dd class='wp-caption-text gallery-caption' id='gallery-1-47579'>\n\t\t\t\tOrage supercellulaire aux USA Dakota du sud &#8211; Lauriane Galtier\n\t\t\t\t<\/dd><\/dl><br style=\"clear: both\" \/><dl class='gallery-item'>\n\t\t\t<dt class='gallery-icon landscape'>\n\t\t\t\t<a href='https:\/\/www.photo-montier.org\/wp-content\/uploads\/exposants\/2022\/original\/871_dsc_5276v1-1024x681.jpg'><img decoding=\"async\" width=\"300\" height=\"200\" src=\"https:\/\/www.photo-montier.org\/wp-content\/uploads\/exposants\/2022\/original\/871_dsc_5276v1-300x200.jpg\" class=\"attachment-medium size-medium\" alt=\"Montier Photo Festival\" aria-describedby=\"gallery-1-47577\" srcset=\"https:\/\/www.photo-montier.org\/wp-content\/uploads\/exposants\/2022\/original\/871_dsc_5276v1-300x200.jpg 300w, https:\/\/www.photo-montier.org\/wp-content\/uploads\/exposants\/2022\/original\/871_dsc_5276v1-1024x681.jpg 1024w, https:\/\/www.photo-montier.org\/wp-content\/uploads\/exposants\/2022\/original\/871_dsc_5276v1-768x511.jpg 768w, https:\/\/www.photo-montier.org\/wp-content\/uploads\/exposants\/2022\/original\/871_dsc_5276v1-1536x1021.jpg 1536w, https:\/\/www.photo-montier.org\/wp-content\/uploads\/exposants\/2022\/original\/871_dsc_5276v1-2048x1362.jpg 2048w, https:\/\/www.photo-montier.org\/wp-content\/uploads\/exposants\/2022\/original\/871_dsc_5276v1-600x400.jpg 600w, https:\/\/www.photo-montier.org\/wp-content\/uploads\/exposants\/2022\/original\/871_dsc_5276v1-316x210.jpg 316w, https:\/\/www.photo-montier.org\/wp-content\/uploads\/exposants\/2022\/original\/871_dsc_5276v1-1320x878.jpg 1320w\" sizes=\"(max-width: 300px) 100vw, 300px\" \/><\/a>\n\t\t\t<\/dt>\n\t\t\t\t<dd class='wp-caption-text gallery-caption' id='gallery-1-47577'>\n\t\t\t\tOrage supercellulaire aux USA Dakota du sud &#8211; Lauriane Galtier\n\t\t\t\t<\/dd><\/dl><dl class='gallery-item'>\n\t\t\t<dt class='gallery-icon landscape'>\n\t\t\t\t<a href='https:\/\/www.photo-montier.org\/wp-content\/uploads\/exposants\/2022\/original\/871_dsc_0695v2-1024x681.jpg'><img decoding=\"async\" width=\"300\" height=\"200\" src=\"https:\/\/www.photo-montier.org\/wp-content\/uploads\/exposants\/2022\/original\/871_dsc_0695v2-300x200.jpg\" class=\"attachment-medium size-medium\" alt=\"Montier Photo Festival\" aria-describedby=\"gallery-1-47573\" srcset=\"https:\/\/www.photo-montier.org\/wp-content\/uploads\/exposants\/2022\/original\/871_dsc_0695v2-300x200.jpg 300w, https:\/\/www.photo-montier.org\/wp-content\/uploads\/exposants\/2022\/original\/871_dsc_0695v2-1024x681.jpg 1024w, https:\/\/www.photo-montier.org\/wp-content\/uploads\/exposants\/2022\/original\/871_dsc_0695v2-768x511.jpg 768w, https:\/\/www.photo-montier.org\/wp-content\/uploads\/exposants\/2022\/original\/871_dsc_0695v2-1536x1021.jpg 1536w, https:\/\/www.photo-montier.org\/wp-content\/uploads\/exposants\/2022\/original\/871_dsc_0695v2-2048x1362.jpg 2048w, https:\/\/www.photo-montier.org\/wp-content\/uploads\/exposants\/2022\/original\/871_dsc_0695v2-600x400.jpg 600w, https:\/\/www.photo-montier.org\/wp-content\/uploads\/exposants\/2022\/original\/871_dsc_0695v2-316x210.jpg 316w, https:\/\/www.photo-montier.org\/wp-content\/uploads\/exposants\/2022\/original\/871_dsc_0695v2-1320x878.jpg 1320w\" sizes=\"(max-width: 300px) 100vw, 300px\" \/><\/a>\n\t\t\t<\/dt>\n\t\t\t\t<dd class='wp-caption-text gallery-caption' id='gallery-1-47573'>\n\t\t\t\tplateaux Lozeriens &#8211; Lauriane Galtier\n\t\t\t\t<\/dd><\/dl><dl class='gallery-item'>\n\t\t\t<dt class='gallery-icon landscape'>\n\t\t\t\t<a href='https:\/\/www.photo-montier.org\/wp-content\/uploads\/exposants\/2022\/871_dsc_0695v2-1024x681.jpg'><img decoding=\"async\" width=\"300\" height=\"200\" src=\"https:\/\/www.photo-montier.org\/wp-content\/uploads\/exposants\/2022\/871_dsc_0695v2-300x200.jpg\" class=\"attachment-medium size-medium\" alt=\"Montier Photo Festival\" aria-describedby=\"gallery-1-47575\" srcset=\"https:\/\/www.photo-montier.org\/wp-content\/uploads\/exposants\/2022\/871_dsc_0695v2-300x200.jpg 300w, https:\/\/www.photo-montier.org\/wp-content\/uploads\/exposants\/2022\/871_dsc_0695v2-1024x681.jpg 1024w, https:\/\/www.photo-montier.org\/wp-content\/uploads\/exposants\/2022\/871_dsc_0695v2-768x511.jpg 768w, https:\/\/www.photo-montier.org\/wp-content\/uploads\/exposants\/2022\/871_dsc_0695v2-1536x1021.jpg 1536w, https:\/\/www.photo-montier.org\/wp-content\/uploads\/exposants\/2022\/871_dsc_0695v2-2048x1362.jpg 2048w, https:\/\/www.photo-montier.org\/wp-content\/uploads\/exposants\/2022\/871_dsc_0695v2-600x400.jpg 600w, https:\/\/www.photo-montier.org\/wp-content\/uploads\/exposants\/2022\/871_dsc_0695v2-316x210.jpg 316w, https:\/\/www.photo-montier.org\/wp-content\/uploads\/exposants\/2022\/871_dsc_0695v2-1320x878.jpg 1320w\" sizes=\"(max-width: 300px) 100vw, 300px\" \/><\/a>\n\t\t\t<\/dt>\n\t\t\t\t<dd class='wp-caption-text gallery-caption' id='gallery-1-47575'>\n\t\t\t\tplateaux Lozeriens &#8211; Lauriane Galtier\n\t\t\t\t<\/dd><\/dl><dl class='gallery-item'>\n\t\t\t<dt class='gallery-icon portrait'>\n\t\t\t\t<a href='https:\/\/www.photo-montier.org\/wp-content\/uploads\/exposants\/2022\/original\/871_208848175_115798714080171_352354122348150563_n-797x1024.jpg'><img decoding=\"async\" width=\"233\" height=\"300\" src=\"https:\/\/www.photo-montier.org\/wp-content\/uploads\/exposants\/2022\/original\/871_208848175_115798714080171_352354122348150563_n-233x300.jpg\" class=\"attachment-medium size-medium\" alt=\"Montier Photo Festival\" aria-describedby=\"gallery-1-47569\" srcset=\"https:\/\/www.photo-montier.org\/wp-content\/uploads\/exposants\/2022\/original\/871_208848175_115798714080171_352354122348150563_n-233x300.jpg 233w, https:\/\/www.photo-montier.org\/wp-content\/uploads\/exposants\/2022\/original\/871_208848175_115798714080171_352354122348150563_n-797x1024.jpg 797w, https:\/\/www.photo-montier.org\/wp-content\/uploads\/exposants\/2022\/original\/871_208848175_115798714080171_352354122348150563_n-768x987.jpg 768w, https:\/\/www.photo-montier.org\/wp-content\/uploads\/exposants\/2022\/original\/871_208848175_115798714080171_352354122348150563_n-1195x1536.jpg 1195w, https:\/\/www.photo-montier.org\/wp-content\/uploads\/exposants\/2022\/original\/871_208848175_115798714080171_352354122348150563_n-311x400.jpg 311w, https:\/\/www.photo-montier.org\/wp-content\/uploads\/exposants\/2022\/original\/871_208848175_115798714080171_352354122348150563_n-163x210.jpg 163w, https:\/\/www.photo-montier.org\/wp-content\/uploads\/exposants\/2022\/original\/871_208848175_115798714080171_352354122348150563_n-1320x1696.jpg 1320w, https:\/\/www.photo-montier.org\/wp-content\/uploads\/exposants\/2022\/original\/871_208848175_115798714080171_352354122348150563_n.jpg 1568w\" sizes=\"(max-width: 233px) 100vw, 233px\" \/><\/a>\n\t\t\t<\/dt>\n\t\t\t\t<dd class='wp-caption-text gallery-caption' id='gallery-1-47569'>\n\t\t\t\t871_208848175_115798714080171_352354122348150563_n.jpg &#8211; \n\t\t\t\t<\/dd><\/dl><br style=\"clear: both\" \/><dl class='gallery-item'>\n\t\t\t<dt class='gallery-icon portrait'>\n\t\t\t\t<a href='https:\/\/www.photo-montier.org\/wp-content\/uploads\/exposants\/2022\/871_208848175_115798714080171_352354122348150563_n-797x1024.jpg'><img decoding=\"async\" width=\"233\" height=\"300\" src=\"https:\/\/www.photo-montier.org\/wp-content\/uploads\/exposants\/2022\/871_208848175_115798714080171_352354122348150563_n-233x300.jpg\" class=\"attachment-medium size-medium\" alt=\"Montier Photo Festival\" aria-describedby=\"gallery-1-47571\" srcset=\"https:\/\/www.photo-montier.org\/wp-content\/uploads\/exposants\/2022\/871_208848175_115798714080171_352354122348150563_n-233x300.jpg 233w, https:\/\/www.photo-montier.org\/wp-content\/uploads\/exposants\/2022\/871_208848175_115798714080171_352354122348150563_n-797x1024.jpg 797w, https:\/\/www.photo-montier.org\/wp-content\/uploads\/exposants\/2022\/871_208848175_115798714080171_352354122348150563_n-768x987.jpg 768w, https:\/\/www.photo-montier.org\/wp-content\/uploads\/exposants\/2022\/871_208848175_115798714080171_352354122348150563_n-1195x1536.jpg 1195w, https:\/\/www.photo-montier.org\/wp-content\/uploads\/exposants\/2022\/871_208848175_115798714080171_352354122348150563_n-311x400.jpg 311w, https:\/\/www.photo-montier.org\/wp-content\/uploads\/exposants\/2022\/871_208848175_115798714080171_352354122348150563_n-163x210.jpg 163w, https:\/\/www.photo-montier.org\/wp-content\/uploads\/exposants\/2022\/871_208848175_115798714080171_352354122348150563_n-1320x1696.jpg 1320w, https:\/\/www.photo-montier.org\/wp-content\/uploads\/exposants\/2022\/871_208848175_115798714080171_352354122348150563_n.jpg 1568w\" sizes=\"(max-width: 233px) 100vw, 233px\" \/><\/a>\n\t\t\t<\/dt>\n\t\t\t\t<dd class='wp-caption-text gallery-caption' id='gallery-1-47571'>\n\t\t\t\t871_208848175_115798714080171_352354122348150563_n.jpg &#8211; \n\t\t\t\t<\/dd><\/dl>\n\t\t\t<br style='clear: both' \/>\n\t\t<\/div>\n\n","protected":false},"author":1,"featured_media":47597,"template":"","exposants":[557],"site-exposants":[502],"type-exposants-conferences":[],"type-exposants":[527],"acf":{"kexposants_custom_thumbnail":null,"kexposants_expo_group":"Photographe","kexposants_title_en":"","kexposants_day_conf_date":null,"kexposants_hours_conf_text_start":"","kexposants_hours_conf_text_end":"","kexposants_bio":"Photographer artist, born in 1981 in the N\u00eemoise region (Gard), the photo went viral a few years ago now for Lauriane. A globetrotter, Lauriane travels thousands of kilometers each year in search of the clich\u00e9 that is out of the ordinary! She became known internationally thanks in particular to her photos of storms which regularly made the front page of the media (newspapers and television). Apart from storms, Lauriane also practices astrophotography and landscape photography in general. His treatments and plans make it easy to recognize his work. Lauriane sells her photo prints that can be found on the covers of novels such as for the famous writer \"Bernard Larhant\". Lauriane exhibits her photos throughout France in galleries and at events known as the \"Phot'Aubrac\" photo festival, bringing together tens of thousands of spectators each year. She was the first storm photographer in France to have had the chance to exhibit these paintings at the meteorological observatory Mont Aigoual (M\u00e9t\u00e9o France) which was the last observatory to live in Europe and a high place in terms of climatic conditions. Lauriane has also participated in several book publishing collaborations for the accounts of departments, communities, as well as for the C\u00e9vennes National Park where she worked on the release of the superb book \"Nuit Des C\u00e9vennes\" A co-edition Parc national des C\u00e9vennes - Rouergue editions on the announcement of the C\u00e9vennes National Park, which on Monday August 13, 2018 became the 13th site to be recognized as an \"international starry sky reserve\" by the International Dark Sky Association (IDA). Welcome to his photographic universe.","kexposants_bio_en":"","kexposants_expo":"n\u00e9ant","kexposants_expo_en":"","kexposants_denomination":"Lauriane GALTIER","kexposants_user_id":774,"kexposants_url_movie":""},"yoast_head":"<!-- This site is optimized with the Yoast SEO plugin v23.5 - https:\/\/yoast.com\/wordpress\/plugins\/seo\/ -->\n<title>De nuages en orages | Exposant &#8211; Montier Photo Festival<\/title>\n<meta name=\"robots\" content=\"index, follow, max-snippet:-1, max-image-preview:large, max-video-preview:-1\" \/>\n<link rel=\"canonical\" href=\"https:\/\/www.photo-montier.org\/en\/fiche-exposant\/de-nuages-en-orages\/\" \/>\n<meta property=\"og:locale\" content=\"en_US\" \/>\n<meta property=\"og:type\" content=\"article\" \/>\n<meta property=\"og:title\" content=\"De nuages en orages | Exposant &#8211; Montier Photo Festival\" \/>\n<meta property=\"og:description\" content=\"Mont Loz\u00e8re &#8211; Lauriane Galtier              Parc National des C\u00e9vennes &#8211; Lauriane Galtier              Fin d&#8217;orage sur les hautes-Pyr\u00e9nees &#8211; Lauriane Galtier              Orage supercellulaire aux USA Dakota du sud &#8211; [&hellip;]\" \/>\n<meta property=\"og:url\" content=\"https:\/\/www.photo-montier.org\/en\/fiche-exposant\/de-nuages-en-orages\/\" \/>\n<meta property=\"og:site_name\" content=\"Montier Photo Festival\" \/>\n<meta property=\"article:publisher\" content=\"https:\/\/www.facebook.com\/Festivalmontier\/\" \/>\n<meta property=\"article:modified_time\" content=\"2024-04-30T12:19:28+00:00\" \/>\n<meta property=\"og:image\" content=\"https:\/\/www.photo-montier.org\/wp-content\/uploads\/exposants\/2022\/871_208848175_115798714080171_352354122348150563_n.jpg\" \/>\n\t<meta property=\"og:image:width\" content=\"1568\" \/>\n\t<meta property=\"og:image:height\" content=\"2015\" \/>\n\t<meta property=\"og:image:type\" content=\"image\/jpeg\" \/>\n<meta name=\"twitter:card\" content=\"summary_large_image\" \/>\n<meta name=\"twitter:site\" content=\"@festivalmontier\" \/>\n<script type=\"application\/ld+json\" class=\"yoast-schema-graph\">{\"@context\":\"https:\/\/schema.org\",\"@graph\":[{\"@type\":\"WebPage\",\"@id\":\"https:\/\/www.photo-montier.org\/en\/fiche-exposant\/de-nuages-en-orages\/\",\"url\":\"https:\/\/www.photo-montier.org\/en\/fiche-exposant\/de-nuages-en-orages\/\",\"name\":\"De nuages en orages | Exposant &#8211; Montier Photo Festival\",\"isPartOf\":{\"@id\":\"https:\/\/www.photo-montier.org\/en\/#website\"},\"primaryImageOfPage\":{\"@id\":\"https:\/\/www.photo-montier.org\/en\/fiche-exposant\/de-nuages-en-orages\/#primaryimage\"},\"image\":{\"@id\":\"https:\/\/www.photo-montier.org\/en\/fiche-exposant\/de-nuages-en-orages\/#primaryimage\"},\"thumbnailUrl\":\"https:\/\/www.photo-montier.org\/wp-content\/uploads\/exposants\/2022\/871_208848175_115798714080171_352354122348150563_n.jpg\",\"datePublished\":\"2022-06-28T09:04:26+00:00\",\"dateModified\":\"2024-04-30T12:19:28+00:00\",\"breadcrumb\":{\"@id\":\"https:\/\/www.photo-montier.org\/en\/fiche-exposant\/de-nuages-en-orages\/#breadcrumb\"},\"inLanguage\":\"en-US\",\"potentialAction\":[{\"@type\":\"ReadAction\",\"target\":[\"https:\/\/www.photo-montier.org\/en\/fiche-exposant\/de-nuages-en-orages\/\"]}]},{\"@type\":\"ImageObject\",\"inLanguage\":\"en-US\",\"@id\":\"https:\/\/www.photo-montier.org\/en\/fiche-exposant\/de-nuages-en-orages\/#primaryimage\",\"url\":\"https:\/\/www.photo-montier.org\/wp-content\/uploads\/exposants\/2022\/871_208848175_115798714080171_352354122348150563_n.jpg\",\"contentUrl\":\"https:\/\/www.photo-montier.org\/wp-content\/uploads\/exposants\/2022\/871_208848175_115798714080171_352354122348150563_n.jpg\",\"width\":1568,\"height\":2015,\"caption\":\"871_208848175_115798714080171_352354122348150563_n.jpg -\"},{\"@type\":\"BreadcrumbList\",\"@id\":\"https:\/\/www.photo-montier.org\/en\/fiche-exposant\/de-nuages-en-orages\/#breadcrumb\",\"itemListElement\":[{\"@type\":\"ListItem\",\"position\":1,\"name\":\"Home\",\"item\":\"https:\/\/www.photo-montier.org\/en\/\"},{\"@type\":\"ListItem\",\"position\":2,\"name\":\"Exposants\",\"item\":\"https:\/\/www.photo-montier.org\/en\/fiche-exposant\/\"},{\"@type\":\"ListItem\",\"position\":3,\"name\":\"2022\",\"item\":\"https:\/\/www.photo-montier.org\/en\/exposants\/2022\/\"},{\"@type\":\"ListItem\",\"position\":4,\"name\":\"De nuages en orages\"}]},{\"@type\":\"WebSite\",\"@id\":\"https:\/\/www.photo-montier.org\/en\/#website\",\"url\":\"https:\/\/www.photo-montier.org\/en\/\",\"name\":\"Montier Photo Festival\",\"description\":\"International Wildlife and Nature Photo Festival\",\"publisher\":{\"@id\":\"https:\/\/www.photo-montier.org\/en\/#organization\"},\"potentialAction\":[{\"@type\":\"SearchAction\",\"target\":{\"@type\":\"EntryPoint\",\"urlTemplate\":\"https:\/\/www.photo-montier.org\/en\/?s={search_term_string}\"},\"query-input\":{\"@type\":\"PropertyValueSpecification\",\"valueRequired\":true,\"valueName\":\"search_term_string\"}}],\"inLanguage\":\"en-US\"},{\"@type\":\"Organization\",\"@id\":\"https:\/\/www.photo-montier.org\/en\/#organization\",\"name\":\"Montier Festival Photo\",\"url\":\"https:\/\/www.photo-montier.org\/en\/\",\"logo\":{\"@type\":\"ImageObject\",\"inLanguage\":\"en-US\",\"@id\":\"https:\/\/www.photo-montier.org\/en\/#\/schema\/logo\/image\/\",\"url\":\"https:\/\/www.photo-montier.org\/wp-content\/uploads\/2016\/06\/logo-festival-renard-couleur-1.png\",\"contentUrl\":\"https:\/\/www.photo-montier.org\/wp-content\/uploads\/2016\/06\/logo-festival-renard-couleur-1.png\",\"width\":408,\"height\":200,\"caption\":\"Montier Festival Photo\"},\"image\":{\"@id\":\"https:\/\/www.photo-montier.org\/en\/#\/schema\/logo\/image\/\"},\"sameAs\":[\"https:\/\/www.facebook.com\/Festivalmontier\/\",\"https:\/\/x.com\/festivalmontier\",\"https:\/\/www.instagram.com\/festivalmontier\/\",\"https:\/\/www.youtube.com\/channel\/UCylkMGITSE22T6fgWUEYIvw\",\"https:\/\/www.tiktok.com\/@festivalmontier\"]}]}<\/script>\n<!-- \/ Yoast SEO plugin. -->","yoast_head_json":{"title":"De nuages en orages | Exposant &#8211; Montier Photo Festival","robots":{"index":"index","follow":"follow","max-snippet":"max-snippet:-1","max-image-preview":"max-image-preview:large","max-video-preview":"max-video-preview:-1"},"canonical":"https:\/\/www.photo-montier.org\/en\/fiche-exposant\/de-nuages-en-orages\/","og_locale":"en_US","og_type":"article","og_title":"De nuages en orages | Exposant &#8211; Montier Photo Festival","og_description":"Mont Loz\u00e8re &#8211; Lauriane Galtier              Parc National des C\u00e9vennes &#8211; Lauriane Galtier              Fin d&#8217;orage sur les hautes-Pyr\u00e9nees &#8211; Lauriane Galtier              Orage supercellulaire aux USA Dakota du sud &#8211; [&hellip;]","og_url":"https:\/\/www.photo-montier.org\/en\/fiche-exposant\/de-nuages-en-orages\/","og_site_name":"Montier Photo Festival","article_publisher":"https:\/\/www.facebook.com\/Festivalmontier\/","article_modified_time":"2024-04-30T12:19:28+00:00","og_image":[{"width":1568,"height":2015,"url":"https:\/\/www.photo-montier.org\/wp-content\/uploads\/exposants\/2022\/871_208848175_115798714080171_352354122348150563_n.jpg","type":"image\/jpeg"}],"twitter_card":"summary_large_image","twitter_site":"@festivalmontier","schema":{"@context":"https:\/\/schema.org","@graph":[{"@type":"WebPage","@id":"https:\/\/www.photo-montier.org\/en\/fiche-exposant\/de-nuages-en-orages\/","url":"https:\/\/www.photo-montier.org\/en\/fiche-exposant\/de-nuages-en-orages\/","name":"De nuages en orages | Exposant &#8211; Montier Photo Festival","isPartOf":{"@id":"https:\/\/www.photo-montier.org\/en\/#website"},"primaryImageOfPage":{"@id":"https:\/\/www.photo-montier.org\/en\/fiche-exposant\/de-nuages-en-orages\/#primaryimage"},"image":{"@id":"https:\/\/www.photo-montier.org\/en\/fiche-exposant\/de-nuages-en-orages\/#primaryimage"},"thumbnailUrl":"https:\/\/www.photo-montier.org\/wp-content\/uploads\/exposants\/2022\/871_208848175_115798714080171_352354122348150563_n.jpg","datePublished":"2022-06-28T09:04:26+00:00","dateModified":"2024-04-30T12:19:28+00:00","breadcrumb":{"@id":"https:\/\/www.photo-montier.org\/en\/fiche-exposant\/de-nuages-en-orages\/#breadcrumb"},"inLanguage":"en-US","potentialAction":[{"@type":"ReadAction","target":["https:\/\/www.photo-montier.org\/en\/fiche-exposant\/de-nuages-en-orages\/"]}]},{"@type":"ImageObject","inLanguage":"en-US","@id":"https:\/\/www.photo-montier.org\/en\/fiche-exposant\/de-nuages-en-orages\/#primaryimage","url":"https:\/\/www.photo-montier.org\/wp-content\/uploads\/exposants\/2022\/871_208848175_115798714080171_352354122348150563_n.jpg","contentUrl":"https:\/\/www.photo-montier.org\/wp-content\/uploads\/exposants\/2022\/871_208848175_115798714080171_352354122348150563_n.jpg","width":1568,"height":2015,"caption":"871_208848175_115798714080171_352354122348150563_n.jpg -"},{"@type":"BreadcrumbList","@id":"https:\/\/www.photo-montier.org\/en\/fiche-exposant\/de-nuages-en-orages\/#breadcrumb","itemListElement":[{"@type":"ListItem","position":1,"name":"Home","item":"https:\/\/www.photo-montier.org\/en\/"},{"@type":"ListItem","position":2,"name":"Exposants","item":"https:\/\/www.photo-montier.org\/en\/fiche-exposant\/"},{"@type":"ListItem","position":3,"name":"2022","item":"https:\/\/www.photo-montier.org\/en\/exposants\/2022\/"},{"@type":"ListItem","position":4,"name":"De nuages en orages"}]},{"@type":"WebSite","@id":"https:\/\/www.photo-montier.org\/en\/#website","url":"https:\/\/www.photo-montier.org\/en\/","name":"Montier Photo Festival","description":"International Wildlife and Nature Photo Festival","publisher":{"@id":"https:\/\/www.photo-montier.org\/en\/#organization"},"potentialAction":[{"@type":"SearchAction","target":{"@type":"EntryPoint","urlTemplate":"https:\/\/www.photo-montier.org\/en\/?s={search_term_string}"},"query-input":{"@type":"PropertyValueSpecification","valueRequired":true,"valueName":"search_term_string"}}],"inLanguage":"en-US"},{"@type":"Organization","@id":"https:\/\/www.photo-montier.org\/en\/#organization","name":"Montier Festival Photo","url":"https:\/\/www.photo-montier.org\/en\/","logo":{"@type":"ImageObject","inLanguage":"en-US","@id":"https:\/\/www.photo-montier.org\/en\/#\/schema\/logo\/image\/","url":"https:\/\/www.photo-montier.org\/wp-content\/uploads\/2016\/06\/logo-festival-renard-couleur-1.png","contentUrl":"https:\/\/www.photo-montier.org\/wp-content\/uploads\/2016\/06\/logo-festival-renard-couleur-1.png","width":408,"height":200,"caption":"Montier Festival Photo"},"image":{"@id":"https:\/\/www.photo-montier.org\/en\/#\/schema\/logo\/image\/"},"sameAs":["https:\/\/www.facebook.com\/Festivalmontier\/","https:\/\/x.com\/festivalmontier","https:\/\/www.instagram.com\/festivalmontier\/","https:\/\/www.youtube.com\/channel\/UCylkMGITSE22T6fgWUEYIvw","https:\/\/www.tiktok.com\/@festivalmontier"]}]}},"_links":{"self":[{"href":"https:\/\/www.photo-montier.org\/en\/wp-json\/wp\/v2\/kexposants\/47567"}],"collection":[{"href":"https:\/\/www.photo-montier.org\/en\/wp-json\/wp\/v2\/kexposants"}],"about":[{"href":"https:\/\/www.photo-montier.org\/en\/wp-json\/wp\/v2\/types\/kexposants"}],"author":[{"embeddable":true,"href":"https:\/\/www.photo-montier.org\/en\/wp-json\/wp\/v2\/users\/1"}],"version-history":[{"count":1,"href":"https:\/\/www.photo-montier.org\/en\/wp-json\/wp\/v2\/kexposants\/47567\/revisions"}],"predecessor-version":[{"id":67319,"href":"https:\/\/www.photo-montier.org\/en\/wp-json\/wp\/v2\/kexposants\/47567\/revisions\/67319"}],"wp:featuredmedia":[{"embeddable":true,"href":"https:\/\/www.photo-montier.org\/en\/wp-json\/wp\/v2\/media\/47597"}],"wp:attachment":[{"href":"https:\/\/www.photo-montier.org\/en\/wp-json\/wp\/v2\/media?parent=47567"}],"wp:term":[{"taxonomy":"exposants","embeddable":true,"href":"https:\/\/www.photo-montier.org\/en\/wp-json\/wp\/v2\/exposants?post=47567"},{"taxonomy":"site-exposants","embeddable":true,"href":"https:\/\/www.photo-montier.org\/en\/wp-json\/wp\/v2\/site-exposants?post=47567"},{"taxonomy":"type-exposants-conferences","embeddable":true,"href":"https:\/\/www.photo-montier.org\/en\/wp-json\/wp\/v2\/type-exposants-conferences?post=47567"},{"taxonomy":"type-exposants","embeddable":true,"href":"https:\/\/www.photo-montier.org\/en\/wp-json\/wp\/v2\/type-exposants?post=47567"}],"curies":[{"name":"wp","href":"https:\/\/api.w.org\/{rel}","templated":true}]}}