{"id":47209,"date":"2022-06-28T11:13:10","date_gmt":"2022-06-28T09:13:10","guid":{"rendered":"https:\/\/exposants.photo-montier.org\/?post_type=kexposants&#038;p=47209"},"modified":"2024-04-30T14:19:27","modified_gmt":"2024-04-30T12:19:27","slug":"a-lecoute-de-la-foret-dorient","status":"publish","type":"kexposants","link":"https:\/\/www.photo-montier.org\/en\/fiche-exposant\/a-lecoute-de-la-foret-dorient\/","title":{"rendered":"A l&#8217;\u00e9coute de la for\u00eat d&#8217;Orient"},"content":{"rendered":"<div id='gallery-1' class='gallery galleryid-47209 gallery-columns-4 gallery-size-medium'><dl class='gallery-item'>\n\t\t\t<dt class='gallery-icon landscape'>\n\t\t\t\t<a href='https:\/\/www.photo-montier.org\/wp-content\/uploads\/exposants\/2022\/866_dsc_9573-2-1024x684.jpg'><img decoding=\"async\" width=\"300\" height=\"200\" src=\"https:\/\/www.photo-montier.org\/wp-content\/uploads\/exposants\/2022\/866_dsc_9573-2-300x200.jpg\" class=\"attachment-medium size-medium\" alt=\"Montier Photo Festival\" aria-describedby=\"gallery-1-47233\" srcset=\"https:\/\/www.photo-montier.org\/wp-content\/uploads\/exposants\/2022\/866_dsc_9573-2-300x200.jpg 300w, https:\/\/www.photo-montier.org\/wp-content\/uploads\/exposants\/2022\/866_dsc_9573-2-1024x684.jpg 1024w, https:\/\/www.photo-montier.org\/wp-content\/uploads\/exposants\/2022\/866_dsc_9573-2-768x513.jpg 768w, https:\/\/www.photo-montier.org\/wp-content\/uploads\/exposants\/2022\/866_dsc_9573-2-1536x1026.jpg 1536w, https:\/\/www.photo-montier.org\/wp-content\/uploads\/exposants\/2022\/866_dsc_9573-2-2048x1367.jpg 2048w, https:\/\/www.photo-montier.org\/wp-content\/uploads\/exposants\/2022\/866_dsc_9573-2-600x400.jpg 600w, https:\/\/www.photo-montier.org\/wp-content\/uploads\/exposants\/2022\/866_dsc_9573-2-315x210.jpg 315w, https:\/\/www.photo-montier.org\/wp-content\/uploads\/exposants\/2022\/866_dsc_9573-2-1320x881.jpg 1320w\" sizes=\"(max-width: 300px) 100vw, 300px\" \/><\/a>\n\t\t\t<\/dt>\n\t\t\t\t<dd class='wp-caption-text gallery-caption' id='gallery-1-47233'>\n\t\t\t\tLe chevalier du lac &#8211; Lucas Carr\u00e9\n\t\t\t\t<\/dd><\/dl><dl class='gallery-item'>\n\t\t\t<dt class='gallery-icon landscape'>\n\t\t\t\t<a href='https:\/\/www.photo-montier.org\/wp-content\/uploads\/exposants\/2022\/866_o-cheveches-dathena-1024x681.jpg'><img decoding=\"async\" width=\"300\" height=\"200\" src=\"https:\/\/www.photo-montier.org\/wp-content\/uploads\/exposants\/2022\/866_o-cheveches-dathena-300x200.jpg\" class=\"attachment-medium size-medium\" alt=\"Montier Photo Festival\" aria-describedby=\"gallery-1-47229\" srcset=\"https:\/\/www.photo-montier.org\/wp-content\/uploads\/exposants\/2022\/866_o-cheveches-dathena-300x200.jpg 300w, https:\/\/www.photo-montier.org\/wp-content\/uploads\/exposants\/2022\/866_o-cheveches-dathena-1024x681.jpg 1024w, https:\/\/www.photo-montier.org\/wp-content\/uploads\/exposants\/2022\/866_o-cheveches-dathena-768x511.jpg 768w, https:\/\/www.photo-montier.org\/wp-content\/uploads\/exposants\/2022\/866_o-cheveches-dathena-1536x1021.jpg 1536w, https:\/\/www.photo-montier.org\/wp-content\/uploads\/exposants\/2022\/866_o-cheveches-dathena-2048x1362.jpg 2048w, https:\/\/www.photo-montier.org\/wp-content\/uploads\/exposants\/2022\/866_o-cheveches-dathena-600x400.jpg 600w, https:\/\/www.photo-montier.org\/wp-content\/uploads\/exposants\/2022\/866_o-cheveches-dathena-316x210.jpg 316w, https:\/\/www.photo-montier.org\/wp-content\/uploads\/exposants\/2022\/866_o-cheveches-dathena-1320x878.jpg 1320w\" sizes=\"(max-width: 300px) 100vw, 300px\" \/><\/a>\n\t\t\t<\/dt>\n\t\t\t\t<dd class='wp-caption-text gallery-caption' id='gallery-1-47229'>\n\t\t\t\tLes chev\u00eaches d&#8217;Ath\u00e9na &#8211; Lucas Carr\u00e9\n\t\t\t\t<\/dd><\/dl><dl class='gallery-item'>\n\t\t\t<dt class='gallery-icon landscape'>\n\t\t\t\t<a href='https:\/\/www.photo-montier.org\/wp-content\/uploads\/exposants\/2022\/866_m-renardeaux-1024x681.jpg'><img decoding=\"async\" width=\"300\" height=\"199\" src=\"https:\/\/www.photo-montier.org\/wp-content\/uploads\/exposants\/2022\/866_m-renardeaux-300x199.jpg\" class=\"attachment-medium size-medium\" alt=\"Montier Photo Festival\" aria-describedby=\"gallery-1-47225\" srcset=\"https:\/\/www.photo-montier.org\/wp-content\/uploads\/exposants\/2022\/866_m-renardeaux-300x199.jpg 300w, https:\/\/www.photo-montier.org\/wp-content\/uploads\/exposants\/2022\/866_m-renardeaux-1024x681.jpg 1024w, https:\/\/www.photo-montier.org\/wp-content\/uploads\/exposants\/2022\/866_m-renardeaux-768x510.jpg 768w, https:\/\/www.photo-montier.org\/wp-content\/uploads\/exposants\/2022\/866_m-renardeaux-1536x1021.jpg 1536w, https:\/\/www.photo-montier.org\/wp-content\/uploads\/exposants\/2022\/866_m-renardeaux-2048x1361.jpg 2048w, https:\/\/www.photo-montier.org\/wp-content\/uploads\/exposants\/2022\/866_m-renardeaux-600x400.jpg 600w, https:\/\/www.photo-montier.org\/wp-content\/uploads\/exposants\/2022\/866_m-renardeaux-316x210.jpg 316w, https:\/\/www.photo-montier.org\/wp-content\/uploads\/exposants\/2022\/866_m-renardeaux-1320x877.jpg 1320w\" sizes=\"(max-width: 300px) 100vw, 300px\" \/><\/a>\n\t\t\t<\/dt>\n\t\t\t\t<dd class='wp-caption-text gallery-caption' id='gallery-1-47225'>\n\t\t\t\tAmour fraternel &#8211; Lucas Carr\u00e9\n\t\t\t\t<\/dd><\/dl><dl class='gallery-item'>\n\t\t\t<dt class='gallery-icon landscape'>\n\t\t\t\t<a href='https:\/\/www.photo-montier.org\/wp-content\/uploads\/exposants\/2022\/866_o-pic-noir-1024x684.jpg'><img decoding=\"async\" width=\"300\" height=\"200\" src=\"https:\/\/www.photo-montier.org\/wp-content\/uploads\/exposants\/2022\/866_o-pic-noir-300x200.jpg\" class=\"attachment-medium size-medium\" alt=\"Montier Photo Festival\" aria-describedby=\"gallery-1-47221\" srcset=\"https:\/\/www.photo-montier.org\/wp-content\/uploads\/exposants\/2022\/866_o-pic-noir-300x200.jpg 300w, https:\/\/www.photo-montier.org\/wp-content\/uploads\/exposants\/2022\/866_o-pic-noir-1024x684.jpg 1024w, https:\/\/www.photo-montier.org\/wp-content\/uploads\/exposants\/2022\/866_o-pic-noir-768x513.jpg 768w, https:\/\/www.photo-montier.org\/wp-content\/uploads\/exposants\/2022\/866_o-pic-noir-1536x1026.jpg 1536w, https:\/\/www.photo-montier.org\/wp-content\/uploads\/exposants\/2022\/866_o-pic-noir-2048x1367.jpg 2048w, https:\/\/www.photo-montier.org\/wp-content\/uploads\/exposants\/2022\/866_o-pic-noir-600x400.jpg 600w, https:\/\/www.photo-montier.org\/wp-content\/uploads\/exposants\/2022\/866_o-pic-noir-315x210.jpg 315w, https:\/\/www.photo-montier.org\/wp-content\/uploads\/exposants\/2022\/866_o-pic-noir-1320x881.jpg 1320w\" sizes=\"(max-width: 300px) 100vw, 300px\" \/><\/a>\n\t\t\t<\/dt>\n\t\t\t\t<dd class='wp-caption-text gallery-caption' id='gallery-1-47221'>\n\t\t\t\tDans la p\u00e9nombre &#8211; Lucas Carr\u00e9\n\t\t\t\t<\/dd><\/dl><br style=\"clear: both\" \/><dl class='gallery-item'>\n\t\t\t<dt class='gallery-icon landscape'>\n\t\t\t\t<a href='https:\/\/www.photo-montier.org\/wp-content\/uploads\/exposants\/2022\/866_am-mulot-1024x684.jpg'><img decoding=\"async\" width=\"300\" height=\"200\" src=\"https:\/\/www.photo-montier.org\/wp-content\/uploads\/exposants\/2022\/866_am-mulot-300x200.jpg\" class=\"attachment-medium size-medium\" alt=\"Montier Photo Festival\" aria-describedby=\"gallery-1-47217\" srcset=\"https:\/\/www.photo-montier.org\/wp-content\/uploads\/exposants\/2022\/866_am-mulot-300x200.jpg 300w, https:\/\/www.photo-montier.org\/wp-content\/uploads\/exposants\/2022\/866_am-mulot-1024x684.jpg 1024w, https:\/\/www.photo-montier.org\/wp-content\/uploads\/exposants\/2022\/866_am-mulot-768x513.jpg 768w, https:\/\/www.photo-montier.org\/wp-content\/uploads\/exposants\/2022\/866_am-mulot-1536x1026.jpg 1536w, https:\/\/www.photo-montier.org\/wp-content\/uploads\/exposants\/2022\/866_am-mulot-2048x1367.jpg 2048w, https:\/\/www.photo-montier.org\/wp-content\/uploads\/exposants\/2022\/866_am-mulot-600x400.jpg 600w, https:\/\/www.photo-montier.org\/wp-content\/uploads\/exposants\/2022\/866_am-mulot-315x210.jpg 315w, https:\/\/www.photo-montier.org\/wp-content\/uploads\/exposants\/2022\/866_am-mulot-1320x881.jpg 1320w\" sizes=\"(max-width: 300px) 100vw, 300px\" \/><\/a>\n\t\t\t<\/dt>\n\t\t\t\t<dd class='wp-caption-text gallery-caption' id='gallery-1-47217'>\n\t\t\t\tLe mulot du jardin &#8211; Lucas Carr\u00e9\n\t\t\t\t<\/dd><\/dl>\n\t\t\t<br style='clear: both' \/>\n\t\t<\/div>\n\n","protected":false},"author":1,"featured_media":47213,"template":"","exposants":[557],"site-exposants":[505],"type-exposants-conferences":[],"type-exposants":[527],"acf":{"kexposants_custom_thumbnail":null,"kexposants_expo_group":"Photographe","kexposants_title_en":"","kexposants_day_conf_date":null,"kexposants_hours_conf_text_start":"","kexposants_hours_conf_text_end":"","kexposants_bio":"My name is Lucas Carr\u00e9, I am a photographer and an amateur naturalist. I live in the Aube department, and more precisely next to the Lakes of the Orient Forest. My passion for nature started at a very young age and at seven years old I got my first camera. I was first interested in butterflies, then in birds. Mammals and other wild animals were a great discovery at the age of ten. And recently, I have been enjoying photographing wild orchids. I am now sixteen years old, and being able to exhibit my images at the Montier-en-Der photo festival has been a dream since I was a child.","kexposants_bio_en":"","kexposants_expo":"On my exhibition, you will be able to discover the fauna and flora of the Orient forest. I will have the pleasure to talk to you about the black woodpecker, a bird that I particularly like and that I have been following for a few years. You will also be able to see the fox cubs, the little redheaded balls of spring.","kexposants_expo_en":"","kexposants_denomination":"Lucas CARRE","kexposants_user_id":769,"kexposants_url_movie":""},"yoast_head":"<!-- This site is optimized with the Yoast SEO plugin v23.5 - https:\/\/yoast.com\/wordpress\/plugins\/seo\/ -->\n<title>A l&#039;\u00e9coute de la for\u00eat d&#039;Orient | Exposant &#8211; Montier Photo Festival<\/title>\n<meta name=\"robots\" content=\"index, follow, max-snippet:-1, max-image-preview:large, max-video-preview:-1\" \/>\n<link rel=\"canonical\" href=\"https:\/\/www.photo-montier.org\/en\/fiche-exposant\/a-lecoute-de-la-foret-dorient\/\" \/>\n<meta property=\"og:locale\" content=\"en_US\" \/>\n<meta property=\"og:type\" content=\"article\" \/>\n<meta property=\"og:title\" content=\"A l&#039;\u00e9coute de la for\u00eat d&#039;Orient | Exposant &#8211; Montier Photo Festival\" \/>\n<meta property=\"og:description\" content=\"Le chevalier du lac &#8211; Lucas Carr\u00e9              Les chev\u00eaches d&#8217;Ath\u00e9na &#8211; Lucas Carr\u00e9              Amour fraternel &#8211; Lucas Carr\u00e9              Dans la p\u00e9nombre &#8211; Lucas Carr\u00e9              Le mulot du jardin &#8211; [&hellip;]\" \/>\n<meta property=\"og:url\" content=\"https:\/\/www.photo-montier.org\/en\/fiche-exposant\/a-lecoute-de-la-foret-dorient\/\" \/>\n<meta property=\"og:site_name\" content=\"Montier Photo Festival\" \/>\n<meta property=\"article:publisher\" content=\"https:\/\/www.facebook.com\/Festivalmontier\/\" \/>\n<meta property=\"article:modified_time\" content=\"2024-04-30T12:19:27+00:00\" \/>\n<meta property=\"og:image\" content=\"https:\/\/www.photo-montier.org\/wp-content\/uploads\/exposants\/2022\/866_dsc_1354.jpg\" \/>\n\t<meta property=\"og:image:width\" content=\"2002\" \/>\n\t<meta property=\"og:image:height\" content=\"3000\" \/>\n\t<meta property=\"og:image:type\" content=\"image\/jpeg\" \/>\n<meta name=\"twitter:card\" content=\"summary_large_image\" \/>\n<meta name=\"twitter:site\" content=\"@festivalmontier\" \/>\n<script type=\"application\/ld+json\" class=\"yoast-schema-graph\">{\"@context\":\"https:\/\/schema.org\",\"@graph\":[{\"@type\":\"WebPage\",\"@id\":\"https:\/\/www.photo-montier.org\/en\/fiche-exposant\/a-lecoute-de-la-foret-dorient\/\",\"url\":\"https:\/\/www.photo-montier.org\/en\/fiche-exposant\/a-lecoute-de-la-foret-dorient\/\",\"name\":\"A l'\u00e9coute de la for\u00eat d'Orient | Exposant &#8211; Montier Photo Festival\",\"isPartOf\":{\"@id\":\"https:\/\/www.photo-montier.org\/en\/#website\"},\"primaryImageOfPage\":{\"@id\":\"https:\/\/www.photo-montier.org\/en\/fiche-exposant\/a-lecoute-de-la-foret-dorient\/#primaryimage\"},\"image\":{\"@id\":\"https:\/\/www.photo-montier.org\/en\/fiche-exposant\/a-lecoute-de-la-foret-dorient\/#primaryimage\"},\"thumbnailUrl\":\"https:\/\/www.photo-montier.org\/wp-content\/uploads\/exposants\/2022\/866_dsc_1354.jpg\",\"datePublished\":\"2022-06-28T09:13:10+00:00\",\"dateModified\":\"2024-04-30T12:19:27+00:00\",\"breadcrumb\":{\"@id\":\"https:\/\/www.photo-montier.org\/en\/fiche-exposant\/a-lecoute-de-la-foret-dorient\/#breadcrumb\"},\"inLanguage\":\"en-US\",\"potentialAction\":[{\"@type\":\"ReadAction\",\"target\":[\"https:\/\/www.photo-montier.org\/en\/fiche-exposant\/a-lecoute-de-la-foret-dorient\/\"]}]},{\"@type\":\"ImageObject\",\"inLanguage\":\"en-US\",\"@id\":\"https:\/\/www.photo-montier.org\/en\/fiche-exposant\/a-lecoute-de-la-foret-dorient\/#primaryimage\",\"url\":\"https:\/\/www.photo-montier.org\/wp-content\/uploads\/exposants\/2022\/866_dsc_1354.jpg\",\"contentUrl\":\"https:\/\/www.photo-montier.org\/wp-content\/uploads\/exposants\/2022\/866_dsc_1354.jpg\",\"width\":2002,\"height\":3000,\"caption\":\"866_dsc_1354.jpg -\"},{\"@type\":\"BreadcrumbList\",\"@id\":\"https:\/\/www.photo-montier.org\/en\/fiche-exposant\/a-lecoute-de-la-foret-dorient\/#breadcrumb\",\"itemListElement\":[{\"@type\":\"ListItem\",\"position\":1,\"name\":\"Home\",\"item\":\"https:\/\/www.photo-montier.org\/en\/\"},{\"@type\":\"ListItem\",\"position\":2,\"name\":\"Exposants\",\"item\":\"https:\/\/www.photo-montier.org\/en\/fiche-exposant\/\"},{\"@type\":\"ListItem\",\"position\":3,\"name\":\"2022\",\"item\":\"https:\/\/www.photo-montier.org\/en\/exposants\/2022\/\"},{\"@type\":\"ListItem\",\"position\":4,\"name\":\"A l&rsquo;\u00e9coute de la for\u00eat d&rsquo;Orient\"}]},{\"@type\":\"WebSite\",\"@id\":\"https:\/\/www.photo-montier.org\/en\/#website\",\"url\":\"https:\/\/www.photo-montier.org\/en\/\",\"name\":\"Montier Photo Festival\",\"description\":\"International Wildlife and Nature Photo Festival\",\"publisher\":{\"@id\":\"https:\/\/www.photo-montier.org\/en\/#organization\"},\"potentialAction\":[{\"@type\":\"SearchAction\",\"target\":{\"@type\":\"EntryPoint\",\"urlTemplate\":\"https:\/\/www.photo-montier.org\/en\/?s={search_term_string}\"},\"query-input\":{\"@type\":\"PropertyValueSpecification\",\"valueRequired\":true,\"valueName\":\"search_term_string\"}}],\"inLanguage\":\"en-US\"},{\"@type\":\"Organization\",\"@id\":\"https:\/\/www.photo-montier.org\/en\/#organization\",\"name\":\"Montier Festival Photo\",\"url\":\"https:\/\/www.photo-montier.org\/en\/\",\"logo\":{\"@type\":\"ImageObject\",\"inLanguage\":\"en-US\",\"@id\":\"https:\/\/www.photo-montier.org\/en\/#\/schema\/logo\/image\/\",\"url\":\"https:\/\/www.photo-montier.org\/wp-content\/uploads\/2016\/06\/logo-festival-renard-couleur-1.png\",\"contentUrl\":\"https:\/\/www.photo-montier.org\/wp-content\/uploads\/2016\/06\/logo-festival-renard-couleur-1.png\",\"width\":408,\"height\":200,\"caption\":\"Montier Festival Photo\"},\"image\":{\"@id\":\"https:\/\/www.photo-montier.org\/en\/#\/schema\/logo\/image\/\"},\"sameAs\":[\"https:\/\/www.facebook.com\/Festivalmontier\/\",\"https:\/\/x.com\/festivalmontier\",\"https:\/\/www.instagram.com\/festivalmontier\/\",\"https:\/\/www.youtube.com\/channel\/UCylkMGITSE22T6fgWUEYIvw\",\"https:\/\/www.tiktok.com\/@festivalmontier\"]}]}<\/script>\n<!-- \/ Yoast SEO plugin. -->","yoast_head_json":{"title":"A l'\u00e9coute de la for\u00eat d'Orient | Exposant &#8211; Montier Photo Festival","robots":{"index":"index","follow":"follow","max-snippet":"max-snippet:-1","max-image-preview":"max-image-preview:large","max-video-preview":"max-video-preview:-1"},"canonical":"https:\/\/www.photo-montier.org\/en\/fiche-exposant\/a-lecoute-de-la-foret-dorient\/","og_locale":"en_US","og_type":"article","og_title":"A l'\u00e9coute de la for\u00eat d'Orient | Exposant &#8211; Montier Photo Festival","og_description":"Le chevalier du lac &#8211; Lucas Carr\u00e9              Les chev\u00eaches d&#8217;Ath\u00e9na &#8211; Lucas Carr\u00e9              Amour fraternel &#8211; Lucas Carr\u00e9              Dans la p\u00e9nombre &#8211; Lucas Carr\u00e9              Le mulot du jardin &#8211; [&hellip;]","og_url":"https:\/\/www.photo-montier.org\/en\/fiche-exposant\/a-lecoute-de-la-foret-dorient\/","og_site_name":"Montier Photo Festival","article_publisher":"https:\/\/www.facebook.com\/Festivalmontier\/","article_modified_time":"2024-04-30T12:19:27+00:00","og_image":[{"width":2002,"height":3000,"url":"https:\/\/www.photo-montier.org\/wp-content\/uploads\/exposants\/2022\/866_dsc_1354.jpg","type":"image\/jpeg"}],"twitter_card":"summary_large_image","twitter_site":"@festivalmontier","schema":{"@context":"https:\/\/schema.org","@graph":[{"@type":"WebPage","@id":"https:\/\/www.photo-montier.org\/en\/fiche-exposant\/a-lecoute-de-la-foret-dorient\/","url":"https:\/\/www.photo-montier.org\/en\/fiche-exposant\/a-lecoute-de-la-foret-dorient\/","name":"A l'\u00e9coute de la for\u00eat d'Orient | Exposant &#8211; Montier Photo Festival","isPartOf":{"@id":"https:\/\/www.photo-montier.org\/en\/#website"},"primaryImageOfPage":{"@id":"https:\/\/www.photo-montier.org\/en\/fiche-exposant\/a-lecoute-de-la-foret-dorient\/#primaryimage"},"image":{"@id":"https:\/\/www.photo-montier.org\/en\/fiche-exposant\/a-lecoute-de-la-foret-dorient\/#primaryimage"},"thumbnailUrl":"https:\/\/www.photo-montier.org\/wp-content\/uploads\/exposants\/2022\/866_dsc_1354.jpg","datePublished":"2022-06-28T09:13:10+00:00","dateModified":"2024-04-30T12:19:27+00:00","breadcrumb":{"@id":"https:\/\/www.photo-montier.org\/en\/fiche-exposant\/a-lecoute-de-la-foret-dorient\/#breadcrumb"},"inLanguage":"en-US","potentialAction":[{"@type":"ReadAction","target":["https:\/\/www.photo-montier.org\/en\/fiche-exposant\/a-lecoute-de-la-foret-dorient\/"]}]},{"@type":"ImageObject","inLanguage":"en-US","@id":"https:\/\/www.photo-montier.org\/en\/fiche-exposant\/a-lecoute-de-la-foret-dorient\/#primaryimage","url":"https:\/\/www.photo-montier.org\/wp-content\/uploads\/exposants\/2022\/866_dsc_1354.jpg","contentUrl":"https:\/\/www.photo-montier.org\/wp-content\/uploads\/exposants\/2022\/866_dsc_1354.jpg","width":2002,"height":3000,"caption":"866_dsc_1354.jpg -"},{"@type":"BreadcrumbList","@id":"https:\/\/www.photo-montier.org\/en\/fiche-exposant\/a-lecoute-de-la-foret-dorient\/#breadcrumb","itemListElement":[{"@type":"ListItem","position":1,"name":"Home","item":"https:\/\/www.photo-montier.org\/en\/"},{"@type":"ListItem","position":2,"name":"Exposants","item":"https:\/\/www.photo-montier.org\/en\/fiche-exposant\/"},{"@type":"ListItem","position":3,"name":"2022","item":"https:\/\/www.photo-montier.org\/en\/exposants\/2022\/"},{"@type":"ListItem","position":4,"name":"A l&rsquo;\u00e9coute de la for\u00eat d&rsquo;Orient"}]},{"@type":"WebSite","@id":"https:\/\/www.photo-montier.org\/en\/#website","url":"https:\/\/www.photo-montier.org\/en\/","name":"Montier Photo Festival","description":"International Wildlife and Nature Photo Festival","publisher":{"@id":"https:\/\/www.photo-montier.org\/en\/#organization"},"potentialAction":[{"@type":"SearchAction","target":{"@type":"EntryPoint","urlTemplate":"https:\/\/www.photo-montier.org\/en\/?s={search_term_string}"},"query-input":{"@type":"PropertyValueSpecification","valueRequired":true,"valueName":"search_term_string"}}],"inLanguage":"en-US"},{"@type":"Organization","@id":"https:\/\/www.photo-montier.org\/en\/#organization","name":"Montier Festival Photo","url":"https:\/\/www.photo-montier.org\/en\/","logo":{"@type":"ImageObject","inLanguage":"en-US","@id":"https:\/\/www.photo-montier.org\/en\/#\/schema\/logo\/image\/","url":"https:\/\/www.photo-montier.org\/wp-content\/uploads\/2016\/06\/logo-festival-renard-couleur-1.png","contentUrl":"https:\/\/www.photo-montier.org\/wp-content\/uploads\/2016\/06\/logo-festival-renard-couleur-1.png","width":408,"height":200,"caption":"Montier Festival Photo"},"image":{"@id":"https:\/\/www.photo-montier.org\/en\/#\/schema\/logo\/image\/"},"sameAs":["https:\/\/www.facebook.com\/Festivalmontier\/","https:\/\/x.com\/festivalmontier","https:\/\/www.instagram.com\/festivalmontier\/","https:\/\/www.youtube.com\/channel\/UCylkMGITSE22T6fgWUEYIvw","https:\/\/www.tiktok.com\/@festivalmontier"]}]}},"_links":{"self":[{"href":"https:\/\/www.photo-montier.org\/en\/wp-json\/wp\/v2\/kexposants\/47209"}],"collection":[{"href":"https:\/\/www.photo-montier.org\/en\/wp-json\/wp\/v2\/kexposants"}],"about":[{"href":"https:\/\/www.photo-montier.org\/en\/wp-json\/wp\/v2\/types\/kexposants"}],"author":[{"embeddable":true,"href":"https:\/\/www.photo-montier.org\/en\/wp-json\/wp\/v2\/users\/1"}],"version-history":[{"count":1,"href":"https:\/\/www.photo-montier.org\/en\/wp-json\/wp\/v2\/kexposants\/47209\/revisions"}],"predecessor-version":[{"id":67324,"href":"https:\/\/www.photo-montier.org\/en\/wp-json\/wp\/v2\/kexposants\/47209\/revisions\/67324"}],"wp:featuredmedia":[{"embeddable":true,"href":"https:\/\/www.photo-montier.org\/en\/wp-json\/wp\/v2\/media\/47213"}],"wp:attachment":[{"href":"https:\/\/www.photo-montier.org\/en\/wp-json\/wp\/v2\/media?parent=47209"}],"wp:term":[{"taxonomy":"exposants","embeddable":true,"href":"https:\/\/www.photo-montier.org\/en\/wp-json\/wp\/v2\/exposants?post=47209"},{"taxonomy":"site-exposants","embeddable":true,"href":"https:\/\/www.photo-montier.org\/en\/wp-json\/wp\/v2\/site-exposants?post=47209"},{"taxonomy":"type-exposants-conferences","embeddable":true,"href":"https:\/\/www.photo-montier.org\/en\/wp-json\/wp\/v2\/type-exposants-conferences?post=47209"},{"taxonomy":"type-exposants","embeddable":true,"href":"https:\/\/www.photo-montier.org\/en\/wp-json\/wp\/v2\/type-exposants?post=47209"}],"curies":[{"name":"wp","href":"https:\/\/api.w.org\/{rel}","templated":true}]}}