{"id":46848,"date":"2022-06-21T14:15:50","date_gmt":"2022-06-21T12:15:50","guid":{"rendered":"https:\/\/exposants.photo-montier.org\/?post_type=kexposants&#038;p=46848"},"modified":"2024-04-30T14:19:27","modified_gmt":"2024-04-30T12:19:27","slug":"athene","status":"publish","type":"kexposants","link":"https:\/\/www.photo-montier.org\/en\/fiche-exposant\/athene\/","title":{"rendered":"Athene"},"content":{"rendered":"<div id='gallery-1' class='gallery galleryid-46848 gallery-columns-4 gallery-size-medium'><dl class='gallery-item'>\n\t\t\t<dt class='gallery-icon landscape'>\n\t\t\t\t<a href='https:\/\/www.photo-montier.org\/wp-content\/uploads\/exposants\/2022\/861_ma4_6778-copie-1024x684.jpg'><img decoding=\"async\" width=\"300\" height=\"201\" src=\"https:\/\/www.photo-montier.org\/wp-content\/uploads\/exposants\/2022\/861_ma4_6778-copie-300x201.jpg\" class=\"attachment-medium size-medium\" alt=\"Montier Photo Festival\" aria-describedby=\"gallery-1-46874\" srcset=\"https:\/\/www.photo-montier.org\/wp-content\/uploads\/exposants\/2022\/861_ma4_6778-copie-300x201.jpg 300w, https:\/\/www.photo-montier.org\/wp-content\/uploads\/exposants\/2022\/861_ma4_6778-copie-1024x684.jpg 1024w, https:\/\/www.photo-montier.org\/wp-content\/uploads\/exposants\/2022\/861_ma4_6778-copie-768x513.jpg 768w, https:\/\/www.photo-montier.org\/wp-content\/uploads\/exposants\/2022\/861_ma4_6778-copie-1536x1027.jpg 1536w, https:\/\/www.photo-montier.org\/wp-content\/uploads\/exposants\/2022\/861_ma4_6778-copie-2048x1369.jpg 2048w, https:\/\/www.photo-montier.org\/wp-content\/uploads\/exposants\/2022\/861_ma4_6778-copie-600x400.jpg 600w, https:\/\/www.photo-montier.org\/wp-content\/uploads\/exposants\/2022\/861_ma4_6778-copie-314x210.jpg 314w, https:\/\/www.photo-montier.org\/wp-content\/uploads\/exposants\/2022\/861_ma4_6778-copie-1320x882.jpg 1320w\" sizes=\"(max-width: 300px) 100vw, 300px\" \/><\/a>\n\t\t\t<\/dt>\n\t\t\t\t<dd class='wp-caption-text gallery-caption' id='gallery-1-46874'>\n\t\t\t\tPapouilles &#8211; Fran\u00e7ois NOWICKI\n\t\t\t\t<\/dd><\/dl><dl class='gallery-item'>\n\t\t\t<dt class='gallery-icon landscape'>\n\t\t\t\t<a href='https:\/\/www.photo-montier.org\/wp-content\/uploads\/exposants\/2022\/861_ma4_1028-copie-1024x683.jpg'><img decoding=\"async\" width=\"300\" height=\"200\" src=\"https:\/\/www.photo-montier.org\/wp-content\/uploads\/exposants\/2022\/861_ma4_1028-copie-300x200.jpg\" class=\"attachment-medium size-medium\" alt=\"Montier Photo Festival\" aria-describedby=\"gallery-1-46870\" srcset=\"https:\/\/www.photo-montier.org\/wp-content\/uploads\/exposants\/2022\/861_ma4_1028-copie-300x200.jpg 300w, https:\/\/www.photo-montier.org\/wp-content\/uploads\/exposants\/2022\/861_ma4_1028-copie-1024x683.jpg 1024w, https:\/\/www.photo-montier.org\/wp-content\/uploads\/exposants\/2022\/861_ma4_1028-copie-768x512.jpg 768w, https:\/\/www.photo-montier.org\/wp-content\/uploads\/exposants\/2022\/861_ma4_1028-copie-1536x1024.jpg 1536w, https:\/\/www.photo-montier.org\/wp-content\/uploads\/exposants\/2022\/861_ma4_1028-copie-2048x1365.jpg 2048w, https:\/\/www.photo-montier.org\/wp-content\/uploads\/exposants\/2022\/861_ma4_1028-copie-600x400.jpg 600w, https:\/\/www.photo-montier.org\/wp-content\/uploads\/exposants\/2022\/861_ma4_1028-copie-315x210.jpg 315w, https:\/\/www.photo-montier.org\/wp-content\/uploads\/exposants\/2022\/861_ma4_1028-copie-1320x880.jpg 1320w\" sizes=\"(max-width: 300px) 100vw, 300px\" \/><\/a>\n\t\t\t<\/dt>\n\t\t\t\t<dd class='wp-caption-text gallery-caption' id='gallery-1-46870'>\n\t\t\t\tBain de poussi\u00e8re &#8211; Fran\u00e7ois NOWICKI\n\t\t\t\t<\/dd><\/dl><dl class='gallery-item'>\n\t\t\t<dt class='gallery-icon landscape'>\n\t\t\t\t<a href='https:\/\/www.photo-montier.org\/wp-content\/uploads\/exposants\/2022\/861_contre-jour-copie-1-1024x680.jpg'><img decoding=\"async\" width=\"300\" height=\"199\" src=\"https:\/\/www.photo-montier.org\/wp-content\/uploads\/exposants\/2022\/861_contre-jour-copie-1-300x199.jpg\" class=\"attachment-medium size-medium\" alt=\"Montier Photo Festival\" aria-describedby=\"gallery-1-46866\" srcset=\"https:\/\/www.photo-montier.org\/wp-content\/uploads\/exposants\/2022\/861_contre-jour-copie-1-300x199.jpg 300w, https:\/\/www.photo-montier.org\/wp-content\/uploads\/exposants\/2022\/861_contre-jour-copie-1-1024x680.jpg 1024w, https:\/\/www.photo-montier.org\/wp-content\/uploads\/exposants\/2022\/861_contre-jour-copie-1-768x510.jpg 768w, https:\/\/www.photo-montier.org\/wp-content\/uploads\/exposants\/2022\/861_contre-jour-copie-1-1536x1020.jpg 1536w, https:\/\/www.photo-montier.org\/wp-content\/uploads\/exposants\/2022\/861_contre-jour-copie-1-2048x1361.jpg 2048w, https:\/\/www.photo-montier.org\/wp-content\/uploads\/exposants\/2022\/861_contre-jour-copie-1-600x400.jpg 600w, https:\/\/www.photo-montier.org\/wp-content\/uploads\/exposants\/2022\/861_contre-jour-copie-1-316x210.jpg 316w, https:\/\/www.photo-montier.org\/wp-content\/uploads\/exposants\/2022\/861_contre-jour-copie-1-1320x877.jpg 1320w\" sizes=\"(max-width: 300px) 100vw, 300px\" \/><\/a>\n\t\t\t<\/dt>\n\t\t\t\t<dd class='wp-caption-text gallery-caption' id='gallery-1-46866'>\n\t\t\t\tDerniers rayons &#8211; Fran\u00e7ois NOWICKI\n\t\t\t\t<\/dd><\/dl><dl class='gallery-item'>\n\t\t\t<dt class='gallery-icon landscape'>\n\t\t\t\t<a href='https:\/\/www.photo-montier.org\/wp-content\/uploads\/exposants\/2022\/861_campagnol-1-1024x680.jpg'><img decoding=\"async\" width=\"300\" height=\"199\" src=\"https:\/\/www.photo-montier.org\/wp-content\/uploads\/exposants\/2022\/861_campagnol-1-300x199.jpg\" class=\"attachment-medium size-medium\" alt=\"Montier Photo Festival\" aria-describedby=\"gallery-1-46862\" srcset=\"https:\/\/www.photo-montier.org\/wp-content\/uploads\/exposants\/2022\/861_campagnol-1-300x199.jpg 300w, https:\/\/www.photo-montier.org\/wp-content\/uploads\/exposants\/2022\/861_campagnol-1-1024x680.jpg 1024w, https:\/\/www.photo-montier.org\/wp-content\/uploads\/exposants\/2022\/861_campagnol-1-768x510.jpg 768w, https:\/\/www.photo-montier.org\/wp-content\/uploads\/exposants\/2022\/861_campagnol-1-1536x1020.jpg 1536w, https:\/\/www.photo-montier.org\/wp-content\/uploads\/exposants\/2022\/861_campagnol-1-2048x1361.jpg 2048w, https:\/\/www.photo-montier.org\/wp-content\/uploads\/exposants\/2022\/861_campagnol-1-600x400.jpg 600w, https:\/\/www.photo-montier.org\/wp-content\/uploads\/exposants\/2022\/861_campagnol-1-316x210.jpg 316w, https:\/\/www.photo-montier.org\/wp-content\/uploads\/exposants\/2022\/861_campagnol-1-1320x877.jpg 1320w\" sizes=\"(max-width: 300px) 100vw, 300px\" \/><\/a>\n\t\t\t<\/dt>\n\t\t\t\t<dd class='wp-caption-text gallery-caption' id='gallery-1-46862'>\n\t\t\t\tCampagnol &#8211; Fran\u00e7ois NOWICKI\n\t\t\t\t<\/dd><\/dl><br style=\"clear: both\" \/><dl class='gallery-item'>\n\t\t\t<dt class='gallery-icon landscape'>\n\t\t\t\t<a href='https:\/\/www.photo-montier.org\/wp-content\/uploads\/exposants\/2022\/861_j64a4458-copie-1024x679.jpg'><img decoding=\"async\" width=\"300\" height=\"199\" src=\"https:\/\/www.photo-montier.org\/wp-content\/uploads\/exposants\/2022\/861_j64a4458-copie-300x199.jpg\" class=\"attachment-medium size-medium\" alt=\"Montier Photo Festival\" aria-describedby=\"gallery-1-46858\" srcset=\"https:\/\/www.photo-montier.org\/wp-content\/uploads\/exposants\/2022\/861_j64a4458-copie-300x199.jpg 300w, https:\/\/www.photo-montier.org\/wp-content\/uploads\/exposants\/2022\/861_j64a4458-copie-1024x679.jpg 1024w, https:\/\/www.photo-montier.org\/wp-content\/uploads\/exposants\/2022\/861_j64a4458-copie-768x509.jpg 768w, https:\/\/www.photo-montier.org\/wp-content\/uploads\/exposants\/2022\/861_j64a4458-copie-1536x1018.jpg 1536w, https:\/\/www.photo-montier.org\/wp-content\/uploads\/exposants\/2022\/861_j64a4458-copie-2048x1357.jpg 2048w, https:\/\/www.photo-montier.org\/wp-content\/uploads\/exposants\/2022\/861_j64a4458-copie-600x398.jpg 600w, https:\/\/www.photo-montier.org\/wp-content\/uploads\/exposants\/2022\/861_j64a4458-copie-317x210.jpg 317w, https:\/\/www.photo-montier.org\/wp-content\/uploads\/exposants\/2022\/861_j64a4458-copie-1320x875.jpg 1320w\" sizes=\"(max-width: 300px) 100vw, 300px\" \/><\/a>\n\t\t\t<\/dt>\n\t\t\t\t<dd class='wp-caption-text gallery-caption' id='gallery-1-46858'>\n\t\t\t\tIntimit\u00e9 &#8211; Fran\u00e7ois NOWICKI\n\t\t\t\t<\/dd><\/dl>\n\t\t\t<br style='clear: both' \/>\n\t\t<\/div>\n\n","protected":false},"author":1,"featured_media":46854,"template":"","exposants":[557],"site-exposants":[504],"type-exposants-conferences":[],"type-exposants":[527],"acf":{"kexposants_custom_thumbnail":null,"kexposants_expo_group":"Photographe","kexposants_title_en":"","kexposants_day_conf_date":null,"kexposants_hours_conf_text_start":"","kexposants_hours_conf_text_end":"","kexposants_bio":"Fran\u00e7ois NOWICKI was born in 1972. Photographer for more than 30 years, he claims above all his naturalist approach in the service of conservation. With his friend Olivier Dangles, he is the author of books in which he tries to make the general public by combining an artistic and scientific approach. Passionate about nature, he has also put his knowledge of species and environments to good use in his professional activities. Today, working at Cerema, he is working on issues related to the consideration of natural environments in infrastructure projects. In particular, he is a referent on the problems of wildlife crossings.","kexposants_bio_en":"","kexposants_expo":"\"ATHENE\" is the result of more than five years of work on the little owl, the last three of which have been exclusively focused on this species. If the images presented are the result of a few years of photography, it is, above all, the result of more than 30 years of observation, monitoring and protection of a small population of owls in the north-east quarter of France (inventories, installation of nesting boxes, etc.). The owl being a common species and often photographed in France, Fran\u00e7ois Nowicki tried to focus his photography on artistic work and on the originality of the images. If the exhibition is a step in this work, the images in the exhibition have already been selected in several international photo contests including the Europeen wildlife photographer of the year (GDT), the Bird and Nature Festival and the Belgian competitions Emotion'Ailes and Nature Namurs. Some of the images were taken without any prior preparation during the many, many hours of observation and stalking, but many of the images are the result of specific preparation, installation and discretion, so that each image is as striking as possible while respecting the bird.","kexposants_expo_en":"","kexposants_denomination":"Fran\u00e7ois NOWICKI","kexposants_user_id":764,"kexposants_url_movie":""},"yoast_head":"<!-- This site is optimized with the Yoast SEO plugin v23.5 - https:\/\/yoast.com\/wordpress\/plugins\/seo\/ -->\n<title>Athene | Exposant &#8211; Montier Photo Festival<\/title>\n<meta name=\"robots\" content=\"index, follow, max-snippet:-1, max-image-preview:large, max-video-preview:-1\" \/>\n<link rel=\"canonical\" href=\"https:\/\/www.photo-montier.org\/en\/fiche-exposant\/athene\/\" \/>\n<meta property=\"og:locale\" content=\"en_US\" \/>\n<meta property=\"og:type\" content=\"article\" \/>\n<meta property=\"og:title\" content=\"Athene | Exposant &#8211; Montier Photo Festival\" \/>\n<meta property=\"og:description\" content=\"Papouilles &#8211; Fran\u00e7ois NOWICKI              Bain de poussi\u00e8re &#8211; Fran\u00e7ois NOWICKI              Derniers rayons &#8211; Fran\u00e7ois NOWICKI              Campagnol &#8211; Fran\u00e7ois NOWICKI              Intimit\u00e9 &#8211; Fran\u00e7ois NOWICKI\" \/>\n<meta property=\"og:url\" content=\"https:\/\/www.photo-montier.org\/en\/fiche-exposant\/athene\/\" \/>\n<meta property=\"og:site_name\" content=\"Montier Photo Festival\" \/>\n<meta property=\"article:publisher\" content=\"https:\/\/www.facebook.com\/Festivalmontier\/\" \/>\n<meta property=\"article:modified_time\" content=\"2024-04-30T12:19:27+00:00\" \/>\n<meta property=\"og:image\" content=\"https:\/\/www.photo-montier.org\/wp-content\/uploads\/exposants\/2022\/861_nowicki.jpg\" \/>\n\t<meta property=\"og:image:width\" content=\"1200\" \/>\n\t<meta property=\"og:image:height\" content=\"815\" \/>\n\t<meta property=\"og:image:type\" content=\"image\/jpeg\" \/>\n<meta name=\"twitter:card\" content=\"summary_large_image\" \/>\n<meta name=\"twitter:site\" content=\"@festivalmontier\" \/>\n<script type=\"application\/ld+json\" class=\"yoast-schema-graph\">{\"@context\":\"https:\/\/schema.org\",\"@graph\":[{\"@type\":\"WebPage\",\"@id\":\"https:\/\/www.photo-montier.org\/en\/fiche-exposant\/athene\/\",\"url\":\"https:\/\/www.photo-montier.org\/en\/fiche-exposant\/athene\/\",\"name\":\"Athene | Exposant &#8211; Montier Photo Festival\",\"isPartOf\":{\"@id\":\"https:\/\/www.photo-montier.org\/en\/#website\"},\"primaryImageOfPage\":{\"@id\":\"https:\/\/www.photo-montier.org\/en\/fiche-exposant\/athene\/#primaryimage\"},\"image\":{\"@id\":\"https:\/\/www.photo-montier.org\/en\/fiche-exposant\/athene\/#primaryimage\"},\"thumbnailUrl\":\"https:\/\/www.photo-montier.org\/wp-content\/uploads\/exposants\/2022\/861_nowicki.jpg\",\"datePublished\":\"2022-06-21T12:15:50+00:00\",\"dateModified\":\"2024-04-30T12:19:27+00:00\",\"breadcrumb\":{\"@id\":\"https:\/\/www.photo-montier.org\/en\/fiche-exposant\/athene\/#breadcrumb\"},\"inLanguage\":\"en-US\",\"potentialAction\":[{\"@type\":\"ReadAction\",\"target\":[\"https:\/\/www.photo-montier.org\/en\/fiche-exposant\/athene\/\"]}]},{\"@type\":\"ImageObject\",\"inLanguage\":\"en-US\",\"@id\":\"https:\/\/www.photo-montier.org\/en\/fiche-exposant\/athene\/#primaryimage\",\"url\":\"https:\/\/www.photo-montier.org\/wp-content\/uploads\/exposants\/2022\/861_nowicki.jpg\",\"contentUrl\":\"https:\/\/www.photo-montier.org\/wp-content\/uploads\/exposants\/2022\/861_nowicki.jpg\",\"width\":1200,\"height\":815,\"caption\":\"861_nowicki.jpg -\"},{\"@type\":\"BreadcrumbList\",\"@id\":\"https:\/\/www.photo-montier.org\/en\/fiche-exposant\/athene\/#breadcrumb\",\"itemListElement\":[{\"@type\":\"ListItem\",\"position\":1,\"name\":\"Home\",\"item\":\"https:\/\/www.photo-montier.org\/en\/\"},{\"@type\":\"ListItem\",\"position\":2,\"name\":\"Exposants\",\"item\":\"https:\/\/www.photo-montier.org\/en\/fiche-exposant\/\"},{\"@type\":\"ListItem\",\"position\":3,\"name\":\"2022\",\"item\":\"https:\/\/www.photo-montier.org\/en\/exposants\/2022\/\"},{\"@type\":\"ListItem\",\"position\":4,\"name\":\"Athene\"}]},{\"@type\":\"WebSite\",\"@id\":\"https:\/\/www.photo-montier.org\/en\/#website\",\"url\":\"https:\/\/www.photo-montier.org\/en\/\",\"name\":\"Montier Photo Festival\",\"description\":\"International Wildlife and Nature Photo Festival\",\"publisher\":{\"@id\":\"https:\/\/www.photo-montier.org\/en\/#organization\"},\"potentialAction\":[{\"@type\":\"SearchAction\",\"target\":{\"@type\":\"EntryPoint\",\"urlTemplate\":\"https:\/\/www.photo-montier.org\/en\/?s={search_term_string}\"},\"query-input\":{\"@type\":\"PropertyValueSpecification\",\"valueRequired\":true,\"valueName\":\"search_term_string\"}}],\"inLanguage\":\"en-US\"},{\"@type\":\"Organization\",\"@id\":\"https:\/\/www.photo-montier.org\/en\/#organization\",\"name\":\"Montier Festival Photo\",\"url\":\"https:\/\/www.photo-montier.org\/en\/\",\"logo\":{\"@type\":\"ImageObject\",\"inLanguage\":\"en-US\",\"@id\":\"https:\/\/www.photo-montier.org\/en\/#\/schema\/logo\/image\/\",\"url\":\"https:\/\/www.photo-montier.org\/wp-content\/uploads\/2016\/06\/logo-festival-renard-couleur-1.png\",\"contentUrl\":\"https:\/\/www.photo-montier.org\/wp-content\/uploads\/2016\/06\/logo-festival-renard-couleur-1.png\",\"width\":408,\"height\":200,\"caption\":\"Montier Festival Photo\"},\"image\":{\"@id\":\"https:\/\/www.photo-montier.org\/en\/#\/schema\/logo\/image\/\"},\"sameAs\":[\"https:\/\/www.facebook.com\/Festivalmontier\/\",\"https:\/\/x.com\/festivalmontier\",\"https:\/\/www.instagram.com\/festivalmontier\/\",\"https:\/\/www.youtube.com\/channel\/UCylkMGITSE22T6fgWUEYIvw\",\"https:\/\/www.tiktok.com\/@festivalmontier\"]}]}<\/script>\n<!-- \/ Yoast SEO plugin. -->","yoast_head_json":{"title":"Athene | Exposant &#8211; Montier Photo Festival","robots":{"index":"index","follow":"follow","max-snippet":"max-snippet:-1","max-image-preview":"max-image-preview:large","max-video-preview":"max-video-preview:-1"},"canonical":"https:\/\/www.photo-montier.org\/en\/fiche-exposant\/athene\/","og_locale":"en_US","og_type":"article","og_title":"Athene | Exposant &#8211; Montier Photo Festival","og_description":"Papouilles &#8211; Fran\u00e7ois NOWICKI              Bain de poussi\u00e8re &#8211; Fran\u00e7ois NOWICKI              Derniers rayons &#8211; Fran\u00e7ois NOWICKI              Campagnol &#8211; Fran\u00e7ois NOWICKI              Intimit\u00e9 &#8211; Fran\u00e7ois NOWICKI","og_url":"https:\/\/www.photo-montier.org\/en\/fiche-exposant\/athene\/","og_site_name":"Montier Photo Festival","article_publisher":"https:\/\/www.facebook.com\/Festivalmontier\/","article_modified_time":"2024-04-30T12:19:27+00:00","og_image":[{"width":1200,"height":815,"url":"https:\/\/www.photo-montier.org\/wp-content\/uploads\/exposants\/2022\/861_nowicki.jpg","type":"image\/jpeg"}],"twitter_card":"summary_large_image","twitter_site":"@festivalmontier","schema":{"@context":"https:\/\/schema.org","@graph":[{"@type":"WebPage","@id":"https:\/\/www.photo-montier.org\/en\/fiche-exposant\/athene\/","url":"https:\/\/www.photo-montier.org\/en\/fiche-exposant\/athene\/","name":"Athene | Exposant &#8211; Montier Photo Festival","isPartOf":{"@id":"https:\/\/www.photo-montier.org\/en\/#website"},"primaryImageOfPage":{"@id":"https:\/\/www.photo-montier.org\/en\/fiche-exposant\/athene\/#primaryimage"},"image":{"@id":"https:\/\/www.photo-montier.org\/en\/fiche-exposant\/athene\/#primaryimage"},"thumbnailUrl":"https:\/\/www.photo-montier.org\/wp-content\/uploads\/exposants\/2022\/861_nowicki.jpg","datePublished":"2022-06-21T12:15:50+00:00","dateModified":"2024-04-30T12:19:27+00:00","breadcrumb":{"@id":"https:\/\/www.photo-montier.org\/en\/fiche-exposant\/athene\/#breadcrumb"},"inLanguage":"en-US","potentialAction":[{"@type":"ReadAction","target":["https:\/\/www.photo-montier.org\/en\/fiche-exposant\/athene\/"]}]},{"@type":"ImageObject","inLanguage":"en-US","@id":"https:\/\/www.photo-montier.org\/en\/fiche-exposant\/athene\/#primaryimage","url":"https:\/\/www.photo-montier.org\/wp-content\/uploads\/exposants\/2022\/861_nowicki.jpg","contentUrl":"https:\/\/www.photo-montier.org\/wp-content\/uploads\/exposants\/2022\/861_nowicki.jpg","width":1200,"height":815,"caption":"861_nowicki.jpg -"},{"@type":"BreadcrumbList","@id":"https:\/\/www.photo-montier.org\/en\/fiche-exposant\/athene\/#breadcrumb","itemListElement":[{"@type":"ListItem","position":1,"name":"Home","item":"https:\/\/www.photo-montier.org\/en\/"},{"@type":"ListItem","position":2,"name":"Exposants","item":"https:\/\/www.photo-montier.org\/en\/fiche-exposant\/"},{"@type":"ListItem","position":3,"name":"2022","item":"https:\/\/www.photo-montier.org\/en\/exposants\/2022\/"},{"@type":"ListItem","position":4,"name":"Athene"}]},{"@type":"WebSite","@id":"https:\/\/www.photo-montier.org\/en\/#website","url":"https:\/\/www.photo-montier.org\/en\/","name":"Montier Photo Festival","description":"International Wildlife and Nature Photo Festival","publisher":{"@id":"https:\/\/www.photo-montier.org\/en\/#organization"},"potentialAction":[{"@type":"SearchAction","target":{"@type":"EntryPoint","urlTemplate":"https:\/\/www.photo-montier.org\/en\/?s={search_term_string}"},"query-input":{"@type":"PropertyValueSpecification","valueRequired":true,"valueName":"search_term_string"}}],"inLanguage":"en-US"},{"@type":"Organization","@id":"https:\/\/www.photo-montier.org\/en\/#organization","name":"Montier Festival Photo","url":"https:\/\/www.photo-montier.org\/en\/","logo":{"@type":"ImageObject","inLanguage":"en-US","@id":"https:\/\/www.photo-montier.org\/en\/#\/schema\/logo\/image\/","url":"https:\/\/www.photo-montier.org\/wp-content\/uploads\/2016\/06\/logo-festival-renard-couleur-1.png","contentUrl":"https:\/\/www.photo-montier.org\/wp-content\/uploads\/2016\/06\/logo-festival-renard-couleur-1.png","width":408,"height":200,"caption":"Montier Festival Photo"},"image":{"@id":"https:\/\/www.photo-montier.org\/en\/#\/schema\/logo\/image\/"},"sameAs":["https:\/\/www.facebook.com\/Festivalmontier\/","https:\/\/x.com\/festivalmontier","https:\/\/www.instagram.com\/festivalmontier\/","https:\/\/www.youtube.com\/channel\/UCylkMGITSE22T6fgWUEYIvw","https:\/\/www.tiktok.com\/@festivalmontier"]}]}},"_links":{"self":[{"href":"https:\/\/www.photo-montier.org\/en\/wp-json\/wp\/v2\/kexposants\/46848"}],"collection":[{"href":"https:\/\/www.photo-montier.org\/en\/wp-json\/wp\/v2\/kexposants"}],"about":[{"href":"https:\/\/www.photo-montier.org\/en\/wp-json\/wp\/v2\/types\/kexposants"}],"author":[{"embeddable":true,"href":"https:\/\/www.photo-montier.org\/en\/wp-json\/wp\/v2\/users\/1"}],"version-history":[{"count":1,"href":"https:\/\/www.photo-montier.org\/en\/wp-json\/wp\/v2\/kexposants\/46848\/revisions"}],"predecessor-version":[{"id":67334,"href":"https:\/\/www.photo-montier.org\/en\/wp-json\/wp\/v2\/kexposants\/46848\/revisions\/67334"}],"wp:featuredmedia":[{"embeddable":true,"href":"https:\/\/www.photo-montier.org\/en\/wp-json\/wp\/v2\/media\/46854"}],"wp:attachment":[{"href":"https:\/\/www.photo-montier.org\/en\/wp-json\/wp\/v2\/media?parent=46848"}],"wp:term":[{"taxonomy":"exposants","embeddable":true,"href":"https:\/\/www.photo-montier.org\/en\/wp-json\/wp\/v2\/exposants?post=46848"},{"taxonomy":"site-exposants","embeddable":true,"href":"https:\/\/www.photo-montier.org\/en\/wp-json\/wp\/v2\/site-exposants?post=46848"},{"taxonomy":"type-exposants-conferences","embeddable":true,"href":"https:\/\/www.photo-montier.org\/en\/wp-json\/wp\/v2\/type-exposants-conferences?post=46848"},{"taxonomy":"type-exposants","embeddable":true,"href":"https:\/\/www.photo-montier.org\/en\/wp-json\/wp\/v2\/type-exposants?post=46848"}],"curies":[{"name":"wp","href":"https:\/\/api.w.org\/{rel}","templated":true}]}}