{"id":46418,"date":"2022-06-21T16:56:14","date_gmt":"2022-06-21T14:56:14","guid":{"rendered":"https:\/\/www.photo-montier.org\/?post_type=kexposants&#038;p=46418"},"modified":"2024-04-30T14:19:26","modified_gmt":"2024-04-30T12:19:26","slug":"centre-athenas-6","status":"publish","type":"kexposants","link":"https:\/\/www.photo-montier.org\/en\/fiche-exposant\/centre-athenas-6\/","title":{"rendered":"Centre ATHENAS"},"content":{"rendered":"<div id='gallery-1' class='gallery galleryid-46418 gallery-columns-4 gallery-size-kexposants-medium'><dl class='gallery-item'>\n\t\t\t<dt class='gallery-icon landscape'>\n\t\t\t\t<a href='https:\/\/www.photo-montier.org\/wp-content\/uploads\/exposants\/2022\/213_guepierdeurope1-jpg-1024x683.jpg'><img decoding=\"async\" width=\"315\" height=\"210\" src=\"https:\/\/www.photo-montier.org\/wp-content\/uploads\/exposants\/2022\/213_guepierdeurope1-jpg-315x210.jpg\" class=\"attachment-kexposants-medium size-kexposants-medium\" alt=\"Montier Photo Festival\" aria-describedby=\"gallery-1-46452\" srcset=\"https:\/\/www.photo-montier.org\/wp-content\/uploads\/exposants\/2022\/213_guepierdeurope1-jpg-315x210.jpg 315w, https:\/\/www.photo-montier.org\/wp-content\/uploads\/exposants\/2022\/213_guepierdeurope1-jpg-300x200.jpg 300w, https:\/\/www.photo-montier.org\/wp-content\/uploads\/exposants\/2022\/213_guepierdeurope1-jpg-1024x683.jpg 1024w, https:\/\/www.photo-montier.org\/wp-content\/uploads\/exposants\/2022\/213_guepierdeurope1-jpg-768x512.jpg 768w, https:\/\/www.photo-montier.org\/wp-content\/uploads\/exposants\/2022\/213_guepierdeurope1-jpg-1536x1024.jpg 1536w, https:\/\/www.photo-montier.org\/wp-content\/uploads\/exposants\/2022\/213_guepierdeurope1-jpg-2048x1365.jpg 2048w, https:\/\/www.photo-montier.org\/wp-content\/uploads\/exposants\/2022\/213_guepierdeurope1-jpg-600x400.jpg 600w, https:\/\/www.photo-montier.org\/wp-content\/uploads\/exposants\/2022\/213_guepierdeurope1-jpg-1320x880.jpg 1320w\" sizes=\"(max-width: 315px) 100vw, 315px\" \/><\/a>\n\t\t\t<\/dt>\n\t\t\t\t<dd class='wp-caption-text gallery-caption' id='gallery-1-46452'>\n\t\t\t\trelacher guepier &#8211; Centre Ath\u00e9nas\n\t\t\t\t<\/dd><\/dl><dl class='gallery-item'>\n\t\t\t<dt class='gallery-icon landscape'>\n\t\t\t\t<a href='https:\/\/www.photo-montier.org\/wp-content\/uploads\/exposants\/2022\/213_relacher_jeunelynxborealtram-1024x660.jpg'><img decoding=\"async\" width=\"326\" height=\"210\" src=\"https:\/\/www.photo-montier.org\/wp-content\/uploads\/exposants\/2022\/213_relacher_jeunelynxborealtram-326x210.jpg\" class=\"attachment-kexposants-medium size-kexposants-medium\" alt=\"Montier Photo Festival\" aria-describedby=\"gallery-1-46448\" srcset=\"https:\/\/www.photo-montier.org\/wp-content\/uploads\/exposants\/2022\/213_relacher_jeunelynxborealtram-326x210.jpg 326w, https:\/\/www.photo-montier.org\/wp-content\/uploads\/exposants\/2022\/213_relacher_jeunelynxborealtram-300x193.jpg 300w, https:\/\/www.photo-montier.org\/wp-content\/uploads\/exposants\/2022\/213_relacher_jeunelynxborealtram-1024x660.jpg 1024w, https:\/\/www.photo-montier.org\/wp-content\/uploads\/exposants\/2022\/213_relacher_jeunelynxborealtram-768x495.jpg 768w, https:\/\/www.photo-montier.org\/wp-content\/uploads\/exposants\/2022\/213_relacher_jeunelynxborealtram-1536x990.jpg 1536w, https:\/\/www.photo-montier.org\/wp-content\/uploads\/exposants\/2022\/213_relacher_jeunelynxborealtram-2048x1320.jpg 2048w, https:\/\/www.photo-montier.org\/wp-content\/uploads\/exposants\/2022\/213_relacher_jeunelynxborealtram-600x387.jpg 600w, https:\/\/www.photo-montier.org\/wp-content\/uploads\/exposants\/2022\/213_relacher_jeunelynxborealtram-1320x851.jpg 1320w\" sizes=\"(max-width: 326px) 100vw, 326px\" \/><\/a>\n\t\t\t<\/dt>\n\t\t\t\t<dd class='wp-caption-text gallery-caption' id='gallery-1-46448'>\n\t\t\t\trelacher lynx &#8211; Centre Ath\u00e9nas\n\t\t\t\t<\/dd><\/dl><dl class='gallery-item'>\n\t\t\t<dt class='gallery-icon landscape'>\n\t\t\t\t<a href='https:\/\/www.photo-montier.org\/wp-content\/uploads\/exposants\/2022\/213_fauconcrecerelle-1-jpg-1024x683.jpg'><img decoding=\"async\" width=\"315\" height=\"210\" src=\"https:\/\/www.photo-montier.org\/wp-content\/uploads\/exposants\/2022\/213_fauconcrecerelle-1-jpg-315x210.jpg\" class=\"attachment-kexposants-medium size-kexposants-medium\" alt=\"Montier Photo Festival\" aria-describedby=\"gallery-1-46442\" srcset=\"https:\/\/www.photo-montier.org\/wp-content\/uploads\/exposants\/2022\/213_fauconcrecerelle-1-jpg-315x210.jpg 315w, https:\/\/www.photo-montier.org\/wp-content\/uploads\/exposants\/2022\/213_fauconcrecerelle-1-jpg-300x200.jpg 300w, https:\/\/www.photo-montier.org\/wp-content\/uploads\/exposants\/2022\/213_fauconcrecerelle-1-jpg-1024x683.jpg 1024w, https:\/\/www.photo-montier.org\/wp-content\/uploads\/exposants\/2022\/213_fauconcrecerelle-1-jpg-768x512.jpg 768w, https:\/\/www.photo-montier.org\/wp-content\/uploads\/exposants\/2022\/213_fauconcrecerelle-1-jpg-1536x1024.jpg 1536w, https:\/\/www.photo-montier.org\/wp-content\/uploads\/exposants\/2022\/213_fauconcrecerelle-1-jpg-2048x1365.jpg 2048w, https:\/\/www.photo-montier.org\/wp-content\/uploads\/exposants\/2022\/213_fauconcrecerelle-1-jpg-600x400.jpg 600w, https:\/\/www.photo-montier.org\/wp-content\/uploads\/exposants\/2022\/213_fauconcrecerelle-1-jpg-1320x880.jpg 1320w\" sizes=\"(max-width: 315px) 100vw, 315px\" \/><\/a>\n\t\t\t<\/dt>\n\t\t\t\t<dd class='wp-caption-text gallery-caption' id='gallery-1-46442'>\n\t\t\t\trelacher faucon cr\u00e9cerelle &#8211; Centre Ath\u00e9nas\n\t\t\t\t<\/dd><\/dl><dl class='gallery-item'>\n\t\t\t<dt class='gallery-icon landscape'>\n\t\t\t\t<a href='https:\/\/www.photo-montier.org\/wp-content\/uploads\/exposants\/2022\/original\/213_logoathenasnoirmoyen-1024x445.png'><img decoding=\"async\" width=\"360\" height=\"157\" src=\"https:\/\/www.photo-montier.org\/wp-content\/uploads\/exposants\/2022\/original\/213_logoathenasnoirmoyen-360x157.png\" class=\"attachment-kexposants-medium size-kexposants-medium\" alt=\"Montier Photo Festival\" aria-describedby=\"gallery-1-46420\" srcset=\"https:\/\/www.photo-montier.org\/wp-content\/uploads\/exposants\/2022\/original\/213_logoathenasnoirmoyen-360x157.png 360w, https:\/\/www.photo-montier.org\/wp-content\/uploads\/exposants\/2022\/original\/213_logoathenasnoirmoyen-300x130.png 300w, https:\/\/www.photo-montier.org\/wp-content\/uploads\/exposants\/2022\/original\/213_logoathenasnoirmoyen-1024x445.png 1024w, https:\/\/www.photo-montier.org\/wp-content\/uploads\/exposants\/2022\/original\/213_logoathenasnoirmoyen-768x334.png 768w, https:\/\/www.photo-montier.org\/wp-content\/uploads\/exposants\/2022\/original\/213_logoathenasnoirmoyen-1536x668.png 1536w, https:\/\/www.photo-montier.org\/wp-content\/uploads\/exposants\/2022\/original\/213_logoathenasnoirmoyen-2048x891.png 2048w, https:\/\/www.photo-montier.org\/wp-content\/uploads\/exposants\/2022\/original\/213_logoathenasnoirmoyen-600x261.png 600w, https:\/\/www.photo-montier.org\/wp-content\/uploads\/exposants\/2022\/original\/213_logoathenasnoirmoyen-1320x574.png 1320w\" sizes=\"(max-width: 360px) 100vw, 360px\" \/><\/a>\n\t\t\t<\/dt>\n\t\t\t\t<dd class='wp-caption-text gallery-caption' id='gallery-1-46420'>\n\t\t\t\t213_logoathenasnoirmoyen.png &#8211; \n\t\t\t\t<\/dd><\/dl><br style=\"clear: both\" \/>\n\t\t<\/div>\n\n","protected":false},"author":1,"featured_media":46438,"template":"","exposants":[557],"site-exposants":[517],"type-exposants-conferences":[],"type-exposants":[542],"acf":{"kexposants_custom_thumbnail":69562,"kexposants_expo_group":"","kexposants_title_en":"","kexposants_day_conf_date":null,"kexposants_hours_conf_text_start":"","kexposants_hours_conf_text_end":"","kexposants_bio":"Wildlife conservation centre specializing in the conservation of the Boreal lynx. Each year, the Athena Centre helps rescue more than 4,500 animals of all species of birds, reptiles, mammals and amphibians. It also ensures the capture, care and rehabilitation of wounded or orphaned boreal lynx, collateral victims of poaching, in order to release them into the wild.","kexposants_bio_en":"","kexposants_expo":"","kexposants_expo_en":"","kexposants_denomination":"Centre ATHENAS","kexposants_user_id":157,"kexposants_url_movie":""},"yoast_head":"<!-- This site is optimized with the Yoast SEO plugin v23.5 - https:\/\/yoast.com\/wordpress\/plugins\/seo\/ -->\n<title>Centre ATHENAS | Exposant &#8211; Montier Photo Festival<\/title>\n<meta name=\"robots\" content=\"index, follow, max-snippet:-1, max-image-preview:large, max-video-preview:-1\" \/>\n<link rel=\"canonical\" href=\"https:\/\/www.photo-montier.org\/en\/fiche-exposant\/centre-athenas-6\/\" \/>\n<meta property=\"og:locale\" content=\"en_US\" \/>\n<meta property=\"og:type\" content=\"article\" \/>\n<meta property=\"og:title\" content=\"Centre ATHENAS | Exposant &#8211; Montier Photo Festival\" \/>\n<meta property=\"og:description\" content=\"relacher guepier &#8211; Centre Ath\u00e9nas              relacher lynx &#8211; Centre Ath\u00e9nas              relacher faucon cr\u00e9cerelle &#8211; Centre Ath\u00e9nas              213_logoathenasnoirmoyen.png &#8211;\" \/>\n<meta property=\"og:url\" content=\"https:\/\/www.photo-montier.org\/en\/fiche-exposant\/centre-athenas-6\/\" \/>\n<meta property=\"og:site_name\" content=\"Montier Photo Festival\" \/>\n<meta property=\"article:publisher\" content=\"https:\/\/www.facebook.com\/Festivalmontier\/\" \/>\n<meta property=\"article:modified_time\" content=\"2024-04-30T12:19:26+00:00\" \/>\n<meta property=\"og:image\" content=\"https:\/\/www.photo-montier.org\/wp-content\/uploads\/exposants\/2022\/213_logoathenasnoirmoyen.png\" \/>\n\t<meta property=\"og:image:width\" content=\"3000\" \/>\n\t<meta property=\"og:image:height\" content=\"1305\" \/>\n\t<meta property=\"og:image:type\" content=\"image\/png\" \/>\n<meta name=\"twitter:card\" content=\"summary_large_image\" \/>\n<meta name=\"twitter:site\" content=\"@festivalmontier\" \/>\n<meta name=\"twitter:label1\" content=\"Est. reading time\" \/>\n\t<meta name=\"twitter:data1\" content=\"1 minute\" \/>\n<script type=\"application\/ld+json\" class=\"yoast-schema-graph\">{\"@context\":\"https:\/\/schema.org\",\"@graph\":[{\"@type\":\"WebPage\",\"@id\":\"https:\/\/www.photo-montier.org\/en\/fiche-exposant\/centre-athenas-6\/\",\"url\":\"https:\/\/www.photo-montier.org\/en\/fiche-exposant\/centre-athenas-6\/\",\"name\":\"Centre ATHENAS | Exposant &#8211; Montier Photo Festival\",\"isPartOf\":{\"@id\":\"https:\/\/www.photo-montier.org\/en\/#website\"},\"primaryImageOfPage\":{\"@id\":\"https:\/\/www.photo-montier.org\/en\/fiche-exposant\/centre-athenas-6\/#primaryimage\"},\"image\":{\"@id\":\"https:\/\/www.photo-montier.org\/en\/fiche-exposant\/centre-athenas-6\/#primaryimage\"},\"thumbnailUrl\":\"https:\/\/www.photo-montier.org\/wp-content\/uploads\/exposants\/2022\/213_logoathenasnoirmoyen.png\",\"datePublished\":\"2022-06-21T14:56:14+00:00\",\"dateModified\":\"2024-04-30T12:19:26+00:00\",\"breadcrumb\":{\"@id\":\"https:\/\/www.photo-montier.org\/en\/fiche-exposant\/centre-athenas-6\/#breadcrumb\"},\"inLanguage\":\"en-US\",\"potentialAction\":[{\"@type\":\"ReadAction\",\"target\":[\"https:\/\/www.photo-montier.org\/en\/fiche-exposant\/centre-athenas-6\/\"]}]},{\"@type\":\"ImageObject\",\"inLanguage\":\"en-US\",\"@id\":\"https:\/\/www.photo-montier.org\/en\/fiche-exposant\/centre-athenas-6\/#primaryimage\",\"url\":\"https:\/\/www.photo-montier.org\/wp-content\/uploads\/exposants\/2022\/213_logoathenasnoirmoyen.png\",\"contentUrl\":\"https:\/\/www.photo-montier.org\/wp-content\/uploads\/exposants\/2022\/213_logoathenasnoirmoyen.png\",\"width\":3000,\"height\":1305,\"caption\":\"213_logoathenasnoirmoyen.png -\"},{\"@type\":\"BreadcrumbList\",\"@id\":\"https:\/\/www.photo-montier.org\/en\/fiche-exposant\/centre-athenas-6\/#breadcrumb\",\"itemListElement\":[{\"@type\":\"ListItem\",\"position\":1,\"name\":\"Home\",\"item\":\"https:\/\/www.photo-montier.org\/en\/\"},{\"@type\":\"ListItem\",\"position\":2,\"name\":\"Exposants\",\"item\":\"https:\/\/www.photo-montier.org\/en\/fiche-exposant\/\"},{\"@type\":\"ListItem\",\"position\":3,\"name\":\"2022\",\"item\":\"https:\/\/www.photo-montier.org\/en\/exposants\/2022\/\"},{\"@type\":\"ListItem\",\"position\":4,\"name\":\"Centre ATHENAS\"}]},{\"@type\":\"WebSite\",\"@id\":\"https:\/\/www.photo-montier.org\/en\/#website\",\"url\":\"https:\/\/www.photo-montier.org\/en\/\",\"name\":\"Montier Photo Festival\",\"description\":\"International Wildlife and Nature Photo Festival\",\"publisher\":{\"@id\":\"https:\/\/www.photo-montier.org\/en\/#organization\"},\"potentialAction\":[{\"@type\":\"SearchAction\",\"target\":{\"@type\":\"EntryPoint\",\"urlTemplate\":\"https:\/\/www.photo-montier.org\/en\/?s={search_term_string}\"},\"query-input\":{\"@type\":\"PropertyValueSpecification\",\"valueRequired\":true,\"valueName\":\"search_term_string\"}}],\"inLanguage\":\"en-US\"},{\"@type\":\"Organization\",\"@id\":\"https:\/\/www.photo-montier.org\/en\/#organization\",\"name\":\"Montier Festival Photo\",\"url\":\"https:\/\/www.photo-montier.org\/en\/\",\"logo\":{\"@type\":\"ImageObject\",\"inLanguage\":\"en-US\",\"@id\":\"https:\/\/www.photo-montier.org\/en\/#\/schema\/logo\/image\/\",\"url\":\"https:\/\/www.photo-montier.org\/wp-content\/uploads\/2016\/06\/logo-festival-renard-couleur-1.png\",\"contentUrl\":\"https:\/\/www.photo-montier.org\/wp-content\/uploads\/2016\/06\/logo-festival-renard-couleur-1.png\",\"width\":408,\"height\":200,\"caption\":\"Montier Festival Photo\"},\"image\":{\"@id\":\"https:\/\/www.photo-montier.org\/en\/#\/schema\/logo\/image\/\"},\"sameAs\":[\"https:\/\/www.facebook.com\/Festivalmontier\/\",\"https:\/\/x.com\/festivalmontier\",\"https:\/\/www.instagram.com\/festivalmontier\/\",\"https:\/\/www.youtube.com\/channel\/UCylkMGITSE22T6fgWUEYIvw\",\"https:\/\/www.tiktok.com\/@festivalmontier\"]}]}<\/script>\n<!-- \/ Yoast SEO plugin. -->","yoast_head_json":{"title":"Centre ATHENAS | Exposant &#8211; Montier Photo Festival","robots":{"index":"index","follow":"follow","max-snippet":"max-snippet:-1","max-image-preview":"max-image-preview:large","max-video-preview":"max-video-preview:-1"},"canonical":"https:\/\/www.photo-montier.org\/en\/fiche-exposant\/centre-athenas-6\/","og_locale":"en_US","og_type":"article","og_title":"Centre ATHENAS | Exposant &#8211; Montier Photo Festival","og_description":"relacher guepier &#8211; Centre Ath\u00e9nas              relacher lynx &#8211; Centre Ath\u00e9nas              relacher faucon cr\u00e9cerelle &#8211; Centre Ath\u00e9nas              213_logoathenasnoirmoyen.png &#8211;","og_url":"https:\/\/www.photo-montier.org\/en\/fiche-exposant\/centre-athenas-6\/","og_site_name":"Montier Photo Festival","article_publisher":"https:\/\/www.facebook.com\/Festivalmontier\/","article_modified_time":"2024-04-30T12:19:26+00:00","og_image":[{"width":3000,"height":1305,"url":"https:\/\/www.photo-montier.org\/wp-content\/uploads\/exposants\/2022\/213_logoathenasnoirmoyen.png","type":"image\/png"}],"twitter_card":"summary_large_image","twitter_site":"@festivalmontier","twitter_misc":{"Est. reading time":"1 minute"},"schema":{"@context":"https:\/\/schema.org","@graph":[{"@type":"WebPage","@id":"https:\/\/www.photo-montier.org\/en\/fiche-exposant\/centre-athenas-6\/","url":"https:\/\/www.photo-montier.org\/en\/fiche-exposant\/centre-athenas-6\/","name":"Centre ATHENAS | Exposant &#8211; Montier Photo Festival","isPartOf":{"@id":"https:\/\/www.photo-montier.org\/en\/#website"},"primaryImageOfPage":{"@id":"https:\/\/www.photo-montier.org\/en\/fiche-exposant\/centre-athenas-6\/#primaryimage"},"image":{"@id":"https:\/\/www.photo-montier.org\/en\/fiche-exposant\/centre-athenas-6\/#primaryimage"},"thumbnailUrl":"https:\/\/www.photo-montier.org\/wp-content\/uploads\/exposants\/2022\/213_logoathenasnoirmoyen.png","datePublished":"2022-06-21T14:56:14+00:00","dateModified":"2024-04-30T12:19:26+00:00","breadcrumb":{"@id":"https:\/\/www.photo-montier.org\/en\/fiche-exposant\/centre-athenas-6\/#breadcrumb"},"inLanguage":"en-US","potentialAction":[{"@type":"ReadAction","target":["https:\/\/www.photo-montier.org\/en\/fiche-exposant\/centre-athenas-6\/"]}]},{"@type":"ImageObject","inLanguage":"en-US","@id":"https:\/\/www.photo-montier.org\/en\/fiche-exposant\/centre-athenas-6\/#primaryimage","url":"https:\/\/www.photo-montier.org\/wp-content\/uploads\/exposants\/2022\/213_logoathenasnoirmoyen.png","contentUrl":"https:\/\/www.photo-montier.org\/wp-content\/uploads\/exposants\/2022\/213_logoathenasnoirmoyen.png","width":3000,"height":1305,"caption":"213_logoathenasnoirmoyen.png -"},{"@type":"BreadcrumbList","@id":"https:\/\/www.photo-montier.org\/en\/fiche-exposant\/centre-athenas-6\/#breadcrumb","itemListElement":[{"@type":"ListItem","position":1,"name":"Home","item":"https:\/\/www.photo-montier.org\/en\/"},{"@type":"ListItem","position":2,"name":"Exposants","item":"https:\/\/www.photo-montier.org\/en\/fiche-exposant\/"},{"@type":"ListItem","position":3,"name":"2022","item":"https:\/\/www.photo-montier.org\/en\/exposants\/2022\/"},{"@type":"ListItem","position":4,"name":"Centre ATHENAS"}]},{"@type":"WebSite","@id":"https:\/\/www.photo-montier.org\/en\/#website","url":"https:\/\/www.photo-montier.org\/en\/","name":"Montier Photo Festival","description":"International Wildlife and Nature Photo Festival","publisher":{"@id":"https:\/\/www.photo-montier.org\/en\/#organization"},"potentialAction":[{"@type":"SearchAction","target":{"@type":"EntryPoint","urlTemplate":"https:\/\/www.photo-montier.org\/en\/?s={search_term_string}"},"query-input":{"@type":"PropertyValueSpecification","valueRequired":true,"valueName":"search_term_string"}}],"inLanguage":"en-US"},{"@type":"Organization","@id":"https:\/\/www.photo-montier.org\/en\/#organization","name":"Montier Festival Photo","url":"https:\/\/www.photo-montier.org\/en\/","logo":{"@type":"ImageObject","inLanguage":"en-US","@id":"https:\/\/www.photo-montier.org\/en\/#\/schema\/logo\/image\/","url":"https:\/\/www.photo-montier.org\/wp-content\/uploads\/2016\/06\/logo-festival-renard-couleur-1.png","contentUrl":"https:\/\/www.photo-montier.org\/wp-content\/uploads\/2016\/06\/logo-festival-renard-couleur-1.png","width":408,"height":200,"caption":"Montier Festival Photo"},"image":{"@id":"https:\/\/www.photo-montier.org\/en\/#\/schema\/logo\/image\/"},"sameAs":["https:\/\/www.facebook.com\/Festivalmontier\/","https:\/\/x.com\/festivalmontier","https:\/\/www.instagram.com\/festivalmontier\/","https:\/\/www.youtube.com\/channel\/UCylkMGITSE22T6fgWUEYIvw","https:\/\/www.tiktok.com\/@festivalmontier"]}]}},"_links":{"self":[{"href":"https:\/\/www.photo-montier.org\/en\/wp-json\/wp\/v2\/kexposants\/46418"}],"collection":[{"href":"https:\/\/www.photo-montier.org\/en\/wp-json\/wp\/v2\/kexposants"}],"about":[{"href":"https:\/\/www.photo-montier.org\/en\/wp-json\/wp\/v2\/types\/kexposants"}],"author":[{"embeddable":true,"href":"https:\/\/www.photo-montier.org\/en\/wp-json\/wp\/v2\/users\/1"}],"version-history":[{"count":1,"href":"https:\/\/www.photo-montier.org\/en\/wp-json\/wp\/v2\/kexposants\/46418\/revisions"}],"predecessor-version":[{"id":67340,"href":"https:\/\/www.photo-montier.org\/en\/wp-json\/wp\/v2\/kexposants\/46418\/revisions\/67340"}],"wp:featuredmedia":[{"embeddable":true,"href":"https:\/\/www.photo-montier.org\/en\/wp-json\/wp\/v2\/media\/46438"}],"wp:attachment":[{"href":"https:\/\/www.photo-montier.org\/en\/wp-json\/wp\/v2\/media?parent=46418"}],"wp:term":[{"taxonomy":"exposants","embeddable":true,"href":"https:\/\/www.photo-montier.org\/en\/wp-json\/wp\/v2\/exposants?post=46418"},{"taxonomy":"site-exposants","embeddable":true,"href":"https:\/\/www.photo-montier.org\/en\/wp-json\/wp\/v2\/site-exposants?post=46418"},{"taxonomy":"type-exposants-conferences","embeddable":true,"href":"https:\/\/www.photo-montier.org\/en\/wp-json\/wp\/v2\/type-exposants-conferences?post=46418"},{"taxonomy":"type-exposants","embeddable":true,"href":"https:\/\/www.photo-montier.org\/en\/wp-json\/wp\/v2\/type-exposants?post=46418"}],"curies":[{"name":"wp","href":"https:\/\/api.w.org\/{rel}","templated":true}]}}