{"id":46382,"date":"2022-06-21T14:22:48","date_gmt":"2022-06-21T12:22:48","guid":{"rendered":"https:\/\/exposants.photo-montier.org\/?post_type=kexposants&#038;p=46382"},"modified":"2024-04-30T14:19:26","modified_gmt":"2024-04-30T12:19:26","slug":"il-etait-une-fois-la-nuit","status":"publish","type":"kexposants","link":"https:\/\/www.photo-montier.org\/en\/fiche-exposant\/il-etait-une-fois-la-nuit\/","title":{"rendered":"Il \u00e9tait une fois la nuit"},"content":{"rendered":"<div id='gallery-1' class='gallery galleryid-46382 gallery-columns-4 gallery-size-medium'><dl class='gallery-item'>\n\t\t\t<dt class='gallery-icon landscape'>\n\t\t\t\t<a href='https:\/\/www.photo-montier.org\/wp-content\/uploads\/exposants\/2022\/292_carolereboul_tempete-dans-l-univers-1024x683.jpg'><img decoding=\"async\" width=\"300\" height=\"200\" src=\"https:\/\/www.photo-montier.org\/wp-content\/uploads\/exposants\/2022\/292_carolereboul_tempete-dans-l-univers-300x200.jpg\" class=\"attachment-medium size-medium\" alt=\"Montier Photo Festival\" aria-describedby=\"gallery-1-46406\" srcset=\"https:\/\/www.photo-montier.org\/wp-content\/uploads\/exposants\/2022\/292_carolereboul_tempete-dans-l-univers-300x200.jpg 300w, https:\/\/www.photo-montier.org\/wp-content\/uploads\/exposants\/2022\/292_carolereboul_tempete-dans-l-univers-1024x683.jpg 1024w, https:\/\/www.photo-montier.org\/wp-content\/uploads\/exposants\/2022\/292_carolereboul_tempete-dans-l-univers-768x512.jpg 768w, https:\/\/www.photo-montier.org\/wp-content\/uploads\/exposants\/2022\/292_carolereboul_tempete-dans-l-univers-1536x1024.jpg 1536w, https:\/\/www.photo-montier.org\/wp-content\/uploads\/exposants\/2022\/292_carolereboul_tempete-dans-l-univers-2048x1365.jpg 2048w, https:\/\/www.photo-montier.org\/wp-content\/uploads\/exposants\/2022\/292_carolereboul_tempete-dans-l-univers-600x400.jpg 600w, https:\/\/www.photo-montier.org\/wp-content\/uploads\/exposants\/2022\/292_carolereboul_tempete-dans-l-univers-315x210.jpg 315w, https:\/\/www.photo-montier.org\/wp-content\/uploads\/exposants\/2022\/292_carolereboul_tempete-dans-l-univers-1320x880.jpg 1320w\" sizes=\"(max-width: 300px) 100vw, 300px\" \/><\/a>\n\t\t\t<\/dt>\n\t\t\t\t<dd class='wp-caption-text gallery-caption' id='gallery-1-46406'>\n\t\t\t\tTemp\u00eate dans l&#8217;Univers &#8211; Carole Reboul\n\t\t\t\t<\/dd><\/dl><dl class='gallery-item'>\n\t\t\t<dt class='gallery-icon landscape'>\n\t\t\t\t<a href='https:\/\/www.photo-montier.org\/wp-content\/uploads\/exposants\/2022\/292_carolereboul_porte-bonheur-1024x683.jpg'><img decoding=\"async\" width=\"300\" height=\"200\" src=\"https:\/\/www.photo-montier.org\/wp-content\/uploads\/exposants\/2022\/292_carolereboul_porte-bonheur-300x200.jpg\" class=\"attachment-medium size-medium\" alt=\"Montier Photo Festival\" aria-describedby=\"gallery-1-46402\" srcset=\"https:\/\/www.photo-montier.org\/wp-content\/uploads\/exposants\/2022\/292_carolereboul_porte-bonheur-300x200.jpg 300w, https:\/\/www.photo-montier.org\/wp-content\/uploads\/exposants\/2022\/292_carolereboul_porte-bonheur-1024x683.jpg 1024w, https:\/\/www.photo-montier.org\/wp-content\/uploads\/exposants\/2022\/292_carolereboul_porte-bonheur-768x512.jpg 768w, https:\/\/www.photo-montier.org\/wp-content\/uploads\/exposants\/2022\/292_carolereboul_porte-bonheur-1536x1024.jpg 1536w, https:\/\/www.photo-montier.org\/wp-content\/uploads\/exposants\/2022\/292_carolereboul_porte-bonheur-2048x1365.jpg 2048w, https:\/\/www.photo-montier.org\/wp-content\/uploads\/exposants\/2022\/292_carolereboul_porte-bonheur-600x400.jpg 600w, https:\/\/www.photo-montier.org\/wp-content\/uploads\/exposants\/2022\/292_carolereboul_porte-bonheur-315x210.jpg 315w, https:\/\/www.photo-montier.org\/wp-content\/uploads\/exposants\/2022\/292_carolereboul_porte-bonheur-1320x880.jpg 1320w\" sizes=\"(max-width: 300px) 100vw, 300px\" \/><\/a>\n\t\t\t<\/dt>\n\t\t\t\t<dd class='wp-caption-text gallery-caption' id='gallery-1-46402'>\n\t\t\t\tPorte bonheur &#8211; Carole Reboul\n\t\t\t\t<\/dd><\/dl><dl class='gallery-item'>\n\t\t\t<dt class='gallery-icon landscape'>\n\t\t\t\t<a href='https:\/\/www.photo-montier.org\/wp-content\/uploads\/exposants\/2022\/292_carolereboul_aspiree-par-l-infini-1024x683.jpg'><img decoding=\"async\" width=\"300\" height=\"200\" src=\"https:\/\/www.photo-montier.org\/wp-content\/uploads\/exposants\/2022\/292_carolereboul_aspiree-par-l-infini-300x200.jpg\" class=\"attachment-medium size-medium\" alt=\"Montier Photo Festival\" aria-describedby=\"gallery-1-46398\" srcset=\"https:\/\/www.photo-montier.org\/wp-content\/uploads\/exposants\/2022\/292_carolereboul_aspiree-par-l-infini-300x200.jpg 300w, https:\/\/www.photo-montier.org\/wp-content\/uploads\/exposants\/2022\/292_carolereboul_aspiree-par-l-infini-1024x683.jpg 1024w, https:\/\/www.photo-montier.org\/wp-content\/uploads\/exposants\/2022\/292_carolereboul_aspiree-par-l-infini-768x512.jpg 768w, https:\/\/www.photo-montier.org\/wp-content\/uploads\/exposants\/2022\/292_carolereboul_aspiree-par-l-infini-1536x1024.jpg 1536w, https:\/\/www.photo-montier.org\/wp-content\/uploads\/exposants\/2022\/292_carolereboul_aspiree-par-l-infini-2048x1365.jpg 2048w, https:\/\/www.photo-montier.org\/wp-content\/uploads\/exposants\/2022\/292_carolereboul_aspiree-par-l-infini-600x400.jpg 600w, https:\/\/www.photo-montier.org\/wp-content\/uploads\/exposants\/2022\/292_carolereboul_aspiree-par-l-infini-315x210.jpg 315w, https:\/\/www.photo-montier.org\/wp-content\/uploads\/exposants\/2022\/292_carolereboul_aspiree-par-l-infini-1320x880.jpg 1320w\" sizes=\"(max-width: 300px) 100vw, 300px\" \/><\/a>\n\t\t\t<\/dt>\n\t\t\t\t<dd class='wp-caption-text gallery-caption' id='gallery-1-46398'>\n\t\t\t\tAspir\u00e9e par l&#8217;infini &#8211; Carole Reboul\n\t\t\t\t<\/dd><\/dl><dl class='gallery-item'>\n\t\t\t<dt class='gallery-icon landscape'>\n\t\t\t\t<a href='https:\/\/www.photo-montier.org\/wp-content\/uploads\/exposants\/2022\/292_carolereboul_arche-d-etoiles-1024x683.jpg'><img decoding=\"async\" width=\"300\" height=\"200\" src=\"https:\/\/www.photo-montier.org\/wp-content\/uploads\/exposants\/2022\/292_carolereboul_arche-d-etoiles-300x200.jpg\" class=\"attachment-medium size-medium\" alt=\"Montier Photo Festival\" aria-describedby=\"gallery-1-46394\" srcset=\"https:\/\/www.photo-montier.org\/wp-content\/uploads\/exposants\/2022\/292_carolereboul_arche-d-etoiles-300x200.jpg 300w, https:\/\/www.photo-montier.org\/wp-content\/uploads\/exposants\/2022\/292_carolereboul_arche-d-etoiles-1024x683.jpg 1024w, https:\/\/www.photo-montier.org\/wp-content\/uploads\/exposants\/2022\/292_carolereboul_arche-d-etoiles-768x512.jpg 768w, https:\/\/www.photo-montier.org\/wp-content\/uploads\/exposants\/2022\/292_carolereboul_arche-d-etoiles-1536x1024.jpg 1536w, https:\/\/www.photo-montier.org\/wp-content\/uploads\/exposants\/2022\/292_carolereboul_arche-d-etoiles-2048x1365.jpg 2048w, https:\/\/www.photo-montier.org\/wp-content\/uploads\/exposants\/2022\/292_carolereboul_arche-d-etoiles-600x400.jpg 600w, https:\/\/www.photo-montier.org\/wp-content\/uploads\/exposants\/2022\/292_carolereboul_arche-d-etoiles-315x210.jpg 315w, https:\/\/www.photo-montier.org\/wp-content\/uploads\/exposants\/2022\/292_carolereboul_arche-d-etoiles-1320x880.jpg 1320w\" sizes=\"(max-width: 300px) 100vw, 300px\" \/><\/a>\n\t\t\t<\/dt>\n\t\t\t\t<dd class='wp-caption-text gallery-caption' id='gallery-1-46394'>\n\t\t\t\tArche d&#8217;\u00e9toiles &#8211; Carole Reboul\n\t\t\t\t<\/dd><\/dl><br style=\"clear: both\" \/><dl class='gallery-item'>\n\t\t\t<dt class='gallery-icon landscape'>\n\t\t\t\t<a href='https:\/\/www.photo-montier.org\/wp-content\/uploads\/exposants\/2022\/292_carolereboul_ambiance-d-eclipse-1024x683.jpg'><img decoding=\"async\" width=\"300\" height=\"200\" src=\"https:\/\/www.photo-montier.org\/wp-content\/uploads\/exposants\/2022\/292_carolereboul_ambiance-d-eclipse-300x200.jpg\" class=\"attachment-medium size-medium\" alt=\"Montier Photo Festival\" aria-describedby=\"gallery-1-46390\" srcset=\"https:\/\/www.photo-montier.org\/wp-content\/uploads\/exposants\/2022\/292_carolereboul_ambiance-d-eclipse-300x200.jpg 300w, https:\/\/www.photo-montier.org\/wp-content\/uploads\/exposants\/2022\/292_carolereboul_ambiance-d-eclipse-1024x683.jpg 1024w, https:\/\/www.photo-montier.org\/wp-content\/uploads\/exposants\/2022\/292_carolereboul_ambiance-d-eclipse-768x512.jpg 768w, https:\/\/www.photo-montier.org\/wp-content\/uploads\/exposants\/2022\/292_carolereboul_ambiance-d-eclipse-1536x1024.jpg 1536w, https:\/\/www.photo-montier.org\/wp-content\/uploads\/exposants\/2022\/292_carolereboul_ambiance-d-eclipse-2048x1365.jpg 2048w, https:\/\/www.photo-montier.org\/wp-content\/uploads\/exposants\/2022\/292_carolereboul_ambiance-d-eclipse-600x400.jpg 600w, https:\/\/www.photo-montier.org\/wp-content\/uploads\/exposants\/2022\/292_carolereboul_ambiance-d-eclipse-315x210.jpg 315w, https:\/\/www.photo-montier.org\/wp-content\/uploads\/exposants\/2022\/292_carolereboul_ambiance-d-eclipse-1320x880.jpg 1320w\" sizes=\"(max-width: 300px) 100vw, 300px\" \/><\/a>\n\t\t\t<\/dt>\n\t\t\t\t<dd class='wp-caption-text gallery-caption' id='gallery-1-46390'>\n\t\t\t\tAmbiance d&#8217;\u00e9clipse &#8211; Carole Reboul\n\t\t\t\t<\/dd><\/dl>\n\t\t\t<br style='clear: both' \/>\n\t\t<\/div>\n\n","protected":false},"author":1,"featured_media":46386,"template":"","exposants":[557],"site-exposants":[504],"type-exposants-conferences":[],"type-exposants":[527],"acf":{"kexposants_custom_thumbnail":null,"kexposants_expo_group":"Photographe","kexposants_title_en":"","kexposants_day_conf_date":null,"kexposants_hours_conf_text_start":"","kexposants_hours_conf_text_end":"","kexposants_bio":"Born in 1973, author photographer, I live in C\u00e9vennes, in France. Oscillating between the infinitely small (macrophotography) and the infinitely large (nightscapes), I find the same emotions, which I try to transcribe. These hours spent contemplating the stars, dreaming in the moonlight, following a butterfly, breathing a flower, admiring the light through the trees, are a real vital need. This is an indispensable step in understanding that we are only a tiny part of a larger and so fragile whole where everything is linked. I regularly exhibit in many Nature Festivals in France and Europe and four books taking up my work have since appeared, as well as several articles in specialized journals Nature. Driven by the desire to raise public awareness of the protection of Nature, which requires another look at it, every year, I organize some macro photo courses and night landscapes and I also give conferences, especially on the night.","kexposants_bio_en":"","kexposants_expo":"This exhibition is an ode to the night. It is important to be able to observe the starry sky, for better understand our place in the Universe. Darkness is a vital need for all living beings, including fauna and flora. This balance is weakened by light pollution. Fortunately, solutions are being put in place so that the starry sky can continue to be admired by future generations. The photos from the exhibition are taken from my book \"Il \u00e9tait une fois la nuit\", published in autumn 2021 by La Salamandre. They address the different facets of the night: the stars, the darkness, the wildlife, wonder... These photos were made using techniques totally different, always at the shooting, without retouching, experimenting on the long poses and light, but never in the same way.","kexposants_expo_en":"","kexposants_denomination":"Carole REBOUL","kexposants_user_id":230,"kexposants_url_movie":""},"yoast_head":"<!-- This site is optimized with the Yoast SEO plugin v23.5 - https:\/\/yoast.com\/wordpress\/plugins\/seo\/ -->\n<title>Il \u00e9tait une fois la nuit | Exposant &#8211; Montier Photo Festival<\/title>\n<meta name=\"robots\" content=\"index, follow, max-snippet:-1, max-image-preview:large, max-video-preview:-1\" \/>\n<link rel=\"canonical\" href=\"https:\/\/www.photo-montier.org\/en\/fiche-exposant\/il-etait-une-fois-la-nuit\/\" \/>\n<meta property=\"og:locale\" content=\"en_US\" \/>\n<meta property=\"og:type\" content=\"article\" \/>\n<meta property=\"og:title\" content=\"Il \u00e9tait une fois la nuit | Exposant &#8211; Montier Photo Festival\" \/>\n<meta property=\"og:description\" content=\"Temp\u00eate dans l&#8217;Univers &#8211; Carole Reboul              Porte bonheur &#8211; Carole Reboul              Aspir\u00e9e par l&#8217;infini &#8211; Carole Reboul              Arche d&#8217;\u00e9toiles &#8211; Carole Reboul              Ambiance d&#8217;\u00e9clipse &#8211; Carole Reboul\" \/>\n<meta property=\"og:url\" content=\"https:\/\/www.photo-montier.org\/en\/fiche-exposant\/il-etait-une-fois-la-nuit\/\" \/>\n<meta property=\"og:site_name\" content=\"Montier Photo Festival\" \/>\n<meta property=\"article:publisher\" content=\"https:\/\/www.facebook.com\/Festivalmontier\/\" \/>\n<meta property=\"article:modified_time\" content=\"2024-04-30T12:19:26+00:00\" \/>\n<meta property=\"og:image\" content=\"https:\/\/www.photo-montier.org\/wp-content\/uploads\/exposants\/2022\/292_carolereboul_tempete-dans-l-univers-315x210.jpg\" \/>\n<meta name=\"twitter:card\" content=\"summary_large_image\" \/>\n<meta name=\"twitter:site\" content=\"@festivalmontier\" \/>\n<script type=\"application\/ld+json\" class=\"yoast-schema-graph\">{\"@context\":\"https:\/\/schema.org\",\"@graph\":[{\"@type\":\"WebPage\",\"@id\":\"https:\/\/www.photo-montier.org\/en\/fiche-exposant\/il-etait-une-fois-la-nuit\/\",\"url\":\"https:\/\/www.photo-montier.org\/en\/fiche-exposant\/il-etait-une-fois-la-nuit\/\",\"name\":\"Il \u00e9tait une fois la nuit | Exposant &#8211; Montier Photo Festival\",\"isPartOf\":{\"@id\":\"https:\/\/www.photo-montier.org\/en\/#website\"},\"primaryImageOfPage\":{\"@id\":\"https:\/\/www.photo-montier.org\/en\/fiche-exposant\/il-etait-une-fois-la-nuit\/#primaryimage\"},\"image\":{\"@id\":\"https:\/\/www.photo-montier.org\/en\/fiche-exposant\/il-etait-une-fois-la-nuit\/#primaryimage\"},\"thumbnailUrl\":\"https:\/\/www.photo-montier.org\/wp-content\/uploads\/exposants\/2022\/292_carole-reboul.jpg\",\"datePublished\":\"2022-06-21T12:22:48+00:00\",\"dateModified\":\"2024-04-30T12:19:26+00:00\",\"breadcrumb\":{\"@id\":\"https:\/\/www.photo-montier.org\/en\/fiche-exposant\/il-etait-une-fois-la-nuit\/#breadcrumb\"},\"inLanguage\":\"en-US\",\"potentialAction\":[{\"@type\":\"ReadAction\",\"target\":[\"https:\/\/www.photo-montier.org\/en\/fiche-exposant\/il-etait-une-fois-la-nuit\/\"]}]},{\"@type\":\"ImageObject\",\"inLanguage\":\"en-US\",\"@id\":\"https:\/\/www.photo-montier.org\/en\/fiche-exposant\/il-etait-une-fois-la-nuit\/#primaryimage\",\"url\":\"https:\/\/www.photo-montier.org\/wp-content\/uploads\/exposants\/2022\/292_carole-reboul.jpg\",\"contentUrl\":\"https:\/\/www.photo-montier.org\/wp-content\/uploads\/exposants\/2022\/292_carole-reboul.jpg\",\"width\":2000,\"height\":3000,\"caption\":\"292_carole-reboul.jpg -\"},{\"@type\":\"BreadcrumbList\",\"@id\":\"https:\/\/www.photo-montier.org\/en\/fiche-exposant\/il-etait-une-fois-la-nuit\/#breadcrumb\",\"itemListElement\":[{\"@type\":\"ListItem\",\"position\":1,\"name\":\"Home\",\"item\":\"https:\/\/www.photo-montier.org\/en\/\"},{\"@type\":\"ListItem\",\"position\":2,\"name\":\"Exposants\",\"item\":\"https:\/\/www.photo-montier.org\/en\/fiche-exposant\/\"},{\"@type\":\"ListItem\",\"position\":3,\"name\":\"2022\",\"item\":\"https:\/\/www.photo-montier.org\/en\/exposants\/2022\/\"},{\"@type\":\"ListItem\",\"position\":4,\"name\":\"Il \u00e9tait une fois la nuit\"}]},{\"@type\":\"WebSite\",\"@id\":\"https:\/\/www.photo-montier.org\/en\/#website\",\"url\":\"https:\/\/www.photo-montier.org\/en\/\",\"name\":\"Montier Photo Festival\",\"description\":\"International Wildlife and Nature Photo Festival\",\"publisher\":{\"@id\":\"https:\/\/www.photo-montier.org\/en\/#organization\"},\"potentialAction\":[{\"@type\":\"SearchAction\",\"target\":{\"@type\":\"EntryPoint\",\"urlTemplate\":\"https:\/\/www.photo-montier.org\/en\/?s={search_term_string}\"},\"query-input\":{\"@type\":\"PropertyValueSpecification\",\"valueRequired\":true,\"valueName\":\"search_term_string\"}}],\"inLanguage\":\"en-US\"},{\"@type\":\"Organization\",\"@id\":\"https:\/\/www.photo-montier.org\/en\/#organization\",\"name\":\"Montier Festival Photo\",\"url\":\"https:\/\/www.photo-montier.org\/en\/\",\"logo\":{\"@type\":\"ImageObject\",\"inLanguage\":\"en-US\",\"@id\":\"https:\/\/www.photo-montier.org\/en\/#\/schema\/logo\/image\/\",\"url\":\"https:\/\/www.photo-montier.org\/wp-content\/uploads\/2016\/06\/logo-festival-renard-couleur-1.png\",\"contentUrl\":\"https:\/\/www.photo-montier.org\/wp-content\/uploads\/2016\/06\/logo-festival-renard-couleur-1.png\",\"width\":408,\"height\":200,\"caption\":\"Montier Festival Photo\"},\"image\":{\"@id\":\"https:\/\/www.photo-montier.org\/en\/#\/schema\/logo\/image\/\"},\"sameAs\":[\"https:\/\/www.facebook.com\/Festivalmontier\/\",\"https:\/\/x.com\/festivalmontier\",\"https:\/\/www.instagram.com\/festivalmontier\/\",\"https:\/\/www.youtube.com\/channel\/UCylkMGITSE22T6fgWUEYIvw\",\"https:\/\/www.tiktok.com\/@festivalmontier\"]}]}<\/script>\n<!-- \/ Yoast SEO plugin. -->","yoast_head_json":{"title":"Il \u00e9tait une fois la nuit | Exposant &#8211; Montier Photo Festival","robots":{"index":"index","follow":"follow","max-snippet":"max-snippet:-1","max-image-preview":"max-image-preview:large","max-video-preview":"max-video-preview:-1"},"canonical":"https:\/\/www.photo-montier.org\/en\/fiche-exposant\/il-etait-une-fois-la-nuit\/","og_locale":"en_US","og_type":"article","og_title":"Il \u00e9tait une fois la nuit | Exposant &#8211; Montier Photo Festival","og_description":"Temp\u00eate dans l&#8217;Univers &#8211; Carole Reboul              Porte bonheur &#8211; Carole Reboul              Aspir\u00e9e par l&#8217;infini &#8211; Carole Reboul              Arche d&#8217;\u00e9toiles &#8211; Carole Reboul              Ambiance d&#8217;\u00e9clipse &#8211; Carole Reboul","og_url":"https:\/\/www.photo-montier.org\/en\/fiche-exposant\/il-etait-une-fois-la-nuit\/","og_site_name":"Montier Photo Festival","article_publisher":"https:\/\/www.facebook.com\/Festivalmontier\/","article_modified_time":"2024-04-30T12:19:26+00:00","og_image":[{"url":"https:\/\/www.photo-montier.org\/wp-content\/uploads\/exposants\/2022\/292_carolereboul_tempete-dans-l-univers-315x210.jpg"}],"twitter_card":"summary_large_image","twitter_site":"@festivalmontier","schema":{"@context":"https:\/\/schema.org","@graph":[{"@type":"WebPage","@id":"https:\/\/www.photo-montier.org\/en\/fiche-exposant\/il-etait-une-fois-la-nuit\/","url":"https:\/\/www.photo-montier.org\/en\/fiche-exposant\/il-etait-une-fois-la-nuit\/","name":"Il \u00e9tait une fois la nuit | Exposant &#8211; Montier Photo Festival","isPartOf":{"@id":"https:\/\/www.photo-montier.org\/en\/#website"},"primaryImageOfPage":{"@id":"https:\/\/www.photo-montier.org\/en\/fiche-exposant\/il-etait-une-fois-la-nuit\/#primaryimage"},"image":{"@id":"https:\/\/www.photo-montier.org\/en\/fiche-exposant\/il-etait-une-fois-la-nuit\/#primaryimage"},"thumbnailUrl":"https:\/\/www.photo-montier.org\/wp-content\/uploads\/exposants\/2022\/292_carole-reboul.jpg","datePublished":"2022-06-21T12:22:48+00:00","dateModified":"2024-04-30T12:19:26+00:00","breadcrumb":{"@id":"https:\/\/www.photo-montier.org\/en\/fiche-exposant\/il-etait-une-fois-la-nuit\/#breadcrumb"},"inLanguage":"en-US","potentialAction":[{"@type":"ReadAction","target":["https:\/\/www.photo-montier.org\/en\/fiche-exposant\/il-etait-une-fois-la-nuit\/"]}]},{"@type":"ImageObject","inLanguage":"en-US","@id":"https:\/\/www.photo-montier.org\/en\/fiche-exposant\/il-etait-une-fois-la-nuit\/#primaryimage","url":"https:\/\/www.photo-montier.org\/wp-content\/uploads\/exposants\/2022\/292_carole-reboul.jpg","contentUrl":"https:\/\/www.photo-montier.org\/wp-content\/uploads\/exposants\/2022\/292_carole-reboul.jpg","width":2000,"height":3000,"caption":"292_carole-reboul.jpg -"},{"@type":"BreadcrumbList","@id":"https:\/\/www.photo-montier.org\/en\/fiche-exposant\/il-etait-une-fois-la-nuit\/#breadcrumb","itemListElement":[{"@type":"ListItem","position":1,"name":"Home","item":"https:\/\/www.photo-montier.org\/en\/"},{"@type":"ListItem","position":2,"name":"Exposants","item":"https:\/\/www.photo-montier.org\/en\/fiche-exposant\/"},{"@type":"ListItem","position":3,"name":"2022","item":"https:\/\/www.photo-montier.org\/en\/exposants\/2022\/"},{"@type":"ListItem","position":4,"name":"Il \u00e9tait une fois la nuit"}]},{"@type":"WebSite","@id":"https:\/\/www.photo-montier.org\/en\/#website","url":"https:\/\/www.photo-montier.org\/en\/","name":"Montier Photo Festival","description":"International Wildlife and Nature Photo Festival","publisher":{"@id":"https:\/\/www.photo-montier.org\/en\/#organization"},"potentialAction":[{"@type":"SearchAction","target":{"@type":"EntryPoint","urlTemplate":"https:\/\/www.photo-montier.org\/en\/?s={search_term_string}"},"query-input":{"@type":"PropertyValueSpecification","valueRequired":true,"valueName":"search_term_string"}}],"inLanguage":"en-US"},{"@type":"Organization","@id":"https:\/\/www.photo-montier.org\/en\/#organization","name":"Montier Festival Photo","url":"https:\/\/www.photo-montier.org\/en\/","logo":{"@type":"ImageObject","inLanguage":"en-US","@id":"https:\/\/www.photo-montier.org\/en\/#\/schema\/logo\/image\/","url":"https:\/\/www.photo-montier.org\/wp-content\/uploads\/2016\/06\/logo-festival-renard-couleur-1.png","contentUrl":"https:\/\/www.photo-montier.org\/wp-content\/uploads\/2016\/06\/logo-festival-renard-couleur-1.png","width":408,"height":200,"caption":"Montier Festival Photo"},"image":{"@id":"https:\/\/www.photo-montier.org\/en\/#\/schema\/logo\/image\/"},"sameAs":["https:\/\/www.facebook.com\/Festivalmontier\/","https:\/\/x.com\/festivalmontier","https:\/\/www.instagram.com\/festivalmontier\/","https:\/\/www.youtube.com\/channel\/UCylkMGITSE22T6fgWUEYIvw","https:\/\/www.tiktok.com\/@festivalmontier"]}]}},"_links":{"self":[{"href":"https:\/\/www.photo-montier.org\/en\/wp-json\/wp\/v2\/kexposants\/46382"}],"collection":[{"href":"https:\/\/www.photo-montier.org\/en\/wp-json\/wp\/v2\/kexposants"}],"about":[{"href":"https:\/\/www.photo-montier.org\/en\/wp-json\/wp\/v2\/types\/kexposants"}],"author":[{"embeddable":true,"href":"https:\/\/www.photo-montier.org\/en\/wp-json\/wp\/v2\/users\/1"}],"version-history":[{"count":1,"href":"https:\/\/www.photo-montier.org\/en\/wp-json\/wp\/v2\/kexposants\/46382\/revisions"}],"predecessor-version":[{"id":67343,"href":"https:\/\/www.photo-montier.org\/en\/wp-json\/wp\/v2\/kexposants\/46382\/revisions\/67343"}],"wp:featuredmedia":[{"embeddable":true,"href":"https:\/\/www.photo-montier.org\/en\/wp-json\/wp\/v2\/media\/46386"}],"wp:attachment":[{"href":"https:\/\/www.photo-montier.org\/en\/wp-json\/wp\/v2\/media?parent=46382"}],"wp:term":[{"taxonomy":"exposants","embeddable":true,"href":"https:\/\/www.photo-montier.org\/en\/wp-json\/wp\/v2\/exposants?post=46382"},{"taxonomy":"site-exposants","embeddable":true,"href":"https:\/\/www.photo-montier.org\/en\/wp-json\/wp\/v2\/site-exposants?post=46382"},{"taxonomy":"type-exposants-conferences","embeddable":true,"href":"https:\/\/www.photo-montier.org\/en\/wp-json\/wp\/v2\/type-exposants-conferences?post=46382"},{"taxonomy":"type-exposants","embeddable":true,"href":"https:\/\/www.photo-montier.org\/en\/wp-json\/wp\/v2\/type-exposants?post=46382"}],"curies":[{"name":"wp","href":"https:\/\/api.w.org\/{rel}","templated":true}]}}