{"id":45174,"date":"2022-06-21T17:23:33","date_gmt":"2022-06-21T15:23:33","guid":{"rendered":"https:\/\/www.photo-montier.org\/?post_type=kexposants&#038;p=45174"},"modified":"2024-04-30T14:19:24","modified_gmt":"2024-04-30T12:19:24","slug":"anequarelle","status":"publish","type":"kexposants","link":"https:\/\/www.photo-montier.org\/en\/fiche-exposant\/anequarelle\/","title":{"rendered":"An\u00e9quarelle"},"content":{"rendered":"<div id='gallery-1' class='gallery galleryid-45174 gallery-columns-4 gallery-size-medium'><dl class='gallery-item'>\n\t\t\t<dt class='gallery-icon landscape'>\n\t\t\t\t<a href='https:\/\/www.photo-montier.org\/wp-content\/uploads\/exposants\/2022\/839_montier-13-1024x683.jpg'><img decoding=\"async\" width=\"300\" height=\"200\" src=\"https:\/\/www.photo-montier.org\/wp-content\/uploads\/exposants\/2022\/839_montier-13-300x200.jpg\" class=\"attachment-medium size-medium\" alt=\"Montier Photo Festival\" aria-describedby=\"gallery-1-46841\" srcset=\"https:\/\/www.photo-montier.org\/wp-content\/uploads\/exposants\/2022\/839_montier-13-300x200.jpg 300w, https:\/\/www.photo-montier.org\/wp-content\/uploads\/exposants\/2022\/839_montier-13-1024x683.jpg 1024w, https:\/\/www.photo-montier.org\/wp-content\/uploads\/exposants\/2022\/839_montier-13-768x513.jpg 768w, https:\/\/www.photo-montier.org\/wp-content\/uploads\/exposants\/2022\/839_montier-13-1536x1025.jpg 1536w, https:\/\/www.photo-montier.org\/wp-content\/uploads\/exposants\/2022\/839_montier-13-2048x1367.jpg 2048w, https:\/\/www.photo-montier.org\/wp-content\/uploads\/exposants\/2022\/839_montier-13-600x400.jpg 600w, https:\/\/www.photo-montier.org\/wp-content\/uploads\/exposants\/2022\/839_montier-13-315x210.jpg 315w, https:\/\/www.photo-montier.org\/wp-content\/uploads\/exposants\/2022\/839_montier-13-1320x881.jpg 1320w\" sizes=\"(max-width: 300px) 100vw, 300px\" \/><\/a>\n\t\t\t<\/dt>\n\t\t\t\t<dd class='wp-caption-text gallery-caption' id='gallery-1-46841'>\n\t\t\t\tSonge aquarelle &#8211; Yves AUBOYER\n\t\t\t\t<\/dd><\/dl><dl class='gallery-item'>\n\t\t\t<dt class='gallery-icon landscape'>\n\t\t\t\t<a href='https:\/\/www.photo-montier.org\/wp-content\/uploads\/exposants\/2022\/839_montier-12-1024x683.jpg'><img decoding=\"async\" width=\"300\" height=\"200\" src=\"https:\/\/www.photo-montier.org\/wp-content\/uploads\/exposants\/2022\/839_montier-12-300x200.jpg\" class=\"attachment-medium size-medium\" alt=\"Montier Photo Festival\" aria-describedby=\"gallery-1-46837\" srcset=\"https:\/\/www.photo-montier.org\/wp-content\/uploads\/exposants\/2022\/839_montier-12-300x200.jpg 300w, https:\/\/www.photo-montier.org\/wp-content\/uploads\/exposants\/2022\/839_montier-12-1024x683.jpg 1024w, https:\/\/www.photo-montier.org\/wp-content\/uploads\/exposants\/2022\/839_montier-12-768x513.jpg 768w, https:\/\/www.photo-montier.org\/wp-content\/uploads\/exposants\/2022\/839_montier-12-1536x1025.jpg 1536w, https:\/\/www.photo-montier.org\/wp-content\/uploads\/exposants\/2022\/839_montier-12-2048x1367.jpg 2048w, https:\/\/www.photo-montier.org\/wp-content\/uploads\/exposants\/2022\/839_montier-12-600x400.jpg 600w, https:\/\/www.photo-montier.org\/wp-content\/uploads\/exposants\/2022\/839_montier-12-315x210.jpg 315w, https:\/\/www.photo-montier.org\/wp-content\/uploads\/exposants\/2022\/839_montier-12-1320x881.jpg 1320w\" sizes=\"(max-width: 300px) 100vw, 300px\" \/><\/a>\n\t\t\t<\/dt>\n\t\t\t\t<dd class='wp-caption-text gallery-caption' id='gallery-1-46837'>\n\t\t\t\tCuriosit\u00e9 &#8211; Yves AUBOYER\n\t\t\t\t<\/dd><\/dl><dl class='gallery-item'>\n\t\t\t<dt class='gallery-icon landscape'>\n\t\t\t\t<a href='https:\/\/www.photo-montier.org\/wp-content\/uploads\/exposants\/2022\/839_montier-03-1024x683.jpg'><img decoding=\"async\" width=\"300\" height=\"200\" src=\"https:\/\/www.photo-montier.org\/wp-content\/uploads\/exposants\/2022\/839_montier-03-300x200.jpg\" class=\"attachment-medium size-medium\" alt=\"Montier Photo Festival\" aria-describedby=\"gallery-1-46833\" srcset=\"https:\/\/www.photo-montier.org\/wp-content\/uploads\/exposants\/2022\/839_montier-03-300x200.jpg 300w, https:\/\/www.photo-montier.org\/wp-content\/uploads\/exposants\/2022\/839_montier-03-1024x683.jpg 1024w, https:\/\/www.photo-montier.org\/wp-content\/uploads\/exposants\/2022\/839_montier-03-768x513.jpg 768w, https:\/\/www.photo-montier.org\/wp-content\/uploads\/exposants\/2022\/839_montier-03-1536x1025.jpg 1536w, https:\/\/www.photo-montier.org\/wp-content\/uploads\/exposants\/2022\/839_montier-03-2048x1367.jpg 2048w, https:\/\/www.photo-montier.org\/wp-content\/uploads\/exposants\/2022\/839_montier-03-600x400.jpg 600w, https:\/\/www.photo-montier.org\/wp-content\/uploads\/exposants\/2022\/839_montier-03-315x210.jpg 315w, https:\/\/www.photo-montier.org\/wp-content\/uploads\/exposants\/2022\/839_montier-03-1320x881.jpg 1320w\" sizes=\"(max-width: 300px) 100vw, 300px\" \/><\/a>\n\t\t\t<\/dt>\n\t\t\t\t<dd class='wp-caption-text gallery-caption' id='gallery-1-46833'>\n\t\t\t\tComplicit\u00e9 &#8211; Yves AUBOYER\n\t\t\t\t<\/dd><\/dl><dl class='gallery-item'>\n\t\t\t<dt class='gallery-icon landscape'>\n\t\t\t\t<a href='https:\/\/www.photo-montier.org\/wp-content\/uploads\/exposants\/2022\/839_montier-02-1024x1024.jpg'><img decoding=\"async\" width=\"300\" height=\"300\" src=\"https:\/\/www.photo-montier.org\/wp-content\/uploads\/exposants\/2022\/839_montier-02-300x300.jpg\" class=\"attachment-medium size-medium\" alt=\"Montier Photo Festival\" aria-describedby=\"gallery-1-46829\" srcset=\"https:\/\/www.photo-montier.org\/wp-content\/uploads\/exposants\/2022\/839_montier-02-300x300.jpg 300w, https:\/\/www.photo-montier.org\/wp-content\/uploads\/exposants\/2022\/839_montier-02-1024x1024.jpg 1024w, https:\/\/www.photo-montier.org\/wp-content\/uploads\/exposants\/2022\/839_montier-02-150x150.jpg 150w, https:\/\/www.photo-montier.org\/wp-content\/uploads\/exposants\/2022\/839_montier-02-768x768.jpg 768w, https:\/\/www.photo-montier.org\/wp-content\/uploads\/exposants\/2022\/839_montier-02-1536x1536.jpg 1536w, https:\/\/www.photo-montier.org\/wp-content\/uploads\/exposants\/2022\/839_montier-02-2048x2048.jpg 2048w, https:\/\/www.photo-montier.org\/wp-content\/uploads\/exposants\/2022\/839_montier-02-400x400.jpg 400w, https:\/\/www.photo-montier.org\/wp-content\/uploads\/exposants\/2022\/839_montier-02-200x200.jpg 200w, https:\/\/www.photo-montier.org\/wp-content\/uploads\/exposants\/2022\/839_montier-02-210x210.jpg 210w, https:\/\/www.photo-montier.org\/wp-content\/uploads\/exposants\/2022\/839_montier-02-1320x1320.jpg 1320w\" sizes=\"(max-width: 300px) 100vw, 300px\" \/><\/a>\n\t\t\t<\/dt>\n\t\t\t\t<dd class='wp-caption-text gallery-caption' id='gallery-1-46829'>\n\t\t\t\tR\u00eaves de lumi\u00e8re &#8211; Yves AUBOYER\n\t\t\t\t<\/dd><\/dl><br style=\"clear: both\" \/><dl class='gallery-item'>\n\t\t\t<dt class='gallery-icon landscape'>\n\t\t\t\t<a href='https:\/\/www.photo-montier.org\/wp-content\/uploads\/exposants\/2022\/839_montier-01-1024x683.jpg'><img decoding=\"async\" width=\"300\" height=\"200\" src=\"https:\/\/www.photo-montier.org\/wp-content\/uploads\/exposants\/2022\/839_montier-01-300x200.jpg\" class=\"attachment-medium size-medium\" alt=\"Montier Photo Festival\" aria-describedby=\"gallery-1-46825\" srcset=\"https:\/\/www.photo-montier.org\/wp-content\/uploads\/exposants\/2022\/839_montier-01-300x200.jpg 300w, https:\/\/www.photo-montier.org\/wp-content\/uploads\/exposants\/2022\/839_montier-01-1024x683.jpg 1024w, https:\/\/www.photo-montier.org\/wp-content\/uploads\/exposants\/2022\/839_montier-01-768x513.jpg 768w, https:\/\/www.photo-montier.org\/wp-content\/uploads\/exposants\/2022\/839_montier-01-1536x1025.jpg 1536w, https:\/\/www.photo-montier.org\/wp-content\/uploads\/exposants\/2022\/839_montier-01-2048x1367.jpg 2048w, https:\/\/www.photo-montier.org\/wp-content\/uploads\/exposants\/2022\/839_montier-01-600x400.jpg 600w, https:\/\/www.photo-montier.org\/wp-content\/uploads\/exposants\/2022\/839_montier-01-315x210.jpg 315w, https:\/\/www.photo-montier.org\/wp-content\/uploads\/exposants\/2022\/839_montier-01-1320x881.jpg 1320w\" sizes=\"(max-width: 300px) 100vw, 300px\" \/><\/a>\n\t\t\t<\/dt>\n\t\t\t\t<dd class='wp-caption-text gallery-caption' id='gallery-1-46825'>\n\t\t\t\tConvoitise &#8211; Yves AUBOYER\n\t\t\t\t<\/dd><\/dl><dl class='gallery-item'>\n\t\t\t<dt class='gallery-icon landscape'>\n\t\t\t\t<a href='https:\/\/www.photo-montier.org\/wp-content\/uploads\/exposants\/2022\/839_montier-13-1024x683.jpg'><img decoding=\"async\" width=\"300\" height=\"200\" src=\"https:\/\/www.photo-montier.org\/wp-content\/uploads\/exposants\/2022\/839_montier-13-300x200.jpg\" class=\"attachment-medium size-medium\" alt=\"Montier Photo Festival\" aria-describedby=\"gallery-1-46815\" srcset=\"https:\/\/www.photo-montier.org\/wp-content\/uploads\/exposants\/2022\/839_montier-13-300x200.jpg 300w, https:\/\/www.photo-montier.org\/wp-content\/uploads\/exposants\/2022\/839_montier-13-1024x683.jpg 1024w, https:\/\/www.photo-montier.org\/wp-content\/uploads\/exposants\/2022\/839_montier-13-768x513.jpg 768w, https:\/\/www.photo-montier.org\/wp-content\/uploads\/exposants\/2022\/839_montier-13-1536x1025.jpg 1536w, https:\/\/www.photo-montier.org\/wp-content\/uploads\/exposants\/2022\/839_montier-13-2048x1367.jpg 2048w, https:\/\/www.photo-montier.org\/wp-content\/uploads\/exposants\/2022\/839_montier-13-600x400.jpg 600w, https:\/\/www.photo-montier.org\/wp-content\/uploads\/exposants\/2022\/839_montier-13-315x210.jpg 315w, https:\/\/www.photo-montier.org\/wp-content\/uploads\/exposants\/2022\/839_montier-13-1320x881.jpg 1320w\" sizes=\"(max-width: 300px) 100vw, 300px\" \/><\/a>\n\t\t\t<\/dt>\n\t\t\t\t<dd class='wp-caption-text gallery-caption' id='gallery-1-46815'>\n\t\t\t\tSonge aquarelle &#8211; Yves AUBOYER\n\t\t\t\t<\/dd><\/dl><dl class='gallery-item'>\n\t\t\t<dt class='gallery-icon landscape'>\n\t\t\t\t<a href='https:\/\/www.photo-montier.org\/wp-content\/uploads\/exposants\/2022\/original\/839_montier-13-1024x683.jpg'><img decoding=\"async\" width=\"300\" height=\"200\" src=\"https:\/\/www.photo-montier.org\/wp-content\/uploads\/exposants\/2022\/original\/839_montier-13-300x200.jpg\" class=\"attachment-medium size-medium\" alt=\"Montier Photo Festival\" aria-describedby=\"gallery-1-46813\" srcset=\"https:\/\/www.photo-montier.org\/wp-content\/uploads\/exposants\/2022\/original\/839_montier-13-300x200.jpg 300w, https:\/\/www.photo-montier.org\/wp-content\/uploads\/exposants\/2022\/original\/839_montier-13-1024x683.jpg 1024w, https:\/\/www.photo-montier.org\/wp-content\/uploads\/exposants\/2022\/original\/839_montier-13-768x513.jpg 768w, https:\/\/www.photo-montier.org\/wp-content\/uploads\/exposants\/2022\/original\/839_montier-13-1536x1025.jpg 1536w, https:\/\/www.photo-montier.org\/wp-content\/uploads\/exposants\/2022\/original\/839_montier-13-2048x1367.jpg 2048w, https:\/\/www.photo-montier.org\/wp-content\/uploads\/exposants\/2022\/original\/839_montier-13-600x400.jpg 600w, https:\/\/www.photo-montier.org\/wp-content\/uploads\/exposants\/2022\/original\/839_montier-13-315x210.jpg 315w, https:\/\/www.photo-montier.org\/wp-content\/uploads\/exposants\/2022\/original\/839_montier-13-1320x881.jpg 1320w\" sizes=\"(max-width: 300px) 100vw, 300px\" \/><\/a>\n\t\t\t<\/dt>\n\t\t\t\t<dd class='wp-caption-text gallery-caption' id='gallery-1-46813'>\n\t\t\t\tSonge aquarelle &#8211; Yves AUBOYER\n\t\t\t\t<\/dd><\/dl><dl class='gallery-item'>\n\t\t\t<dt class='gallery-icon landscape'>\n\t\t\t\t<a href='https:\/\/www.photo-montier.org\/wp-content\/uploads\/exposants\/2022\/original\/839_montier-12-1024x683.jpg'><img decoding=\"async\" width=\"300\" height=\"200\" src=\"https:\/\/www.photo-montier.org\/wp-content\/uploads\/exposants\/2022\/original\/839_montier-12-300x200.jpg\" class=\"attachment-medium size-medium\" alt=\"Montier Photo Festival\" aria-describedby=\"gallery-1-46809\" srcset=\"https:\/\/www.photo-montier.org\/wp-content\/uploads\/exposants\/2022\/original\/839_montier-12-300x200.jpg 300w, https:\/\/www.photo-montier.org\/wp-content\/uploads\/exposants\/2022\/original\/839_montier-12-1024x683.jpg 1024w, https:\/\/www.photo-montier.org\/wp-content\/uploads\/exposants\/2022\/original\/839_montier-12-768x513.jpg 768w, https:\/\/www.photo-montier.org\/wp-content\/uploads\/exposants\/2022\/original\/839_montier-12-1536x1025.jpg 1536w, https:\/\/www.photo-montier.org\/wp-content\/uploads\/exposants\/2022\/original\/839_montier-12-2048x1367.jpg 2048w, https:\/\/www.photo-montier.org\/wp-content\/uploads\/exposants\/2022\/original\/839_montier-12-600x400.jpg 600w, https:\/\/www.photo-montier.org\/wp-content\/uploads\/exposants\/2022\/original\/839_montier-12-315x210.jpg 315w, https:\/\/www.photo-montier.org\/wp-content\/uploads\/exposants\/2022\/original\/839_montier-12-1320x881.jpg 1320w\" sizes=\"(max-width: 300px) 100vw, 300px\" \/><\/a>\n\t\t\t<\/dt>\n\t\t\t\t<dd class='wp-caption-text gallery-caption' id='gallery-1-46809'>\n\t\t\t\tCuriosit\u00e9 &#8211; Yves AUBOYER\n\t\t\t\t<\/dd><\/dl><br style=\"clear: both\" \/><dl class='gallery-item'>\n\t\t\t<dt class='gallery-icon landscape'>\n\t\t\t\t<a href='https:\/\/www.photo-montier.org\/wp-content\/uploads\/exposants\/2022\/839_montier-12-1024x683.jpg'><img decoding=\"async\" width=\"300\" height=\"200\" src=\"https:\/\/www.photo-montier.org\/wp-content\/uploads\/exposants\/2022\/839_montier-12-300x200.jpg\" class=\"attachment-medium size-medium\" alt=\"Montier Photo Festival\" aria-describedby=\"gallery-1-46811\" srcset=\"https:\/\/www.photo-montier.org\/wp-content\/uploads\/exposants\/2022\/839_montier-12-300x200.jpg 300w, https:\/\/www.photo-montier.org\/wp-content\/uploads\/exposants\/2022\/839_montier-12-1024x683.jpg 1024w, https:\/\/www.photo-montier.org\/wp-content\/uploads\/exposants\/2022\/839_montier-12-768x513.jpg 768w, https:\/\/www.photo-montier.org\/wp-content\/uploads\/exposants\/2022\/839_montier-12-1536x1025.jpg 1536w, https:\/\/www.photo-montier.org\/wp-content\/uploads\/exposants\/2022\/839_montier-12-2048x1367.jpg 2048w, https:\/\/www.photo-montier.org\/wp-content\/uploads\/exposants\/2022\/839_montier-12-600x400.jpg 600w, https:\/\/www.photo-montier.org\/wp-content\/uploads\/exposants\/2022\/839_montier-12-315x210.jpg 315w, https:\/\/www.photo-montier.org\/wp-content\/uploads\/exposants\/2022\/839_montier-12-1320x881.jpg 1320w\" sizes=\"(max-width: 300px) 100vw, 300px\" \/><\/a>\n\t\t\t<\/dt>\n\t\t\t\t<dd class='wp-caption-text gallery-caption' id='gallery-1-46811'>\n\t\t\t\tCuriosit\u00e9 &#8211; Yves AUBOYER\n\t\t\t\t<\/dd><\/dl><dl class='gallery-item'>\n\t\t\t<dt class='gallery-icon landscape'>\n\t\t\t\t<a href='https:\/\/www.photo-montier.org\/wp-content\/uploads\/exposants\/2022\/839_montier-03-1024x683.jpg'><img decoding=\"async\" width=\"300\" height=\"200\" src=\"https:\/\/www.photo-montier.org\/wp-content\/uploads\/exposants\/2022\/839_montier-03-300x200.jpg\" class=\"attachment-medium size-medium\" alt=\"Montier Photo Festival\" aria-describedby=\"gallery-1-46807\" srcset=\"https:\/\/www.photo-montier.org\/wp-content\/uploads\/exposants\/2022\/839_montier-03-300x200.jpg 300w, https:\/\/www.photo-montier.org\/wp-content\/uploads\/exposants\/2022\/839_montier-03-1024x683.jpg 1024w, https:\/\/www.photo-montier.org\/wp-content\/uploads\/exposants\/2022\/839_montier-03-768x513.jpg 768w, https:\/\/www.photo-montier.org\/wp-content\/uploads\/exposants\/2022\/839_montier-03-1536x1025.jpg 1536w, https:\/\/www.photo-montier.org\/wp-content\/uploads\/exposants\/2022\/839_montier-03-2048x1367.jpg 2048w, https:\/\/www.photo-montier.org\/wp-content\/uploads\/exposants\/2022\/839_montier-03-600x400.jpg 600w, https:\/\/www.photo-montier.org\/wp-content\/uploads\/exposants\/2022\/839_montier-03-315x210.jpg 315w, https:\/\/www.photo-montier.org\/wp-content\/uploads\/exposants\/2022\/839_montier-03-1320x881.jpg 1320w\" sizes=\"(max-width: 300px) 100vw, 300px\" \/><\/a>\n\t\t\t<\/dt>\n\t\t\t\t<dd class='wp-caption-text gallery-caption' id='gallery-1-46807'>\n\t\t\t\tComplicit\u00e9 &#8211; Yves AUBOYER\n\t\t\t\t<\/dd><\/dl><dl class='gallery-item'>\n\t\t\t<dt class='gallery-icon landscape'>\n\t\t\t\t<a href='https:\/\/www.photo-montier.org\/wp-content\/uploads\/exposants\/2022\/original\/839_montier-03-1024x683.jpg'><img decoding=\"async\" width=\"300\" height=\"200\" src=\"https:\/\/www.photo-montier.org\/wp-content\/uploads\/exposants\/2022\/original\/839_montier-03-300x200.jpg\" class=\"attachment-medium size-medium\" alt=\"Montier Photo Festival\" aria-describedby=\"gallery-1-46805\" srcset=\"https:\/\/www.photo-montier.org\/wp-content\/uploads\/exposants\/2022\/original\/839_montier-03-300x200.jpg 300w, https:\/\/www.photo-montier.org\/wp-content\/uploads\/exposants\/2022\/original\/839_montier-03-1024x683.jpg 1024w, https:\/\/www.photo-montier.org\/wp-content\/uploads\/exposants\/2022\/original\/839_montier-03-768x513.jpg 768w, https:\/\/www.photo-montier.org\/wp-content\/uploads\/exposants\/2022\/original\/839_montier-03-1536x1025.jpg 1536w, https:\/\/www.photo-montier.org\/wp-content\/uploads\/exposants\/2022\/original\/839_montier-03-2048x1367.jpg 2048w, https:\/\/www.photo-montier.org\/wp-content\/uploads\/exposants\/2022\/original\/839_montier-03-600x400.jpg 600w, https:\/\/www.photo-montier.org\/wp-content\/uploads\/exposants\/2022\/original\/839_montier-03-315x210.jpg 315w, https:\/\/www.photo-montier.org\/wp-content\/uploads\/exposants\/2022\/original\/839_montier-03-1320x881.jpg 1320w\" sizes=\"(max-width: 300px) 100vw, 300px\" \/><\/a>\n\t\t\t<\/dt>\n\t\t\t\t<dd class='wp-caption-text gallery-caption' id='gallery-1-46805'>\n\t\t\t\tComplicit\u00e9 &#8211; Yves AUBOYER\n\t\t\t\t<\/dd><\/dl><dl class='gallery-item'>\n\t\t\t<dt class='gallery-icon landscape'>\n\t\t\t\t<a href='https:\/\/www.photo-montier.org\/wp-content\/uploads\/exposants\/2022\/839_montier-02-1024x1024.jpg'><img decoding=\"async\" width=\"300\" height=\"300\" src=\"https:\/\/www.photo-montier.org\/wp-content\/uploads\/exposants\/2022\/839_montier-02-300x300.jpg\" class=\"attachment-medium size-medium\" alt=\"Montier Photo Festival\" aria-describedby=\"gallery-1-46803\" srcset=\"https:\/\/www.photo-montier.org\/wp-content\/uploads\/exposants\/2022\/839_montier-02-300x300.jpg 300w, https:\/\/www.photo-montier.org\/wp-content\/uploads\/exposants\/2022\/839_montier-02-1024x1024.jpg 1024w, https:\/\/www.photo-montier.org\/wp-content\/uploads\/exposants\/2022\/839_montier-02-150x150.jpg 150w, https:\/\/www.photo-montier.org\/wp-content\/uploads\/exposants\/2022\/839_montier-02-768x768.jpg 768w, https:\/\/www.photo-montier.org\/wp-content\/uploads\/exposants\/2022\/839_montier-02-1536x1536.jpg 1536w, https:\/\/www.photo-montier.org\/wp-content\/uploads\/exposants\/2022\/839_montier-02-2048x2048.jpg 2048w, https:\/\/www.photo-montier.org\/wp-content\/uploads\/exposants\/2022\/839_montier-02-400x400.jpg 400w, https:\/\/www.photo-montier.org\/wp-content\/uploads\/exposants\/2022\/839_montier-02-200x200.jpg 200w, https:\/\/www.photo-montier.org\/wp-content\/uploads\/exposants\/2022\/839_montier-02-210x210.jpg 210w, https:\/\/www.photo-montier.org\/wp-content\/uploads\/exposants\/2022\/839_montier-02-1320x1320.jpg 1320w\" sizes=\"(max-width: 300px) 100vw, 300px\" \/><\/a>\n\t\t\t<\/dt>\n\t\t\t\t<dd class='wp-caption-text gallery-caption' id='gallery-1-46803'>\n\t\t\t\tR\u00eaves de lumi\u00e8re &#8211; Yves AUBOYER\n\t\t\t\t<\/dd><\/dl><br style=\"clear: both\" \/><dl class='gallery-item'>\n\t\t\t<dt class='gallery-icon landscape'>\n\t\t\t\t<a href='https:\/\/www.photo-montier.org\/wp-content\/uploads\/exposants\/2022\/original\/839_montier-02-1024x1024.jpg'><img decoding=\"async\" width=\"300\" height=\"300\" src=\"https:\/\/www.photo-montier.org\/wp-content\/uploads\/exposants\/2022\/original\/839_montier-02-300x300.jpg\" class=\"attachment-medium size-medium\" alt=\"Montier Photo Festival\" aria-describedby=\"gallery-1-46801\" srcset=\"https:\/\/www.photo-montier.org\/wp-content\/uploads\/exposants\/2022\/original\/839_montier-02-300x300.jpg 300w, https:\/\/www.photo-montier.org\/wp-content\/uploads\/exposants\/2022\/original\/839_montier-02-1024x1024.jpg 1024w, https:\/\/www.photo-montier.org\/wp-content\/uploads\/exposants\/2022\/original\/839_montier-02-150x150.jpg 150w, https:\/\/www.photo-montier.org\/wp-content\/uploads\/exposants\/2022\/original\/839_montier-02-768x768.jpg 768w, https:\/\/www.photo-montier.org\/wp-content\/uploads\/exposants\/2022\/original\/839_montier-02-1536x1536.jpg 1536w, https:\/\/www.photo-montier.org\/wp-content\/uploads\/exposants\/2022\/original\/839_montier-02-2048x2048.jpg 2048w, https:\/\/www.photo-montier.org\/wp-content\/uploads\/exposants\/2022\/original\/839_montier-02-400x400.jpg 400w, https:\/\/www.photo-montier.org\/wp-content\/uploads\/exposants\/2022\/original\/839_montier-02-200x200.jpg 200w, https:\/\/www.photo-montier.org\/wp-content\/uploads\/exposants\/2022\/original\/839_montier-02-210x210.jpg 210w, https:\/\/www.photo-montier.org\/wp-content\/uploads\/exposants\/2022\/original\/839_montier-02-1320x1320.jpg 1320w\" sizes=\"(max-width: 300px) 100vw, 300px\" \/><\/a>\n\t\t\t<\/dt>\n\t\t\t\t<dd class='wp-caption-text gallery-caption' id='gallery-1-46801'>\n\t\t\t\tR\u00eaves de lumi\u00e8re &#8211; Yves AUBOYER\n\t\t\t\t<\/dd><\/dl><dl class='gallery-item'>\n\t\t\t<dt class='gallery-icon landscape'>\n\t\t\t\t<a href='https:\/\/www.photo-montier.org\/wp-content\/uploads\/exposants\/2022\/original\/839_montier-01-1024x683.jpg'><img decoding=\"async\" width=\"300\" height=\"200\" src=\"https:\/\/www.photo-montier.org\/wp-content\/uploads\/exposants\/2022\/original\/839_montier-01-300x200.jpg\" class=\"attachment-medium size-medium\" alt=\"Montier Photo Festival\" aria-describedby=\"gallery-1-46797\" srcset=\"https:\/\/www.photo-montier.org\/wp-content\/uploads\/exposants\/2022\/original\/839_montier-01-300x200.jpg 300w, https:\/\/www.photo-montier.org\/wp-content\/uploads\/exposants\/2022\/original\/839_montier-01-1024x683.jpg 1024w, https:\/\/www.photo-montier.org\/wp-content\/uploads\/exposants\/2022\/original\/839_montier-01-768x513.jpg 768w, https:\/\/www.photo-montier.org\/wp-content\/uploads\/exposants\/2022\/original\/839_montier-01-1536x1025.jpg 1536w, https:\/\/www.photo-montier.org\/wp-content\/uploads\/exposants\/2022\/original\/839_montier-01-2048x1367.jpg 2048w, https:\/\/www.photo-montier.org\/wp-content\/uploads\/exposants\/2022\/original\/839_montier-01-600x400.jpg 600w, https:\/\/www.photo-montier.org\/wp-content\/uploads\/exposants\/2022\/original\/839_montier-01-315x210.jpg 315w, https:\/\/www.photo-montier.org\/wp-content\/uploads\/exposants\/2022\/original\/839_montier-01-1320x881.jpg 1320w\" sizes=\"(max-width: 300px) 100vw, 300px\" \/><\/a>\n\t\t\t<\/dt>\n\t\t\t\t<dd class='wp-caption-text gallery-caption' id='gallery-1-46797'>\n\t\t\t\tConvoitise &#8211; Yves AUBOYER\n\t\t\t\t<\/dd><\/dl><dl class='gallery-item'>\n\t\t\t<dt class='gallery-icon landscape'>\n\t\t\t\t<a href='https:\/\/www.photo-montier.org\/wp-content\/uploads\/exposants\/2022\/839_montier-01-1024x683.jpg'><img decoding=\"async\" width=\"300\" height=\"200\" src=\"https:\/\/www.photo-montier.org\/wp-content\/uploads\/exposants\/2022\/839_montier-01-300x200.jpg\" class=\"attachment-medium size-medium\" alt=\"Montier Photo Festival\" aria-describedby=\"gallery-1-46799\" srcset=\"https:\/\/www.photo-montier.org\/wp-content\/uploads\/exposants\/2022\/839_montier-01-300x200.jpg 300w, https:\/\/www.photo-montier.org\/wp-content\/uploads\/exposants\/2022\/839_montier-01-1024x683.jpg 1024w, https:\/\/www.photo-montier.org\/wp-content\/uploads\/exposants\/2022\/839_montier-01-768x513.jpg 768w, https:\/\/www.photo-montier.org\/wp-content\/uploads\/exposants\/2022\/839_montier-01-1536x1025.jpg 1536w, https:\/\/www.photo-montier.org\/wp-content\/uploads\/exposants\/2022\/839_montier-01-2048x1367.jpg 2048w, https:\/\/www.photo-montier.org\/wp-content\/uploads\/exposants\/2022\/839_montier-01-600x400.jpg 600w, https:\/\/www.photo-montier.org\/wp-content\/uploads\/exposants\/2022\/839_montier-01-315x210.jpg 315w, https:\/\/www.photo-montier.org\/wp-content\/uploads\/exposants\/2022\/839_montier-01-1320x881.jpg 1320w\" sizes=\"(max-width: 300px) 100vw, 300px\" \/><\/a>\n\t\t\t<\/dt>\n\t\t\t\t<dd class='wp-caption-text gallery-caption' id='gallery-1-46799'>\n\t\t\t\tConvoitise &#8211; Yves AUBOYER\n\t\t\t\t<\/dd><\/dl><dl class='gallery-item'>\n\t\t\t<dt class='gallery-icon landscape'>\n\t\t\t\t<a href='https:\/\/www.photo-montier.org\/wp-content\/uploads\/exposants\/2022\/original\/839_montier-01-1024x683.jpg'><img decoding=\"async\" width=\"300\" height=\"200\" src=\"https:\/\/www.photo-montier.org\/wp-content\/uploads\/exposants\/2022\/original\/839_montier-01-300x200.jpg\" class=\"attachment-medium size-medium\" alt=\"Montier Photo Festival\" aria-describedby=\"gallery-1-46793\" srcset=\"https:\/\/www.photo-montier.org\/wp-content\/uploads\/exposants\/2022\/original\/839_montier-01-300x200.jpg 300w, https:\/\/www.photo-montier.org\/wp-content\/uploads\/exposants\/2022\/original\/839_montier-01-1024x683.jpg 1024w, https:\/\/www.photo-montier.org\/wp-content\/uploads\/exposants\/2022\/original\/839_montier-01-768x513.jpg 768w, https:\/\/www.photo-montier.org\/wp-content\/uploads\/exposants\/2022\/original\/839_montier-01-1536x1025.jpg 1536w, https:\/\/www.photo-montier.org\/wp-content\/uploads\/exposants\/2022\/original\/839_montier-01-2048x1367.jpg 2048w, https:\/\/www.photo-montier.org\/wp-content\/uploads\/exposants\/2022\/original\/839_montier-01-600x400.jpg 600w, https:\/\/www.photo-montier.org\/wp-content\/uploads\/exposants\/2022\/original\/839_montier-01-315x210.jpg 315w, https:\/\/www.photo-montier.org\/wp-content\/uploads\/exposants\/2022\/original\/839_montier-01-1320x881.jpg 1320w\" sizes=\"(max-width: 300px) 100vw, 300px\" \/><\/a>\n\t\t\t<\/dt>\n\t\t\t\t<dd class='wp-caption-text gallery-caption' id='gallery-1-46793'>\n\t\t\t\t839_montier-01.jpg &#8211; \n\t\t\t\t<\/dd><\/dl><br style=\"clear: both\" \/><dl class='gallery-item'>\n\t\t\t<dt class='gallery-icon landscape'>\n\t\t\t\t<a href='https:\/\/www.photo-montier.org\/wp-content\/uploads\/exposants\/2022\/839_montier-01-1024x683.jpg'><img decoding=\"async\" width=\"300\" height=\"200\" src=\"https:\/\/www.photo-montier.org\/wp-content\/uploads\/exposants\/2022\/839_montier-01-300x200.jpg\" class=\"attachment-medium size-medium\" alt=\"Montier Photo Festival\" aria-describedby=\"gallery-1-46795\" srcset=\"https:\/\/www.photo-montier.org\/wp-content\/uploads\/exposants\/2022\/839_montier-01-300x200.jpg 300w, https:\/\/www.photo-montier.org\/wp-content\/uploads\/exposants\/2022\/839_montier-01-1024x683.jpg 1024w, https:\/\/www.photo-montier.org\/wp-content\/uploads\/exposants\/2022\/839_montier-01-768x513.jpg 768w, https:\/\/www.photo-montier.org\/wp-content\/uploads\/exposants\/2022\/839_montier-01-1536x1025.jpg 1536w, https:\/\/www.photo-montier.org\/wp-content\/uploads\/exposants\/2022\/839_montier-01-2048x1367.jpg 2048w, https:\/\/www.photo-montier.org\/wp-content\/uploads\/exposants\/2022\/839_montier-01-600x400.jpg 600w, https:\/\/www.photo-montier.org\/wp-content\/uploads\/exposants\/2022\/839_montier-01-315x210.jpg 315w, https:\/\/www.photo-montier.org\/wp-content\/uploads\/exposants\/2022\/839_montier-01-1320x881.jpg 1320w\" sizes=\"(max-width: 300px) 100vw, 300px\" \/><\/a>\n\t\t\t<\/dt>\n\t\t\t\t<dd class='wp-caption-text gallery-caption' id='gallery-1-46795'>\n\t\t\t\t839_montier-01.jpg &#8211; \n\t\t\t\t<\/dd><\/dl><dl class='gallery-item'>\n\t\t\t<dt class='gallery-icon landscape'>\n\t\t\t\t<a href='https:\/\/www.photo-montier.org\/wp-content\/uploads\/exposants\/2022\/839_montier-13-1024x683.jpg'><img decoding=\"async\" width=\"300\" height=\"200\" src=\"https:\/\/www.photo-montier.org\/wp-content\/uploads\/exposants\/2022\/839_montier-13-300x200.jpg\" class=\"attachment-medium size-medium\" alt=\"Montier Photo Festival\" aria-describedby=\"gallery-1-46789\" srcset=\"https:\/\/www.photo-montier.org\/wp-content\/uploads\/exposants\/2022\/839_montier-13-300x200.jpg 300w, https:\/\/www.photo-montier.org\/wp-content\/uploads\/exposants\/2022\/839_montier-13-1024x683.jpg 1024w, https:\/\/www.photo-montier.org\/wp-content\/uploads\/exposants\/2022\/839_montier-13-768x513.jpg 768w, https:\/\/www.photo-montier.org\/wp-content\/uploads\/exposants\/2022\/839_montier-13-1536x1025.jpg 1536w, https:\/\/www.photo-montier.org\/wp-content\/uploads\/exposants\/2022\/839_montier-13-2048x1367.jpg 2048w, https:\/\/www.photo-montier.org\/wp-content\/uploads\/exposants\/2022\/839_montier-13-600x400.jpg 600w, https:\/\/www.photo-montier.org\/wp-content\/uploads\/exposants\/2022\/839_montier-13-315x210.jpg 315w, https:\/\/www.photo-montier.org\/wp-content\/uploads\/exposants\/2022\/839_montier-13-1320x881.jpg 1320w\" sizes=\"(max-width: 300px) 100vw, 300px\" \/><\/a>\n\t\t\t<\/dt>\n\t\t\t\t<dd class='wp-caption-text gallery-caption' id='gallery-1-46789'>\n\t\t\t\tSonge aquarelle &#8211; Yves AUBOYER\n\t\t\t\t<\/dd><\/dl><dl class='gallery-item'>\n\t\t\t<dt class='gallery-icon landscape'>\n\t\t\t\t<a href='https:\/\/www.photo-montier.org\/wp-content\/uploads\/exposants\/2022\/original\/839_montier-13-1024x683.jpg'><img decoding=\"async\" width=\"300\" height=\"200\" src=\"https:\/\/www.photo-montier.org\/wp-content\/uploads\/exposants\/2022\/original\/839_montier-13-300x200.jpg\" class=\"attachment-medium size-medium\" alt=\"Montier Photo Festival\" aria-describedby=\"gallery-1-46787\" srcset=\"https:\/\/www.photo-montier.org\/wp-content\/uploads\/exposants\/2022\/original\/839_montier-13-300x200.jpg 300w, https:\/\/www.photo-montier.org\/wp-content\/uploads\/exposants\/2022\/original\/839_montier-13-1024x683.jpg 1024w, https:\/\/www.photo-montier.org\/wp-content\/uploads\/exposants\/2022\/original\/839_montier-13-768x513.jpg 768w, https:\/\/www.photo-montier.org\/wp-content\/uploads\/exposants\/2022\/original\/839_montier-13-1536x1025.jpg 1536w, https:\/\/www.photo-montier.org\/wp-content\/uploads\/exposants\/2022\/original\/839_montier-13-2048x1367.jpg 2048w, https:\/\/www.photo-montier.org\/wp-content\/uploads\/exposants\/2022\/original\/839_montier-13-600x400.jpg 600w, https:\/\/www.photo-montier.org\/wp-content\/uploads\/exposants\/2022\/original\/839_montier-13-315x210.jpg 315w, https:\/\/www.photo-montier.org\/wp-content\/uploads\/exposants\/2022\/original\/839_montier-13-1320x881.jpg 1320w\" sizes=\"(max-width: 300px) 100vw, 300px\" \/><\/a>\n\t\t\t<\/dt>\n\t\t\t\t<dd class='wp-caption-text gallery-caption' id='gallery-1-46787'>\n\t\t\t\tSonge aquarelle &#8211; Yves AUBOYER\n\t\t\t\t<\/dd><\/dl><dl class='gallery-item'>\n\t\t\t<dt class='gallery-icon landscape'>\n\t\t\t\t<a href='https:\/\/www.photo-montier.org\/wp-content\/uploads\/exposants\/2022\/original\/839_montier-12-1024x683.jpg'><img decoding=\"async\" width=\"300\" height=\"200\" src=\"https:\/\/www.photo-montier.org\/wp-content\/uploads\/exposants\/2022\/original\/839_montier-12-300x200.jpg\" class=\"attachment-medium size-medium\" alt=\"Montier Photo Festival\" aria-describedby=\"gallery-1-46783\" srcset=\"https:\/\/www.photo-montier.org\/wp-content\/uploads\/exposants\/2022\/original\/839_montier-12-300x200.jpg 300w, https:\/\/www.photo-montier.org\/wp-content\/uploads\/exposants\/2022\/original\/839_montier-12-1024x683.jpg 1024w, https:\/\/www.photo-montier.org\/wp-content\/uploads\/exposants\/2022\/original\/839_montier-12-768x513.jpg 768w, https:\/\/www.photo-montier.org\/wp-content\/uploads\/exposants\/2022\/original\/839_montier-12-1536x1025.jpg 1536w, https:\/\/www.photo-montier.org\/wp-content\/uploads\/exposants\/2022\/original\/839_montier-12-2048x1367.jpg 2048w, https:\/\/www.photo-montier.org\/wp-content\/uploads\/exposants\/2022\/original\/839_montier-12-600x400.jpg 600w, https:\/\/www.photo-montier.org\/wp-content\/uploads\/exposants\/2022\/original\/839_montier-12-315x210.jpg 315w, https:\/\/www.photo-montier.org\/wp-content\/uploads\/exposants\/2022\/original\/839_montier-12-1320x881.jpg 1320w\" sizes=\"(max-width: 300px) 100vw, 300px\" \/><\/a>\n\t\t\t<\/dt>\n\t\t\t\t<dd class='wp-caption-text gallery-caption' id='gallery-1-46783'>\n\t\t\t\tCuriosit\u00e9 &#8211; Yves AUBOYER\n\t\t\t\t<\/dd><\/dl><br style=\"clear: both\" \/><dl class='gallery-item'>\n\t\t\t<dt class='gallery-icon landscape'>\n\t\t\t\t<a href='https:\/\/www.photo-montier.org\/wp-content\/uploads\/exposants\/2022\/839_montier-12-1024x683.jpg'><img decoding=\"async\" width=\"300\" height=\"200\" src=\"https:\/\/www.photo-montier.org\/wp-content\/uploads\/exposants\/2022\/839_montier-12-300x200.jpg\" class=\"attachment-medium size-medium\" alt=\"Montier Photo Festival\" aria-describedby=\"gallery-1-46785\" srcset=\"https:\/\/www.photo-montier.org\/wp-content\/uploads\/exposants\/2022\/839_montier-12-300x200.jpg 300w, https:\/\/www.photo-montier.org\/wp-content\/uploads\/exposants\/2022\/839_montier-12-1024x683.jpg 1024w, https:\/\/www.photo-montier.org\/wp-content\/uploads\/exposants\/2022\/839_montier-12-768x513.jpg 768w, https:\/\/www.photo-montier.org\/wp-content\/uploads\/exposants\/2022\/839_montier-12-1536x1025.jpg 1536w, https:\/\/www.photo-montier.org\/wp-content\/uploads\/exposants\/2022\/839_montier-12-2048x1367.jpg 2048w, https:\/\/www.photo-montier.org\/wp-content\/uploads\/exposants\/2022\/839_montier-12-600x400.jpg 600w, https:\/\/www.photo-montier.org\/wp-content\/uploads\/exposants\/2022\/839_montier-12-315x210.jpg 315w, https:\/\/www.photo-montier.org\/wp-content\/uploads\/exposants\/2022\/839_montier-12-1320x881.jpg 1320w\" sizes=\"(max-width: 300px) 100vw, 300px\" \/><\/a>\n\t\t\t<\/dt>\n\t\t\t\t<dd class='wp-caption-text gallery-caption' id='gallery-1-46785'>\n\t\t\t\tCuriosit\u00e9 &#8211; Yves AUBOYER\n\t\t\t\t<\/dd><\/dl><dl class='gallery-item'>\n\t\t\t<dt class='gallery-icon landscape'>\n\t\t\t\t<a href='https:\/\/www.photo-montier.org\/wp-content\/uploads\/exposants\/2022\/original\/839_montier-03-1024x683.jpg'><img decoding=\"async\" width=\"300\" height=\"200\" src=\"https:\/\/www.photo-montier.org\/wp-content\/uploads\/exposants\/2022\/original\/839_montier-03-300x200.jpg\" class=\"attachment-medium size-medium\" alt=\"Montier Photo Festival\" aria-describedby=\"gallery-1-46779\" srcset=\"https:\/\/www.photo-montier.org\/wp-content\/uploads\/exposants\/2022\/original\/839_montier-03-300x200.jpg 300w, https:\/\/www.photo-montier.org\/wp-content\/uploads\/exposants\/2022\/original\/839_montier-03-1024x683.jpg 1024w, https:\/\/www.photo-montier.org\/wp-content\/uploads\/exposants\/2022\/original\/839_montier-03-768x513.jpg 768w, https:\/\/www.photo-montier.org\/wp-content\/uploads\/exposants\/2022\/original\/839_montier-03-1536x1025.jpg 1536w, https:\/\/www.photo-montier.org\/wp-content\/uploads\/exposants\/2022\/original\/839_montier-03-2048x1367.jpg 2048w, https:\/\/www.photo-montier.org\/wp-content\/uploads\/exposants\/2022\/original\/839_montier-03-600x400.jpg 600w, https:\/\/www.photo-montier.org\/wp-content\/uploads\/exposants\/2022\/original\/839_montier-03-315x210.jpg 315w, https:\/\/www.photo-montier.org\/wp-content\/uploads\/exposants\/2022\/original\/839_montier-03-1320x881.jpg 1320w\" sizes=\"(max-width: 300px) 100vw, 300px\" \/><\/a>\n\t\t\t<\/dt>\n\t\t\t\t<dd class='wp-caption-text gallery-caption' id='gallery-1-46779'>\n\t\t\t\tComplicit\u00e9 &#8211; Yves AUBOYER\n\t\t\t\t<\/dd><\/dl><dl class='gallery-item'>\n\t\t\t<dt class='gallery-icon landscape'>\n\t\t\t\t<a href='https:\/\/www.photo-montier.org\/wp-content\/uploads\/exposants\/2022\/839_montier-03-1024x683.jpg'><img decoding=\"async\" width=\"300\" height=\"200\" src=\"https:\/\/www.photo-montier.org\/wp-content\/uploads\/exposants\/2022\/839_montier-03-300x200.jpg\" class=\"attachment-medium size-medium\" alt=\"Montier Photo Festival\" aria-describedby=\"gallery-1-46781\" srcset=\"https:\/\/www.photo-montier.org\/wp-content\/uploads\/exposants\/2022\/839_montier-03-300x200.jpg 300w, https:\/\/www.photo-montier.org\/wp-content\/uploads\/exposants\/2022\/839_montier-03-1024x683.jpg 1024w, https:\/\/www.photo-montier.org\/wp-content\/uploads\/exposants\/2022\/839_montier-03-768x513.jpg 768w, https:\/\/www.photo-montier.org\/wp-content\/uploads\/exposants\/2022\/839_montier-03-1536x1025.jpg 1536w, https:\/\/www.photo-montier.org\/wp-content\/uploads\/exposants\/2022\/839_montier-03-2048x1367.jpg 2048w, https:\/\/www.photo-montier.org\/wp-content\/uploads\/exposants\/2022\/839_montier-03-600x400.jpg 600w, https:\/\/www.photo-montier.org\/wp-content\/uploads\/exposants\/2022\/839_montier-03-315x210.jpg 315w, https:\/\/www.photo-montier.org\/wp-content\/uploads\/exposants\/2022\/839_montier-03-1320x881.jpg 1320w\" sizes=\"(max-width: 300px) 100vw, 300px\" \/><\/a>\n\t\t\t<\/dt>\n\t\t\t\t<dd class='wp-caption-text gallery-caption' id='gallery-1-46781'>\n\t\t\t\tComplicit\u00e9 &#8211; Yves AUBOYER\n\t\t\t\t<\/dd><\/dl><dl class='gallery-item'>\n\t\t\t<dt class='gallery-icon landscape'>\n\t\t\t\t<a href='https:\/\/www.photo-montier.org\/wp-content\/uploads\/exposants\/2022\/original\/839_montier-02-1024x1024.jpg'><img decoding=\"async\" width=\"300\" height=\"300\" src=\"https:\/\/www.photo-montier.org\/wp-content\/uploads\/exposants\/2022\/original\/839_montier-02-300x300.jpg\" class=\"attachment-medium size-medium\" alt=\"Montier Photo Festival\" aria-describedby=\"gallery-1-46775\" srcset=\"https:\/\/www.photo-montier.org\/wp-content\/uploads\/exposants\/2022\/original\/839_montier-02-300x300.jpg 300w, https:\/\/www.photo-montier.org\/wp-content\/uploads\/exposants\/2022\/original\/839_montier-02-1024x1024.jpg 1024w, https:\/\/www.photo-montier.org\/wp-content\/uploads\/exposants\/2022\/original\/839_montier-02-150x150.jpg 150w, https:\/\/www.photo-montier.org\/wp-content\/uploads\/exposants\/2022\/original\/839_montier-02-768x768.jpg 768w, https:\/\/www.photo-montier.org\/wp-content\/uploads\/exposants\/2022\/original\/839_montier-02-1536x1536.jpg 1536w, https:\/\/www.photo-montier.org\/wp-content\/uploads\/exposants\/2022\/original\/839_montier-02-2048x2048.jpg 2048w, https:\/\/www.photo-montier.org\/wp-content\/uploads\/exposants\/2022\/original\/839_montier-02-400x400.jpg 400w, https:\/\/www.photo-montier.org\/wp-content\/uploads\/exposants\/2022\/original\/839_montier-02-200x200.jpg 200w, https:\/\/www.photo-montier.org\/wp-content\/uploads\/exposants\/2022\/original\/839_montier-02-210x210.jpg 210w, https:\/\/www.photo-montier.org\/wp-content\/uploads\/exposants\/2022\/original\/839_montier-02-1320x1320.jpg 1320w\" sizes=\"(max-width: 300px) 100vw, 300px\" \/><\/a>\n\t\t\t<\/dt>\n\t\t\t\t<dd class='wp-caption-text gallery-caption' id='gallery-1-46775'>\n\t\t\t\tR\u00eaves de lumi\u00e8re &#8211; Yves AUBOYER\n\t\t\t\t<\/dd><\/dl><br style=\"clear: both\" \/><dl class='gallery-item'>\n\t\t\t<dt class='gallery-icon landscape'>\n\t\t\t\t<a href='https:\/\/www.photo-montier.org\/wp-content\/uploads\/exposants\/2022\/839_montier-02-1024x1024.jpg'><img decoding=\"async\" width=\"300\" height=\"300\" src=\"https:\/\/www.photo-montier.org\/wp-content\/uploads\/exposants\/2022\/839_montier-02-300x300.jpg\" class=\"attachment-medium size-medium\" alt=\"Montier Photo Festival\" aria-describedby=\"gallery-1-46777\" srcset=\"https:\/\/www.photo-montier.org\/wp-content\/uploads\/exposants\/2022\/839_montier-02-300x300.jpg 300w, https:\/\/www.photo-montier.org\/wp-content\/uploads\/exposants\/2022\/839_montier-02-1024x1024.jpg 1024w, https:\/\/www.photo-montier.org\/wp-content\/uploads\/exposants\/2022\/839_montier-02-150x150.jpg 150w, https:\/\/www.photo-montier.org\/wp-content\/uploads\/exposants\/2022\/839_montier-02-768x768.jpg 768w, https:\/\/www.photo-montier.org\/wp-content\/uploads\/exposants\/2022\/839_montier-02-1536x1536.jpg 1536w, https:\/\/www.photo-montier.org\/wp-content\/uploads\/exposants\/2022\/839_montier-02-2048x2048.jpg 2048w, https:\/\/www.photo-montier.org\/wp-content\/uploads\/exposants\/2022\/839_montier-02-400x400.jpg 400w, https:\/\/www.photo-montier.org\/wp-content\/uploads\/exposants\/2022\/839_montier-02-200x200.jpg 200w, https:\/\/www.photo-montier.org\/wp-content\/uploads\/exposants\/2022\/839_montier-02-210x210.jpg 210w, https:\/\/www.photo-montier.org\/wp-content\/uploads\/exposants\/2022\/839_montier-02-1320x1320.jpg 1320w\" sizes=\"(max-width: 300px) 100vw, 300px\" \/><\/a>\n\t\t\t<\/dt>\n\t\t\t\t<dd class='wp-caption-text gallery-caption' id='gallery-1-46777'>\n\t\t\t\tR\u00eaves de lumi\u00e8re &#8211; Yves AUBOYER\n\t\t\t\t<\/dd><\/dl><dl class='gallery-item'>\n\t\t\t<dt class='gallery-icon landscape'>\n\t\t\t\t<a href='https:\/\/www.photo-montier.org\/wp-content\/uploads\/exposants\/2022\/original\/839_montier-01-1024x683.jpg'><img decoding=\"async\" width=\"300\" height=\"200\" src=\"https:\/\/www.photo-montier.org\/wp-content\/uploads\/exposants\/2022\/original\/839_montier-01-300x200.jpg\" class=\"attachment-medium size-medium\" alt=\"Montier Photo Festival\" aria-describedby=\"gallery-1-46771\" srcset=\"https:\/\/www.photo-montier.org\/wp-content\/uploads\/exposants\/2022\/original\/839_montier-01-300x200.jpg 300w, https:\/\/www.photo-montier.org\/wp-content\/uploads\/exposants\/2022\/original\/839_montier-01-1024x683.jpg 1024w, https:\/\/www.photo-montier.org\/wp-content\/uploads\/exposants\/2022\/original\/839_montier-01-768x513.jpg 768w, https:\/\/www.photo-montier.org\/wp-content\/uploads\/exposants\/2022\/original\/839_montier-01-1536x1025.jpg 1536w, https:\/\/www.photo-montier.org\/wp-content\/uploads\/exposants\/2022\/original\/839_montier-01-2048x1367.jpg 2048w, https:\/\/www.photo-montier.org\/wp-content\/uploads\/exposants\/2022\/original\/839_montier-01-600x400.jpg 600w, https:\/\/www.photo-montier.org\/wp-content\/uploads\/exposants\/2022\/original\/839_montier-01-315x210.jpg 315w, https:\/\/www.photo-montier.org\/wp-content\/uploads\/exposants\/2022\/original\/839_montier-01-1320x881.jpg 1320w\" sizes=\"(max-width: 300px) 100vw, 300px\" \/><\/a>\n\t\t\t<\/dt>\n\t\t\t\t<dd class='wp-caption-text gallery-caption' id='gallery-1-46771'>\n\t\t\t\tConvoitise &#8211; Yves AUBOYER\n\t\t\t\t<\/dd><\/dl><dl class='gallery-item'>\n\t\t\t<dt class='gallery-icon landscape'>\n\t\t\t\t<a href='https:\/\/www.photo-montier.org\/wp-content\/uploads\/exposants\/2022\/839_montier-01-1024x683.jpg'><img decoding=\"async\" width=\"300\" height=\"200\" src=\"https:\/\/www.photo-montier.org\/wp-content\/uploads\/exposants\/2022\/839_montier-01-300x200.jpg\" class=\"attachment-medium size-medium\" alt=\"Montier Photo Festival\" aria-describedby=\"gallery-1-46773\" srcset=\"https:\/\/www.photo-montier.org\/wp-content\/uploads\/exposants\/2022\/839_montier-01-300x200.jpg 300w, https:\/\/www.photo-montier.org\/wp-content\/uploads\/exposants\/2022\/839_montier-01-1024x683.jpg 1024w, https:\/\/www.photo-montier.org\/wp-content\/uploads\/exposants\/2022\/839_montier-01-768x513.jpg 768w, https:\/\/www.photo-montier.org\/wp-content\/uploads\/exposants\/2022\/839_montier-01-1536x1025.jpg 1536w, https:\/\/www.photo-montier.org\/wp-content\/uploads\/exposants\/2022\/839_montier-01-2048x1367.jpg 2048w, https:\/\/www.photo-montier.org\/wp-content\/uploads\/exposants\/2022\/839_montier-01-600x400.jpg 600w, https:\/\/www.photo-montier.org\/wp-content\/uploads\/exposants\/2022\/839_montier-01-315x210.jpg 315w, https:\/\/www.photo-montier.org\/wp-content\/uploads\/exposants\/2022\/839_montier-01-1320x881.jpg 1320w\" sizes=\"(max-width: 300px) 100vw, 300px\" \/><\/a>\n\t\t\t<\/dt>\n\t\t\t\t<dd class='wp-caption-text gallery-caption' id='gallery-1-46773'>\n\t\t\t\tConvoitise &#8211; Yves AUBOYER\n\t\t\t\t<\/dd><\/dl><dl class='gallery-item'>\n\t\t\t<dt class='gallery-icon landscape'>\n\t\t\t\t<a href='https:\/\/www.photo-montier.org\/wp-content\/uploads\/exposants\/2022\/original\/839_montier-01-1024x683.jpg'><img decoding=\"async\" width=\"300\" height=\"200\" src=\"https:\/\/www.photo-montier.org\/wp-content\/uploads\/exposants\/2022\/original\/839_montier-01-300x200.jpg\" class=\"attachment-medium size-medium\" alt=\"Montier Photo Festival\" aria-describedby=\"gallery-1-46767\" srcset=\"https:\/\/www.photo-montier.org\/wp-content\/uploads\/exposants\/2022\/original\/839_montier-01-300x200.jpg 300w, https:\/\/www.photo-montier.org\/wp-content\/uploads\/exposants\/2022\/original\/839_montier-01-1024x683.jpg 1024w, https:\/\/www.photo-montier.org\/wp-content\/uploads\/exposants\/2022\/original\/839_montier-01-768x513.jpg 768w, https:\/\/www.photo-montier.org\/wp-content\/uploads\/exposants\/2022\/original\/839_montier-01-1536x1025.jpg 1536w, https:\/\/www.photo-montier.org\/wp-content\/uploads\/exposants\/2022\/original\/839_montier-01-2048x1367.jpg 2048w, https:\/\/www.photo-montier.org\/wp-content\/uploads\/exposants\/2022\/original\/839_montier-01-600x400.jpg 600w, https:\/\/www.photo-montier.org\/wp-content\/uploads\/exposants\/2022\/original\/839_montier-01-315x210.jpg 315w, https:\/\/www.photo-montier.org\/wp-content\/uploads\/exposants\/2022\/original\/839_montier-01-1320x881.jpg 1320w\" sizes=\"(max-width: 300px) 100vw, 300px\" \/><\/a>\n\t\t\t<\/dt>\n\t\t\t\t<dd class='wp-caption-text gallery-caption' id='gallery-1-46767'>\n\t\t\t\t839_montier-01.jpg &#8211; \n\t\t\t\t<\/dd><\/dl><br style=\"clear: both\" \/><dl class='gallery-item'>\n\t\t\t<dt class='gallery-icon landscape'>\n\t\t\t\t<a href='https:\/\/www.photo-montier.org\/wp-content\/uploads\/exposants\/2022\/839_montier-01-1024x683.jpg'><img decoding=\"async\" width=\"300\" height=\"200\" src=\"https:\/\/www.photo-montier.org\/wp-content\/uploads\/exposants\/2022\/839_montier-01-300x200.jpg\" class=\"attachment-medium size-medium\" alt=\"Montier Photo Festival\" aria-describedby=\"gallery-1-46769\" srcset=\"https:\/\/www.photo-montier.org\/wp-content\/uploads\/exposants\/2022\/839_montier-01-300x200.jpg 300w, https:\/\/www.photo-montier.org\/wp-content\/uploads\/exposants\/2022\/839_montier-01-1024x683.jpg 1024w, https:\/\/www.photo-montier.org\/wp-content\/uploads\/exposants\/2022\/839_montier-01-768x513.jpg 768w, https:\/\/www.photo-montier.org\/wp-content\/uploads\/exposants\/2022\/839_montier-01-1536x1025.jpg 1536w, https:\/\/www.photo-montier.org\/wp-content\/uploads\/exposants\/2022\/839_montier-01-2048x1367.jpg 2048w, https:\/\/www.photo-montier.org\/wp-content\/uploads\/exposants\/2022\/839_montier-01-600x400.jpg 600w, https:\/\/www.photo-montier.org\/wp-content\/uploads\/exposants\/2022\/839_montier-01-315x210.jpg 315w, https:\/\/www.photo-montier.org\/wp-content\/uploads\/exposants\/2022\/839_montier-01-1320x881.jpg 1320w\" sizes=\"(max-width: 300px) 100vw, 300px\" \/><\/a>\n\t\t\t<\/dt>\n\t\t\t\t<dd class='wp-caption-text gallery-caption' id='gallery-1-46769'>\n\t\t\t\t839_montier-01.jpg &#8211; \n\t\t\t\t<\/dd><\/dl><dl class='gallery-item'>\n\t\t\t<dt class='gallery-icon landscape'>\n\t\t\t\t<a href='https:\/\/www.photo-montier.org\/wp-content\/uploads\/exposants\/2022\/original\/839_montier-03-1024x683.jpg'><img decoding=\"async\" width=\"300\" height=\"200\" src=\"https:\/\/www.photo-montier.org\/wp-content\/uploads\/exposants\/2022\/original\/839_montier-03-300x200.jpg\" class=\"attachment-medium size-medium\" alt=\"Montier Photo Festival\" aria-describedby=\"gallery-1-46763\" srcset=\"https:\/\/www.photo-montier.org\/wp-content\/uploads\/exposants\/2022\/original\/839_montier-03-300x200.jpg 300w, https:\/\/www.photo-montier.org\/wp-content\/uploads\/exposants\/2022\/original\/839_montier-03-1024x683.jpg 1024w, https:\/\/www.photo-montier.org\/wp-content\/uploads\/exposants\/2022\/original\/839_montier-03-768x513.jpg 768w, https:\/\/www.photo-montier.org\/wp-content\/uploads\/exposants\/2022\/original\/839_montier-03-1536x1025.jpg 1536w, https:\/\/www.photo-montier.org\/wp-content\/uploads\/exposants\/2022\/original\/839_montier-03-2048x1367.jpg 2048w, https:\/\/www.photo-montier.org\/wp-content\/uploads\/exposants\/2022\/original\/839_montier-03-600x400.jpg 600w, https:\/\/www.photo-montier.org\/wp-content\/uploads\/exposants\/2022\/original\/839_montier-03-315x210.jpg 315w, https:\/\/www.photo-montier.org\/wp-content\/uploads\/exposants\/2022\/original\/839_montier-03-1320x881.jpg 1320w\" sizes=\"(max-width: 300px) 100vw, 300px\" \/><\/a>\n\t\t\t<\/dt>\n\t\t\t\t<dd class='wp-caption-text gallery-caption' id='gallery-1-46763'>\n\t\t\t\tComplicit\u00e9 &#8211; Yves AUBOYER\n\t\t\t\t<\/dd><\/dl><dl class='gallery-item'>\n\t\t\t<dt class='gallery-icon landscape'>\n\t\t\t\t<a href='https:\/\/www.photo-montier.org\/wp-content\/uploads\/exposants\/2022\/839_montier-03-1024x683.jpg'><img decoding=\"async\" width=\"300\" height=\"200\" src=\"https:\/\/www.photo-montier.org\/wp-content\/uploads\/exposants\/2022\/839_montier-03-300x200.jpg\" class=\"attachment-medium size-medium\" alt=\"Montier Photo Festival\" aria-describedby=\"gallery-1-46765\" srcset=\"https:\/\/www.photo-montier.org\/wp-content\/uploads\/exposants\/2022\/839_montier-03-300x200.jpg 300w, https:\/\/www.photo-montier.org\/wp-content\/uploads\/exposants\/2022\/839_montier-03-1024x683.jpg 1024w, https:\/\/www.photo-montier.org\/wp-content\/uploads\/exposants\/2022\/839_montier-03-768x513.jpg 768w, https:\/\/www.photo-montier.org\/wp-content\/uploads\/exposants\/2022\/839_montier-03-1536x1025.jpg 1536w, https:\/\/www.photo-montier.org\/wp-content\/uploads\/exposants\/2022\/839_montier-03-2048x1367.jpg 2048w, https:\/\/www.photo-montier.org\/wp-content\/uploads\/exposants\/2022\/839_montier-03-600x400.jpg 600w, https:\/\/www.photo-montier.org\/wp-content\/uploads\/exposants\/2022\/839_montier-03-315x210.jpg 315w, https:\/\/www.photo-montier.org\/wp-content\/uploads\/exposants\/2022\/839_montier-03-1320x881.jpg 1320w\" sizes=\"(max-width: 300px) 100vw, 300px\" \/><\/a>\n\t\t\t<\/dt>\n\t\t\t\t<dd class='wp-caption-text gallery-caption' id='gallery-1-46765'>\n\t\t\t\tComplicit\u00e9 &#8211; Yves AUBOYER\n\t\t\t\t<\/dd><\/dl><dl class='gallery-item'>\n\t\t\t<dt class='gallery-icon landscape'>\n\t\t\t\t<a href='https:\/\/www.photo-montier.org\/wp-content\/uploads\/exposants\/2022\/original\/839_montier-02-1024x1024.jpg'><img decoding=\"async\" width=\"300\" height=\"300\" src=\"https:\/\/www.photo-montier.org\/wp-content\/uploads\/exposants\/2022\/original\/839_montier-02-300x300.jpg\" class=\"attachment-medium size-medium\" alt=\"Montier Photo Festival\" aria-describedby=\"gallery-1-46759\" srcset=\"https:\/\/www.photo-montier.org\/wp-content\/uploads\/exposants\/2022\/original\/839_montier-02-300x300.jpg 300w, https:\/\/www.photo-montier.org\/wp-content\/uploads\/exposants\/2022\/original\/839_montier-02-1024x1024.jpg 1024w, https:\/\/www.photo-montier.org\/wp-content\/uploads\/exposants\/2022\/original\/839_montier-02-150x150.jpg 150w, https:\/\/www.photo-montier.org\/wp-content\/uploads\/exposants\/2022\/original\/839_montier-02-768x768.jpg 768w, https:\/\/www.photo-montier.org\/wp-content\/uploads\/exposants\/2022\/original\/839_montier-02-1536x1536.jpg 1536w, https:\/\/www.photo-montier.org\/wp-content\/uploads\/exposants\/2022\/original\/839_montier-02-2048x2048.jpg 2048w, https:\/\/www.photo-montier.org\/wp-content\/uploads\/exposants\/2022\/original\/839_montier-02-400x400.jpg 400w, https:\/\/www.photo-montier.org\/wp-content\/uploads\/exposants\/2022\/original\/839_montier-02-200x200.jpg 200w, https:\/\/www.photo-montier.org\/wp-content\/uploads\/exposants\/2022\/original\/839_montier-02-210x210.jpg 210w, https:\/\/www.photo-montier.org\/wp-content\/uploads\/exposants\/2022\/original\/839_montier-02-1320x1320.jpg 1320w\" sizes=\"(max-width: 300px) 100vw, 300px\" \/><\/a>\n\t\t\t<\/dt>\n\t\t\t\t<dd class='wp-caption-text gallery-caption' id='gallery-1-46759'>\n\t\t\t\tR\u00eaves de lumi\u00e8re &#8211; Yves AUBOYER\n\t\t\t\t<\/dd><\/dl><br style=\"clear: both\" \/><dl class='gallery-item'>\n\t\t\t<dt class='gallery-icon landscape'>\n\t\t\t\t<a href='https:\/\/www.photo-montier.org\/wp-content\/uploads\/exposants\/2022\/839_montier-02-1024x1024.jpg'><img decoding=\"async\" width=\"300\" height=\"300\" src=\"https:\/\/www.photo-montier.org\/wp-content\/uploads\/exposants\/2022\/839_montier-02-300x300.jpg\" class=\"attachment-medium size-medium\" alt=\"Montier Photo Festival\" aria-describedby=\"gallery-1-46761\" srcset=\"https:\/\/www.photo-montier.org\/wp-content\/uploads\/exposants\/2022\/839_montier-02-300x300.jpg 300w, https:\/\/www.photo-montier.org\/wp-content\/uploads\/exposants\/2022\/839_montier-02-1024x1024.jpg 1024w, https:\/\/www.photo-montier.org\/wp-content\/uploads\/exposants\/2022\/839_montier-02-150x150.jpg 150w, https:\/\/www.photo-montier.org\/wp-content\/uploads\/exposants\/2022\/839_montier-02-768x768.jpg 768w, https:\/\/www.photo-montier.org\/wp-content\/uploads\/exposants\/2022\/839_montier-02-1536x1536.jpg 1536w, https:\/\/www.photo-montier.org\/wp-content\/uploads\/exposants\/2022\/839_montier-02-2048x2048.jpg 2048w, https:\/\/www.photo-montier.org\/wp-content\/uploads\/exposants\/2022\/839_montier-02-400x400.jpg 400w, https:\/\/www.photo-montier.org\/wp-content\/uploads\/exposants\/2022\/839_montier-02-200x200.jpg 200w, https:\/\/www.photo-montier.org\/wp-content\/uploads\/exposants\/2022\/839_montier-02-210x210.jpg 210w, https:\/\/www.photo-montier.org\/wp-content\/uploads\/exposants\/2022\/839_montier-02-1320x1320.jpg 1320w\" sizes=\"(max-width: 300px) 100vw, 300px\" \/><\/a>\n\t\t\t<\/dt>\n\t\t\t\t<dd class='wp-caption-text gallery-caption' id='gallery-1-46761'>\n\t\t\t\tR\u00eaves de lumi\u00e8re &#8211; Yves AUBOYER\n\t\t\t\t<\/dd><\/dl><dl class='gallery-item'>\n\t\t\t<dt class='gallery-icon landscape'>\n\t\t\t\t<a href='https:\/\/www.photo-montier.org\/wp-content\/uploads\/exposants\/2022\/original\/839_montier-01-1024x683.jpg'><img decoding=\"async\" width=\"300\" height=\"200\" src=\"https:\/\/www.photo-montier.org\/wp-content\/uploads\/exposants\/2022\/original\/839_montier-01-300x200.jpg\" class=\"attachment-medium size-medium\" alt=\"Montier Photo Festival\" aria-describedby=\"gallery-1-46755\" srcset=\"https:\/\/www.photo-montier.org\/wp-content\/uploads\/exposants\/2022\/original\/839_montier-01-300x200.jpg 300w, https:\/\/www.photo-montier.org\/wp-content\/uploads\/exposants\/2022\/original\/839_montier-01-1024x683.jpg 1024w, https:\/\/www.photo-montier.org\/wp-content\/uploads\/exposants\/2022\/original\/839_montier-01-768x513.jpg 768w, https:\/\/www.photo-montier.org\/wp-content\/uploads\/exposants\/2022\/original\/839_montier-01-1536x1025.jpg 1536w, https:\/\/www.photo-montier.org\/wp-content\/uploads\/exposants\/2022\/original\/839_montier-01-2048x1367.jpg 2048w, https:\/\/www.photo-montier.org\/wp-content\/uploads\/exposants\/2022\/original\/839_montier-01-600x400.jpg 600w, https:\/\/www.photo-montier.org\/wp-content\/uploads\/exposants\/2022\/original\/839_montier-01-315x210.jpg 315w, https:\/\/www.photo-montier.org\/wp-content\/uploads\/exposants\/2022\/original\/839_montier-01-1320x881.jpg 1320w\" sizes=\"(max-width: 300px) 100vw, 300px\" \/><\/a>\n\t\t\t<\/dt>\n\t\t\t\t<dd class='wp-caption-text gallery-caption' id='gallery-1-46755'>\n\t\t\t\tConvoitise &#8211; Yves AUBOYER\n\t\t\t\t<\/dd><\/dl><dl class='gallery-item'>\n\t\t\t<dt class='gallery-icon landscape'>\n\t\t\t\t<a href='https:\/\/www.photo-montier.org\/wp-content\/uploads\/exposants\/2022\/839_montier-01-1024x683.jpg'><img decoding=\"async\" width=\"300\" height=\"200\" src=\"https:\/\/www.photo-montier.org\/wp-content\/uploads\/exposants\/2022\/839_montier-01-300x200.jpg\" class=\"attachment-medium size-medium\" alt=\"Montier Photo Festival\" aria-describedby=\"gallery-1-46757\" srcset=\"https:\/\/www.photo-montier.org\/wp-content\/uploads\/exposants\/2022\/839_montier-01-300x200.jpg 300w, https:\/\/www.photo-montier.org\/wp-content\/uploads\/exposants\/2022\/839_montier-01-1024x683.jpg 1024w, https:\/\/www.photo-montier.org\/wp-content\/uploads\/exposants\/2022\/839_montier-01-768x513.jpg 768w, https:\/\/www.photo-montier.org\/wp-content\/uploads\/exposants\/2022\/839_montier-01-1536x1025.jpg 1536w, https:\/\/www.photo-montier.org\/wp-content\/uploads\/exposants\/2022\/839_montier-01-2048x1367.jpg 2048w, https:\/\/www.photo-montier.org\/wp-content\/uploads\/exposants\/2022\/839_montier-01-600x400.jpg 600w, https:\/\/www.photo-montier.org\/wp-content\/uploads\/exposants\/2022\/839_montier-01-315x210.jpg 315w, https:\/\/www.photo-montier.org\/wp-content\/uploads\/exposants\/2022\/839_montier-01-1320x881.jpg 1320w\" sizes=\"(max-width: 300px) 100vw, 300px\" \/><\/a>\n\t\t\t<\/dt>\n\t\t\t\t<dd class='wp-caption-text gallery-caption' id='gallery-1-46757'>\n\t\t\t\tConvoitise &#8211; Yves AUBOYER\n\t\t\t\t<\/dd><\/dl><dl class='gallery-item'>\n\t\t\t<dt class='gallery-icon landscape'>\n\t\t\t\t<a href='https:\/\/www.photo-montier.org\/wp-content\/uploads\/exposants\/2022\/original\/839_montier-01-1024x683.jpg'><img decoding=\"async\" width=\"300\" height=\"200\" src=\"https:\/\/www.photo-montier.org\/wp-content\/uploads\/exposants\/2022\/original\/839_montier-01-300x200.jpg\" class=\"attachment-medium size-medium\" alt=\"Montier Photo Festival\" aria-describedby=\"gallery-1-46751\" srcset=\"https:\/\/www.photo-montier.org\/wp-content\/uploads\/exposants\/2022\/original\/839_montier-01-300x200.jpg 300w, https:\/\/www.photo-montier.org\/wp-content\/uploads\/exposants\/2022\/original\/839_montier-01-1024x683.jpg 1024w, https:\/\/www.photo-montier.org\/wp-content\/uploads\/exposants\/2022\/original\/839_montier-01-768x513.jpg 768w, https:\/\/www.photo-montier.org\/wp-content\/uploads\/exposants\/2022\/original\/839_montier-01-1536x1025.jpg 1536w, https:\/\/www.photo-montier.org\/wp-content\/uploads\/exposants\/2022\/original\/839_montier-01-2048x1367.jpg 2048w, https:\/\/www.photo-montier.org\/wp-content\/uploads\/exposants\/2022\/original\/839_montier-01-600x400.jpg 600w, https:\/\/www.photo-montier.org\/wp-content\/uploads\/exposants\/2022\/original\/839_montier-01-315x210.jpg 315w, https:\/\/www.photo-montier.org\/wp-content\/uploads\/exposants\/2022\/original\/839_montier-01-1320x881.jpg 1320w\" sizes=\"(max-width: 300px) 100vw, 300px\" \/><\/a>\n\t\t\t<\/dt>\n\t\t\t\t<dd class='wp-caption-text gallery-caption' id='gallery-1-46751'>\n\t\t\t\t839_montier-01.jpg &#8211; \n\t\t\t\t<\/dd><\/dl><br style=\"clear: both\" \/><dl class='gallery-item'>\n\t\t\t<dt class='gallery-icon landscape'>\n\t\t\t\t<a href='https:\/\/www.photo-montier.org\/wp-content\/uploads\/exposants\/2022\/839_montier-01-1024x683.jpg'><img decoding=\"async\" width=\"300\" height=\"200\" src=\"https:\/\/www.photo-montier.org\/wp-content\/uploads\/exposants\/2022\/839_montier-01-300x200.jpg\" class=\"attachment-medium size-medium\" alt=\"Montier Photo Festival\" aria-describedby=\"gallery-1-46753\" srcset=\"https:\/\/www.photo-montier.org\/wp-content\/uploads\/exposants\/2022\/839_montier-01-300x200.jpg 300w, https:\/\/www.photo-montier.org\/wp-content\/uploads\/exposants\/2022\/839_montier-01-1024x683.jpg 1024w, https:\/\/www.photo-montier.org\/wp-content\/uploads\/exposants\/2022\/839_montier-01-768x513.jpg 768w, https:\/\/www.photo-montier.org\/wp-content\/uploads\/exposants\/2022\/839_montier-01-1536x1025.jpg 1536w, https:\/\/www.photo-montier.org\/wp-content\/uploads\/exposants\/2022\/839_montier-01-2048x1367.jpg 2048w, https:\/\/www.photo-montier.org\/wp-content\/uploads\/exposants\/2022\/839_montier-01-600x400.jpg 600w, https:\/\/www.photo-montier.org\/wp-content\/uploads\/exposants\/2022\/839_montier-01-315x210.jpg 315w, https:\/\/www.photo-montier.org\/wp-content\/uploads\/exposants\/2022\/839_montier-01-1320x881.jpg 1320w\" sizes=\"(max-width: 300px) 100vw, 300px\" \/><\/a>\n\t\t\t<\/dt>\n\t\t\t\t<dd class='wp-caption-text gallery-caption' id='gallery-1-46753'>\n\t\t\t\t839_montier-01.jpg &#8211; \n\t\t\t\t<\/dd><\/dl><dl class='gallery-item'>\n\t\t\t<dt class='gallery-icon landscape'>\n\t\t\t\t<a href='https:\/\/www.photo-montier.org\/wp-content\/uploads\/exposants\/2022\/original\/839_montier-13-1024x683.jpg'><img decoding=\"async\" width=\"300\" height=\"200\" src=\"https:\/\/www.photo-montier.org\/wp-content\/uploads\/exposants\/2022\/original\/839_montier-13-300x200.jpg\" class=\"attachment-medium size-medium\" alt=\"Montier Photo Festival\" aria-describedby=\"gallery-1-46745\" srcset=\"https:\/\/www.photo-montier.org\/wp-content\/uploads\/exposants\/2022\/original\/839_montier-13-300x200.jpg 300w, https:\/\/www.photo-montier.org\/wp-content\/uploads\/exposants\/2022\/original\/839_montier-13-1024x683.jpg 1024w, https:\/\/www.photo-montier.org\/wp-content\/uploads\/exposants\/2022\/original\/839_montier-13-768x513.jpg 768w, https:\/\/www.photo-montier.org\/wp-content\/uploads\/exposants\/2022\/original\/839_montier-13-1536x1025.jpg 1536w, https:\/\/www.photo-montier.org\/wp-content\/uploads\/exposants\/2022\/original\/839_montier-13-2048x1367.jpg 2048w, https:\/\/www.photo-montier.org\/wp-content\/uploads\/exposants\/2022\/original\/839_montier-13-600x400.jpg 600w, https:\/\/www.photo-montier.org\/wp-content\/uploads\/exposants\/2022\/original\/839_montier-13-315x210.jpg 315w, https:\/\/www.photo-montier.org\/wp-content\/uploads\/exposants\/2022\/original\/839_montier-13-1320x881.jpg 1320w\" sizes=\"(max-width: 300px) 100vw, 300px\" \/><\/a>\n\t\t\t<\/dt>\n\t\t\t\t<dd class='wp-caption-text gallery-caption' id='gallery-1-46745'>\n\t\t\t\tSonge aquarelle &#8211; Yves AUBOYER\n\t\t\t\t<\/dd><\/dl><dl class='gallery-item'>\n\t\t\t<dt class='gallery-icon landscape'>\n\t\t\t\t<a href='https:\/\/www.photo-montier.org\/wp-content\/uploads\/exposants\/2022\/839_montier-13-1024x683.jpg'><img decoding=\"async\" width=\"300\" height=\"200\" src=\"https:\/\/www.photo-montier.org\/wp-content\/uploads\/exposants\/2022\/839_montier-13-300x200.jpg\" class=\"attachment-medium size-medium\" alt=\"Montier Photo Festival\" aria-describedby=\"gallery-1-46747\" srcset=\"https:\/\/www.photo-montier.org\/wp-content\/uploads\/exposants\/2022\/839_montier-13-300x200.jpg 300w, https:\/\/www.photo-montier.org\/wp-content\/uploads\/exposants\/2022\/839_montier-13-1024x683.jpg 1024w, https:\/\/www.photo-montier.org\/wp-content\/uploads\/exposants\/2022\/839_montier-13-768x513.jpg 768w, https:\/\/www.photo-montier.org\/wp-content\/uploads\/exposants\/2022\/839_montier-13-1536x1025.jpg 1536w, https:\/\/www.photo-montier.org\/wp-content\/uploads\/exposants\/2022\/839_montier-13-2048x1367.jpg 2048w, https:\/\/www.photo-montier.org\/wp-content\/uploads\/exposants\/2022\/839_montier-13-600x400.jpg 600w, https:\/\/www.photo-montier.org\/wp-content\/uploads\/exposants\/2022\/839_montier-13-315x210.jpg 315w, https:\/\/www.photo-montier.org\/wp-content\/uploads\/exposants\/2022\/839_montier-13-1320x881.jpg 1320w\" sizes=\"(max-width: 300px) 100vw, 300px\" \/><\/a>\n\t\t\t<\/dt>\n\t\t\t\t<dd class='wp-caption-text gallery-caption' id='gallery-1-46747'>\n\t\t\t\tSonge aquarelle &#8211; Yves AUBOYER\n\t\t\t\t<\/dd><\/dl><dl class='gallery-item'>\n\t\t\t<dt class='gallery-icon landscape'>\n\t\t\t\t<a href='https:\/\/www.photo-montier.org\/wp-content\/uploads\/exposants\/2022\/original\/839_montier-12-1024x683.jpg'><img decoding=\"async\" width=\"300\" height=\"200\" src=\"https:\/\/www.photo-montier.org\/wp-content\/uploads\/exposants\/2022\/original\/839_montier-12-300x200.jpg\" class=\"attachment-medium size-medium\" alt=\"Montier Photo Festival\" aria-describedby=\"gallery-1-46741\" srcset=\"https:\/\/www.photo-montier.org\/wp-content\/uploads\/exposants\/2022\/original\/839_montier-12-300x200.jpg 300w, https:\/\/www.photo-montier.org\/wp-content\/uploads\/exposants\/2022\/original\/839_montier-12-1024x683.jpg 1024w, https:\/\/www.photo-montier.org\/wp-content\/uploads\/exposants\/2022\/original\/839_montier-12-768x513.jpg 768w, https:\/\/www.photo-montier.org\/wp-content\/uploads\/exposants\/2022\/original\/839_montier-12-1536x1025.jpg 1536w, https:\/\/www.photo-montier.org\/wp-content\/uploads\/exposants\/2022\/original\/839_montier-12-2048x1367.jpg 2048w, https:\/\/www.photo-montier.org\/wp-content\/uploads\/exposants\/2022\/original\/839_montier-12-600x400.jpg 600w, https:\/\/www.photo-montier.org\/wp-content\/uploads\/exposants\/2022\/original\/839_montier-12-315x210.jpg 315w, https:\/\/www.photo-montier.org\/wp-content\/uploads\/exposants\/2022\/original\/839_montier-12-1320x881.jpg 1320w\" sizes=\"(max-width: 300px) 100vw, 300px\" \/><\/a>\n\t\t\t<\/dt>\n\t\t\t\t<dd class='wp-caption-text gallery-caption' id='gallery-1-46741'>\n\t\t\t\tCuriosit\u00e9 &#8211; Yves AUBOYER\n\t\t\t\t<\/dd><\/dl><br style=\"clear: both\" \/><dl class='gallery-item'>\n\t\t\t<dt class='gallery-icon landscape'>\n\t\t\t\t<a href='https:\/\/www.photo-montier.org\/wp-content\/uploads\/exposants\/2022\/839_montier-12-1024x683.jpg'><img decoding=\"async\" width=\"300\" height=\"200\" src=\"https:\/\/www.photo-montier.org\/wp-content\/uploads\/exposants\/2022\/839_montier-12-300x200.jpg\" class=\"attachment-medium size-medium\" alt=\"Montier Photo Festival\" aria-describedby=\"gallery-1-46743\" srcset=\"https:\/\/www.photo-montier.org\/wp-content\/uploads\/exposants\/2022\/839_montier-12-300x200.jpg 300w, https:\/\/www.photo-montier.org\/wp-content\/uploads\/exposants\/2022\/839_montier-12-1024x683.jpg 1024w, https:\/\/www.photo-montier.org\/wp-content\/uploads\/exposants\/2022\/839_montier-12-768x513.jpg 768w, https:\/\/www.photo-montier.org\/wp-content\/uploads\/exposants\/2022\/839_montier-12-1536x1025.jpg 1536w, https:\/\/www.photo-montier.org\/wp-content\/uploads\/exposants\/2022\/839_montier-12-2048x1367.jpg 2048w, https:\/\/www.photo-montier.org\/wp-content\/uploads\/exposants\/2022\/839_montier-12-600x400.jpg 600w, https:\/\/www.photo-montier.org\/wp-content\/uploads\/exposants\/2022\/839_montier-12-315x210.jpg 315w, https:\/\/www.photo-montier.org\/wp-content\/uploads\/exposants\/2022\/839_montier-12-1320x881.jpg 1320w\" sizes=\"(max-width: 300px) 100vw, 300px\" \/><\/a>\n\t\t\t<\/dt>\n\t\t\t\t<dd class='wp-caption-text gallery-caption' id='gallery-1-46743'>\n\t\t\t\tCuriosit\u00e9 &#8211; Yves AUBOYER\n\t\t\t\t<\/dd><\/dl><dl class='gallery-item'>\n\t\t\t<dt class='gallery-icon landscape'>\n\t\t\t\t<a href='https:\/\/www.photo-montier.org\/wp-content\/uploads\/exposants\/2022\/original\/839_montier-03-1024x683.jpg'><img decoding=\"async\" width=\"300\" height=\"200\" src=\"https:\/\/www.photo-montier.org\/wp-content\/uploads\/exposants\/2022\/original\/839_montier-03-300x200.jpg\" class=\"attachment-medium size-medium\" alt=\"Montier Photo Festival\" aria-describedby=\"gallery-1-46737\" srcset=\"https:\/\/www.photo-montier.org\/wp-content\/uploads\/exposants\/2022\/original\/839_montier-03-300x200.jpg 300w, https:\/\/www.photo-montier.org\/wp-content\/uploads\/exposants\/2022\/original\/839_montier-03-1024x683.jpg 1024w, https:\/\/www.photo-montier.org\/wp-content\/uploads\/exposants\/2022\/original\/839_montier-03-768x513.jpg 768w, https:\/\/www.photo-montier.org\/wp-content\/uploads\/exposants\/2022\/original\/839_montier-03-1536x1025.jpg 1536w, https:\/\/www.photo-montier.org\/wp-content\/uploads\/exposants\/2022\/original\/839_montier-03-2048x1367.jpg 2048w, https:\/\/www.photo-montier.org\/wp-content\/uploads\/exposants\/2022\/original\/839_montier-03-600x400.jpg 600w, https:\/\/www.photo-montier.org\/wp-content\/uploads\/exposants\/2022\/original\/839_montier-03-315x210.jpg 315w, https:\/\/www.photo-montier.org\/wp-content\/uploads\/exposants\/2022\/original\/839_montier-03-1320x881.jpg 1320w\" sizes=\"(max-width: 300px) 100vw, 300px\" \/><\/a>\n\t\t\t<\/dt>\n\t\t\t\t<dd class='wp-caption-text gallery-caption' id='gallery-1-46737'>\n\t\t\t\tComplicit\u00e9 &#8211; Yves AUBOYER\n\t\t\t\t<\/dd><\/dl><dl class='gallery-item'>\n\t\t\t<dt class='gallery-icon landscape'>\n\t\t\t\t<a href='https:\/\/www.photo-montier.org\/wp-content\/uploads\/exposants\/2022\/839_montier-03-1024x683.jpg'><img decoding=\"async\" width=\"300\" height=\"200\" src=\"https:\/\/www.photo-montier.org\/wp-content\/uploads\/exposants\/2022\/839_montier-03-300x200.jpg\" class=\"attachment-medium size-medium\" alt=\"Montier Photo Festival\" aria-describedby=\"gallery-1-46739\" srcset=\"https:\/\/www.photo-montier.org\/wp-content\/uploads\/exposants\/2022\/839_montier-03-300x200.jpg 300w, https:\/\/www.photo-montier.org\/wp-content\/uploads\/exposants\/2022\/839_montier-03-1024x683.jpg 1024w, https:\/\/www.photo-montier.org\/wp-content\/uploads\/exposants\/2022\/839_montier-03-768x513.jpg 768w, https:\/\/www.photo-montier.org\/wp-content\/uploads\/exposants\/2022\/839_montier-03-1536x1025.jpg 1536w, https:\/\/www.photo-montier.org\/wp-content\/uploads\/exposants\/2022\/839_montier-03-2048x1367.jpg 2048w, https:\/\/www.photo-montier.org\/wp-content\/uploads\/exposants\/2022\/839_montier-03-600x400.jpg 600w, https:\/\/www.photo-montier.org\/wp-content\/uploads\/exposants\/2022\/839_montier-03-315x210.jpg 315w, https:\/\/www.photo-montier.org\/wp-content\/uploads\/exposants\/2022\/839_montier-03-1320x881.jpg 1320w\" sizes=\"(max-width: 300px) 100vw, 300px\" \/><\/a>\n\t\t\t<\/dt>\n\t\t\t\t<dd class='wp-caption-text gallery-caption' id='gallery-1-46739'>\n\t\t\t\tComplicit\u00e9 &#8211; Yves AUBOYER\n\t\t\t\t<\/dd><\/dl><dl class='gallery-item'>\n\t\t\t<dt class='gallery-icon landscape'>\n\t\t\t\t<a href='https:\/\/www.photo-montier.org\/wp-content\/uploads\/exposants\/2022\/original\/839_montier-02-1024x1024.jpg'><img decoding=\"async\" width=\"300\" height=\"300\" src=\"https:\/\/www.photo-montier.org\/wp-content\/uploads\/exposants\/2022\/original\/839_montier-02-300x300.jpg\" class=\"attachment-medium size-medium\" alt=\"Montier Photo Festival\" aria-describedby=\"gallery-1-46733\" srcset=\"https:\/\/www.photo-montier.org\/wp-content\/uploads\/exposants\/2022\/original\/839_montier-02-300x300.jpg 300w, https:\/\/www.photo-montier.org\/wp-content\/uploads\/exposants\/2022\/original\/839_montier-02-1024x1024.jpg 1024w, https:\/\/www.photo-montier.org\/wp-content\/uploads\/exposants\/2022\/original\/839_montier-02-150x150.jpg 150w, https:\/\/www.photo-montier.org\/wp-content\/uploads\/exposants\/2022\/original\/839_montier-02-768x768.jpg 768w, https:\/\/www.photo-montier.org\/wp-content\/uploads\/exposants\/2022\/original\/839_montier-02-1536x1536.jpg 1536w, https:\/\/www.photo-montier.org\/wp-content\/uploads\/exposants\/2022\/original\/839_montier-02-2048x2048.jpg 2048w, https:\/\/www.photo-montier.org\/wp-content\/uploads\/exposants\/2022\/original\/839_montier-02-400x400.jpg 400w, https:\/\/www.photo-montier.org\/wp-content\/uploads\/exposants\/2022\/original\/839_montier-02-200x200.jpg 200w, https:\/\/www.photo-montier.org\/wp-content\/uploads\/exposants\/2022\/original\/839_montier-02-210x210.jpg 210w, https:\/\/www.photo-montier.org\/wp-content\/uploads\/exposants\/2022\/original\/839_montier-02-1320x1320.jpg 1320w\" sizes=\"(max-width: 300px) 100vw, 300px\" \/><\/a>\n\t\t\t<\/dt>\n\t\t\t\t<dd class='wp-caption-text gallery-caption' id='gallery-1-46733'>\n\t\t\t\tR\u00eaves de lumi\u00e8re &#8211; Yves AUBOYER\n\t\t\t\t<\/dd><\/dl><br style=\"clear: both\" \/><dl class='gallery-item'>\n\t\t\t<dt class='gallery-icon landscape'>\n\t\t\t\t<a href='https:\/\/www.photo-montier.org\/wp-content\/uploads\/exposants\/2022\/839_montier-02-1024x1024.jpg'><img decoding=\"async\" width=\"300\" height=\"300\" src=\"https:\/\/www.photo-montier.org\/wp-content\/uploads\/exposants\/2022\/839_montier-02-300x300.jpg\" class=\"attachment-medium size-medium\" alt=\"Montier Photo Festival\" aria-describedby=\"gallery-1-46735\" srcset=\"https:\/\/www.photo-montier.org\/wp-content\/uploads\/exposants\/2022\/839_montier-02-300x300.jpg 300w, https:\/\/www.photo-montier.org\/wp-content\/uploads\/exposants\/2022\/839_montier-02-1024x1024.jpg 1024w, https:\/\/www.photo-montier.org\/wp-content\/uploads\/exposants\/2022\/839_montier-02-150x150.jpg 150w, https:\/\/www.photo-montier.org\/wp-content\/uploads\/exposants\/2022\/839_montier-02-768x768.jpg 768w, https:\/\/www.photo-montier.org\/wp-content\/uploads\/exposants\/2022\/839_montier-02-1536x1536.jpg 1536w, https:\/\/www.photo-montier.org\/wp-content\/uploads\/exposants\/2022\/839_montier-02-2048x2048.jpg 2048w, https:\/\/www.photo-montier.org\/wp-content\/uploads\/exposants\/2022\/839_montier-02-400x400.jpg 400w, https:\/\/www.photo-montier.org\/wp-content\/uploads\/exposants\/2022\/839_montier-02-200x200.jpg 200w, https:\/\/www.photo-montier.org\/wp-content\/uploads\/exposants\/2022\/839_montier-02-210x210.jpg 210w, https:\/\/www.photo-montier.org\/wp-content\/uploads\/exposants\/2022\/839_montier-02-1320x1320.jpg 1320w\" sizes=\"(max-width: 300px) 100vw, 300px\" \/><\/a>\n\t\t\t<\/dt>\n\t\t\t\t<dd class='wp-caption-text gallery-caption' id='gallery-1-46735'>\n\t\t\t\tR\u00eaves de lumi\u00e8re &#8211; Yves AUBOYER\n\t\t\t\t<\/dd><\/dl><dl class='gallery-item'>\n\t\t\t<dt class='gallery-icon landscape'>\n\t\t\t\t<a href='https:\/\/www.photo-montier.org\/wp-content\/uploads\/exposants\/2022\/839_montier-01-1024x683.jpg'><img decoding=\"async\" width=\"300\" height=\"200\" src=\"https:\/\/www.photo-montier.org\/wp-content\/uploads\/exposants\/2022\/839_montier-01-300x200.jpg\" class=\"attachment-medium size-medium\" alt=\"Montier Photo Festival\" aria-describedby=\"gallery-1-46731\" srcset=\"https:\/\/www.photo-montier.org\/wp-content\/uploads\/exposants\/2022\/839_montier-01-300x200.jpg 300w, https:\/\/www.photo-montier.org\/wp-content\/uploads\/exposants\/2022\/839_montier-01-1024x683.jpg 1024w, https:\/\/www.photo-montier.org\/wp-content\/uploads\/exposants\/2022\/839_montier-01-768x513.jpg 768w, https:\/\/www.photo-montier.org\/wp-content\/uploads\/exposants\/2022\/839_montier-01-1536x1025.jpg 1536w, https:\/\/www.photo-montier.org\/wp-content\/uploads\/exposants\/2022\/839_montier-01-2048x1367.jpg 2048w, https:\/\/www.photo-montier.org\/wp-content\/uploads\/exposants\/2022\/839_montier-01-600x400.jpg 600w, https:\/\/www.photo-montier.org\/wp-content\/uploads\/exposants\/2022\/839_montier-01-315x210.jpg 315w, https:\/\/www.photo-montier.org\/wp-content\/uploads\/exposants\/2022\/839_montier-01-1320x881.jpg 1320w\" sizes=\"(max-width: 300px) 100vw, 300px\" \/><\/a>\n\t\t\t<\/dt>\n\t\t\t\t<dd class='wp-caption-text gallery-caption' id='gallery-1-46731'>\n\t\t\t\tConvoitise &#8211; Yves AUBOYER\n\t\t\t\t<\/dd><\/dl><dl class='gallery-item'>\n\t\t\t<dt class='gallery-icon landscape'>\n\t\t\t\t<a href='https:\/\/www.photo-montier.org\/wp-content\/uploads\/exposants\/2022\/original\/839_montier-01-1024x683.jpg'><img decoding=\"async\" width=\"300\" height=\"200\" src=\"https:\/\/www.photo-montier.org\/wp-content\/uploads\/exposants\/2022\/original\/839_montier-01-300x200.jpg\" class=\"attachment-medium size-medium\" alt=\"Montier Photo Festival\" aria-describedby=\"gallery-1-46729\" srcset=\"https:\/\/www.photo-montier.org\/wp-content\/uploads\/exposants\/2022\/original\/839_montier-01-300x200.jpg 300w, https:\/\/www.photo-montier.org\/wp-content\/uploads\/exposants\/2022\/original\/839_montier-01-1024x683.jpg 1024w, https:\/\/www.photo-montier.org\/wp-content\/uploads\/exposants\/2022\/original\/839_montier-01-768x513.jpg 768w, https:\/\/www.photo-montier.org\/wp-content\/uploads\/exposants\/2022\/original\/839_montier-01-1536x1025.jpg 1536w, https:\/\/www.photo-montier.org\/wp-content\/uploads\/exposants\/2022\/original\/839_montier-01-2048x1367.jpg 2048w, https:\/\/www.photo-montier.org\/wp-content\/uploads\/exposants\/2022\/original\/839_montier-01-600x400.jpg 600w, https:\/\/www.photo-montier.org\/wp-content\/uploads\/exposants\/2022\/original\/839_montier-01-315x210.jpg 315w, https:\/\/www.photo-montier.org\/wp-content\/uploads\/exposants\/2022\/original\/839_montier-01-1320x881.jpg 1320w\" sizes=\"(max-width: 300px) 100vw, 300px\" \/><\/a>\n\t\t\t<\/dt>\n\t\t\t\t<dd class='wp-caption-text gallery-caption' id='gallery-1-46729'>\n\t\t\t\tConvoitise &#8211; Yves AUBOYER\n\t\t\t\t<\/dd><\/dl><dl class='gallery-item'>\n\t\t\t<dt class='gallery-icon landscape'>\n\t\t\t\t<a href='https:\/\/www.photo-montier.org\/wp-content\/uploads\/exposants\/2022\/original\/839_montier-01-1024x683.jpg'><img decoding=\"async\" width=\"300\" height=\"200\" src=\"https:\/\/www.photo-montier.org\/wp-content\/uploads\/exposants\/2022\/original\/839_montier-01-300x200.jpg\" class=\"attachment-medium size-medium\" alt=\"Montier Photo Festival\" aria-describedby=\"gallery-1-46725\" srcset=\"https:\/\/www.photo-montier.org\/wp-content\/uploads\/exposants\/2022\/original\/839_montier-01-300x200.jpg 300w, https:\/\/www.photo-montier.org\/wp-content\/uploads\/exposants\/2022\/original\/839_montier-01-1024x683.jpg 1024w, https:\/\/www.photo-montier.org\/wp-content\/uploads\/exposants\/2022\/original\/839_montier-01-768x513.jpg 768w, https:\/\/www.photo-montier.org\/wp-content\/uploads\/exposants\/2022\/original\/839_montier-01-1536x1025.jpg 1536w, https:\/\/www.photo-montier.org\/wp-content\/uploads\/exposants\/2022\/original\/839_montier-01-2048x1367.jpg 2048w, https:\/\/www.photo-montier.org\/wp-content\/uploads\/exposants\/2022\/original\/839_montier-01-600x400.jpg 600w, https:\/\/www.photo-montier.org\/wp-content\/uploads\/exposants\/2022\/original\/839_montier-01-315x210.jpg 315w, https:\/\/www.photo-montier.org\/wp-content\/uploads\/exposants\/2022\/original\/839_montier-01-1320x881.jpg 1320w\" sizes=\"(max-width: 300px) 100vw, 300px\" \/><\/a>\n\t\t\t<\/dt>\n\t\t\t\t<dd class='wp-caption-text gallery-caption' id='gallery-1-46725'>\n\t\t\t\t839_montier-01.jpg &#8211; \n\t\t\t\t<\/dd><\/dl><br style=\"clear: both\" \/><dl class='gallery-item'>\n\t\t\t<dt class='gallery-icon landscape'>\n\t\t\t\t<a href='https:\/\/www.photo-montier.org\/wp-content\/uploads\/exposants\/2022\/839_montier-01-1024x683.jpg'><img decoding=\"async\" width=\"300\" height=\"200\" src=\"https:\/\/www.photo-montier.org\/wp-content\/uploads\/exposants\/2022\/839_montier-01-300x200.jpg\" class=\"attachment-medium size-medium\" alt=\"Montier Photo Festival\" aria-describedby=\"gallery-1-46727\" srcset=\"https:\/\/www.photo-montier.org\/wp-content\/uploads\/exposants\/2022\/839_montier-01-300x200.jpg 300w, https:\/\/www.photo-montier.org\/wp-content\/uploads\/exposants\/2022\/839_montier-01-1024x683.jpg 1024w, https:\/\/www.photo-montier.org\/wp-content\/uploads\/exposants\/2022\/839_montier-01-768x513.jpg 768w, https:\/\/www.photo-montier.org\/wp-content\/uploads\/exposants\/2022\/839_montier-01-1536x1025.jpg 1536w, https:\/\/www.photo-montier.org\/wp-content\/uploads\/exposants\/2022\/839_montier-01-2048x1367.jpg 2048w, https:\/\/www.photo-montier.org\/wp-content\/uploads\/exposants\/2022\/839_montier-01-600x400.jpg 600w, https:\/\/www.photo-montier.org\/wp-content\/uploads\/exposants\/2022\/839_montier-01-315x210.jpg 315w, https:\/\/www.photo-montier.org\/wp-content\/uploads\/exposants\/2022\/839_montier-01-1320x881.jpg 1320w\" sizes=\"(max-width: 300px) 100vw, 300px\" \/><\/a>\n\t\t\t<\/dt>\n\t\t\t\t<dd class='wp-caption-text gallery-caption' id='gallery-1-46727'>\n\t\t\t\t839_montier-01.jpg &#8211; \n\t\t\t\t<\/dd><\/dl><dl class='gallery-item'>\n\t\t\t<dt class='gallery-icon landscape'>\n\t\t\t\t<a href='https:\/\/www.photo-montier.org\/wp-content\/uploads\/exposants\/2022\/original\/839_montier-12-1024x683.jpg'><img decoding=\"async\" width=\"300\" height=\"200\" src=\"https:\/\/www.photo-montier.org\/wp-content\/uploads\/exposants\/2022\/original\/839_montier-12-300x200.jpg\" class=\"attachment-medium size-medium\" alt=\"Montier Photo Festival\" aria-describedby=\"gallery-1-46721\" srcset=\"https:\/\/www.photo-montier.org\/wp-content\/uploads\/exposants\/2022\/original\/839_montier-12-300x200.jpg 300w, https:\/\/www.photo-montier.org\/wp-content\/uploads\/exposants\/2022\/original\/839_montier-12-1024x683.jpg 1024w, https:\/\/www.photo-montier.org\/wp-content\/uploads\/exposants\/2022\/original\/839_montier-12-768x513.jpg 768w, https:\/\/www.photo-montier.org\/wp-content\/uploads\/exposants\/2022\/original\/839_montier-12-1536x1025.jpg 1536w, https:\/\/www.photo-montier.org\/wp-content\/uploads\/exposants\/2022\/original\/839_montier-12-2048x1367.jpg 2048w, https:\/\/www.photo-montier.org\/wp-content\/uploads\/exposants\/2022\/original\/839_montier-12-600x400.jpg 600w, https:\/\/www.photo-montier.org\/wp-content\/uploads\/exposants\/2022\/original\/839_montier-12-315x210.jpg 315w, https:\/\/www.photo-montier.org\/wp-content\/uploads\/exposants\/2022\/original\/839_montier-12-1320x881.jpg 1320w\" sizes=\"(max-width: 300px) 100vw, 300px\" \/><\/a>\n\t\t\t<\/dt>\n\t\t\t\t<dd class='wp-caption-text gallery-caption' id='gallery-1-46721'>\n\t\t\t\tCuriosit\u00e9 &#8211; Yves AUBOYER\n\t\t\t\t<\/dd><\/dl><dl class='gallery-item'>\n\t\t\t<dt class='gallery-icon landscape'>\n\t\t\t\t<a href='https:\/\/www.photo-montier.org\/wp-content\/uploads\/exposants\/2022\/839_montier-12-1024x683.jpg'><img decoding=\"async\" width=\"300\" height=\"200\" src=\"https:\/\/www.photo-montier.org\/wp-content\/uploads\/exposants\/2022\/839_montier-12-300x200.jpg\" class=\"attachment-medium size-medium\" alt=\"Montier Photo Festival\" aria-describedby=\"gallery-1-46723\" srcset=\"https:\/\/www.photo-montier.org\/wp-content\/uploads\/exposants\/2022\/839_montier-12-300x200.jpg 300w, https:\/\/www.photo-montier.org\/wp-content\/uploads\/exposants\/2022\/839_montier-12-1024x683.jpg 1024w, https:\/\/www.photo-montier.org\/wp-content\/uploads\/exposants\/2022\/839_montier-12-768x513.jpg 768w, https:\/\/www.photo-montier.org\/wp-content\/uploads\/exposants\/2022\/839_montier-12-1536x1025.jpg 1536w, https:\/\/www.photo-montier.org\/wp-content\/uploads\/exposants\/2022\/839_montier-12-2048x1367.jpg 2048w, https:\/\/www.photo-montier.org\/wp-content\/uploads\/exposants\/2022\/839_montier-12-600x400.jpg 600w, https:\/\/www.photo-montier.org\/wp-content\/uploads\/exposants\/2022\/839_montier-12-315x210.jpg 315w, https:\/\/www.photo-montier.org\/wp-content\/uploads\/exposants\/2022\/839_montier-12-1320x881.jpg 1320w\" sizes=\"(max-width: 300px) 100vw, 300px\" \/><\/a>\n\t\t\t<\/dt>\n\t\t\t\t<dd class='wp-caption-text gallery-caption' id='gallery-1-46723'>\n\t\t\t\tCuriosit\u00e9 &#8211; Yves AUBOYER\n\t\t\t\t<\/dd><\/dl><dl class='gallery-item'>\n\t\t\t<dt class='gallery-icon landscape'>\n\t\t\t\t<a href='https:\/\/www.photo-montier.org\/wp-content\/uploads\/exposants\/2022\/original\/839_montier-03-1024x683.jpg'><img decoding=\"async\" width=\"300\" height=\"200\" src=\"https:\/\/www.photo-montier.org\/wp-content\/uploads\/exposants\/2022\/original\/839_montier-03-300x200.jpg\" class=\"attachment-medium size-medium\" alt=\"Montier Photo Festival\" aria-describedby=\"gallery-1-46717\" srcset=\"https:\/\/www.photo-montier.org\/wp-content\/uploads\/exposants\/2022\/original\/839_montier-03-300x200.jpg 300w, https:\/\/www.photo-montier.org\/wp-content\/uploads\/exposants\/2022\/original\/839_montier-03-1024x683.jpg 1024w, https:\/\/www.photo-montier.org\/wp-content\/uploads\/exposants\/2022\/original\/839_montier-03-768x513.jpg 768w, https:\/\/www.photo-montier.org\/wp-content\/uploads\/exposants\/2022\/original\/839_montier-03-1536x1025.jpg 1536w, https:\/\/www.photo-montier.org\/wp-content\/uploads\/exposants\/2022\/original\/839_montier-03-2048x1367.jpg 2048w, https:\/\/www.photo-montier.org\/wp-content\/uploads\/exposants\/2022\/original\/839_montier-03-600x400.jpg 600w, https:\/\/www.photo-montier.org\/wp-content\/uploads\/exposants\/2022\/original\/839_montier-03-315x210.jpg 315w, https:\/\/www.photo-montier.org\/wp-content\/uploads\/exposants\/2022\/original\/839_montier-03-1320x881.jpg 1320w\" sizes=\"(max-width: 300px) 100vw, 300px\" \/><\/a>\n\t\t\t<\/dt>\n\t\t\t\t<dd class='wp-caption-text gallery-caption' id='gallery-1-46717'>\n\t\t\t\tComplicit\u00e9 &#8211; Yves AUBOYER\n\t\t\t\t<\/dd><\/dl><br style=\"clear: both\" \/><dl class='gallery-item'>\n\t\t\t<dt class='gallery-icon landscape'>\n\t\t\t\t<a href='https:\/\/www.photo-montier.org\/wp-content\/uploads\/exposants\/2022\/839_montier-03-1024x683.jpg'><img decoding=\"async\" width=\"300\" height=\"200\" src=\"https:\/\/www.photo-montier.org\/wp-content\/uploads\/exposants\/2022\/839_montier-03-300x200.jpg\" class=\"attachment-medium size-medium\" alt=\"Montier Photo Festival\" aria-describedby=\"gallery-1-46719\" srcset=\"https:\/\/www.photo-montier.org\/wp-content\/uploads\/exposants\/2022\/839_montier-03-300x200.jpg 300w, https:\/\/www.photo-montier.org\/wp-content\/uploads\/exposants\/2022\/839_montier-03-1024x683.jpg 1024w, https:\/\/www.photo-montier.org\/wp-content\/uploads\/exposants\/2022\/839_montier-03-768x513.jpg 768w, https:\/\/www.photo-montier.org\/wp-content\/uploads\/exposants\/2022\/839_montier-03-1536x1025.jpg 1536w, https:\/\/www.photo-montier.org\/wp-content\/uploads\/exposants\/2022\/839_montier-03-2048x1367.jpg 2048w, https:\/\/www.photo-montier.org\/wp-content\/uploads\/exposants\/2022\/839_montier-03-600x400.jpg 600w, https:\/\/www.photo-montier.org\/wp-content\/uploads\/exposants\/2022\/839_montier-03-315x210.jpg 315w, https:\/\/www.photo-montier.org\/wp-content\/uploads\/exposants\/2022\/839_montier-03-1320x881.jpg 1320w\" sizes=\"(max-width: 300px) 100vw, 300px\" \/><\/a>\n\t\t\t<\/dt>\n\t\t\t\t<dd class='wp-caption-text gallery-caption' id='gallery-1-46719'>\n\t\t\t\tComplicit\u00e9 &#8211; Yves AUBOYER\n\t\t\t\t<\/dd><\/dl><dl class='gallery-item'>\n\t\t\t<dt class='gallery-icon landscape'>\n\t\t\t\t<a href='https:\/\/www.photo-montier.org\/wp-content\/uploads\/exposants\/2022\/original\/839_montier-02-1024x1024.jpg'><img decoding=\"async\" width=\"300\" height=\"300\" src=\"https:\/\/www.photo-montier.org\/wp-content\/uploads\/exposants\/2022\/original\/839_montier-02-300x300.jpg\" class=\"attachment-medium size-medium\" alt=\"Montier Photo Festival\" aria-describedby=\"gallery-1-46713\" srcset=\"https:\/\/www.photo-montier.org\/wp-content\/uploads\/exposants\/2022\/original\/839_montier-02-300x300.jpg 300w, https:\/\/www.photo-montier.org\/wp-content\/uploads\/exposants\/2022\/original\/839_montier-02-1024x1024.jpg 1024w, https:\/\/www.photo-montier.org\/wp-content\/uploads\/exposants\/2022\/original\/839_montier-02-150x150.jpg 150w, https:\/\/www.photo-montier.org\/wp-content\/uploads\/exposants\/2022\/original\/839_montier-02-768x768.jpg 768w, https:\/\/www.photo-montier.org\/wp-content\/uploads\/exposants\/2022\/original\/839_montier-02-1536x1536.jpg 1536w, https:\/\/www.photo-montier.org\/wp-content\/uploads\/exposants\/2022\/original\/839_montier-02-2048x2048.jpg 2048w, https:\/\/www.photo-montier.org\/wp-content\/uploads\/exposants\/2022\/original\/839_montier-02-400x400.jpg 400w, https:\/\/www.photo-montier.org\/wp-content\/uploads\/exposants\/2022\/original\/839_montier-02-200x200.jpg 200w, https:\/\/www.photo-montier.org\/wp-content\/uploads\/exposants\/2022\/original\/839_montier-02-210x210.jpg 210w, https:\/\/www.photo-montier.org\/wp-content\/uploads\/exposants\/2022\/original\/839_montier-02-1320x1320.jpg 1320w\" sizes=\"(max-width: 300px) 100vw, 300px\" \/><\/a>\n\t\t\t<\/dt>\n\t\t\t\t<dd class='wp-caption-text gallery-caption' id='gallery-1-46713'>\n\t\t\t\tR\u00eaves de lumi\u00e8re &#8211; Yves AUBOYER\n\t\t\t\t<\/dd><\/dl><dl class='gallery-item'>\n\t\t\t<dt class='gallery-icon landscape'>\n\t\t\t\t<a href='https:\/\/www.photo-montier.org\/wp-content\/uploads\/exposants\/2022\/839_montier-02-1024x1024.jpg'><img decoding=\"async\" width=\"300\" height=\"300\" src=\"https:\/\/www.photo-montier.org\/wp-content\/uploads\/exposants\/2022\/839_montier-02-300x300.jpg\" class=\"attachment-medium size-medium\" alt=\"Montier Photo Festival\" aria-describedby=\"gallery-1-46715\" srcset=\"https:\/\/www.photo-montier.org\/wp-content\/uploads\/exposants\/2022\/839_montier-02-300x300.jpg 300w, https:\/\/www.photo-montier.org\/wp-content\/uploads\/exposants\/2022\/839_montier-02-1024x1024.jpg 1024w, https:\/\/www.photo-montier.org\/wp-content\/uploads\/exposants\/2022\/839_montier-02-150x150.jpg 150w, https:\/\/www.photo-montier.org\/wp-content\/uploads\/exposants\/2022\/839_montier-02-768x768.jpg 768w, https:\/\/www.photo-montier.org\/wp-content\/uploads\/exposants\/2022\/839_montier-02-1536x1536.jpg 1536w, https:\/\/www.photo-montier.org\/wp-content\/uploads\/exposants\/2022\/839_montier-02-2048x2048.jpg 2048w, https:\/\/www.photo-montier.org\/wp-content\/uploads\/exposants\/2022\/839_montier-02-400x400.jpg 400w, https:\/\/www.photo-montier.org\/wp-content\/uploads\/exposants\/2022\/839_montier-02-200x200.jpg 200w, https:\/\/www.photo-montier.org\/wp-content\/uploads\/exposants\/2022\/839_montier-02-210x210.jpg 210w, https:\/\/www.photo-montier.org\/wp-content\/uploads\/exposants\/2022\/839_montier-02-1320x1320.jpg 1320w\" sizes=\"(max-width: 300px) 100vw, 300px\" \/><\/a>\n\t\t\t<\/dt>\n\t\t\t\t<dd class='wp-caption-text gallery-caption' id='gallery-1-46715'>\n\t\t\t\tR\u00eaves de lumi\u00e8re &#8211; Yves AUBOYER\n\t\t\t\t<\/dd><\/dl><dl class='gallery-item'>\n\t\t\t<dt class='gallery-icon landscape'>\n\t\t\t\t<a href='https:\/\/www.photo-montier.org\/wp-content\/uploads\/exposants\/2022\/original\/839_montier-01-1024x683.jpg'><img decoding=\"async\" width=\"300\" height=\"200\" src=\"https:\/\/www.photo-montier.org\/wp-content\/uploads\/exposants\/2022\/original\/839_montier-01-300x200.jpg\" class=\"attachment-medium size-medium\" alt=\"Montier Photo Festival\" aria-describedby=\"gallery-1-46709\" srcset=\"https:\/\/www.photo-montier.org\/wp-content\/uploads\/exposants\/2022\/original\/839_montier-01-300x200.jpg 300w, https:\/\/www.photo-montier.org\/wp-content\/uploads\/exposants\/2022\/original\/839_montier-01-1024x683.jpg 1024w, https:\/\/www.photo-montier.org\/wp-content\/uploads\/exposants\/2022\/original\/839_montier-01-768x513.jpg 768w, https:\/\/www.photo-montier.org\/wp-content\/uploads\/exposants\/2022\/original\/839_montier-01-1536x1025.jpg 1536w, https:\/\/www.photo-montier.org\/wp-content\/uploads\/exposants\/2022\/original\/839_montier-01-2048x1367.jpg 2048w, https:\/\/www.photo-montier.org\/wp-content\/uploads\/exposants\/2022\/original\/839_montier-01-600x400.jpg 600w, https:\/\/www.photo-montier.org\/wp-content\/uploads\/exposants\/2022\/original\/839_montier-01-315x210.jpg 315w, https:\/\/www.photo-montier.org\/wp-content\/uploads\/exposants\/2022\/original\/839_montier-01-1320x881.jpg 1320w\" sizes=\"(max-width: 300px) 100vw, 300px\" \/><\/a>\n\t\t\t<\/dt>\n\t\t\t\t<dd class='wp-caption-text gallery-caption' id='gallery-1-46709'>\n\t\t\t\tConvoitise &#8211; Yves AUBOYER\n\t\t\t\t<\/dd><\/dl><br style=\"clear: both\" \/><dl class='gallery-item'>\n\t\t\t<dt class='gallery-icon landscape'>\n\t\t\t\t<a href='https:\/\/www.photo-montier.org\/wp-content\/uploads\/exposants\/2022\/839_montier-01-1024x683.jpg'><img decoding=\"async\" width=\"300\" height=\"200\" src=\"https:\/\/www.photo-montier.org\/wp-content\/uploads\/exposants\/2022\/839_montier-01-300x200.jpg\" class=\"attachment-medium size-medium\" alt=\"Montier Photo Festival\" aria-describedby=\"gallery-1-46711\" srcset=\"https:\/\/www.photo-montier.org\/wp-content\/uploads\/exposants\/2022\/839_montier-01-300x200.jpg 300w, https:\/\/www.photo-montier.org\/wp-content\/uploads\/exposants\/2022\/839_montier-01-1024x683.jpg 1024w, https:\/\/www.photo-montier.org\/wp-content\/uploads\/exposants\/2022\/839_montier-01-768x513.jpg 768w, https:\/\/www.photo-montier.org\/wp-content\/uploads\/exposants\/2022\/839_montier-01-1536x1025.jpg 1536w, https:\/\/www.photo-montier.org\/wp-content\/uploads\/exposants\/2022\/839_montier-01-2048x1367.jpg 2048w, https:\/\/www.photo-montier.org\/wp-content\/uploads\/exposants\/2022\/839_montier-01-600x400.jpg 600w, https:\/\/www.photo-montier.org\/wp-content\/uploads\/exposants\/2022\/839_montier-01-315x210.jpg 315w, https:\/\/www.photo-montier.org\/wp-content\/uploads\/exposants\/2022\/839_montier-01-1320x881.jpg 1320w\" sizes=\"(max-width: 300px) 100vw, 300px\" \/><\/a>\n\t\t\t<\/dt>\n\t\t\t\t<dd class='wp-caption-text gallery-caption' id='gallery-1-46711'>\n\t\t\t\tConvoitise &#8211; Yves AUBOYER\n\t\t\t\t<\/dd><\/dl><dl class='gallery-item'>\n\t\t\t<dt class='gallery-icon landscape'>\n\t\t\t\t<a href='https:\/\/www.photo-montier.org\/wp-content\/uploads\/exposants\/2022\/original\/839_montier-01-1024x683.jpg'><img decoding=\"async\" width=\"300\" height=\"200\" src=\"https:\/\/www.photo-montier.org\/wp-content\/uploads\/exposants\/2022\/original\/839_montier-01-300x200.jpg\" class=\"attachment-medium size-medium\" alt=\"Montier Photo Festival\" aria-describedby=\"gallery-1-46705\" srcset=\"https:\/\/www.photo-montier.org\/wp-content\/uploads\/exposants\/2022\/original\/839_montier-01-300x200.jpg 300w, https:\/\/www.photo-montier.org\/wp-content\/uploads\/exposants\/2022\/original\/839_montier-01-1024x683.jpg 1024w, https:\/\/www.photo-montier.org\/wp-content\/uploads\/exposants\/2022\/original\/839_montier-01-768x513.jpg 768w, https:\/\/www.photo-montier.org\/wp-content\/uploads\/exposants\/2022\/original\/839_montier-01-1536x1025.jpg 1536w, https:\/\/www.photo-montier.org\/wp-content\/uploads\/exposants\/2022\/original\/839_montier-01-2048x1367.jpg 2048w, https:\/\/www.photo-montier.org\/wp-content\/uploads\/exposants\/2022\/original\/839_montier-01-600x400.jpg 600w, https:\/\/www.photo-montier.org\/wp-content\/uploads\/exposants\/2022\/original\/839_montier-01-315x210.jpg 315w, https:\/\/www.photo-montier.org\/wp-content\/uploads\/exposants\/2022\/original\/839_montier-01-1320x881.jpg 1320w\" sizes=\"(max-width: 300px) 100vw, 300px\" \/><\/a>\n\t\t\t<\/dt>\n\t\t\t\t<dd class='wp-caption-text gallery-caption' id='gallery-1-46705'>\n\t\t\t\t839_montier-01.jpg &#8211; \n\t\t\t\t<\/dd><\/dl><dl class='gallery-item'>\n\t\t\t<dt class='gallery-icon landscape'>\n\t\t\t\t<a href='https:\/\/www.photo-montier.org\/wp-content\/uploads\/exposants\/2022\/839_montier-01-1024x683.jpg'><img decoding=\"async\" width=\"300\" height=\"200\" src=\"https:\/\/www.photo-montier.org\/wp-content\/uploads\/exposants\/2022\/839_montier-01-300x200.jpg\" class=\"attachment-medium size-medium\" alt=\"Montier Photo Festival\" aria-describedby=\"gallery-1-46707\" srcset=\"https:\/\/www.photo-montier.org\/wp-content\/uploads\/exposants\/2022\/839_montier-01-300x200.jpg 300w, https:\/\/www.photo-montier.org\/wp-content\/uploads\/exposants\/2022\/839_montier-01-1024x683.jpg 1024w, https:\/\/www.photo-montier.org\/wp-content\/uploads\/exposants\/2022\/839_montier-01-768x513.jpg 768w, https:\/\/www.photo-montier.org\/wp-content\/uploads\/exposants\/2022\/839_montier-01-1536x1025.jpg 1536w, https:\/\/www.photo-montier.org\/wp-content\/uploads\/exposants\/2022\/839_montier-01-2048x1367.jpg 2048w, https:\/\/www.photo-montier.org\/wp-content\/uploads\/exposants\/2022\/839_montier-01-600x400.jpg 600w, https:\/\/www.photo-montier.org\/wp-content\/uploads\/exposants\/2022\/839_montier-01-315x210.jpg 315w, https:\/\/www.photo-montier.org\/wp-content\/uploads\/exposants\/2022\/839_montier-01-1320x881.jpg 1320w\" sizes=\"(max-width: 300px) 100vw, 300px\" \/><\/a>\n\t\t\t<\/dt>\n\t\t\t\t<dd class='wp-caption-text gallery-caption' id='gallery-1-46707'>\n\t\t\t\t839_montier-01.jpg &#8211; \n\t\t\t\t<\/dd><\/dl><dl class='gallery-item'>\n\t\t\t<dt class='gallery-icon '>\n\t\t\t\t<a href='https:\/\/www.photo-montier.org\/wp-content\/uploads\/exposants\/2022\/original\/839_montier-13.jpg'><img decoding=\"async\" width=\"1\" height=\"1\" src=\"https:\/\/www.photo-montier.org\/wp-content\/uploads\/exposants\/2022\/original\/839_montier-13.jpg\" class=\"attachment-medium size-medium\" alt=\"Montier Photo Festival\" aria-describedby=\"gallery-1-46701\" \/><\/a>\n\t\t\t<\/dt>\n\t\t\t\t<dd class='wp-caption-text gallery-caption' id='gallery-1-46701'>\n\t\t\t\tSonge aquarelle &#8211; Yves AUBOYER\n\t\t\t\t<\/dd><\/dl><br style=\"clear: both\" \/><dl class='gallery-item'>\n\t\t\t<dt class='gallery-icon landscape'>\n\t\t\t\t<a href='https:\/\/www.photo-montier.org\/wp-content\/uploads\/exposants\/2022\/839_montier-13-1024x683.jpg'><img decoding=\"async\" width=\"300\" height=\"200\" src=\"https:\/\/www.photo-montier.org\/wp-content\/uploads\/exposants\/2022\/839_montier-13-300x200.jpg\" class=\"attachment-medium size-medium\" alt=\"Montier Photo Festival\" aria-describedby=\"gallery-1-46703\" srcset=\"https:\/\/www.photo-montier.org\/wp-content\/uploads\/exposants\/2022\/839_montier-13-300x200.jpg 300w, https:\/\/www.photo-montier.org\/wp-content\/uploads\/exposants\/2022\/839_montier-13-1024x683.jpg 1024w, https:\/\/www.photo-montier.org\/wp-content\/uploads\/exposants\/2022\/839_montier-13-768x513.jpg 768w, https:\/\/www.photo-montier.org\/wp-content\/uploads\/exposants\/2022\/839_montier-13-1536x1025.jpg 1536w, https:\/\/www.photo-montier.org\/wp-content\/uploads\/exposants\/2022\/839_montier-13-2048x1367.jpg 2048w, https:\/\/www.photo-montier.org\/wp-content\/uploads\/exposants\/2022\/839_montier-13-600x400.jpg 600w, https:\/\/www.photo-montier.org\/wp-content\/uploads\/exposants\/2022\/839_montier-13-315x210.jpg 315w\" sizes=\"(max-width: 300px) 100vw, 300px\" \/><\/a>\n\t\t\t<\/dt>\n\t\t\t\t<dd class='wp-caption-text gallery-caption' id='gallery-1-46703'>\n\t\t\t\tSonge aquarelle &#8211; Yves AUBOYER\n\t\t\t\t<\/dd><\/dl><dl class='gallery-item'>\n\t\t\t<dt class='gallery-icon landscape'>\n\t\t\t\t<a href='https:\/\/www.photo-montier.org\/wp-content\/uploads\/exposants\/2022\/original\/839_montier-12-1024x683.jpg'><img decoding=\"async\" width=\"300\" height=\"200\" src=\"https:\/\/www.photo-montier.org\/wp-content\/uploads\/exposants\/2022\/original\/839_montier-12-300x200.jpg\" class=\"attachment-medium size-medium\" alt=\"Montier Photo Festival\" aria-describedby=\"gallery-1-46697\" srcset=\"https:\/\/www.photo-montier.org\/wp-content\/uploads\/exposants\/2022\/original\/839_montier-12-300x200.jpg 300w, https:\/\/www.photo-montier.org\/wp-content\/uploads\/exposants\/2022\/original\/839_montier-12-1024x683.jpg 1024w, https:\/\/www.photo-montier.org\/wp-content\/uploads\/exposants\/2022\/original\/839_montier-12-768x513.jpg 768w, https:\/\/www.photo-montier.org\/wp-content\/uploads\/exposants\/2022\/original\/839_montier-12-1536x1025.jpg 1536w, https:\/\/www.photo-montier.org\/wp-content\/uploads\/exposants\/2022\/original\/839_montier-12-2048x1367.jpg 2048w, https:\/\/www.photo-montier.org\/wp-content\/uploads\/exposants\/2022\/original\/839_montier-12-600x400.jpg 600w, https:\/\/www.photo-montier.org\/wp-content\/uploads\/exposants\/2022\/original\/839_montier-12-315x210.jpg 315w, https:\/\/www.photo-montier.org\/wp-content\/uploads\/exposants\/2022\/original\/839_montier-12-1320x881.jpg 1320w\" sizes=\"(max-width: 300px) 100vw, 300px\" \/><\/a>\n\t\t\t<\/dt>\n\t\t\t\t<dd class='wp-caption-text gallery-caption' id='gallery-1-46697'>\n\t\t\t\tCuriosit\u00e9 &#8211; Yves AUBOYER\n\t\t\t\t<\/dd><\/dl><dl class='gallery-item'>\n\t\t\t<dt class='gallery-icon landscape'>\n\t\t\t\t<a href='https:\/\/www.photo-montier.org\/wp-content\/uploads\/exposants\/2022\/839_montier-12-1024x683.jpg'><img decoding=\"async\" width=\"300\" height=\"200\" src=\"https:\/\/www.photo-montier.org\/wp-content\/uploads\/exposants\/2022\/839_montier-12-300x200.jpg\" class=\"attachment-medium size-medium\" alt=\"Montier Photo Festival\" aria-describedby=\"gallery-1-46699\" srcset=\"https:\/\/www.photo-montier.org\/wp-content\/uploads\/exposants\/2022\/839_montier-12-300x200.jpg 300w, https:\/\/www.photo-montier.org\/wp-content\/uploads\/exposants\/2022\/839_montier-12-1024x683.jpg 1024w, https:\/\/www.photo-montier.org\/wp-content\/uploads\/exposants\/2022\/839_montier-12-768x513.jpg 768w, https:\/\/www.photo-montier.org\/wp-content\/uploads\/exposants\/2022\/839_montier-12-1536x1025.jpg 1536w, https:\/\/www.photo-montier.org\/wp-content\/uploads\/exposants\/2022\/839_montier-12-2048x1367.jpg 2048w, https:\/\/www.photo-montier.org\/wp-content\/uploads\/exposants\/2022\/839_montier-12-600x400.jpg 600w, https:\/\/www.photo-montier.org\/wp-content\/uploads\/exposants\/2022\/839_montier-12-315x210.jpg 315w, https:\/\/www.photo-montier.org\/wp-content\/uploads\/exposants\/2022\/839_montier-12-1320x881.jpg 1320w\" sizes=\"(max-width: 300px) 100vw, 300px\" \/><\/a>\n\t\t\t<\/dt>\n\t\t\t\t<dd class='wp-caption-text gallery-caption' id='gallery-1-46699'>\n\t\t\t\tCuriosit\u00e9 &#8211; Yves AUBOYER\n\t\t\t\t<\/dd><\/dl><dl class='gallery-item'>\n\t\t\t<dt class='gallery-icon landscape'>\n\t\t\t\t<a href='https:\/\/www.photo-montier.org\/wp-content\/uploads\/exposants\/2022\/839_montier-03-1024x683.jpg'><img decoding=\"async\" width=\"300\" height=\"200\" src=\"https:\/\/www.photo-montier.org\/wp-content\/uploads\/exposants\/2022\/839_montier-03-300x200.jpg\" class=\"attachment-medium size-medium\" alt=\"Montier Photo Festival\" aria-describedby=\"gallery-1-46695\" srcset=\"https:\/\/www.photo-montier.org\/wp-content\/uploads\/exposants\/2022\/839_montier-03-300x200.jpg 300w, https:\/\/www.photo-montier.org\/wp-content\/uploads\/exposants\/2022\/839_montier-03-1024x683.jpg 1024w, https:\/\/www.photo-montier.org\/wp-content\/uploads\/exposants\/2022\/839_montier-03-768x513.jpg 768w, https:\/\/www.photo-montier.org\/wp-content\/uploads\/exposants\/2022\/839_montier-03-1536x1025.jpg 1536w, https:\/\/www.photo-montier.org\/wp-content\/uploads\/exposants\/2022\/839_montier-03-2048x1367.jpg 2048w, https:\/\/www.photo-montier.org\/wp-content\/uploads\/exposants\/2022\/839_montier-03-600x400.jpg 600w, https:\/\/www.photo-montier.org\/wp-content\/uploads\/exposants\/2022\/839_montier-03-315x210.jpg 315w, https:\/\/www.photo-montier.org\/wp-content\/uploads\/exposants\/2022\/839_montier-03-1320x881.jpg 1320w\" sizes=\"(max-width: 300px) 100vw, 300px\" \/><\/a>\n\t\t\t<\/dt>\n\t\t\t\t<dd class='wp-caption-text gallery-caption' id='gallery-1-46695'>\n\t\t\t\tComplicit\u00e9 &#8211; Yves AUBOYER\n\t\t\t\t<\/dd><\/dl><br style=\"clear: both\" \/><dl class='gallery-item'>\n\t\t\t<dt class='gallery-icon landscape'>\n\t\t\t\t<a href='https:\/\/www.photo-montier.org\/wp-content\/uploads\/exposants\/2022\/original\/839_montier-03-1024x683.jpg'><img decoding=\"async\" width=\"300\" height=\"200\" src=\"https:\/\/www.photo-montier.org\/wp-content\/uploads\/exposants\/2022\/original\/839_montier-03-300x200.jpg\" class=\"attachment-medium size-medium\" alt=\"Montier Photo Festival\" aria-describedby=\"gallery-1-46693\" srcset=\"https:\/\/www.photo-montier.org\/wp-content\/uploads\/exposants\/2022\/original\/839_montier-03-300x200.jpg 300w, https:\/\/www.photo-montier.org\/wp-content\/uploads\/exposants\/2022\/original\/839_montier-03-1024x683.jpg 1024w, https:\/\/www.photo-montier.org\/wp-content\/uploads\/exposants\/2022\/original\/839_montier-03-768x513.jpg 768w, https:\/\/www.photo-montier.org\/wp-content\/uploads\/exposants\/2022\/original\/839_montier-03-1536x1025.jpg 1536w, https:\/\/www.photo-montier.org\/wp-content\/uploads\/exposants\/2022\/original\/839_montier-03-2048x1367.jpg 2048w, https:\/\/www.photo-montier.org\/wp-content\/uploads\/exposants\/2022\/original\/839_montier-03-600x400.jpg 600w, https:\/\/www.photo-montier.org\/wp-content\/uploads\/exposants\/2022\/original\/839_montier-03-315x210.jpg 315w, https:\/\/www.photo-montier.org\/wp-content\/uploads\/exposants\/2022\/original\/839_montier-03-1320x881.jpg 1320w\" sizes=\"(max-width: 300px) 100vw, 300px\" \/><\/a>\n\t\t\t<\/dt>\n\t\t\t\t<dd class='wp-caption-text gallery-caption' id='gallery-1-46693'>\n\t\t\t\tComplicit\u00e9 &#8211; Yves AUBOYER\n\t\t\t\t<\/dd><\/dl><dl class='gallery-item'>\n\t\t\t<dt class='gallery-icon landscape'>\n\t\t\t\t<a href='https:\/\/www.photo-montier.org\/wp-content\/uploads\/exposants\/2022\/original\/839_montier-02-1024x1024.jpg'><img decoding=\"async\" width=\"300\" height=\"300\" src=\"https:\/\/www.photo-montier.org\/wp-content\/uploads\/exposants\/2022\/original\/839_montier-02-300x300.jpg\" class=\"attachment-medium size-medium\" alt=\"Montier Photo Festival\" aria-describedby=\"gallery-1-46689\" srcset=\"https:\/\/www.photo-montier.org\/wp-content\/uploads\/exposants\/2022\/original\/839_montier-02-300x300.jpg 300w, https:\/\/www.photo-montier.org\/wp-content\/uploads\/exposants\/2022\/original\/839_montier-02-1024x1024.jpg 1024w, https:\/\/www.photo-montier.org\/wp-content\/uploads\/exposants\/2022\/original\/839_montier-02-150x150.jpg 150w, https:\/\/www.photo-montier.org\/wp-content\/uploads\/exposants\/2022\/original\/839_montier-02-768x768.jpg 768w, https:\/\/www.photo-montier.org\/wp-content\/uploads\/exposants\/2022\/original\/839_montier-02-1536x1536.jpg 1536w, https:\/\/www.photo-montier.org\/wp-content\/uploads\/exposants\/2022\/original\/839_montier-02-2048x2048.jpg 2048w, https:\/\/www.photo-montier.org\/wp-content\/uploads\/exposants\/2022\/original\/839_montier-02-400x400.jpg 400w, https:\/\/www.photo-montier.org\/wp-content\/uploads\/exposants\/2022\/original\/839_montier-02-200x200.jpg 200w, https:\/\/www.photo-montier.org\/wp-content\/uploads\/exposants\/2022\/original\/839_montier-02-210x210.jpg 210w, https:\/\/www.photo-montier.org\/wp-content\/uploads\/exposants\/2022\/original\/839_montier-02-1320x1320.jpg 1320w\" sizes=\"(max-width: 300px) 100vw, 300px\" \/><\/a>\n\t\t\t<\/dt>\n\t\t\t\t<dd class='wp-caption-text gallery-caption' id='gallery-1-46689'>\n\t\t\t\tR\u00eaves de lumi\u00e8re &#8211; Yves AUBOYER\n\t\t\t\t<\/dd><\/dl><dl class='gallery-item'>\n\t\t\t<dt class='gallery-icon landscape'>\n\t\t\t\t<a href='https:\/\/www.photo-montier.org\/wp-content\/uploads\/exposants\/2022\/839_montier-02-1024x1024.jpg'><img decoding=\"async\" width=\"300\" height=\"300\" src=\"https:\/\/www.photo-montier.org\/wp-content\/uploads\/exposants\/2022\/839_montier-02-300x300.jpg\" class=\"attachment-medium size-medium\" alt=\"Montier Photo Festival\" aria-describedby=\"gallery-1-46691\" srcset=\"https:\/\/www.photo-montier.org\/wp-content\/uploads\/exposants\/2022\/839_montier-02-300x300.jpg 300w, https:\/\/www.photo-montier.org\/wp-content\/uploads\/exposants\/2022\/839_montier-02-1024x1024.jpg 1024w, https:\/\/www.photo-montier.org\/wp-content\/uploads\/exposants\/2022\/839_montier-02-150x150.jpg 150w, https:\/\/www.photo-montier.org\/wp-content\/uploads\/exposants\/2022\/839_montier-02-768x768.jpg 768w, https:\/\/www.photo-montier.org\/wp-content\/uploads\/exposants\/2022\/839_montier-02-1536x1536.jpg 1536w, https:\/\/www.photo-montier.org\/wp-content\/uploads\/exposants\/2022\/839_montier-02-2048x2048.jpg 2048w, https:\/\/www.photo-montier.org\/wp-content\/uploads\/exposants\/2022\/839_montier-02-400x400.jpg 400w, https:\/\/www.photo-montier.org\/wp-content\/uploads\/exposants\/2022\/839_montier-02-200x200.jpg 200w, https:\/\/www.photo-montier.org\/wp-content\/uploads\/exposants\/2022\/839_montier-02-210x210.jpg 210w, https:\/\/www.photo-montier.org\/wp-content\/uploads\/exposants\/2022\/839_montier-02-1320x1320.jpg 1320w\" sizes=\"(max-width: 300px) 100vw, 300px\" \/><\/a>\n\t\t\t<\/dt>\n\t\t\t\t<dd class='wp-caption-text gallery-caption' id='gallery-1-46691'>\n\t\t\t\tR\u00eaves de lumi\u00e8re &#8211; Yves AUBOYER\n\t\t\t\t<\/dd><\/dl><dl class='gallery-item'>\n\t\t\t<dt class='gallery-icon landscape'>\n\t\t\t\t<a href='https:\/\/www.photo-montier.org\/wp-content\/uploads\/exposants\/2022\/original\/839_montier-01-1024x683.jpg'><img decoding=\"async\" width=\"300\" height=\"200\" src=\"https:\/\/www.photo-montier.org\/wp-content\/uploads\/exposants\/2022\/original\/839_montier-01-300x200.jpg\" class=\"attachment-medium size-medium\" alt=\"Montier Photo Festival\" aria-describedby=\"gallery-1-46685\" srcset=\"https:\/\/www.photo-montier.org\/wp-content\/uploads\/exposants\/2022\/original\/839_montier-01-300x200.jpg 300w, https:\/\/www.photo-montier.org\/wp-content\/uploads\/exposants\/2022\/original\/839_montier-01-1024x683.jpg 1024w, https:\/\/www.photo-montier.org\/wp-content\/uploads\/exposants\/2022\/original\/839_montier-01-768x513.jpg 768w, https:\/\/www.photo-montier.org\/wp-content\/uploads\/exposants\/2022\/original\/839_montier-01-1536x1025.jpg 1536w, https:\/\/www.photo-montier.org\/wp-content\/uploads\/exposants\/2022\/original\/839_montier-01-2048x1367.jpg 2048w, https:\/\/www.photo-montier.org\/wp-content\/uploads\/exposants\/2022\/original\/839_montier-01-600x400.jpg 600w, https:\/\/www.photo-montier.org\/wp-content\/uploads\/exposants\/2022\/original\/839_montier-01-315x210.jpg 315w, https:\/\/www.photo-montier.org\/wp-content\/uploads\/exposants\/2022\/original\/839_montier-01-1320x881.jpg 1320w\" sizes=\"(max-width: 300px) 100vw, 300px\" \/><\/a>\n\t\t\t<\/dt>\n\t\t\t\t<dd class='wp-caption-text gallery-caption' id='gallery-1-46685'>\n\t\t\t\tConvoitise &#8211; Yves AUBOYER\n\t\t\t\t<\/dd><\/dl><br style=\"clear: both\" \/><dl class='gallery-item'>\n\t\t\t<dt class='gallery-icon landscape'>\n\t\t\t\t<a href='https:\/\/www.photo-montier.org\/wp-content\/uploads\/exposants\/2022\/839_montier-01-1024x683.jpg'><img decoding=\"async\" width=\"300\" height=\"200\" src=\"https:\/\/www.photo-montier.org\/wp-content\/uploads\/exposants\/2022\/839_montier-01-300x200.jpg\" class=\"attachment-medium size-medium\" alt=\"Montier Photo Festival\" aria-describedby=\"gallery-1-46687\" srcset=\"https:\/\/www.photo-montier.org\/wp-content\/uploads\/exposants\/2022\/839_montier-01-300x200.jpg 300w, https:\/\/www.photo-montier.org\/wp-content\/uploads\/exposants\/2022\/839_montier-01-1024x683.jpg 1024w, https:\/\/www.photo-montier.org\/wp-content\/uploads\/exposants\/2022\/839_montier-01-768x513.jpg 768w, https:\/\/www.photo-montier.org\/wp-content\/uploads\/exposants\/2022\/839_montier-01-1536x1025.jpg 1536w, https:\/\/www.photo-montier.org\/wp-content\/uploads\/exposants\/2022\/839_montier-01-2048x1367.jpg 2048w, https:\/\/www.photo-montier.org\/wp-content\/uploads\/exposants\/2022\/839_montier-01-600x400.jpg 600w, https:\/\/www.photo-montier.org\/wp-content\/uploads\/exposants\/2022\/839_montier-01-315x210.jpg 315w, https:\/\/www.photo-montier.org\/wp-content\/uploads\/exposants\/2022\/839_montier-01-1320x881.jpg 1320w\" sizes=\"(max-width: 300px) 100vw, 300px\" \/><\/a>\n\t\t\t<\/dt>\n\t\t\t\t<dd class='wp-caption-text gallery-caption' id='gallery-1-46687'>\n\t\t\t\tConvoitise &#8211; Yves AUBOYER\n\t\t\t\t<\/dd><\/dl><dl class='gallery-item'>\n\t\t\t<dt class='gallery-icon landscape'>\n\t\t\t\t<a href='https:\/\/www.photo-montier.org\/wp-content\/uploads\/exposants\/2022\/839_montier-01-1024x683.jpg'><img decoding=\"async\" width=\"300\" height=\"200\" src=\"https:\/\/www.photo-montier.org\/wp-content\/uploads\/exposants\/2022\/839_montier-01-300x200.jpg\" class=\"attachment-medium size-medium\" alt=\"Montier Photo Festival\" aria-describedby=\"gallery-1-46683\" srcset=\"https:\/\/www.photo-montier.org\/wp-content\/uploads\/exposants\/2022\/839_montier-01-300x200.jpg 300w, https:\/\/www.photo-montier.org\/wp-content\/uploads\/exposants\/2022\/839_montier-01-1024x683.jpg 1024w, https:\/\/www.photo-montier.org\/wp-content\/uploads\/exposants\/2022\/839_montier-01-768x513.jpg 768w, https:\/\/www.photo-montier.org\/wp-content\/uploads\/exposants\/2022\/839_montier-01-1536x1025.jpg 1536w, https:\/\/www.photo-montier.org\/wp-content\/uploads\/exposants\/2022\/839_montier-01-2048x1367.jpg 2048w, https:\/\/www.photo-montier.org\/wp-content\/uploads\/exposants\/2022\/839_montier-01-600x400.jpg 600w, https:\/\/www.photo-montier.org\/wp-content\/uploads\/exposants\/2022\/839_montier-01-315x210.jpg 315w, https:\/\/www.photo-montier.org\/wp-content\/uploads\/exposants\/2022\/839_montier-01-1320x881.jpg 1320w\" sizes=\"(max-width: 300px) 100vw, 300px\" \/><\/a>\n\t\t\t<\/dt>\n\t\t\t\t<dd class='wp-caption-text gallery-caption' id='gallery-1-46683'>\n\t\t\t\t839_montier-01.jpg &#8211; \n\t\t\t\t<\/dd><\/dl><dl class='gallery-item'>\n\t\t\t<dt class='gallery-icon landscape'>\n\t\t\t\t<a href='https:\/\/www.photo-montier.org\/wp-content\/uploads\/exposants\/2022\/original\/839_montier-01-1024x683.jpg'><img decoding=\"async\" width=\"300\" height=\"200\" src=\"https:\/\/www.photo-montier.org\/wp-content\/uploads\/exposants\/2022\/original\/839_montier-01-300x200.jpg\" class=\"attachment-medium size-medium\" alt=\"Montier Photo Festival\" aria-describedby=\"gallery-1-46681\" srcset=\"https:\/\/www.photo-montier.org\/wp-content\/uploads\/exposants\/2022\/original\/839_montier-01-300x200.jpg 300w, https:\/\/www.photo-montier.org\/wp-content\/uploads\/exposants\/2022\/original\/839_montier-01-1024x683.jpg 1024w, https:\/\/www.photo-montier.org\/wp-content\/uploads\/exposants\/2022\/original\/839_montier-01-768x513.jpg 768w, https:\/\/www.photo-montier.org\/wp-content\/uploads\/exposants\/2022\/original\/839_montier-01-1536x1025.jpg 1536w, https:\/\/www.photo-montier.org\/wp-content\/uploads\/exposants\/2022\/original\/839_montier-01-2048x1367.jpg 2048w, https:\/\/www.photo-montier.org\/wp-content\/uploads\/exposants\/2022\/original\/839_montier-01-600x400.jpg 600w, https:\/\/www.photo-montier.org\/wp-content\/uploads\/exposants\/2022\/original\/839_montier-01-315x210.jpg 315w, https:\/\/www.photo-montier.org\/wp-content\/uploads\/exposants\/2022\/original\/839_montier-01-1320x881.jpg 1320w\" sizes=\"(max-width: 300px) 100vw, 300px\" \/><\/a>\n\t\t\t<\/dt>\n\t\t\t\t<dd class='wp-caption-text gallery-caption' id='gallery-1-46681'>\n\t\t\t\t839_montier-01.jpg &#8211; \n\t\t\t\t<\/dd><\/dl><dl class='gallery-item'>\n\t\t\t<dt class='gallery-icon landscape'>\n\t\t\t\t<a href='https:\/\/www.photo-montier.org\/wp-content\/uploads\/exposants\/2022\/original\/839_montier-13-1024x683.jpg'><img decoding=\"async\" width=\"300\" height=\"200\" src=\"https:\/\/www.photo-montier.org\/wp-content\/uploads\/exposants\/2022\/original\/839_montier-13-300x200.jpg\" class=\"attachment-medium size-medium\" alt=\"Montier Photo Festival\" aria-describedby=\"gallery-1-46675\" srcset=\"https:\/\/www.photo-montier.org\/wp-content\/uploads\/exposants\/2022\/original\/839_montier-13-300x200.jpg 300w, https:\/\/www.photo-montier.org\/wp-content\/uploads\/exposants\/2022\/original\/839_montier-13-1024x683.jpg 1024w, https:\/\/www.photo-montier.org\/wp-content\/uploads\/exposants\/2022\/original\/839_montier-13-768x513.jpg 768w, https:\/\/www.photo-montier.org\/wp-content\/uploads\/exposants\/2022\/original\/839_montier-13-1536x1025.jpg 1536w, https:\/\/www.photo-montier.org\/wp-content\/uploads\/exposants\/2022\/original\/839_montier-13-2048x1367.jpg 2048w, https:\/\/www.photo-montier.org\/wp-content\/uploads\/exposants\/2022\/original\/839_montier-13-600x400.jpg 600w, https:\/\/www.photo-montier.org\/wp-content\/uploads\/exposants\/2022\/original\/839_montier-13-315x210.jpg 315w, https:\/\/www.photo-montier.org\/wp-content\/uploads\/exposants\/2022\/original\/839_montier-13-1320x881.jpg 1320w\" sizes=\"(max-width: 300px) 100vw, 300px\" \/><\/a>\n\t\t\t<\/dt>\n\t\t\t\t<dd class='wp-caption-text gallery-caption' id='gallery-1-46675'>\n\t\t\t\tSonge aquarelle &#8211; Yves AUBOYER\n\t\t\t\t<\/dd><\/dl><br style=\"clear: both\" \/><dl class='gallery-item'>\n\t\t\t<dt class='gallery-icon landscape'>\n\t\t\t\t<a href='https:\/\/www.photo-montier.org\/wp-content\/uploads\/exposants\/2022\/839_montier-13-1024x683.jpg'><img decoding=\"async\" width=\"300\" height=\"200\" src=\"https:\/\/www.photo-montier.org\/wp-content\/uploads\/exposants\/2022\/839_montier-13-300x200.jpg\" class=\"attachment-medium size-medium\" alt=\"Montier Photo Festival\" aria-describedby=\"gallery-1-46677\" srcset=\"https:\/\/www.photo-montier.org\/wp-content\/uploads\/exposants\/2022\/839_montier-13-300x200.jpg 300w, https:\/\/www.photo-montier.org\/wp-content\/uploads\/exposants\/2022\/839_montier-13-1024x683.jpg 1024w, https:\/\/www.photo-montier.org\/wp-content\/uploads\/exposants\/2022\/839_montier-13-768x513.jpg 768w, https:\/\/www.photo-montier.org\/wp-content\/uploads\/exposants\/2022\/839_montier-13-1536x1025.jpg 1536w, https:\/\/www.photo-montier.org\/wp-content\/uploads\/exposants\/2022\/839_montier-13-2048x1367.jpg 2048w, https:\/\/www.photo-montier.org\/wp-content\/uploads\/exposants\/2022\/839_montier-13-600x400.jpg 600w, https:\/\/www.photo-montier.org\/wp-content\/uploads\/exposants\/2022\/839_montier-13-315x210.jpg 315w, https:\/\/www.photo-montier.org\/wp-content\/uploads\/exposants\/2022\/839_montier-13-1320x881.jpg 1320w\" sizes=\"(max-width: 300px) 100vw, 300px\" \/><\/a>\n\t\t\t<\/dt>\n\t\t\t\t<dd class='wp-caption-text gallery-caption' id='gallery-1-46677'>\n\t\t\t\tSonge aquarelle &#8211; Yves AUBOYER\n\t\t\t\t<\/dd><\/dl><dl class='gallery-item'>\n\t\t\t<dt class='gallery-icon landscape'>\n\t\t\t\t<a href='https:\/\/www.photo-montier.org\/wp-content\/uploads\/exposants\/2022\/839_montier-12-1024x683.jpg'><img decoding=\"async\" width=\"300\" height=\"200\" src=\"https:\/\/www.photo-montier.org\/wp-content\/uploads\/exposants\/2022\/839_montier-12-300x200.jpg\" class=\"attachment-medium size-medium\" alt=\"Montier Photo Festival\" aria-describedby=\"gallery-1-46673\" srcset=\"https:\/\/www.photo-montier.org\/wp-content\/uploads\/exposants\/2022\/839_montier-12-300x200.jpg 300w, https:\/\/www.photo-montier.org\/wp-content\/uploads\/exposants\/2022\/839_montier-12-1024x683.jpg 1024w, https:\/\/www.photo-montier.org\/wp-content\/uploads\/exposants\/2022\/839_montier-12-768x513.jpg 768w, https:\/\/www.photo-montier.org\/wp-content\/uploads\/exposants\/2022\/839_montier-12-1536x1025.jpg 1536w, https:\/\/www.photo-montier.org\/wp-content\/uploads\/exposants\/2022\/839_montier-12-2048x1367.jpg 2048w, https:\/\/www.photo-montier.org\/wp-content\/uploads\/exposants\/2022\/839_montier-12-600x400.jpg 600w, https:\/\/www.photo-montier.org\/wp-content\/uploads\/exposants\/2022\/839_montier-12-315x210.jpg 315w, https:\/\/www.photo-montier.org\/wp-content\/uploads\/exposants\/2022\/839_montier-12-1320x881.jpg 1320w\" sizes=\"(max-width: 300px) 100vw, 300px\" \/><\/a>\n\t\t\t<\/dt>\n\t\t\t\t<dd class='wp-caption-text gallery-caption' id='gallery-1-46673'>\n\t\t\t\tCuriosit\u00e9 &#8211; Yves AUBOYER\n\t\t\t\t<\/dd><\/dl><dl class='gallery-item'>\n\t\t\t<dt class='gallery-icon landscape'>\n\t\t\t\t<a href='https:\/\/www.photo-montier.org\/wp-content\/uploads\/exposants\/2022\/original\/839_montier-12-1024x683.jpg'><img decoding=\"async\" width=\"300\" height=\"200\" src=\"https:\/\/www.photo-montier.org\/wp-content\/uploads\/exposants\/2022\/original\/839_montier-12-300x200.jpg\" class=\"attachment-medium size-medium\" alt=\"Montier Photo Festival\" aria-describedby=\"gallery-1-46671\" srcset=\"https:\/\/www.photo-montier.org\/wp-content\/uploads\/exposants\/2022\/original\/839_montier-12-300x200.jpg 300w, https:\/\/www.photo-montier.org\/wp-content\/uploads\/exposants\/2022\/original\/839_montier-12-1024x683.jpg 1024w, https:\/\/www.photo-montier.org\/wp-content\/uploads\/exposants\/2022\/original\/839_montier-12-768x513.jpg 768w, https:\/\/www.photo-montier.org\/wp-content\/uploads\/exposants\/2022\/original\/839_montier-12-1536x1025.jpg 1536w, https:\/\/www.photo-montier.org\/wp-content\/uploads\/exposants\/2022\/original\/839_montier-12-2048x1367.jpg 2048w, https:\/\/www.photo-montier.org\/wp-content\/uploads\/exposants\/2022\/original\/839_montier-12-600x400.jpg 600w, https:\/\/www.photo-montier.org\/wp-content\/uploads\/exposants\/2022\/original\/839_montier-12-315x210.jpg 315w, https:\/\/www.photo-montier.org\/wp-content\/uploads\/exposants\/2022\/original\/839_montier-12-1320x881.jpg 1320w\" sizes=\"(max-width: 300px) 100vw, 300px\" \/><\/a>\n\t\t\t<\/dt>\n\t\t\t\t<dd class='wp-caption-text gallery-caption' id='gallery-1-46671'>\n\t\t\t\tCuriosit\u00e9 &#8211; Yves AUBOYER\n\t\t\t\t<\/dd><\/dl><dl class='gallery-item'>\n\t\t\t<dt class='gallery-icon landscape'>\n\t\t\t\t<a href='https:\/\/www.photo-montier.org\/wp-content\/uploads\/exposants\/2022\/original\/839_montier-03-1024x683.jpg'><img decoding=\"async\" width=\"300\" height=\"200\" src=\"https:\/\/www.photo-montier.org\/wp-content\/uploads\/exposants\/2022\/original\/839_montier-03-300x200.jpg\" class=\"attachment-medium size-medium\" alt=\"Montier Photo Festival\" aria-describedby=\"gallery-1-46665\" srcset=\"https:\/\/www.photo-montier.org\/wp-content\/uploads\/exposants\/2022\/original\/839_montier-03-300x200.jpg 300w, https:\/\/www.photo-montier.org\/wp-content\/uploads\/exposants\/2022\/original\/839_montier-03-1024x683.jpg 1024w, https:\/\/www.photo-montier.org\/wp-content\/uploads\/exposants\/2022\/original\/839_montier-03-768x513.jpg 768w, https:\/\/www.photo-montier.org\/wp-content\/uploads\/exposants\/2022\/original\/839_montier-03-1536x1025.jpg 1536w, https:\/\/www.photo-montier.org\/wp-content\/uploads\/exposants\/2022\/original\/839_montier-03-2048x1367.jpg 2048w, https:\/\/www.photo-montier.org\/wp-content\/uploads\/exposants\/2022\/original\/839_montier-03-600x400.jpg 600w, https:\/\/www.photo-montier.org\/wp-content\/uploads\/exposants\/2022\/original\/839_montier-03-315x210.jpg 315w, https:\/\/www.photo-montier.org\/wp-content\/uploads\/exposants\/2022\/original\/839_montier-03-1320x881.jpg 1320w\" sizes=\"(max-width: 300px) 100vw, 300px\" \/><\/a>\n\t\t\t<\/dt>\n\t\t\t\t<dd class='wp-caption-text gallery-caption' id='gallery-1-46665'>\n\t\t\t\tComplicit\u00e9 &#8211; Yves AUBOYER\n\t\t\t\t<\/dd><\/dl><br style=\"clear: both\" \/><dl class='gallery-item'>\n\t\t\t<dt class='gallery-icon landscape'>\n\t\t\t\t<a href='https:\/\/www.photo-montier.org\/wp-content\/uploads\/exposants\/2022\/839_montier-03-1024x683.jpg'><img decoding=\"async\" width=\"300\" height=\"200\" src=\"https:\/\/www.photo-montier.org\/wp-content\/uploads\/exposants\/2022\/839_montier-03-300x200.jpg\" class=\"attachment-medium size-medium\" alt=\"Montier Photo Festival\" aria-describedby=\"gallery-1-46667\" srcset=\"https:\/\/www.photo-montier.org\/wp-content\/uploads\/exposants\/2022\/839_montier-03-300x200.jpg 300w, https:\/\/www.photo-montier.org\/wp-content\/uploads\/exposants\/2022\/839_montier-03-1024x683.jpg 1024w, https:\/\/www.photo-montier.org\/wp-content\/uploads\/exposants\/2022\/839_montier-03-768x513.jpg 768w, https:\/\/www.photo-montier.org\/wp-content\/uploads\/exposants\/2022\/839_montier-03-1536x1025.jpg 1536w, https:\/\/www.photo-montier.org\/wp-content\/uploads\/exposants\/2022\/839_montier-03-2048x1367.jpg 2048w, https:\/\/www.photo-montier.org\/wp-content\/uploads\/exposants\/2022\/839_montier-03-600x400.jpg 600w, https:\/\/www.photo-montier.org\/wp-content\/uploads\/exposants\/2022\/839_montier-03-315x210.jpg 315w, https:\/\/www.photo-montier.org\/wp-content\/uploads\/exposants\/2022\/839_montier-03-1320x881.jpg 1320w\" sizes=\"(max-width: 300px) 100vw, 300px\" \/><\/a>\n\t\t\t<\/dt>\n\t\t\t\t<dd class='wp-caption-text gallery-caption' id='gallery-1-46667'>\n\t\t\t\tComplicit\u00e9 &#8211; Yves AUBOYER\n\t\t\t\t<\/dd><\/dl><dl class='gallery-item'>\n\t\t\t<dt class='gallery-icon landscape'>\n\t\t\t\t<a href='https:\/\/www.photo-montier.org\/wp-content\/uploads\/exposants\/2022\/original\/839_montier-13-1024x683.jpg'><img decoding=\"async\" width=\"300\" height=\"200\" src=\"https:\/\/www.photo-montier.org\/wp-content\/uploads\/exposants\/2022\/original\/839_montier-13-300x200.jpg\" class=\"attachment-medium size-medium\" alt=\"Montier Photo Festival\" aria-describedby=\"gallery-1-46661\" srcset=\"https:\/\/www.photo-montier.org\/wp-content\/uploads\/exposants\/2022\/original\/839_montier-13-300x200.jpg 300w, https:\/\/www.photo-montier.org\/wp-content\/uploads\/exposants\/2022\/original\/839_montier-13-1024x683.jpg 1024w, https:\/\/www.photo-montier.org\/wp-content\/uploads\/exposants\/2022\/original\/839_montier-13-768x513.jpg 768w, https:\/\/www.photo-montier.org\/wp-content\/uploads\/exposants\/2022\/original\/839_montier-13-1536x1025.jpg 1536w, https:\/\/www.photo-montier.org\/wp-content\/uploads\/exposants\/2022\/original\/839_montier-13-2048x1367.jpg 2048w, https:\/\/www.photo-montier.org\/wp-content\/uploads\/exposants\/2022\/original\/839_montier-13-600x400.jpg 600w, https:\/\/www.photo-montier.org\/wp-content\/uploads\/exposants\/2022\/original\/839_montier-13-315x210.jpg 315w, https:\/\/www.photo-montier.org\/wp-content\/uploads\/exposants\/2022\/original\/839_montier-13-1320x881.jpg 1320w\" sizes=\"(max-width: 300px) 100vw, 300px\" \/><\/a>\n\t\t\t<\/dt>\n\t\t\t\t<dd class='wp-caption-text gallery-caption' id='gallery-1-46661'>\n\t\t\t\tSonge aquarelle &#8211; Yves AUBOYER\n\t\t\t\t<\/dd><\/dl><dl class='gallery-item'>\n\t\t\t<dt class='gallery-icon landscape'>\n\t\t\t\t<a href='https:\/\/www.photo-montier.org\/wp-content\/uploads\/exposants\/2022\/839_montier-13-1024x683.jpg'><img decoding=\"async\" width=\"300\" height=\"200\" src=\"https:\/\/www.photo-montier.org\/wp-content\/uploads\/exposants\/2022\/839_montier-13-300x200.jpg\" class=\"attachment-medium size-medium\" alt=\"Montier Photo Festival\" aria-describedby=\"gallery-1-46663\" srcset=\"https:\/\/www.photo-montier.org\/wp-content\/uploads\/exposants\/2022\/839_montier-13-300x200.jpg 300w, https:\/\/www.photo-montier.org\/wp-content\/uploads\/exposants\/2022\/839_montier-13-1024x683.jpg 1024w, https:\/\/www.photo-montier.org\/wp-content\/uploads\/exposants\/2022\/839_montier-13-768x513.jpg 768w, https:\/\/www.photo-montier.org\/wp-content\/uploads\/exposants\/2022\/839_montier-13-1536x1025.jpg 1536w, https:\/\/www.photo-montier.org\/wp-content\/uploads\/exposants\/2022\/839_montier-13-2048x1367.jpg 2048w, https:\/\/www.photo-montier.org\/wp-content\/uploads\/exposants\/2022\/839_montier-13-600x400.jpg 600w, https:\/\/www.photo-montier.org\/wp-content\/uploads\/exposants\/2022\/839_montier-13-315x210.jpg 315w, https:\/\/www.photo-montier.org\/wp-content\/uploads\/exposants\/2022\/839_montier-13-1320x881.jpg 1320w\" sizes=\"(max-width: 300px) 100vw, 300px\" \/><\/a>\n\t\t\t<\/dt>\n\t\t\t\t<dd class='wp-caption-text gallery-caption' id='gallery-1-46663'>\n\t\t\t\tSonge aquarelle &#8211; Yves AUBOYER\n\t\t\t\t<\/dd><\/dl><dl class='gallery-item'>\n\t\t\t<dt class='gallery-icon landscape'>\n\t\t\t\t<a href='https:\/\/www.photo-montier.org\/wp-content\/uploads\/exposants\/2022\/original\/839_montier-02-1024x1024.jpg'><img decoding=\"async\" width=\"300\" height=\"300\" src=\"https:\/\/www.photo-montier.org\/wp-content\/uploads\/exposants\/2022\/original\/839_montier-02-300x300.jpg\" class=\"attachment-medium size-medium\" alt=\"Montier Photo Festival\" aria-describedby=\"gallery-1-46657\" srcset=\"https:\/\/www.photo-montier.org\/wp-content\/uploads\/exposants\/2022\/original\/839_montier-02-300x300.jpg 300w, https:\/\/www.photo-montier.org\/wp-content\/uploads\/exposants\/2022\/original\/839_montier-02-1024x1024.jpg 1024w, https:\/\/www.photo-montier.org\/wp-content\/uploads\/exposants\/2022\/original\/839_montier-02-150x150.jpg 150w, https:\/\/www.photo-montier.org\/wp-content\/uploads\/exposants\/2022\/original\/839_montier-02-768x768.jpg 768w, https:\/\/www.photo-montier.org\/wp-content\/uploads\/exposants\/2022\/original\/839_montier-02-1536x1536.jpg 1536w, https:\/\/www.photo-montier.org\/wp-content\/uploads\/exposants\/2022\/original\/839_montier-02-2048x2048.jpg 2048w, https:\/\/www.photo-montier.org\/wp-content\/uploads\/exposants\/2022\/original\/839_montier-02-400x400.jpg 400w, https:\/\/www.photo-montier.org\/wp-content\/uploads\/exposants\/2022\/original\/839_montier-02-200x200.jpg 200w, https:\/\/www.photo-montier.org\/wp-content\/uploads\/exposants\/2022\/original\/839_montier-02-210x210.jpg 210w, https:\/\/www.photo-montier.org\/wp-content\/uploads\/exposants\/2022\/original\/839_montier-02-1320x1320.jpg 1320w\" sizes=\"(max-width: 300px) 100vw, 300px\" \/><\/a>\n\t\t\t<\/dt>\n\t\t\t\t<dd class='wp-caption-text gallery-caption' id='gallery-1-46657'>\n\t\t\t\tR\u00eaves de lumi\u00e8re &#8211; Yves AUBOYER\n\t\t\t\t<\/dd><\/dl><br style=\"clear: both\" \/><dl class='gallery-item'>\n\t\t\t<dt class='gallery-icon landscape'>\n\t\t\t\t<a href='https:\/\/www.photo-montier.org\/wp-content\/uploads\/exposants\/2022\/839_montier-02-1024x1024.jpg'><img decoding=\"async\" width=\"300\" height=\"300\" src=\"https:\/\/www.photo-montier.org\/wp-content\/uploads\/exposants\/2022\/839_montier-02-300x300.jpg\" class=\"attachment-medium size-medium\" alt=\"Montier Photo Festival\" aria-describedby=\"gallery-1-46659\" srcset=\"https:\/\/www.photo-montier.org\/wp-content\/uploads\/exposants\/2022\/839_montier-02-300x300.jpg 300w, https:\/\/www.photo-montier.org\/wp-content\/uploads\/exposants\/2022\/839_montier-02-1024x1024.jpg 1024w, https:\/\/www.photo-montier.org\/wp-content\/uploads\/exposants\/2022\/839_montier-02-150x150.jpg 150w, https:\/\/www.photo-montier.org\/wp-content\/uploads\/exposants\/2022\/839_montier-02-768x768.jpg 768w, https:\/\/www.photo-montier.org\/wp-content\/uploads\/exposants\/2022\/839_montier-02-1536x1536.jpg 1536w, https:\/\/www.photo-montier.org\/wp-content\/uploads\/exposants\/2022\/839_montier-02-2048x2048.jpg 2048w, https:\/\/www.photo-montier.org\/wp-content\/uploads\/exposants\/2022\/839_montier-02-400x400.jpg 400w, https:\/\/www.photo-montier.org\/wp-content\/uploads\/exposants\/2022\/839_montier-02-200x200.jpg 200w, https:\/\/www.photo-montier.org\/wp-content\/uploads\/exposants\/2022\/839_montier-02-210x210.jpg 210w, https:\/\/www.photo-montier.org\/wp-content\/uploads\/exposants\/2022\/839_montier-02-1320x1320.jpg 1320w\" sizes=\"(max-width: 300px) 100vw, 300px\" \/><\/a>\n\t\t\t<\/dt>\n\t\t\t\t<dd class='wp-caption-text gallery-caption' id='gallery-1-46659'>\n\t\t\t\tR\u00eaves de lumi\u00e8re &#8211; Yves AUBOYER\n\t\t\t\t<\/dd><\/dl><dl class='gallery-item'>\n\t\t\t<dt class='gallery-icon landscape'>\n\t\t\t\t<a href='https:\/\/www.photo-montier.org\/wp-content\/uploads\/exposants\/2022\/839_montier-12-1024x683.jpg'><img decoding=\"async\" width=\"300\" height=\"200\" src=\"https:\/\/www.photo-montier.org\/wp-content\/uploads\/exposants\/2022\/839_montier-12-300x200.jpg\" class=\"attachment-medium size-medium\" alt=\"Montier Photo Festival\" aria-describedby=\"gallery-1-46655\" srcset=\"https:\/\/www.photo-montier.org\/wp-content\/uploads\/exposants\/2022\/839_montier-12-300x200.jpg 300w, https:\/\/www.photo-montier.org\/wp-content\/uploads\/exposants\/2022\/839_montier-12-1024x683.jpg 1024w, https:\/\/www.photo-montier.org\/wp-content\/uploads\/exposants\/2022\/839_montier-12-768x513.jpg 768w, https:\/\/www.photo-montier.org\/wp-content\/uploads\/exposants\/2022\/839_montier-12-1536x1025.jpg 1536w, https:\/\/www.photo-montier.org\/wp-content\/uploads\/exposants\/2022\/839_montier-12-2048x1367.jpg 2048w, https:\/\/www.photo-montier.org\/wp-content\/uploads\/exposants\/2022\/839_montier-12-600x400.jpg 600w, https:\/\/www.photo-montier.org\/wp-content\/uploads\/exposants\/2022\/839_montier-12-315x210.jpg 315w, https:\/\/www.photo-montier.org\/wp-content\/uploads\/exposants\/2022\/839_montier-12-1320x881.jpg 1320w\" sizes=\"(max-width: 300px) 100vw, 300px\" \/><\/a>\n\t\t\t<\/dt>\n\t\t\t\t<dd class='wp-caption-text gallery-caption' id='gallery-1-46655'>\n\t\t\t\tCuriosit\u00e9 &#8211; Yves AUBOYER\n\t\t\t\t<\/dd><\/dl><dl class='gallery-item'>\n\t\t\t<dt class='gallery-icon landscape'>\n\t\t\t\t<a href='https:\/\/www.photo-montier.org\/wp-content\/uploads\/exposants\/2022\/original\/839_montier-12-1024x683.jpg'><img decoding=\"async\" width=\"300\" height=\"200\" src=\"https:\/\/www.photo-montier.org\/wp-content\/uploads\/exposants\/2022\/original\/839_montier-12-300x200.jpg\" class=\"attachment-medium size-medium\" alt=\"Montier Photo Festival\" aria-describedby=\"gallery-1-46653\" srcset=\"https:\/\/www.photo-montier.org\/wp-content\/uploads\/exposants\/2022\/original\/839_montier-12-300x200.jpg 300w, https:\/\/www.photo-montier.org\/wp-content\/uploads\/exposants\/2022\/original\/839_montier-12-1024x683.jpg 1024w, https:\/\/www.photo-montier.org\/wp-content\/uploads\/exposants\/2022\/original\/839_montier-12-768x513.jpg 768w, https:\/\/www.photo-montier.org\/wp-content\/uploads\/exposants\/2022\/original\/839_montier-12-1536x1025.jpg 1536w, https:\/\/www.photo-montier.org\/wp-content\/uploads\/exposants\/2022\/original\/839_montier-12-2048x1367.jpg 2048w, https:\/\/www.photo-montier.org\/wp-content\/uploads\/exposants\/2022\/original\/839_montier-12-600x400.jpg 600w, https:\/\/www.photo-montier.org\/wp-content\/uploads\/exposants\/2022\/original\/839_montier-12-315x210.jpg 315w, https:\/\/www.photo-montier.org\/wp-content\/uploads\/exposants\/2022\/original\/839_montier-12-1320x881.jpg 1320w\" sizes=\"(max-width: 300px) 100vw, 300px\" \/><\/a>\n\t\t\t<\/dt>\n\t\t\t\t<dd class='wp-caption-text gallery-caption' id='gallery-1-46653'>\n\t\t\t\tCuriosit\u00e9 &#8211; Yves AUBOYER\n\t\t\t\t<\/dd><\/dl><dl class='gallery-item'>\n\t\t\t<dt class='gallery-icon landscape'>\n\t\t\t\t<a href='https:\/\/www.photo-montier.org\/wp-content\/uploads\/exposants\/2022\/original\/839_montier-01-1024x683.jpg'><img decoding=\"async\" width=\"300\" height=\"200\" src=\"https:\/\/www.photo-montier.org\/wp-content\/uploads\/exposants\/2022\/original\/839_montier-01-300x200.jpg\" class=\"attachment-medium size-medium\" alt=\"Montier Photo Festival\" aria-describedby=\"gallery-1-46649\" srcset=\"https:\/\/www.photo-montier.org\/wp-content\/uploads\/exposants\/2022\/original\/839_montier-01-300x200.jpg 300w, https:\/\/www.photo-montier.org\/wp-content\/uploads\/exposants\/2022\/original\/839_montier-01-1024x683.jpg 1024w, https:\/\/www.photo-montier.org\/wp-content\/uploads\/exposants\/2022\/original\/839_montier-01-768x513.jpg 768w, https:\/\/www.photo-montier.org\/wp-content\/uploads\/exposants\/2022\/original\/839_montier-01-1536x1025.jpg 1536w, https:\/\/www.photo-montier.org\/wp-content\/uploads\/exposants\/2022\/original\/839_montier-01-2048x1367.jpg 2048w, https:\/\/www.photo-montier.org\/wp-content\/uploads\/exposants\/2022\/original\/839_montier-01-600x400.jpg 600w, https:\/\/www.photo-montier.org\/wp-content\/uploads\/exposants\/2022\/original\/839_montier-01-315x210.jpg 315w, https:\/\/www.photo-montier.org\/wp-content\/uploads\/exposants\/2022\/original\/839_montier-01-1320x881.jpg 1320w\" sizes=\"(max-width: 300px) 100vw, 300px\" \/><\/a>\n\t\t\t<\/dt>\n\t\t\t\t<dd class='wp-caption-text gallery-caption' id='gallery-1-46649'>\n\t\t\t\tConvoitise &#8211; Yves AUBOYER\n\t\t\t\t<\/dd><\/dl><br style=\"clear: both\" \/><dl class='gallery-item'>\n\t\t\t<dt class='gallery-icon landscape'>\n\t\t\t\t<a href='https:\/\/www.photo-montier.org\/wp-content\/uploads\/exposants\/2022\/839_montier-01-1024x683.jpg'><img decoding=\"async\" width=\"300\" height=\"200\" src=\"https:\/\/www.photo-montier.org\/wp-content\/uploads\/exposants\/2022\/839_montier-01-300x200.jpg\" class=\"attachment-medium size-medium\" alt=\"Montier Photo Festival\" aria-describedby=\"gallery-1-46651\" srcset=\"https:\/\/www.photo-montier.org\/wp-content\/uploads\/exposants\/2022\/839_montier-01-300x200.jpg 300w, https:\/\/www.photo-montier.org\/wp-content\/uploads\/exposants\/2022\/839_montier-01-1024x683.jpg 1024w, https:\/\/www.photo-montier.org\/wp-content\/uploads\/exposants\/2022\/839_montier-01-768x513.jpg 768w, https:\/\/www.photo-montier.org\/wp-content\/uploads\/exposants\/2022\/839_montier-01-1536x1025.jpg 1536w, https:\/\/www.photo-montier.org\/wp-content\/uploads\/exposants\/2022\/839_montier-01-2048x1367.jpg 2048w, https:\/\/www.photo-montier.org\/wp-content\/uploads\/exposants\/2022\/839_montier-01-600x400.jpg 600w, https:\/\/www.photo-montier.org\/wp-content\/uploads\/exposants\/2022\/839_montier-01-315x210.jpg 315w, https:\/\/www.photo-montier.org\/wp-content\/uploads\/exposants\/2022\/839_montier-01-1320x881.jpg 1320w\" sizes=\"(max-width: 300px) 100vw, 300px\" \/><\/a>\n\t\t\t<\/dt>\n\t\t\t\t<dd class='wp-caption-text gallery-caption' id='gallery-1-46651'>\n\t\t\t\tConvoitise &#8211; Yves AUBOYER\n\t\t\t\t<\/dd><\/dl><dl class='gallery-item'>\n\t\t\t<dt class='gallery-icon landscape'>\n\t\t\t\t<a href='https:\/\/www.photo-montier.org\/wp-content\/uploads\/exposants\/2022\/original\/839_montier-03-1024x683.jpg'><img decoding=\"async\" width=\"300\" height=\"200\" src=\"https:\/\/www.photo-montier.org\/wp-content\/uploads\/exposants\/2022\/original\/839_montier-03-300x200.jpg\" class=\"attachment-medium size-medium\" alt=\"Montier Photo Festival\" aria-describedby=\"gallery-1-46645\" srcset=\"https:\/\/www.photo-montier.org\/wp-content\/uploads\/exposants\/2022\/original\/839_montier-03-300x200.jpg 300w, https:\/\/www.photo-montier.org\/wp-content\/uploads\/exposants\/2022\/original\/839_montier-03-1024x683.jpg 1024w, https:\/\/www.photo-montier.org\/wp-content\/uploads\/exposants\/2022\/original\/839_montier-03-768x513.jpg 768w, https:\/\/www.photo-montier.org\/wp-content\/uploads\/exposants\/2022\/original\/839_montier-03-1536x1025.jpg 1536w, https:\/\/www.photo-montier.org\/wp-content\/uploads\/exposants\/2022\/original\/839_montier-03-2048x1367.jpg 2048w, https:\/\/www.photo-montier.org\/wp-content\/uploads\/exposants\/2022\/original\/839_montier-03-600x400.jpg 600w, https:\/\/www.photo-montier.org\/wp-content\/uploads\/exposants\/2022\/original\/839_montier-03-315x210.jpg 315w, https:\/\/www.photo-montier.org\/wp-content\/uploads\/exposants\/2022\/original\/839_montier-03-1320x881.jpg 1320w\" sizes=\"(max-width: 300px) 100vw, 300px\" \/><\/a>\n\t\t\t<\/dt>\n\t\t\t\t<dd class='wp-caption-text gallery-caption' id='gallery-1-46645'>\n\t\t\t\tComplicit\u00e9 &#8211; Yves AUBOYER\n\t\t\t\t<\/dd><\/dl><dl class='gallery-item'>\n\t\t\t<dt class='gallery-icon landscape'>\n\t\t\t\t<a href='https:\/\/www.photo-montier.org\/wp-content\/uploads\/exposants\/2022\/839_montier-03-1024x683.jpg'><img decoding=\"async\" width=\"300\" height=\"200\" src=\"https:\/\/www.photo-montier.org\/wp-content\/uploads\/exposants\/2022\/839_montier-03-300x200.jpg\" class=\"attachment-medium size-medium\" alt=\"Montier Photo Festival\" aria-describedby=\"gallery-1-46647\" srcset=\"https:\/\/www.photo-montier.org\/wp-content\/uploads\/exposants\/2022\/839_montier-03-300x200.jpg 300w, https:\/\/www.photo-montier.org\/wp-content\/uploads\/exposants\/2022\/839_montier-03-1024x683.jpg 1024w, https:\/\/www.photo-montier.org\/wp-content\/uploads\/exposants\/2022\/839_montier-03-768x513.jpg 768w, https:\/\/www.photo-montier.org\/wp-content\/uploads\/exposants\/2022\/839_montier-03-1536x1025.jpg 1536w, https:\/\/www.photo-montier.org\/wp-content\/uploads\/exposants\/2022\/839_montier-03-2048x1367.jpg 2048w, https:\/\/www.photo-montier.org\/wp-content\/uploads\/exposants\/2022\/839_montier-03-600x400.jpg 600w, https:\/\/www.photo-montier.org\/wp-content\/uploads\/exposants\/2022\/839_montier-03-315x210.jpg 315w, https:\/\/www.photo-montier.org\/wp-content\/uploads\/exposants\/2022\/839_montier-03-1320x881.jpg 1320w\" sizes=\"(max-width: 300px) 100vw, 300px\" \/><\/a>\n\t\t\t<\/dt>\n\t\t\t\t<dd class='wp-caption-text gallery-caption' id='gallery-1-46647'>\n\t\t\t\tComplicit\u00e9 &#8211; Yves AUBOYER\n\t\t\t\t<\/dd><\/dl><dl class='gallery-item'>\n\t\t\t<dt class='gallery-icon landscape'>\n\t\t\t\t<a href='https:\/\/www.photo-montier.org\/wp-content\/uploads\/exposants\/2022\/839_montier-01-1024x683.jpg'><img decoding=\"async\" width=\"300\" height=\"200\" src=\"https:\/\/www.photo-montier.org\/wp-content\/uploads\/exposants\/2022\/839_montier-01-300x200.jpg\" class=\"attachment-medium size-medium\" alt=\"Montier Photo Festival\" aria-describedby=\"gallery-1-46643\" srcset=\"https:\/\/www.photo-montier.org\/wp-content\/uploads\/exposants\/2022\/839_montier-01-300x200.jpg 300w, https:\/\/www.photo-montier.org\/wp-content\/uploads\/exposants\/2022\/839_montier-01-1024x683.jpg 1024w, https:\/\/www.photo-montier.org\/wp-content\/uploads\/exposants\/2022\/839_montier-01-768x513.jpg 768w, https:\/\/www.photo-montier.org\/wp-content\/uploads\/exposants\/2022\/839_montier-01-1536x1025.jpg 1536w, https:\/\/www.photo-montier.org\/wp-content\/uploads\/exposants\/2022\/839_montier-01-2048x1367.jpg 2048w, https:\/\/www.photo-montier.org\/wp-content\/uploads\/exposants\/2022\/839_montier-01-600x400.jpg 600w, https:\/\/www.photo-montier.org\/wp-content\/uploads\/exposants\/2022\/839_montier-01-315x210.jpg 315w, https:\/\/www.photo-montier.org\/wp-content\/uploads\/exposants\/2022\/839_montier-01-1320x881.jpg 1320w\" sizes=\"(max-width: 300px) 100vw, 300px\" \/><\/a>\n\t\t\t<\/dt>\n\t\t\t\t<dd class='wp-caption-text gallery-caption' id='gallery-1-46643'>\n\t\t\t\t839_montier-01.jpg &#8211; \n\t\t\t\t<\/dd><\/dl><br style=\"clear: both\" \/><dl class='gallery-item'>\n\t\t\t<dt class='gallery-icon landscape'>\n\t\t\t\t<a href='https:\/\/www.photo-montier.org\/wp-content\/uploads\/exposants\/2022\/original\/839_montier-01-1024x683.jpg'><img decoding=\"async\" width=\"300\" height=\"200\" src=\"https:\/\/www.photo-montier.org\/wp-content\/uploads\/exposants\/2022\/original\/839_montier-01-300x200.jpg\" class=\"attachment-medium size-medium\" alt=\"Montier Photo Festival\" aria-describedby=\"gallery-1-46641\" srcset=\"https:\/\/www.photo-montier.org\/wp-content\/uploads\/exposants\/2022\/original\/839_montier-01-300x200.jpg 300w, https:\/\/www.photo-montier.org\/wp-content\/uploads\/exposants\/2022\/original\/839_montier-01-1024x683.jpg 1024w, https:\/\/www.photo-montier.org\/wp-content\/uploads\/exposants\/2022\/original\/839_montier-01-768x513.jpg 768w, https:\/\/www.photo-montier.org\/wp-content\/uploads\/exposants\/2022\/original\/839_montier-01-1536x1025.jpg 1536w, https:\/\/www.photo-montier.org\/wp-content\/uploads\/exposants\/2022\/original\/839_montier-01-2048x1367.jpg 2048w, https:\/\/www.photo-montier.org\/wp-content\/uploads\/exposants\/2022\/original\/839_montier-01-600x400.jpg 600w, https:\/\/www.photo-montier.org\/wp-content\/uploads\/exposants\/2022\/original\/839_montier-01-315x210.jpg 315w, https:\/\/www.photo-montier.org\/wp-content\/uploads\/exposants\/2022\/original\/839_montier-01-1320x881.jpg 1320w\" sizes=\"(max-width: 300px) 100vw, 300px\" \/><\/a>\n\t\t\t<\/dt>\n\t\t\t\t<dd class='wp-caption-text gallery-caption' id='gallery-1-46641'>\n\t\t\t\t839_montier-01.jpg &#8211; \n\t\t\t\t<\/dd><\/dl><dl class='gallery-item'>\n\t\t\t<dt class='gallery-icon landscape'>\n\t\t\t\t<a href='https:\/\/www.photo-montier.org\/wp-content\/uploads\/exposants\/2022\/original\/839_montier-02-1024x1024.jpg'><img decoding=\"async\" width=\"300\" height=\"300\" src=\"https:\/\/www.photo-montier.org\/wp-content\/uploads\/exposants\/2022\/original\/839_montier-02-300x300.jpg\" class=\"attachment-medium size-medium\" alt=\"Montier Photo Festival\" aria-describedby=\"gallery-1-46637\" srcset=\"https:\/\/www.photo-montier.org\/wp-content\/uploads\/exposants\/2022\/original\/839_montier-02-300x300.jpg 300w, https:\/\/www.photo-montier.org\/wp-content\/uploads\/exposants\/2022\/original\/839_montier-02-1024x1024.jpg 1024w, https:\/\/www.photo-montier.org\/wp-content\/uploads\/exposants\/2022\/original\/839_montier-02-150x150.jpg 150w, https:\/\/www.photo-montier.org\/wp-content\/uploads\/exposants\/2022\/original\/839_montier-02-768x768.jpg 768w, https:\/\/www.photo-montier.org\/wp-content\/uploads\/exposants\/2022\/original\/839_montier-02-1536x1536.jpg 1536w, https:\/\/www.photo-montier.org\/wp-content\/uploads\/exposants\/2022\/original\/839_montier-02-2048x2048.jpg 2048w, https:\/\/www.photo-montier.org\/wp-content\/uploads\/exposants\/2022\/original\/839_montier-02-400x400.jpg 400w, https:\/\/www.photo-montier.org\/wp-content\/uploads\/exposants\/2022\/original\/839_montier-02-200x200.jpg 200w, https:\/\/www.photo-montier.org\/wp-content\/uploads\/exposants\/2022\/original\/839_montier-02-210x210.jpg 210w, https:\/\/www.photo-montier.org\/wp-content\/uploads\/exposants\/2022\/original\/839_montier-02-1320x1320.jpg 1320w\" sizes=\"(max-width: 300px) 100vw, 300px\" \/><\/a>\n\t\t\t<\/dt>\n\t\t\t\t<dd class='wp-caption-text gallery-caption' id='gallery-1-46637'>\n\t\t\t\tR\u00eaves de lumi\u00e8re &#8211; Yves AUBOYER\n\t\t\t\t<\/dd><\/dl><dl class='gallery-item'>\n\t\t\t<dt class='gallery-icon landscape'>\n\t\t\t\t<a href='https:\/\/www.photo-montier.org\/wp-content\/uploads\/exposants\/2022\/839_montier-02-1024x1024.jpg'><img decoding=\"async\" width=\"300\" height=\"300\" src=\"https:\/\/www.photo-montier.org\/wp-content\/uploads\/exposants\/2022\/839_montier-02-300x300.jpg\" class=\"attachment-medium size-medium\" alt=\"Montier Photo Festival\" aria-describedby=\"gallery-1-46639\" srcset=\"https:\/\/www.photo-montier.org\/wp-content\/uploads\/exposants\/2022\/839_montier-02-300x300.jpg 300w, https:\/\/www.photo-montier.org\/wp-content\/uploads\/exposants\/2022\/839_montier-02-1024x1024.jpg 1024w, https:\/\/www.photo-montier.org\/wp-content\/uploads\/exposants\/2022\/839_montier-02-150x150.jpg 150w, https:\/\/www.photo-montier.org\/wp-content\/uploads\/exposants\/2022\/839_montier-02-768x768.jpg 768w, https:\/\/www.photo-montier.org\/wp-content\/uploads\/exposants\/2022\/839_montier-02-1536x1536.jpg 1536w, https:\/\/www.photo-montier.org\/wp-content\/uploads\/exposants\/2022\/839_montier-02-2048x2048.jpg 2048w, https:\/\/www.photo-montier.org\/wp-content\/uploads\/exposants\/2022\/839_montier-02-400x400.jpg 400w, https:\/\/www.photo-montier.org\/wp-content\/uploads\/exposants\/2022\/839_montier-02-200x200.jpg 200w, https:\/\/www.photo-montier.org\/wp-content\/uploads\/exposants\/2022\/839_montier-02-210x210.jpg 210w, https:\/\/www.photo-montier.org\/wp-content\/uploads\/exposants\/2022\/839_montier-02-1320x1320.jpg 1320w\" sizes=\"(max-width: 300px) 100vw, 300px\" \/><\/a>\n\t\t\t<\/dt>\n\t\t\t\t<dd class='wp-caption-text gallery-caption' id='gallery-1-46639'>\n\t\t\t\tR\u00eaves de lumi\u00e8re &#8211; Yves AUBOYER\n\t\t\t\t<\/dd><\/dl><dl class='gallery-item'>\n\t\t\t<dt class='gallery-icon landscape'>\n\t\t\t\t<a href='https:\/\/www.photo-montier.org\/wp-content\/uploads\/exposants\/2022\/original\/839_montier-01-1024x683.jpg'><img decoding=\"async\" width=\"300\" height=\"200\" src=\"https:\/\/www.photo-montier.org\/wp-content\/uploads\/exposants\/2022\/original\/839_montier-01-300x200.jpg\" class=\"attachment-medium size-medium\" alt=\"Montier Photo Festival\" aria-describedby=\"gallery-1-46633\" srcset=\"https:\/\/www.photo-montier.org\/wp-content\/uploads\/exposants\/2022\/original\/839_montier-01-300x200.jpg 300w, https:\/\/www.photo-montier.org\/wp-content\/uploads\/exposants\/2022\/original\/839_montier-01-1024x683.jpg 1024w, https:\/\/www.photo-montier.org\/wp-content\/uploads\/exposants\/2022\/original\/839_montier-01-768x513.jpg 768w, https:\/\/www.photo-montier.org\/wp-content\/uploads\/exposants\/2022\/original\/839_montier-01-1536x1025.jpg 1536w, https:\/\/www.photo-montier.org\/wp-content\/uploads\/exposants\/2022\/original\/839_montier-01-2048x1367.jpg 2048w, https:\/\/www.photo-montier.org\/wp-content\/uploads\/exposants\/2022\/original\/839_montier-01-600x400.jpg 600w, https:\/\/www.photo-montier.org\/wp-content\/uploads\/exposants\/2022\/original\/839_montier-01-315x210.jpg 315w, https:\/\/www.photo-montier.org\/wp-content\/uploads\/exposants\/2022\/original\/839_montier-01-1320x881.jpg 1320w\" sizes=\"(max-width: 300px) 100vw, 300px\" \/><\/a>\n\t\t\t<\/dt>\n\t\t\t\t<dd class='wp-caption-text gallery-caption' id='gallery-1-46633'>\n\t\t\t\tConvoitise &#8211; Yves AUBOYER\n\t\t\t\t<\/dd><\/dl><br style=\"clear: both\" \/><dl class='gallery-item'>\n\t\t\t<dt class='gallery-icon landscape'>\n\t\t\t\t<a href='https:\/\/www.photo-montier.org\/wp-content\/uploads\/exposants\/2022\/839_montier-01-1024x683.jpg'><img decoding=\"async\" width=\"300\" height=\"200\" src=\"https:\/\/www.photo-montier.org\/wp-content\/uploads\/exposants\/2022\/839_montier-01-300x200.jpg\" class=\"attachment-medium size-medium\" alt=\"Montier Photo Festival\" aria-describedby=\"gallery-1-46635\" srcset=\"https:\/\/www.photo-montier.org\/wp-content\/uploads\/exposants\/2022\/839_montier-01-300x200.jpg 300w, https:\/\/www.photo-montier.org\/wp-content\/uploads\/exposants\/2022\/839_montier-01-1024x683.jpg 1024w, https:\/\/www.photo-montier.org\/wp-content\/uploads\/exposants\/2022\/839_montier-01-768x513.jpg 768w, https:\/\/www.photo-montier.org\/wp-content\/uploads\/exposants\/2022\/839_montier-01-1536x1025.jpg 1536w, https:\/\/www.photo-montier.org\/wp-content\/uploads\/exposants\/2022\/839_montier-01-2048x1367.jpg 2048w, https:\/\/www.photo-montier.org\/wp-content\/uploads\/exposants\/2022\/839_montier-01-600x400.jpg 600w, https:\/\/www.photo-montier.org\/wp-content\/uploads\/exposants\/2022\/839_montier-01-315x210.jpg 315w, https:\/\/www.photo-montier.org\/wp-content\/uploads\/exposants\/2022\/839_montier-01-1320x881.jpg 1320w\" sizes=\"(max-width: 300px) 100vw, 300px\" \/><\/a>\n\t\t\t<\/dt>\n\t\t\t\t<dd class='wp-caption-text gallery-caption' id='gallery-1-46635'>\n\t\t\t\tConvoitise &#8211; Yves AUBOYER\n\t\t\t\t<\/dd><\/dl><dl class='gallery-item'>\n\t\t\t<dt class='gallery-icon landscape'>\n\t\t\t\t<a href='https:\/\/www.photo-montier.org\/wp-content\/uploads\/exposants\/2022\/839_montier-01-1024x683.jpg'><img decoding=\"async\" width=\"300\" height=\"200\" src=\"https:\/\/www.photo-montier.org\/wp-content\/uploads\/exposants\/2022\/839_montier-01-300x200.jpg\" class=\"attachment-medium size-medium\" alt=\"Montier Photo Festival\" aria-describedby=\"gallery-1-46631\" srcset=\"https:\/\/www.photo-montier.org\/wp-content\/uploads\/exposants\/2022\/839_montier-01-300x200.jpg 300w, https:\/\/www.photo-montier.org\/wp-content\/uploads\/exposants\/2022\/839_montier-01-1024x683.jpg 1024w, https:\/\/www.photo-montier.org\/wp-content\/uploads\/exposants\/2022\/839_montier-01-768x513.jpg 768w, https:\/\/www.photo-montier.org\/wp-content\/uploads\/exposants\/2022\/839_montier-01-1536x1025.jpg 1536w, https:\/\/www.photo-montier.org\/wp-content\/uploads\/exposants\/2022\/839_montier-01-2048x1367.jpg 2048w, https:\/\/www.photo-montier.org\/wp-content\/uploads\/exposants\/2022\/839_montier-01-600x400.jpg 600w, https:\/\/www.photo-montier.org\/wp-content\/uploads\/exposants\/2022\/839_montier-01-315x210.jpg 315w, https:\/\/www.photo-montier.org\/wp-content\/uploads\/exposants\/2022\/839_montier-01-1320x881.jpg 1320w\" sizes=\"(max-width: 300px) 100vw, 300px\" \/><\/a>\n\t\t\t<\/dt>\n\t\t\t\t<dd class='wp-caption-text gallery-caption' id='gallery-1-46631'>\n\t\t\t\t839_montier-01.jpg &#8211; \n\t\t\t\t<\/dd><\/dl><dl class='gallery-item'>\n\t\t\t<dt class='gallery-icon landscape'>\n\t\t\t\t<a href='https:\/\/www.photo-montier.org\/wp-content\/uploads\/exposants\/2022\/original\/839_montier-01-1024x683.jpg'><img decoding=\"async\" width=\"300\" height=\"200\" src=\"https:\/\/www.photo-montier.org\/wp-content\/uploads\/exposants\/2022\/original\/839_montier-01-300x200.jpg\" class=\"attachment-medium size-medium\" alt=\"Montier Photo Festival\" aria-describedby=\"gallery-1-46629\" srcset=\"https:\/\/www.photo-montier.org\/wp-content\/uploads\/exposants\/2022\/original\/839_montier-01-300x200.jpg 300w, https:\/\/www.photo-montier.org\/wp-content\/uploads\/exposants\/2022\/original\/839_montier-01-1024x683.jpg 1024w, https:\/\/www.photo-montier.org\/wp-content\/uploads\/exposants\/2022\/original\/839_montier-01-768x513.jpg 768w, https:\/\/www.photo-montier.org\/wp-content\/uploads\/exposants\/2022\/original\/839_montier-01-1536x1025.jpg 1536w, https:\/\/www.photo-montier.org\/wp-content\/uploads\/exposants\/2022\/original\/839_montier-01-2048x1367.jpg 2048w, https:\/\/www.photo-montier.org\/wp-content\/uploads\/exposants\/2022\/original\/839_montier-01-600x400.jpg 600w, https:\/\/www.photo-montier.org\/wp-content\/uploads\/exposants\/2022\/original\/839_montier-01-315x210.jpg 315w, https:\/\/www.photo-montier.org\/wp-content\/uploads\/exposants\/2022\/original\/839_montier-01-1320x881.jpg 1320w\" sizes=\"(max-width: 300px) 100vw, 300px\" \/><\/a>\n\t\t\t<\/dt>\n\t\t\t\t<dd class='wp-caption-text gallery-caption' id='gallery-1-46629'>\n\t\t\t\t839_montier-01.jpg &#8211; \n\t\t\t\t<\/dd><\/dl>\n\t\t\t<br style='clear: both' \/>\n\t\t<\/div>\n\n","protected":false},"author":1,"featured_media":46821,"template":"","exposants":[557],"site-exposants":[505],"type-exposants-conferences":[],"type-exposants":[527],"acf":{"kexposants_custom_thumbnail":null,"kexposants_expo_group":"Photographe","kexposants_title_en":"","kexposants_day_conf_date":null,"kexposants_hours_conf_text_start":"","kexposants_hours_conf_text_end":"","kexposants_bio":"Completely self-taught and passionate, Yves Auboyer has been practicing photography since the age of 10. He has always been interested in the nature of which he is very close, and has logically turned to macro-photography to sublimate it in its most subtle details. Yves Auboyer exhibits regularly throughout France on two themes that are dear to him: street photography and macro-photography. In addition, he regularly experimented with new subjects and new media. He 's going deeper when he is passionate about subjects. Having practiced silver photography for many years, he remained attached to \u00abraw\u00bb images. His extensive practice of slide and black and white has accustomed him to a rigorous practice of framing and exposure. As a result, he never uses Photoshop and sticks to basic LightRoom processing, similar to development techniques.","kexposants_bio_en":"","kexposants_expo":"For more than 8 years now, Yves has been concentrating, every spring, on a flower generally considered of little interest by photographers because of its white color and frequency. The \u201cAnequarelle\u201d series is entirely dedicated to anemone nemorosa, whose purity and subtle shades of colour can be appreciated through a treatment between photography and painting. Printed on textured paper close to the papers used by watercolourists (Hahnem\u00fcle Photo Rag Bright White 310 gr), the resulting support is very fragile and can only be displayed indoors. The frames are open, without glass to ensure that the images are read without reflections. They are also composed of a fine black aluminium structure that perfectly highlights the prints, themselves enhanced by a white border to appreciate the purity of the art paper. Finally, even if the appearances are contrary, the images are only slightly retouched (in Lightroom): the essence of the \u00abwatercolor\u00bb effect is obtained by a strong overexposure (of type \u00abHigh- Key\u00bb) at the shooting, taking care however to keep the texture in the high lights.","kexposants_expo_en":"","kexposants_denomination":"Yves AUBOYER","kexposants_user_id":742,"kexposants_url_movie":""},"yoast_head":"<!-- This site is optimized with the Yoast SEO plugin v23.5 - https:\/\/yoast.com\/wordpress\/plugins\/seo\/ -->\n<title>An\u00e9quarelle | Exposant &#8211; Montier Photo Festival<\/title>\n<meta name=\"robots\" content=\"index, follow, max-snippet:-1, max-image-preview:large, max-video-preview:-1\" \/>\n<link rel=\"canonical\" href=\"https:\/\/www.photo-montier.org\/en\/fiche-exposant\/anequarelle\/\" \/>\n<meta property=\"og:locale\" content=\"en_US\" \/>\n<meta property=\"og:type\" content=\"article\" \/>\n<meta property=\"og:title\" content=\"An\u00e9quarelle | Exposant &#8211; Montier Photo Festival\" \/>\n<meta property=\"og:description\" content=\"Songe aquarelle &#8211; Yves AUBOYER              Curiosit\u00e9 &#8211; Yves AUBOYER              Complicit\u00e9 &#8211; Yves AUBOYER              R\u00eaves de lumi\u00e8re &#8211; Yves AUBOYER              Convoitise &#8211; Yves AUBOYER              Songe aquarelle &#8211; Yves AUBOYER              Songe aquarelle &#8211; [&hellip;]\" \/>\n<meta property=\"og:url\" content=\"https:\/\/www.photo-montier.org\/en\/fiche-exposant\/anequarelle\/\" \/>\n<meta property=\"og:site_name\" content=\"Montier Photo Festival\" \/>\n<meta property=\"article:publisher\" content=\"https:\/\/www.facebook.com\/Festivalmontier\/\" \/>\n<meta property=\"article:modified_time\" content=\"2024-04-30T12:19:24+00:00\" \/>\n<meta property=\"og:image\" content=\"https:\/\/www.photo-montier.org\/wp-content\/uploads\/exposants\/2022\/839_montier-13-315x210.jpg\" \/>\n<meta name=\"twitter:card\" content=\"summary_large_image\" \/>\n<meta name=\"twitter:site\" content=\"@festivalmontier\" \/>\n<script type=\"application\/ld+json\" class=\"yoast-schema-graph\">{\"@context\":\"https:\/\/schema.org\",\"@graph\":[{\"@type\":\"WebPage\",\"@id\":\"https:\/\/www.photo-montier.org\/en\/fiche-exposant\/anequarelle\/\",\"url\":\"https:\/\/www.photo-montier.org\/en\/fiche-exposant\/anequarelle\/\",\"name\":\"An\u00e9quarelle | Exposant &#8211; Montier Photo Festival\",\"isPartOf\":{\"@id\":\"https:\/\/www.photo-montier.org\/en\/#website\"},\"primaryImageOfPage\":{\"@id\":\"https:\/\/www.photo-montier.org\/en\/fiche-exposant\/anequarelle\/#primaryimage\"},\"image\":{\"@id\":\"https:\/\/www.photo-montier.org\/en\/fiche-exposant\/anequarelle\/#primaryimage\"},\"thumbnailUrl\":\"https:\/\/www.photo-montier.org\/wp-content\/uploads\/exposants\/2022\/839_montier-01.jpg\",\"datePublished\":\"2022-06-21T15:23:33+00:00\",\"dateModified\":\"2024-04-30T12:19:24+00:00\",\"breadcrumb\":{\"@id\":\"https:\/\/www.photo-montier.org\/en\/fiche-exposant\/anequarelle\/#breadcrumb\"},\"inLanguage\":\"en-US\",\"potentialAction\":[{\"@type\":\"ReadAction\",\"target\":[\"https:\/\/www.photo-montier.org\/en\/fiche-exposant\/anequarelle\/\"]}]},{\"@type\":\"ImageObject\",\"inLanguage\":\"en-US\",\"@id\":\"https:\/\/www.photo-montier.org\/en\/fiche-exposant\/anequarelle\/#primaryimage\",\"url\":\"https:\/\/www.photo-montier.org\/wp-content\/uploads\/exposants\/2022\/839_montier-01.jpg\",\"contentUrl\":\"https:\/\/www.photo-montier.org\/wp-content\/uploads\/exposants\/2022\/839_montier-01.jpg\",\"width\":3000,\"height\":2002,\"caption\":\"839_montier-01.jpg -\"},{\"@type\":\"BreadcrumbList\",\"@id\":\"https:\/\/www.photo-montier.org\/en\/fiche-exposant\/anequarelle\/#breadcrumb\",\"itemListElement\":[{\"@type\":\"ListItem\",\"position\":1,\"name\":\"Home\",\"item\":\"https:\/\/www.photo-montier.org\/en\/\"},{\"@type\":\"ListItem\",\"position\":2,\"name\":\"Exposants\",\"item\":\"https:\/\/www.photo-montier.org\/en\/fiche-exposant\/\"},{\"@type\":\"ListItem\",\"position\":3,\"name\":\"2022\",\"item\":\"https:\/\/www.photo-montier.org\/en\/exposants\/2022\/\"},{\"@type\":\"ListItem\",\"position\":4,\"name\":\"An\u00e9quarelle\"}]},{\"@type\":\"WebSite\",\"@id\":\"https:\/\/www.photo-montier.org\/en\/#website\",\"url\":\"https:\/\/www.photo-montier.org\/en\/\",\"name\":\"Montier Photo Festival\",\"description\":\"International Wildlife and Nature Photo Festival\",\"publisher\":{\"@id\":\"https:\/\/www.photo-montier.org\/en\/#organization\"},\"potentialAction\":[{\"@type\":\"SearchAction\",\"target\":{\"@type\":\"EntryPoint\",\"urlTemplate\":\"https:\/\/www.photo-montier.org\/en\/?s={search_term_string}\"},\"query-input\":{\"@type\":\"PropertyValueSpecification\",\"valueRequired\":true,\"valueName\":\"search_term_string\"}}],\"inLanguage\":\"en-US\"},{\"@type\":\"Organization\",\"@id\":\"https:\/\/www.photo-montier.org\/en\/#organization\",\"name\":\"Montier Festival Photo\",\"url\":\"https:\/\/www.photo-montier.org\/en\/\",\"logo\":{\"@type\":\"ImageObject\",\"inLanguage\":\"en-US\",\"@id\":\"https:\/\/www.photo-montier.org\/en\/#\/schema\/logo\/image\/\",\"url\":\"https:\/\/www.photo-montier.org\/wp-content\/uploads\/2016\/06\/logo-festival-renard-couleur-1.png\",\"contentUrl\":\"https:\/\/www.photo-montier.org\/wp-content\/uploads\/2016\/06\/logo-festival-renard-couleur-1.png\",\"width\":408,\"height\":200,\"caption\":\"Montier Festival Photo\"},\"image\":{\"@id\":\"https:\/\/www.photo-montier.org\/en\/#\/schema\/logo\/image\/\"},\"sameAs\":[\"https:\/\/www.facebook.com\/Festivalmontier\/\",\"https:\/\/x.com\/festivalmontier\",\"https:\/\/www.instagram.com\/festivalmontier\/\",\"https:\/\/www.youtube.com\/channel\/UCylkMGITSE22T6fgWUEYIvw\",\"https:\/\/www.tiktok.com\/@festivalmontier\"]}]}<\/script>\n<!-- \/ Yoast SEO plugin. -->","yoast_head_json":{"title":"An\u00e9quarelle | Exposant &#8211; Montier Photo Festival","robots":{"index":"index","follow":"follow","max-snippet":"max-snippet:-1","max-image-preview":"max-image-preview:large","max-video-preview":"max-video-preview:-1"},"canonical":"https:\/\/www.photo-montier.org\/en\/fiche-exposant\/anequarelle\/","og_locale":"en_US","og_type":"article","og_title":"An\u00e9quarelle | Exposant &#8211; Montier Photo Festival","og_description":"Songe aquarelle &#8211; Yves AUBOYER              Curiosit\u00e9 &#8211; Yves AUBOYER              Complicit\u00e9 &#8211; Yves AUBOYER              R\u00eaves de lumi\u00e8re &#8211; Yves AUBOYER              Convoitise &#8211; Yves AUBOYER              Songe aquarelle &#8211; Yves AUBOYER              Songe aquarelle &#8211; [&hellip;]","og_url":"https:\/\/www.photo-montier.org\/en\/fiche-exposant\/anequarelle\/","og_site_name":"Montier Photo Festival","article_publisher":"https:\/\/www.facebook.com\/Festivalmontier\/","article_modified_time":"2024-04-30T12:19:24+00:00","og_image":[{"url":"https:\/\/www.photo-montier.org\/wp-content\/uploads\/exposants\/2022\/839_montier-13-315x210.jpg"}],"twitter_card":"summary_large_image","twitter_site":"@festivalmontier","schema":{"@context":"https:\/\/schema.org","@graph":[{"@type":"WebPage","@id":"https:\/\/www.photo-montier.org\/en\/fiche-exposant\/anequarelle\/","url":"https:\/\/www.photo-montier.org\/en\/fiche-exposant\/anequarelle\/","name":"An\u00e9quarelle | Exposant &#8211; Montier Photo Festival","isPartOf":{"@id":"https:\/\/www.photo-montier.org\/en\/#website"},"primaryImageOfPage":{"@id":"https:\/\/www.photo-montier.org\/en\/fiche-exposant\/anequarelle\/#primaryimage"},"image":{"@id":"https:\/\/www.photo-montier.org\/en\/fiche-exposant\/anequarelle\/#primaryimage"},"thumbnailUrl":"https:\/\/www.photo-montier.org\/wp-content\/uploads\/exposants\/2022\/839_montier-01.jpg","datePublished":"2022-06-21T15:23:33+00:00","dateModified":"2024-04-30T12:19:24+00:00","breadcrumb":{"@id":"https:\/\/www.photo-montier.org\/en\/fiche-exposant\/anequarelle\/#breadcrumb"},"inLanguage":"en-US","potentialAction":[{"@type":"ReadAction","target":["https:\/\/www.photo-montier.org\/en\/fiche-exposant\/anequarelle\/"]}]},{"@type":"ImageObject","inLanguage":"en-US","@id":"https:\/\/www.photo-montier.org\/en\/fiche-exposant\/anequarelle\/#primaryimage","url":"https:\/\/www.photo-montier.org\/wp-content\/uploads\/exposants\/2022\/839_montier-01.jpg","contentUrl":"https:\/\/www.photo-montier.org\/wp-content\/uploads\/exposants\/2022\/839_montier-01.jpg","width":3000,"height":2002,"caption":"839_montier-01.jpg -"},{"@type":"BreadcrumbList","@id":"https:\/\/www.photo-montier.org\/en\/fiche-exposant\/anequarelle\/#breadcrumb","itemListElement":[{"@type":"ListItem","position":1,"name":"Home","item":"https:\/\/www.photo-montier.org\/en\/"},{"@type":"ListItem","position":2,"name":"Exposants","item":"https:\/\/www.photo-montier.org\/en\/fiche-exposant\/"},{"@type":"ListItem","position":3,"name":"2022","item":"https:\/\/www.photo-montier.org\/en\/exposants\/2022\/"},{"@type":"ListItem","position":4,"name":"An\u00e9quarelle"}]},{"@type":"WebSite","@id":"https:\/\/www.photo-montier.org\/en\/#website","url":"https:\/\/www.photo-montier.org\/en\/","name":"Montier Photo Festival","description":"International Wildlife and Nature Photo Festival","publisher":{"@id":"https:\/\/www.photo-montier.org\/en\/#organization"},"potentialAction":[{"@type":"SearchAction","target":{"@type":"EntryPoint","urlTemplate":"https:\/\/www.photo-montier.org\/en\/?s={search_term_string}"},"query-input":{"@type":"PropertyValueSpecification","valueRequired":true,"valueName":"search_term_string"}}],"inLanguage":"en-US"},{"@type":"Organization","@id":"https:\/\/www.photo-montier.org\/en\/#organization","name":"Montier Festival Photo","url":"https:\/\/www.photo-montier.org\/en\/","logo":{"@type":"ImageObject","inLanguage":"en-US","@id":"https:\/\/www.photo-montier.org\/en\/#\/schema\/logo\/image\/","url":"https:\/\/www.photo-montier.org\/wp-content\/uploads\/2016\/06\/logo-festival-renard-couleur-1.png","contentUrl":"https:\/\/www.photo-montier.org\/wp-content\/uploads\/2016\/06\/logo-festival-renard-couleur-1.png","width":408,"height":200,"caption":"Montier Festival Photo"},"image":{"@id":"https:\/\/www.photo-montier.org\/en\/#\/schema\/logo\/image\/"},"sameAs":["https:\/\/www.facebook.com\/Festivalmontier\/","https:\/\/x.com\/festivalmontier","https:\/\/www.instagram.com\/festivalmontier\/","https:\/\/www.youtube.com\/channel\/UCylkMGITSE22T6fgWUEYIvw","https:\/\/www.tiktok.com\/@festivalmontier"]}]}},"_links":{"self":[{"href":"https:\/\/www.photo-montier.org\/en\/wp-json\/wp\/v2\/kexposants\/45174"}],"collection":[{"href":"https:\/\/www.photo-montier.org\/en\/wp-json\/wp\/v2\/kexposants"}],"about":[{"href":"https:\/\/www.photo-montier.org\/en\/wp-json\/wp\/v2\/types\/kexposants"}],"author":[{"embeddable":true,"href":"https:\/\/www.photo-montier.org\/en\/wp-json\/wp\/v2\/users\/1"}],"version-history":[{"count":1,"href":"https:\/\/www.photo-montier.org\/en\/wp-json\/wp\/v2\/kexposants\/45174\/revisions"}],"predecessor-version":[{"id":67360,"href":"https:\/\/www.photo-montier.org\/en\/wp-json\/wp\/v2\/kexposants\/45174\/revisions\/67360"}],"wp:featuredmedia":[{"embeddable":true,"href":"https:\/\/www.photo-montier.org\/en\/wp-json\/wp\/v2\/media\/46821"}],"wp:attachment":[{"href":"https:\/\/www.photo-montier.org\/en\/wp-json\/wp\/v2\/media?parent=45174"}],"wp:term":[{"taxonomy":"exposants","embeddable":true,"href":"https:\/\/www.photo-montier.org\/en\/wp-json\/wp\/v2\/exposants?post=45174"},{"taxonomy":"site-exposants","embeddable":true,"href":"https:\/\/www.photo-montier.org\/en\/wp-json\/wp\/v2\/site-exposants?post=45174"},{"taxonomy":"type-exposants-conferences","embeddable":true,"href":"https:\/\/www.photo-montier.org\/en\/wp-json\/wp\/v2\/type-exposants-conferences?post=45174"},{"taxonomy":"type-exposants","embeddable":true,"href":"https:\/\/www.photo-montier.org\/en\/wp-json\/wp\/v2\/type-exposants?post=45174"}],"curies":[{"name":"wp","href":"https:\/\/api.w.org\/{rel}","templated":true}]}}