{"id":45068,"date":"2022-06-21T17:07:20","date_gmt":"2022-06-21T15:07:20","guid":{"rendered":"https:\/\/www.photo-montier.org\/?post_type=kexposants&#038;p=45068"},"modified":"2024-04-30T14:19:24","modified_gmt":"2024-04-30T12:19:24","slug":"aventure-africaine","status":"publish","type":"kexposants","link":"https:\/\/www.photo-montier.org\/en\/fiche-exposant\/aventure-africaine\/","title":{"rendered":"Aventure Africaine"},"content":{"rendered":"<div id='gallery-1' class='gallery galleryid-45068 gallery-columns-4 gallery-size-medium'><dl class='gallery-item'>\n\t\t\t<dt class='gallery-icon landscape'>\n\t\t\t\t<a href='https:\/\/www.photo-montier.org\/wp-content\/uploads\/exposants\/2022\/836_20220218_070934-copie-1024x768.jpg'><img decoding=\"async\" width=\"300\" height=\"225\" src=\"https:\/\/www.photo-montier.org\/wp-content\/uploads\/exposants\/2022\/836_20220218_070934-copie-300x225.jpg\" class=\"attachment-medium size-medium\" alt=\"Montier Photo Festival\" aria-describedby=\"gallery-1-46480\" srcset=\"https:\/\/www.photo-montier.org\/wp-content\/uploads\/exposants\/2022\/836_20220218_070934-copie-300x225.jpg 300w, https:\/\/www.photo-montier.org\/wp-content\/uploads\/exposants\/2022\/836_20220218_070934-copie-1024x768.jpg 1024w, https:\/\/www.photo-montier.org\/wp-content\/uploads\/exposants\/2022\/836_20220218_070934-copie-768x576.jpg 768w, https:\/\/www.photo-montier.org\/wp-content\/uploads\/exposants\/2022\/836_20220218_070934-copie-1536x1152.jpg 1536w, https:\/\/www.photo-montier.org\/wp-content\/uploads\/exposants\/2022\/836_20220218_070934-copie-2048x1536.jpg 2048w, https:\/\/www.photo-montier.org\/wp-content\/uploads\/exposants\/2022\/836_20220218_070934-copie-533x400.jpg 533w, https:\/\/www.photo-montier.org\/wp-content\/uploads\/exposants\/2022\/836_20220218_070934-copie-280x210.jpg 280w, https:\/\/www.photo-montier.org\/wp-content\/uploads\/exposants\/2022\/836_20220218_070934-copie-1320x990.jpg 1320w\" sizes=\"(max-width: 300px) 100vw, 300px\" \/><\/a>\n\t\t\t<\/dt>\n\t\t\t\t<dd class='wp-caption-text gallery-caption' id='gallery-1-46480'>\n\t\t\t\tNourrir une antilope &#8211; Aventure Africaine\n\t\t\t\t<\/dd><\/dl><dl class='gallery-item'>\n\t\t\t<dt class='gallery-icon portrait'>\n\t\t\t\t<a href='https:\/\/www.photo-montier.org\/wp-content\/uploads\/exposants\/2022\/836_img-20190902-wa0007-copie-997x1024.jpg'><img decoding=\"async\" width=\"292\" height=\"300\" src=\"https:\/\/www.photo-montier.org\/wp-content\/uploads\/exposants\/2022\/836_img-20190902-wa0007-copie-292x300.jpg\" class=\"attachment-medium size-medium\" alt=\"Montier Photo Festival\" aria-describedby=\"gallery-1-46476\" srcset=\"https:\/\/www.photo-montier.org\/wp-content\/uploads\/exposants\/2022\/836_img-20190902-wa0007-copie-292x300.jpg 292w, https:\/\/www.photo-montier.org\/wp-content\/uploads\/exposants\/2022\/836_img-20190902-wa0007-copie-997x1024.jpg 997w, https:\/\/www.photo-montier.org\/wp-content\/uploads\/exposants\/2022\/836_img-20190902-wa0007-copie-768x789.jpg 768w, https:\/\/www.photo-montier.org\/wp-content\/uploads\/exposants\/2022\/836_img-20190902-wa0007-copie-1495x1536.jpg 1495w, https:\/\/www.photo-montier.org\/wp-content\/uploads\/exposants\/2022\/836_img-20190902-wa0007-copie-1993x2048.jpg 1993w, https:\/\/www.photo-montier.org\/wp-content\/uploads\/exposants\/2022\/836_img-20190902-wa0007-copie-389x400.jpg 389w, https:\/\/www.photo-montier.org\/wp-content\/uploads\/exposants\/2022\/836_img-20190902-wa0007-copie-204x210.jpg 204w, https:\/\/www.photo-montier.org\/wp-content\/uploads\/exposants\/2022\/836_img-20190902-wa0007-copie-1320x1356.jpg 1320w\" sizes=\"(max-width: 292px) 100vw, 292px\" \/><\/a>\n\t\t\t<\/dt>\n\t\t\t\t<dd class='wp-caption-text gallery-caption' id='gallery-1-46476'>\n\t\t\t\tEntra\u00eenement des gu\u00e9pards \u00e0 la chasse &#8211; Aventure Africaine\n\t\t\t\t<\/dd><\/dl><dl class='gallery-item'>\n\t\t\t<dt class='gallery-icon landscape'>\n\t\t\t\t<a href='https:\/\/www.photo-montier.org\/wp-content\/uploads\/exposants\/2022\/836_10377025_798231006929811_2657496913568880660_n-copie-1024x683.jpg'><img decoding=\"async\" width=\"300\" height=\"200\" src=\"https:\/\/www.photo-montier.org\/wp-content\/uploads\/exposants\/2022\/836_10377025_798231006929811_2657496913568880660_n-copie-300x200.jpg\" class=\"attachment-medium size-medium\" alt=\"Montier Photo Festival\" aria-describedby=\"gallery-1-46472\" srcset=\"https:\/\/www.photo-montier.org\/wp-content\/uploads\/exposants\/2022\/836_10377025_798231006929811_2657496913568880660_n-copie-300x200.jpg 300w, https:\/\/www.photo-montier.org\/wp-content\/uploads\/exposants\/2022\/836_10377025_798231006929811_2657496913568880660_n-copie-1024x683.jpg 1024w, https:\/\/www.photo-montier.org\/wp-content\/uploads\/exposants\/2022\/836_10377025_798231006929811_2657496913568880660_n-copie-768x512.jpg 768w, https:\/\/www.photo-montier.org\/wp-content\/uploads\/exposants\/2022\/836_10377025_798231006929811_2657496913568880660_n-copie-1536x1024.jpg 1536w, https:\/\/www.photo-montier.org\/wp-content\/uploads\/exposants\/2022\/836_10377025_798231006929811_2657496913568880660_n-copie-2048x1365.jpg 2048w, https:\/\/www.photo-montier.org\/wp-content\/uploads\/exposants\/2022\/836_10377025_798231006929811_2657496913568880660_n-copie-600x400.jpg 600w, https:\/\/www.photo-montier.org\/wp-content\/uploads\/exposants\/2022\/836_10377025_798231006929811_2657496913568880660_n-copie-315x210.jpg 315w, https:\/\/www.photo-montier.org\/wp-content\/uploads\/exposants\/2022\/836_10377025_798231006929811_2657496913568880660_n-copie-1320x880.jpg 1320w\" sizes=\"(max-width: 300px) 100vw, 300px\" \/><\/a>\n\t\t\t<\/dt>\n\t\t\t\t<dd class='wp-caption-text gallery-caption' id='gallery-1-46472'>\n\t\t\t\tExplorer la savane sud-africaine &#8211; Aventure Africaine\n\t\t\t\t<\/dd><\/dl><dl class='gallery-item'>\n\t\t\t<dt class='gallery-icon landscape'>\n\t\t\t\t<a href='https:\/\/www.photo-montier.org\/wp-content\/uploads\/exposants\/2022\/836_received_918895861825942-copie-1024x768.jpeg'><img decoding=\"async\" width=\"300\" height=\"225\" src=\"https:\/\/www.photo-montier.org\/wp-content\/uploads\/exposants\/2022\/836_received_918895861825942-copie-300x225.jpeg\" class=\"attachment-medium size-medium\" alt=\"Montier Photo Festival\" aria-describedby=\"gallery-1-46468\" srcset=\"https:\/\/www.photo-montier.org\/wp-content\/uploads\/exposants\/2022\/836_received_918895861825942-copie-300x225.jpeg 300w, https:\/\/www.photo-montier.org\/wp-content\/uploads\/exposants\/2022\/836_received_918895861825942-copie-1024x768.jpeg 1024w, https:\/\/www.photo-montier.org\/wp-content\/uploads\/exposants\/2022\/836_received_918895861825942-copie-768x576.jpeg 768w, https:\/\/www.photo-montier.org\/wp-content\/uploads\/exposants\/2022\/836_received_918895861825942-copie-1536x1152.jpeg 1536w, https:\/\/www.photo-montier.org\/wp-content\/uploads\/exposants\/2022\/836_received_918895861825942-copie-2048x1536.jpeg 2048w, https:\/\/www.photo-montier.org\/wp-content\/uploads\/exposants\/2022\/836_received_918895861825942-copie-533x400.jpeg 533w, https:\/\/www.photo-montier.org\/wp-content\/uploads\/exposants\/2022\/836_received_918895861825942-copie-280x210.jpeg 280w, https:\/\/www.photo-montier.org\/wp-content\/uploads\/exposants\/2022\/836_received_918895861825942-copie-1320x990.jpeg 1320w\" sizes=\"(max-width: 300px) 100vw, 300px\" \/><\/a>\n\t\t\t<\/dt>\n\t\t\t\t<dd class='wp-caption-text gallery-caption' id='gallery-1-46468'>\n\t\t\t\tMarche avec les \u00e9l\u00e9phants au Zimbabwe &#8211; Aventure Africaine\n\t\t\t\t<\/dd><\/dl><br style=\"clear: both\" \/><dl class='gallery-item'>\n\t\t\t<dt class='gallery-icon landscape'>\n\t\t\t\t<a href='https:\/\/www.photo-montier.org\/wp-content\/uploads\/exposants\/2022\/836_bandeau-aventure-africaine-copie-1024x290.jpg'><img decoding=\"async\" width=\"300\" height=\"85\" src=\"https:\/\/www.photo-montier.org\/wp-content\/uploads\/exposants\/2022\/836_bandeau-aventure-africaine-copie-300x85.jpg\" class=\"attachment-medium size-medium\" alt=\"Montier Photo Festival\" aria-describedby=\"gallery-1-46464\" srcset=\"https:\/\/www.photo-montier.org\/wp-content\/uploads\/exposants\/2022\/836_bandeau-aventure-africaine-copie-300x85.jpg 300w, https:\/\/www.photo-montier.org\/wp-content\/uploads\/exposants\/2022\/836_bandeau-aventure-africaine-copie-1024x290.jpg 1024w, https:\/\/www.photo-montier.org\/wp-content\/uploads\/exposants\/2022\/836_bandeau-aventure-africaine-copie-768x218.jpg 768w, https:\/\/www.photo-montier.org\/wp-content\/uploads\/exposants\/2022\/836_bandeau-aventure-africaine-copie-1536x435.jpg 1536w, https:\/\/www.photo-montier.org\/wp-content\/uploads\/exposants\/2022\/836_bandeau-aventure-africaine-copie-2048x580.jpg 2048w, https:\/\/www.photo-montier.org\/wp-content\/uploads\/exposants\/2022\/836_bandeau-aventure-africaine-copie-600x170.jpg 600w, https:\/\/www.photo-montier.org\/wp-content\/uploads\/exposants\/2022\/836_bandeau-aventure-africaine-copie-360x102.jpg 360w, https:\/\/www.photo-montier.org\/wp-content\/uploads\/exposants\/2022\/836_bandeau-aventure-africaine-copie-1320x374.jpg 1320w\" sizes=\"(max-width: 300px) 100vw, 300px\" \/><\/a>\n\t\t\t<\/dt>\n\t\t\t\t<dd class='wp-caption-text gallery-caption' id='gallery-1-46464'>\n\t\t\t\tAventure Africaine &#8211; Aventure Africaine\n\t\t\t\t<\/dd><\/dl>\n\t\t\t<br style='clear: both' \/>\n\t\t<\/div>\n\n","protected":false},"author":1,"featured_media":46460,"template":"","exposants":[557],"site-exposants":[517],"type-exposants-conferences":[],"type-exposants":[542],"acf":{"kexposants_custom_thumbnail":null,"kexposants_expo_group":"","kexposants_title_en":"","kexposants_day_conf_date":null,"kexposants_hours_conf_text_start":"","kexposants_hours_conf_text_end":"","kexposants_bio":"Aventure Africaine is a volunteer agency specialized in environmental conservation projects in Africa. It allows volunteers to go on missions to help safeguard local wildlife on site for a short to medium duration. They can join a rehabilitation center collecting wounded animals, a huge South African reserve to observe the local wildlife in its natural environment, a project to reintroduce cheetahs, or an internship combining volunteering and training in wildlife photography.","kexposants_bio_en":"","kexposants_expo":"","kexposants_expo_en":"","kexposants_denomination":"Aventure Africaine","kexposants_user_id":740,"kexposants_url_movie":""},"yoast_head":"<!-- This site is optimized with the Yoast SEO plugin v23.5 - https:\/\/yoast.com\/wordpress\/plugins\/seo\/ -->\n<title>Aventure Africaine | Exposant &#8211; Montier Photo Festival<\/title>\n<meta name=\"robots\" content=\"index, follow, max-snippet:-1, max-image-preview:large, max-video-preview:-1\" \/>\n<link rel=\"canonical\" href=\"https:\/\/www.photo-montier.org\/en\/fiche-exposant\/aventure-africaine\/\" \/>\n<meta property=\"og:locale\" content=\"en_US\" \/>\n<meta property=\"og:type\" content=\"article\" \/>\n<meta property=\"og:title\" content=\"Aventure Africaine | Exposant &#8211; Montier Photo Festival\" \/>\n<meta property=\"og:description\" content=\"Nourrir une antilope &#8211; Aventure Africaine              Entra\u00eenement des gu\u00e9pards \u00e0 la chasse &#8211; Aventure Africaine              Explorer la savane sud-africaine &#8211; Aventure Africaine              Marche avec les \u00e9l\u00e9phants au Zimbabwe [&hellip;]\" \/>\n<meta property=\"og:url\" content=\"https:\/\/www.photo-montier.org\/en\/fiche-exposant\/aventure-africaine\/\" \/>\n<meta property=\"og:site_name\" content=\"Montier Photo Festival\" \/>\n<meta property=\"article:publisher\" content=\"https:\/\/www.facebook.com\/Festivalmontier\/\" \/>\n<meta property=\"article:modified_time\" content=\"2024-04-30T12:19:24+00:00\" \/>\n<meta property=\"og:image\" content=\"https:\/\/www.photo-montier.org\/wp-content\/uploads\/exposants\/2022\/836_logo-aventure-africaine.png\" \/>\n\t<meta property=\"og:image:width\" content=\"1776\" \/>\n\t<meta property=\"og:image:height\" content=\"1520\" \/>\n\t<meta property=\"og:image:type\" content=\"image\/png\" \/>\n<meta name=\"twitter:card\" content=\"summary_large_image\" \/>\n<meta name=\"twitter:site\" content=\"@festivalmontier\" \/>\n<script type=\"application\/ld+json\" class=\"yoast-schema-graph\">{\"@context\":\"https:\/\/schema.org\",\"@graph\":[{\"@type\":\"WebPage\",\"@id\":\"https:\/\/www.photo-montier.org\/en\/fiche-exposant\/aventure-africaine\/\",\"url\":\"https:\/\/www.photo-montier.org\/en\/fiche-exposant\/aventure-africaine\/\",\"name\":\"Aventure Africaine | Exposant &#8211; Montier Photo Festival\",\"isPartOf\":{\"@id\":\"https:\/\/www.photo-montier.org\/en\/#website\"},\"primaryImageOfPage\":{\"@id\":\"https:\/\/www.photo-montier.org\/en\/fiche-exposant\/aventure-africaine\/#primaryimage\"},\"image\":{\"@id\":\"https:\/\/www.photo-montier.org\/en\/fiche-exposant\/aventure-africaine\/#primaryimage\"},\"thumbnailUrl\":\"https:\/\/www.photo-montier.org\/wp-content\/uploads\/exposants\/2022\/836_logo-aventure-africaine.png\",\"datePublished\":\"2022-06-21T15:07:20+00:00\",\"dateModified\":\"2024-04-30T12:19:24+00:00\",\"breadcrumb\":{\"@id\":\"https:\/\/www.photo-montier.org\/en\/fiche-exposant\/aventure-africaine\/#breadcrumb\"},\"inLanguage\":\"en-US\",\"potentialAction\":[{\"@type\":\"ReadAction\",\"target\":[\"https:\/\/www.photo-montier.org\/en\/fiche-exposant\/aventure-africaine\/\"]}]},{\"@type\":\"ImageObject\",\"inLanguage\":\"en-US\",\"@id\":\"https:\/\/www.photo-montier.org\/en\/fiche-exposant\/aventure-africaine\/#primaryimage\",\"url\":\"https:\/\/www.photo-montier.org\/wp-content\/uploads\/exposants\/2022\/836_logo-aventure-africaine.png\",\"contentUrl\":\"https:\/\/www.photo-montier.org\/wp-content\/uploads\/exposants\/2022\/836_logo-aventure-africaine.png\",\"width\":1776,\"height\":1520,\"caption\":\"836_logo-aventure-africaine.png -\"},{\"@type\":\"BreadcrumbList\",\"@id\":\"https:\/\/www.photo-montier.org\/en\/fiche-exposant\/aventure-africaine\/#breadcrumb\",\"itemListElement\":[{\"@type\":\"ListItem\",\"position\":1,\"name\":\"Home\",\"item\":\"https:\/\/www.photo-montier.org\/en\/\"},{\"@type\":\"ListItem\",\"position\":2,\"name\":\"Exposants\",\"item\":\"https:\/\/www.photo-montier.org\/en\/fiche-exposant\/\"},{\"@type\":\"ListItem\",\"position\":3,\"name\":\"2022\",\"item\":\"https:\/\/www.photo-montier.org\/en\/exposants\/2022\/\"},{\"@type\":\"ListItem\",\"position\":4,\"name\":\"Aventure Africaine\"}]},{\"@type\":\"WebSite\",\"@id\":\"https:\/\/www.photo-montier.org\/en\/#website\",\"url\":\"https:\/\/www.photo-montier.org\/en\/\",\"name\":\"Montier Photo Festival\",\"description\":\"International Wildlife and Nature Photo Festival\",\"publisher\":{\"@id\":\"https:\/\/www.photo-montier.org\/en\/#organization\"},\"potentialAction\":[{\"@type\":\"SearchAction\",\"target\":{\"@type\":\"EntryPoint\",\"urlTemplate\":\"https:\/\/www.photo-montier.org\/en\/?s={search_term_string}\"},\"query-input\":{\"@type\":\"PropertyValueSpecification\",\"valueRequired\":true,\"valueName\":\"search_term_string\"}}],\"inLanguage\":\"en-US\"},{\"@type\":\"Organization\",\"@id\":\"https:\/\/www.photo-montier.org\/en\/#organization\",\"name\":\"Montier Festival Photo\",\"url\":\"https:\/\/www.photo-montier.org\/en\/\",\"logo\":{\"@type\":\"ImageObject\",\"inLanguage\":\"en-US\",\"@id\":\"https:\/\/www.photo-montier.org\/en\/#\/schema\/logo\/image\/\",\"url\":\"https:\/\/www.photo-montier.org\/wp-content\/uploads\/2016\/06\/logo-festival-renard-couleur-1.png\",\"contentUrl\":\"https:\/\/www.photo-montier.org\/wp-content\/uploads\/2016\/06\/logo-festival-renard-couleur-1.png\",\"width\":408,\"height\":200,\"caption\":\"Montier Festival Photo\"},\"image\":{\"@id\":\"https:\/\/www.photo-montier.org\/en\/#\/schema\/logo\/image\/\"},\"sameAs\":[\"https:\/\/www.facebook.com\/Festivalmontier\/\",\"https:\/\/x.com\/festivalmontier\",\"https:\/\/www.instagram.com\/festivalmontier\/\",\"https:\/\/www.youtube.com\/channel\/UCylkMGITSE22T6fgWUEYIvw\",\"https:\/\/www.tiktok.com\/@festivalmontier\"]}]}<\/script>\n<!-- \/ Yoast SEO plugin. -->","yoast_head_json":{"title":"Aventure Africaine | Exposant &#8211; Montier Photo Festival","robots":{"index":"index","follow":"follow","max-snippet":"max-snippet:-1","max-image-preview":"max-image-preview:large","max-video-preview":"max-video-preview:-1"},"canonical":"https:\/\/www.photo-montier.org\/en\/fiche-exposant\/aventure-africaine\/","og_locale":"en_US","og_type":"article","og_title":"Aventure Africaine | Exposant &#8211; Montier Photo Festival","og_description":"Nourrir une antilope &#8211; Aventure Africaine              Entra\u00eenement des gu\u00e9pards \u00e0 la chasse &#8211; Aventure Africaine              Explorer la savane sud-africaine &#8211; Aventure Africaine              Marche avec les \u00e9l\u00e9phants au Zimbabwe [&hellip;]","og_url":"https:\/\/www.photo-montier.org\/en\/fiche-exposant\/aventure-africaine\/","og_site_name":"Montier Photo Festival","article_publisher":"https:\/\/www.facebook.com\/Festivalmontier\/","article_modified_time":"2024-04-30T12:19:24+00:00","og_image":[{"width":1776,"height":1520,"url":"https:\/\/www.photo-montier.org\/wp-content\/uploads\/exposants\/2022\/836_logo-aventure-africaine.png","type":"image\/png"}],"twitter_card":"summary_large_image","twitter_site":"@festivalmontier","schema":{"@context":"https:\/\/schema.org","@graph":[{"@type":"WebPage","@id":"https:\/\/www.photo-montier.org\/en\/fiche-exposant\/aventure-africaine\/","url":"https:\/\/www.photo-montier.org\/en\/fiche-exposant\/aventure-africaine\/","name":"Aventure Africaine | Exposant &#8211; Montier Photo Festival","isPartOf":{"@id":"https:\/\/www.photo-montier.org\/en\/#website"},"primaryImageOfPage":{"@id":"https:\/\/www.photo-montier.org\/en\/fiche-exposant\/aventure-africaine\/#primaryimage"},"image":{"@id":"https:\/\/www.photo-montier.org\/en\/fiche-exposant\/aventure-africaine\/#primaryimage"},"thumbnailUrl":"https:\/\/www.photo-montier.org\/wp-content\/uploads\/exposants\/2022\/836_logo-aventure-africaine.png","datePublished":"2022-06-21T15:07:20+00:00","dateModified":"2024-04-30T12:19:24+00:00","breadcrumb":{"@id":"https:\/\/www.photo-montier.org\/en\/fiche-exposant\/aventure-africaine\/#breadcrumb"},"inLanguage":"en-US","potentialAction":[{"@type":"ReadAction","target":["https:\/\/www.photo-montier.org\/en\/fiche-exposant\/aventure-africaine\/"]}]},{"@type":"ImageObject","inLanguage":"en-US","@id":"https:\/\/www.photo-montier.org\/en\/fiche-exposant\/aventure-africaine\/#primaryimage","url":"https:\/\/www.photo-montier.org\/wp-content\/uploads\/exposants\/2022\/836_logo-aventure-africaine.png","contentUrl":"https:\/\/www.photo-montier.org\/wp-content\/uploads\/exposants\/2022\/836_logo-aventure-africaine.png","width":1776,"height":1520,"caption":"836_logo-aventure-africaine.png -"},{"@type":"BreadcrumbList","@id":"https:\/\/www.photo-montier.org\/en\/fiche-exposant\/aventure-africaine\/#breadcrumb","itemListElement":[{"@type":"ListItem","position":1,"name":"Home","item":"https:\/\/www.photo-montier.org\/en\/"},{"@type":"ListItem","position":2,"name":"Exposants","item":"https:\/\/www.photo-montier.org\/en\/fiche-exposant\/"},{"@type":"ListItem","position":3,"name":"2022","item":"https:\/\/www.photo-montier.org\/en\/exposants\/2022\/"},{"@type":"ListItem","position":4,"name":"Aventure Africaine"}]},{"@type":"WebSite","@id":"https:\/\/www.photo-montier.org\/en\/#website","url":"https:\/\/www.photo-montier.org\/en\/","name":"Montier Photo Festival","description":"International Wildlife and Nature Photo Festival","publisher":{"@id":"https:\/\/www.photo-montier.org\/en\/#organization"},"potentialAction":[{"@type":"SearchAction","target":{"@type":"EntryPoint","urlTemplate":"https:\/\/www.photo-montier.org\/en\/?s={search_term_string}"},"query-input":{"@type":"PropertyValueSpecification","valueRequired":true,"valueName":"search_term_string"}}],"inLanguage":"en-US"},{"@type":"Organization","@id":"https:\/\/www.photo-montier.org\/en\/#organization","name":"Montier Festival Photo","url":"https:\/\/www.photo-montier.org\/en\/","logo":{"@type":"ImageObject","inLanguage":"en-US","@id":"https:\/\/www.photo-montier.org\/en\/#\/schema\/logo\/image\/","url":"https:\/\/www.photo-montier.org\/wp-content\/uploads\/2016\/06\/logo-festival-renard-couleur-1.png","contentUrl":"https:\/\/www.photo-montier.org\/wp-content\/uploads\/2016\/06\/logo-festival-renard-couleur-1.png","width":408,"height":200,"caption":"Montier Festival Photo"},"image":{"@id":"https:\/\/www.photo-montier.org\/en\/#\/schema\/logo\/image\/"},"sameAs":["https:\/\/www.facebook.com\/Festivalmontier\/","https:\/\/x.com\/festivalmontier","https:\/\/www.instagram.com\/festivalmontier\/","https:\/\/www.youtube.com\/channel\/UCylkMGITSE22T6fgWUEYIvw","https:\/\/www.tiktok.com\/@festivalmontier"]}]}},"_links":{"self":[{"href":"https:\/\/www.photo-montier.org\/en\/wp-json\/wp\/v2\/kexposants\/45068"}],"collection":[{"href":"https:\/\/www.photo-montier.org\/en\/wp-json\/wp\/v2\/kexposants"}],"about":[{"href":"https:\/\/www.photo-montier.org\/en\/wp-json\/wp\/v2\/types\/kexposants"}],"author":[{"embeddable":true,"href":"https:\/\/www.photo-montier.org\/en\/wp-json\/wp\/v2\/users\/1"}],"version-history":[{"count":1,"href":"https:\/\/www.photo-montier.org\/en\/wp-json\/wp\/v2\/kexposants\/45068\/revisions"}],"predecessor-version":[{"id":67342,"href":"https:\/\/www.photo-montier.org\/en\/wp-json\/wp\/v2\/kexposants\/45068\/revisions\/67342"}],"wp:featuredmedia":[{"embeddable":true,"href":"https:\/\/www.photo-montier.org\/en\/wp-json\/wp\/v2\/media\/46460"}],"wp:attachment":[{"href":"https:\/\/www.photo-montier.org\/en\/wp-json\/wp\/v2\/media?parent=45068"}],"wp:term":[{"taxonomy":"exposants","embeddable":true,"href":"https:\/\/www.photo-montier.org\/en\/wp-json\/wp\/v2\/exposants?post=45068"},{"taxonomy":"site-exposants","embeddable":true,"href":"https:\/\/www.photo-montier.org\/en\/wp-json\/wp\/v2\/site-exposants?post=45068"},{"taxonomy":"type-exposants-conferences","embeddable":true,"href":"https:\/\/www.photo-montier.org\/en\/wp-json\/wp\/v2\/type-exposants-conferences?post=45068"},{"taxonomy":"type-exposants","embeddable":true,"href":"https:\/\/www.photo-montier.org\/en\/wp-json\/wp\/v2\/type-exposants?post=45068"}],"curies":[{"name":"wp","href":"https:\/\/api.w.org\/{rel}","templated":true}]}}