{"id":35176,"date":"2020-05-31T16:00:24","date_gmt":"2020-05-31T14:00:24","guid":{"rendered":"https:\/\/www.photo-montier.org\/fiche-exposant\/gelabra-le-lagopede-des-pyrenees\/"},"modified":"2024-04-30T14:19:04","modified_gmt":"2024-04-30T12:19:04","slug":"gelabra-le-lagopede-des-pyrenees","status":"publish","type":"kexposants","link":"https:\/\/www.photo-montier.org\/en\/fiche-exposant\/gelabra-le-lagopede-des-pyrenees\/","title":{"rendered":"Gelabra, le Lagop\u00e8de des Pyr\u00e9n\u00e9es"},"content":{"rendered":"<div id='gallery-1' class='gallery galleryid-35176 gallery-columns-4 gallery-size-medium'><dl class='gallery-item'>\n\t\t\t<dt class='gallery-icon landscape'>\n\t\t\t\t<a href='https:\/\/www.photo-montier.org\/wp-content\/uploads\/exposants\/2020\/690_5-1024x683.jpg'><img decoding=\"async\" width=\"300\" height=\"200\" src=\"https:\/\/www.photo-montier.org\/wp-content\/uploads\/exposants\/2020\/690_5-300x200.jpg\" class=\"attachment-medium size-medium\" alt=\"Montier Photo Festival\" aria-describedby=\"gallery-1-31854\" srcset=\"https:\/\/www.photo-montier.org\/wp-content\/uploads\/exposants\/2020\/690_5-300x200.jpg 300w, https:\/\/www.photo-montier.org\/wp-content\/uploads\/exposants\/2020\/690_5-768x512.jpg 768w, https:\/\/www.photo-montier.org\/wp-content\/uploads\/exposants\/2020\/690_5-1024x683.jpg 1024w, https:\/\/www.photo-montier.org\/wp-content\/uploads\/exposants\/2020\/690_5-600x400.jpg 600w, https:\/\/www.photo-montier.org\/wp-content\/uploads\/exposants\/2020\/690_5-1320x880.jpg 1320w\" sizes=\"(max-width: 300px) 100vw, 300px\" \/><\/a>\n\t\t\t<\/dt>\n\t\t\t\t<dd class='wp-caption-text gallery-caption' id='gallery-1-31854'>\n\t\t\t\tLagop\u00e8de des Pyr\u00e9n\u00e9es &#8211; Gr\u00e9gory ODEMER\n\t\t\t\t<\/dd><\/dl><dl class='gallery-item'>\n\t\t\t<dt class='gallery-icon landscape'>\n\t\t\t\t<a href='https:\/\/www.photo-montier.org\/wp-content\/uploads\/exposants\/2020\/690_4-1024x683.jpg'><img decoding=\"async\" width=\"300\" height=\"200\" src=\"https:\/\/www.photo-montier.org\/wp-content\/uploads\/exposants\/2020\/690_4-300x200.jpg\" class=\"attachment-medium size-medium\" alt=\"Montier Photo Festival\" aria-describedby=\"gallery-1-31853\" srcset=\"https:\/\/www.photo-montier.org\/wp-content\/uploads\/exposants\/2020\/690_4-300x200.jpg 300w, https:\/\/www.photo-montier.org\/wp-content\/uploads\/exposants\/2020\/690_4-768x512.jpg 768w, https:\/\/www.photo-montier.org\/wp-content\/uploads\/exposants\/2020\/690_4-1024x683.jpg 1024w, https:\/\/www.photo-montier.org\/wp-content\/uploads\/exposants\/2020\/690_4-600x400.jpg 600w, https:\/\/www.photo-montier.org\/wp-content\/uploads\/exposants\/2020\/690_4-1320x880.jpg 1320w\" sizes=\"(max-width: 300px) 100vw, 300px\" \/><\/a>\n\t\t\t<\/dt>\n\t\t\t\t<dd class='wp-caption-text gallery-caption' id='gallery-1-31853'>\n\t\t\t\tLagop\u00e8de des Pyr\u00e9n\u00e9es &#8211; Gr\u00e9gory ODEMER\n\t\t\t\t<\/dd><\/dl><dl class='gallery-item'>\n\t\t\t<dt class='gallery-icon landscape'>\n\t\t\t\t<a href='https:\/\/www.photo-montier.org\/wp-content\/uploads\/exposants\/2020\/690_3-1024x683.jpg'><img decoding=\"async\" width=\"300\" height=\"200\" src=\"https:\/\/www.photo-montier.org\/wp-content\/uploads\/exposants\/2020\/690_3-300x200.jpg\" class=\"attachment-medium size-medium\" alt=\"Montier Photo Festival\" aria-describedby=\"gallery-1-31852\" srcset=\"https:\/\/www.photo-montier.org\/wp-content\/uploads\/exposants\/2020\/690_3-300x200.jpg 300w, https:\/\/www.photo-montier.org\/wp-content\/uploads\/exposants\/2020\/690_3-768x512.jpg 768w, https:\/\/www.photo-montier.org\/wp-content\/uploads\/exposants\/2020\/690_3-1024x683.jpg 1024w, https:\/\/www.photo-montier.org\/wp-content\/uploads\/exposants\/2020\/690_3-600x400.jpg 600w, https:\/\/www.photo-montier.org\/wp-content\/uploads\/exposants\/2020\/690_3-1320x880.jpg 1320w, https:\/\/www.photo-montier.org\/wp-content\/uploads\/exposants\/2020\/690_3.jpg 2048w\" sizes=\"(max-width: 300px) 100vw, 300px\" \/><\/a>\n\t\t\t<\/dt>\n\t\t\t\t<dd class='wp-caption-text gallery-caption' id='gallery-1-31852'>\n\t\t\t\tLagop\u00e8de des Pyr\u00e9n\u00e9es &#8211; Gr\u00e9gory ODEMER\n\t\t\t\t<\/dd><\/dl><dl class='gallery-item'>\n\t\t\t<dt class='gallery-icon landscape'>\n\t\t\t\t<a href='https:\/\/www.photo-montier.org\/wp-content\/uploads\/exposants\/2020\/690_2-1024x683.jpg'><img decoding=\"async\" width=\"300\" height=\"200\" src=\"https:\/\/www.photo-montier.org\/wp-content\/uploads\/exposants\/2020\/690_2-300x200.jpg\" class=\"attachment-medium size-medium\" alt=\"Montier Photo Festival\" aria-describedby=\"gallery-1-31851\" srcset=\"https:\/\/www.photo-montier.org\/wp-content\/uploads\/exposants\/2020\/690_2-300x200.jpg 300w, https:\/\/www.photo-montier.org\/wp-content\/uploads\/exposants\/2020\/690_2-768x512.jpg 768w, https:\/\/www.photo-montier.org\/wp-content\/uploads\/exposants\/2020\/690_2-1024x683.jpg 1024w, https:\/\/www.photo-montier.org\/wp-content\/uploads\/exposants\/2020\/690_2-600x400.jpg 600w, https:\/\/www.photo-montier.org\/wp-content\/uploads\/exposants\/2020\/690_2-1320x880.jpg 1320w\" sizes=\"(max-width: 300px) 100vw, 300px\" \/><\/a>\n\t\t\t<\/dt>\n\t\t\t\t<dd class='wp-caption-text gallery-caption' id='gallery-1-31851'>\n\t\t\t\tLagop\u00e8de des Pyr\u00e9n\u00e9es &#8211; Gr\u00e9gory ODEMER\n\t\t\t\t<\/dd><\/dl><br style=\"clear: both\" \/><dl class='gallery-item'>\n\t\t\t<dt class='gallery-icon landscape'>\n\t\t\t\t<a href='https:\/\/www.photo-montier.org\/wp-content\/uploads\/exposants\/2020\/690_1-1024x683.jpg'><img decoding=\"async\" width=\"300\" height=\"200\" src=\"https:\/\/www.photo-montier.org\/wp-content\/uploads\/exposants\/2020\/690_1-300x200.jpg\" class=\"attachment-medium size-medium\" alt=\"Montier Photo Festival\" aria-describedby=\"gallery-1-31850\" srcset=\"https:\/\/www.photo-montier.org\/wp-content\/uploads\/exposants\/2020\/690_1-300x200.jpg 300w, https:\/\/www.photo-montier.org\/wp-content\/uploads\/exposants\/2020\/690_1-768x512.jpg 768w, https:\/\/www.photo-montier.org\/wp-content\/uploads\/exposants\/2020\/690_1-1024x683.jpg 1024w, https:\/\/www.photo-montier.org\/wp-content\/uploads\/exposants\/2020\/690_1-600x400.jpg 600w, https:\/\/www.photo-montier.org\/wp-content\/uploads\/exposants\/2020\/690_1-1320x880.jpg 1320w, https:\/\/www.photo-montier.org\/wp-content\/uploads\/exposants\/2020\/690_1.jpg 2048w\" sizes=\"(max-width: 300px) 100vw, 300px\" \/><\/a>\n\t\t\t<\/dt>\n\t\t\t\t<dd class='wp-caption-text gallery-caption' id='gallery-1-31850'>\n\t\t\t\tLagop\u00e8de des Pyr\u00e9n\u00e9es &#8211; Gr\u00e9gory ODEMER\n\t\t\t\t<\/dd><\/dl>\n\t\t\t<br style='clear: both' \/>\n\t\t<\/div>\n\n","protected":false},"author":1,"featured_media":31849,"template":"","exposants":[411,487],"site-exposants":[514],"type-exposants-conferences":[],"type-exposants":[527],"acf":{"kexposants_custom_thumbnail":null,"kexposants_expo_group":"Photographe","kexposants_title_en":"","kexposants_day_conf_date":null,"kexposants_hours_conf_text_start":"","kexposants_hours_conf_text_end":"","kexposants_bio":"Born in 1978 in the Charente, my parents sensitized me to the nature very quickly and the mountain fauna in particular. Then, long scientific studies forced me to give up, for a time, my passion for nature. In 2008, after a thesis and a post-doctorate, I become teacher-researcher in the Toulouse area. Having very little time to practice photography, I nevertheless have the privil\u00e8ge of being closer to my dear mountains in which I go for them, as much as possible. I regularly exhibits my works in major French and European festivals, collaborates with the specialized press and television and has been awarded in many national and international contests. In 2017, I published my first book about the birds of the Ari\u00e8ge r\u00e9gion, the result of seven long years of work.\u00a0 A large aprt of this book is focused on a small hawk, the \"Elanus caeruleus\". In 2019, I realized my second book about the Ptarmigan of the Pyrenees. Finally wildlife photography is for me a pretext to go out into nature and a formidable way of discovery, expression but above awareness.","kexposants_bio_en":"","kexposants_expo":"The Pyrenees have the opportunity to receive three species of mountain gallinaceous including the charming and enigmatic Ptarmigan. Living to the high peaks, it is an excellent barometer of the evolution of open altitude environments, to which climate changes and human-behavior are currently he subject of major changes. There is no doubt that its survival in our mountains is closely linked to the efforts we are prepared to preserve it. I invite you to discover the Pyrenean Ptarmigan living in Ari\u00e8ge and Haute-Garonne French regions, one of the most fascinating and singular birds of French avifauna.","kexposants_expo_en":"","kexposants_denomination":"Gr\u00e9gory ODEMER","kexposants_user_id":597,"kexposants_url_movie":""},"yoast_head":"<!-- This site is optimized with the Yoast SEO plugin v23.5 - https:\/\/yoast.com\/wordpress\/plugins\/seo\/ -->\n<title>Gelabra, le Lagop\u00e8de des Pyr\u00e9n\u00e9es | Exposant &#8211; Montier Photo Festival<\/title>\n<meta name=\"robots\" content=\"index, follow, max-snippet:-1, max-image-preview:large, max-video-preview:-1\" \/>\n<link rel=\"canonical\" href=\"https:\/\/www.photo-montier.org\/en\/fiche-exposant\/gelabra-le-lagopede-des-pyrenees\/\" \/>\n<meta property=\"og:locale\" content=\"en_US\" \/>\n<meta property=\"og:type\" content=\"article\" \/>\n<meta property=\"og:title\" content=\"Gelabra, le Lagop\u00e8de des Pyr\u00e9n\u00e9es | Exposant &#8211; Montier Photo Festival\" \/>\n<meta property=\"og:description\" content=\"Lagop\u00e8de des Pyr\u00e9n\u00e9es &#8211; Gr\u00e9gory ODEMER              Lagop\u00e8de des Pyr\u00e9n\u00e9es &#8211; Gr\u00e9gory ODEMER              Lagop\u00e8de des Pyr\u00e9n\u00e9es &#8211; Gr\u00e9gory ODEMER              Lagop\u00e8de des Pyr\u00e9n\u00e9es &#8211; Gr\u00e9gory ODEMER              Lagop\u00e8de des Pyr\u00e9n\u00e9es &#8211; Gr\u00e9gory [&hellip;]\" \/>\n<meta property=\"og:url\" content=\"https:\/\/www.photo-montier.org\/en\/fiche-exposant\/gelabra-le-lagopede-des-pyrenees\/\" \/>\n<meta property=\"og:site_name\" content=\"Montier Photo Festival\" \/>\n<meta property=\"article:publisher\" content=\"https:\/\/www.facebook.com\/Festivalmontier\/\" \/>\n<meta property=\"article:modified_time\" content=\"2024-04-30T12:19:04+00:00\" \/>\n<meta property=\"og:image\" content=\"https:\/\/www.photo-montier.org\/wp-content\/uploads\/exposants\/2020\/690_gregory-odemer.jpg\" \/>\n\t<meta property=\"og:image:width\" content=\"1996\" \/>\n\t<meta property=\"og:image:height\" content=\"2048\" \/>\n\t<meta property=\"og:image:type\" content=\"image\/jpeg\" \/>\n<meta name=\"twitter:card\" content=\"summary_large_image\" \/>\n<meta name=\"twitter:site\" content=\"@festivalmontier\" \/>\n<script type=\"application\/ld+json\" class=\"yoast-schema-graph\">{\"@context\":\"https:\/\/schema.org\",\"@graph\":[{\"@type\":\"WebPage\",\"@id\":\"https:\/\/www.photo-montier.org\/en\/fiche-exposant\/gelabra-le-lagopede-des-pyrenees\/\",\"url\":\"https:\/\/www.photo-montier.org\/en\/fiche-exposant\/gelabra-le-lagopede-des-pyrenees\/\",\"name\":\"Gelabra, le Lagop\u00e8de des Pyr\u00e9n\u00e9es | Exposant &#8211; Montier Photo Festival\",\"isPartOf\":{\"@id\":\"https:\/\/www.photo-montier.org\/en\/#website\"},\"primaryImageOfPage\":{\"@id\":\"https:\/\/www.photo-montier.org\/en\/fiche-exposant\/gelabra-le-lagopede-des-pyrenees\/#primaryimage\"},\"image\":{\"@id\":\"https:\/\/www.photo-montier.org\/en\/fiche-exposant\/gelabra-le-lagopede-des-pyrenees\/#primaryimage\"},\"thumbnailUrl\":\"https:\/\/www.photo-montier.org\/wp-content\/uploads\/exposants\/2020\/690_gregory-odemer.jpg\",\"datePublished\":\"2020-05-31T14:00:24+00:00\",\"dateModified\":\"2024-04-30T12:19:04+00:00\",\"breadcrumb\":{\"@id\":\"https:\/\/www.photo-montier.org\/en\/fiche-exposant\/gelabra-le-lagopede-des-pyrenees\/#breadcrumb\"},\"inLanguage\":\"en-US\",\"potentialAction\":[{\"@type\":\"ReadAction\",\"target\":[\"https:\/\/www.photo-montier.org\/en\/fiche-exposant\/gelabra-le-lagopede-des-pyrenees\/\"]}]},{\"@type\":\"ImageObject\",\"inLanguage\":\"en-US\",\"@id\":\"https:\/\/www.photo-montier.org\/en\/fiche-exposant\/gelabra-le-lagopede-des-pyrenees\/#primaryimage\",\"url\":\"https:\/\/www.photo-montier.org\/wp-content\/uploads\/exposants\/2020\/690_gregory-odemer.jpg\",\"contentUrl\":\"https:\/\/www.photo-montier.org\/wp-content\/uploads\/exposants\/2020\/690_gregory-odemer.jpg\",\"width\":1996,\"height\":2048,\"caption\":\"690_gregory-odemer.jpg -\"},{\"@type\":\"BreadcrumbList\",\"@id\":\"https:\/\/www.photo-montier.org\/en\/fiche-exposant\/gelabra-le-lagopede-des-pyrenees\/#breadcrumb\",\"itemListElement\":[{\"@type\":\"ListItem\",\"position\":1,\"name\":\"Home\",\"item\":\"https:\/\/www.photo-montier.org\/en\/\"},{\"@type\":\"ListItem\",\"position\":2,\"name\":\"Exposants\",\"item\":\"https:\/\/www.photo-montier.org\/en\/fiche-exposant\/\"},{\"@type\":\"ListItem\",\"position\":3,\"name\":\"2020\",\"item\":\"https:\/\/www.photo-montier.org\/exposants\/2020\/\"},{\"@type\":\"ListItem\",\"position\":4,\"name\":\"Gelabra, le Lagop\u00e8de des Pyr\u00e9n\u00e9es\"}]},{\"@type\":\"WebSite\",\"@id\":\"https:\/\/www.photo-montier.org\/en\/#website\",\"url\":\"https:\/\/www.photo-montier.org\/en\/\",\"name\":\"Montier Photo Festival\",\"description\":\"International Wildlife and Nature Photo Festival\",\"publisher\":{\"@id\":\"https:\/\/www.photo-montier.org\/en\/#organization\"},\"potentialAction\":[{\"@type\":\"SearchAction\",\"target\":{\"@type\":\"EntryPoint\",\"urlTemplate\":\"https:\/\/www.photo-montier.org\/en\/?s={search_term_string}\"},\"query-input\":{\"@type\":\"PropertyValueSpecification\",\"valueRequired\":true,\"valueName\":\"search_term_string\"}}],\"inLanguage\":\"en-US\"},{\"@type\":\"Organization\",\"@id\":\"https:\/\/www.photo-montier.org\/en\/#organization\",\"name\":\"Montier Festival Photo\",\"url\":\"https:\/\/www.photo-montier.org\/en\/\",\"logo\":{\"@type\":\"ImageObject\",\"inLanguage\":\"en-US\",\"@id\":\"https:\/\/www.photo-montier.org\/en\/#\/schema\/logo\/image\/\",\"url\":\"https:\/\/www.photo-montier.org\/wp-content\/uploads\/2016\/06\/logo-festival-renard-couleur-1.png\",\"contentUrl\":\"https:\/\/www.photo-montier.org\/wp-content\/uploads\/2016\/06\/logo-festival-renard-couleur-1.png\",\"width\":408,\"height\":200,\"caption\":\"Montier Festival Photo\"},\"image\":{\"@id\":\"https:\/\/www.photo-montier.org\/en\/#\/schema\/logo\/image\/\"},\"sameAs\":[\"https:\/\/www.facebook.com\/Festivalmontier\/\",\"https:\/\/x.com\/festivalmontier\",\"https:\/\/www.instagram.com\/festivalmontier\/\",\"https:\/\/www.youtube.com\/channel\/UCylkMGITSE22T6fgWUEYIvw\",\"https:\/\/www.tiktok.com\/@festivalmontier\"]}]}<\/script>\n<!-- \/ Yoast SEO plugin. -->","yoast_head_json":{"title":"Gelabra, le Lagop\u00e8de des Pyr\u00e9n\u00e9es | Exposant &#8211; Montier Photo Festival","robots":{"index":"index","follow":"follow","max-snippet":"max-snippet:-1","max-image-preview":"max-image-preview:large","max-video-preview":"max-video-preview:-1"},"canonical":"https:\/\/www.photo-montier.org\/en\/fiche-exposant\/gelabra-le-lagopede-des-pyrenees\/","og_locale":"en_US","og_type":"article","og_title":"Gelabra, le Lagop\u00e8de des Pyr\u00e9n\u00e9es | Exposant &#8211; Montier Photo Festival","og_description":"Lagop\u00e8de des Pyr\u00e9n\u00e9es &#8211; Gr\u00e9gory ODEMER              Lagop\u00e8de des Pyr\u00e9n\u00e9es &#8211; Gr\u00e9gory ODEMER              Lagop\u00e8de des Pyr\u00e9n\u00e9es &#8211; Gr\u00e9gory ODEMER              Lagop\u00e8de des Pyr\u00e9n\u00e9es &#8211; Gr\u00e9gory ODEMER              Lagop\u00e8de des Pyr\u00e9n\u00e9es &#8211; Gr\u00e9gory [&hellip;]","og_url":"https:\/\/www.photo-montier.org\/en\/fiche-exposant\/gelabra-le-lagopede-des-pyrenees\/","og_site_name":"Montier Photo Festival","article_publisher":"https:\/\/www.facebook.com\/Festivalmontier\/","article_modified_time":"2024-04-30T12:19:04+00:00","og_image":[{"width":1996,"height":2048,"url":"https:\/\/www.photo-montier.org\/wp-content\/uploads\/exposants\/2020\/690_gregory-odemer.jpg","type":"image\/jpeg"}],"twitter_card":"summary_large_image","twitter_site":"@festivalmontier","schema":{"@context":"https:\/\/schema.org","@graph":[{"@type":"WebPage","@id":"https:\/\/www.photo-montier.org\/en\/fiche-exposant\/gelabra-le-lagopede-des-pyrenees\/","url":"https:\/\/www.photo-montier.org\/en\/fiche-exposant\/gelabra-le-lagopede-des-pyrenees\/","name":"Gelabra, le Lagop\u00e8de des Pyr\u00e9n\u00e9es | Exposant &#8211; Montier Photo Festival","isPartOf":{"@id":"https:\/\/www.photo-montier.org\/en\/#website"},"primaryImageOfPage":{"@id":"https:\/\/www.photo-montier.org\/en\/fiche-exposant\/gelabra-le-lagopede-des-pyrenees\/#primaryimage"},"image":{"@id":"https:\/\/www.photo-montier.org\/en\/fiche-exposant\/gelabra-le-lagopede-des-pyrenees\/#primaryimage"},"thumbnailUrl":"https:\/\/www.photo-montier.org\/wp-content\/uploads\/exposants\/2020\/690_gregory-odemer.jpg","datePublished":"2020-05-31T14:00:24+00:00","dateModified":"2024-04-30T12:19:04+00:00","breadcrumb":{"@id":"https:\/\/www.photo-montier.org\/en\/fiche-exposant\/gelabra-le-lagopede-des-pyrenees\/#breadcrumb"},"inLanguage":"en-US","potentialAction":[{"@type":"ReadAction","target":["https:\/\/www.photo-montier.org\/en\/fiche-exposant\/gelabra-le-lagopede-des-pyrenees\/"]}]},{"@type":"ImageObject","inLanguage":"en-US","@id":"https:\/\/www.photo-montier.org\/en\/fiche-exposant\/gelabra-le-lagopede-des-pyrenees\/#primaryimage","url":"https:\/\/www.photo-montier.org\/wp-content\/uploads\/exposants\/2020\/690_gregory-odemer.jpg","contentUrl":"https:\/\/www.photo-montier.org\/wp-content\/uploads\/exposants\/2020\/690_gregory-odemer.jpg","width":1996,"height":2048,"caption":"690_gregory-odemer.jpg -"},{"@type":"BreadcrumbList","@id":"https:\/\/www.photo-montier.org\/en\/fiche-exposant\/gelabra-le-lagopede-des-pyrenees\/#breadcrumb","itemListElement":[{"@type":"ListItem","position":1,"name":"Home","item":"https:\/\/www.photo-montier.org\/en\/"},{"@type":"ListItem","position":2,"name":"Exposants","item":"https:\/\/www.photo-montier.org\/en\/fiche-exposant\/"},{"@type":"ListItem","position":3,"name":"2020","item":"https:\/\/www.photo-montier.org\/exposants\/2020\/"},{"@type":"ListItem","position":4,"name":"Gelabra, le Lagop\u00e8de des Pyr\u00e9n\u00e9es"}]},{"@type":"WebSite","@id":"https:\/\/www.photo-montier.org\/en\/#website","url":"https:\/\/www.photo-montier.org\/en\/","name":"Montier Photo Festival","description":"International Wildlife and Nature Photo Festival","publisher":{"@id":"https:\/\/www.photo-montier.org\/en\/#organization"},"potentialAction":[{"@type":"SearchAction","target":{"@type":"EntryPoint","urlTemplate":"https:\/\/www.photo-montier.org\/en\/?s={search_term_string}"},"query-input":{"@type":"PropertyValueSpecification","valueRequired":true,"valueName":"search_term_string"}}],"inLanguage":"en-US"},{"@type":"Organization","@id":"https:\/\/www.photo-montier.org\/en\/#organization","name":"Montier Festival Photo","url":"https:\/\/www.photo-montier.org\/en\/","logo":{"@type":"ImageObject","inLanguage":"en-US","@id":"https:\/\/www.photo-montier.org\/en\/#\/schema\/logo\/image\/","url":"https:\/\/www.photo-montier.org\/wp-content\/uploads\/2016\/06\/logo-festival-renard-couleur-1.png","contentUrl":"https:\/\/www.photo-montier.org\/wp-content\/uploads\/2016\/06\/logo-festival-renard-couleur-1.png","width":408,"height":200,"caption":"Montier Festival Photo"},"image":{"@id":"https:\/\/www.photo-montier.org\/en\/#\/schema\/logo\/image\/"},"sameAs":["https:\/\/www.facebook.com\/Festivalmontier\/","https:\/\/x.com\/festivalmontier","https:\/\/www.instagram.com\/festivalmontier\/","https:\/\/www.youtube.com\/channel\/UCylkMGITSE22T6fgWUEYIvw","https:\/\/www.tiktok.com\/@festivalmontier"]}]}},"_links":{"self":[{"href":"https:\/\/www.photo-montier.org\/en\/wp-json\/wp\/v2\/kexposants\/35176"}],"collection":[{"href":"https:\/\/www.photo-montier.org\/en\/wp-json\/wp\/v2\/kexposants"}],"about":[{"href":"https:\/\/www.photo-montier.org\/en\/wp-json\/wp\/v2\/types\/kexposants"}],"author":[{"embeddable":true,"href":"https:\/\/www.photo-montier.org\/en\/wp-json\/wp\/v2\/users\/1"}],"version-history":[{"count":1,"href":"https:\/\/www.photo-montier.org\/en\/wp-json\/wp\/v2\/kexposants\/35176\/revisions"}],"predecessor-version":[{"id":67765,"href":"https:\/\/www.photo-montier.org\/en\/wp-json\/wp\/v2\/kexposants\/35176\/revisions\/67765"}],"wp:featuredmedia":[{"embeddable":true,"href":"https:\/\/www.photo-montier.org\/en\/wp-json\/wp\/v2\/media\/31849"}],"wp:attachment":[{"href":"https:\/\/www.photo-montier.org\/en\/wp-json\/wp\/v2\/media?parent=35176"}],"wp:term":[{"taxonomy":"exposants","embeddable":true,"href":"https:\/\/www.photo-montier.org\/en\/wp-json\/wp\/v2\/exposants?post=35176"},{"taxonomy":"site-exposants","embeddable":true,"href":"https:\/\/www.photo-montier.org\/en\/wp-json\/wp\/v2\/site-exposants?post=35176"},{"taxonomy":"type-exposants-conferences","embeddable":true,"href":"https:\/\/www.photo-montier.org\/en\/wp-json\/wp\/v2\/type-exposants-conferences?post=35176"},{"taxonomy":"type-exposants","embeddable":true,"href":"https:\/\/www.photo-montier.org\/en\/wp-json\/wp\/v2\/type-exposants?post=35176"}],"curies":[{"name":"wp","href":"https:\/\/api.w.org\/{rel}","templated":true}]}}