{"id":34827,"date":"2020-07-23T22:37:29","date_gmt":"2020-07-23T20:37:29","guid":{"rendered":"https:\/\/www.photo-montier.org\/fiche-exposant\/planete-mediterranee\/"},"modified":"2024-04-30T14:19:03","modified_gmt":"2024-04-30T12:19:03","slug":"planete-mediterranee","status":"publish","type":"kexposants","link":"https:\/\/www.photo-montier.org\/en\/fiche-exposant\/planete-mediterranee\/","title":{"rendered":"Plan\u00e8te M\u00e9diterran\u00e9e"},"content":{"rendered":"<div id='gallery-1' class='gallery galleryid-34827 gallery-columns-4 gallery-size-medium'><dl class='gallery-item'>\n\t\t\t<dt class='gallery-icon landscape'>\n\t\t\t\t<a href='https:\/\/www.photo-montier.org\/wp-content\/uploads\/exposants\/2020\/744_panorama-sans-titre-cap-taillat-horizontal-aplati-modifier-1024x682.jpg'><img decoding=\"async\" width=\"300\" height=\"200\" src=\"https:\/\/www.photo-montier.org\/wp-content\/uploads\/exposants\/2020\/744_panorama-sans-titre-cap-taillat-horizontal-aplati-modifier-300x200.jpg\" class=\"attachment-medium size-medium\" alt=\"Montier Photo Festival\" aria-describedby=\"gallery-1-32171\" srcset=\"https:\/\/www.photo-montier.org\/wp-content\/uploads\/exposants\/2020\/744_panorama-sans-titre-cap-taillat-horizontal-aplati-modifier-300x200.jpg 300w, https:\/\/www.photo-montier.org\/wp-content\/uploads\/exposants\/2020\/744_panorama-sans-titre-cap-taillat-horizontal-aplati-modifier-1024x682.jpg 1024w, https:\/\/www.photo-montier.org\/wp-content\/uploads\/exposants\/2020\/744_panorama-sans-titre-cap-taillat-horizontal-aplati-modifier-768x512.jpg 768w, https:\/\/www.photo-montier.org\/wp-content\/uploads\/exposants\/2020\/744_panorama-sans-titre-cap-taillat-horizontal-aplati-modifier-1536x1023.jpg 1536w, https:\/\/www.photo-montier.org\/wp-content\/uploads\/exposants\/2020\/744_panorama-sans-titre-cap-taillat-horizontal-aplati-modifier-2048x1365.jpg 2048w, https:\/\/www.photo-montier.org\/wp-content\/uploads\/exposants\/2020\/744_panorama-sans-titre-cap-taillat-horizontal-aplati-modifier-600x400.jpg 600w, https:\/\/www.photo-montier.org\/wp-content\/uploads\/exposants\/2020\/744_panorama-sans-titre-cap-taillat-horizontal-aplati-modifier-1320x880.jpg 1320w\" sizes=\"(max-width: 300px) 100vw, 300px\" \/><\/a>\n\t\t\t<\/dt>\n\t\t\t\t<dd class='wp-caption-text gallery-caption' id='gallery-1-32171'>\n\t\t\t\tPanorama Cap Taillat &#8211; Laurent Ballesta &#8211; Gombessa 5 &#8211; Androm\u00e8de Oc\u00e9anologie\n\t\t\t\t<\/dd><\/dl><dl class='gallery-item'>\n\t\t\t<dt class='gallery-icon landscape'>\n\t\t\t\t<a href='https:\/\/www.photo-montier.org\/wp-content\/uploads\/exposants\/2020\/744_04072019-_dsc5253-couverture-avec-tranche-sans-titreld-1024x725.jpg'><img decoding=\"async\" width=\"300\" height=\"212\" src=\"https:\/\/www.photo-montier.org\/wp-content\/uploads\/exposants\/2020\/744_04072019-_dsc5253-couverture-avec-tranche-sans-titreld-300x212.jpg\" class=\"attachment-medium size-medium\" alt=\"Montier Photo Festival\" aria-describedby=\"gallery-1-32170\" srcset=\"https:\/\/www.photo-montier.org\/wp-content\/uploads\/exposants\/2020\/744_04072019-_dsc5253-couverture-avec-tranche-sans-titreld-300x212.jpg 300w, https:\/\/www.photo-montier.org\/wp-content\/uploads\/exposants\/2020\/744_04072019-_dsc5253-couverture-avec-tranche-sans-titreld-1024x725.jpg 1024w, https:\/\/www.photo-montier.org\/wp-content\/uploads\/exposants\/2020\/744_04072019-_dsc5253-couverture-avec-tranche-sans-titreld-768x543.jpg 768w, https:\/\/www.photo-montier.org\/wp-content\/uploads\/exposants\/2020\/744_04072019-_dsc5253-couverture-avec-tranche-sans-titreld-1536x1087.jpg 1536w, https:\/\/www.photo-montier.org\/wp-content\/uploads\/exposants\/2020\/744_04072019-_dsc5253-couverture-avec-tranche-sans-titreld-2048x1449.jpg 2048w, https:\/\/www.photo-montier.org\/wp-content\/uploads\/exposants\/2020\/744_04072019-_dsc5253-couverture-avec-tranche-sans-titreld-600x425.jpg 600w, https:\/\/www.photo-montier.org\/wp-content\/uploads\/exposants\/2020\/744_04072019-_dsc5253-couverture-avec-tranche-sans-titreld-1320x934.jpg 1320w\" sizes=\"(max-width: 300px) 100vw, 300px\" \/><\/a>\n\t\t\t<\/dt>\n\t\t\t\t<dd class='wp-caption-text gallery-caption' id='gallery-1-32170'>\n\t\t\t\tLe champ de sabelles &#8211; Laurent Ballesta &#8211; Gombessa 5 &#8211; Androm\u00e8de Oc\u00e9anologie\n\t\t\t\t<\/dd><\/dl><dl class='gallery-item'>\n\t\t\t<dt class='gallery-icon landscape'>\n\t\t\t\t<a href='https:\/\/www.photo-montier.org\/wp-content\/uploads\/exposants\/2020\/744_05072019-_dsc5338-modifier-modifier-1024x842.jpg'><img decoding=\"async\" width=\"300\" height=\"247\" src=\"https:\/\/www.photo-montier.org\/wp-content\/uploads\/exposants\/2020\/744_05072019-_dsc5338-modifier-modifier-300x247.jpg\" class=\"attachment-medium size-medium\" alt=\"Montier Photo Festival\" aria-describedby=\"gallery-1-32169\" srcset=\"https:\/\/www.photo-montier.org\/wp-content\/uploads\/exposants\/2020\/744_05072019-_dsc5338-modifier-modifier-300x247.jpg 300w, https:\/\/www.photo-montier.org\/wp-content\/uploads\/exposants\/2020\/744_05072019-_dsc5338-modifier-modifier-1024x842.jpg 1024w, https:\/\/www.photo-montier.org\/wp-content\/uploads\/exposants\/2020\/744_05072019-_dsc5338-modifier-modifier-768x632.jpg 768w, https:\/\/www.photo-montier.org\/wp-content\/uploads\/exposants\/2020\/744_05072019-_dsc5338-modifier-modifier-1536x1263.jpg 1536w, https:\/\/www.photo-montier.org\/wp-content\/uploads\/exposants\/2020\/744_05072019-_dsc5338-modifier-modifier-2048x1684.jpg 2048w, https:\/\/www.photo-montier.org\/wp-content\/uploads\/exposants\/2020\/744_05072019-_dsc5338-modifier-modifier-600x493.jpg 600w, https:\/\/www.photo-montier.org\/wp-content\/uploads\/exposants\/2020\/744_05072019-_dsc5338-modifier-modifier-1320x1085.jpg 1320w\" sizes=\"(max-width: 300px) 100vw, 300px\" \/><\/a>\n\t\t\t<\/dt>\n\t\t\t\t<dd class='wp-caption-text gallery-caption' id='gallery-1-32169'>\n\t\t\t\tLa tourelle et les poissons &#8211; Laurent Ballesta &#8211; Gombessa 5 &#8211; Androm\u00e8de Oc\u00e9anologie\n\t\t\t\t<\/dd><\/dl><dl class='gallery-item'>\n\t\t\t<dt class='gallery-icon landscape'>\n\t\t\t\t<a href='https:\/\/www.photo-montier.org\/wp-content\/uploads\/exposants\/2020\/744_03072019-_dsc0142-modifier-1024x683.jpg'><img decoding=\"async\" width=\"300\" height=\"200\" src=\"https:\/\/www.photo-montier.org\/wp-content\/uploads\/exposants\/2020\/744_03072019-_dsc0142-modifier-300x200.jpg\" class=\"attachment-medium size-medium\" alt=\"Montier Photo Festival\" aria-describedby=\"gallery-1-32168\" srcset=\"https:\/\/www.photo-montier.org\/wp-content\/uploads\/exposants\/2020\/744_03072019-_dsc0142-modifier-300x200.jpg 300w, https:\/\/www.photo-montier.org\/wp-content\/uploads\/exposants\/2020\/744_03072019-_dsc0142-modifier-1024x683.jpg 1024w, https:\/\/www.photo-montier.org\/wp-content\/uploads\/exposants\/2020\/744_03072019-_dsc0142-modifier-768x512.jpg 768w, https:\/\/www.photo-montier.org\/wp-content\/uploads\/exposants\/2020\/744_03072019-_dsc0142-modifier-1536x1024.jpg 1536w, https:\/\/www.photo-montier.org\/wp-content\/uploads\/exposants\/2020\/744_03072019-_dsc0142-modifier-2048x1365.jpg 2048w, https:\/\/www.photo-montier.org\/wp-content\/uploads\/exposants\/2020\/744_03072019-_dsc0142-modifier-600x400.jpg 600w, https:\/\/www.photo-montier.org\/wp-content\/uploads\/exposants\/2020\/744_03072019-_dsc0142-modifier-1320x880.jpg 1320w\" sizes=\"(max-width: 300px) 100vw, 300px\" \/><\/a>\n\t\t\t<\/dt>\n\t\t\t\t<dd class='wp-caption-text gallery-caption' id='gallery-1-32168'>\n\t\t\t\tLa simnie pourpre sur gorgone rouge &#8211; Laurent Ballesta &#8211; Gombessa 5 &#8211; Androm\u00e8de Oc\u00e9anologie\n\t\t\t\t<\/dd><\/dl><br style=\"clear: both\" \/><dl class='gallery-item'>\n\t\t\t<dt class='gallery-icon landscape'>\n\t\t\t\t<a href='https:\/\/www.photo-montier.org\/wp-content\/uploads\/exposants\/2020\/744_01072019-_dsc0162-1024x683.jpg'><img decoding=\"async\" width=\"300\" height=\"200\" src=\"https:\/\/www.photo-montier.org\/wp-content\/uploads\/exposants\/2020\/744_01072019-_dsc0162-300x200.jpg\" class=\"attachment-medium size-medium\" alt=\"Montier Photo Festival\" aria-describedby=\"gallery-1-32167\" srcset=\"https:\/\/www.photo-montier.org\/wp-content\/uploads\/exposants\/2020\/744_01072019-_dsc0162-300x200.jpg 300w, https:\/\/www.photo-montier.org\/wp-content\/uploads\/exposants\/2020\/744_01072019-_dsc0162-1024x683.jpg 1024w, https:\/\/www.photo-montier.org\/wp-content\/uploads\/exposants\/2020\/744_01072019-_dsc0162-768x512.jpg 768w, https:\/\/www.photo-montier.org\/wp-content\/uploads\/exposants\/2020\/744_01072019-_dsc0162-1536x1024.jpg 1536w, https:\/\/www.photo-montier.org\/wp-content\/uploads\/exposants\/2020\/744_01072019-_dsc0162-2048x1365.jpg 2048w, https:\/\/www.photo-montier.org\/wp-content\/uploads\/exposants\/2020\/744_01072019-_dsc0162-600x400.jpg 600w, https:\/\/www.photo-montier.org\/wp-content\/uploads\/exposants\/2020\/744_01072019-_dsc0162-1320x880.jpg 1320w\" sizes=\"(max-width: 300px) 100vw, 300px\" \/><\/a>\n\t\t\t<\/dt>\n\t\t\t\t<dd class='wp-caption-text gallery-caption' id='gallery-1-32167'>\n\t\t\t\tL&#8217;accouplement des calamars vein\u00e9s &#8211; Laurent Ballesta &#8211; Gombessa 5 &#8211; Androm\u00e8de Oc\u00e9anologie\n\t\t\t\t<\/dd><\/dl>\n\t\t\t<br style='clear: both' \/>\n\t\t<\/div>\n\n","protected":false},"author":1,"featured_media":32166,"template":"","exposants":[411,487],"site-exposants":[503],"type-exposants-conferences":[],"type-exposants":[538],"acf":{"kexposants_custom_thumbnail":null,"kexposants_expo_group":"","kexposants_title_en":"","kexposants_day_conf_date":null,"kexposants_hours_conf_text_start":"","kexposants_hours_conf_text_end":"","kexposants_bio":"<span id=\"s2_1\">Laurent Ballesta is a French photographer coming from Montpellier.<\/span>\u00a0<span id=\"s2_2\">He is the author of 13 photography books dedicated to underwater wildlife.<\/span>\u00a0<span id=\"s2_3\">Co-creator of the company \"Androm\u00e8de Oc\u00e9anologie\" in 2000, he led several large-scale expeditions during the last 10 years.<\/span>\u00a0<span id=\"s2_4\">His Gombessa Expeditions are based on three emblematic values : a scientific mystery, a diving challenge and a promise of new images.<\/span>\u00a0From the first photographs of the coelacanth taken by a diver at 120 meters depth to the hunting of the 700 Fakarava sharks in the night, to the longest and deepest dives in Antarctica, Laurent illustrates the sub-Antarctic underwater world with a naturalistic and artistic eye. <span id=\"s2_1\">In July 2019, Laurent achieved a first worldwide by successfully combining the ways of saturation diving initially dedicated to offshore exploitation, with the techniques of autonomous diving in recycler with electronic management in order to illustrate the deep and typical ecosystems of the Mediterranean, and to set up scientific protocols at these great depths.<\/span> With three other divers, Antonin Guilbert, Yanick Gentil and Thibault Rauby, they cohabited in a 5m2 pressurized module up to 13 bars, the equivalent of -120m of bottom, during<span id=\"s2_1\">\u00a028 days.<\/span> <span id=\"s2_2\">Daily, they went out to explore and freely study for an unlimited time the twilight zone between 60 and 140 meters deep, from Marseille to Monaco.<\/span>","kexposants_bio_en":"","kexposants_expo":"&nbsp;\r\n\r\nPlan\u00e8te M\u00e9diterran\u00e9e is an exhibition of 50 photographs.This project is a continuity of the latest work of illustration by Laurent Ballesta : Secrets d'Oc\u00e9ans, Ad\u00e9lie Terre &amp; Mer and 700 Requins dans la nuit. Plan\u00e8te M\u00e9diterran\u00e9e is the result of his personal work during the eponymous expedition of July 2019, but also the conclusion of a more global long-term work about the Mediterranean. The exhibition presents the most beautiful photographs of the photographer-biologist, from 2010 to nowadays. A<span id=\"s2_1\">ccompanied by minimalist texts, the photographs of rare creatures and new behaviors never illustrated before tell natural and lived stories during the exhibition progresses.<\/span>\u00a0<span id=\"s2_2\">From the amazing biodiversity of coral reefs, to the great landscapes of the mesophotic area, Laurent Ballesta initiates a trip in these ecosystems of another but real world belonging to the same planet, the Planet Mediterranean.<\/span>","kexposants_expo_en":"","kexposants_denomination":"Laurent BALLESTA","kexposants_user_id":650,"kexposants_url_movie":""},"yoast_head":"<!-- This site is optimized with the Yoast SEO plugin v23.5 - https:\/\/yoast.com\/wordpress\/plugins\/seo\/ -->\n<title>Plan\u00e8te M\u00e9diterran\u00e9e | Exposant &#8211; Montier Photo Festival<\/title>\n<meta name=\"robots\" content=\"index, follow, max-snippet:-1, max-image-preview:large, max-video-preview:-1\" \/>\n<link rel=\"canonical\" href=\"https:\/\/www.photo-montier.org\/en\/fiche-exposant\/planete-mediterranee\/\" \/>\n<meta property=\"og:locale\" content=\"en_US\" \/>\n<meta property=\"og:type\" content=\"article\" \/>\n<meta property=\"og:title\" content=\"Plan\u00e8te M\u00e9diterran\u00e9e | Exposant &#8211; Montier Photo Festival\" \/>\n<meta property=\"og:description\" content=\"Panorama Cap Taillat &#8211; Laurent Ballesta &#8211; Gombessa 5 &#8211; Androm\u00e8de Oc\u00e9anologie              Le champ de sabelles &#8211; Laurent Ballesta &#8211; Gombessa 5 &#8211; Androm\u00e8de Oc\u00e9anologie              La tourelle [&hellip;]\" \/>\n<meta property=\"og:url\" content=\"https:\/\/www.photo-montier.org\/en\/fiche-exposant\/planete-mediterranee\/\" \/>\n<meta property=\"og:site_name\" content=\"Montier Photo Festival\" \/>\n<meta property=\"article:publisher\" content=\"https:\/\/www.facebook.com\/Festivalmontier\/\" \/>\n<meta property=\"article:modified_time\" content=\"2024-04-30T12:19:03+00:00\" \/>\n<meta property=\"og:image\" content=\"https:\/\/www.photo-montier.org\/wp-content\/uploads\/exposants\/2020\/744__dsc3469-scaled.jpg\" \/>\n\t<meta property=\"og:image:width\" content=\"3000\" \/>\n\t<meta property=\"og:image:height\" content=\"2000\" \/>\n\t<meta property=\"og:image:type\" content=\"image\/jpeg\" \/>\n<meta name=\"twitter:card\" content=\"summary_large_image\" \/>\n<meta name=\"twitter:site\" content=\"@festivalmontier\" \/>\n<script type=\"application\/ld+json\" class=\"yoast-schema-graph\">{\"@context\":\"https:\/\/schema.org\",\"@graph\":[{\"@type\":\"WebPage\",\"@id\":\"https:\/\/www.photo-montier.org\/en\/fiche-exposant\/planete-mediterranee\/\",\"url\":\"https:\/\/www.photo-montier.org\/en\/fiche-exposant\/planete-mediterranee\/\",\"name\":\"Plan\u00e8te M\u00e9diterran\u00e9e | Exposant &#8211; Montier Photo Festival\",\"isPartOf\":{\"@id\":\"https:\/\/www.photo-montier.org\/en\/#website\"},\"primaryImageOfPage\":{\"@id\":\"https:\/\/www.photo-montier.org\/en\/fiche-exposant\/planete-mediterranee\/#primaryimage\"},\"image\":{\"@id\":\"https:\/\/www.photo-montier.org\/en\/fiche-exposant\/planete-mediterranee\/#primaryimage\"},\"thumbnailUrl\":\"https:\/\/www.photo-montier.org\/wp-content\/uploads\/exposants\/2020\/744__dsc3469-scaled.jpg\",\"datePublished\":\"2020-07-23T20:37:29+00:00\",\"dateModified\":\"2024-04-30T12:19:03+00:00\",\"breadcrumb\":{\"@id\":\"https:\/\/www.photo-montier.org\/en\/fiche-exposant\/planete-mediterranee\/#breadcrumb\"},\"inLanguage\":\"en-US\",\"potentialAction\":[{\"@type\":\"ReadAction\",\"target\":[\"https:\/\/www.photo-montier.org\/en\/fiche-exposant\/planete-mediterranee\/\"]}]},{\"@type\":\"ImageObject\",\"inLanguage\":\"en-US\",\"@id\":\"https:\/\/www.photo-montier.org\/en\/fiche-exposant\/planete-mediterranee\/#primaryimage\",\"url\":\"https:\/\/www.photo-montier.org\/wp-content\/uploads\/exposants\/2020\/744__dsc3469-scaled.jpg\",\"contentUrl\":\"https:\/\/www.photo-montier.org\/wp-content\/uploads\/exposants\/2020\/744__dsc3469-scaled.jpg\",\"width\":3000,\"height\":2000,\"caption\":\"744__dsc3469.jpg -\"},{\"@type\":\"BreadcrumbList\",\"@id\":\"https:\/\/www.photo-montier.org\/en\/fiche-exposant\/planete-mediterranee\/#breadcrumb\",\"itemListElement\":[{\"@type\":\"ListItem\",\"position\":1,\"name\":\"Home\",\"item\":\"https:\/\/www.photo-montier.org\/en\/\"},{\"@type\":\"ListItem\",\"position\":2,\"name\":\"Exposants\",\"item\":\"https:\/\/www.photo-montier.org\/en\/fiche-exposant\/\"},{\"@type\":\"ListItem\",\"position\":3,\"name\":\"2020\",\"item\":\"https:\/\/www.photo-montier.org\/exposants\/2020\/\"},{\"@type\":\"ListItem\",\"position\":4,\"name\":\"Plan\u00e8te M\u00e9diterran\u00e9e\"}]},{\"@type\":\"WebSite\",\"@id\":\"https:\/\/www.photo-montier.org\/en\/#website\",\"url\":\"https:\/\/www.photo-montier.org\/en\/\",\"name\":\"Montier Photo Festival\",\"description\":\"International Wildlife and Nature Photo Festival\",\"publisher\":{\"@id\":\"https:\/\/www.photo-montier.org\/en\/#organization\"},\"potentialAction\":[{\"@type\":\"SearchAction\",\"target\":{\"@type\":\"EntryPoint\",\"urlTemplate\":\"https:\/\/www.photo-montier.org\/en\/?s={search_term_string}\"},\"query-input\":{\"@type\":\"PropertyValueSpecification\",\"valueRequired\":true,\"valueName\":\"search_term_string\"}}],\"inLanguage\":\"en-US\"},{\"@type\":\"Organization\",\"@id\":\"https:\/\/www.photo-montier.org\/en\/#organization\",\"name\":\"Montier Festival Photo\",\"url\":\"https:\/\/www.photo-montier.org\/en\/\",\"logo\":{\"@type\":\"ImageObject\",\"inLanguage\":\"en-US\",\"@id\":\"https:\/\/www.photo-montier.org\/en\/#\/schema\/logo\/image\/\",\"url\":\"https:\/\/www.photo-montier.org\/wp-content\/uploads\/2016\/06\/logo-festival-renard-couleur-1.png\",\"contentUrl\":\"https:\/\/www.photo-montier.org\/wp-content\/uploads\/2016\/06\/logo-festival-renard-couleur-1.png\",\"width\":408,\"height\":200,\"caption\":\"Montier Festival Photo\"},\"image\":{\"@id\":\"https:\/\/www.photo-montier.org\/en\/#\/schema\/logo\/image\/\"},\"sameAs\":[\"https:\/\/www.facebook.com\/Festivalmontier\/\",\"https:\/\/x.com\/festivalmontier\",\"https:\/\/www.instagram.com\/festivalmontier\/\",\"https:\/\/www.youtube.com\/channel\/UCylkMGITSE22T6fgWUEYIvw\",\"https:\/\/www.tiktok.com\/@festivalmontier\"]}]}<\/script>\n<!-- \/ Yoast SEO plugin. -->","yoast_head_json":{"title":"Plan\u00e8te M\u00e9diterran\u00e9e | Exposant &#8211; Montier Photo Festival","robots":{"index":"index","follow":"follow","max-snippet":"max-snippet:-1","max-image-preview":"max-image-preview:large","max-video-preview":"max-video-preview:-1"},"canonical":"https:\/\/www.photo-montier.org\/en\/fiche-exposant\/planete-mediterranee\/","og_locale":"en_US","og_type":"article","og_title":"Plan\u00e8te M\u00e9diterran\u00e9e | Exposant &#8211; Montier Photo Festival","og_description":"Panorama Cap Taillat &#8211; Laurent Ballesta &#8211; Gombessa 5 &#8211; Androm\u00e8de Oc\u00e9anologie              Le champ de sabelles &#8211; Laurent Ballesta &#8211; Gombessa 5 &#8211; Androm\u00e8de Oc\u00e9anologie              La tourelle [&hellip;]","og_url":"https:\/\/www.photo-montier.org\/en\/fiche-exposant\/planete-mediterranee\/","og_site_name":"Montier Photo Festival","article_publisher":"https:\/\/www.facebook.com\/Festivalmontier\/","article_modified_time":"2024-04-30T12:19:03+00:00","og_image":[{"width":3000,"height":2000,"url":"https:\/\/www.photo-montier.org\/wp-content\/uploads\/exposants\/2020\/744__dsc3469-scaled.jpg","type":"image\/jpeg"}],"twitter_card":"summary_large_image","twitter_site":"@festivalmontier","schema":{"@context":"https:\/\/schema.org","@graph":[{"@type":"WebPage","@id":"https:\/\/www.photo-montier.org\/en\/fiche-exposant\/planete-mediterranee\/","url":"https:\/\/www.photo-montier.org\/en\/fiche-exposant\/planete-mediterranee\/","name":"Plan\u00e8te M\u00e9diterran\u00e9e | Exposant &#8211; Montier Photo Festival","isPartOf":{"@id":"https:\/\/www.photo-montier.org\/en\/#website"},"primaryImageOfPage":{"@id":"https:\/\/www.photo-montier.org\/en\/fiche-exposant\/planete-mediterranee\/#primaryimage"},"image":{"@id":"https:\/\/www.photo-montier.org\/en\/fiche-exposant\/planete-mediterranee\/#primaryimage"},"thumbnailUrl":"https:\/\/www.photo-montier.org\/wp-content\/uploads\/exposants\/2020\/744__dsc3469-scaled.jpg","datePublished":"2020-07-23T20:37:29+00:00","dateModified":"2024-04-30T12:19:03+00:00","breadcrumb":{"@id":"https:\/\/www.photo-montier.org\/en\/fiche-exposant\/planete-mediterranee\/#breadcrumb"},"inLanguage":"en-US","potentialAction":[{"@type":"ReadAction","target":["https:\/\/www.photo-montier.org\/en\/fiche-exposant\/planete-mediterranee\/"]}]},{"@type":"ImageObject","inLanguage":"en-US","@id":"https:\/\/www.photo-montier.org\/en\/fiche-exposant\/planete-mediterranee\/#primaryimage","url":"https:\/\/www.photo-montier.org\/wp-content\/uploads\/exposants\/2020\/744__dsc3469-scaled.jpg","contentUrl":"https:\/\/www.photo-montier.org\/wp-content\/uploads\/exposants\/2020\/744__dsc3469-scaled.jpg","width":3000,"height":2000,"caption":"744__dsc3469.jpg -"},{"@type":"BreadcrumbList","@id":"https:\/\/www.photo-montier.org\/en\/fiche-exposant\/planete-mediterranee\/#breadcrumb","itemListElement":[{"@type":"ListItem","position":1,"name":"Home","item":"https:\/\/www.photo-montier.org\/en\/"},{"@type":"ListItem","position":2,"name":"Exposants","item":"https:\/\/www.photo-montier.org\/en\/fiche-exposant\/"},{"@type":"ListItem","position":3,"name":"2020","item":"https:\/\/www.photo-montier.org\/exposants\/2020\/"},{"@type":"ListItem","position":4,"name":"Plan\u00e8te M\u00e9diterran\u00e9e"}]},{"@type":"WebSite","@id":"https:\/\/www.photo-montier.org\/en\/#website","url":"https:\/\/www.photo-montier.org\/en\/","name":"Montier Photo Festival","description":"International Wildlife and Nature Photo Festival","publisher":{"@id":"https:\/\/www.photo-montier.org\/en\/#organization"},"potentialAction":[{"@type":"SearchAction","target":{"@type":"EntryPoint","urlTemplate":"https:\/\/www.photo-montier.org\/en\/?s={search_term_string}"},"query-input":{"@type":"PropertyValueSpecification","valueRequired":true,"valueName":"search_term_string"}}],"inLanguage":"en-US"},{"@type":"Organization","@id":"https:\/\/www.photo-montier.org\/en\/#organization","name":"Montier Festival Photo","url":"https:\/\/www.photo-montier.org\/en\/","logo":{"@type":"ImageObject","inLanguage":"en-US","@id":"https:\/\/www.photo-montier.org\/en\/#\/schema\/logo\/image\/","url":"https:\/\/www.photo-montier.org\/wp-content\/uploads\/2016\/06\/logo-festival-renard-couleur-1.png","contentUrl":"https:\/\/www.photo-montier.org\/wp-content\/uploads\/2016\/06\/logo-festival-renard-couleur-1.png","width":408,"height":200,"caption":"Montier Festival Photo"},"image":{"@id":"https:\/\/www.photo-montier.org\/en\/#\/schema\/logo\/image\/"},"sameAs":["https:\/\/www.facebook.com\/Festivalmontier\/","https:\/\/x.com\/festivalmontier","https:\/\/www.instagram.com\/festivalmontier\/","https:\/\/www.youtube.com\/channel\/UCylkMGITSE22T6fgWUEYIvw","https:\/\/www.tiktok.com\/@festivalmontier"]}]}},"_links":{"self":[{"href":"https:\/\/www.photo-montier.org\/en\/wp-json\/wp\/v2\/kexposants\/34827"}],"collection":[{"href":"https:\/\/www.photo-montier.org\/en\/wp-json\/wp\/v2\/kexposants"}],"about":[{"href":"https:\/\/www.photo-montier.org\/en\/wp-json\/wp\/v2\/types\/kexposants"}],"author":[{"embeddable":true,"href":"https:\/\/www.photo-montier.org\/en\/wp-json\/wp\/v2\/users\/1"}],"version-history":[{"count":1,"href":"https:\/\/www.photo-montier.org\/en\/wp-json\/wp\/v2\/kexposants\/34827\/revisions"}],"predecessor-version":[{"id":67721,"href":"https:\/\/www.photo-montier.org\/en\/wp-json\/wp\/v2\/kexposants\/34827\/revisions\/67721"}],"wp:featuredmedia":[{"embeddable":true,"href":"https:\/\/www.photo-montier.org\/en\/wp-json\/wp\/v2\/media\/32166"}],"wp:attachment":[{"href":"https:\/\/www.photo-montier.org\/en\/wp-json\/wp\/v2\/media?parent=34827"}],"wp:term":[{"taxonomy":"exposants","embeddable":true,"href":"https:\/\/www.photo-montier.org\/en\/wp-json\/wp\/v2\/exposants?post=34827"},{"taxonomy":"site-exposants","embeddable":true,"href":"https:\/\/www.photo-montier.org\/en\/wp-json\/wp\/v2\/site-exposants?post=34827"},{"taxonomy":"type-exposants-conferences","embeddable":true,"href":"https:\/\/www.photo-montier.org\/en\/wp-json\/wp\/v2\/type-exposants-conferences?post=34827"},{"taxonomy":"type-exposants","embeddable":true,"href":"https:\/\/www.photo-montier.org\/en\/wp-json\/wp\/v2\/type-exposants?post=34827"}],"curies":[{"name":"wp","href":"https:\/\/api.w.org\/{rel}","templated":true}]}}