{"id":34800,"date":"2020-07-24T18:33:48","date_gmt":"2020-07-24T16:33:48","guid":{"rendered":"https:\/\/www.photo-montier.org\/fiche-exposant\/singes-des-montagnes-de-chine\/"},"modified":"2024-04-30T14:19:03","modified_gmt":"2024-04-30T12:19:03","slug":"singes-des-montagnes-de-chine","status":"publish","type":"kexposants","link":"https:\/\/www.photo-montier.org\/en\/fiche-exposant\/singes-des-montagnes-de-chine\/","title":{"rendered":"Singes des montagnes de Chine"},"content":{"rendered":"<div id='gallery-1' class='gallery galleryid-34800 gallery-columns-4 gallery-size-medium'><dl class='gallery-item'>\n\t\t\t<dt class='gallery-icon portrait'>\n\t\t\t\t<a href='https:\/\/www.photo-montier.org\/wp-content\/uploads\/exposants\/2020\/745_biet_chine2018-2_day4_d5s8952l-philippe-ricordel-683x1024.jpg'><img decoding=\"async\" width=\"200\" height=\"300\" src=\"https:\/\/www.photo-montier.org\/wp-content\/uploads\/exposants\/2020\/745_biet_chine2018-2_day4_d5s8952l-philippe-ricordel-200x300.jpg\" class=\"attachment-medium size-medium\" alt=\"Montier Photo Festival\" aria-describedby=\"gallery-1-32163\" srcset=\"https:\/\/www.photo-montier.org\/wp-content\/uploads\/exposants\/2020\/745_biet_chine2018-2_day4_d5s8952l-philippe-ricordel-200x300.jpg 200w, https:\/\/www.photo-montier.org\/wp-content\/uploads\/exposants\/2020\/745_biet_chine2018-2_day4_d5s8952l-philippe-ricordel-683x1024.jpg 683w, https:\/\/www.photo-montier.org\/wp-content\/uploads\/exposants\/2020\/745_biet_chine2018-2_day4_d5s8952l-philippe-ricordel-768x1152.jpg 768w, https:\/\/www.photo-montier.org\/wp-content\/uploads\/exposants\/2020\/745_biet_chine2018-2_day4_d5s8952l-philippe-ricordel-1024x1536.jpg 1024w, https:\/\/www.photo-montier.org\/wp-content\/uploads\/exposants\/2020\/745_biet_chine2018-2_day4_d5s8952l-philippe-ricordel-1365x2048.jpg 1365w, https:\/\/www.photo-montier.org\/wp-content\/uploads\/exposants\/2020\/745_biet_chine2018-2_day4_d5s8952l-philippe-ricordel-600x900.jpg 600w, https:\/\/www.photo-montier.org\/wp-content\/uploads\/exposants\/2020\/745_biet_chine2018-2_day4_d5s8952l-philippe-ricordel-1320x1980.jpg 1320w, https:\/\/www.photo-montier.org\/wp-content\/uploads\/exposants\/2020\/745_biet_chine2018-2_day4_d5s8952l-philippe-ricordel.jpg 2000w\" sizes=\"(max-width: 200px) 100vw, 200px\" \/><\/a>\n\t\t\t<\/dt>\n\t\t\t\t<dd class='wp-caption-text gallery-caption' id='gallery-1-32163'>\n\t\t\t\tRhinopith\u00e8que de Biet &#8211; Jeune &#8211; Philippe RICORDEL\n\t\t\t\t<\/dd><\/dl><dl class='gallery-item'>\n\t\t\t<dt class='gallery-icon landscape'>\n\t\t\t\t<a href='https:\/\/www.photo-montier.org\/wp-content\/uploads\/exposants\/2020\/745_biet_chine2018-2_day4_d5s8805l-philippe-ricordel-1024x683.jpg'><img decoding=\"async\" width=\"300\" height=\"200\" src=\"https:\/\/www.photo-montier.org\/wp-content\/uploads\/exposants\/2020\/745_biet_chine2018-2_day4_d5s8805l-philippe-ricordel-300x200.jpg\" class=\"attachment-medium size-medium\" alt=\"Montier Photo Festival\" aria-describedby=\"gallery-1-32162\" srcset=\"https:\/\/www.photo-montier.org\/wp-content\/uploads\/exposants\/2020\/745_biet_chine2018-2_day4_d5s8805l-philippe-ricordel-300x200.jpg 300w, https:\/\/www.photo-montier.org\/wp-content\/uploads\/exposants\/2020\/745_biet_chine2018-2_day4_d5s8805l-philippe-ricordel-1024x683.jpg 1024w, https:\/\/www.photo-montier.org\/wp-content\/uploads\/exposants\/2020\/745_biet_chine2018-2_day4_d5s8805l-philippe-ricordel-768x512.jpg 768w, https:\/\/www.photo-montier.org\/wp-content\/uploads\/exposants\/2020\/745_biet_chine2018-2_day4_d5s8805l-philippe-ricordel-1536x1024.jpg 1536w, https:\/\/www.photo-montier.org\/wp-content\/uploads\/exposants\/2020\/745_biet_chine2018-2_day4_d5s8805l-philippe-ricordel-2048x1365.jpg 2048w, https:\/\/www.photo-montier.org\/wp-content\/uploads\/exposants\/2020\/745_biet_chine2018-2_day4_d5s8805l-philippe-ricordel-600x400.jpg 600w, https:\/\/www.photo-montier.org\/wp-content\/uploads\/exposants\/2020\/745_biet_chine2018-2_day4_d5s8805l-philippe-ricordel-1320x880.jpg 1320w\" sizes=\"(max-width: 300px) 100vw, 300px\" \/><\/a>\n\t\t\t<\/dt>\n\t\t\t\t<dd class='wp-caption-text gallery-caption' id='gallery-1-32162'>\n\t\t\t\tRhinopith\u00e8que de Biet &#8211; Male dominant &#8211; Philippe RICORDEL\n\t\t\t\t<\/dd><\/dl><dl class='gallery-item'>\n\t\t\t<dt class='gallery-icon portrait'>\n\t\t\t\t<a href='https:\/\/www.photo-montier.org\/wp-content\/uploads\/exposants\/2020\/745_rox_chine2018_day10_d5s9069l-philippe-ricordel-683x1024.jpg'><img decoding=\"async\" width=\"200\" height=\"300\" src=\"https:\/\/www.photo-montier.org\/wp-content\/uploads\/exposants\/2020\/745_rox_chine2018_day10_d5s9069l-philippe-ricordel-200x300.jpg\" class=\"attachment-medium size-medium\" alt=\"Montier Photo Festival\" aria-describedby=\"gallery-1-32161\" srcset=\"https:\/\/www.photo-montier.org\/wp-content\/uploads\/exposants\/2020\/745_rox_chine2018_day10_d5s9069l-philippe-ricordel-200x300.jpg 200w, https:\/\/www.photo-montier.org\/wp-content\/uploads\/exposants\/2020\/745_rox_chine2018_day10_d5s9069l-philippe-ricordel-683x1024.jpg 683w, https:\/\/www.photo-montier.org\/wp-content\/uploads\/exposants\/2020\/745_rox_chine2018_day10_d5s9069l-philippe-ricordel-768x1152.jpg 768w, https:\/\/www.photo-montier.org\/wp-content\/uploads\/exposants\/2020\/745_rox_chine2018_day10_d5s9069l-philippe-ricordel-1024x1536.jpg 1024w, https:\/\/www.photo-montier.org\/wp-content\/uploads\/exposants\/2020\/745_rox_chine2018_day10_d5s9069l-philippe-ricordel-1365x2048.jpg 1365w, https:\/\/www.photo-montier.org\/wp-content\/uploads\/exposants\/2020\/745_rox_chine2018_day10_d5s9069l-philippe-ricordel-600x900.jpg 600w, https:\/\/www.photo-montier.org\/wp-content\/uploads\/exposants\/2020\/745_rox_chine2018_day10_d5s9069l-philippe-ricordel-1320x1980.jpg 1320w, https:\/\/www.photo-montier.org\/wp-content\/uploads\/exposants\/2020\/745_rox_chine2018_day10_d5s9069l-philippe-ricordel.jpg 2000w\" sizes=\"(max-width: 200px) 100vw, 200px\" \/><\/a>\n\t\t\t<\/dt>\n\t\t\t\t<dd class='wp-caption-text gallery-caption' id='gallery-1-32161'>\n\t\t\t\tRhinopith\u00e8que de Roxellane &#8211; Male dominant &#8211; Philippe RICORDEL\n\t\t\t\t<\/dd><\/dl><dl class='gallery-item'>\n\t\t\t<dt class='gallery-icon landscape'>\n\t\t\t\t<a href='https:\/\/www.photo-montier.org\/wp-content\/uploads\/exposants\/2020\/745_rox_chine2018_day8_d5s7844l-philippe-ricordel-1024x683.jpg'><img decoding=\"async\" width=\"300\" height=\"200\" src=\"https:\/\/www.photo-montier.org\/wp-content\/uploads\/exposants\/2020\/745_rox_chine2018_day8_d5s7844l-philippe-ricordel-300x200.jpg\" class=\"attachment-medium size-medium\" alt=\"Montier Photo Festival\" aria-describedby=\"gallery-1-32160\" srcset=\"https:\/\/www.photo-montier.org\/wp-content\/uploads\/exposants\/2020\/745_rox_chine2018_day8_d5s7844l-philippe-ricordel-300x200.jpg 300w, https:\/\/www.photo-montier.org\/wp-content\/uploads\/exposants\/2020\/745_rox_chine2018_day8_d5s7844l-philippe-ricordel-1024x683.jpg 1024w, https:\/\/www.photo-montier.org\/wp-content\/uploads\/exposants\/2020\/745_rox_chine2018_day8_d5s7844l-philippe-ricordel-768x512.jpg 768w, https:\/\/www.photo-montier.org\/wp-content\/uploads\/exposants\/2020\/745_rox_chine2018_day8_d5s7844l-philippe-ricordel-1536x1024.jpg 1536w, https:\/\/www.photo-montier.org\/wp-content\/uploads\/exposants\/2020\/745_rox_chine2018_day8_d5s7844l-philippe-ricordel-2048x1365.jpg 2048w, https:\/\/www.photo-montier.org\/wp-content\/uploads\/exposants\/2020\/745_rox_chine2018_day8_d5s7844l-philippe-ricordel-600x400.jpg 600w, https:\/\/www.photo-montier.org\/wp-content\/uploads\/exposants\/2020\/745_rox_chine2018_day8_d5s7844l-philippe-ricordel-1320x880.jpg 1320w\" sizes=\"(max-width: 300px) 100vw, 300px\" \/><\/a>\n\t\t\t<\/dt>\n\t\t\t\t<dd class='wp-caption-text gallery-caption' id='gallery-1-32160'>\n\t\t\t\tRhinopith\u00e8que de Roxellane &#8211; Femelle et son petit &#8211; Philippe RICORDEL\n\t\t\t\t<\/dd><\/dl><br style=\"clear: both\" \/><dl class='gallery-item'>\n\t\t\t<dt class='gallery-icon landscape'>\n\t\t\t\t<a href='https:\/\/www.photo-montier.org\/wp-content\/uploads\/exposants\/2020\/745_exp02_chine2018_day7-_d858514l-philippe-ricordel-1024x682.jpg'><img decoding=\"async\" width=\"300\" height=\"200\" src=\"https:\/\/www.photo-montier.org\/wp-content\/uploads\/exposants\/2020\/745_exp02_chine2018_day7-_d858514l-philippe-ricordel-300x200.jpg\" class=\"attachment-medium size-medium\" alt=\"Montier Photo Festival\" aria-describedby=\"gallery-1-32159\" srcset=\"https:\/\/www.photo-montier.org\/wp-content\/uploads\/exposants\/2020\/745_exp02_chine2018_day7-_d858514l-philippe-ricordel-300x200.jpg 300w, https:\/\/www.photo-montier.org\/wp-content\/uploads\/exposants\/2020\/745_exp02_chine2018_day7-_d858514l-philippe-ricordel-1024x682.jpg 1024w, https:\/\/www.photo-montier.org\/wp-content\/uploads\/exposants\/2020\/745_exp02_chine2018_day7-_d858514l-philippe-ricordel-768x511.jpg 768w, https:\/\/www.photo-montier.org\/wp-content\/uploads\/exposants\/2020\/745_exp02_chine2018_day7-_d858514l-philippe-ricordel-1536x1023.jpg 1536w, https:\/\/www.photo-montier.org\/wp-content\/uploads\/exposants\/2020\/745_exp02_chine2018_day7-_d858514l-philippe-ricordel-2048x1364.jpg 2048w, https:\/\/www.photo-montier.org\/wp-content\/uploads\/exposants\/2020\/745_exp02_chine2018_day7-_d858514l-philippe-ricordel-600x400.jpg 600w, https:\/\/www.photo-montier.org\/wp-content\/uploads\/exposants\/2020\/745_exp02_chine2018_day7-_d858514l-philippe-ricordel-1320x879.jpg 1320w\" sizes=\"(max-width: 300px) 100vw, 300px\" \/><\/a>\n\t\t\t<\/dt>\n\t\t\t\t<dd class='wp-caption-text gallery-caption' id='gallery-1-32159'>\n\t\t\t\tRhinopith\u00e8que de Roxellane &#8211; Philippe RICORDEL\n\t\t\t\t<\/dd><\/dl>\n\t\t\t<br style='clear: both' \/>\n\t\t<\/div>\n\n","protected":false},"author":1,"featured_media":32158,"template":"","exposants":[411,487],"site-exposants":[506],"type-exposants-conferences":[],"type-exposants":[527],"acf":{"kexposants_custom_thumbnail":null,"kexposants_expo_group":"Photographe","kexposants_title_en":"","kexposants_day_conf_date":null,"kexposants_hours_conf_text_start":"","kexposants_hours_conf_text_end":"","kexposants_bio":"<span id=\"s2_1\">Philippe RICORDEL is a professional French photographer, very early passionate about the image, he becomes a tireless traveler who has lived in several countries and who travels the world in the quest for images of wild animals.<\/span>\u00a0<span id=\"s2_2\">In his quest to show the beauty of the wild spaces where nature is not yet \u00abdominated\u00bb by human, he takes you on a trip around the world, from the polar lands to the heart of the tropical forests with a predilection for Asia and Oceania.<\/span>\u00a0<span id=\"s2_3\">Always with the willingness to describe the wild life as he sees it, as he's living in the moment, this in an approach both naturalistic and artistic, he's also using video to illustrate the natural stories he captures. <span id=\"s2_1\">If the image is beautiful, then beyond the testimony, it may be emotion, the soul, which will make the public more aware of the need to preserve what I offer them to see.<\/span>\u00a0<span id=\"s2_2\">And if my work is only a tiny fraction of what we shall make, and it is for everyone to be aware of the nature around them and the absolute necessity to protect them, then yes, I will have achieved my goal.\u201d<\/span><\/span>","kexposants_bio_en":"","kexposants_expo":"Saying that China is a country of mountains can be surprising at first sight, and however, nearly 70% of the Chinese territory is at an altitude above 1000m. It is in a tiny part of these mountains, in western China that we can meet the two species of rhinopithecus in the country. It is the Biet rhinopithecus and the Roxellane rhinopithecus. It was long believed that these two species were extincted or endangered. The ecology of the Biet\u2019s Rhinopithecus was virtually unknown until the 1990s, and nowadays, knowledge about the specie remains extremely fragmentary. The Roxellane rhinopithecus is somewhat more common, and a little better known. <span id=\"s2_1\">The two species are living at high-altitude, the Roxellane rhinopithecus from 1800 to 2400m, while the Biet rhinopithecus is the primate living at the highest elevation in the world, between 2800 and 4200m above sea level.<\/span>\u00a0<span id=\"s2_2\">These two species have an \"endangered\" status on the IUCN (International Union for Conservation of Nature) Red List.<\/span>\u00a0<span id=\"s2_3\">The 24 images presented are the result of several stays among the two species.<\/span>\u00a0<span id=\"s2_4\">A film dedicated to Roxellane Rhinopithecus will be projected continuously on a screen during the festival.<\/span>","kexposants_expo_en":"","kexposants_denomination":"Philippe RICORDEL","kexposants_user_id":651,"kexposants_url_movie":""},"yoast_head":"<!-- This site is optimized with the Yoast SEO plugin v23.5 - https:\/\/yoast.com\/wordpress\/plugins\/seo\/ -->\n<title>Singes des montagnes de Chine | Exposant &#8211; Montier Photo Festival<\/title>\n<meta name=\"robots\" content=\"index, follow, max-snippet:-1, max-image-preview:large, max-video-preview:-1\" \/>\n<link rel=\"canonical\" href=\"https:\/\/www.photo-montier.org\/en\/fiche-exposant\/singes-des-montagnes-de-chine\/\" \/>\n<meta property=\"og:locale\" content=\"en_US\" \/>\n<meta property=\"og:type\" content=\"article\" \/>\n<meta property=\"og:title\" content=\"Singes des montagnes de Chine | Exposant &#8211; Montier Photo Festival\" \/>\n<meta property=\"og:description\" content=\"Rhinopith\u00e8que de Biet &#8211; Jeune &#8211; Philippe RICORDEL              Rhinopith\u00e8que de Biet &#8211; Male dominant &#8211; Philippe RICORDEL              Rhinopith\u00e8que de Roxellane &#8211; Male dominant &#8211; Philippe RICORDEL              Rhinopith\u00e8que de [&hellip;]\" \/>\n<meta property=\"og:url\" content=\"https:\/\/www.photo-montier.org\/en\/fiche-exposant\/singes-des-montagnes-de-chine\/\" \/>\n<meta property=\"og:site_name\" content=\"Montier Photo Festival\" \/>\n<meta property=\"article:publisher\" content=\"https:\/\/www.facebook.com\/Festivalmontier\/\" \/>\n<meta property=\"article:modified_time\" content=\"2024-04-30T12:19:03+00:00\" \/>\n<meta property=\"og:image\" content=\"https:\/\/www.photo-montier.org\/wp-content\/uploads\/exposants\/2020\/745_photo-bio.jpg\" \/>\n\t<meta property=\"og:image:width\" content=\"959\" \/>\n\t<meta property=\"og:image:height\" content=\"1200\" \/>\n\t<meta property=\"og:image:type\" content=\"image\/jpeg\" \/>\n<meta name=\"twitter:card\" content=\"summary_large_image\" \/>\n<meta name=\"twitter:site\" content=\"@festivalmontier\" \/>\n<script type=\"application\/ld+json\" class=\"yoast-schema-graph\">{\"@context\":\"https:\/\/schema.org\",\"@graph\":[{\"@type\":\"WebPage\",\"@id\":\"https:\/\/www.photo-montier.org\/en\/fiche-exposant\/singes-des-montagnes-de-chine\/\",\"url\":\"https:\/\/www.photo-montier.org\/en\/fiche-exposant\/singes-des-montagnes-de-chine\/\",\"name\":\"Singes des montagnes de Chine | Exposant &#8211; Montier Photo Festival\",\"isPartOf\":{\"@id\":\"https:\/\/www.photo-montier.org\/en\/#website\"},\"primaryImageOfPage\":{\"@id\":\"https:\/\/www.photo-montier.org\/en\/fiche-exposant\/singes-des-montagnes-de-chine\/#primaryimage\"},\"image\":{\"@id\":\"https:\/\/www.photo-montier.org\/en\/fiche-exposant\/singes-des-montagnes-de-chine\/#primaryimage\"},\"thumbnailUrl\":\"https:\/\/www.photo-montier.org\/wp-content\/uploads\/exposants\/2020\/745_photo-bio.jpg\",\"datePublished\":\"2020-07-24T16:33:48+00:00\",\"dateModified\":\"2024-04-30T12:19:03+00:00\",\"breadcrumb\":{\"@id\":\"https:\/\/www.photo-montier.org\/en\/fiche-exposant\/singes-des-montagnes-de-chine\/#breadcrumb\"},\"inLanguage\":\"en-US\",\"potentialAction\":[{\"@type\":\"ReadAction\",\"target\":[\"https:\/\/www.photo-montier.org\/en\/fiche-exposant\/singes-des-montagnes-de-chine\/\"]}]},{\"@type\":\"ImageObject\",\"inLanguage\":\"en-US\",\"@id\":\"https:\/\/www.photo-montier.org\/en\/fiche-exposant\/singes-des-montagnes-de-chine\/#primaryimage\",\"url\":\"https:\/\/www.photo-montier.org\/wp-content\/uploads\/exposants\/2020\/745_photo-bio.jpg\",\"contentUrl\":\"https:\/\/www.photo-montier.org\/wp-content\/uploads\/exposants\/2020\/745_photo-bio.jpg\",\"width\":959,\"height\":1200,\"caption\":\"745_photo-bio.jpg -\"},{\"@type\":\"BreadcrumbList\",\"@id\":\"https:\/\/www.photo-montier.org\/en\/fiche-exposant\/singes-des-montagnes-de-chine\/#breadcrumb\",\"itemListElement\":[{\"@type\":\"ListItem\",\"position\":1,\"name\":\"Home\",\"item\":\"https:\/\/www.photo-montier.org\/en\/\"},{\"@type\":\"ListItem\",\"position\":2,\"name\":\"Exposants\",\"item\":\"https:\/\/www.photo-montier.org\/en\/fiche-exposant\/\"},{\"@type\":\"ListItem\",\"position\":3,\"name\":\"2020\",\"item\":\"https:\/\/www.photo-montier.org\/exposants\/2020\/\"},{\"@type\":\"ListItem\",\"position\":4,\"name\":\"Singes des montagnes de Chine\"}]},{\"@type\":\"WebSite\",\"@id\":\"https:\/\/www.photo-montier.org\/en\/#website\",\"url\":\"https:\/\/www.photo-montier.org\/en\/\",\"name\":\"Montier Photo Festival\",\"description\":\"International Wildlife and Nature Photo Festival\",\"publisher\":{\"@id\":\"https:\/\/www.photo-montier.org\/en\/#organization\"},\"potentialAction\":[{\"@type\":\"SearchAction\",\"target\":{\"@type\":\"EntryPoint\",\"urlTemplate\":\"https:\/\/www.photo-montier.org\/en\/?s={search_term_string}\"},\"query-input\":{\"@type\":\"PropertyValueSpecification\",\"valueRequired\":true,\"valueName\":\"search_term_string\"}}],\"inLanguage\":\"en-US\"},{\"@type\":\"Organization\",\"@id\":\"https:\/\/www.photo-montier.org\/en\/#organization\",\"name\":\"Montier Festival Photo\",\"url\":\"https:\/\/www.photo-montier.org\/en\/\",\"logo\":{\"@type\":\"ImageObject\",\"inLanguage\":\"en-US\",\"@id\":\"https:\/\/www.photo-montier.org\/en\/#\/schema\/logo\/image\/\",\"url\":\"https:\/\/www.photo-montier.org\/wp-content\/uploads\/2016\/06\/logo-festival-renard-couleur-1.png\",\"contentUrl\":\"https:\/\/www.photo-montier.org\/wp-content\/uploads\/2016\/06\/logo-festival-renard-couleur-1.png\",\"width\":408,\"height\":200,\"caption\":\"Montier Festival Photo\"},\"image\":{\"@id\":\"https:\/\/www.photo-montier.org\/en\/#\/schema\/logo\/image\/\"},\"sameAs\":[\"https:\/\/www.facebook.com\/Festivalmontier\/\",\"https:\/\/x.com\/festivalmontier\",\"https:\/\/www.instagram.com\/festivalmontier\/\",\"https:\/\/www.youtube.com\/channel\/UCylkMGITSE22T6fgWUEYIvw\",\"https:\/\/www.tiktok.com\/@festivalmontier\"]}]}<\/script>\n<!-- \/ Yoast SEO plugin. -->","yoast_head_json":{"title":"Singes des montagnes de Chine | Exposant &#8211; Montier Photo Festival","robots":{"index":"index","follow":"follow","max-snippet":"max-snippet:-1","max-image-preview":"max-image-preview:large","max-video-preview":"max-video-preview:-1"},"canonical":"https:\/\/www.photo-montier.org\/en\/fiche-exposant\/singes-des-montagnes-de-chine\/","og_locale":"en_US","og_type":"article","og_title":"Singes des montagnes de Chine | Exposant &#8211; Montier Photo Festival","og_description":"Rhinopith\u00e8que de Biet &#8211; Jeune &#8211; Philippe RICORDEL              Rhinopith\u00e8que de Biet &#8211; Male dominant &#8211; Philippe RICORDEL              Rhinopith\u00e8que de Roxellane &#8211; Male dominant &#8211; Philippe RICORDEL              Rhinopith\u00e8que de [&hellip;]","og_url":"https:\/\/www.photo-montier.org\/en\/fiche-exposant\/singes-des-montagnes-de-chine\/","og_site_name":"Montier Photo Festival","article_publisher":"https:\/\/www.facebook.com\/Festivalmontier\/","article_modified_time":"2024-04-30T12:19:03+00:00","og_image":[{"width":959,"height":1200,"url":"https:\/\/www.photo-montier.org\/wp-content\/uploads\/exposants\/2020\/745_photo-bio.jpg","type":"image\/jpeg"}],"twitter_card":"summary_large_image","twitter_site":"@festivalmontier","schema":{"@context":"https:\/\/schema.org","@graph":[{"@type":"WebPage","@id":"https:\/\/www.photo-montier.org\/en\/fiche-exposant\/singes-des-montagnes-de-chine\/","url":"https:\/\/www.photo-montier.org\/en\/fiche-exposant\/singes-des-montagnes-de-chine\/","name":"Singes des montagnes de Chine | Exposant &#8211; Montier Photo Festival","isPartOf":{"@id":"https:\/\/www.photo-montier.org\/en\/#website"},"primaryImageOfPage":{"@id":"https:\/\/www.photo-montier.org\/en\/fiche-exposant\/singes-des-montagnes-de-chine\/#primaryimage"},"image":{"@id":"https:\/\/www.photo-montier.org\/en\/fiche-exposant\/singes-des-montagnes-de-chine\/#primaryimage"},"thumbnailUrl":"https:\/\/www.photo-montier.org\/wp-content\/uploads\/exposants\/2020\/745_photo-bio.jpg","datePublished":"2020-07-24T16:33:48+00:00","dateModified":"2024-04-30T12:19:03+00:00","breadcrumb":{"@id":"https:\/\/www.photo-montier.org\/en\/fiche-exposant\/singes-des-montagnes-de-chine\/#breadcrumb"},"inLanguage":"en-US","potentialAction":[{"@type":"ReadAction","target":["https:\/\/www.photo-montier.org\/en\/fiche-exposant\/singes-des-montagnes-de-chine\/"]}]},{"@type":"ImageObject","inLanguage":"en-US","@id":"https:\/\/www.photo-montier.org\/en\/fiche-exposant\/singes-des-montagnes-de-chine\/#primaryimage","url":"https:\/\/www.photo-montier.org\/wp-content\/uploads\/exposants\/2020\/745_photo-bio.jpg","contentUrl":"https:\/\/www.photo-montier.org\/wp-content\/uploads\/exposants\/2020\/745_photo-bio.jpg","width":959,"height":1200,"caption":"745_photo-bio.jpg -"},{"@type":"BreadcrumbList","@id":"https:\/\/www.photo-montier.org\/en\/fiche-exposant\/singes-des-montagnes-de-chine\/#breadcrumb","itemListElement":[{"@type":"ListItem","position":1,"name":"Home","item":"https:\/\/www.photo-montier.org\/en\/"},{"@type":"ListItem","position":2,"name":"Exposants","item":"https:\/\/www.photo-montier.org\/en\/fiche-exposant\/"},{"@type":"ListItem","position":3,"name":"2020","item":"https:\/\/www.photo-montier.org\/exposants\/2020\/"},{"@type":"ListItem","position":4,"name":"Singes des montagnes de Chine"}]},{"@type":"WebSite","@id":"https:\/\/www.photo-montier.org\/en\/#website","url":"https:\/\/www.photo-montier.org\/en\/","name":"Montier Photo Festival","description":"International Wildlife and Nature Photo Festival","publisher":{"@id":"https:\/\/www.photo-montier.org\/en\/#organization"},"potentialAction":[{"@type":"SearchAction","target":{"@type":"EntryPoint","urlTemplate":"https:\/\/www.photo-montier.org\/en\/?s={search_term_string}"},"query-input":{"@type":"PropertyValueSpecification","valueRequired":true,"valueName":"search_term_string"}}],"inLanguage":"en-US"},{"@type":"Organization","@id":"https:\/\/www.photo-montier.org\/en\/#organization","name":"Montier Festival Photo","url":"https:\/\/www.photo-montier.org\/en\/","logo":{"@type":"ImageObject","inLanguage":"en-US","@id":"https:\/\/www.photo-montier.org\/en\/#\/schema\/logo\/image\/","url":"https:\/\/www.photo-montier.org\/wp-content\/uploads\/2016\/06\/logo-festival-renard-couleur-1.png","contentUrl":"https:\/\/www.photo-montier.org\/wp-content\/uploads\/2016\/06\/logo-festival-renard-couleur-1.png","width":408,"height":200,"caption":"Montier Festival Photo"},"image":{"@id":"https:\/\/www.photo-montier.org\/en\/#\/schema\/logo\/image\/"},"sameAs":["https:\/\/www.facebook.com\/Festivalmontier\/","https:\/\/x.com\/festivalmontier","https:\/\/www.instagram.com\/festivalmontier\/","https:\/\/www.youtube.com\/channel\/UCylkMGITSE22T6fgWUEYIvw","https:\/\/www.tiktok.com\/@festivalmontier"]}]}},"_links":{"self":[{"href":"https:\/\/www.photo-montier.org\/en\/wp-json\/wp\/v2\/kexposants\/34800"}],"collection":[{"href":"https:\/\/www.photo-montier.org\/en\/wp-json\/wp\/v2\/kexposants"}],"about":[{"href":"https:\/\/www.photo-montier.org\/en\/wp-json\/wp\/v2\/types\/kexposants"}],"author":[{"embeddable":true,"href":"https:\/\/www.photo-montier.org\/en\/wp-json\/wp\/v2\/users\/1"}],"version-history":[{"count":1,"href":"https:\/\/www.photo-montier.org\/en\/wp-json\/wp\/v2\/kexposants\/34800\/revisions"}],"predecessor-version":[{"id":67720,"href":"https:\/\/www.photo-montier.org\/en\/wp-json\/wp\/v2\/kexposants\/34800\/revisions\/67720"}],"wp:featuredmedia":[{"embeddable":true,"href":"https:\/\/www.photo-montier.org\/en\/wp-json\/wp\/v2\/media\/32158"}],"wp:attachment":[{"href":"https:\/\/www.photo-montier.org\/en\/wp-json\/wp\/v2\/media?parent=34800"}],"wp:term":[{"taxonomy":"exposants","embeddable":true,"href":"https:\/\/www.photo-montier.org\/en\/wp-json\/wp\/v2\/exposants?post=34800"},{"taxonomy":"site-exposants","embeddable":true,"href":"https:\/\/www.photo-montier.org\/en\/wp-json\/wp\/v2\/site-exposants?post=34800"},{"taxonomy":"type-exposants-conferences","embeddable":true,"href":"https:\/\/www.photo-montier.org\/en\/wp-json\/wp\/v2\/type-exposants-conferences?post=34800"},{"taxonomy":"type-exposants","embeddable":true,"href":"https:\/\/www.photo-montier.org\/en\/wp-json\/wp\/v2\/type-exposants?post=34800"}],"curies":[{"name":"wp","href":"https:\/\/api.w.org\/{rel}","templated":true}]}}