{"id":25109,"date":"2020-07-28T11:53:46","date_gmt":"2020-07-28T09:53:46","guid":{"rendered":"https:\/\/www.photo-montier.org\/fiche-exposant\/urgence-climatique-planete-nanuk\/"},"modified":"2024-04-30T14:19:03","modified_gmt":"2024-04-30T12:19:03","slug":"urgence-climatique-planete-nanuk","status":"publish","type":"kexposants","link":"https:\/\/www.photo-montier.org\/en\/fiche-exposant\/urgence-climatique-planete-nanuk\/","title":{"rendered":"Urgence climatique \/ PLAN\u00c8TE NANUK"},"content":{"rendered":"<div id='gallery-1' class='gallery galleryid-25109 gallery-columns-4 gallery-size-medium'><dl class='gallery-item'>\n\t\t\t<dt class='gallery-icon landscape'>\n\t\t\t\t<a href='https:\/\/www.photo-montier.org\/wp-content\/uploads\/exposants\/2020\/119_5-jpg-1024x683.jpg'><img decoding=\"async\" width=\"300\" height=\"200\" src=\"https:\/\/www.photo-montier.org\/wp-content\/uploads\/exposants\/2020\/119_5-jpg-300x200.jpg\" class=\"attachment-medium size-medium\" alt=\"Montier Photo Festival\" aria-describedby=\"gallery-1-25121\" srcset=\"https:\/\/www.photo-montier.org\/wp-content\/uploads\/exposants\/2020\/119_5-jpg-300x200.jpg 300w, https:\/\/www.photo-montier.org\/wp-content\/uploads\/exposants\/2020\/119_5-jpg-1024x683.jpg 1024w, https:\/\/www.photo-montier.org\/wp-content\/uploads\/exposants\/2020\/119_5-jpg-768x512.jpg 768w, https:\/\/www.photo-montier.org\/wp-content\/uploads\/exposants\/2020\/119_5-jpg-1536x1024.jpg 1536w, https:\/\/www.photo-montier.org\/wp-content\/uploads\/exposants\/2020\/119_5-jpg-2048x1365.jpg 2048w, https:\/\/www.photo-montier.org\/wp-content\/uploads\/exposants\/2020\/119_5-jpg-600x400.jpg 600w, https:\/\/www.photo-montier.org\/wp-content\/uploads\/exposants\/2020\/119_5-jpg-1320x880.jpg 1320w\" sizes=\"(max-width: 300px) 100vw, 300px\" \/><\/a>\n\t\t\t<\/dt>\n\t\t\t\t<dd class='wp-caption-text gallery-caption' id='gallery-1-25121'>\n\t\t\t\tNorv\u00e8ge\/Svalbard\/Ours polaire &#8211; Michel RAWICKI\n\t\t\t\t<\/dd><\/dl><dl class='gallery-item'>\n\t\t\t<dt class='gallery-icon landscape'>\n\t\t\t\t<a href='https:\/\/www.photo-montier.org\/wp-content\/uploads\/exposants\/2020\/119_4-1024x683.jpg'><img decoding=\"async\" width=\"300\" height=\"200\" src=\"https:\/\/www.photo-montier.org\/wp-content\/uploads\/exposants\/2020\/119_4-300x200.jpg\" class=\"attachment-medium size-medium\" alt=\"Montier Photo Festival\" aria-describedby=\"gallery-1-25120\" srcset=\"https:\/\/www.photo-montier.org\/wp-content\/uploads\/exposants\/2020\/119_4-300x200.jpg 300w, https:\/\/www.photo-montier.org\/wp-content\/uploads\/exposants\/2020\/119_4-1024x683.jpg 1024w, https:\/\/www.photo-montier.org\/wp-content\/uploads\/exposants\/2020\/119_4-768x512.jpg 768w, https:\/\/www.photo-montier.org\/wp-content\/uploads\/exposants\/2020\/119_4-1536x1024.jpg 1536w, https:\/\/www.photo-montier.org\/wp-content\/uploads\/exposants\/2020\/119_4-2048x1365.jpg 2048w, https:\/\/www.photo-montier.org\/wp-content\/uploads\/exposants\/2020\/119_4-600x400.jpg 600w, https:\/\/www.photo-montier.org\/wp-content\/uploads\/exposants\/2020\/119_4-1320x880.jpg 1320w\" sizes=\"(max-width: 300px) 100vw, 300px\" \/><\/a>\n\t\t\t<\/dt>\n\t\t\t\t<dd class='wp-caption-text gallery-caption' id='gallery-1-25120'>\n\t\t\t\tCanada\/Ontario\/Chouette harfang &#8211; Michel RAWICKI\n\t\t\t\t<\/dd><\/dl><dl class='gallery-item'>\n\t\t\t<dt class='gallery-icon landscape'>\n\t\t\t\t<a href='https:\/\/www.photo-montier.org\/wp-content\/uploads\/exposants\/2020\/119_3-1024x683.jpg'><img decoding=\"async\" width=\"300\" height=\"200\" src=\"https:\/\/www.photo-montier.org\/wp-content\/uploads\/exposants\/2020\/119_3-300x200.jpg\" class=\"attachment-medium size-medium\" alt=\"Montier Photo Festival\" aria-describedby=\"gallery-1-25119\" srcset=\"https:\/\/www.photo-montier.org\/wp-content\/uploads\/exposants\/2020\/119_3-300x200.jpg 300w, https:\/\/www.photo-montier.org\/wp-content\/uploads\/exposants\/2020\/119_3-1024x683.jpg 1024w, https:\/\/www.photo-montier.org\/wp-content\/uploads\/exposants\/2020\/119_3-768x512.jpg 768w, https:\/\/www.photo-montier.org\/wp-content\/uploads\/exposants\/2020\/119_3-1536x1024.jpg 1536w, https:\/\/www.photo-montier.org\/wp-content\/uploads\/exposants\/2020\/119_3-2048x1365.jpg 2048w, https:\/\/www.photo-montier.org\/wp-content\/uploads\/exposants\/2020\/119_3-600x400.jpg 600w, https:\/\/www.photo-montier.org\/wp-content\/uploads\/exposants\/2020\/119_3-1320x880.jpg 1320w\" sizes=\"(max-width: 300px) 100vw, 300px\" \/><\/a>\n\t\t\t<\/dt>\n\t\t\t\t<dd class='wp-caption-text gallery-caption' id='gallery-1-25119'>\n\t\t\t\tCanada\/Baie d&#8217;Hudson\/Renard polaire &#8211; Michel RAWICKI\n\t\t\t\t<\/dd><\/dl><dl class='gallery-item'>\n\t\t\t<dt class='gallery-icon landscape'>\n\t\t\t\t<a href='https:\/\/www.photo-montier.org\/wp-content\/uploads\/exposants\/2020\/119_2-1024x683.jpg'><img decoding=\"async\" width=\"300\" height=\"200\" src=\"https:\/\/www.photo-montier.org\/wp-content\/uploads\/exposants\/2020\/119_2-300x200.jpg\" class=\"attachment-medium size-medium\" alt=\"Montier Photo Festival\" aria-describedby=\"gallery-1-25118\" srcset=\"https:\/\/www.photo-montier.org\/wp-content\/uploads\/exposants\/2020\/119_2-300x200.jpg 300w, https:\/\/www.photo-montier.org\/wp-content\/uploads\/exposants\/2020\/119_2-1024x683.jpg 1024w, https:\/\/www.photo-montier.org\/wp-content\/uploads\/exposants\/2020\/119_2-768x512.jpg 768w, https:\/\/www.photo-montier.org\/wp-content\/uploads\/exposants\/2020\/119_2-1536x1024.jpg 1536w, https:\/\/www.photo-montier.org\/wp-content\/uploads\/exposants\/2020\/119_2-2048x1365.jpg 2048w, https:\/\/www.photo-montier.org\/wp-content\/uploads\/exposants\/2020\/119_2-600x400.jpg 600w, https:\/\/www.photo-montier.org\/wp-content\/uploads\/exposants\/2020\/119_2-1320x880.jpg 1320w\" sizes=\"(max-width: 300px) 100vw, 300px\" \/><\/a>\n\t\t\t<\/dt>\n\t\t\t\t<dd class='wp-caption-text gallery-caption' id='gallery-1-25118'>\n\t\t\t\tGroenland\/Baie de Melville\/Ole et ses 22 chiens &#8211; Michel RAWICKI\n\t\t\t\t<\/dd><\/dl><br style=\"clear: both\" \/><dl class='gallery-item'>\n\t\t\t<dt class='gallery-icon landscape'>\n\t\t\t\t<a href='https:\/\/www.photo-montier.org\/wp-content\/uploads\/exposants\/2020\/119_1-1024x683.jpg'><img decoding=\"async\" width=\"300\" height=\"200\" src=\"https:\/\/www.photo-montier.org\/wp-content\/uploads\/exposants\/2020\/119_1-300x200.jpg\" class=\"attachment-medium size-medium\" alt=\"Montier Photo Festival\" aria-describedby=\"gallery-1-25117\" srcset=\"https:\/\/www.photo-montier.org\/wp-content\/uploads\/exposants\/2020\/119_1-300x200.jpg 300w, https:\/\/www.photo-montier.org\/wp-content\/uploads\/exposants\/2020\/119_1-1024x683.jpg 1024w, https:\/\/www.photo-montier.org\/wp-content\/uploads\/exposants\/2020\/119_1-768x512.jpg 768w, https:\/\/www.photo-montier.org\/wp-content\/uploads\/exposants\/2020\/119_1-1536x1024.jpg 1536w, https:\/\/www.photo-montier.org\/wp-content\/uploads\/exposants\/2020\/119_1-2048x1365.jpg 2048w, https:\/\/www.photo-montier.org\/wp-content\/uploads\/exposants\/2020\/119_1-600x400.jpg 600w, https:\/\/www.photo-montier.org\/wp-content\/uploads\/exposants\/2020\/119_1-1320x880.jpg 1320w\" sizes=\"(max-width: 300px) 100vw, 300px\" \/><\/a>\n\t\t\t<\/dt>\n\t\t\t\t<dd class='wp-caption-text gallery-caption' id='gallery-1-25117'>\n\t\t\t\tNorv\u00e8ge\/Svalbard\/Bestiaire de glace &#8211; Michel RAWICKI\n\t\t\t\t<\/dd><\/dl><dl class='gallery-item'>\n\t\t\t<dt class='gallery-icon landscape'>\n\t\t\t\t<a href='https:\/\/www.photo-montier.org\/wp-content\/uploads\/exposants\/2020\/119_5-jpg-1024x683.jpg'><img decoding=\"async\" width=\"300\" height=\"200\" src=\"https:\/\/www.photo-montier.org\/wp-content\/uploads\/exposants\/2020\/119_5-jpg-300x200.jpg\" class=\"attachment-medium size-medium\" alt=\"Montier Photo Festival\" aria-describedby=\"gallery-1-25113\" srcset=\"https:\/\/www.photo-montier.org\/wp-content\/uploads\/exposants\/2020\/119_5-jpg-300x200.jpg 300w, https:\/\/www.photo-montier.org\/wp-content\/uploads\/exposants\/2020\/119_5-jpg-1024x683.jpg 1024w, https:\/\/www.photo-montier.org\/wp-content\/uploads\/exposants\/2020\/119_5-jpg-768x512.jpg 768w, https:\/\/www.photo-montier.org\/wp-content\/uploads\/exposants\/2020\/119_5-jpg-1536x1024.jpg 1536w, https:\/\/www.photo-montier.org\/wp-content\/uploads\/exposants\/2020\/119_5-jpg-2048x1365.jpg 2048w, https:\/\/www.photo-montier.org\/wp-content\/uploads\/exposants\/2020\/119_5-jpg-600x400.jpg 600w, https:\/\/www.photo-montier.org\/wp-content\/uploads\/exposants\/2020\/119_5-jpg-1320x880.jpg 1320w\" sizes=\"(max-width: 300px) 100vw, 300px\" \/><\/a>\n\t\t\t<\/dt>\n\t\t\t\t<dd class='wp-caption-text gallery-caption' id='gallery-1-25113'>\n\t\t\t\tNorv\u00e8ge\/Svalbard\/Ours polaire &#8211; Michel RAWICKI\n\t\t\t\t<\/dd><\/dl><dl class='gallery-item'>\n\t\t\t<dt class='gallery-icon landscape'>\n\t\t\t\t<a href='https:\/\/www.photo-montier.org\/wp-content\/uploads\/exposants\/2020\/119_4-1024x683.jpg'><img decoding=\"async\" width=\"300\" height=\"200\" src=\"https:\/\/www.photo-montier.org\/wp-content\/uploads\/exposants\/2020\/119_4-300x200.jpg\" class=\"attachment-medium size-medium\" alt=\"Montier Photo Festival\" aria-describedby=\"gallery-1-25111\" srcset=\"https:\/\/www.photo-montier.org\/wp-content\/uploads\/exposants\/2020\/119_4-300x200.jpg 300w, https:\/\/www.photo-montier.org\/wp-content\/uploads\/exposants\/2020\/119_4-1024x683.jpg 1024w, https:\/\/www.photo-montier.org\/wp-content\/uploads\/exposants\/2020\/119_4-768x512.jpg 768w, https:\/\/www.photo-montier.org\/wp-content\/uploads\/exposants\/2020\/119_4-1536x1024.jpg 1536w, https:\/\/www.photo-montier.org\/wp-content\/uploads\/exposants\/2020\/119_4-2048x1365.jpg 2048w, https:\/\/www.photo-montier.org\/wp-content\/uploads\/exposants\/2020\/119_4-600x400.jpg 600w, https:\/\/www.photo-montier.org\/wp-content\/uploads\/exposants\/2020\/119_4-1320x880.jpg 1320w\" sizes=\"(max-width: 300px) 100vw, 300px\" \/><\/a>\n\t\t\t<\/dt>\n\t\t\t\t<dd class='wp-caption-text gallery-caption' id='gallery-1-25111'>\n\t\t\t\tCanada\/Ontario\/Chouette harfang &#8211; Michel RAWICKI\n\t\t\t\t<\/dd><\/dl><dl class='gallery-item'>\n\t\t\t<dt class='gallery-icon landscape'>\n\t\t\t\t<a href='https:\/\/www.photo-montier.org\/wp-content\/uploads\/exposants\/2020\/119_3-1024x683.jpg'><img decoding=\"async\" width=\"300\" height=\"200\" src=\"https:\/\/www.photo-montier.org\/wp-content\/uploads\/exposants\/2020\/119_3-300x200.jpg\" class=\"attachment-medium size-medium\" alt=\"Montier Photo Festival\" aria-describedby=\"gallery-1-25116\" srcset=\"https:\/\/www.photo-montier.org\/wp-content\/uploads\/exposants\/2020\/119_3-300x200.jpg 300w, https:\/\/www.photo-montier.org\/wp-content\/uploads\/exposants\/2020\/119_3-1024x683.jpg 1024w, https:\/\/www.photo-montier.org\/wp-content\/uploads\/exposants\/2020\/119_3-768x512.jpg 768w, https:\/\/www.photo-montier.org\/wp-content\/uploads\/exposants\/2020\/119_3-1536x1024.jpg 1536w, https:\/\/www.photo-montier.org\/wp-content\/uploads\/exposants\/2020\/119_3-2048x1365.jpg 2048w, https:\/\/www.photo-montier.org\/wp-content\/uploads\/exposants\/2020\/119_3-600x400.jpg 600w, https:\/\/www.photo-montier.org\/wp-content\/uploads\/exposants\/2020\/119_3-1320x880.jpg 1320w\" sizes=\"(max-width: 300px) 100vw, 300px\" \/><\/a>\n\t\t\t<\/dt>\n\t\t\t\t<dd class='wp-caption-text gallery-caption' id='gallery-1-25116'>\n\t\t\t\tCanada\/Baie d&#8217;Hudson\/Renard polaire &#8211; Michel RAWICKI\n\t\t\t\t<\/dd><\/dl><br style=\"clear: both\" \/><dl class='gallery-item'>\n\t\t\t<dt class='gallery-icon landscape'>\n\t\t\t\t<a href='https:\/\/www.photo-montier.org\/wp-content\/uploads\/exposants\/2020\/119_2-1024x683.jpg'><img decoding=\"async\" width=\"300\" height=\"200\" src=\"https:\/\/www.photo-montier.org\/wp-content\/uploads\/exposants\/2020\/119_2-300x200.jpg\" class=\"attachment-medium size-medium\" alt=\"Montier Photo Festival\" aria-describedby=\"gallery-1-25114\" srcset=\"https:\/\/www.photo-montier.org\/wp-content\/uploads\/exposants\/2020\/119_2-300x200.jpg 300w, https:\/\/www.photo-montier.org\/wp-content\/uploads\/exposants\/2020\/119_2-1024x683.jpg 1024w, https:\/\/www.photo-montier.org\/wp-content\/uploads\/exposants\/2020\/119_2-768x512.jpg 768w, https:\/\/www.photo-montier.org\/wp-content\/uploads\/exposants\/2020\/119_2-1536x1024.jpg 1536w, https:\/\/www.photo-montier.org\/wp-content\/uploads\/exposants\/2020\/119_2-2048x1365.jpg 2048w, https:\/\/www.photo-montier.org\/wp-content\/uploads\/exposants\/2020\/119_2-600x400.jpg 600w, https:\/\/www.photo-montier.org\/wp-content\/uploads\/exposants\/2020\/119_2-1320x880.jpg 1320w\" sizes=\"(max-width: 300px) 100vw, 300px\" \/><\/a>\n\t\t\t<\/dt>\n\t\t\t\t<dd class='wp-caption-text gallery-caption' id='gallery-1-25114'>\n\t\t\t\tGroenland\/Baie de Melville\/Ole et ses 22 chiens &#8211; Michel RAWICKI\n\t\t\t\t<\/dd><\/dl><dl class='gallery-item'>\n\t\t\t<dt class='gallery-icon landscape'>\n\t\t\t\t<a href='https:\/\/www.photo-montier.org\/wp-content\/uploads\/exposants\/2020\/119_1-1024x683.jpg'><img decoding=\"async\" width=\"300\" height=\"200\" src=\"https:\/\/www.photo-montier.org\/wp-content\/uploads\/exposants\/2020\/119_1-300x200.jpg\" class=\"attachment-medium size-medium\" alt=\"Montier Photo Festival\" aria-describedby=\"gallery-1-25112\" srcset=\"https:\/\/www.photo-montier.org\/wp-content\/uploads\/exposants\/2020\/119_1-300x200.jpg 300w, https:\/\/www.photo-montier.org\/wp-content\/uploads\/exposants\/2020\/119_1-1024x683.jpg 1024w, https:\/\/www.photo-montier.org\/wp-content\/uploads\/exposants\/2020\/119_1-768x512.jpg 768w, https:\/\/www.photo-montier.org\/wp-content\/uploads\/exposants\/2020\/119_1-1536x1024.jpg 1536w, https:\/\/www.photo-montier.org\/wp-content\/uploads\/exposants\/2020\/119_1-2048x1365.jpg 2048w, https:\/\/www.photo-montier.org\/wp-content\/uploads\/exposants\/2020\/119_1-600x400.jpg 600w, https:\/\/www.photo-montier.org\/wp-content\/uploads\/exposants\/2020\/119_1-1320x880.jpg 1320w\" sizes=\"(max-width: 300px) 100vw, 300px\" \/><\/a>\n\t\t\t<\/dt>\n\t\t\t\t<dd class='wp-caption-text gallery-caption' id='gallery-1-25112'>\n\t\t\t\tNorv\u00e8ge\/Svalbard\/Bestiaire de glace &#8211; Michel RAWICKI\n\t\t\t\t<\/dd><\/dl><dl class='gallery-item'>\n\t\t\t<dt class='gallery-icon landscape'>\n\t\t\t\t<a href='https:\/\/www.photo-montier.org\/wp-content\/uploads\/exposants\/2020\/119_portrait-1024x759.jpg'><img decoding=\"async\" width=\"300\" height=\"222\" src=\"https:\/\/www.photo-montier.org\/wp-content\/uploads\/exposants\/2020\/119_portrait-300x222.jpg\" class=\"attachment-medium size-medium\" alt=\"Montier Photo Festival\" aria-describedby=\"gallery-1-25110\" srcset=\"https:\/\/www.photo-montier.org\/wp-content\/uploads\/exposants\/2020\/119_portrait-300x222.jpg 300w, https:\/\/www.photo-montier.org\/wp-content\/uploads\/exposants\/2020\/119_portrait-1024x759.jpg 1024w, https:\/\/www.photo-montier.org\/wp-content\/uploads\/exposants\/2020\/119_portrait-768x569.jpg 768w, https:\/\/www.photo-montier.org\/wp-content\/uploads\/exposants\/2020\/119_portrait-1536x1138.jpg 1536w, https:\/\/www.photo-montier.org\/wp-content\/uploads\/exposants\/2020\/119_portrait-2048x1518.jpg 2048w, https:\/\/www.photo-montier.org\/wp-content\/uploads\/exposants\/2020\/119_portrait-600x445.jpg 600w, https:\/\/www.photo-montier.org\/wp-content\/uploads\/exposants\/2020\/119_portrait-1320x978.jpg 1320w\" sizes=\"(max-width: 300px) 100vw, 300px\" \/><\/a>\n\t\t\t<\/dt>\n\t\t\t\t<dd class='wp-caption-text gallery-caption' id='gallery-1-25110'>\n\t\t\t\t119_portrait.jpg &#8211; \n\t\t\t\t<\/dd><\/dl>\n\t\t\t<br style='clear: both' \/>\n\t\t<\/div>\n\n","protected":false},"author":1,"featured_media":25115,"template":"","exposants":[411,487],"site-exposants":[517,511],"type-exposants-conferences":[],"type-exposants":[538],"acf":{"kexposants_custom_thumbnail":null,"kexposants_expo_group":"","kexposants_title_en":"","kexposants_day_conf_date":null,"kexposants_hours_conf_text_start":"","kexposants_hours_conf_text_end":"","kexposants_bio":"Born in Paris in 1950, Michel Rawicki discovered his two great passions at the age of 10 : photography, thanks to the \"Kodak Flash Star\" with its pin based-bulb, and the ice, during a first trip with his parents in the Chamonix valley. First he was a trainee at \"Films 12\" with Claude Lelouch in 1969, he then became a full-time professional photographer in a studio. In 1988, he founded the agency \"StockImage\", which became one of the first independent image database. In 1993, the discovery of Greenland and its icebergs changed its photographic career. After the world of ice, he got naturally closer to the humans and the wildlife that inhabit it, a rough world that reduces the living being to the basics, to the simple struggle for life. It is there that he made his first encounter with the polar bear, which will not cease to inhabit his many trips. Lecturer, he is a member of the Soci\u00e9t\u00e9 de G\u00e9ographie and the Soci\u00e9t\u00e9 des explorateurs fran\u00e7ais.","kexposants_bio_en":"","kexposants_expo":"Awareness and engagement, all generations included, for the preservation of the climate and biodiversity, through three main themes presented, ice, animals, humans.","kexposants_expo_en":"","kexposants_denomination":"Michel RAWICKI","kexposants_user_id":71,"kexposants_url_movie":""},"yoast_head":"<!-- This site is optimized with the Yoast SEO plugin v23.5 - https:\/\/yoast.com\/wordpress\/plugins\/seo\/ -->\n<title>Urgence climatique \/ PLAN\u00c8TE NANUK | Exposant &#8211; Montier Photo Festival<\/title>\n<meta name=\"robots\" content=\"index, follow, max-snippet:-1, max-image-preview:large, max-video-preview:-1\" \/>\n<link rel=\"canonical\" href=\"https:\/\/www.photo-montier.org\/en\/fiche-exposant\/urgence-climatique-planete-nanuk\/\" \/>\n<meta property=\"og:locale\" content=\"en_US\" \/>\n<meta property=\"og:type\" content=\"article\" \/>\n<meta property=\"og:title\" content=\"Urgence climatique \/ PLAN\u00c8TE NANUK | Exposant &#8211; Montier Photo Festival\" \/>\n<meta property=\"og:description\" content=\"Norv\u00e8ge\/Svalbard\/Ours polaire &#8211; Michel RAWICKI              Canada\/Ontario\/Chouette harfang &#8211; Michel RAWICKI              Canada\/Baie d&#8217;Hudson\/Renard polaire &#8211; Michel RAWICKI              Groenland\/Baie de Melville\/Ole et ses 22 chiens &#8211; Michel RAWICKI              Norv\u00e8ge\/Svalbard\/Bestiaire de glace [&hellip;]\" \/>\n<meta property=\"og:url\" content=\"https:\/\/www.photo-montier.org\/en\/fiche-exposant\/urgence-climatique-planete-nanuk\/\" \/>\n<meta property=\"og:site_name\" content=\"Montier Photo Festival\" \/>\n<meta property=\"article:publisher\" content=\"https:\/\/www.facebook.com\/Festivalmontier\/\" \/>\n<meta property=\"article:modified_time\" content=\"2024-04-30T12:19:03+00:00\" \/>\n<meta property=\"og:image\" content=\"https:\/\/www.photo-montier.org\/wp-content\/uploads\/exposants\/2020\/119_portrait.jpg\" \/>\n\t<meta property=\"og:image:width\" content=\"3000\" \/>\n\t<meta property=\"og:image:height\" content=\"2223\" \/>\n\t<meta property=\"og:image:type\" content=\"image\/jpeg\" \/>\n<meta name=\"twitter:card\" content=\"summary_large_image\" \/>\n<meta name=\"twitter:site\" content=\"@festivalmontier\" \/>\n<script type=\"application\/ld+json\" class=\"yoast-schema-graph\">{\"@context\":\"https:\/\/schema.org\",\"@graph\":[{\"@type\":\"WebPage\",\"@id\":\"https:\/\/www.photo-montier.org\/en\/fiche-exposant\/urgence-climatique-planete-nanuk\/\",\"url\":\"https:\/\/www.photo-montier.org\/en\/fiche-exposant\/urgence-climatique-planete-nanuk\/\",\"name\":\"Urgence climatique \/ PLAN\u00c8TE NANUK | Exposant &#8211; Montier Photo Festival\",\"isPartOf\":{\"@id\":\"https:\/\/www.photo-montier.org\/en\/#website\"},\"primaryImageOfPage\":{\"@id\":\"https:\/\/www.photo-montier.org\/en\/fiche-exposant\/urgence-climatique-planete-nanuk\/#primaryimage\"},\"image\":{\"@id\":\"https:\/\/www.photo-montier.org\/en\/fiche-exposant\/urgence-climatique-planete-nanuk\/#primaryimage\"},\"thumbnailUrl\":\"https:\/\/www.photo-montier.org\/wp-content\/uploads\/exposants\/2020\/119_portrait.jpg\",\"datePublished\":\"2020-07-28T09:53:46+00:00\",\"dateModified\":\"2024-04-30T12:19:03+00:00\",\"breadcrumb\":{\"@id\":\"https:\/\/www.photo-montier.org\/en\/fiche-exposant\/urgence-climatique-planete-nanuk\/#breadcrumb\"},\"inLanguage\":\"en-US\",\"potentialAction\":[{\"@type\":\"ReadAction\",\"target\":[\"https:\/\/www.photo-montier.org\/en\/fiche-exposant\/urgence-climatique-planete-nanuk\/\"]}]},{\"@type\":\"ImageObject\",\"inLanguage\":\"en-US\",\"@id\":\"https:\/\/www.photo-montier.org\/en\/fiche-exposant\/urgence-climatique-planete-nanuk\/#primaryimage\",\"url\":\"https:\/\/www.photo-montier.org\/wp-content\/uploads\/exposants\/2020\/119_portrait.jpg\",\"contentUrl\":\"https:\/\/www.photo-montier.org\/wp-content\/uploads\/exposants\/2020\/119_portrait.jpg\",\"width\":3000,\"height\":2223,\"caption\":\"119_portrait.jpg -\"},{\"@type\":\"BreadcrumbList\",\"@id\":\"https:\/\/www.photo-montier.org\/en\/fiche-exposant\/urgence-climatique-planete-nanuk\/#breadcrumb\",\"itemListElement\":[{\"@type\":\"ListItem\",\"position\":1,\"name\":\"Home\",\"item\":\"https:\/\/www.photo-montier.org\/en\/\"},{\"@type\":\"ListItem\",\"position\":2,\"name\":\"Exposants\",\"item\":\"https:\/\/www.photo-montier.org\/en\/fiche-exposant\/\"},{\"@type\":\"ListItem\",\"position\":3,\"name\":\"2020\",\"item\":\"https:\/\/www.photo-montier.org\/exposants\/2020\/\"},{\"@type\":\"ListItem\",\"position\":4,\"name\":\"Urgence climatique \/ PLAN\u00c8TE NANUK\"}]},{\"@type\":\"WebSite\",\"@id\":\"https:\/\/www.photo-montier.org\/en\/#website\",\"url\":\"https:\/\/www.photo-montier.org\/en\/\",\"name\":\"Montier Photo Festival\",\"description\":\"International Wildlife and Nature Photo Festival\",\"publisher\":{\"@id\":\"https:\/\/www.photo-montier.org\/en\/#organization\"},\"potentialAction\":[{\"@type\":\"SearchAction\",\"target\":{\"@type\":\"EntryPoint\",\"urlTemplate\":\"https:\/\/www.photo-montier.org\/en\/?s={search_term_string}\"},\"query-input\":{\"@type\":\"PropertyValueSpecification\",\"valueRequired\":true,\"valueName\":\"search_term_string\"}}],\"inLanguage\":\"en-US\"},{\"@type\":\"Organization\",\"@id\":\"https:\/\/www.photo-montier.org\/en\/#organization\",\"name\":\"Montier Festival Photo\",\"url\":\"https:\/\/www.photo-montier.org\/en\/\",\"logo\":{\"@type\":\"ImageObject\",\"inLanguage\":\"en-US\",\"@id\":\"https:\/\/www.photo-montier.org\/en\/#\/schema\/logo\/image\/\",\"url\":\"https:\/\/www.photo-montier.org\/wp-content\/uploads\/2016\/06\/logo-festival-renard-couleur-1.png\",\"contentUrl\":\"https:\/\/www.photo-montier.org\/wp-content\/uploads\/2016\/06\/logo-festival-renard-couleur-1.png\",\"width\":408,\"height\":200,\"caption\":\"Montier Festival Photo\"},\"image\":{\"@id\":\"https:\/\/www.photo-montier.org\/en\/#\/schema\/logo\/image\/\"},\"sameAs\":[\"https:\/\/www.facebook.com\/Festivalmontier\/\",\"https:\/\/x.com\/festivalmontier\",\"https:\/\/www.instagram.com\/festivalmontier\/\",\"https:\/\/www.youtube.com\/channel\/UCylkMGITSE22T6fgWUEYIvw\",\"https:\/\/www.tiktok.com\/@festivalmontier\"]}]}<\/script>\n<!-- \/ Yoast SEO plugin. -->","yoast_head_json":{"title":"Urgence climatique \/ PLAN\u00c8TE NANUK | Exposant &#8211; Montier Photo Festival","robots":{"index":"index","follow":"follow","max-snippet":"max-snippet:-1","max-image-preview":"max-image-preview:large","max-video-preview":"max-video-preview:-1"},"canonical":"https:\/\/www.photo-montier.org\/en\/fiche-exposant\/urgence-climatique-planete-nanuk\/","og_locale":"en_US","og_type":"article","og_title":"Urgence climatique \/ PLAN\u00c8TE NANUK | Exposant &#8211; Montier Photo Festival","og_description":"Norv\u00e8ge\/Svalbard\/Ours polaire &#8211; Michel RAWICKI              Canada\/Ontario\/Chouette harfang &#8211; Michel RAWICKI              Canada\/Baie d&#8217;Hudson\/Renard polaire &#8211; Michel RAWICKI              Groenland\/Baie de Melville\/Ole et ses 22 chiens &#8211; Michel RAWICKI              Norv\u00e8ge\/Svalbard\/Bestiaire de glace [&hellip;]","og_url":"https:\/\/www.photo-montier.org\/en\/fiche-exposant\/urgence-climatique-planete-nanuk\/","og_site_name":"Montier Photo Festival","article_publisher":"https:\/\/www.facebook.com\/Festivalmontier\/","article_modified_time":"2024-04-30T12:19:03+00:00","og_image":[{"width":3000,"height":2223,"url":"https:\/\/www.photo-montier.org\/wp-content\/uploads\/exposants\/2020\/119_portrait.jpg","type":"image\/jpeg"}],"twitter_card":"summary_large_image","twitter_site":"@festivalmontier","schema":{"@context":"https:\/\/schema.org","@graph":[{"@type":"WebPage","@id":"https:\/\/www.photo-montier.org\/en\/fiche-exposant\/urgence-climatique-planete-nanuk\/","url":"https:\/\/www.photo-montier.org\/en\/fiche-exposant\/urgence-climatique-planete-nanuk\/","name":"Urgence climatique \/ PLAN\u00c8TE NANUK | Exposant &#8211; Montier Photo Festival","isPartOf":{"@id":"https:\/\/www.photo-montier.org\/en\/#website"},"primaryImageOfPage":{"@id":"https:\/\/www.photo-montier.org\/en\/fiche-exposant\/urgence-climatique-planete-nanuk\/#primaryimage"},"image":{"@id":"https:\/\/www.photo-montier.org\/en\/fiche-exposant\/urgence-climatique-planete-nanuk\/#primaryimage"},"thumbnailUrl":"https:\/\/www.photo-montier.org\/wp-content\/uploads\/exposants\/2020\/119_portrait.jpg","datePublished":"2020-07-28T09:53:46+00:00","dateModified":"2024-04-30T12:19:03+00:00","breadcrumb":{"@id":"https:\/\/www.photo-montier.org\/en\/fiche-exposant\/urgence-climatique-planete-nanuk\/#breadcrumb"},"inLanguage":"en-US","potentialAction":[{"@type":"ReadAction","target":["https:\/\/www.photo-montier.org\/en\/fiche-exposant\/urgence-climatique-planete-nanuk\/"]}]},{"@type":"ImageObject","inLanguage":"en-US","@id":"https:\/\/www.photo-montier.org\/en\/fiche-exposant\/urgence-climatique-planete-nanuk\/#primaryimage","url":"https:\/\/www.photo-montier.org\/wp-content\/uploads\/exposants\/2020\/119_portrait.jpg","contentUrl":"https:\/\/www.photo-montier.org\/wp-content\/uploads\/exposants\/2020\/119_portrait.jpg","width":3000,"height":2223,"caption":"119_portrait.jpg -"},{"@type":"BreadcrumbList","@id":"https:\/\/www.photo-montier.org\/en\/fiche-exposant\/urgence-climatique-planete-nanuk\/#breadcrumb","itemListElement":[{"@type":"ListItem","position":1,"name":"Home","item":"https:\/\/www.photo-montier.org\/en\/"},{"@type":"ListItem","position":2,"name":"Exposants","item":"https:\/\/www.photo-montier.org\/en\/fiche-exposant\/"},{"@type":"ListItem","position":3,"name":"2020","item":"https:\/\/www.photo-montier.org\/exposants\/2020\/"},{"@type":"ListItem","position":4,"name":"Urgence climatique \/ PLAN\u00c8TE NANUK"}]},{"@type":"WebSite","@id":"https:\/\/www.photo-montier.org\/en\/#website","url":"https:\/\/www.photo-montier.org\/en\/","name":"Montier Photo Festival","description":"International Wildlife and Nature Photo Festival","publisher":{"@id":"https:\/\/www.photo-montier.org\/en\/#organization"},"potentialAction":[{"@type":"SearchAction","target":{"@type":"EntryPoint","urlTemplate":"https:\/\/www.photo-montier.org\/en\/?s={search_term_string}"},"query-input":{"@type":"PropertyValueSpecification","valueRequired":true,"valueName":"search_term_string"}}],"inLanguage":"en-US"},{"@type":"Organization","@id":"https:\/\/www.photo-montier.org\/en\/#organization","name":"Montier Festival Photo","url":"https:\/\/www.photo-montier.org\/en\/","logo":{"@type":"ImageObject","inLanguage":"en-US","@id":"https:\/\/www.photo-montier.org\/en\/#\/schema\/logo\/image\/","url":"https:\/\/www.photo-montier.org\/wp-content\/uploads\/2016\/06\/logo-festival-renard-couleur-1.png","contentUrl":"https:\/\/www.photo-montier.org\/wp-content\/uploads\/2016\/06\/logo-festival-renard-couleur-1.png","width":408,"height":200,"caption":"Montier Festival Photo"},"image":{"@id":"https:\/\/www.photo-montier.org\/en\/#\/schema\/logo\/image\/"},"sameAs":["https:\/\/www.facebook.com\/Festivalmontier\/","https:\/\/x.com\/festivalmontier","https:\/\/www.instagram.com\/festivalmontier\/","https:\/\/www.youtube.com\/channel\/UCylkMGITSE22T6fgWUEYIvw","https:\/\/www.tiktok.com\/@festivalmontier"]}]}},"_links":{"self":[{"href":"https:\/\/www.photo-montier.org\/en\/wp-json\/wp\/v2\/kexposants\/25109"}],"collection":[{"href":"https:\/\/www.photo-montier.org\/en\/wp-json\/wp\/v2\/kexposants"}],"about":[{"href":"https:\/\/www.photo-montier.org\/en\/wp-json\/wp\/v2\/types\/kexposants"}],"author":[{"embeddable":true,"href":"https:\/\/www.photo-montier.org\/en\/wp-json\/wp\/v2\/users\/1"}],"version-history":[{"count":1,"href":"https:\/\/www.photo-montier.org\/en\/wp-json\/wp\/v2\/kexposants\/25109\/revisions"}],"predecessor-version":[{"id":67833,"href":"https:\/\/www.photo-montier.org\/en\/wp-json\/wp\/v2\/kexposants\/25109\/revisions\/67833"}],"wp:featuredmedia":[{"embeddable":true,"href":"https:\/\/www.photo-montier.org\/en\/wp-json\/wp\/v2\/media\/25115"}],"wp:attachment":[{"href":"https:\/\/www.photo-montier.org\/en\/wp-json\/wp\/v2\/media?parent=25109"}],"wp:term":[{"taxonomy":"exposants","embeddable":true,"href":"https:\/\/www.photo-montier.org\/en\/wp-json\/wp\/v2\/exposants?post=25109"},{"taxonomy":"site-exposants","embeddable":true,"href":"https:\/\/www.photo-montier.org\/en\/wp-json\/wp\/v2\/site-exposants?post=25109"},{"taxonomy":"type-exposants-conferences","embeddable":true,"href":"https:\/\/www.photo-montier.org\/en\/wp-json\/wp\/v2\/type-exposants-conferences?post=25109"},{"taxonomy":"type-exposants","embeddable":true,"href":"https:\/\/www.photo-montier.org\/en\/wp-json\/wp\/v2\/type-exposants?post=25109"}],"curies":[{"name":"wp","href":"https:\/\/api.w.org\/{rel}","templated":true}]}}