{"id":25101,"date":"2020-07-26T00:48:49","date_gmt":"2020-07-25T22:48:49","guid":{"rendered":"https:\/\/www.photo-montier.org\/fiche-exposant\/le-genie-de-la-nature\/"},"modified":"2024-04-30T14:19:03","modified_gmt":"2024-04-30T12:19:03","slug":"le-genie-de-la-nature","status":"publish","type":"kexposants","link":"https:\/\/www.photo-montier.org\/en\/fiche-exposant\/le-genie-de-la-nature\/","title":{"rendered":"Le G\u00e9nie de la Nature"},"content":{"rendered":"<div id='gallery-1' class='gallery galleryid-25101 gallery-columns-4 gallery-size-medium'><dl class='gallery-item'>\n\t\t\t<dt class='gallery-icon landscape'>\n\t\t\t\t<a href='https:\/\/www.photo-montier.org\/wp-content\/uploads\/exposants\/2020\/389_protecteurs-wingspan-1024x734.jpg'><img decoding=\"async\" width=\"300\" height=\"215\" src=\"https:\/\/www.photo-montier.org\/wp-content\/uploads\/exposants\/2020\/389_protecteurs-wingspan-300x215.jpg\" class=\"attachment-medium size-medium\" alt=\"Montier Photo Festival\" aria-describedby=\"gallery-1-25105\" srcset=\"https:\/\/www.photo-montier.org\/wp-content\/uploads\/exposants\/2020\/389_protecteurs-wingspan-300x215.jpg 300w, https:\/\/www.photo-montier.org\/wp-content\/uploads\/exposants\/2020\/389_protecteurs-wingspan-1024x734.jpg 1024w, https:\/\/www.photo-montier.org\/wp-content\/uploads\/exposants\/2020\/389_protecteurs-wingspan-768x550.jpg 768w, https:\/\/www.photo-montier.org\/wp-content\/uploads\/exposants\/2020\/389_protecteurs-wingspan-1536x1101.jpg 1536w, https:\/\/www.photo-montier.org\/wp-content\/uploads\/exposants\/2020\/389_protecteurs-wingspan-2048x1468.jpg 2048w, https:\/\/www.photo-montier.org\/wp-content\/uploads\/exposants\/2020\/389_protecteurs-wingspan-600x430.jpg 600w, https:\/\/www.photo-montier.org\/wp-content\/uploads\/exposants\/2020\/389_protecteurs-wingspan-1320x946.jpg 1320w\" sizes=\"(max-width: 300px) 100vw, 300px\" \/><\/a>\n\t\t\t<\/dt>\n\t\t\t\t<dd class='wp-caption-text gallery-caption' id='gallery-1-25105'>\n\t\t\t\tCentre de pr\u00e9servation des rapaces, Nouvelle-Z\u00e9lande &#8211; Debbie STEWART et un faucon &#8211; Sabine BERNERT\n\t\t\t\t<\/dd><\/dl><dl class='gallery-item'>\n\t\t\t<dt class='gallery-icon landscape'>\n\t\t\t\t<a href='https:\/\/www.photo-montier.org\/wp-content\/uploads\/exposants\/2020\/389_interaction-baleine-1024x683.jpg'><img decoding=\"async\" width=\"300\" height=\"200\" src=\"https:\/\/www.photo-montier.org\/wp-content\/uploads\/exposants\/2020\/389_interaction-baleine-300x200.jpg\" class=\"attachment-medium size-medium\" alt=\"Montier Photo Festival\" aria-describedby=\"gallery-1-25103\" srcset=\"https:\/\/www.photo-montier.org\/wp-content\/uploads\/exposants\/2020\/389_interaction-baleine-300x200.jpg 300w, https:\/\/www.photo-montier.org\/wp-content\/uploads\/exposants\/2020\/389_interaction-baleine-1024x683.jpg 1024w, https:\/\/www.photo-montier.org\/wp-content\/uploads\/exposants\/2020\/389_interaction-baleine-768x512.jpg 768w, https:\/\/www.photo-montier.org\/wp-content\/uploads\/exposants\/2020\/389_interaction-baleine-1536x1024.jpg 1536w, https:\/\/www.photo-montier.org\/wp-content\/uploads\/exposants\/2020\/389_interaction-baleine-2048x1365.jpg 2048w, https:\/\/www.photo-montier.org\/wp-content\/uploads\/exposants\/2020\/389_interaction-baleine-600x400.jpg 600w, https:\/\/www.photo-montier.org\/wp-content\/uploads\/exposants\/2020\/389_interaction-baleine-1320x880.jpg 1320w\" sizes=\"(max-width: 300px) 100vw, 300px\" \/><\/a>\n\t\t\t<\/dt>\n\t\t\t\t<dd class='wp-caption-text gallery-caption' id='gallery-1-25103'>\n\t\t\t\tBaleine \u00e0 bosse et son petit, Polyn\u00e9sie fran\u00e7aise &#8211; Fabrice GUERIN\n\t\t\t\t<\/dd><\/dl><dl class='gallery-item'>\n\t\t\t<dt class='gallery-icon landscape'>\n\t\t\t\t<a href='https:\/\/www.photo-montier.org\/wp-content\/uploads\/exposants\/2020\/389_intelligence-hyenes-1024x683.jpg'><img decoding=\"async\" width=\"300\" height=\"200\" src=\"https:\/\/www.photo-montier.org\/wp-content\/uploads\/exposants\/2020\/389_intelligence-hyenes-300x200.jpg\" class=\"attachment-medium size-medium\" alt=\"Montier Photo Festival\" aria-describedby=\"gallery-1-25107\" srcset=\"https:\/\/www.photo-montier.org\/wp-content\/uploads\/exposants\/2020\/389_intelligence-hyenes-300x200.jpg 300w, https:\/\/www.photo-montier.org\/wp-content\/uploads\/exposants\/2020\/389_intelligence-hyenes-1024x683.jpg 1024w, https:\/\/www.photo-montier.org\/wp-content\/uploads\/exposants\/2020\/389_intelligence-hyenes-768x512.jpg 768w, https:\/\/www.photo-montier.org\/wp-content\/uploads\/exposants\/2020\/389_intelligence-hyenes-1536x1024.jpg 1536w, https:\/\/www.photo-montier.org\/wp-content\/uploads\/exposants\/2020\/389_intelligence-hyenes-2048x1365.jpg 2048w, https:\/\/www.photo-montier.org\/wp-content\/uploads\/exposants\/2020\/389_intelligence-hyenes-600x400.jpg 600w, https:\/\/www.photo-montier.org\/wp-content\/uploads\/exposants\/2020\/389_intelligence-hyenes-1320x880.jpg 1320w\" sizes=\"(max-width: 300px) 100vw, 300px\" \/><\/a>\n\t\t\t<\/dt>\n\t\t\t\t<dd class='wp-caption-text gallery-caption' id='gallery-1-25107'>\n\t\t\t\tJeunes hy\u00e8nes tachet\u00e9es, Kenya &#8211; M&amp;C DENIS-HUOT\n\t\t\t\t<\/dd><\/dl><dl class='gallery-item'>\n\t\t\t<dt class='gallery-icon landscape'>\n\t\t\t\t<a href='https:\/\/www.photo-montier.org\/wp-content\/uploads\/exposants\/2020\/389_biomimetisme-pangolin-1024x683.jpg'><img decoding=\"async\" width=\"300\" height=\"200\" src=\"https:\/\/www.photo-montier.org\/wp-content\/uploads\/exposants\/2020\/389_biomimetisme-pangolin-300x200.jpg\" class=\"attachment-medium size-medium\" alt=\"Montier Photo Festival\" aria-describedby=\"gallery-1-25106\" srcset=\"https:\/\/www.photo-montier.org\/wp-content\/uploads\/exposants\/2020\/389_biomimetisme-pangolin-300x200.jpg 300w, https:\/\/www.photo-montier.org\/wp-content\/uploads\/exposants\/2020\/389_biomimetisme-pangolin-1024x683.jpg 1024w, https:\/\/www.photo-montier.org\/wp-content\/uploads\/exposants\/2020\/389_biomimetisme-pangolin-768x512.jpg 768w, https:\/\/www.photo-montier.org\/wp-content\/uploads\/exposants\/2020\/389_biomimetisme-pangolin-1536x1024.jpg 1536w, https:\/\/www.photo-montier.org\/wp-content\/uploads\/exposants\/2020\/389_biomimetisme-pangolin-2048x1365.jpg 2048w, https:\/\/www.photo-montier.org\/wp-content\/uploads\/exposants\/2020\/389_biomimetisme-pangolin-600x400.jpg 600w, https:\/\/www.photo-montier.org\/wp-content\/uploads\/exposants\/2020\/389_biomimetisme-pangolin-1320x880.jpg 1320w\" sizes=\"(max-width: 300px) 100vw, 300px\" \/><\/a>\n\t\t\t<\/dt>\n\t\t\t\t<dd class='wp-caption-text gallery-caption' id='gallery-1-25106'>\n\t\t\t\tPangolin terrestre du Cap, Namibie &#8211; Sabine BERNERT\n\t\t\t\t<\/dd><\/dl><br style=\"clear: both\" \/><dl class='gallery-item'>\n\t\t\t<dt class='gallery-icon landscape'>\n\t\t\t\t<a href='https:\/\/www.photo-montier.org\/wp-content\/uploads\/exposants\/2020\/389_adaptation-tortue-1024x682.jpg'><img decoding=\"async\" width=\"300\" height=\"200\" src=\"https:\/\/www.photo-montier.org\/wp-content\/uploads\/exposants\/2020\/389_adaptation-tortue-300x200.jpg\" class=\"attachment-medium size-medium\" alt=\"Montier Photo Festival\" aria-describedby=\"gallery-1-25104\" srcset=\"https:\/\/www.photo-montier.org\/wp-content\/uploads\/exposants\/2020\/389_adaptation-tortue-300x200.jpg 300w, https:\/\/www.photo-montier.org\/wp-content\/uploads\/exposants\/2020\/389_adaptation-tortue-1024x682.jpg 1024w, https:\/\/www.photo-montier.org\/wp-content\/uploads\/exposants\/2020\/389_adaptation-tortue-768x512.jpg 768w, https:\/\/www.photo-montier.org\/wp-content\/uploads\/exposants\/2020\/389_adaptation-tortue-1536x1023.jpg 1536w, https:\/\/www.photo-montier.org\/wp-content\/uploads\/exposants\/2020\/389_adaptation-tortue-2048x1365.jpg 2048w, https:\/\/www.photo-montier.org\/wp-content\/uploads\/exposants\/2020\/389_adaptation-tortue-600x400.jpg 600w, https:\/\/www.photo-montier.org\/wp-content\/uploads\/exposants\/2020\/389_adaptation-tortue-1320x880.jpg 1320w\" sizes=\"(max-width: 300px) 100vw, 300px\" \/><\/a>\n\t\t\t<\/dt>\n\t\t\t\t<dd class='wp-caption-text gallery-caption' id='gallery-1-25104'>\n\t\t\t\tTortue g\u00e9ante Aldabra, Seychelles &#8211; Maxime ALIAGA\n\t\t\t\t<\/dd><\/dl>\n\t\t\t<br style='clear: both' \/>\n\t\t<\/div>\n\n","protected":false},"author":1,"featured_media":25102,"template":"","exposants":[411,487],"site-exposants":[504],"type-exposants-conferences":[],"type-exposants":[538],"acf":{"kexposants_custom_thumbnail":null,"kexposants_expo_group":"","kexposants_title_en":"","kexposants_day_conf_date":null,"kexposants_hours_conf_text_start":"","kexposants_hours_conf_text_end":"","kexposants_bio":"<span id=\"s2_1\">The \"G\u00e9niale Nature\" collective brings together professional and amateur photographers, scientists and protectors of biodiversity, all passionate about nature.<\/span> <span id=\"s2_2\">Photographers took part in the Genie of Nature exhibition : Christine et Michel Denis-Huot, Sabine Bernert, Fabrice Guerin, Maxime Aliaga, Luis Casiano, Eduardo Da Forno, Anne-C\u00e9cile Monnier, Marc Pihet, Gr\u00e9gory Pol, and photographers from Naturagency agency.<\/span>","kexposants_bio_en":"","kexposants_expo":"<span id=\"s2_1\">Co-produced by the Natural History Museum of Le Havre and \u00abSabine et ses copains\u00bb, and created by exhibition commissioners Sabine Bernert and Christine Denis-Huot, \"Le g\u00e9nie de la nature\" travels around the animal world to offer an inspiring approach to nature, the innovations it inspires to the researchers and the challenges of its preservation.<\/span>\u00a0<span id=\"s2_2\">Animals evolve, cooperate, help each other, interact, communicate, adapt, use tools, transmit knowledge and even a culture\u2026 \"Le g\u00e9nie de la nature\" presents these exciting items through large-format photographs, illustrated giant posters, and sound devices.The exhibition pays tribute to the incredible energy and dedication of the preservation by the actors, women, men and children, without whom many of the species presented today would be extinct.<\/span>","kexposants_expo_en":"","kexposants_denomination":"Association GENIALE NATURE","kexposants_user_id":326,"kexposants_url_movie":""},"yoast_head":"<!-- This site is optimized with the Yoast SEO plugin v23.5 - https:\/\/yoast.com\/wordpress\/plugins\/seo\/ -->\n<title>Le G\u00e9nie de la Nature | Exposant &#8211; Montier Photo Festival<\/title>\n<meta name=\"robots\" content=\"index, follow, max-snippet:-1, max-image-preview:large, max-video-preview:-1\" \/>\n<link rel=\"canonical\" href=\"https:\/\/www.photo-montier.org\/en\/fiche-exposant\/le-genie-de-la-nature\/\" \/>\n<meta property=\"og:locale\" content=\"en_US\" \/>\n<meta property=\"og:type\" content=\"article\" \/>\n<meta property=\"og:title\" content=\"Le G\u00e9nie de la Nature | Exposant &#8211; Montier Photo Festival\" \/>\n<meta property=\"og:description\" content=\"Centre de pr\u00e9servation des rapaces, Nouvelle-Z\u00e9lande &#8211; Debbie STEWART et un faucon &#8211; Sabine BERNERT              Baleine \u00e0 bosse et son petit, Polyn\u00e9sie fran\u00e7aise &#8211; Fabrice GUERIN              Jeunes [&hellip;]\" \/>\n<meta property=\"og:url\" content=\"https:\/\/www.photo-montier.org\/en\/fiche-exposant\/le-genie-de-la-nature\/\" \/>\n<meta property=\"og:site_name\" content=\"Montier Photo Festival\" \/>\n<meta property=\"article:publisher\" content=\"https:\/\/www.facebook.com\/Festivalmontier\/\" \/>\n<meta property=\"article:modified_time\" content=\"2024-04-30T12:19:03+00:00\" \/>\n<meta property=\"og:image\" content=\"https:\/\/www.photo-montier.org\/wp-content\/uploads\/exposants\/2020\/389_affiche-montier-1024x683.jpg\" \/>\n\t<meta property=\"og:image:width\" content=\"1024\" \/>\n\t<meta property=\"og:image:height\" content=\"683\" \/>\n\t<meta property=\"og:image:type\" content=\"image\/jpeg\" \/>\n<meta name=\"twitter:card\" content=\"summary_large_image\" \/>\n<meta name=\"twitter:site\" content=\"@festivalmontier\" \/>\n<script type=\"application\/ld+json\" class=\"yoast-schema-graph\">{\"@context\":\"https:\/\/schema.org\",\"@graph\":[{\"@type\":\"WebPage\",\"@id\":\"https:\/\/www.photo-montier.org\/en\/fiche-exposant\/le-genie-de-la-nature\/\",\"url\":\"https:\/\/www.photo-montier.org\/en\/fiche-exposant\/le-genie-de-la-nature\/\",\"name\":\"Le G\u00e9nie de la Nature | Exposant &#8211; Montier Photo Festival\",\"isPartOf\":{\"@id\":\"https:\/\/www.photo-montier.org\/en\/#website\"},\"primaryImageOfPage\":{\"@id\":\"https:\/\/www.photo-montier.org\/en\/fiche-exposant\/le-genie-de-la-nature\/#primaryimage\"},\"image\":{\"@id\":\"https:\/\/www.photo-montier.org\/en\/fiche-exposant\/le-genie-de-la-nature\/#primaryimage\"},\"thumbnailUrl\":\"https:\/\/www.photo-montier.org\/wp-content\/uploads\/exposants\/2020\/389_affiche-montier.jpg\",\"datePublished\":\"2020-07-25T22:48:49+00:00\",\"dateModified\":\"2024-04-30T12:19:03+00:00\",\"breadcrumb\":{\"@id\":\"https:\/\/www.photo-montier.org\/en\/fiche-exposant\/le-genie-de-la-nature\/#breadcrumb\"},\"inLanguage\":\"en-US\",\"potentialAction\":[{\"@type\":\"ReadAction\",\"target\":[\"https:\/\/www.photo-montier.org\/en\/fiche-exposant\/le-genie-de-la-nature\/\"]}]},{\"@type\":\"ImageObject\",\"inLanguage\":\"en-US\",\"@id\":\"https:\/\/www.photo-montier.org\/en\/fiche-exposant\/le-genie-de-la-nature\/#primaryimage\",\"url\":\"https:\/\/www.photo-montier.org\/wp-content\/uploads\/exposants\/2020\/389_affiche-montier.jpg\",\"contentUrl\":\"https:\/\/www.photo-montier.org\/wp-content\/uploads\/exposants\/2020\/389_affiche-montier.jpg\",\"width\":3000,\"height\":2000,\"caption\":\"389_affiche-montier.jpg -\"},{\"@type\":\"BreadcrumbList\",\"@id\":\"https:\/\/www.photo-montier.org\/en\/fiche-exposant\/le-genie-de-la-nature\/#breadcrumb\",\"itemListElement\":[{\"@type\":\"ListItem\",\"position\":1,\"name\":\"Home\",\"item\":\"https:\/\/www.photo-montier.org\/en\/\"},{\"@type\":\"ListItem\",\"position\":2,\"name\":\"Exposants\",\"item\":\"https:\/\/www.photo-montier.org\/en\/fiche-exposant\/\"},{\"@type\":\"ListItem\",\"position\":3,\"name\":\"2020\",\"item\":\"https:\/\/www.photo-montier.org\/exposants\/2020\/\"},{\"@type\":\"ListItem\",\"position\":4,\"name\":\"Le G\u00e9nie de la Nature\"}]},{\"@type\":\"WebSite\",\"@id\":\"https:\/\/www.photo-montier.org\/en\/#website\",\"url\":\"https:\/\/www.photo-montier.org\/en\/\",\"name\":\"Montier Photo Festival\",\"description\":\"International Wildlife and Nature Photo Festival\",\"publisher\":{\"@id\":\"https:\/\/www.photo-montier.org\/en\/#organization\"},\"potentialAction\":[{\"@type\":\"SearchAction\",\"target\":{\"@type\":\"EntryPoint\",\"urlTemplate\":\"https:\/\/www.photo-montier.org\/en\/?s={search_term_string}\"},\"query-input\":{\"@type\":\"PropertyValueSpecification\",\"valueRequired\":true,\"valueName\":\"search_term_string\"}}],\"inLanguage\":\"en-US\"},{\"@type\":\"Organization\",\"@id\":\"https:\/\/www.photo-montier.org\/en\/#organization\",\"name\":\"Montier Festival Photo\",\"url\":\"https:\/\/www.photo-montier.org\/en\/\",\"logo\":{\"@type\":\"ImageObject\",\"inLanguage\":\"en-US\",\"@id\":\"https:\/\/www.photo-montier.org\/en\/#\/schema\/logo\/image\/\",\"url\":\"https:\/\/www.photo-montier.org\/wp-content\/uploads\/2016\/06\/logo-festival-renard-couleur-1.png\",\"contentUrl\":\"https:\/\/www.photo-montier.org\/wp-content\/uploads\/2016\/06\/logo-festival-renard-couleur-1.png\",\"width\":408,\"height\":200,\"caption\":\"Montier Festival Photo\"},\"image\":{\"@id\":\"https:\/\/www.photo-montier.org\/en\/#\/schema\/logo\/image\/\"},\"sameAs\":[\"https:\/\/www.facebook.com\/Festivalmontier\/\",\"https:\/\/x.com\/festivalmontier\",\"https:\/\/www.instagram.com\/festivalmontier\/\",\"https:\/\/www.youtube.com\/channel\/UCylkMGITSE22T6fgWUEYIvw\",\"https:\/\/www.tiktok.com\/@festivalmontier\"]}]}<\/script>\n<!-- \/ Yoast SEO plugin. -->","yoast_head_json":{"title":"Le G\u00e9nie de la Nature | Exposant &#8211; Montier Photo Festival","robots":{"index":"index","follow":"follow","max-snippet":"max-snippet:-1","max-image-preview":"max-image-preview:large","max-video-preview":"max-video-preview:-1"},"canonical":"https:\/\/www.photo-montier.org\/en\/fiche-exposant\/le-genie-de-la-nature\/","og_locale":"en_US","og_type":"article","og_title":"Le G\u00e9nie de la Nature | Exposant &#8211; Montier Photo Festival","og_description":"Centre de pr\u00e9servation des rapaces, Nouvelle-Z\u00e9lande &#8211; Debbie STEWART et un faucon &#8211; Sabine BERNERT              Baleine \u00e0 bosse et son petit, Polyn\u00e9sie fran\u00e7aise &#8211; Fabrice GUERIN              Jeunes [&hellip;]","og_url":"https:\/\/www.photo-montier.org\/en\/fiche-exposant\/le-genie-de-la-nature\/","og_site_name":"Montier Photo Festival","article_publisher":"https:\/\/www.facebook.com\/Festivalmontier\/","article_modified_time":"2024-04-30T12:19:03+00:00","og_image":[{"width":1024,"height":683,"url":"https:\/\/www.photo-montier.org\/wp-content\/uploads\/exposants\/2020\/389_affiche-montier-1024x683.jpg","type":"image\/jpeg"}],"twitter_card":"summary_large_image","twitter_site":"@festivalmontier","schema":{"@context":"https:\/\/schema.org","@graph":[{"@type":"WebPage","@id":"https:\/\/www.photo-montier.org\/en\/fiche-exposant\/le-genie-de-la-nature\/","url":"https:\/\/www.photo-montier.org\/en\/fiche-exposant\/le-genie-de-la-nature\/","name":"Le G\u00e9nie de la Nature | Exposant &#8211; Montier Photo Festival","isPartOf":{"@id":"https:\/\/www.photo-montier.org\/en\/#website"},"primaryImageOfPage":{"@id":"https:\/\/www.photo-montier.org\/en\/fiche-exposant\/le-genie-de-la-nature\/#primaryimage"},"image":{"@id":"https:\/\/www.photo-montier.org\/en\/fiche-exposant\/le-genie-de-la-nature\/#primaryimage"},"thumbnailUrl":"https:\/\/www.photo-montier.org\/wp-content\/uploads\/exposants\/2020\/389_affiche-montier.jpg","datePublished":"2020-07-25T22:48:49+00:00","dateModified":"2024-04-30T12:19:03+00:00","breadcrumb":{"@id":"https:\/\/www.photo-montier.org\/en\/fiche-exposant\/le-genie-de-la-nature\/#breadcrumb"},"inLanguage":"en-US","potentialAction":[{"@type":"ReadAction","target":["https:\/\/www.photo-montier.org\/en\/fiche-exposant\/le-genie-de-la-nature\/"]}]},{"@type":"ImageObject","inLanguage":"en-US","@id":"https:\/\/www.photo-montier.org\/en\/fiche-exposant\/le-genie-de-la-nature\/#primaryimage","url":"https:\/\/www.photo-montier.org\/wp-content\/uploads\/exposants\/2020\/389_affiche-montier.jpg","contentUrl":"https:\/\/www.photo-montier.org\/wp-content\/uploads\/exposants\/2020\/389_affiche-montier.jpg","width":3000,"height":2000,"caption":"389_affiche-montier.jpg -"},{"@type":"BreadcrumbList","@id":"https:\/\/www.photo-montier.org\/en\/fiche-exposant\/le-genie-de-la-nature\/#breadcrumb","itemListElement":[{"@type":"ListItem","position":1,"name":"Home","item":"https:\/\/www.photo-montier.org\/en\/"},{"@type":"ListItem","position":2,"name":"Exposants","item":"https:\/\/www.photo-montier.org\/en\/fiche-exposant\/"},{"@type":"ListItem","position":3,"name":"2020","item":"https:\/\/www.photo-montier.org\/exposants\/2020\/"},{"@type":"ListItem","position":4,"name":"Le G\u00e9nie de la Nature"}]},{"@type":"WebSite","@id":"https:\/\/www.photo-montier.org\/en\/#website","url":"https:\/\/www.photo-montier.org\/en\/","name":"Montier Photo Festival","description":"International Wildlife and Nature Photo Festival","publisher":{"@id":"https:\/\/www.photo-montier.org\/en\/#organization"},"potentialAction":[{"@type":"SearchAction","target":{"@type":"EntryPoint","urlTemplate":"https:\/\/www.photo-montier.org\/en\/?s={search_term_string}"},"query-input":{"@type":"PropertyValueSpecification","valueRequired":true,"valueName":"search_term_string"}}],"inLanguage":"en-US"},{"@type":"Organization","@id":"https:\/\/www.photo-montier.org\/en\/#organization","name":"Montier Festival Photo","url":"https:\/\/www.photo-montier.org\/en\/","logo":{"@type":"ImageObject","inLanguage":"en-US","@id":"https:\/\/www.photo-montier.org\/en\/#\/schema\/logo\/image\/","url":"https:\/\/www.photo-montier.org\/wp-content\/uploads\/2016\/06\/logo-festival-renard-couleur-1.png","contentUrl":"https:\/\/www.photo-montier.org\/wp-content\/uploads\/2016\/06\/logo-festival-renard-couleur-1.png","width":408,"height":200,"caption":"Montier Festival Photo"},"image":{"@id":"https:\/\/www.photo-montier.org\/en\/#\/schema\/logo\/image\/"},"sameAs":["https:\/\/www.facebook.com\/Festivalmontier\/","https:\/\/x.com\/festivalmontier","https:\/\/www.instagram.com\/festivalmontier\/","https:\/\/www.youtube.com\/channel\/UCylkMGITSE22T6fgWUEYIvw","https:\/\/www.tiktok.com\/@festivalmontier"]}]}},"_links":{"self":[{"href":"https:\/\/www.photo-montier.org\/en\/wp-json\/wp\/v2\/kexposants\/25101"}],"collection":[{"href":"https:\/\/www.photo-montier.org\/en\/wp-json\/wp\/v2\/kexposants"}],"about":[{"href":"https:\/\/www.photo-montier.org\/en\/wp-json\/wp\/v2\/types\/kexposants"}],"author":[{"embeddable":true,"href":"https:\/\/www.photo-montier.org\/en\/wp-json\/wp\/v2\/users\/1"}],"version-history":[{"count":1,"href":"https:\/\/www.photo-montier.org\/en\/wp-json\/wp\/v2\/kexposants\/25101\/revisions"}],"predecessor-version":[{"id":67793,"href":"https:\/\/www.photo-montier.org\/en\/wp-json\/wp\/v2\/kexposants\/25101\/revisions\/67793"}],"wp:featuredmedia":[{"embeddable":true,"href":"https:\/\/www.photo-montier.org\/en\/wp-json\/wp\/v2\/media\/25102"}],"wp:attachment":[{"href":"https:\/\/www.photo-montier.org\/en\/wp-json\/wp\/v2\/media?parent=25101"}],"wp:term":[{"taxonomy":"exposants","embeddable":true,"href":"https:\/\/www.photo-montier.org\/en\/wp-json\/wp\/v2\/exposants?post=25101"},{"taxonomy":"site-exposants","embeddable":true,"href":"https:\/\/www.photo-montier.org\/en\/wp-json\/wp\/v2\/site-exposants?post=25101"},{"taxonomy":"type-exposants-conferences","embeddable":true,"href":"https:\/\/www.photo-montier.org\/en\/wp-json\/wp\/v2\/type-exposants-conferences?post=25101"},{"taxonomy":"type-exposants","embeddable":true,"href":"https:\/\/www.photo-montier.org\/en\/wp-json\/wp\/v2\/type-exposants?post=25101"}],"curies":[{"name":"wp","href":"https:\/\/api.w.org\/{rel}","templated":true}]}}