{"id":25085,"date":"2020-07-23T12:11:15","date_gmt":"2020-07-23T10:11:15","guid":{"rendered":"https:\/\/www.photo-montier.org\/fiche-exposant\/gorongosa-le-parc-de-lespoir\/"},"modified":"2024-04-30T14:19:03","modified_gmt":"2024-04-30T12:19:03","slug":"gorongosa-le-parc-de-lespoir","status":"publish","type":"kexposants","link":"https:\/\/www.photo-montier.org\/en\/fiche-exposant\/gorongosa-le-parc-de-lespoir\/","title":{"rendered":"Gorongosa, le Parc de l&#8217;espoir"},"content":{"rendered":"<div id='gallery-1' class='gallery galleryid-25085 gallery-columns-4 gallery-size-medium'><dl class='gallery-item'>\n\t\t\t<dt class='gallery-icon landscape'>\n\t\t\t\t<a href='https:\/\/www.photo-montier.org\/wp-content\/uploads\/exposants\/2020\/293_o-grunewald-gorongosa-mozambique-05-1024x682.jpg'><img decoding=\"async\" width=\"300\" height=\"200\" src=\"https:\/\/www.photo-montier.org\/wp-content\/uploads\/exposants\/2020\/293_o-grunewald-gorongosa-mozambique-05-300x200.jpg\" class=\"attachment-medium size-medium\" alt=\"Montier Photo Festival\" aria-describedby=\"gallery-1-25089\" srcset=\"https:\/\/www.photo-montier.org\/wp-content\/uploads\/exposants\/2020\/293_o-grunewald-gorongosa-mozambique-05-300x200.jpg 300w, https:\/\/www.photo-montier.org\/wp-content\/uploads\/exposants\/2020\/293_o-grunewald-gorongosa-mozambique-05-1024x682.jpg 1024w, https:\/\/www.photo-montier.org\/wp-content\/uploads\/exposants\/2020\/293_o-grunewald-gorongosa-mozambique-05-768x511.jpg 768w, https:\/\/www.photo-montier.org\/wp-content\/uploads\/exposants\/2020\/293_o-grunewald-gorongosa-mozambique-05-1536x1022.jpg 1536w, https:\/\/www.photo-montier.org\/wp-content\/uploads\/exposants\/2020\/293_o-grunewald-gorongosa-mozambique-05-2048x1363.jpg 2048w, https:\/\/www.photo-montier.org\/wp-content\/uploads\/exposants\/2020\/293_o-grunewald-gorongosa-mozambique-05-600x399.jpg 600w, https:\/\/www.photo-montier.org\/wp-content\/uploads\/exposants\/2020\/293_o-grunewald-gorongosa-mozambique-05-1320x879.jpg 1320w\" sizes=\"(max-width: 300px) 100vw, 300px\" \/><\/a>\n\t\t\t<\/dt>\n\t\t\t\t<dd class='wp-caption-text gallery-caption' id='gallery-1-25089'>\n\t\t\t\tCapture au filet de chauves-souris dans le cadre des \u00e9tudes sur la biodiversit\u00e9 du parc. &#8211; Olivier GRUNEWALD\n\t\t\t\t<\/dd><\/dl><dl class='gallery-item'>\n\t\t\t<dt class='gallery-icon landscape'>\n\t\t\t\t<a href='https:\/\/www.photo-montier.org\/wp-content\/uploads\/exposants\/2020\/293_o-grunewald-gorongosa-mozambique-04-1024x683.jpg'><img decoding=\"async\" width=\"300\" height=\"200\" src=\"https:\/\/www.photo-montier.org\/wp-content\/uploads\/exposants\/2020\/293_o-grunewald-gorongosa-mozambique-04-300x200.jpg\" class=\"attachment-medium size-medium\" alt=\"Montier Photo Festival\" aria-describedby=\"gallery-1-25087\" srcset=\"https:\/\/www.photo-montier.org\/wp-content\/uploads\/exposants\/2020\/293_o-grunewald-gorongosa-mozambique-04-300x200.jpg 300w, https:\/\/www.photo-montier.org\/wp-content\/uploads\/exposants\/2020\/293_o-grunewald-gorongosa-mozambique-04-1024x683.jpg 1024w, https:\/\/www.photo-montier.org\/wp-content\/uploads\/exposants\/2020\/293_o-grunewald-gorongosa-mozambique-04-768x512.jpg 768w, https:\/\/www.photo-montier.org\/wp-content\/uploads\/exposants\/2020\/293_o-grunewald-gorongosa-mozambique-04-1536x1024.jpg 1536w, https:\/\/www.photo-montier.org\/wp-content\/uploads\/exposants\/2020\/293_o-grunewald-gorongosa-mozambique-04-2048x1365.jpg 2048w, https:\/\/www.photo-montier.org\/wp-content\/uploads\/exposants\/2020\/293_o-grunewald-gorongosa-mozambique-04-600x400.jpg 600w, https:\/\/www.photo-montier.org\/wp-content\/uploads\/exposants\/2020\/293_o-grunewald-gorongosa-mozambique-04-1320x880.jpg 1320w\" sizes=\"(max-width: 300px) 100vw, 300px\" \/><\/a>\n\t\t\t<\/dt>\n\t\t\t\t<dd class='wp-caption-text gallery-caption' id='gallery-1-25087'>\n\t\t\t\tCampagne de vaccination dans les r\u00e9gions qui bordent le parc de Gorongosa. &#8211; Olivier GRUNEWALD\n\t\t\t\t<\/dd><\/dl><dl class='gallery-item'>\n\t\t\t<dt class='gallery-icon landscape'>\n\t\t\t\t<a href='https:\/\/www.photo-montier.org\/wp-content\/uploads\/exposants\/2020\/293_o-grunewald-gorongosa-mozambique-03-1024x683.jpg'><img decoding=\"async\" width=\"300\" height=\"200\" src=\"https:\/\/www.photo-montier.org\/wp-content\/uploads\/exposants\/2020\/293_o-grunewald-gorongosa-mozambique-03-300x200.jpg\" class=\"attachment-medium size-medium\" alt=\"Montier Photo Festival\" aria-describedby=\"gallery-1-25091\" srcset=\"https:\/\/www.photo-montier.org\/wp-content\/uploads\/exposants\/2020\/293_o-grunewald-gorongosa-mozambique-03-300x200.jpg 300w, https:\/\/www.photo-montier.org\/wp-content\/uploads\/exposants\/2020\/293_o-grunewald-gorongosa-mozambique-03-1024x683.jpg 1024w, https:\/\/www.photo-montier.org\/wp-content\/uploads\/exposants\/2020\/293_o-grunewald-gorongosa-mozambique-03-768x512.jpg 768w, https:\/\/www.photo-montier.org\/wp-content\/uploads\/exposants\/2020\/293_o-grunewald-gorongosa-mozambique-03-1536x1024.jpg 1536w, https:\/\/www.photo-montier.org\/wp-content\/uploads\/exposants\/2020\/293_o-grunewald-gorongosa-mozambique-03-2048x1365.jpg 2048w, https:\/\/www.photo-montier.org\/wp-content\/uploads\/exposants\/2020\/293_o-grunewald-gorongosa-mozambique-03-600x400.jpg 600w, https:\/\/www.photo-montier.org\/wp-content\/uploads\/exposants\/2020\/293_o-grunewald-gorongosa-mozambique-03-1320x880.jpg 1320w\" sizes=\"(max-width: 300px) 100vw, 300px\" \/><\/a>\n\t\t\t<\/dt>\n\t\t\t\t<dd class='wp-caption-text gallery-caption' id='gallery-1-25091'>\n\t\t\t\tUne m\u00e8re Hippo joue dans la boue avec son petit. &#8211; Olivier GRUNEWALD\n\t\t\t\t<\/dd><\/dl><dl class='gallery-item'>\n\t\t\t<dt class='gallery-icon landscape'>\n\t\t\t\t<a href='https:\/\/www.photo-montier.org\/wp-content\/uploads\/exposants\/2020\/293_o-grunewald-gorongosa-mozambique-02-1024x682.jpg'><img decoding=\"async\" width=\"300\" height=\"200\" src=\"https:\/\/www.photo-montier.org\/wp-content\/uploads\/exposants\/2020\/293_o-grunewald-gorongosa-mozambique-02-300x200.jpg\" class=\"attachment-medium size-medium\" alt=\"Montier Photo Festival\" aria-describedby=\"gallery-1-25090\" srcset=\"https:\/\/www.photo-montier.org\/wp-content\/uploads\/exposants\/2020\/293_o-grunewald-gorongosa-mozambique-02-300x200.jpg 300w, https:\/\/www.photo-montier.org\/wp-content\/uploads\/exposants\/2020\/293_o-grunewald-gorongosa-mozambique-02-1024x682.jpg 1024w, https:\/\/www.photo-montier.org\/wp-content\/uploads\/exposants\/2020\/293_o-grunewald-gorongosa-mozambique-02-768x511.jpg 768w, https:\/\/www.photo-montier.org\/wp-content\/uploads\/exposants\/2020\/293_o-grunewald-gorongosa-mozambique-02-1536x1022.jpg 1536w, https:\/\/www.photo-montier.org\/wp-content\/uploads\/exposants\/2020\/293_o-grunewald-gorongosa-mozambique-02-2048x1363.jpg 2048w, https:\/\/www.photo-montier.org\/wp-content\/uploads\/exposants\/2020\/293_o-grunewald-gorongosa-mozambique-02-600x399.jpg 600w, https:\/\/www.photo-montier.org\/wp-content\/uploads\/exposants\/2020\/293_o-grunewald-gorongosa-mozambique-02-1320x879.jpg 1320w\" sizes=\"(max-width: 300px) 100vw, 300px\" \/><\/a>\n\t\t\t<\/dt>\n\t\t\t\t<dd class='wp-caption-text gallery-caption' id='gallery-1-25090'>\n\t\t\t\tUne lionne part en chasse \u00e0 la tomb\u00e9e du jour. &#8211; Olivier GRUNEWALD\n\t\t\t\t<\/dd><\/dl><br style=\"clear: both\" \/><dl class='gallery-item'>\n\t\t\t<dt class='gallery-icon landscape'>\n\t\t\t\t<a href='https:\/\/www.photo-montier.org\/wp-content\/uploads\/exposants\/2020\/293_o-grunewald-gorongosa-mozambique-01-1024x683.jpg'><img decoding=\"async\" width=\"300\" height=\"200\" src=\"https:\/\/www.photo-montier.org\/wp-content\/uploads\/exposants\/2020\/293_o-grunewald-gorongosa-mozambique-01-300x200.jpg\" class=\"attachment-medium size-medium\" alt=\"Montier Photo Festival\" aria-describedby=\"gallery-1-25088\" srcset=\"https:\/\/www.photo-montier.org\/wp-content\/uploads\/exposants\/2020\/293_o-grunewald-gorongosa-mozambique-01-300x200.jpg 300w, https:\/\/www.photo-montier.org\/wp-content\/uploads\/exposants\/2020\/293_o-grunewald-gorongosa-mozambique-01-1024x683.jpg 1024w, https:\/\/www.photo-montier.org\/wp-content\/uploads\/exposants\/2020\/293_o-grunewald-gorongosa-mozambique-01-768x512.jpg 768w, https:\/\/www.photo-montier.org\/wp-content\/uploads\/exposants\/2020\/293_o-grunewald-gorongosa-mozambique-01-1536x1024.jpg 1536w, https:\/\/www.photo-montier.org\/wp-content\/uploads\/exposants\/2020\/293_o-grunewald-gorongosa-mozambique-01-2048x1365.jpg 2048w, https:\/\/www.photo-montier.org\/wp-content\/uploads\/exposants\/2020\/293_o-grunewald-gorongosa-mozambique-01-600x400.jpg 600w, https:\/\/www.photo-montier.org\/wp-content\/uploads\/exposants\/2020\/293_o-grunewald-gorongosa-mozambique-01-1320x880.jpg 1320w\" sizes=\"(max-width: 300px) 100vw, 300px\" \/><\/a>\n\t\t\t<\/dt>\n\t\t\t\t<dd class='wp-caption-text gallery-caption' id='gallery-1-25088'>\n\t\t\t\tLe lac Urema au coeur du Parc de Gorongosa au lever du jour. &#8211; Olivier GRUNEWALD\n\t\t\t\t<\/dd><\/dl>\n\t\t\t<br style='clear: both' \/>\n\t\t<\/div>\n\n<style type=\"text\/css\">\n#foogallery-gallery-22342 .fg-image { width: 150px; }\n#foogallery-gallery-22342 { --fg-gutter: 10px; }<\/style>\n\t\t\t<style type=\"text\/css\">\n#foogallery-gallery-22342_1 .fg-image { width: 150px; }\n#foogallery-gallery-22342_1 { --fg-gutter: 10px; }<\/style>\n\t\t\t<div class=\"foogallery foogallery-container foogallery-default foogallery-lightbox-foobox fg-center fg-default fg-ready fg-light fg-border-thin fg-shadow-outline fg-loading-default fg-loaded-fade-in fg-caption-hover fg-hover-fade fg-hover-zoom\" id=\"foogallery-gallery-22342_1\" data-foogallery=\"{&quot;item&quot;:{&quot;showCaptionTitle&quot;:true,&quot;showCaptionDescription&quot;:true},&quot;lazy&quot;:true}\" style=\"--fg-title-line-clamp: 0; --fg-description-line-clamp: 0;\" >\n\t<div class=\"fg-item fg-type-image fg-idle\"><figure class=\"fg-item-inner\"><a href=\"https:\/\/www.photo-montier.org\/wp-content\/uploads\/2020\/07\/Gorongosa_Logo_HR.jpg\" data-attachment-id=\"22344\" data-type=\"image\" class=\"fg-thumb\"><span class=\"fg-image-wrap\"><img decoding=\"async\" width=\"150\" height=\"150\" class=\"skip-lazy fg-image\" data-no-lazy=\"1\" data-src-fg=\"https:\/\/www.photo-montier.org\/wp-content\/uploads\/cache\/2020\/07\/Gorongosa_Logo_HR\/4153998605.jpg\" src=\"data:image\/svg+xml,%3Csvg%20xmlns%3D%22http%3A%2F%2Fwww.w3.org%2F2000%2Fsvg%22%20width%3D%22150%22%20height%3D%22150%22%20viewBox%3D%220%200%20150%20150%22%3E%3C%2Fsvg%3E\" loading=\"eager\"><\/span><span class=\"fg-image-overlay\"><\/span><\/a><\/figure><div class=\"fg-loader\"><\/div><\/div><div class=\"fg-item fg-type-image fg-idle\"><figure class=\"fg-item-inner\"><a href=\"https:\/\/www.photo-montier.org\/wp-content\/uploads\/2020\/07\/logo-festival-renard-couleur.jpg\" data-caption-title=\"AFPAN\" data-attachment-id=\"22345\" data-type=\"image\" class=\"fg-thumb\"><span class=\"fg-image-wrap\"><img decoding=\"async\" title=\"AFPAN\" width=\"150\" height=\"150\" class=\"skip-lazy fg-image\" data-no-lazy=\"1\" data-src-fg=\"https:\/\/www.photo-montier.org\/wp-content\/uploads\/cache\/2020\/07\/logo-festival-renard-couleur\/3831816595.jpg\" src=\"data:image\/svg+xml,%3Csvg%20xmlns%3D%22http%3A%2F%2Fwww.w3.org%2F2000%2Fsvg%22%20width%3D%22150%22%20height%3D%22150%22%20viewBox%3D%220%200%20150%20150%22%3E%3C%2Fsvg%3E\" loading=\"eager\"><\/span><span class=\"fg-image-overlay\"><\/span><\/a><figcaption class=\"fg-caption\"><div class=\"fg-caption-inner\"><div class=\"fg-caption-title\">AFPAN<\/div><\/div><\/figcaption><\/figure><div class=\"fg-loader\"><\/div><\/div><\/div>\n\n","protected":false},"author":1,"featured_media":25086,"template":"","exposants":[411,487],"site-exposants":[516],"type-exposants-conferences":[],"type-exposants":[538],"acf":{"kexposants_custom_thumbnail":null,"kexposants_expo_group":"","kexposants_title_en":"","kexposants_day_conf_date":null,"kexposants_hours_conf_text_start":"","kexposants_hours_conf_text_end":"","kexposants_bio":"<span id=\"s2_1\">Olivier Grunewald, photographer of origins :\u00a0 After studying advertising and industrial photography, Olivier Grunewald began his career as a climbing, mountaineering and extreme sports photographer.<\/span>\u00a0<span id=\"s2_2\">He received the Fondation de la Vocation Award and set up his studio at the end of a rope for several years to show the development of the professional climbers.<\/span>\u00a0<span id=\"s2_3\">But the call of wild nature prevails and for thirty-five years, Olivier has criss-crossed the wildest spaces on the planet.<\/span>\u00a0<span id=\"s2_4\">He is fascinated by erupting volcanoes, photographing with infinite patience the aurora borealis, waiting for these magical lights that magnify the landscapes, and capturing the fleeting moments of wild life. <span id=\"s2_1\">His different reports have made him awarded four times in the prestigious World Press Photo and several times Wildlife Photographer of the Year, initiated by the Natural History Museum of London.<\/span>\u00a0<span id=\"s2_2\">The phenomena of the natural world fascinate\u00a0 Olivier Grunewald and keep his passion intact.<\/span>\u00a0<span id=\"s2_3\">For him, \u00abPhotographing is as much a goal as a pretext for immersing oneself in the heart of the forces of Creation\u00bb.<\/span> With his wife, the journalist and geographer Bernadette Gilbertas, they made some reports published in the French and foreign press : <span id=\"s2_1\">Le Figaro Magazine, G\u00e9o, Ca M'Int\u00e9resse, Grands Reportages\u2026 National Geographic, Sunday Times, Washington Post, Stern, Terre Sauvage, Specchio, Focus Italie, Science Illustrated, L'Illustr\u00e9, Courrier Japon, BBC Wildlife magazine\u2026 In 2018, Olivier has exposed his project \u00abORIGINES\u00bb on the \"Jardin du Luxembourg\" , a large photographic fresco about the history of the Earth and gathering images taken during 35 years of travels and explorations.<\/span>\u00a0<span id=\"s2_2\">This project is being presented today at the Planetarium in Montreal, Canada. Olivier and Bernadette are also authors of more than 15 beautiful books published by Deno\u00ebl, Nathan, Le ch\u00eane, La Martini\u00e8re, including \u00abORIGINES\u00bb by Paulsen. https:\/\/oliviergrunewald.photoshelter.com\/index https:\/\/origines-project.com\/<\/span><\/span>\r\n\r\n&nbsp;","kexposants_bio_en":"","kexposants_expo":"Gorongosa, the park of hope :\u00a0 Ravaged by years of war, the Gorongosa National Park in central Mozambique, considered in the 1960's as the richest park in Africa, is being reborn from its ashes. Reintroductions of species, scientific monitoring, development of local agroecology, education programs for the surrounding populations, fight against poverty and the plundering of natural resources, etc. Mozambican President Joachim Chissano, driven by the desire to make his country\u2019s national parks a tool for human development, is seeking support from an American philanthropist who has been involved in humanitarian projects for a long time. <span id=\"s2_1\">In 2008, he invested his fortune, his time, and signed a collaboration agreement with the government for 20 years for the rebirth of the park ; this agreement has been extended in 2018, for another 25 years.<\/span>\u00a0<span id=\"s2_2\">In addition to the reintroduction of species, monitoring and scientific research, many educational, health and social programs is helping populations.<\/span>\u00a0<span id=\"s2_3\">A vast project of coffee-growing areas associated with the reforestation of Mount Gorongosa is being set up to revive these mountains that remained for a very long time the base camp of the opposition party. <span id=\"s2_1\">For many weeks, Olivier Grunewald and Bernadette Gilbertas, commissioned by the magazine GEO, crisscrossed the park, met with scientists, followed educational and health programs and looked out for wild life in this immense delta where life was reborn.<\/span>\u00a0<span id=\"s2_2\">The publication of this report is scheduled for October in the n\u00b0500 of the magazine G\u00e9o.<\/span><\/span>","kexposants_expo_en":"","kexposants_denomination":"Olivier GRUNEWALD","kexposants_user_id":231,"kexposants_url_movie":""},"yoast_head":"<!-- This site is optimized with the Yoast SEO plugin v23.5 - https:\/\/yoast.com\/wordpress\/plugins\/seo\/ -->\n<title>Gorongosa, le Parc de l&#039;espoir | Exposant &#8211; Montier Photo Festival<\/title>\n<meta name=\"robots\" content=\"index, follow, max-snippet:-1, max-image-preview:large, max-video-preview:-1\" \/>\n<link rel=\"canonical\" href=\"https:\/\/www.photo-montier.org\/en\/fiche-exposant\/gorongosa-le-parc-de-lespoir\/\" \/>\n<meta property=\"og:locale\" content=\"en_US\" \/>\n<meta property=\"og:type\" content=\"article\" \/>\n<meta property=\"og:title\" content=\"Gorongosa, le Parc de l&#039;espoir | Exposant &#8211; Montier Photo Festival\" \/>\n<meta property=\"og:description\" content=\"Capture au filet de chauves-souris dans le cadre des \u00e9tudes sur la biodiversit\u00e9 du parc. &#8211; Olivier GRUNEWALD              Campagne de vaccination dans les r\u00e9gions qui bordent [&hellip;]\" \/>\n<meta property=\"og:url\" content=\"https:\/\/www.photo-montier.org\/en\/fiche-exposant\/gorongosa-le-parc-de-lespoir\/\" \/>\n<meta property=\"og:site_name\" content=\"Montier Photo Festival\" \/>\n<meta property=\"article:publisher\" content=\"https:\/\/www.facebook.com\/Festivalmontier\/\" \/>\n<meta property=\"article:modified_time\" content=\"2024-04-30T12:19:03+00:00\" \/>\n<meta property=\"og:image\" content=\"https:\/\/www.photo-montier.org\/wp-content\/uploads\/exposants\/2020\/293_gorongosa-le-parc-de-lespoir.jpg\" \/>\n\t<meta property=\"og:image:width\" content=\"485\" \/>\n\t<meta property=\"og:image:height\" content=\"461\" \/>\n\t<meta property=\"og:image:type\" content=\"image\/jpeg\" \/>\n<meta name=\"twitter:card\" content=\"summary_large_image\" \/>\n<meta name=\"twitter:site\" content=\"@festivalmontier\" \/>\n<script type=\"application\/ld+json\" class=\"yoast-schema-graph\">{\"@context\":\"https:\/\/schema.org\",\"@graph\":[{\"@type\":\"WebPage\",\"@id\":\"https:\/\/www.photo-montier.org\/en\/fiche-exposant\/gorongosa-le-parc-de-lespoir\/\",\"url\":\"https:\/\/www.photo-montier.org\/en\/fiche-exposant\/gorongosa-le-parc-de-lespoir\/\",\"name\":\"Gorongosa, le Parc de l'espoir | Exposant &#8211; Montier Photo Festival\",\"isPartOf\":{\"@id\":\"https:\/\/www.photo-montier.org\/en\/#website\"},\"primaryImageOfPage\":{\"@id\":\"https:\/\/www.photo-montier.org\/en\/fiche-exposant\/gorongosa-le-parc-de-lespoir\/#primaryimage\"},\"image\":{\"@id\":\"https:\/\/www.photo-montier.org\/en\/fiche-exposant\/gorongosa-le-parc-de-lespoir\/#primaryimage\"},\"thumbnailUrl\":\"https:\/\/www.photo-montier.org\/wp-content\/uploads\/exposants\/2020\/293_gorongosa-le-parc-de-lespoir.jpg\",\"datePublished\":\"2020-07-23T10:11:15+00:00\",\"dateModified\":\"2024-04-30T12:19:03+00:00\",\"breadcrumb\":{\"@id\":\"https:\/\/www.photo-montier.org\/en\/fiche-exposant\/gorongosa-le-parc-de-lespoir\/#breadcrumb\"},\"inLanguage\":\"en-US\",\"potentialAction\":[{\"@type\":\"ReadAction\",\"target\":[\"https:\/\/www.photo-montier.org\/en\/fiche-exposant\/gorongosa-le-parc-de-lespoir\/\"]}]},{\"@type\":\"ImageObject\",\"inLanguage\":\"en-US\",\"@id\":\"https:\/\/www.photo-montier.org\/en\/fiche-exposant\/gorongosa-le-parc-de-lespoir\/#primaryimage\",\"url\":\"https:\/\/www.photo-montier.org\/wp-content\/uploads\/exposants\/2020\/293_gorongosa-le-parc-de-lespoir.jpg\",\"contentUrl\":\"https:\/\/www.photo-montier.org\/wp-content\/uploads\/exposants\/2020\/293_gorongosa-le-parc-de-lespoir.jpg\",\"width\":485,\"height\":461,\"caption\":\"293_gorongosa-le-parc-de-lespoir.jpg -\"},{\"@type\":\"BreadcrumbList\",\"@id\":\"https:\/\/www.photo-montier.org\/en\/fiche-exposant\/gorongosa-le-parc-de-lespoir\/#breadcrumb\",\"itemListElement\":[{\"@type\":\"ListItem\",\"position\":1,\"name\":\"Home\",\"item\":\"https:\/\/www.photo-montier.org\/en\/\"},{\"@type\":\"ListItem\",\"position\":2,\"name\":\"Exposants\",\"item\":\"https:\/\/www.photo-montier.org\/en\/fiche-exposant\/\"},{\"@type\":\"ListItem\",\"position\":3,\"name\":\"2020\",\"item\":\"https:\/\/www.photo-montier.org\/exposants\/2020\/\"},{\"@type\":\"ListItem\",\"position\":4,\"name\":\"Gorongosa, le Parc de l&rsquo;espoir\"}]},{\"@type\":\"WebSite\",\"@id\":\"https:\/\/www.photo-montier.org\/en\/#website\",\"url\":\"https:\/\/www.photo-montier.org\/en\/\",\"name\":\"Montier Photo Festival\",\"description\":\"International Wildlife and Nature Photo Festival\",\"publisher\":{\"@id\":\"https:\/\/www.photo-montier.org\/en\/#organization\"},\"potentialAction\":[{\"@type\":\"SearchAction\",\"target\":{\"@type\":\"EntryPoint\",\"urlTemplate\":\"https:\/\/www.photo-montier.org\/en\/?s={search_term_string}\"},\"query-input\":{\"@type\":\"PropertyValueSpecification\",\"valueRequired\":true,\"valueName\":\"search_term_string\"}}],\"inLanguage\":\"en-US\"},{\"@type\":\"Organization\",\"@id\":\"https:\/\/www.photo-montier.org\/en\/#organization\",\"name\":\"Montier Festival Photo\",\"url\":\"https:\/\/www.photo-montier.org\/en\/\",\"logo\":{\"@type\":\"ImageObject\",\"inLanguage\":\"en-US\",\"@id\":\"https:\/\/www.photo-montier.org\/en\/#\/schema\/logo\/image\/\",\"url\":\"https:\/\/www.photo-montier.org\/wp-content\/uploads\/2016\/06\/logo-festival-renard-couleur-1.png\",\"contentUrl\":\"https:\/\/www.photo-montier.org\/wp-content\/uploads\/2016\/06\/logo-festival-renard-couleur-1.png\",\"width\":408,\"height\":200,\"caption\":\"Montier Festival Photo\"},\"image\":{\"@id\":\"https:\/\/www.photo-montier.org\/en\/#\/schema\/logo\/image\/\"},\"sameAs\":[\"https:\/\/www.facebook.com\/Festivalmontier\/\",\"https:\/\/x.com\/festivalmontier\",\"https:\/\/www.instagram.com\/festivalmontier\/\",\"https:\/\/www.youtube.com\/channel\/UCylkMGITSE22T6fgWUEYIvw\",\"https:\/\/www.tiktok.com\/@festivalmontier\"]}]}<\/script>\n<!-- \/ Yoast SEO plugin. -->","yoast_head_json":{"title":"Gorongosa, le Parc de l'espoir | Exposant &#8211; Montier Photo Festival","robots":{"index":"index","follow":"follow","max-snippet":"max-snippet:-1","max-image-preview":"max-image-preview:large","max-video-preview":"max-video-preview:-1"},"canonical":"https:\/\/www.photo-montier.org\/en\/fiche-exposant\/gorongosa-le-parc-de-lespoir\/","og_locale":"en_US","og_type":"article","og_title":"Gorongosa, le Parc de l'espoir | Exposant &#8211; Montier Photo Festival","og_description":"Capture au filet de chauves-souris dans le cadre des \u00e9tudes sur la biodiversit\u00e9 du parc. &#8211; Olivier GRUNEWALD              Campagne de vaccination dans les r\u00e9gions qui bordent [&hellip;]","og_url":"https:\/\/www.photo-montier.org\/en\/fiche-exposant\/gorongosa-le-parc-de-lespoir\/","og_site_name":"Montier Photo Festival","article_publisher":"https:\/\/www.facebook.com\/Festivalmontier\/","article_modified_time":"2024-04-30T12:19:03+00:00","og_image":[{"width":485,"height":461,"url":"https:\/\/www.photo-montier.org\/wp-content\/uploads\/exposants\/2020\/293_gorongosa-le-parc-de-lespoir.jpg","type":"image\/jpeg"}],"twitter_card":"summary_large_image","twitter_site":"@festivalmontier","schema":{"@context":"https:\/\/schema.org","@graph":[{"@type":"WebPage","@id":"https:\/\/www.photo-montier.org\/en\/fiche-exposant\/gorongosa-le-parc-de-lespoir\/","url":"https:\/\/www.photo-montier.org\/en\/fiche-exposant\/gorongosa-le-parc-de-lespoir\/","name":"Gorongosa, le Parc de l'espoir | Exposant &#8211; Montier Photo Festival","isPartOf":{"@id":"https:\/\/www.photo-montier.org\/en\/#website"},"primaryImageOfPage":{"@id":"https:\/\/www.photo-montier.org\/en\/fiche-exposant\/gorongosa-le-parc-de-lespoir\/#primaryimage"},"image":{"@id":"https:\/\/www.photo-montier.org\/en\/fiche-exposant\/gorongosa-le-parc-de-lespoir\/#primaryimage"},"thumbnailUrl":"https:\/\/www.photo-montier.org\/wp-content\/uploads\/exposants\/2020\/293_gorongosa-le-parc-de-lespoir.jpg","datePublished":"2020-07-23T10:11:15+00:00","dateModified":"2024-04-30T12:19:03+00:00","breadcrumb":{"@id":"https:\/\/www.photo-montier.org\/en\/fiche-exposant\/gorongosa-le-parc-de-lespoir\/#breadcrumb"},"inLanguage":"en-US","potentialAction":[{"@type":"ReadAction","target":["https:\/\/www.photo-montier.org\/en\/fiche-exposant\/gorongosa-le-parc-de-lespoir\/"]}]},{"@type":"ImageObject","inLanguage":"en-US","@id":"https:\/\/www.photo-montier.org\/en\/fiche-exposant\/gorongosa-le-parc-de-lespoir\/#primaryimage","url":"https:\/\/www.photo-montier.org\/wp-content\/uploads\/exposants\/2020\/293_gorongosa-le-parc-de-lespoir.jpg","contentUrl":"https:\/\/www.photo-montier.org\/wp-content\/uploads\/exposants\/2020\/293_gorongosa-le-parc-de-lespoir.jpg","width":485,"height":461,"caption":"293_gorongosa-le-parc-de-lespoir.jpg -"},{"@type":"BreadcrumbList","@id":"https:\/\/www.photo-montier.org\/en\/fiche-exposant\/gorongosa-le-parc-de-lespoir\/#breadcrumb","itemListElement":[{"@type":"ListItem","position":1,"name":"Home","item":"https:\/\/www.photo-montier.org\/en\/"},{"@type":"ListItem","position":2,"name":"Exposants","item":"https:\/\/www.photo-montier.org\/en\/fiche-exposant\/"},{"@type":"ListItem","position":3,"name":"2020","item":"https:\/\/www.photo-montier.org\/exposants\/2020\/"},{"@type":"ListItem","position":4,"name":"Gorongosa, le Parc de l&rsquo;espoir"}]},{"@type":"WebSite","@id":"https:\/\/www.photo-montier.org\/en\/#website","url":"https:\/\/www.photo-montier.org\/en\/","name":"Montier Photo Festival","description":"International Wildlife and Nature Photo Festival","publisher":{"@id":"https:\/\/www.photo-montier.org\/en\/#organization"},"potentialAction":[{"@type":"SearchAction","target":{"@type":"EntryPoint","urlTemplate":"https:\/\/www.photo-montier.org\/en\/?s={search_term_string}"},"query-input":{"@type":"PropertyValueSpecification","valueRequired":true,"valueName":"search_term_string"}}],"inLanguage":"en-US"},{"@type":"Organization","@id":"https:\/\/www.photo-montier.org\/en\/#organization","name":"Montier Festival Photo","url":"https:\/\/www.photo-montier.org\/en\/","logo":{"@type":"ImageObject","inLanguage":"en-US","@id":"https:\/\/www.photo-montier.org\/en\/#\/schema\/logo\/image\/","url":"https:\/\/www.photo-montier.org\/wp-content\/uploads\/2016\/06\/logo-festival-renard-couleur-1.png","contentUrl":"https:\/\/www.photo-montier.org\/wp-content\/uploads\/2016\/06\/logo-festival-renard-couleur-1.png","width":408,"height":200,"caption":"Montier Festival Photo"},"image":{"@id":"https:\/\/www.photo-montier.org\/en\/#\/schema\/logo\/image\/"},"sameAs":["https:\/\/www.facebook.com\/Festivalmontier\/","https:\/\/x.com\/festivalmontier","https:\/\/www.instagram.com\/festivalmontier\/","https:\/\/www.youtube.com\/channel\/UCylkMGITSE22T6fgWUEYIvw","https:\/\/www.tiktok.com\/@festivalmontier"]}]}},"_links":{"self":[{"href":"https:\/\/www.photo-montier.org\/en\/wp-json\/wp\/v2\/kexposants\/25085"}],"collection":[{"href":"https:\/\/www.photo-montier.org\/en\/wp-json\/wp\/v2\/kexposants"}],"about":[{"href":"https:\/\/www.photo-montier.org\/en\/wp-json\/wp\/v2\/types\/kexposants"}],"author":[{"embeddable":true,"href":"https:\/\/www.photo-montier.org\/en\/wp-json\/wp\/v2\/users\/1"}],"version-history":[{"count":1,"href":"https:\/\/www.photo-montier.org\/en\/wp-json\/wp\/v2\/kexposants\/25085\/revisions"}],"predecessor-version":[{"id":67802,"href":"https:\/\/www.photo-montier.org\/en\/wp-json\/wp\/v2\/kexposants\/25085\/revisions\/67802"}],"wp:featuredmedia":[{"embeddable":true,"href":"https:\/\/www.photo-montier.org\/en\/wp-json\/wp\/v2\/media\/25086"}],"wp:attachment":[{"href":"https:\/\/www.photo-montier.org\/en\/wp-json\/wp\/v2\/media?parent=25085"}],"wp:term":[{"taxonomy":"exposants","embeddable":true,"href":"https:\/\/www.photo-montier.org\/en\/wp-json\/wp\/v2\/exposants?post=25085"},{"taxonomy":"site-exposants","embeddable":true,"href":"https:\/\/www.photo-montier.org\/en\/wp-json\/wp\/v2\/site-exposants?post=25085"},{"taxonomy":"type-exposants-conferences","embeddable":true,"href":"https:\/\/www.photo-montier.org\/en\/wp-json\/wp\/v2\/type-exposants-conferences?post=25085"},{"taxonomy":"type-exposants","embeddable":true,"href":"https:\/\/www.photo-montier.org\/en\/wp-json\/wp\/v2\/type-exposants?post=25085"}],"curies":[{"name":"wp","href":"https:\/\/api.w.org\/{rel}","templated":true}]}}