{"id":24806,"date":"2020-06-02T11:41:12","date_gmt":"2020-06-02T09:41:12","guid":{"rendered":"https:\/\/www.photo-montier.org\/fiche-exposant\/sahara-reve-eveille\/"},"modified":"2024-04-30T14:19:01","modified_gmt":"2024-04-30T12:19:01","slug":"sahara-reve-eveille","status":"publish","type":"kexposants","link":"https:\/\/www.photo-montier.org\/en\/fiche-exposant\/sahara-reve-eveille\/","title":{"rendered":"Sahara, r\u00eave \u00e9veill\u00e9"},"content":{"rendered":"<div id='gallery-1' class='gallery galleryid-24806 gallery-columns-4 gallery-size-medium'><dl class='gallery-item'>\n\t\t\t<dt class='gallery-icon landscape'>\n\t\t\t\t<a href='https:\/\/www.photo-montier.org\/wp-content\/uploads\/exposants\/2020\/702_sahara-reve-eveille-1024x683.jpg'><img decoding=\"async\" width=\"300\" height=\"200\" src=\"https:\/\/www.photo-montier.org\/wp-content\/uploads\/exposants\/2020\/702_sahara-reve-eveille-300x200.jpg\" class=\"attachment-medium size-medium\" alt=\"Montier Photo Festival\" aria-describedby=\"gallery-1-24810\" srcset=\"https:\/\/www.photo-montier.org\/wp-content\/uploads\/exposants\/2020\/702_sahara-reve-eveille-300x200.jpg 300w, https:\/\/www.photo-montier.org\/wp-content\/uploads\/exposants\/2020\/702_sahara-reve-eveille-768x512.jpg 768w, https:\/\/www.photo-montier.org\/wp-content\/uploads\/exposants\/2020\/702_sahara-reve-eveille-1024x683.jpg 1024w, https:\/\/www.photo-montier.org\/wp-content\/uploads\/exposants\/2020\/702_sahara-reve-eveille-600x400.jpg 600w, https:\/\/www.photo-montier.org\/wp-content\/uploads\/exposants\/2020\/702_sahara-reve-eveille-1320x880.jpg 1320w\" sizes=\"(max-width: 300px) 100vw, 300px\" \/><\/a>\n\t\t\t<\/dt>\n\t\t\t\t<dd class='wp-caption-text gallery-caption' id='gallery-1-24810'>\n\t\t\t\tSahara, r\u00eave \u00e9veill\u00e9 &#8211; Sylvain SESTER\n\t\t\t\t<\/dd><\/dl><dl class='gallery-item'>\n\t\t\t<dt class='gallery-icon landscape'>\n\t\t\t\t<a href='https:\/\/www.photo-montier.org\/wp-content\/uploads\/exposants\/2020\/702_instant-de-serenite-1024x683.jpg'><img decoding=\"async\" width=\"300\" height=\"200\" src=\"https:\/\/www.photo-montier.org\/wp-content\/uploads\/exposants\/2020\/702_instant-de-serenite-300x200.jpg\" class=\"attachment-medium size-medium\" alt=\"Montier Photo Festival\" aria-describedby=\"gallery-1-24808\" srcset=\"https:\/\/www.photo-montier.org\/wp-content\/uploads\/exposants\/2020\/702_instant-de-serenite-300x200.jpg 300w, https:\/\/www.photo-montier.org\/wp-content\/uploads\/exposants\/2020\/702_instant-de-serenite-768x512.jpg 768w, https:\/\/www.photo-montier.org\/wp-content\/uploads\/exposants\/2020\/702_instant-de-serenite-1024x683.jpg 1024w, https:\/\/www.photo-montier.org\/wp-content\/uploads\/exposants\/2020\/702_instant-de-serenite-600x400.jpg 600w, https:\/\/www.photo-montier.org\/wp-content\/uploads\/exposants\/2020\/702_instant-de-serenite-1320x880.jpg 1320w, https:\/\/www.photo-montier.org\/wp-content\/uploads\/exposants\/2020\/702_instant-de-serenite.jpg 2048w\" sizes=\"(max-width: 300px) 100vw, 300px\" \/><\/a>\n\t\t\t<\/dt>\n\t\t\t\t<dd class='wp-caption-text gallery-caption' id='gallery-1-24808'>\n\t\t\t\tInstant de s\u00e9r\u00e9nit\u00e9 &#8211; Sylvain SESTER\n\t\t\t\t<\/dd><\/dl><dl class='gallery-item'>\n\t\t\t<dt class='gallery-icon portrait'>\n\t\t\t\t<a href='https:\/\/www.photo-montier.org\/wp-content\/uploads\/exposants\/2020\/702_guelta-darchei-683x1024.jpg'><img decoding=\"async\" width=\"200\" height=\"300\" src=\"https:\/\/www.photo-montier.org\/wp-content\/uploads\/exposants\/2020\/702_guelta-darchei-200x300.jpg\" class=\"attachment-medium size-medium\" alt=\"Montier Photo Festival\" aria-describedby=\"gallery-1-24812\" srcset=\"https:\/\/www.photo-montier.org\/wp-content\/uploads\/exposants\/2020\/702_guelta-darchei-200x300.jpg 200w, https:\/\/www.photo-montier.org\/wp-content\/uploads\/exposants\/2020\/702_guelta-darchei-768x1152.jpg 768w, https:\/\/www.photo-montier.org\/wp-content\/uploads\/exposants\/2020\/702_guelta-darchei-683x1024.jpg 683w, https:\/\/www.photo-montier.org\/wp-content\/uploads\/exposants\/2020\/702_guelta-darchei-600x900.jpg 600w, https:\/\/www.photo-montier.org\/wp-content\/uploads\/exposants\/2020\/702_guelta-darchei-1320x1980.jpg 1320w, https:\/\/www.photo-montier.org\/wp-content\/uploads\/exposants\/2020\/702_guelta-darchei.jpg 2000w\" sizes=\"(max-width: 200px) 100vw, 200px\" \/><\/a>\n\t\t\t<\/dt>\n\t\t\t\t<dd class='wp-caption-text gallery-caption' id='gallery-1-24812'>\n\t\t\t\tGuelta d&#8217;Archei &#8211; Sylvain SESTER\n\t\t\t\t<\/dd><\/dl><dl class='gallery-item'>\n\t\t\t<dt class='gallery-icon portrait'>\n\t\t\t\t<a href='https:\/\/www.photo-montier.org\/wp-content\/uploads\/exposants\/2020\/702_majestueux-toubou-721x1024.jpg'><img decoding=\"async\" width=\"211\" height=\"300\" src=\"https:\/\/www.photo-montier.org\/wp-content\/uploads\/exposants\/2020\/702_majestueux-toubou-211x300.jpg\" class=\"attachment-medium size-medium\" alt=\"Montier Photo Festival\" aria-describedby=\"gallery-1-24811\" srcset=\"https:\/\/www.photo-montier.org\/wp-content\/uploads\/exposants\/2020\/702_majestueux-toubou-211x300.jpg 211w, https:\/\/www.photo-montier.org\/wp-content\/uploads\/exposants\/2020\/702_majestueux-toubou-768x1091.jpg 768w, https:\/\/www.photo-montier.org\/wp-content\/uploads\/exposants\/2020\/702_majestueux-toubou-721x1024.jpg 721w, https:\/\/www.photo-montier.org\/wp-content\/uploads\/exposants\/2020\/702_majestueux-toubou-600x852.jpg 600w, https:\/\/www.photo-montier.org\/wp-content\/uploads\/exposants\/2020\/702_majestueux-toubou-1320x1875.jpg 1320w\" sizes=\"(max-width: 211px) 100vw, 211px\" \/><\/a>\n\t\t\t<\/dt>\n\t\t\t\t<dd class='wp-caption-text gallery-caption' id='gallery-1-24811'>\n\t\t\t\tMajestueux Toubou &#8211; Sylvain SESTER\n\t\t\t\t<\/dd><\/dl><br style=\"clear: both\" \/><dl class='gallery-item'>\n\t\t\t<dt class='gallery-icon landscape'>\n\t\t\t\t<a href='https:\/\/www.photo-montier.org\/wp-content\/uploads\/exposants\/2020\/702_contemplation-a-lerg-admer-1024x489.jpg'><img decoding=\"async\" width=\"300\" height=\"143\" src=\"https:\/\/www.photo-montier.org\/wp-content\/uploads\/exposants\/2020\/702_contemplation-a-lerg-admer-300x143.jpg\" class=\"attachment-medium size-medium\" alt=\"Montier Photo Festival\" aria-describedby=\"gallery-1-24809\" srcset=\"https:\/\/www.photo-montier.org\/wp-content\/uploads\/exposants\/2020\/702_contemplation-a-lerg-admer-300x143.jpg 300w, https:\/\/www.photo-montier.org\/wp-content\/uploads\/exposants\/2020\/702_contemplation-a-lerg-admer-768x367.jpg 768w, https:\/\/www.photo-montier.org\/wp-content\/uploads\/exposants\/2020\/702_contemplation-a-lerg-admer-1024x489.jpg 1024w, https:\/\/www.photo-montier.org\/wp-content\/uploads\/exposants\/2020\/702_contemplation-a-lerg-admer-600x287.jpg 600w, https:\/\/www.photo-montier.org\/wp-content\/uploads\/exposants\/2020\/702_contemplation-a-lerg-admer-1320x631.jpg 1320w\" sizes=\"(max-width: 300px) 100vw, 300px\" \/><\/a>\n\t\t\t<\/dt>\n\t\t\t\t<dd class='wp-caption-text gallery-caption' id='gallery-1-24809'>\n\t\t\t\tContemplation \u00e0 l&#8217;Erg Admer &#8211; Sylvain SESTER\n\t\t\t\t<\/dd><\/dl>\n\t\t\t<br style='clear: both' \/>\n\t\t<\/div>\n\n","protected":false},"author":1,"featured_media":24807,"template":"","exposants":[411,487],"site-exposants":[514],"type-exposants-conferences":[],"type-exposants":[527],"acf":{"kexposants_custom_thumbnail":null,"kexposants_expo_group":"Photographe","kexposants_title_en":"","kexposants_day_conf_date":null,"kexposants_hours_conf_text_start":"","kexposants_hours_conf_text_end":"","kexposants_bio":"<span id=\"s2_1\">Sylvain Sester : He is a traveler-photographer and has been travelling all around the world for 20 years, in search of authenticity, regards, and encounters punctuated by photography and relationships.<\/span>\u00a0<span id=\"s2_2\">Twenty years of travel around the world have brought him from Madagascar to India, Burma, Chad, Southern Algeria, Venezuela and many other destinations.<\/span>\u00a0<span id=\"s2_3\">The encounters that marked these journeys affected him and generated him strong feelings such as joy, astonishment, or even sadness.<\/span>\u00a0<span id=\"s2_4\">During his travels, he prefers humanist photography and in particular portraits of the people he meets, an approach that very often makes him possible to intensify the exchanges. <span id=\"s2_1\">For more than 10 years, he regularly participates in numerous exhibitions, either individual or collective.<\/span>\u00a0<span id=\"s2_2\">On these occasions, he was awarded several distinctions, and in particular the 1st Photo Prize at the Rendez-Vous Image 2014 (RDVI) in Strasbourg, presented by Hans Silvester.<\/span>\u00a0<span id=\"s2_3\">He also exhibited at the \"Voix Off\" of the Rencontres Photos d'Arles in 2019. In recent years, he benefited from numerous press publications, both in the local press and in the specialized press, such as \u00abR\u00e9ponses Photos\u00bb, \u00abFrance Photo\u00bb, etc.<\/span>\u00a0In 2020, Sylvain Sester published a book entitled \u00abLa Vie est Belle\u00bb. I<span id=\"s2_1\">t is a project of distant horizons, smiles, real and spontaneous joys that drive into the heart and are in my eyes like a hymn to life.<\/span>\u00a0<\/span>\r\n\r\n<span id=\"s2_4\"><span id=\"s2_2\">Sylvain Sester Rantzwiller 07 71 72 21 27 sylvain.sester@gmail.com https:\/\/www.facebo ok.com\/sylvain.sester https:\/\/www.instagram.com\/sylvainsester\/<\/span><\/span>","kexposants_bio_en":"","kexposants_expo":"The Sahara desert is a region of all contrasts. Constantly, we can be amazed, surprised, sometimes shocked; it's like a day-dream. My project is the result of several trips in the Tassilli n'Ajjer in southern Algeria, in the Ennedi desert in northern Chad, and particularly to the Guelta d'Archei. How can we not be amazed with the vision of the magnificent landscapes that these desert regions reveal to us. But we are also under the spell of the nomads Tuaregs and Toubous, as well as the part of mystery surrounding their culture and their traditions.\r\n\r\n<span id=\"s2_1\">We learn more about the farming of dromedaries in the north of Chad, in the Guelta d'Archei region, an amazing, unreal and timeless area.<\/span>\u00a0<span id=\"s2_2\">In meeting these people and given that their growing difficulties about water ressource management, we also become very sensitive to the advance of the desert that results from natural cycles, but also from climate change caused by a change in biodiversity (intensive agriculture, deforestation, warming due to the greenhouse effect and CO2 emissions...)<\/span>\r\n\r\n<span id=\"s2_1\">These regions are also heavily affected by illegal and dangerous activities, linked to jihadist terrorism, smuggling of all kinds and the migration crisis.<\/span>\u00a0<span id=\"s2_2\">The intimate nature of these destinations, as well as the difficulties of access, certainly exacerbate our perception, and make us live, throughout our journey, exceptional moments.<\/span>","kexposants_expo_en":"","kexposants_denomination":"Sylvain SESTER","kexposants_user_id":609,"kexposants_url_movie":""},"yoast_head":"<!-- This site is optimized with the Yoast SEO plugin v23.5 - https:\/\/yoast.com\/wordpress\/plugins\/seo\/ -->\n<title>Sahara, r\u00eave \u00e9veill\u00e9 | Exposant &#8211; Montier Photo Festival<\/title>\n<meta name=\"robots\" content=\"index, follow, max-snippet:-1, max-image-preview:large, max-video-preview:-1\" \/>\n<link rel=\"canonical\" href=\"https:\/\/www.photo-montier.org\/en\/fiche-exposant\/sahara-reve-eveille\/\" \/>\n<meta property=\"og:locale\" content=\"en_US\" \/>\n<meta property=\"og:type\" content=\"article\" \/>\n<meta property=\"og:title\" content=\"Sahara, r\u00eave \u00e9veill\u00e9 | Exposant &#8211; Montier Photo Festival\" \/>\n<meta property=\"og:description\" content=\"Sahara, r\u00eave \u00e9veill\u00e9 &#8211; Sylvain SESTER              Instant de s\u00e9r\u00e9nit\u00e9 &#8211; Sylvain SESTER              Guelta d&#8217;Archei &#8211; Sylvain SESTER              Majestueux Toubou &#8211; Sylvain SESTER              Contemplation \u00e0 l&#8217;Erg Admer &#8211; Sylvain SESTER\" \/>\n<meta property=\"og:url\" content=\"https:\/\/www.photo-montier.org\/en\/fiche-exposant\/sahara-reve-eveille\/\" \/>\n<meta property=\"og:site_name\" content=\"Montier Photo Festival\" \/>\n<meta property=\"article:publisher\" content=\"https:\/\/www.facebook.com\/Festivalmontier\/\" \/>\n<meta property=\"article:modified_time\" content=\"2024-04-30T12:19:01+00:00\" \/>\n<meta property=\"og:image\" content=\"https:\/\/www.photo-montier.org\/wp-content\/uploads\/exposants\/2020\/702_sylvain-sester.jpg\" \/>\n\t<meta property=\"og:image:width\" content=\"2048\" \/>\n\t<meta property=\"og:image:height\" content=\"1365\" \/>\n\t<meta property=\"og:image:type\" content=\"image\/jpeg\" \/>\n<meta name=\"twitter:card\" content=\"summary_large_image\" \/>\n<meta name=\"twitter:site\" content=\"@festivalmontier\" \/>\n<script type=\"application\/ld+json\" class=\"yoast-schema-graph\">{\"@context\":\"https:\/\/schema.org\",\"@graph\":[{\"@type\":\"WebPage\",\"@id\":\"https:\/\/www.photo-montier.org\/en\/fiche-exposant\/sahara-reve-eveille\/\",\"url\":\"https:\/\/www.photo-montier.org\/en\/fiche-exposant\/sahara-reve-eveille\/\",\"name\":\"Sahara, r\u00eave \u00e9veill\u00e9 | Exposant &#8211; Montier Photo Festival\",\"isPartOf\":{\"@id\":\"https:\/\/www.photo-montier.org\/en\/#website\"},\"primaryImageOfPage\":{\"@id\":\"https:\/\/www.photo-montier.org\/en\/fiche-exposant\/sahara-reve-eveille\/#primaryimage\"},\"image\":{\"@id\":\"https:\/\/www.photo-montier.org\/en\/fiche-exposant\/sahara-reve-eveille\/#primaryimage\"},\"thumbnailUrl\":\"https:\/\/www.photo-montier.org\/wp-content\/uploads\/exposants\/2020\/702_sylvain-sester.jpg\",\"datePublished\":\"2020-06-02T09:41:12+00:00\",\"dateModified\":\"2024-04-30T12:19:01+00:00\",\"breadcrumb\":{\"@id\":\"https:\/\/www.photo-montier.org\/en\/fiche-exposant\/sahara-reve-eveille\/#breadcrumb\"},\"inLanguage\":\"en-US\",\"potentialAction\":[{\"@type\":\"ReadAction\",\"target\":[\"https:\/\/www.photo-montier.org\/en\/fiche-exposant\/sahara-reve-eveille\/\"]}]},{\"@type\":\"ImageObject\",\"inLanguage\":\"en-US\",\"@id\":\"https:\/\/www.photo-montier.org\/en\/fiche-exposant\/sahara-reve-eveille\/#primaryimage\",\"url\":\"https:\/\/www.photo-montier.org\/wp-content\/uploads\/exposants\/2020\/702_sylvain-sester.jpg\",\"contentUrl\":\"https:\/\/www.photo-montier.org\/wp-content\/uploads\/exposants\/2020\/702_sylvain-sester.jpg\",\"width\":2048,\"height\":1365,\"caption\":\"702_sylvain-sester.jpg -\"},{\"@type\":\"BreadcrumbList\",\"@id\":\"https:\/\/www.photo-montier.org\/en\/fiche-exposant\/sahara-reve-eveille\/#breadcrumb\",\"itemListElement\":[{\"@type\":\"ListItem\",\"position\":1,\"name\":\"Home\",\"item\":\"https:\/\/www.photo-montier.org\/en\/\"},{\"@type\":\"ListItem\",\"position\":2,\"name\":\"Exposants\",\"item\":\"https:\/\/www.photo-montier.org\/en\/fiche-exposant\/\"},{\"@type\":\"ListItem\",\"position\":3,\"name\":\"2020\",\"item\":\"https:\/\/www.photo-montier.org\/exposants\/2020\/\"},{\"@type\":\"ListItem\",\"position\":4,\"name\":\"Sahara, r\u00eave \u00e9veill\u00e9\"}]},{\"@type\":\"WebSite\",\"@id\":\"https:\/\/www.photo-montier.org\/en\/#website\",\"url\":\"https:\/\/www.photo-montier.org\/en\/\",\"name\":\"Montier Photo Festival\",\"description\":\"International Wildlife and Nature Photo Festival\",\"publisher\":{\"@id\":\"https:\/\/www.photo-montier.org\/en\/#organization\"},\"potentialAction\":[{\"@type\":\"SearchAction\",\"target\":{\"@type\":\"EntryPoint\",\"urlTemplate\":\"https:\/\/www.photo-montier.org\/en\/?s={search_term_string}\"},\"query-input\":{\"@type\":\"PropertyValueSpecification\",\"valueRequired\":true,\"valueName\":\"search_term_string\"}}],\"inLanguage\":\"en-US\"},{\"@type\":\"Organization\",\"@id\":\"https:\/\/www.photo-montier.org\/en\/#organization\",\"name\":\"Montier Festival Photo\",\"url\":\"https:\/\/www.photo-montier.org\/en\/\",\"logo\":{\"@type\":\"ImageObject\",\"inLanguage\":\"en-US\",\"@id\":\"https:\/\/www.photo-montier.org\/en\/#\/schema\/logo\/image\/\",\"url\":\"https:\/\/www.photo-montier.org\/wp-content\/uploads\/2016\/06\/logo-festival-renard-couleur-1.png\",\"contentUrl\":\"https:\/\/www.photo-montier.org\/wp-content\/uploads\/2016\/06\/logo-festival-renard-couleur-1.png\",\"width\":408,\"height\":200,\"caption\":\"Montier Festival Photo\"},\"image\":{\"@id\":\"https:\/\/www.photo-montier.org\/en\/#\/schema\/logo\/image\/\"},\"sameAs\":[\"https:\/\/www.facebook.com\/Festivalmontier\/\",\"https:\/\/x.com\/festivalmontier\",\"https:\/\/www.instagram.com\/festivalmontier\/\",\"https:\/\/www.youtube.com\/channel\/UCylkMGITSE22T6fgWUEYIvw\",\"https:\/\/www.tiktok.com\/@festivalmontier\"]}]}<\/script>\n<!-- \/ Yoast SEO plugin. -->","yoast_head_json":{"title":"Sahara, r\u00eave \u00e9veill\u00e9 | Exposant &#8211; Montier Photo Festival","robots":{"index":"index","follow":"follow","max-snippet":"max-snippet:-1","max-image-preview":"max-image-preview:large","max-video-preview":"max-video-preview:-1"},"canonical":"https:\/\/www.photo-montier.org\/en\/fiche-exposant\/sahara-reve-eveille\/","og_locale":"en_US","og_type":"article","og_title":"Sahara, r\u00eave \u00e9veill\u00e9 | Exposant &#8211; Montier Photo Festival","og_description":"Sahara, r\u00eave \u00e9veill\u00e9 &#8211; Sylvain SESTER              Instant de s\u00e9r\u00e9nit\u00e9 &#8211; Sylvain SESTER              Guelta d&#8217;Archei &#8211; Sylvain SESTER              Majestueux Toubou &#8211; Sylvain SESTER              Contemplation \u00e0 l&#8217;Erg Admer &#8211; Sylvain SESTER","og_url":"https:\/\/www.photo-montier.org\/en\/fiche-exposant\/sahara-reve-eveille\/","og_site_name":"Montier Photo Festival","article_publisher":"https:\/\/www.facebook.com\/Festivalmontier\/","article_modified_time":"2024-04-30T12:19:01+00:00","og_image":[{"width":2048,"height":1365,"url":"https:\/\/www.photo-montier.org\/wp-content\/uploads\/exposants\/2020\/702_sylvain-sester.jpg","type":"image\/jpeg"}],"twitter_card":"summary_large_image","twitter_site":"@festivalmontier","schema":{"@context":"https:\/\/schema.org","@graph":[{"@type":"WebPage","@id":"https:\/\/www.photo-montier.org\/en\/fiche-exposant\/sahara-reve-eveille\/","url":"https:\/\/www.photo-montier.org\/en\/fiche-exposant\/sahara-reve-eveille\/","name":"Sahara, r\u00eave \u00e9veill\u00e9 | Exposant &#8211; Montier Photo Festival","isPartOf":{"@id":"https:\/\/www.photo-montier.org\/en\/#website"},"primaryImageOfPage":{"@id":"https:\/\/www.photo-montier.org\/en\/fiche-exposant\/sahara-reve-eveille\/#primaryimage"},"image":{"@id":"https:\/\/www.photo-montier.org\/en\/fiche-exposant\/sahara-reve-eveille\/#primaryimage"},"thumbnailUrl":"https:\/\/www.photo-montier.org\/wp-content\/uploads\/exposants\/2020\/702_sylvain-sester.jpg","datePublished":"2020-06-02T09:41:12+00:00","dateModified":"2024-04-30T12:19:01+00:00","breadcrumb":{"@id":"https:\/\/www.photo-montier.org\/en\/fiche-exposant\/sahara-reve-eveille\/#breadcrumb"},"inLanguage":"en-US","potentialAction":[{"@type":"ReadAction","target":["https:\/\/www.photo-montier.org\/en\/fiche-exposant\/sahara-reve-eveille\/"]}]},{"@type":"ImageObject","inLanguage":"en-US","@id":"https:\/\/www.photo-montier.org\/en\/fiche-exposant\/sahara-reve-eveille\/#primaryimage","url":"https:\/\/www.photo-montier.org\/wp-content\/uploads\/exposants\/2020\/702_sylvain-sester.jpg","contentUrl":"https:\/\/www.photo-montier.org\/wp-content\/uploads\/exposants\/2020\/702_sylvain-sester.jpg","width":2048,"height":1365,"caption":"702_sylvain-sester.jpg -"},{"@type":"BreadcrumbList","@id":"https:\/\/www.photo-montier.org\/en\/fiche-exposant\/sahara-reve-eveille\/#breadcrumb","itemListElement":[{"@type":"ListItem","position":1,"name":"Home","item":"https:\/\/www.photo-montier.org\/en\/"},{"@type":"ListItem","position":2,"name":"Exposants","item":"https:\/\/www.photo-montier.org\/en\/fiche-exposant\/"},{"@type":"ListItem","position":3,"name":"2020","item":"https:\/\/www.photo-montier.org\/exposants\/2020\/"},{"@type":"ListItem","position":4,"name":"Sahara, r\u00eave \u00e9veill\u00e9"}]},{"@type":"WebSite","@id":"https:\/\/www.photo-montier.org\/en\/#website","url":"https:\/\/www.photo-montier.org\/en\/","name":"Montier Photo Festival","description":"International Wildlife and Nature Photo Festival","publisher":{"@id":"https:\/\/www.photo-montier.org\/en\/#organization"},"potentialAction":[{"@type":"SearchAction","target":{"@type":"EntryPoint","urlTemplate":"https:\/\/www.photo-montier.org\/en\/?s={search_term_string}"},"query-input":{"@type":"PropertyValueSpecification","valueRequired":true,"valueName":"search_term_string"}}],"inLanguage":"en-US"},{"@type":"Organization","@id":"https:\/\/www.photo-montier.org\/en\/#organization","name":"Montier Festival Photo","url":"https:\/\/www.photo-montier.org\/en\/","logo":{"@type":"ImageObject","inLanguage":"en-US","@id":"https:\/\/www.photo-montier.org\/en\/#\/schema\/logo\/image\/","url":"https:\/\/www.photo-montier.org\/wp-content\/uploads\/2016\/06\/logo-festival-renard-couleur-1.png","contentUrl":"https:\/\/www.photo-montier.org\/wp-content\/uploads\/2016\/06\/logo-festival-renard-couleur-1.png","width":408,"height":200,"caption":"Montier Festival Photo"},"image":{"@id":"https:\/\/www.photo-montier.org\/en\/#\/schema\/logo\/image\/"},"sameAs":["https:\/\/www.facebook.com\/Festivalmontier\/","https:\/\/x.com\/festivalmontier","https:\/\/www.instagram.com\/festivalmontier\/","https:\/\/www.youtube.com\/channel\/UCylkMGITSE22T6fgWUEYIvw","https:\/\/www.tiktok.com\/@festivalmontier"]}]}},"_links":{"self":[{"href":"https:\/\/www.photo-montier.org\/en\/wp-json\/wp\/v2\/kexposants\/24806"}],"collection":[{"href":"https:\/\/www.photo-montier.org\/en\/wp-json\/wp\/v2\/kexposants"}],"about":[{"href":"https:\/\/www.photo-montier.org\/en\/wp-json\/wp\/v2\/types\/kexposants"}],"author":[{"embeddable":true,"href":"https:\/\/www.photo-montier.org\/en\/wp-json\/wp\/v2\/users\/1"}],"version-history":[{"count":1,"href":"https:\/\/www.photo-montier.org\/en\/wp-json\/wp\/v2\/kexposants\/24806\/revisions"}],"predecessor-version":[{"id":67755,"href":"https:\/\/www.photo-montier.org\/en\/wp-json\/wp\/v2\/kexposants\/24806\/revisions\/67755"}],"wp:featuredmedia":[{"embeddable":true,"href":"https:\/\/www.photo-montier.org\/en\/wp-json\/wp\/v2\/media\/24807"}],"wp:attachment":[{"href":"https:\/\/www.photo-montier.org\/en\/wp-json\/wp\/v2\/media?parent=24806"}],"wp:term":[{"taxonomy":"exposants","embeddable":true,"href":"https:\/\/www.photo-montier.org\/en\/wp-json\/wp\/v2\/exposants?post=24806"},{"taxonomy":"site-exposants","embeddable":true,"href":"https:\/\/www.photo-montier.org\/en\/wp-json\/wp\/v2\/site-exposants?post=24806"},{"taxonomy":"type-exposants-conferences","embeddable":true,"href":"https:\/\/www.photo-montier.org\/en\/wp-json\/wp\/v2\/type-exposants-conferences?post=24806"},{"taxonomy":"type-exposants","embeddable":true,"href":"https:\/\/www.photo-montier.org\/en\/wp-json\/wp\/v2\/type-exposants?post=24806"}],"curies":[{"name":"wp","href":"https:\/\/api.w.org\/{rel}","templated":true}]}}